{"id":5,"date":"2016-03-05T16:54:52","date_gmt":"2016-03-05T15:54:52","guid":{"rendered":"http:\/\/rt-europaallee.org\/wordpress\/my-calendar\/"},"modified":"2025-07-16T02:20:04","modified_gmt":"2025-07-16T00:20:04","slug":"my-calendar","status":"publish","type":"page","link":"https:\/\/rt-europaallee.de\/wordpress\/my-calendar\/","title":{"rendered":"Kalender"},"content":{"rendered":"\r\n<div id='my-calendar' class='mc-main mcjs listjs gridjs minijs ajaxjs twentyfifteen calendar month my-calendar has-modal is-main-view' >\n<script type=\"application\/ld+json\">\n[{\"@context\":\"https:\/\/schema.org\",\"@type\":\"Event\",\"name\":\"26.03.2026, Nachbarschaftszentrum Grone: Kresse-Eier basteln\",\"description\":\"(Quelle: https:\/\/www.facebook.com\/nachbarschaftszentrum.grone.goettingen\/posts\/pfbid02D6RyCnBeB9AgmBWyuzTd2oRjVpLETu9AVCVCNn9GinBF61ASTj1sYcq61Z7YbWgxl) Nachbarschaftszentrum Grone Liebe Kinder, habt ihr in den Ferien schon was vor? Wir haben ein kleines Ferienprogramm zusammengestellt. Bitte meldet euch gern an unserer Infotheke an und ihr werdet zur Bastelgruppe weitergeleitet. Wir freuen uns auf euch! Euer Nachbarschaftszentrum Mehrgenerationenhaus Grone ( https:\/\/www.facebook.com\/photo\/?fbid=1375056204655686&amp;set=a.459098042918178)\",\"image\":\"\",\"url\":\"https:\/\/rt-europaallee.de\/wordpress\/my-calendar\/?mc_id=30638\",\"startDate\":\"2026-03-30T14:00:00+02:00\",\"endDate\":\"2026-03-30T16:00:00+02:00\",\"duration\":\"PT2H\",\"eventAttendanceMode\":\"https:\/\/schema.org\/OfflineEventAttendanceMode\",\"location\":{\"@context\":\"https:\/\/schema.org\",\"@type\":\"Place\",\"name\":\"\",\"description\":\"\",\"url\":\"https:\/\/rt-europaallee.de\/wordpress\/mc-locations\/18656\/\",\"address\":{\"@type\":\"PostalAddress\",\"streetAddress\":\"\",\"addressLocality\":\"\",\"addressRegion\":\"\",\"postalCode\":\"\",\"addressCountry\":\"\"},\"telephone\":\"n\/a\",\"sameAs\":\"\"}},{\"@context\":\"https:\/\/schema.org\",\"@type\":\"Event\",\"name\":\"04.03.2026, NBZ Holtenser Berg: tauschcaf\\u00e9 (Bargeld) in OM10\",\"description\":\"(Quelle: https:\/\/www.facebook.com\/NBZHoBerg\/posts\/pfbid06iR4gJrM6vgoi2J3K5rLNCRYjDBuNJzMLSE9mJKnFLVWXNN5RUyNs7WoHcCv7aLyl) Nachbarschaftszentrum Holtenser Berg (Bitte Links der Bilder anklicken) &nbsp;\",\"image\":\"\",\"url\":\"https:\/\/rt-europaallee.de\/wordpress\/my-calendar\/?mc_id=30541\",\"startDate\":\"2026-03-31T17:00:00+02:00\",\"endDate\":\"2026-03-31T18:00:00+02:00\",\"duration\":\"PT1H\",\"eventAttendanceMode\":\"https:\/\/schema.org\/OfflineEventAttendanceMode\",\"location\":{\"@context\":\"https:\/\/schema.org\",\"@type\":\"Place\",\"name\":\"OM10\",\"description\":\"\",\"url\":\"https:\/\/rt-europaallee.de\/wordpress\/my-calendar\/\",\"address\":{\"@type\":\"PostalAddress\",\"streetAddress\":\"Obere-Masch-Stra\\u00dfe 10\",\"addressLocality\":\"G\\u00f6ttingen\",\"addressRegion\":\"\",\"postalCode\":\"37073\",\"addressCountry\":\"\"},\"telephone\":\"n\/a\",\"sameAs\":\"\"}},{\"@context\":\"https:\/\/schema.org\",\"@type\":\"Event\",\"name\":\"26.03.2026, Nachbarschaftszentrum Grone: Ausflug ins St\\u00e4dtische Museum\",\"description\":\"(Quelle: https:\/\/www.facebook.com\/nachbarschaftszentrum.grone.goettingen\/posts\/pfbid02D6RyCnBeB9AgmBWyuzTd2oRjVpLETu9AVCVCNn9GinBF61ASTj1sYcq61Z7YbWgxl) Nachbarschaftszentrum Grone Liebe Kinder, habt ihr in den Ferien schon was vor? Wir haben ein kleines Ferienprogramm zusammengestellt. Bitte meldet euch gern an unserer Infotheke an und ihr werdet zur Bastelgruppe weitergeleitet. Wir freuen uns auf euch! Euer Nachbarschaftszentrum Mehrgenerationenhaus Grone ( https:\/\/www.facebook.com\/photo\/?fbid=1375056204655686&amp;set=a.459098042918178)\",\"image\":\"\",\"url\":\"https:\/\/rt-europaallee.de\/wordpress\/my-calendar\/?mc_id=30642\",\"startDate\":\"2026-04-01T10:30:00+02:00\",\"endDate\":\"2026-04-01T14:00:00+02:00\",\"duration\":\"PT3H30M\",\"eventAttendanceMode\":\"https:\/\/schema.org\/OfflineEventAttendanceMode\",\"location\":{\"@context\":\"https:\/\/schema.org\",\"@type\":\"Place\",\"name\":\"\",\"description\":\"\",\"url\":\"https:\/\/rt-europaallee.de\/wordpress\/mc-locations\/18656\/\",\"address\":{\"@type\":\"PostalAddress\",\"streetAddress\":\"\",\"addressLocality\":\"\",\"addressRegion\":\"\",\"postalCode\":\"\",\"addressCountry\":\"\"},\"telephone\":\"n\/a\",\"sameAs\":\"\"}},{\"@context\":\"https:\/\/schema.org\",\"@type\":\"Event\",\"name\":\"26.03.2026, Lauftreff f\\u00fcr den Tierschutz: 136. Gutenachtlauf\",\"description\":\"(Quelle: https:\/\/laufengegenleiden.de\/136-gutenachtlauf) Wir laufen! 136. Gutenachtlauf BeitragsautorVon\\u00a0Gutenachtlauf-Team Ver\\u00f6ffentlichungsdatumM\\u00e4rz 22, 2026 Am Donnerstag, den 02. April 2026, startet, wie an jedem Vollmondabend, der Gutenachtlauf in vielen St\\u00e4dten in ganz Deutschland. Wie immer ist der Beginn um 20:30 Uhr. Zusatz (G\\u00f6ttingen) aus Facebook: &nbsp; ( https:\/\/www.facebook.com\/photo?fbid=2015720492714627&amp;set=pcb.26371754352436288 \\u27a1\\ufe0f )\",\"image\":\"\",\"url\":\"https:\/\/rt-europaallee.de\/wordpress\/my-calendar\/?mc_id=30634\",\"startDate\":\"2026-04-02T20:30:00+02:00\",\"endDate\":\"2026-04-02T21:30:00+02:00\",\"duration\":\"PT1H\",\"eventAttendanceMode\":\"https:\/\/schema.org\/OfflineEventAttendanceMode\",\"location\":{\"@context\":\"https:\/\/schema.org\",\"@type\":\"Place\",\"name\":\"Jahnstadion, Sandweg 7, 37083 G\\u00f6ttingen\",\"description\":\"\",\"url\":\"https:\/\/rt-europaallee.de\/wordpress\/mc-locations\/jahnstadion-sandweg-7-37083-goettingen\/\",\"address\":{\"@type\":\"PostalAddress\",\"streetAddress\":\"\",\"addressLocality\":\"\",\"addressRegion\":\"\",\"postalCode\":\"\",\"addressCountry\":\"\"},\"telephone\":\"n\/a\",\"sameAs\":\"https:\/\/www.google.de\/maps\/dir\/Jahnstadion,+Sandweg,+G%C3%B6ttingen\/\/@51.519222,9.8442779,12z\/data=!4m8!4m7!1m5!1m1!1s0x47a4d4a1080c0017:0xfc3c5a90b418d571!2m2!1d9.9266786!2d51.5192509!1m0\"}},{\"@context\":\"https:\/\/schema.org\",\"@type\":\"Event\",\"name\":\"16.01.2026, NBZ Holtenser Berg: Stammtisch Holtenser Berg\",\"description\":\"(Quelle: https:\/\/www.facebook.com\/events\/2003043070613517\/2003043073946850\/) Veranstaltung von Nachbarschaftszentrum Holtenser Berg Londonstra\\u00dfe 11a, 37079 G\\u00f6ttingen, Germany Laufzeit: 3 Std. \\u00d6ffentlich\\u00a0 \\u00b7 Jede Person auf und au\\u00dferhalb von Facebook\",\"image\":\"\",\"url\":\"https:\/\/rt-europaallee.de\/wordpress\/my-calendar\/?mc_id=30403\",\"startDate\":\"2026-04-03T19:00:00+02:00\",\"endDate\":\"2026-04-03T22:00:00+02:00\",\"duration\":\"PT3H\",\"eventAttendanceMode\":\"https:\/\/schema.org\/OfflineEventAttendanceMode\",\"location\":{\"@context\":\"https:\/\/schema.org\",\"@type\":\"Place\",\"name\":\"Nachbarschaftszentrum Holtenser Berg Londonstra\\u00dfe 11a, 37079 G\\u00f6ttingen\",\"description\":\"\",\"url\":\"https:\/\/rt-europaallee.de\/wordpress\/my-calendar\/\",\"address\":{\"@type\":\"PostalAddress\",\"streetAddress\":\"Londonstra\\u00dfe 11a\",\"addressLocality\":\"G\\u00f6ttingen\",\"addressRegion\":\"\",\"postalCode\":\"37079\",\"addressCountry\":\"\"},\"telephone\":\"n\/a\",\"sameAs\":\"\"}},{\"@context\":\"https:\/\/schema.org\",\"@type\":\"Event\",\"name\":\"03.04.2026, Stadt G\\u00f6ttingen: Osterfeuer in G\\u00f6ttingen\",\"description\":\"(Quelle: https:\/\/www.goettingen.de\/portal\/meldungen\/alle-termine-und-plaetze-der-osterfeuer-900004902-25480.html) Ostern 2026 Alle Termine und Pl\\u00e4tze der Osterfeuer Zum diesj\\u00e4hrigen Osterfest werden am Ostersamstag, 4. April 2026, und Ostersonntag, 5. April 2026, wieder Osterfeuer in G\\u00f6ttingen zu sehen sein. Zu folgenden Terminen und Uhrzeiten finden die Osterfeuer im Stadtgebiet statt: Ostersamstag, 4. April 2026 Kleingartenverein Leineberg-West e. V., 20.00 Uhr Vereinsgel\\u00e4nde Leineberg (s\\u00fcdlicher&hellip;\",\"image\":\"\",\"url\":\"https:\/\/rt-europaallee.de\/wordpress\/my-calendar\/?mc_id=30644\",\"startDate\":\"2026-04-04T18:00:00+02:00\",\"endDate\":\"2026-04-04T19:00:00+02:00\",\"duration\":\"PT1H\",\"eventAttendanceMode\":\"https:\/\/schema.org\/OfflineEventAttendanceMode\",\"location\":{\"@context\":\"https:\/\/schema.org\",\"@type\":\"Place\",\"name\":\"\",\"description\":\"\",\"url\":\"https:\/\/rt-europaallee.de\/wordpress\/mc-locations\/18661\/\",\"address\":{\"@type\":\"PostalAddress\",\"streetAddress\":\"\",\"addressLocality\":\"\",\"addressRegion\":\"\",\"postalCode\":\"\",\"addressCountry\":\"\"},\"telephone\":\"n\/a\",\"sameAs\":\"\"}},{\"@context\":\"https:\/\/schema.org\",\"@type\":\"Event\",\"name\":\"03.04.2026, Stadt G\\u00f6ttingen: Osterfeuer in G\\u00f6ttingen\",\"description\":\"(Quelle: https:\/\/www.goettingen.de\/portal\/meldungen\/alle-termine-und-plaetze-der-osterfeuer-900004902-25480.html) Ostern 2026 Alle Termine und Pl\\u00e4tze der Osterfeuer Zum diesj\\u00e4hrigen Osterfest werden am Ostersamstag, 4. April 2026, und Ostersonntag, 5. April 2026, wieder Osterfeuer in G\\u00f6ttingen zu sehen sein. Zu folgenden Terminen und Uhrzeiten finden die Osterfeuer im Stadtgebiet statt: Ostersamstag, 4. April 2026 Kleingartenverein Leineberg-West e. V., 20.00 Uhr Vereinsgel\\u00e4nde Leineberg (s\\u00fcdlicher&hellip;\",\"image\":\"\",\"url\":\"https:\/\/rt-europaallee.de\/wordpress\/my-calendar\/?mc_id=30645\",\"startDate\":\"2026-04-05T17:00:00+02:00\",\"endDate\":\"2026-04-05T19:00:00+02:00\",\"duration\":\"PT2H\",\"eventAttendanceMode\":\"https:\/\/schema.org\/OfflineEventAttendanceMode\",\"location\":{\"@context\":\"https:\/\/schema.org\",\"@type\":\"Place\",\"name\":\"\",\"description\":\"\",\"url\":\"https:\/\/rt-europaallee.de\/wordpress\/mc-locations\/18661\/\",\"address\":{\"@type\":\"PostalAddress\",\"streetAddress\":\"\",\"addressLocality\":\"\",\"addressRegion\":\"\",\"postalCode\":\"\",\"addressCountry\":\"\"},\"telephone\":\"n\/a\",\"sameAs\":\"\"}},{\"@context\":\"https:\/\/schema.org\",\"@type\":\"Event\",\"name\":\"Ostern\",\"description\":\"(Quelle: https:\/\/www.schulferien.org\/Kalender_mit_Ferien\/Niedersachsen.html)\",\"image\":\"\",\"url\":\"https:\/\/rt-europaallee.de\/wordpress\/my-calendar\/?mc_id=30506\",\"startDate\":\"2026-04-06T00:00:00+02:00\",\"endDate\":\"2026-04-07T00:00:59+02:00\",\"duration\":\"PD1TH0M0\",\"eventAttendanceMode\":\"https:\/\/schema.org\/OfflineEventAttendanceMode\",\"location\":{\"@context\":\"https:\/\/schema.org\",\"@type\":\"Place\",\"name\":\"\",\"description\":\"\",\"url\":\"https:\/\/rt-europaallee.de\/wordpress\/mc-locations\/18505\/\",\"address\":{\"@type\":\"PostalAddress\",\"streetAddress\":\"\",\"addressLocality\":\"\",\"addressRegion\":\"\",\"postalCode\":\"\",\"addressCountry\":\"\"},\"telephone\":\"n\/a\",\"sameAs\":\"\"}},{\"@context\":\"https:\/\/schema.org\",\"@type\":\"Event\",\"name\":\"26.03.2026, Stadtteilb\\u00fcro Leineberg: Reparaturcaf\\u00e9 Leineberg\",\"description\":\"&nbsp; Stadtteilb\\u00fcro Leineberg Reparaturcaf\\u00e9 Leineberg ! mit Handy- und Computersprechstunde ! ( https:\/\/www.facebook.com\/photo?fbid=1383670727133736&amp;set=a.466290225538462)\",\"image\":\"\",\"url\":\"https:\/\/rt-europaallee.de\/wordpress\/my-calendar\/?mc_id=30635\",\"startDate\":\"2026-04-07T17:00:00+02:00\",\"endDate\":\"2026-04-07T19:00:00+02:00\",\"duration\":\"PT2H\",\"eventAttendanceMode\":\"https:\/\/schema.org\/OfflineEventAttendanceMode\",\"location\":{\"@context\":\"https:\/\/schema.org\",\"@type\":\"Place\",\"name\":\"Stadtteilb\\u00fcro Leineberg\",\"description\":\"\",\"url\":\"https:\/\/rt-europaallee.de\/wordpress\/my-calendar\/\",\"address\":{\"@type\":\"PostalAddress\",\"streetAddress\":\"Allerstra\\u00dfe 32\",\"addressLocality\":\"G\\u00f6ttingen\",\"addressRegion\":\"\",\"postalCode\":\"\",\"addressCountry\":\"\"},\"telephone\":\"n\/a\",\"sameAs\":\"\"}},{\"@context\":\"https:\/\/schema.org\",\"@type\":\"Event\",\"name\":\"12.01.2026, Reparaturcaf\\u00e9 in der Weststadt, Sanierungsb\\u00fcro, Pfalz-Grona-Breite 88\",\"description\":\"(Quelle: https:\/\/www.facebook.com\/radioleinewelle\/posts\/pfbid033XvpbZoq8e6LdtByFPfGrg1P5Q3B7hWbDV6JiAYeQiqh7pyU7GDZxY5ddokNKpYNl) Radio Leinewelle +++ News Stadtteilzentren G\\u00f6ttingen +++ Kommt vorbei! #leineberg #Grone #holtenserberg #weststadt #radioleinewelle #zietenterrassen #ebertal ( https:\/\/www.facebook.com\/photo\/?fbid=1458678366257829&amp;set=a.473539781438364)\",\"image\":\"\",\"url\":\"https:\/\/rt-europaallee.de\/wordpress\/my-calendar\/?mc_id=30315\",\"startDate\":\"2026-04-08T17:00:00+02:00\",\"endDate\":\"2026-04-08T19:00:00+02:00\",\"duration\":\"PT2H\",\"eventAttendanceMode\":\"https:\/\/schema.org\/OfflineEventAttendanceMode\",\"location\":{\"@context\":\"https:\/\/schema.org\",\"@type\":\"Place\",\"name\":\"Sanierungsb\\u00fcro, Pfalz-Grona-Breite 88, 37081 G\\u00f6ttingen\",\"description\":\"\",\"url\":\"https:\/\/rt-europaallee.de\/wordpress\/mc-locations\/sanierungsbuero-pfalz-grona-breite-88-37081-goettingen\/\",\"address\":{\"@type\":\"PostalAddress\",\"streetAddress\":\"\",\"addressLocality\":\"\",\"addressRegion\":\"\",\"postalCode\":\"\",\"addressCountry\":\"\"},\"telephone\":\"n\/a\",\"sameAs\":\"https:\/\/www.google.com\/maps\/place\/Sanierungsb%C3%BCro\/@51.5475768,9.9141189,19z\/data=!4m14!1m7!3m6!1s0x47a4d4cd3275336b:0xd82d3001d4aae1d6!2sPfalz-Grona-Breite+88,+37081+G%C3%B6ttingen!3b1!8m2!3d51.5475768!4d9.9147626!3m5!1s0x47a4d4cd33989709:0xf42f9d532c4da0d9!8m2!3d51.5477497!4d9.9144656!16s%2Fg%2F1tgprmt9?entry=ttu&amp;g_ep=EgoyMDI2MDEwNy4wIKXMDSoKLDEwMDc5MjA2OUgBUAM%3D\"}},{\"@context\":\"https:\/\/schema.org\",\"@type\":\"Event\",\"name\":\"16.01.2026, NBZ Holtenser Berg: Stammtisch Holtenser Berg\",\"description\":\"(Quelle: https:\/\/www.facebook.com\/events\/2003043070613517\/2003043073946850\/) Veranstaltung von Nachbarschaftszentrum Holtenser Berg Londonstra\\u00dfe 11a, 37079 G\\u00f6ttingen, Germany Laufzeit: 3 Std. \\u00d6ffentlich\\u00a0 \\u00b7 Jede Person auf und au\\u00dferhalb von Facebook\",\"image\":\"\",\"url\":\"https:\/\/rt-europaallee.de\/wordpress\/my-calendar\/?mc_id=30404\",\"startDate\":\"2026-04-10T19:00:00+02:00\",\"endDate\":\"2026-04-10T22:00:00+02:00\",\"duration\":\"PT3H\",\"eventAttendanceMode\":\"https:\/\/schema.org\/OfflineEventAttendanceMode\",\"location\":{\"@context\":\"https:\/\/schema.org\",\"@type\":\"Place\",\"name\":\"Nachbarschaftszentrum Holtenser Berg Londonstra\\u00dfe 11a, 37079 G\\u00f6ttingen\",\"description\":\"\",\"url\":\"https:\/\/rt-europaallee.de\/wordpress\/my-calendar\/\",\"address\":{\"@type\":\"PostalAddress\",\"streetAddress\":\"Londonstra\\u00dfe 11a\",\"addressLocality\":\"G\\u00f6ttingen\",\"addressRegion\":\"\",\"postalCode\":\"37079\",\"addressCountry\":\"\"},\"telephone\":\"n\/a\",\"sameAs\":\"\"}},{\"@context\":\"https:\/\/schema.org\",\"@type\":\"Event\",\"name\":\"10.04.2026, G\\u00f6VB: Demonstration in der Innenstadt\",\"description\":\"(Quelle: https:\/\/www.facebook.com\/goevb\/posts\/pfbid0277NNUw9gvoJCWvmhnqfKqKGf2EdaEJqbGfChCLjxwaZRny8GFT6pNVMzzXiAhM7fl) G\\u00f6VB - G\\u00f6ttinger Verkehrsbetriebe Kundgebung am 11.04.26 ********************************** Am kommenden Samstag es zwischen ca. 15:00 Uhr und 17:00 Uhr zu kurzfristigen Einschr\\u00e4nkungen in unserem Linienverkehr kommen. goevb.de Fortbewegung am 11.04.2026\",\"image\":\"\",\"url\":\"https:\/\/rt-europaallee.de\/wordpress\/my-calendar\/?mc_id=30687\",\"startDate\":\"2026-04-11T15:00:00+02:00\",\"endDate\":\"2026-04-11T17:00:00+02:00\",\"duration\":\"PT2H\",\"eventAttendanceMode\":\"https:\/\/schema.org\/OfflineEventAttendanceMode\",\"location\":{\"@context\":\"https:\/\/schema.org\",\"@type\":\"Place\",\"name\":\"\",\"description\":\"\",\"url\":\"https:\/\/rt-europaallee.de\/wordpress\/mc-locations\/18687\/\",\"address\":{\"@type\":\"PostalAddress\",\"streetAddress\":\"\",\"addressLocality\":\"\",\"addressRegion\":\"\",\"postalCode\":\"\",\"addressCountry\":\"\"},\"telephone\":\"n\/a\",\"sameAs\":\"\"}},{\"@context\":\"https:\/\/schema.org\",\"@type\":\"Event\",\"name\":\"04.03.2026, NBZ Holtenser Berg: Begegnungscaf\\u00e9\",\"description\":\"(Quelle: https:\/\/www.facebook.com\/NBZHoBerg\/posts\/pfbid026k3zWtdhkykp6xuAZRcPBU28JSjPBqVDpzndQjcF7Z3cVUHt4p6LGdANKCkW4GHgl) Nachbarschaftszentrum Holtenser Berg &nbsp; (https:\/\/www.facebook.com\/photo\/?fbid=1222948603359914&amp;set=a.485448943776554 )\",\"image\":\"\",\"url\":\"https:\/\/rt-europaallee.de\/wordpress\/my-calendar\/?mc_id=30518\",\"startDate\":\"2026-04-12T15:00:00+02:00\",\"endDate\":\"2026-04-12T18:00:00+02:00\",\"duration\":\"PT3H\",\"eventAttendanceMode\":\"https:\/\/schema.org\/OfflineEventAttendanceMode\",\"location\":{\"@context\":\"https:\/\/schema.org\",\"@type\":\"Place\",\"name\":\"Nachbarschaftszentrum Holtenser Berg Londonstra\\u00dfe 11a, 37079 G\\u00f6ttingen\",\"description\":\"\",\"url\":\"https:\/\/rt-europaallee.de\/wordpress\/my-calendar\/\",\"address\":{\"@type\":\"PostalAddress\",\"streetAddress\":\"Londonstra\\u00dfe 11a\",\"addressLocality\":\"G\\u00f6ttingen\",\"addressRegion\":\"\",\"postalCode\":\"37079\",\"addressCountry\":\"\"},\"telephone\":\"n\/a\",\"sameAs\":\"\"}},{\"@context\":\"https:\/\/schema.org\",\"@type\":\"Event\",\"name\":\"16.03.2026, Kolonialkritischer Stadtrundgang mit G\\u00f6ttingen Postkolonial\",\"description\":\"Siehe:\\u00a0https:\/\/rt-europaallee.de\/wordpress\/2026\/03\/stadt-goettingen-internationale-wochen-gegen-rassismus-veranstaltungen-in-der-stadt-goettingen\/ Wilhelmspl., 37073 G\\u00f6ttingen (Quelle:\\u00a0https:\/\/www.goettingen.de\/portal\/meldungen\/internationale-wochen-gegen-rassismus-veranstaltungen-in-der-stadt-goettingen-900004830-25480.html?utm_source=copilot.com) 06.03.2026\\u00a0| ge\\u00e4ndert am 12.03.2026 Internationale Wochen gegen Rassismus \\u2013 Veranstaltungen in der Stadt G\\u00f6ttingen Zum 31. Mal finden die bundesweiten Internationalen Wochen gegen Rassismus von Montag bis Sonntag, 16. bis 29. M\\u00e4rz 2026, statt. Das diesj\\u00e4hrige Motto lautet \\u201e100 Prozent Menschenw\\u00fcrde. Zusammen gegen Rassismus und Rechtsextremismus\\u201c. Der diesj\\u00e4hrige Botschafter der&hellip;\",\"image\":\"\",\"url\":\"https:\/\/rt-europaallee.de\/wordpress\/my-calendar\/?mc_id=30609\",\"startDate\":\"2026-04-13T13:00:00+02:00\",\"endDate\":\"2026-04-13T15:00:00+02:00\",\"duration\":\"PT2H\",\"eventAttendanceMode\":\"https:\/\/schema.org\/OfflineEventAttendanceMode\",\"location\":{\"@context\":\"https:\/\/schema.org\",\"@type\":\"Place\",\"name\":\"Aula am Wilhelmsplatz, Wilhelmspl. 1, 37073 G\\u00f6ttingen\",\"description\":\"\",\"url\":\"https:\/\/rt-europaallee.de\/wordpress\/mc-locations\/aula-am-wilhelmsplatz-wilhelmspl-1-37073-goettingen\/\",\"address\":{\"@type\":\"PostalAddress\",\"streetAddress\":\"\",\"addressLocality\":\"\",\"addressRegion\":\"\",\"postalCode\":\"\",\"addressCountry\":\"\"},\"telephone\":\"n\/a\",\"sameAs\":\"https:\/\/www.google.com\/maps\/place\/Aula+am+Wilhelmsplatz,+Wilhelmspl.+1,+37073+G%C3%B6ttingen\/@51.5336931,9.9370122,19.08z\/am=t\/data=!4m19!1m12!4m11!1m3!2m2!1d9.93797!2d51.53393!1m4!2m2!1d12.0910576!2d54.1718277!4e1!3e0!5i1!3m5!1s0x47a4d49581ae68f5:0xbfb2f667626e120c!8m2!3d51.534124!4d9.9378281!16s%2Fg%2F12lkjltv0?entry=ttu&amp;g_ep=EgoyMDI0MTEwNS4wIKXMDSoASAFQAw%3D%3D\"}},{\"@context\":\"https:\/\/schema.org\",\"@type\":\"Event\",\"name\":\"04.03.2026, NBZ Holtenser Berg: tauschcaf\\u00e9 (Bargeld) in OM10\",\"description\":\"(Quelle: https:\/\/www.facebook.com\/NBZHoBerg\/posts\/pfbid06iR4gJrM6vgoi2J3K5rLNCRYjDBuNJzMLSE9mJKnFLVWXNN5RUyNs7WoHcCv7aLyl) Nachbarschaftszentrum Holtenser Berg (Bitte Links der Bilder anklicken) &nbsp;\",\"image\":\"\",\"url\":\"https:\/\/rt-europaallee.de\/wordpress\/my-calendar\/?mc_id=30543\",\"startDate\":\"2026-04-14T17:00:00+02:00\",\"endDate\":\"2026-04-14T18:00:00+02:00\",\"duration\":\"PT1H\",\"eventAttendanceMode\":\"https:\/\/schema.org\/OfflineEventAttendanceMode\",\"location\":{\"@context\":\"https:\/\/schema.org\",\"@type\":\"Place\",\"name\":\"OM10\",\"description\":\"\",\"url\":\"https:\/\/rt-europaallee.de\/wordpress\/my-calendar\/\",\"address\":{\"@type\":\"PostalAddress\",\"streetAddress\":\"Obere-Masch-Stra\\u00dfe 10\",\"addressLocality\":\"G\\u00f6ttingen\",\"addressRegion\":\"\",\"postalCode\":\"37073\",\"addressCountry\":\"\"},\"telephone\":\"n\/a\",\"sameAs\":\"\"}},{\"@context\":\"https:\/\/schema.org\",\"@type\":\"Event\",\"name\":\"26.03.2026, G\\u00f6VB: \\u00d6ffentliches Rollatortraining\",\"description\":\"(Quelle: https:\/\/www.facebook.com\/goevb\/posts\/pfbid02u5j5pqVPxYyDQJsmC5H1wTpQ1LVf3PEbpZkUAHFoM3NxdZy2jkZmz8oTTSro7dUHl?notif_id=1774552322661985&amp;notif_t=notify_me_page&amp;ref=notif) &nbsp; ehemaliger Hubschrauberlandeplatz des Ev. Krankenhaus Weende, die Zufahrt erfolgt am besten \\u00fcber \\u201cAm Papenberg - MVZ Gesundheitspark, Haus 4\\u201d. G\\u00f6VB - G\\u00f6ttinger Verkehrsbetriebe Angebot: Rollatortraining ********************************** Wer einen Rollator nutzt und das Ein- und Aussteigen aus einem Bus mal in Ruhe \\u00fcben m\\u00f6chte, der kann gerne am 15.04.26 zu einem \\u00f6ffentlichen und&hellip;\",\"image\":\"\",\"url\":\"https:\/\/rt-europaallee.de\/wordpress\/my-calendar\/?mc_id=30637\",\"startDate\":\"2026-04-15T14:00:00+02:00\",\"endDate\":\"2026-04-15T15:00:00+02:00\",\"duration\":\"PT1H\",\"eventAttendanceMode\":\"https:\/\/schema.org\/OfflineEventAttendanceMode\",\"location\":{\"@context\":\"https:\/\/schema.org\",\"@type\":\"Place\",\"name\":\"\",\"description\":\"\",\"url\":\"https:\/\/rt-europaallee.de\/wordpress\/mc-locations\/18652\/\",\"address\":{\"@type\":\"PostalAddress\",\"streetAddress\":\"\",\"addressLocality\":\"\",\"addressRegion\":\"\",\"postalCode\":\"\",\"addressCountry\":\"\"},\"telephone\":\"n\/a\",\"sameAs\":\"\"}},{\"@context\":\"https:\/\/schema.org\",\"@type\":\"Event\",\"name\":\"26.03.2026, Stadtteilb\\u00fcro Leineberg: Glasfaser - was ist das?\",\"description\":\"(Quelle: https:\/\/www.facebook.com\/Stadtteilbuero.Leineberg\/posts\/pfbid029FXr2fVRhAZMR8kUmkDW44qtSsQL6VDEYA2Lf5XYbhZKLkg4otJNRXJopn9x6id6l?notif_id=1774435709360168&amp;notif_t=notify_me_page&amp;ref=notif) Stadtteilb\\u00fcro Leineberg ( https:\/\/www.facebook.com\/photo\/?fbid=1385415250292617&amp;set=a.466290225538462)\",\"image\":\"\",\"url\":\"https:\/\/rt-europaallee.de\/wordpress\/my-calendar\/?mc_id=30636\",\"startDate\":\"2026-04-16T17:30:00+02:00\",\"endDate\":\"2026-04-16T18:30:00+02:00\",\"duration\":\"PT1H\",\"eventAttendanceMode\":\"https:\/\/schema.org\/OfflineEventAttendanceMode\",\"location\":{\"@context\":\"https:\/\/schema.org\",\"@type\":\"Place\",\"name\":\"Stadtteilb\\u00fcro Leineberg\",\"description\":\"\",\"url\":\"https:\/\/rt-europaallee.de\/wordpress\/my-calendar\/\",\"address\":{\"@type\":\"PostalAddress\",\"streetAddress\":\"Allerstra\\u00dfe 32\",\"addressLocality\":\"G\\u00f6ttingen\",\"addressRegion\":\"\",\"postalCode\":\"\",\"addressCountry\":\"\"},\"telephone\":\"n\/a\",\"sameAs\":\"\"}},{\"@context\":\"https:\/\/schema.org\",\"@type\":\"Event\",\"name\":\"16.01.2026, NBZ Holtenser Berg: Stammtisch Holtenser Berg\",\"description\":\"(Quelle: https:\/\/www.facebook.com\/events\/2003043070613517\/2003043073946850\/) Veranstaltung von Nachbarschaftszentrum Holtenser Berg Londonstra\\u00dfe 11a, 37079 G\\u00f6ttingen, Germany Laufzeit: 3 Std. \\u00d6ffentlich\\u00a0 \\u00b7 Jede Person auf und au\\u00dferhalb von Facebook\",\"image\":\"\",\"url\":\"https:\/\/rt-europaallee.de\/wordpress\/my-calendar\/?mc_id=30405\",\"startDate\":\"2026-04-17T19:00:00+02:00\",\"endDate\":\"2026-04-17T22:00:00+02:00\",\"duration\":\"PT3H\",\"eventAttendanceMode\":\"https:\/\/schema.org\/OfflineEventAttendanceMode\",\"location\":{\"@context\":\"https:\/\/schema.org\",\"@type\":\"Place\",\"name\":\"Nachbarschaftszentrum Holtenser Berg Londonstra\\u00dfe 11a, 37079 G\\u00f6ttingen\",\"description\":\"\",\"url\":\"https:\/\/rt-europaallee.de\/wordpress\/my-calendar\/\",\"address\":{\"@type\":\"PostalAddress\",\"streetAddress\":\"Londonstra\\u00dfe 11a\",\"addressLocality\":\"G\\u00f6ttingen\",\"addressRegion\":\"\",\"postalCode\":\"37079\",\"addressCountry\":\"\"},\"telephone\":\"n\/a\",\"sameAs\":\"\"}},{\"@context\":\"https:\/\/schema.org\",\"@type\":\"Event\",\"name\":\"08.04.2026, SG GW Hagenberg e.V.: G\\u00f6ttinger Doppelsprint Orientierungslauf\",\"description\":\"(Quelle: https:\/\/www.facebook.com\/gwhagenberg\/posts\/pfbid0vSuZ1AmffCAMAVoePbPnocd9VSYWVJ33fDR9SvbibrAuqsZHKVwh1bG8TEp6oaT6l?notif_id=1774943410624374&amp;notif_t=notify_me_page&amp;ref=notif) SG GW Hagenberg e.V. ( https:\/\/www.facebook.com\/photo?fbid=1398435715419344&amp;set=a.543463197583271)\",\"image\":\"\",\"url\":\"https:\/\/rt-europaallee.de\/wordpress\/my-calendar\/?mc_id=30678\",\"startDate\":\"2026-04-18T13:30:00+02:00\",\"endDate\":\"2026-04-18T14:30:00+02:00\",\"duration\":\"PT1H\",\"eventAttendanceMode\":\"https:\/\/schema.org\/OfflineEventAttendanceMode\",\"location\":{\"@context\":\"https:\/\/schema.org\",\"@type\":\"Place\",\"name\":\"SG Gr\\u00fcn-Wei\\u00df Hagenberg G\\u00f6ttingen e.V., Pappelweg 3, 37079 G\\u00f6ttingen\",\"description\":\"\",\"url\":\"https:\/\/rt-europaallee.de\/wordpress\/mc-locations\/sg-gruen-weiss-hagenberg-goettingen-e-v-pappelweg-3-37079-goettingen\/\",\"address\":{\"@type\":\"PostalAddress\",\"streetAddress\":\"\",\"addressLocality\":\"\",\"addressRegion\":\"\",\"postalCode\":\"\",\"addressCountry\":\"\"},\"telephone\":\"n\/a\",\"sameAs\":\"https:\/\/www.google.com\/maps\/place\/SG+Gr%C3%BCn-Wei%C3%9F+Hagenberg+G%C3%B6ttingen+e.V.\/@51.557339,9.9064226,17z\/data=!3m2!4b1!5s0x47bb2b29138860b5:0x4cb984a5f89b4b87!4m6!3m5!1s0x47bb2b2910fd3301:0xad975e3ae1c1e690!8m2!3d51.557339!4d9.9089975!16s%2Fg%2F11g9dmcv7k?entry=ttu&amp;g_ep=EgoyMDI0MTExNy4wIKXMDSoASAFQAw%3D%3D\"}},{\"@context\":\"https:\/\/schema.org\",\"@type\":\"Event\",\"name\":\"15.04.2026, B\\u00fcffelfutter - Tipps f\\u00fcr Kids in G\\u00f6ttingen: &quot;Ritterturney&quot; auf Schloss Berlepsch\",\"description\":\"(Quelle: https:\/\/www.facebook.com\/bueffelfuttertippsfuerkidsingoettingen\/posts\/pfbid0eqteQN5M3yVRAGsqV8G3GfQMBn2LLtDnVKjhtD1wKdQmyjAfyzJcSBsxEPCfUw8zl) &nbsp; Schloss Berlepsch, Berlepsch 1, 37218 Witzenhausen B\\u00fcffelfutter - Tipps f\\u00fcr Kids in G\\u00f6ttingen Ritterturney Es geht mit ordentlich Geschepper in die noch frische Saison! Sehr viel echter kann man das Mittelalter nicht erleben: Hier treffen diverse Ritter in verschiedenen Disziplinen aufeinander, um sich im Kampf-Geschick zu Pferd zu messen ... &gt; 18.04.&hellip;\",\"image\":\"\",\"url\":\"https:\/\/rt-europaallee.de\/wordpress\/my-calendar\/?mc_id=30700\",\"startDate\":\"2026-04-19T11:00:00+02:00\",\"endDate\":\"2026-04-19T12:00:00+02:00\",\"duration\":\"PT1H\",\"eventAttendanceMode\":\"https:\/\/schema.org\/OnlineEventAttendanceMode\",\"location\":{\"@type\":\"VirtualLocation\",\"url\":\"https:\/\/rt-europaallee.de\/wordpress\/my-calendar\/?mc_id=30700\"}},{\"@context\":\"https:\/\/schema.org\",\"@type\":\"Event\",\"name\":\"10.04.2026, Inklusion bewegen: Netzwerktreffen f\\u00fcr Fachkr\\u00e4fte in Bovenden (Anmeldung!)\",\"description\":\"(Quelle: https:\/\/www.facebook.com\/inklusion.bewegen\/posts\/pfbid02FD5jMquTgrECRBsA6YtPRxn74tfojG3hvJtC74UNiQy37kBZAyGPsnsfwWkPqUXAl) Inklusion bewegen f\\u00fchlt sich motiviert \\u2013 hier: B\\u00fcrgerhaus Bovenden. Nicht vergessen: Jetzt anmelden! Am 20. April 2026 ist unser Netzwerktreffen f\\u00fcr Fachkr\\u00e4fte in Bovenden. Gemeinsam planen wir die Inklusionskonferenz 2026. Bring deine Ideen mit! Tausche dich mit anderen aus! B\\u00fcrgerhaus Bovenden 14 bis 17 Uhr Teilnahme ist kostenlos Anmeldung ist n\\u00f6tig Jetzt online&hellip;\",\"image\":\"\",\"url\":\"https:\/\/rt-europaallee.de\/wordpress\/my-calendar\/?mc_id=30692\",\"startDate\":\"2026-04-20T14:00:00+02:00\",\"endDate\":\"2026-04-20T17:00:00+02:00\",\"duration\":\"PT3H\",\"eventAttendanceMode\":\"https:\/\/schema.org\/OfflineEventAttendanceMode\",\"location\":{\"@context\":\"https:\/\/schema.org\",\"@type\":\"Place\",\"name\":\"B\\u00fcrgerhaus Bovenden, Rathauspl. 3, 37120 Bovenden\",\"description\":\"\",\"url\":\"https:\/\/rt-europaallee.de\/wordpress\/mc-locations\/buergerhaus-bovenden-rathauspl-3-37120-bovenden\/\",\"address\":{\"@type\":\"PostalAddress\",\"streetAddress\":\"\",\"addressLocality\":\"\",\"addressRegion\":\"\",\"postalCode\":\"\",\"addressCountry\":\"\"},\"telephone\":\"n\/a\",\"sameAs\":\"https:\/\/www.google.com\/maps\/place\/B%C3%BCrgerhaus\/@51.5860463,9.9281428,17z\/data=!3m1!4b1!4m6!3m5!1s0x47a4d54c91b45c29:0x7673e7378e96ae6f!8m2!3d51.5860463!4d9.9307177!16s%2Fg%2F11b7q8hzdp?entry=ttu&amp;g_ep=EgoyMDI0MTAyOS4wIKXMDSoASAFQAw%3D%3D\"}},{\"@context\":\"https:\/\/schema.org\",\"@type\":\"Event\",\"name\":\"04.03.2026, NBZ Holtenser Berg: tauschcaf\\u00e9 (Bargeld) in OM10\",\"description\":\"(Quelle: https:\/\/www.facebook.com\/NBZHoBerg\/posts\/pfbid06iR4gJrM6vgoi2J3K5rLNCRYjDBuNJzMLSE9mJKnFLVWXNN5RUyNs7WoHcCv7aLyl) Nachbarschaftszentrum Holtenser Berg (Bitte Links der Bilder anklicken) &nbsp;\",\"image\":\"\",\"url\":\"https:\/\/rt-europaallee.de\/wordpress\/my-calendar\/?mc_id=30544\",\"startDate\":\"2026-04-21T17:00:00+02:00\",\"endDate\":\"2026-04-21T18:00:00+02:00\",\"duration\":\"PT1H\",\"eventAttendanceMode\":\"https:\/\/schema.org\/OfflineEventAttendanceMode\",\"location\":{\"@context\":\"https:\/\/schema.org\",\"@type\":\"Place\",\"name\":\"OM10\",\"description\":\"\",\"url\":\"https:\/\/rt-europaallee.de\/wordpress\/my-calendar\/\",\"address\":{\"@type\":\"PostalAddress\",\"streetAddress\":\"Obere-Masch-Stra\\u00dfe 10\",\"addressLocality\":\"G\\u00f6ttingen\",\"addressRegion\":\"\",\"postalCode\":\"37073\",\"addressCountry\":\"\"},\"telephone\":\"n\/a\",\"sameAs\":\"\"}},{\"@context\":\"https:\/\/schema.org\",\"@type\":\"Event\",\"name\":\"16.03.2026, Ausstellung: Der NS-V\\u00f6lkermord an den Roma in der besetzten Sowjetunion\",\"description\":\"Siehe:\\u00a0https:\/\/rt-europaallee.de\/wordpress\/2026\/03\/stadt-goettingen-internationale-wochen-gegen-rassismus-veranstaltungen-in-der-stadt-goettingen\/ (Quelle:\\u00a0https:\/\/www.goettingen.de\/portal\/meldungen\/internationale-wochen-gegen-rassismus-veranstaltungen-in-der-stadt-goettingen-900004830-25480.html?utm_source=copilot.com) 06.03.2026\\u00a0| ge\\u00e4ndert am 12.03.2026 Internationale Wochen gegen Rassismus \\u2013 Veranstaltungen in der Stadt G\\u00f6ttingen Zum 31. Mal finden die bundesweiten Internationalen Wochen gegen Rassismus von Montag bis Sonntag, 16. bis 29. M\\u00e4rz 2026, statt. Das diesj\\u00e4hrige Motto lautet \\u201e100 Prozent Menschenw\\u00fcrde. Zusammen gegen Rassismus und Rechtsextremismus\\u201c. Der diesj\\u00e4hrige Botschafter der Aktionswochen ist Prof.&hellip;\",\"image\":\"\",\"url\":\"https:\/\/rt-europaallee.de\/wordpress\/my-calendar\/?mc_id=30605\",\"startDate\":\"2026-04-10T00:00:00+02:00\",\"endDate\":\"2026-05-01T00:00:59+02:00\",\"duration\":\"PD21TH0M0\",\"eventAttendanceMode\":\"https:\/\/schema.org\/OfflineEventAttendanceMode\",\"location\":{\"@context\":\"https:\/\/schema.org\",\"@type\":\"Place\",\"name\":\"Stadtlabor G\\u00f6ttingen, Wilhelmspl. 3, 37073 G\\u00f6ttingen\",\"description\":\"\",\"url\":\"https:\/\/rt-europaallee.de\/wordpress\/mc-locations\/stadtlabor-goettingen-wilhelmspl-3-37073-goettingen\/\",\"address\":{\"@type\":\"PostalAddress\",\"streetAddress\":\"\",\"addressLocality\":\"\",\"addressRegion\":\"\",\"postalCode\":\"\",\"addressCountry\":\"\"},\"telephone\":\"n\/a\",\"sameAs\":\"https:\/\/www.google.com\/maps\/place\/Stadtlabor+G%C3%B6ttingen\/@51.5334069,9.9374107,20.79z\/data=!3m1!5s0x47a4d495880e01c3:0x2da49c3266d39a0d!4m15!1m8!3m7!1s0x47a4d49588f818f7:0x3eeeb28ecd9fdbb0!2sWilhelmspl.+3,+37073+G%C3%B6ttingen!3b1!8m2!3d51.5334334!4d9.9374974!16s%2Fg%2F11cscfk8zz!3m5!1s0x47a4d5950eff9b5b:0xc068ed179b6e3c99!8m2!3d51.5335141!4d9.9376129!16s%2Fg%2F11v3znlf2z?entry=ttu\"}},{\"@context\":\"https:\/\/schema.org\",\"@type\":\"Event\",\"name\":\"16.03.2026, Ausstellung: Der NS-V\\u00f6lkermord an den Roma in der besetzten Sowjetunion\",\"description\":\"Siehe:\\u00a0https:\/\/rt-europaallee.de\/wordpress\/2026\/03\/stadt-goettingen-internationale-wochen-gegen-rassismus-veranstaltungen-in-der-stadt-goettingen\/ (Quelle:\\u00a0https:\/\/www.goettingen.de\/portal\/meldungen\/internationale-wochen-gegen-rassismus-veranstaltungen-in-der-stadt-goettingen-900004830-25480.html?utm_source=copilot.com) 06.03.2026\\u00a0| ge\\u00e4ndert am 12.03.2026 Internationale Wochen gegen Rassismus \\u2013 Veranstaltungen in der Stadt G\\u00f6ttingen Zum 31. Mal finden die bundesweiten Internationalen Wochen gegen Rassismus von Montag bis Sonntag, 16. bis 29. M\\u00e4rz 2026, statt. Das diesj\\u00e4hrige Motto lautet \\u201e100 Prozent Menschenw\\u00fcrde. Zusammen gegen Rassismus und Rechtsextremismus\\u201c. Der diesj\\u00e4hrige Botschafter der Aktionswochen ist Prof.&hellip;\",\"image\":\"\",\"url\":\"https:\/\/rt-europaallee.de\/wordpress\/my-calendar\/?mc_id=30605\",\"startDate\":\"2026-04-10T00:00:00+02:00\",\"endDate\":\"2026-05-01T00:00:59+02:00\",\"duration\":\"PD21TH0M0\",\"eventAttendanceMode\":\"https:\/\/schema.org\/OfflineEventAttendanceMode\",\"location\":{\"@context\":\"https:\/\/schema.org\",\"@type\":\"Place\",\"name\":\"Stadtlabor G\\u00f6ttingen, Wilhelmspl. 3, 37073 G\\u00f6ttingen\",\"description\":\"\",\"url\":\"https:\/\/rt-europaallee.de\/wordpress\/mc-locations\/stadtlabor-goettingen-wilhelmspl-3-37073-goettingen\/\",\"address\":{\"@type\":\"PostalAddress\",\"streetAddress\":\"\",\"addressLocality\":\"\",\"addressRegion\":\"\",\"postalCode\":\"\",\"addressCountry\":\"\"},\"telephone\":\"n\/a\",\"sameAs\":\"https:\/\/www.google.com\/maps\/place\/Stadtlabor+G%C3%B6ttingen\/@51.5334069,9.9374107,20.79z\/data=!3m1!5s0x47a4d495880e01c3:0x2da49c3266d39a0d!4m15!1m8!3m7!1s0x47a4d49588f818f7:0x3eeeb28ecd9fdbb0!2sWilhelmspl.+3,+37073+G%C3%B6ttingen!3b1!8m2!3d51.5334334!4d9.9374974!16s%2Fg%2F11cscfk8zz!3m5!1s0x47a4d5950eff9b5b:0xc068ed179b6e3c99!8m2!3d51.5335141!4d9.9376129!16s%2Fg%2F11v3znlf2z?entry=ttu\"}},{\"@context\":\"https:\/\/schema.org\",\"@type\":\"Event\",\"name\":\"16.01.2026, NBZ Holtenser Berg: Stammtisch Holtenser Berg\",\"description\":\"(Quelle: https:\/\/www.facebook.com\/events\/2003043070613517\/2003043073946850\/) Veranstaltung von Nachbarschaftszentrum Holtenser Berg Londonstra\\u00dfe 11a, 37079 G\\u00f6ttingen, Germany Laufzeit: 3 Std. \\u00d6ffentlich\\u00a0 \\u00b7 Jede Person auf und au\\u00dferhalb von Facebook\",\"image\":\"\",\"url\":\"https:\/\/rt-europaallee.de\/wordpress\/my-calendar\/?mc_id=30406\",\"startDate\":\"2026-04-24T19:00:00+02:00\",\"endDate\":\"2026-04-24T22:00:00+02:00\",\"duration\":\"PT3H\",\"eventAttendanceMode\":\"https:\/\/schema.org\/OfflineEventAttendanceMode\",\"location\":{\"@context\":\"https:\/\/schema.org\",\"@type\":\"Place\",\"name\":\"Nachbarschaftszentrum Holtenser Berg Londonstra\\u00dfe 11a, 37079 G\\u00f6ttingen\",\"description\":\"\",\"url\":\"https:\/\/rt-europaallee.de\/wordpress\/my-calendar\/\",\"address\":{\"@type\":\"PostalAddress\",\"streetAddress\":\"Londonstra\\u00dfe 11a\",\"addressLocality\":\"G\\u00f6ttingen\",\"addressRegion\":\"\",\"postalCode\":\"37079\",\"addressCountry\":\"\"},\"telephone\":\"n\/a\",\"sameAs\":\"\"}},{\"@context\":\"https:\/\/schema.org\",\"@type\":\"Event\",\"name\":\"22.04.2026, G\\u00f6VB: Einschr\\u00e4nkungen im Lininienverkehr wegen Tour d&#039;Energie\",\"description\":\"(Quelle: https:\/\/www.facebook.com\/goevb\/posts\/pfbid0pUcZkL4F9LZZSqzuxkWs4dk1RZu1Sm6isnV4rS2PZu6ywM8Wa5eqTEP2n84DEBYul?notif_id=1776725400766570&amp;notif_t=notify_me_page&amp;ref=notif) G\\u00f6VB - G\\u00f6ttinger Verkehrsbetriebe Tour d&#039;Energie am 26.04.26 *********************************** Ab dem 25.04.26 (ca. 18:00 Uhr) bis 18:00 Uhr am Folgetag kommt es zu Einschr\\u00e4nkungen im Linienverkehr aufgrund des Radrennens. Welche Linien betroffen sind, steht in unseren News: goevb.de Tour d\\u2019Energie am 26.04.26\",\"image\":\"\",\"url\":\"https:\/\/rt-europaallee.de\/wordpress\/my-calendar\/?mc_id=30776\",\"startDate\":\"2026-04-25T18:00:00+02:00\",\"endDate\":\"2026-04-25T19:00:00+02:00\",\"duration\":\"PT1H\",\"eventAttendanceMode\":\"https:\/\/schema.org\/OfflineEventAttendanceMode\",\"location\":{\"@context\":\"https:\/\/schema.org\",\"@type\":\"Place\",\"name\":\"\",\"description\":\"\",\"url\":\"https:\/\/rt-europaallee.de\/wordpress\/mc-locations\/18721\/\",\"address\":{\"@type\":\"PostalAddress\",\"streetAddress\":\"\",\"addressLocality\":\"\",\"addressRegion\":\"\",\"postalCode\":\"\",\"addressCountry\":\"\"},\"telephone\":\"n\/a\",\"sameAs\":\"\"}},{\"@context\":\"https:\/\/schema.org\",\"@type\":\"Event\",\"name\":\"04.03.2026, NBZ Holtenser Berg: Begegnungscaf\\u00e9\",\"description\":\"(Quelle: https:\/\/www.facebook.com\/NBZHoBerg\/posts\/pfbid026k3zWtdhkykp6xuAZRcPBU28JSjPBqVDpzndQjcF7Z3cVUHt4p6LGdANKCkW4GHgl) Nachbarschaftszentrum Holtenser Berg &nbsp; (https:\/\/www.facebook.com\/photo\/?fbid=1222948603359914&amp;set=a.485448943776554 )\",\"image\":\"\",\"url\":\"https:\/\/rt-europaallee.de\/wordpress\/my-calendar\/?mc_id=30528\",\"startDate\":\"2026-04-26T15:00:00+02:00\",\"endDate\":\"2026-04-26T18:00:00+02:00\",\"duration\":\"PT3H\",\"eventAttendanceMode\":\"https:\/\/schema.org\/OfflineEventAttendanceMode\",\"location\":{\"@context\":\"https:\/\/schema.org\",\"@type\":\"Place\",\"name\":\"Nachbarschaftszentrum Holtenser Berg Londonstra\\u00dfe 11a, 37079 G\\u00f6ttingen\",\"description\":\"\",\"url\":\"https:\/\/rt-europaallee.de\/wordpress\/my-calendar\/\",\"address\":{\"@type\":\"PostalAddress\",\"streetAddress\":\"Londonstra\\u00dfe 11a\",\"addressLocality\":\"G\\u00f6ttingen\",\"addressRegion\":\"\",\"postalCode\":\"37079\",\"addressCountry\":\"\"},\"telephone\":\"n\/a\",\"sameAs\":\"\"}},{\"@context\":\"https:\/\/schema.org\",\"@type\":\"Event\",\"name\":\"16.03.2026, Ausstellung: Der NS-V\\u00f6lkermord an den Roma in der besetzten Sowjetunion\",\"description\":\"Siehe:\\u00a0https:\/\/rt-europaallee.de\/wordpress\/2026\/03\/stadt-goettingen-internationale-wochen-gegen-rassismus-veranstaltungen-in-der-stadt-goettingen\/ (Quelle:\\u00a0https:\/\/www.goettingen.de\/portal\/meldungen\/internationale-wochen-gegen-rassismus-veranstaltungen-in-der-stadt-goettingen-900004830-25480.html?utm_source=copilot.com) 06.03.2026\\u00a0| ge\\u00e4ndert am 12.03.2026 Internationale Wochen gegen Rassismus \\u2013 Veranstaltungen in der Stadt G\\u00f6ttingen Zum 31. Mal finden die bundesweiten Internationalen Wochen gegen Rassismus von Montag bis Sonntag, 16. bis 29. M\\u00e4rz 2026, statt. Das diesj\\u00e4hrige Motto lautet \\u201e100 Prozent Menschenw\\u00fcrde. Zusammen gegen Rassismus und Rechtsextremismus\\u201c. Der diesj\\u00e4hrige Botschafter der Aktionswochen ist Prof.&hellip;\",\"image\":\"\",\"url\":\"https:\/\/rt-europaallee.de\/wordpress\/my-calendar\/?mc_id=30605\",\"startDate\":\"2026-04-10T00:00:00+02:00\",\"endDate\":\"2026-05-01T00:00:59+02:00\",\"duration\":\"PD21TH0M0\",\"eventAttendanceMode\":\"https:\/\/schema.org\/OfflineEventAttendanceMode\",\"location\":{\"@context\":\"https:\/\/schema.org\",\"@type\":\"Place\",\"name\":\"Stadtlabor G\\u00f6ttingen, Wilhelmspl. 3, 37073 G\\u00f6ttingen\",\"description\":\"\",\"url\":\"https:\/\/rt-europaallee.de\/wordpress\/mc-locations\/stadtlabor-goettingen-wilhelmspl-3-37073-goettingen\/\",\"address\":{\"@type\":\"PostalAddress\",\"streetAddress\":\"\",\"addressLocality\":\"\",\"addressRegion\":\"\",\"postalCode\":\"\",\"addressCountry\":\"\"},\"telephone\":\"n\/a\",\"sameAs\":\"https:\/\/www.google.com\/maps\/place\/Stadtlabor+G%C3%B6ttingen\/@51.5334069,9.9374107,20.79z\/data=!3m1!5s0x47a4d495880e01c3:0x2da49c3266d39a0d!4m15!1m8!3m7!1s0x47a4d49588f818f7:0x3eeeb28ecd9fdbb0!2sWilhelmspl.+3,+37073+G%C3%B6ttingen!3b1!8m2!3d51.5334334!4d9.9374974!16s%2Fg%2F11cscfk8zz!3m5!1s0x47a4d5950eff9b5b:0xc068ed179b6e3c99!8m2!3d51.5335141!4d9.9376129!16s%2Fg%2F11v3znlf2z?entry=ttu\"}},{\"@context\":\"https:\/\/schema.org\",\"@type\":\"Event\",\"name\":\"16.03.2026, Kolonialkritischer Stadtrundgang mit G\\u00f6ttingen Postkolonial (English)\",\"description\":\"Siehe:\\u00a0https:\/\/rt-europaallee.de\/wordpress\/2026\/03\/stadt-goettingen-internationale-wochen-gegen-rassismus-veranstaltungen-in-der-stadt-goettingen\/ Wilhelmspl., 37073 G\\u00f6ttingen (Quelle:\\u00a0https:\/\/www.goettingen.de\/portal\/meldungen\/internationale-wochen-gegen-rassismus-veranstaltungen-in-der-stadt-goettingen-900004830-25480.html?utm_source=copilot.com) 06.03.2026\\u00a0| ge\\u00e4ndert am 12.03.2026 Internationale Wochen gegen Rassismus \\u2013 Veranstaltungen in der Stadt G\\u00f6ttingen Zum 31. Mal finden die bundesweiten Internationalen Wochen gegen Rassismus von Montag bis Sonntag, 16. bis 29. M\\u00e4rz 2026, statt. Das diesj\\u00e4hrige Motto lautet \\u201e100 Prozent Menschenw\\u00fcrde. Zusammen gegen Rassismus und Rechtsextremismus\\u201c. Der diesj\\u00e4hrige Botschafter der&hellip;\",\"image\":\"\",\"url\":\"https:\/\/rt-europaallee.de\/wordpress\/my-calendar\/?mc_id=30610\",\"startDate\":\"2026-04-28T18:00:00+02:00\",\"endDate\":\"2026-04-28T20:00:00+02:00\",\"duration\":\"PT2H\",\"eventAttendanceMode\":\"https:\/\/schema.org\/OfflineEventAttendanceMode\",\"location\":{\"@context\":\"https:\/\/schema.org\",\"@type\":\"Place\",\"name\":\"Aula am Wilhelmsplatz, Wilhelmspl. 1, 37073 G\\u00f6ttingen\",\"description\":\"\",\"url\":\"https:\/\/rt-europaallee.de\/wordpress\/mc-locations\/aula-am-wilhelmsplatz-wilhelmspl-1-37073-goettingen\/\",\"address\":{\"@type\":\"PostalAddress\",\"streetAddress\":\"\",\"addressLocality\":\"\",\"addressRegion\":\"\",\"postalCode\":\"\",\"addressCountry\":\"\"},\"telephone\":\"n\/a\",\"sameAs\":\"https:\/\/www.google.com\/maps\/place\/Aula+am+Wilhelmsplatz,+Wilhelmspl.+1,+37073+G%C3%B6ttingen\/@51.5336931,9.9370122,19.08z\/am=t\/data=!4m19!1m12!4m11!1m3!2m2!1d9.93797!2d51.53393!1m4!2m2!1d12.0910576!2d54.1718277!4e1!3e0!5i1!3m5!1s0x47a4d49581ae68f5:0xbfb2f667626e120c!8m2!3d51.534124!4d9.9378281!16s%2Fg%2F12lkjltv0?entry=ttu&amp;g_ep=EgoyMDI0MTEwNS4wIKXMDSoASAFQAw%3D%3D\"}},{\"@context\":\"https:\/\/schema.org\",\"@type\":\"Event\",\"name\":\"16.03.2026, Ausstellung: Der NS-V\\u00f6lkermord an den Roma in der besetzten Sowjetunion\",\"description\":\"Siehe:\\u00a0https:\/\/rt-europaallee.de\/wordpress\/2026\/03\/stadt-goettingen-internationale-wochen-gegen-rassismus-veranstaltungen-in-der-stadt-goettingen\/ (Quelle:\\u00a0https:\/\/www.goettingen.de\/portal\/meldungen\/internationale-wochen-gegen-rassismus-veranstaltungen-in-der-stadt-goettingen-900004830-25480.html?utm_source=copilot.com) 06.03.2026\\u00a0| ge\\u00e4ndert am 12.03.2026 Internationale Wochen gegen Rassismus \\u2013 Veranstaltungen in der Stadt G\\u00f6ttingen Zum 31. Mal finden die bundesweiten Internationalen Wochen gegen Rassismus von Montag bis Sonntag, 16. bis 29. M\\u00e4rz 2026, statt. Das diesj\\u00e4hrige Motto lautet \\u201e100 Prozent Menschenw\\u00fcrde. Zusammen gegen Rassismus und Rechtsextremismus\\u201c. Der diesj\\u00e4hrige Botschafter der Aktionswochen ist Prof.&hellip;\",\"image\":\"\",\"url\":\"https:\/\/rt-europaallee.de\/wordpress\/my-calendar\/?mc_id=30605\",\"startDate\":\"2026-04-10T00:00:00+02:00\",\"endDate\":\"2026-05-01T00:00:59+02:00\",\"duration\":\"PD21TH0M0\",\"eventAttendanceMode\":\"https:\/\/schema.org\/OfflineEventAttendanceMode\",\"location\":{\"@context\":\"https:\/\/schema.org\",\"@type\":\"Place\",\"name\":\"Stadtlabor G\\u00f6ttingen, Wilhelmspl. 3, 37073 G\\u00f6ttingen\",\"description\":\"\",\"url\":\"https:\/\/rt-europaallee.de\/wordpress\/mc-locations\/stadtlabor-goettingen-wilhelmspl-3-37073-goettingen\/\",\"address\":{\"@type\":\"PostalAddress\",\"streetAddress\":\"\",\"addressLocality\":\"\",\"addressRegion\":\"\",\"postalCode\":\"\",\"addressCountry\":\"\"},\"telephone\":\"n\/a\",\"sameAs\":\"https:\/\/www.google.com\/maps\/place\/Stadtlabor+G%C3%B6ttingen\/@51.5334069,9.9374107,20.79z\/data=!3m1!5s0x47a4d495880e01c3:0x2da49c3266d39a0d!4m15!1m8!3m7!1s0x47a4d49588f818f7:0x3eeeb28ecd9fdbb0!2sWilhelmspl.+3,+37073+G%C3%B6ttingen!3b1!8m2!3d51.5334334!4d9.9374974!16s%2Fg%2F11cscfk8zz!3m5!1s0x47a4d5950eff9b5b:0xc068ed179b6e3c99!8m2!3d51.5335141!4d9.9376129!16s%2Fg%2F11v3znlf2z?entry=ttu\"}},{\"@context\":\"https:\/\/schema.org\",\"@type\":\"Event\",\"name\":\"16.03.2026, Ausstellung: Der NS-V\\u00f6lkermord an den Roma in der besetzten Sowjetunion\",\"description\":\"Siehe:\\u00a0https:\/\/rt-europaallee.de\/wordpress\/2026\/03\/stadt-goettingen-internationale-wochen-gegen-rassismus-veranstaltungen-in-der-stadt-goettingen\/ (Quelle:\\u00a0https:\/\/www.goettingen.de\/portal\/meldungen\/internationale-wochen-gegen-rassismus-veranstaltungen-in-der-stadt-goettingen-900004830-25480.html?utm_source=copilot.com) 06.03.2026\\u00a0| ge\\u00e4ndert am 12.03.2026 Internationale Wochen gegen Rassismus \\u2013 Veranstaltungen in der Stadt G\\u00f6ttingen Zum 31. Mal finden die bundesweiten Internationalen Wochen gegen Rassismus von Montag bis Sonntag, 16. bis 29. M\\u00e4rz 2026, statt. Das diesj\\u00e4hrige Motto lautet \\u201e100 Prozent Menschenw\\u00fcrde. Zusammen gegen Rassismus und Rechtsextremismus\\u201c. Der diesj\\u00e4hrige Botschafter der Aktionswochen ist Prof.&hellip;\",\"image\":\"\",\"url\":\"https:\/\/rt-europaallee.de\/wordpress\/my-calendar\/?mc_id=30605\",\"startDate\":\"2026-04-10T00:00:00+02:00\",\"endDate\":\"2026-05-01T00:00:59+02:00\",\"duration\":\"PD21TH0M0\",\"eventAttendanceMode\":\"https:\/\/schema.org\/OfflineEventAttendanceMode\",\"location\":{\"@context\":\"https:\/\/schema.org\",\"@type\":\"Place\",\"name\":\"Stadtlabor G\\u00f6ttingen, Wilhelmspl. 3, 37073 G\\u00f6ttingen\",\"description\":\"\",\"url\":\"https:\/\/rt-europaallee.de\/wordpress\/mc-locations\/stadtlabor-goettingen-wilhelmspl-3-37073-goettingen\/\",\"address\":{\"@type\":\"PostalAddress\",\"streetAddress\":\"\",\"addressLocality\":\"\",\"addressRegion\":\"\",\"postalCode\":\"\",\"addressCountry\":\"\"},\"telephone\":\"n\/a\",\"sameAs\":\"https:\/\/www.google.com\/maps\/place\/Stadtlabor+G%C3%B6ttingen\/@51.5334069,9.9374107,20.79z\/data=!3m1!5s0x47a4d495880e01c3:0x2da49c3266d39a0d!4m15!1m8!3m7!1s0x47a4d49588f818f7:0x3eeeb28ecd9fdbb0!2sWilhelmspl.+3,+37073+G%C3%B6ttingen!3b1!8m2!3d51.5334334!4d9.9374974!16s%2Fg%2F11cscfk8zz!3m5!1s0x47a4d5950eff9b5b:0xc068ed179b6e3c99!8m2!3d51.5335141!4d9.9376129!16s%2Fg%2F11v3znlf2z?entry=ttu\"}},{\"@context\":\"https:\/\/schema.org\",\"@type\":\"Event\",\"name\":\"16.01.2026, NBZ Holtenser Berg: Stammtisch Holtenser Berg\",\"description\":\"(Quelle: https:\/\/www.facebook.com\/events\/2003043070613517\/2003043073946850\/) Veranstaltung von Nachbarschaftszentrum Holtenser Berg Londonstra\\u00dfe 11a, 37079 G\\u00f6ttingen, Germany Laufzeit: 3 Std. \\u00d6ffentlich\\u00a0 \\u00b7 Jede Person auf und au\\u00dferhalb von Facebook\",\"image\":\"\",\"url\":\"https:\/\/rt-europaallee.de\/wordpress\/my-calendar\/?mc_id=30407\",\"startDate\":\"2026-05-01T19:00:00+02:00\",\"endDate\":\"2026-05-01T22:00:00+02:00\",\"duration\":\"PT3H\",\"eventAttendanceMode\":\"https:\/\/schema.org\/OfflineEventAttendanceMode\",\"location\":{\"@context\":\"https:\/\/schema.org\",\"@type\":\"Place\",\"name\":\"Nachbarschaftszentrum Holtenser Berg Londonstra\\u00dfe 11a, 37079 G\\u00f6ttingen\",\"description\":\"\",\"url\":\"https:\/\/rt-europaallee.de\/wordpress\/my-calendar\/\",\"address\":{\"@type\":\"PostalAddress\",\"streetAddress\":\"Londonstra\\u00dfe 11a\",\"addressLocality\":\"G\\u00f6ttingen\",\"addressRegion\":\"\",\"postalCode\":\"37079\",\"addressCountry\":\"\"},\"telephone\":\"n\/a\",\"sameAs\":\"\"}},{\"@context\":\"https:\/\/schema.org\",\"@type\":\"Event\",\"name\":\"08.04.2026, HNA: Universit\\u00e4t des Dritten Lebensalters startet \\u201eWissen vor Zw\\u00f6lf&quot;\",\"description\":\"(Quelle: https:\/\/www.facebook.com\/HNAGoettingen\/posts\/pfbid02wf2GDBAio1Ty7abDC5B31TBnDSJX96N6LUUwbKUmtW9ZqQEfeMNP5UZxLdF79Cb9l) HNA G\\u00f6ttingen Ab dem 18. April gibt es jeden Samstag kurze Vortr\\u00e4ge in der Stadtbibliothek. Au\\u00dferdem informiert die Universit\\u00e4t des Dritten Lebensalters \\u00fcber das Sommersemester-Programm. hna.de Universit\\u00e4t des Dritten Lebensalters startet \\u201eWissen vor Zw\\u00f6lf&quot; &nbsp; Programm &quot;Wissen vor Zw\\u00f6lf&quot;\",\"image\":\"\",\"url\":\"https:\/\/rt-europaallee.de\/wordpress\/my-calendar\/?mc_id=30664\",\"startDate\":\"2026-05-02T11:45:00+02:00\",\"endDate\":\"2026-05-02T12:15:00+02:00\",\"duration\":\"P30M\",\"eventAttendanceMode\":\"https:\/\/schema.org\/OfflineEventAttendanceMode\",\"location\":{\"@context\":\"https:\/\/schema.org\",\"@type\":\"Place\",\"name\":\"Stadtbibliothek G\\u00f6ttingen - Zentralbibliothek, Gotmarstra\\u00dfe 8, 37073 G\\u00f6ttingen\",\"description\":\"\",\"url\":\"https:\/\/rt-europaallee.de\/wordpress\/mc-locations\/stadtbibliothek-goettingen-zentralbibliothek-gotmarstrasse-8-37073-goettingen\/\",\"address\":{\"@type\":\"PostalAddress\",\"streetAddress\":\"\",\"addressLocality\":\"\",\"addressRegion\":\"\",\"postalCode\":\"\",\"addressCountry\":\"\"},\"telephone\":\"n\/a\",\"sameAs\":\"https:\/\/www.google.de\/maps\/dir\/Stadtbibliothek+G%C3%B6ttingen+-+Zentralbibliothek,+Gotmarstra%C3%9Fe,+G%C3%B6ttingen\/\/@51.5299431,9.9471534,14.04z\/data=!4m8!4m7!1m5!1m1!1s0x47a4d4bef58217db:0x5043d963090df35f!2m2!1d9.9338979!2d51.5334777!1m0?entry=ttu\"}},{\"@context\":\"https:\/\/schema.org\",\"@type\":\"Event\",\"name\":\"10.04.2026, B\\u00fcffelfutter - Tipps f\\u00fcr Kids in G\\u00f6ttingen: GSO-Familien-Konzert\",\"description\":\"(Quelle: https:\/\/www.facebook.com\/bueffelfuttertippsfuerkidsingoettingen\/posts\/pfbid06WRWtYB585RnCHUNoyNiJi6wcoFcb65MFSbz47uoMmP5ZreK5wG6Lwp1tsCJ5zESl) B\\u00fcffelfutter - Tipps f\\u00fcr Kids in G\\u00f6ttingen GSO-Familien-Konzert Unbedingt und immer wieder ein Tipp f\\u00fcr Familien: zusammen unbeschwert Orchester-Musik erleben und kennenlernen! Dieses Mal folgen wir Vivaldi in einer 300 Jahre alten Komposition durch Fr\\u00fchling, Sommer, Herbst und Winter, und lassen uns von den Instrumenten durch &gt;Die vier Jahreszeiten&lt; und deren Ger\\u00e4usche f\\u00fchren&hellip;\",\"image\":\"\",\"url\":\"https:\/\/rt-europaallee.de\/wordpress\/my-calendar\/?mc_id=30690\",\"startDate\":\"2026-05-03T16:00:00+02:00\",\"endDate\":\"2026-05-03T17:00:00+02:00\",\"duration\":\"PT1H\",\"eventAttendanceMode\":\"https:\/\/schema.org\/OfflineEventAttendanceMode\",\"location\":{\"@context\":\"https:\/\/schema.org\",\"@type\":\"Place\",\"name\":\"Freie Waldorfschule G\\u00f6ttingen e.V., Arbecksweg 1, 37077 G\\u00f6ttingen\",\"description\":\"\",\"url\":\"https:\/\/rt-europaallee.de\/wordpress\/mc-locations\/freie-waldorfschule-goettingen-e-v-arbecksweg-1-37077-goettingen\/\",\"address\":{\"@type\":\"PostalAddress\",\"streetAddress\":\"\",\"addressLocality\":\"\",\"addressRegion\":\"\",\"postalCode\":\"\",\"addressCountry\":\"\"},\"telephone\":\"n\/a\",\"sameAs\":\"https:\/\/www.google.com\/maps\/place\/Freie+Waldorfschule+G%C3%B6ttingen+e.V.\/@51.56903,9.9342851,17z\/data=!3m2!4b1!5s0x47a4d5254d19198d:0x115f8e5b8e9cc5b5!4m6!3m5!1s0x47a4d53aad8573ed:0xd62f25ed52a68b83!8m2!3d51.56903!4d9.93686!16s%2Fg%2F1tf_02nm?entry=ttu&amp;g_ep=EgoyMDI2MDExMy4wIKXMDSoKLDEwMDc5MjA2N0gBUAM%3D\"}}]\n<\/script>\n<h2 id=\"mc_head_my-calendar\" class=\"heading my-calendar-month\"><span>Veranstaltungen im April 2026<\/span><\/h2>\n\n<nav class=\"my-calendar-navigation\" aria-label=\"Kalender (oben)\">\n<div class=\"my-calendar-header\"><div class='mc-format'>\r\n\t\t<ul><li><button type='button' id='mc_grid-my-calendar' data-href='https:\/\/rt-europaallee.de\/wordpress\/my-calendar\/?format=calendar' aria-pressed=\"true\" class='mc-navigation-button mc-grid-option mc-active'><span class='mc-icon' aria-hidden='true'><\/span><span class=\"maybe-hide\">Anzeigen als<\/span> Raster<\/button><\/li><li><button type='button' id='mc_list-my-calendar' data-href='https:\/\/rt-europaallee.de\/wordpress\/my-calendar\/?format=list'  class='mc-navigation-button mc-list-option'><span class='mc-icon' aria-hidden='true'><\/span><span class=\"maybe-hide\">Ansicht als <\/span>Liste<\/button><\/li><\/ul>\r\n\t\t<\/div><div class='mc-time'><ul><li><button type='button' id='mc_month-my-calendar' data-href='https:\/\/rt-europaallee.de\/wordpress\/my-calendar\/?cid=my-calendar&#038;time=month' class='mc-navigation-button month mc-active' aria-pressed='true'>Monat<\/button><\/li><li><button type='button' id='mc_week-my-calendar' data-href='https:\/\/rt-europaallee.de\/wordpress\/my-calendar\/?cid=my-calendar&#038;dy=20&#038;month=4&#038;time=week&#038;yr=2026' class='mc-navigation-button week'>Woche<\/button><\/li><li><button type='button' id='mc_day-my-calendar' data-href='https:\/\/rt-europaallee.de\/wordpress\/my-calendar\/?cid=my-calendar&#038;dy=20&#038;time=day' class='mc-navigation-button day'>Tag<\/button><li><\/ul><\/div><div class=\"my-calendar-date-switcher\"><form class=\"mc-date-switcher\" action=\"https:\/\/rt-europaallee.de\/wordpress\/wp-json\/wp\/v2\/pages\/5\/\" method=\"get\"><div><input type=\"hidden\" name=\"cid\" value=\"my-calendar\" \/> <label class=\"maybe-hide\" for=\"my-calendar-month\">Monat<\/label> <select id=\"my-calendar-month\" name=\"month\">\n<option value='1'>Januar<\/option>\n<option value='2'>Februar<\/option>\n<option value='3'>M\u00e4rz<\/option>\n<option value='4' selected='selected'>April<\/option>\n<option value='5'>Mai<\/option>\n<option value='6'>Juni<\/option>\n<option value='7'>Juli<\/option>\n<option value='8'>August<\/option>\n<option value='9'>September<\/option>\n<option value='10'>Oktober<\/option>\n<option value='11'>November<\/option>\n<option value='12'>Dezember<\/option>\n<\/select>\n <label class=\"maybe-hide\" for=\"my-calendar-year\">Jahr<\/label> <select id=\"my-calendar-year\" name=\"yr\">\n<option value=\"1970\">1970<\/option>\n<option value=\"1971\">1971<\/option>\n<option value=\"1972\">1972<\/option>\n<option value=\"1973\">1973<\/option>\n<option value=\"1974\">1974<\/option>\n<option value=\"1975\">1975<\/option>\n<option value=\"1976\">1976<\/option>\n<option value=\"1977\">1977<\/option>\n<option value=\"1978\">1978<\/option>\n<option value=\"1979\">1979<\/option>\n<option value=\"1980\">1980<\/option>\n<option value=\"1981\">1981<\/option>\n<option value=\"1982\">1982<\/option>\n<option value=\"1983\">1983<\/option>\n<option value=\"1984\">1984<\/option>\n<option value=\"1985\">1985<\/option>\n<option value=\"1986\">1986<\/option>\n<option value=\"1987\">1987<\/option>\n<option value=\"1988\">1988<\/option>\n<option value=\"1989\">1989<\/option>\n<option value=\"1990\">1990<\/option>\n<option value=\"1991\">1991<\/option>\n<option value=\"1992\">1992<\/option>\n<option value=\"1993\">1993<\/option>\n<option value=\"1994\">1994<\/option>\n<option value=\"1995\">1995<\/option>\n<option value=\"1996\">1996<\/option>\n<option value=\"1997\">1997<\/option>\n<option value=\"1998\">1998<\/option>\n<option value=\"1999\">1999<\/option>\n<option value=\"2000\">2000<\/option>\n<option value=\"2001\">2001<\/option>\n<option value=\"2002\">2002<\/option>\n<option value=\"2003\">2003<\/option>\n<option value=\"2004\">2004<\/option>\n<option value=\"2005\">2005<\/option>\n<option value=\"2006\">2006<\/option>\n<option value=\"2007\">2007<\/option>\n<option value=\"2008\">2008<\/option>\n<option value=\"2009\">2009<\/option>\n<option value=\"2010\">2010<\/option>\n<option value=\"2011\">2011<\/option>\n<option value=\"2012\">2012<\/option>\n<option value=\"2013\">2013<\/option>\n<option value=\"2014\">2014<\/option>\n<option value=\"2015\">2015<\/option>\n<option value=\"2016\">2016<\/option>\n<option value=\"2017\">2017<\/option>\n<option value=\"2018\">2018<\/option>\n<option value=\"2019\">2019<\/option>\n<option value=\"2020\">2020<\/option>\n<option value=\"2021\">2021<\/option>\n<option value=\"2022\">2022<\/option>\n<option value=\"2023\">2023<\/option>\n<option value=\"2024\">2024<\/option>\n<option value=\"2025\">2025<\/option>\n<option value=\"2026\" selected='selected'>2026<\/option>\n<option value=\"2027\">2027<\/option>\n<option value=\"2028\">2028<\/option>\n<option value=\"2029\">2029<\/option>\n<option value=\"2030\">2030<\/option>\n<option value=\"2031\">2031<\/option>\n<option value=\"2032\">2032<\/option>\n<\/select> <input type=\"submit\" class=\"button\" id=\"my-calendar-button\" value=\"Anzeigen\" \/><\/div><\/form><\/div>\r\n\t\t<div class=\"my-calendar-nav\">\r\n\t\t\t<ul>\r\n\t\t\t\t<li class=\"my-calendar-prev\"><button type=\"button\" class=\"mc-navigation-button\" id=\"mc_previous_my-calendar\" data-href=\"https:\/\/rt-europaallee.de\/wordpress\/my-calendar\/?cid=my-calendar&#038;dy&#038;month=3&#038;time=month&#038;yr=2026\"><span class=\"mc-icon\" aria-hidden=\"true\"><\/span><span class=\"maybe-hide\">Zur\u00fcck <\/span><\/button><\/li><li class=\"my-calendar-today\"><button type=\"button\" id=\"mc_today_my-calendar\" data-href=\"https:\/\/rt-europaallee.de\/wordpress\/my-calendar\/?cid=my-calendar\" class=\"mc-navigation-button today mc-active\" aria-current=\"true\"><span class=\"mc-icon\" aria-hidden=\"true\"><\/span>Heute<\/button><\/li><li class=\"my-calendar-next\"><button type=\"button\" class=\"mc-navigation-button\" id=\"mc_next_my-calendar\" data-href=\"https:\/\/rt-europaallee.de\/wordpress\/my-calendar\/?cid=my-calendar&#038;dy&#038;month=5&#038;time=month&#038;yr=2026\"><span class=\"maybe-hide\">Weiter <\/span><span class=\"mc-icon\" aria-hidden=\"true\"><\/span><\/button><\/li>\r\n\t\t\t<\/ul>\r\n\t\t<\/div><\/div>\n<\/nav>\n<div class=\"mc-content\">\n<table class='my-calendar-table' aria-labelledby='mc_head_my-calendar'>\n<thead>\n\t<tr class='mc-row'>\n\t\t<th scope=\"col\" class='day-heading mon'><abbr title=\"Montag\" aria-hidden=\"true\">Mo.<\/abbr><span class=\"screen-reader-text\">Montag<\/span><\/th>\n\n\t\t<th scope=\"col\" class='day-heading tues'><abbr title=\"Dienstag\" aria-hidden=\"true\">Di.<\/abbr><span class=\"screen-reader-text\">Dienstag<\/span><\/th>\n\n\t\t<th scope=\"col\" class='day-heading wed'><abbr title=\"Mittwoch\" aria-hidden=\"true\">Mi.<\/abbr><span class=\"screen-reader-text\">Mittwoch<\/span><\/th>\n\n\t\t<th scope=\"col\" class='day-heading thur'><abbr title=\"Donnerstag\" aria-hidden=\"true\">Do.<\/abbr><span class=\"screen-reader-text\">Donnerstag<\/span><\/th>\n\n\t\t<th scope=\"col\" class='day-heading fri'><abbr title=\"Freitag\" aria-hidden=\"true\">Fr.<\/abbr><span class=\"screen-reader-text\">Freitag<\/span><\/th>\n\n\t\t<th scope=\"col\" class='weekend-heading sat'><abbr title=\"Samstag\" aria-hidden=\"true\">Sa.<\/abbr><span class=\"screen-reader-text\">Samstag<\/span><\/th>\n\n\t\t<th scope=\"col\" class='weekend-heading sun'><abbr title=\"Sonntag\" aria-hidden=\"true\">So.<\/abbr><span class=\"screen-reader-text\">Sonntag<\/span><\/th>\n\t<\/tr>\n<\/thead>\n<tbody>\n<tr class='mc-row'><td id='calendar-2026-03-30' class='mc-events montag mo past-day past-date  nextmonth has-events author3 mcat_ferien mcat_treffen-erfahrungsaustausch day-with-date'><div class='mc-date-container'>\n\t<span class='mc-date'><span aria-hidden='true' class='mc-day-number'>30<\/span><span class='screen-reader-text mc-day-date'>30. M\u00e4rz 2026<\/span><span class=\"event-icon\" aria-hidden=\"true\">&#9679;&#9679;<\/span><span class=\"screen-reader-text\"><span class=\"mc-list-details event-count\">(2 Veranstaltungen)<\/span><\/span><\/span><\/div><article id='mc_calendar_30_30483-calendar-30483' class='mc-mc_calendar_30483 calendar-event mc_ferien mc_location-382  past-event mc_primary_ferien nonrecurring mc-2-wochen mc-start-01-00 ungrouped mc-event-4528 mc-events multidate mc-event mc_rel_ferien'><header>\t<h3 class='event-title summary' id='mc_30483-title-my-calendar'><button type='button' id='modal-button-mc_calendar_30_30483-calendar-details-30483' data-modal-content-id='mc_calendar_30_30483-calendar-details-30483' data-modal-prefix-class='my-calendar' data-modal-close-text='Schlie\u00dfen' data-modal-title='Schulferien' aria-controls='mc_calendar_30_30483-calendar-details-30483' class='calendar mc-modal button button-link url summary has-image'><svg style=\"fill:#ffffff\" focusable=\"false\" role=\"img\" aria-labelledby=\"cat_30483\" class=\"category-icon\" xmlns=\"http:\/\/www.w3.org\/2000\/svg\" viewBox=\"0 0 640 512\"><!-- Font Awesome Free 5.15.3 by @fontawesome - https:\/\/fontawesome.com License - https:\/\/fontawesome.com\/license\/free (Icons: CC BY 4.0, Fonts: SIL OFL 1.1, Code: MIT License) --><title id='cat_30483'>Kategorie: Ferien<\/title><path d=\"M0 224v272c0 8.84 7.16 16 16 16h80V192H32c-17.67 0-32 14.33-32 32zm360-48h-24v-40c0-4.42-3.58-8-8-8h-16c-4.42 0-8 3.58-8 8v64c0 4.42 3.58 8 8 8h48c4.42 0 8-3.58 8-8v-16c0-4.42-3.58-8-8-8zm137.75-63.96l-160-106.67a32.02 32.02 0 0 0-35.5 0l-160 106.67A32.002 32.002 0 0 0 128 138.66V512h128V368c0-8.84 7.16-16 16-16h96c8.84 0 16 7.16 16 16v144h128V138.67c0-10.7-5.35-20.7-14.25-26.63zM320 256c-44.18 0-80-35.82-80-80s35.82-80 80-80 80 35.82 80 80-35.82 80-80 80zm288-64h-64v320h80c8.84 0 16-7.16 16-16V224c0-17.67-14.33-32-32-32z\"\/><\/svg> <div>Schulferien<\/div><\/button><\/h3>\n<\/header><div id='mc_calendar_30_30483-calendar-details-30483' class='details no-image uses-modal single-details'  aria-labelledby='mc_30483-title-my-calendar'>\n\t<button type='button' aria-controls='mc_calendar_30_30483-calendar-details-30483' class='mc-toggle close'><span class='dashicons dashicons-dismiss' aria-hidden='true'><\/span><span class='screen-reader-text'>Close<\/span><\/button>\n\t\r\n\t<div class='time-block'>\r\n\t\t<span class='mc-icon' aria-hidden='true'><\/span>\r\n\t\t<p><span class=\"time-wrapper\"> <span class='event-time'><abbr title='Nicht zutreffend'>n.\u00a0a.<\/abbr><\/span>  <\/span><br \/><span class=\"date-wrapper\"><span class='mc-start-date dtstart' title='2026-03-23T00:00:00+02:00' content='2026-03-23T00:00:00+02:00'>23. M\u00e4rz 2026<\/span> <span class='date-separator'> &ndash; <\/span> <span class=\"event-time dtend\">7. April 2026<\/span><\/span><\/p>\r\n\t<\/div>\n\t\t<div class='longdesc description'><p>(Quelle: <a href=\"https:\/\/www.schulferien.org\/Kalender_mit_Ferien\/Niedersachsen.html\">https:\/\/www.schulferien.org\/Kalender_mit_Ferien\/Niedersachsen.html<\/a>)<\/p>\n<\/div>\n\t\t<div class=\"sharing\">\t<p class='mc-details'><a aria-label='Weiterlesen: Schulferien' href='https:\/\/rt-europaallee.de\/wordpress\/my-calendar\/?mc_id=30483'>Weiterlesen<\/a><\/p>\n<\/div><\/div><!--end .details--><\/article><article id='mc_calendar_30_30638-calendar-30638' class='mc-mc_calendar_30638 calendar-event mc_treffen-erfahrungsaustausch mc_location-395  past-event mc_primary_treffen-erfahrungsaustausch nonrecurring mc-2-stunden mc-start-14-00 ungrouped mc-event-4605 mc-events mc-event mc_rel_treffenerfahrungsaustausch'><header>\t<h3 class='event-title summary' id='mc_30638-title-my-calendar'><button type='button' id='modal-button-mc_calendar_30_30638-calendar-details-30638' data-modal-content-id='mc_calendar_30_30638-calendar-details-30638' data-modal-prefix-class='my-calendar' data-modal-close-text='Schlie\u00dfen' data-modal-title='26.03.2026, Nachbarschaftszentrum Grone: Kresse-Eier basteln' aria-controls='mc_calendar_30_30638-calendar-details-30638' class='calendar mc-modal button button-link url summary has-image'><svg style=\"fill:#000000\" focusable=\"false\" role=\"img\" aria-labelledby=\"cat_30638\" class=\"category-icon\" xmlns=\"http:\/\/www.w3.org\/2000\/svg\" viewBox=\"0 0 640 512\"><!-- Font Awesome Free 5.15.3 by @fontawesome - https:\/\/fontawesome.com License - https:\/\/fontawesome.com\/license\/free (Icons: CC BY 4.0, Fonts: SIL OFL 1.1, Code: MIT License) --><title id='cat_30638'>Kategorie: Treffen\/ Erfahrungsaustausch<\/title><path d=\"M434.7 64h-85.9c-8 0-15.7 3-21.6 8.4l-98.3 90c-.1.1-.2.3-.3.4-16.6 15.6-16.3 40.5-2.1 56 12.7 13.9 39.4 17.6 56.1 2.7.1-.1.3-.1.4-.2l79.9-73.2c6.5-5.9 16.7-5.5 22.6 1 6 6.5 5.5 16.6-1 22.6l-26.1 23.9L504 313.8c2.9 2.4 5.5 5 7.9 7.7V128l-54.6-54.6c-5.9-6-14.1-9.4-22.6-9.4zM544 128.2v223.9c0 17.7 14.3 32 32 32h64V128.2h-96zm48 223.9c-8.8 0-16-7.2-16-16s7.2-16 16-16 16 7.2 16 16-7.2 16-16 16zM0 384h64c17.7 0 32-14.3 32-32V128.2H0V384zm48-63.9c8.8 0 16 7.2 16 16s-7.2 16-16 16-16-7.2-16-16c0-8.9 7.2-16 16-16zm435.9 18.6L334.6 217.5l-30 27.5c-29.7 27.1-75.2 24.5-101.7-4.4-26.9-29.4-24.8-74.9 4.4-101.7L289.1 64h-83.8c-8.5 0-16.6 3.4-22.6 9.4L128 128v223.9h18.3l90.5 81.9c27.4 22.3 67.7 18.1 90-9.3l.2-.2 17.9 15.5c15.9 13 39.4 10.5 52.3-5.4l31.4-38.6 5.4 4.4c13.7 11.1 33.9 9.1 45-4.7l9.5-11.7c11.2-13.8 9.1-33.9-4.6-45.1z\"\/><\/svg> <div>26.03.2026, Nachbarschaftszentrum Grone: Kresse-Eier basteln<\/div><\/button><\/h3>\n<\/header><div id='mc_calendar_30_30638-calendar-details-30638' class='details no-image uses-modal single-details'  aria-labelledby='mc_30638-title-my-calendar'>\n\t<button type='button' aria-controls='mc_calendar_30_30638-calendar-details-30638' class='mc-toggle close'><span class='dashicons dashicons-dismiss' aria-hidden='true'><\/span><span class='screen-reader-text'>Close<\/span><\/button>\n\t\r\n\t<div class='time-block'>\r\n\t\t<span class='mc-icon' aria-hidden='true'><\/span>\r\n\t\t<p><span class=\"time-wrapper\"><span class='event-time dtstart'><time class='value-title' datetime='2026-03-30T14:00:00+02:00' title='2026-03-30T14:00:00+02:00'>14:00<\/time><\/span> <span class='time-separator'> &ndash; <\/span> <span class='end-time dtend'> <time class='value-title' datetime='2026-03-30T16:00:00+02:00' title='2026-03-30T16:00:00+02:00'>16:00<\/time><\/span><\/span><br \/><span class=\"date-wrapper\"><span class='mc-start-date dtstart' title='2026-03-30T14:00:00+02:00' content='2026-03-30T14:00:00+02:00'>30. M\u00e4rz 2026<\/span>  <\/span><\/p>\r\n\t<\/div>\n\t\t<div class='longdesc description'><p>(Quelle: <a href=\"https:\/\/www.facebook.com\/nachbarschaftszentrum.grone.goettingen\/posts\/pfbid02D6RyCnBeB9AgmBWyuzTd2oRjVpLETu9AVCVCNn9GinBF61ASTj1sYcq61Z7YbWgxl\">https:\/\/www.facebook.com\/nachbarschaftszentrum.grone.goettingen\/posts\/pfbid02D6RyCnBeB9AgmBWyuzTd2oRjVpLETu9AVCVCNn9GinBF61ASTj1sYcq61Z7YbWgxl<\/a>)<\/p>\n<blockquote>\n<div class=\"html-div xdj266r x14z9mp xat24cr x1lziwak xexx8yu xyri2b x18d9i69 x1c1uobl\">\n<div class=\"html-div xdj266r x14z9mp x1lziwak x18d9i69 x1cy8zhl x78zum5 x1q0g3np xod5an3 xz9dl7a x1g0dm76 xpdmqnj\">\n<div class=\"html-div xdj266r x14z9mp xat24cr x1lziwak xexx8yu xyri2b x18d9i69 x1c1uobl x1iyjqo2 xeuugli\">\n<div class=\"x78zum5 xdt5ytf xz62fqu x16ldp7u\">\n<div class=\"xu06os2 x1ok221b\">\n<div class=\"html-div xdj266r x14z9mp xat24cr x1lziwak xexx8yu xyri2b x18d9i69 x1c1uobl\" data-ad-rendering-role=\"profile_name\">\n<h3 class=\"html-h3 x14z9mp xat24cr x1lziwak xexx8yu xyri2b x18d9i69 x1c1uobl x1vvkbs x1heor9g x1qlqyl8 x1pd3egz x1a2a7pz x1gslohp x1yc453h\"><span class=\"x78zum5 x1q0g3np\"><span class=\"x1lliihq x6ikm8r x10wlt62 x1n2onr6 xlyipyv xuxw1ft\"><span class=\"xt0psk2\"><span class=\"xjp7ctv\"><a class=\"x1i10hfl xjbqb8w x1ejq31n x18oe1m7 x1sy0etr xstzfhl x972fbf x10w94by x1qhh985 x14e42zd x9f619 x1ypdohk xt0psk2 x3ct3a4 xdj266r x14z9mp xat24cr x1lziwak xexx8yu xyri2b x18d9i69 x1c1uobl x16tdsg8 x1hl2dhg xggy1nq x1a2a7pz xkrqix3 x1sur9pj xzsf02u x1s688f\" href=\"https:\/\/www.facebook.com\/nachbarschaftszentrum.grone.goettingen?__cft__[0]=AZZYxPjc_fm6OtQ1IvjAUpvdGI21Fy9xoBTvvzu9pm0xqe6eaZvfWsupAuDT5M1B0V_jlrslBf-gH3u3XFgpfLkvVU5brdVx_zZGE9e7XS-zU1EmYJpYGRNBNJJkpuK02XkuPMIfFt0Fk8-qxmfayuD6DcRQ9xUBfVdITtfI75bATA&amp;__tn__=-UC%2CP-R\"><b class=\"html-b xdj266r x14z9mp xat24cr x1lziwak xexx8yu xyri2b x18d9i69 x1c1uobl x1hl2dhg x16tdsg8 x1vvkbs x1s688f\"><span class=\"html-span xdj266r x14z9mp xat24cr x1lziwak xexx8yu xyri2b x18d9i69 x1c1uobl x1hl2dhg x16tdsg8 x1vvkbs\">Nachbarschaftszentrum Grone<\/span><\/b><\/a><\/span><\/span><\/span><\/span><\/h3>\n<\/div>\n<\/div>\n<\/div>\n<\/div>\n<\/div>\n<\/div>\n<div class=\"html-div xdj266r x14z9mp xat24cr x1lziwak xexx8yu xyri2b x18d9i69 x1c1uobl\">\n<div class=\"html-div xdj266r x14z9mp xat24cr x1lziwak xexx8yu xyri2b x18d9i69 x1c1uobl\" dir=\"auto\">\n<div class=\"html-div xdj266r x14z9mp xat24cr x1lziwak xexx8yu xyri2b x18d9i69 x1c1uobl\" data-ad-rendering-role=\"story_message\">\n<div class=\"x1l90r2v x1iorvi4 x1g0dm76 xpdmqnj\" data-ad-comet-preview=\"message\" data-ad-preview=\"message\">\n<div class=\"x78zum5 xdt5ytf xz62fqu x16ldp7u\">\n<div class=\"xu06os2 x1ok221b\">\n<div class=\"html-div xdj266r x14z9mp xat24cr x1lziwak xexx8yu xyri2b x18d9i69 x1c1uobl\">\n<div class=\"xdj266r x14z9mp xat24cr x1lziwak x1vvkbs x126k92a\">\n<div dir=\"auto\">Liebe Kinder,<\/div>\n<\/div>\n<div class=\"x14z9mp xat24cr x1lziwak x1vvkbs xtlvy1s x126k92a\">\n<div dir=\"auto\">habt ihr in den Ferien schon was vor? Wir haben ein kleines Ferienprogramm zusammengestellt. Bitte meldet euch gern an unserer Infotheke an und ihr werdet zur Bastelgruppe weitergeleitet.<\/div>\n<\/div>\n<div class=\"x14z9mp xat24cr x1lziwak x1vvkbs xtlvy1s x126k92a\">\n<div dir=\"auto\">Wir freuen uns auf euch!<\/div>\n<\/div>\n<div class=\"x14z9mp xat24cr x1lziwak x1vvkbs xtlvy1s x126k92a\">\n<div dir=\"auto\">Euer Nachbarschaftszentrum Mehrgenerationenhaus Grone<\/div>\n<div dir=\"auto\"><\/div>\n<div dir=\"auto\"><img decoding=\"async\" class=\"x15mokao x1ga7v0g x16uus16 xbiv7yw x1bwycvy x193iq5w x4fas0m x19kjcj4\" src=\"https:\/\/scontent-ham3-1.xx.fbcdn.net\/v\/t39.30808-6\/657592612_1375056207989019_536218927924747846_n.jpg?_nc_cat=101&amp;ccb=1-7&amp;_nc_sid=13d280&amp;_nc_ohc=u19ABYPBO0UQ7kNvwEi-S7K&amp;_nc_oc=AdqeJCgPiUpXTMRvNpbp-q5lHsEHiAtCq5cP2szIb1GCMU1Rwui8FDBqrctSNL-HrtCZZBWJtV5mhy5sbHYDKBai&amp;_nc_zt=23&amp;_nc_ht=scontent-ham3-1.xx&amp;_nc_gid=OTr2qVTl7AcqvKgPUQ8gOA&amp;_nc_ss=7a32e&amp;oh=00_AfyjsRMZqsR_r0s9W0Mmwq8D3g9J6VDIc-l5lWLdizn8Fw&amp;oe=69CCB39C\" alt=\"Ist m\u00f6glicherweise ein Bild von eine oder mehrere Personen und Text \u201eOSTERFERIENPROGRAMM DONNERSTAG, 26. MARZ 14\uff1a00-16:00 14:0 UHR: PUTZ XL = MULL SAMMELN IN GRONE MONTAG, 30. M\u00c4RZ Dienstag Dienstag,31.M\u00e4rz 31. M\u00e4rz 14\uff1a00-16:00 UHR: KRESSE-EIER BASTELN 11:00-12.30 Uhr: Basteln von Konfetti- Eiern Mittwoch, 01.April 10:30-14:00 Uhr: Ausflug ins St\u00e4dtische Museum: Mittelalter-Ausstellung und Fahrradausstellung DONNERSTAG, 02. APRIL 10:30-12\uff1a00 UHR PLAUDERFR\u00dcHST\u00dcCK F\u00dcR KINDER UND ELTERN Nachbarschaftszentrum Grone eiterin: fabine L\u00e1ch Mehr Generationen Haus\u201c\" data-visualcompletion=\"media-vc-image\" \/><\/div>\n<div dir=\"auto\">( <a href=\"https:\/\/www.facebook.com\/photo\/?fbid=1375056204655686&amp;set=a.459098042918178\">https:\/\/www.facebook.com\/photo\/?fbid=1375056204655686&amp;set=a.459098042918178<\/a>)<\/div>\n<\/div>\n<\/div>\n<\/div>\n<\/div>\n<\/div>\n<\/div>\n<\/div>\n<\/div>\n<\/blockquote>\n<\/div>\n\t\t<div class=\"sharing\">\t<p class='mc-details'><a aria-label='Weiterlesen: 26.03.2026, Nachbarschaftszentrum Grone: Kresse-Eier basteln' href='https:\/\/rt-europaallee.de\/wordpress\/my-calendar\/?mc_id=30638'>Weiterlesen<\/a><\/p>\n<\/div><\/div><!--end .details--><\/article>\n<\/td>\n<td id='calendar-2026-03-31' class='mc-events dienstag di past-day past-date  nextmonth has-events author3 mcat_ferien mcat_treffen-erfahrungsaustausch mcat_advents--weihnachtsmarkt day-with-date'><div class='mc-date-container'>\n\t<span class='mc-date'><span aria-hidden='true' class='mc-day-number'>31<\/span><span class='screen-reader-text mc-day-date'>31. M\u00e4rz 2026<\/span><span class=\"event-icon\" aria-hidden=\"true\">&#9679;&#9679;&#9679;<\/span><span class=\"screen-reader-text\"><span class=\"mc-list-details event-count\">(4 Veranstaltungen)<\/span><\/span><\/span><\/div><article id='mc_calendar_31_30483-calendar-30483' class='mc-mc_calendar_30483 calendar-event mc_ferien mc_location-382  past-event mc_primary_ferien nonrecurring mc-2-wochen mc-start-01-00 ungrouped mc-event-4528 mc-events multidate mc-event mc_rel_ferien'><header>\t<h3 class='event-title summary' id='mc_30483-title-my-calendar'><button type='button' id='modal-button-mc_calendar_31_30483-calendar-details-30483' data-modal-content-id='mc_calendar_31_30483-calendar-details-30483' data-modal-prefix-class='my-calendar' data-modal-close-text='Schlie\u00dfen' data-modal-title='Schulferien' aria-controls='mc_calendar_31_30483-calendar-details-30483' class='calendar mc-modal button button-link url summary has-image'><svg style=\"fill:#ffffff\" focusable=\"false\" role=\"img\" aria-labelledby=\"cat_30483\" class=\"category-icon\" xmlns=\"http:\/\/www.w3.org\/2000\/svg\" viewBox=\"0 0 640 512\"><!-- Font Awesome Free 5.15.3 by @fontawesome - https:\/\/fontawesome.com License - https:\/\/fontawesome.com\/license\/free (Icons: CC BY 4.0, Fonts: SIL OFL 1.1, Code: MIT License) --><title id='cat_30483'>Kategorie: Ferien<\/title><path d=\"M0 224v272c0 8.84 7.16 16 16 16h80V192H32c-17.67 0-32 14.33-32 32zm360-48h-24v-40c0-4.42-3.58-8-8-8h-16c-4.42 0-8 3.58-8 8v64c0 4.42 3.58 8 8 8h48c4.42 0 8-3.58 8-8v-16c0-4.42-3.58-8-8-8zm137.75-63.96l-160-106.67a32.02 32.02 0 0 0-35.5 0l-160 106.67A32.002 32.002 0 0 0 128 138.66V512h128V368c0-8.84 7.16-16 16-16h96c8.84 0 16 7.16 16 16v144h128V138.67c0-10.7-5.35-20.7-14.25-26.63zM320 256c-44.18 0-80-35.82-80-80s35.82-80 80-80 80 35.82 80 80-35.82 80-80 80zm288-64h-64v320h80c8.84 0 16-7.16 16-16V224c0-17.67-14.33-32-32-32z\"\/><\/svg> <div>Schulferien<\/div><\/button><\/h3>\n<\/header><div id='mc_calendar_31_30483-calendar-details-30483' class='details no-image uses-modal single-details'  aria-labelledby='mc_30483-title-my-calendar'>\n\t<button type='button' aria-controls='mc_calendar_31_30483-calendar-details-30483' class='mc-toggle close'><span class='dashicons dashicons-dismiss' aria-hidden='true'><\/span><span class='screen-reader-text'>Close<\/span><\/button>\n\t\r\n\t<div class='time-block'>\r\n\t\t<span class='mc-icon' aria-hidden='true'><\/span>\r\n\t\t<p><span class=\"time-wrapper\"> <span class='event-time'><abbr title='Nicht zutreffend'>n.\u00a0a.<\/abbr><\/span>  <\/span><br \/><span class=\"date-wrapper\"><span class='mc-start-date dtstart' title='2026-03-23T00:00:00+02:00' content='2026-03-23T00:00:00+02:00'>23. M\u00e4rz 2026<\/span> <span class='date-separator'> &ndash; <\/span> <span class=\"event-time dtend\">7. April 2026<\/span><\/span><\/p>\r\n\t<\/div>\n\t\t<div class='longdesc description'><p>(Quelle: <a href=\"https:\/\/www.schulferien.org\/Kalender_mit_Ferien\/Niedersachsen.html\">https:\/\/www.schulferien.org\/Kalender_mit_Ferien\/Niedersachsen.html<\/a>)<\/p>\n<\/div>\n\t\t<div class=\"sharing\">\t<p class='mc-details'><a aria-label='Weiterlesen: Schulferien' href='https:\/\/rt-europaallee.de\/wordpress\/my-calendar\/?mc_id=30483'>Weiterlesen<\/a><\/p>\n<\/div><\/div><!--end .details--><\/article><article id='mc_calendar_31_30641-calendar-30641' class='mc-mc_calendar_30641 calendar-event mc_treffen-erfahrungsaustausch mc_location-395  past-event mc_primary_treffen-erfahrungsaustausch nonrecurring mc-2-stunden mc-start-11-00 ungrouped mc-event-4606 mc-events mc-event mc_rel_treffenerfahrungsaustausch'><header>\t<h3 class='event-title summary' id='mc_30641-title-my-calendar'><button type='button' id='modal-button-mc_calendar_31_30641-calendar-details-30641' data-modal-content-id='mc_calendar_31_30641-calendar-details-30641' data-modal-prefix-class='my-calendar' data-modal-close-text='Schlie\u00dfen' data-modal-title='26.03.2026, Nachbarschaftszentrum Grone: Basteln von Konfetti-Eiern' aria-controls='mc_calendar_31_30641-calendar-details-30641' class='calendar mc-modal button button-link url summary has-image'><svg style=\"fill:#000000\" focusable=\"false\" role=\"img\" aria-labelledby=\"cat_30641\" class=\"category-icon\" xmlns=\"http:\/\/www.w3.org\/2000\/svg\" viewBox=\"0 0 640 512\"><!-- Font Awesome Free 5.15.3 by @fontawesome - https:\/\/fontawesome.com License - https:\/\/fontawesome.com\/license\/free (Icons: CC BY 4.0, Fonts: SIL OFL 1.1, Code: MIT License) --><title id='cat_30641'>Kategorie: Treffen\/ Erfahrungsaustausch<\/title><path d=\"M434.7 64h-85.9c-8 0-15.7 3-21.6 8.4l-98.3 90c-.1.1-.2.3-.3.4-16.6 15.6-16.3 40.5-2.1 56 12.7 13.9 39.4 17.6 56.1 2.7.1-.1.3-.1.4-.2l79.9-73.2c6.5-5.9 16.7-5.5 22.6 1 6 6.5 5.5 16.6-1 22.6l-26.1 23.9L504 313.8c2.9 2.4 5.5 5 7.9 7.7V128l-54.6-54.6c-5.9-6-14.1-9.4-22.6-9.4zM544 128.2v223.9c0 17.7 14.3 32 32 32h64V128.2h-96zm48 223.9c-8.8 0-16-7.2-16-16s7.2-16 16-16 16 7.2 16 16-7.2 16-16 16zM0 384h64c17.7 0 32-14.3 32-32V128.2H0V384zm48-63.9c8.8 0 16 7.2 16 16s-7.2 16-16 16-16-7.2-16-16c0-8.9 7.2-16 16-16zm435.9 18.6L334.6 217.5l-30 27.5c-29.7 27.1-75.2 24.5-101.7-4.4-26.9-29.4-24.8-74.9 4.4-101.7L289.1 64h-83.8c-8.5 0-16.6 3.4-22.6 9.4L128 128v223.9h18.3l90.5 81.9c27.4 22.3 67.7 18.1 90-9.3l.2-.2 17.9 15.5c15.9 13 39.4 10.5 52.3-5.4l31.4-38.6 5.4 4.4c13.7 11.1 33.9 9.1 45-4.7l9.5-11.7c11.2-13.8 9.1-33.9-4.6-45.1z\"\/><\/svg> <div>26.03.2026, Nachbarschaftszentrum Grone: Basteln von Konfetti-Eiern<\/div><\/button><\/h3>\n<\/header><div id='mc_calendar_31_30641-calendar-details-30641' class='details no-image uses-modal single-details'  aria-labelledby='mc_30641-title-my-calendar'>\n\t<button type='button' aria-controls='mc_calendar_31_30641-calendar-details-30641' class='mc-toggle close'><span class='dashicons dashicons-dismiss' aria-hidden='true'><\/span><span class='screen-reader-text'>Close<\/span><\/button>\n\t\r\n\t<div class='time-block'>\r\n\t\t<span class='mc-icon' aria-hidden='true'><\/span>\r\n\t\t<p><span class=\"time-wrapper\"><span class='event-time dtstart'><time class='value-title' datetime='2026-03-31T11:00:00+02:00' title='2026-03-31T11:00:00+02:00'>11:00<\/time><\/span> <span class='time-separator'> &ndash; <\/span> <span class='end-time dtend'> <time class='value-title' datetime='2026-03-31T12:30:00+02:00' title='2026-03-31T12:30:00+02:00'>12:30<\/time><\/span><\/span><br \/><span class=\"date-wrapper\"><span class='mc-start-date dtstart' title='2026-03-31T11:00:00+02:00' content='2026-03-31T11:00:00+02:00'>31. M\u00e4rz 2026<\/span>  <\/span><\/p>\r\n\t<\/div>\n\t\t<div class='longdesc description'><p>(Quelle: <a href=\"https:\/\/www.facebook.com\/nachbarschaftszentrum.grone.goettingen\/posts\/pfbid02D6RyCnBeB9AgmBWyuzTd2oRjVpLETu9AVCVCNn9GinBF61ASTj1sYcq61Z7YbWgxl\">https:\/\/www.facebook.com\/nachbarschaftszentrum.grone.goettingen\/posts\/pfbid02D6RyCnBeB9AgmBWyuzTd2oRjVpLETu9AVCVCNn9GinBF61ASTj1sYcq61Z7YbWgxl<\/a>)<\/p>\n<blockquote>\n<div class=\"html-div xdj266r x14z9mp xat24cr x1lziwak xexx8yu xyri2b x18d9i69 x1c1uobl\">\n<div class=\"html-div xdj266r x14z9mp x1lziwak x18d9i69 x1cy8zhl x78zum5 x1q0g3np xod5an3 xz9dl7a x1g0dm76 xpdmqnj\">\n<div class=\"html-div xdj266r x14z9mp xat24cr x1lziwak xexx8yu xyri2b x18d9i69 x1c1uobl x1iyjqo2 xeuugli\">\n<div class=\"x78zum5 xdt5ytf xz62fqu x16ldp7u\">\n<div class=\"xu06os2 x1ok221b\">\n<div class=\"html-div xdj266r x14z9mp xat24cr x1lziwak xexx8yu xyri2b x18d9i69 x1c1uobl\" data-ad-rendering-role=\"profile_name\">\n<h3 class=\"html-h3 x14z9mp xat24cr x1lziwak xexx8yu xyri2b x18d9i69 x1c1uobl x1vvkbs x1heor9g x1qlqyl8 x1pd3egz x1a2a7pz x1gslohp x1yc453h\"><span class=\"x78zum5 x1q0g3np\"><span class=\"x1lliihq x6ikm8r x10wlt62 x1n2onr6 xlyipyv xuxw1ft\"><span class=\"xt0psk2\"><span class=\"xjp7ctv\"><a class=\"x1i10hfl xjbqb8w x1ejq31n x18oe1m7 x1sy0etr xstzfhl x972fbf x10w94by x1qhh985 x14e42zd x9f619 x1ypdohk xt0psk2 x3ct3a4 xdj266r x14z9mp xat24cr x1lziwak xexx8yu xyri2b x18d9i69 x1c1uobl x16tdsg8 x1hl2dhg xggy1nq x1a2a7pz xkrqix3 x1sur9pj xzsf02u x1s688f\" href=\"https:\/\/www.facebook.com\/nachbarschaftszentrum.grone.goettingen?__cft__[0]=AZZYxPjc_fm6OtQ1IvjAUpvdGI21Fy9xoBTvvzu9pm0xqe6eaZvfWsupAuDT5M1B0V_jlrslBf-gH3u3XFgpfLkvVU5brdVx_zZGE9e7XS-zU1EmYJpYGRNBNJJkpuK02XkuPMIfFt0Fk8-qxmfayuD6DcRQ9xUBfVdITtfI75bATA&amp;__tn__=-UC%2CP-R\"><b class=\"html-b xdj266r x14z9mp xat24cr x1lziwak xexx8yu xyri2b x18d9i69 x1c1uobl x1hl2dhg x16tdsg8 x1vvkbs x1s688f\"><span class=\"html-span xdj266r x14z9mp xat24cr x1lziwak xexx8yu xyri2b x18d9i69 x1c1uobl x1hl2dhg x16tdsg8 x1vvkbs\">Nachbarschaftszentrum Grone<\/span><\/b><\/a><\/span><\/span><\/span><\/span><\/h3>\n<\/div>\n<\/div>\n<\/div>\n<\/div>\n<\/div>\n<\/div>\n<div class=\"html-div xdj266r x14z9mp xat24cr x1lziwak xexx8yu xyri2b x18d9i69 x1c1uobl\">\n<div class=\"html-div xdj266r x14z9mp xat24cr x1lziwak xexx8yu xyri2b x18d9i69 x1c1uobl\" dir=\"auto\">\n<div class=\"html-div xdj266r x14z9mp xat24cr x1lziwak xexx8yu xyri2b x18d9i69 x1c1uobl\" data-ad-rendering-role=\"story_message\">\n<div class=\"x1l90r2v x1iorvi4 x1g0dm76 xpdmqnj\" data-ad-comet-preview=\"message\" data-ad-preview=\"message\">\n<div class=\"x78zum5 xdt5ytf xz62fqu x16ldp7u\">\n<div class=\"xu06os2 x1ok221b\">\n<div class=\"html-div xdj266r x14z9mp xat24cr x1lziwak xexx8yu xyri2b x18d9i69 x1c1uobl\">\n<div class=\"xdj266r x14z9mp xat24cr x1lziwak x1vvkbs x126k92a\">\n<div dir=\"auto\">Liebe Kinder,<\/div>\n<\/div>\n<div class=\"x14z9mp xat24cr x1lziwak x1vvkbs xtlvy1s x126k92a\">\n<div dir=\"auto\">habt ihr in den Ferien schon was vor? Wir haben ein kleines Ferienprogramm zusammengestellt. Bitte meldet euch gern an unserer Infotheke an und ihr werdet zur Bastelgruppe weitergeleitet.<\/div>\n<\/div>\n<div class=\"x14z9mp xat24cr x1lziwak x1vvkbs xtlvy1s x126k92a\">\n<div dir=\"auto\">Wir freuen uns auf euch!<\/div>\n<\/div>\n<div class=\"x14z9mp xat24cr x1lziwak x1vvkbs xtlvy1s x126k92a\">\n<div dir=\"auto\">Euer Nachbarschaftszentrum Mehrgenerationenhaus Grone<\/div>\n<div dir=\"auto\"><\/div>\n<div dir=\"auto\"><img decoding=\"async\" class=\"x15mokao x1ga7v0g x16uus16 xbiv7yw x1bwycvy x193iq5w x4fas0m x19kjcj4\" src=\"https:\/\/scontent-ham3-1.xx.fbcdn.net\/v\/t39.30808-6\/657592612_1375056207989019_536218927924747846_n.jpg?_nc_cat=101&amp;ccb=1-7&amp;_nc_sid=13d280&amp;_nc_ohc=u19ABYPBO0UQ7kNvwEi-S7K&amp;_nc_oc=AdqeJCgPiUpXTMRvNpbp-q5lHsEHiAtCq5cP2szIb1GCMU1Rwui8FDBqrctSNL-HrtCZZBWJtV5mhy5sbHYDKBai&amp;_nc_zt=23&amp;_nc_ht=scontent-ham3-1.xx&amp;_nc_gid=OTr2qVTl7AcqvKgPUQ8gOA&amp;_nc_ss=7a32e&amp;oh=00_AfyjsRMZqsR_r0s9W0Mmwq8D3g9J6VDIc-l5lWLdizn8Fw&amp;oe=69CCB39C\" alt=\"Ist m\u00f6glicherweise ein Bild von eine oder mehrere Personen und Text \u201eOSTERFERIENPROGRAMM DONNERSTAG, 26. MARZ 14\uff1a00-16:00 14:0 UHR: PUTZ XL = MULL SAMMELN IN GRONE MONTAG, 30. M\u00c4RZ Dienstag Dienstag,31.M\u00e4rz 31. M\u00e4rz 14\uff1a00-16:00 UHR: KRESSE-EIER BASTELN 11:00-12.30 Uhr: Basteln von Konfetti- Eiern Mittwoch, 01.April 10:30-14:00 Uhr: Ausflug ins St\u00e4dtische Museum: Mittelalter-Ausstellung und Fahrradausstellung DONNERSTAG, 02. APRIL 10:30-12\uff1a00 UHR PLAUDERFR\u00dcHST\u00dcCK F\u00dcR KINDER UND ELTERN Nachbarschaftszentrum Grone eiterin: fabine L\u00e1ch Mehr Generationen Haus\u201c\" data-visualcompletion=\"media-vc-image\" \/><\/div>\n<div dir=\"auto\">( <a href=\"https:\/\/www.facebook.com\/photo\/?fbid=1375056204655686&amp;set=a.459098042918178\">https:\/\/www.facebook.com\/photo\/?fbid=1375056204655686&amp;set=a.459098042918178<\/a>)<\/div>\n<\/div>\n<\/div>\n<\/div>\n<\/div>\n<\/div>\n<\/div>\n<\/div>\n<\/div>\n<\/blockquote>\n<\/div>\n\t\t<div class=\"sharing\">\t<p class='mc-details'><a aria-label='Weiterlesen: 26.03.2026, Nachbarschaftszentrum Grone: Basteln von Konfetti-Eiern' href='https:\/\/rt-europaallee.de\/wordpress\/my-calendar\/?mc_id=30641'>Weiterlesen<\/a><\/p>\n<\/div><\/div><!--end .details--><\/article><article id='mc_calendar_31_30432-calendar-30432' class='mc-mc_calendar_30432 calendar-event mc_treffen-erfahrungsaustausch mc_nachbarschaftszentrum-holtenser-berg-londonstrae-11a-37079-gttingen  past-event mc_primary_treffen-erfahrungsaustausch recurring mc-3-stunden mc-start-16-00 ungrouped mc-event-4489 mc-events mc-event mc_rel_treffenerfahrungsaustausch'><header>\t<h3 class='event-title summary' id='mc_30432-title-my-calendar'><button type='button' id='modal-button-mc_calendar_31_30432-calendar-details-30432' data-modal-content-id='mc_calendar_31_30432-calendar-details-30432' data-modal-prefix-class='my-calendar' data-modal-close-text='Schlie\u00dfen' data-modal-title='16.01.2026, NBZ Holtenser Berg: Spieletreff' aria-controls='mc_calendar_31_30432-calendar-details-30432' class='calendar mc-modal button button-link url summary has-image'><svg style=\"fill:#000000\" focusable=\"false\" role=\"img\" aria-labelledby=\"cat_30432\" class=\"category-icon\" xmlns=\"http:\/\/www.w3.org\/2000\/svg\" viewBox=\"0 0 640 512\"><!-- Font Awesome Free 5.15.3 by @fontawesome - https:\/\/fontawesome.com License - https:\/\/fontawesome.com\/license\/free (Icons: CC BY 4.0, Fonts: SIL OFL 1.1, Code: MIT License) --><title id='cat_30432'>Kategorie: Treffen\/ Erfahrungsaustausch<\/title><path d=\"M434.7 64h-85.9c-8 0-15.7 3-21.6 8.4l-98.3 90c-.1.1-.2.3-.3.4-16.6 15.6-16.3 40.5-2.1 56 12.7 13.9 39.4 17.6 56.1 2.7.1-.1.3-.1.4-.2l79.9-73.2c6.5-5.9 16.7-5.5 22.6 1 6 6.5 5.5 16.6-1 22.6l-26.1 23.9L504 313.8c2.9 2.4 5.5 5 7.9 7.7V128l-54.6-54.6c-5.9-6-14.1-9.4-22.6-9.4zM544 128.2v223.9c0 17.7 14.3 32 32 32h64V128.2h-96zm48 223.9c-8.8 0-16-7.2-16-16s7.2-16 16-16 16 7.2 16 16-7.2 16-16 16zM0 384h64c17.7 0 32-14.3 32-32V128.2H0V384zm48-63.9c8.8 0 16 7.2 16 16s-7.2 16-16 16-16-7.2-16-16c0-8.9 7.2-16 16-16zm435.9 18.6L334.6 217.5l-30 27.5c-29.7 27.1-75.2 24.5-101.7-4.4-26.9-29.4-24.8-74.9 4.4-101.7L289.1 64h-83.8c-8.5 0-16.6 3.4-22.6 9.4L128 128v223.9h18.3l90.5 81.9c27.4 22.3 67.7 18.1 90-9.3l.2-.2 17.9 15.5c15.9 13 39.4 10.5 52.3-5.4l31.4-38.6 5.4 4.4c13.7 11.1 33.9 9.1 45-4.7l9.5-11.7c11.2-13.8 9.1-33.9-4.6-45.1z\"\/><\/svg> <div>16.01.2026, NBZ Holtenser Berg: Spieletreff<\/div><\/button><\/h3>\n<\/header><div id='mc_calendar_31_30432-calendar-details-30432' class='details no-image uses-modal single-details'  aria-labelledby='mc_30432-title-my-calendar'>\n\t<button type='button' aria-controls='mc_calendar_31_30432-calendar-details-30432' class='mc-toggle close'><span class='dashicons dashicons-dismiss' aria-hidden='true'><\/span><span class='screen-reader-text'>Close<\/span><\/button>\n\t\r\n\t<div class='time-block'>\r\n\t\t<span class='mc-icon' aria-hidden='true'><\/span>\r\n\t\t<p><span class=\"time-wrapper\"><span class='event-time dtstart'><time class='value-title' datetime='2026-03-31T16:00:00+02:00' title='2026-03-31T16:00:00+02:00'>16:00<\/time><\/span> <span class='time-separator'> &ndash; <\/span> <span class='end-time dtend'> <time class='value-title' datetime='2026-03-31T18:30:00+02:00' title='2026-03-31T18:30:00+02:00'>18:30<\/time><\/span><\/span><br \/><span class=\"date-wrapper\"><span class='mc-start-date dtstart' title='2026-03-31T16:00:00+02:00' content='2026-03-31T16:00:00+02:00'>31. M\u00e4rz 2026<\/span>  <\/span><\/p>\r\n\t<\/div>\n\t\t<div class='longdesc description'><p>(Quelle: <a href=\"https:\/\/www.facebook.com\/events\/1206244801002861\/1206244821002859\/\">https:\/\/www.facebook.com\/events\/1206244801002861\/1206244821002859\/<\/a>)<\/p>\n<blockquote>\n<div class=\"html-div xjyslct xjbqb8w x972fbf x10w94by x1qhh985 x14e42zd x9f619 x1rg5ohu xdj266r x14z9mp xat24cr x1lziwak xexx8yu xyri2b x18d9i69 x1c1uobl x1n2onr6 x16tdsg8 xh8yej3\" role=\"listitem\">\n<div class=\"html-div xdj266r x14z9mp xat24cr x1lziwak xyri2b x1c1uobl x78zum5 xdt5ytf xwib8y2 x1y1aw1k\">\n<div class=\"x9f619 x1ja2u2z x78zum5 x2lah0s x1n2onr6 x1nhvcw1 x1cy8zhl xozqiw3 x1q0g3np xv54qhq xf7dkkf x18d9i69 xexx8yu x1ws5yxj xw01apr x4cne27 xifccgj\">\n<div class=\"x9f619 x1n2onr6 x1ja2u2z x78zum5 xdt5ytf x193iq5w xeuugli x1r8uery x1iyjqo2 xs83m0k xamitd3 x1icxu4v x25sj25 x10b6aqq x1yrsyyn\">\n<div class=\"x78zum5 xdt5ytf xz62fqu x16ldp7u\">\n<div class=\"xu06os2 x1ok221b\"><span class=\"x193iq5w xeuugli x13faqbe x1vvkbs x1xmvt09 x1lliihq x1s928wv xhkezso x1gmr53x x1cpjm7i x1fgarty x1943h6x xudqn12 x3x7a5m x6prxxf xvq8zen xo1l8bm xzsf02u x1yc453h\" dir=\"auto\">Veranstaltung von <b class=\"html-b xdj266r x14z9mp xat24cr x1lziwak xexx8yu xyri2b x18d9i69 x1c1uobl x1hl2dhg x16tdsg8 x1vvkbs x1s688f\"><a class=\"x1i10hfl xjbqb8w x1ejq31n x18oe1m7 x1sy0etr xstzfhl x972fbf x10w94by x1qhh985 x14e42zd x9f619 x1ypdohk xt0psk2 x3ct3a4 xdj266r x14z9mp xat24cr x1lziwak xexx8yu xyri2b x18d9i69 x1c1uobl x16tdsg8 x1hl2dhg xggy1nq x1a2a7pz xkrqix3 x1sur9pj xzsf02u x1s688f\" href=\"https:\/\/www.facebook.com\/NBZHoBerg\">Nachbarschaftszentrum Holtenser Berg<\/a><\/b><\/span><\/div>\n<\/div>\n<\/div>\n<\/div>\n<\/div>\n<\/div>\n<div class=\"html-div xjyslct xjbqb8w x972fbf x10w94by x1qhh985 x14e42zd x9f619 x1rg5ohu xdj266r x14z9mp xat24cr x1lziwak xexx8yu xyri2b x18d9i69 x1c1uobl x1n2onr6 x16tdsg8 xh8yej3\" role=\"listitem\">\n<div class=\"html-div xdj266r x14z9mp xat24cr x1lziwak xyri2b x1c1uobl x78zum5 xdt5ytf xwib8y2 x1y1aw1k\">\n<div class=\"x9f619 x1ja2u2z x78zum5 x2lah0s x1n2onr6 x1nhvcw1 x1cy8zhl xozqiw3 x1q0g3np xv54qhq xf7dkkf x18d9i69 xexx8yu x1ws5yxj xw01apr x4cne27 xifccgj\">\n<div class=\"x9f619 x1n2onr6 x1ja2u2z x78zum5 xdt5ytf x2lah0s x193iq5w xeuugli x1icxu4v x25sj25 x10b6aqq x1yrsyyn\"><\/div>\n<div class=\"x9f619 x1n2onr6 x1ja2u2z x78zum5 xdt5ytf x193iq5w xeuugli x1r8uery x1iyjqo2 xs83m0k xamitd3 x1icxu4v x25sj25 x10b6aqq x1yrsyyn\">\n<div class=\"x78zum5 xdt5ytf xz62fqu x16ldp7u\">\n<div class=\"xu06os2 x1ok221b\">\n<div class=\"x1i10hfl xjbqb8w x1ejq31n x18oe1m7 x1sy0etr xstzfhl x972fbf x10w94by x1qhh985 x14e42zd x9f619 x1ypdohk xt0psk2 x3ct3a4 xdj266r x14z9mp xat24cr x1lziwak xexx8yu xyri2b x18d9i69 x1c1uobl x16tdsg8 x1hl2dhg xggy1nq x1a2a7pz xkrqix3 x1sur9pj xzsf02u x1s688f\" role=\"button\">Londonstra\u00dfe 11a, 37079 G\u00f6ttingen, Germany<\/div>\n<\/div>\n<\/div>\n<\/div>\n<\/div>\n<\/div>\n<\/div>\n<div class=\"html-div xjyslct xjbqb8w x972fbf x10w94by x1qhh985 x14e42zd x9f619 x1rg5ohu xdj266r x14z9mp xat24cr x1lziwak xexx8yu xyri2b x18d9i69 x1c1uobl x1n2onr6 x16tdsg8 xh8yej3\" role=\"listitem\">\n<div class=\"html-div xdj266r x14z9mp xat24cr x1lziwak xyri2b x1c1uobl x78zum5 xdt5ytf xwib8y2 x1y1aw1k\">\n<div class=\"x9f619 x1ja2u2z x78zum5 x2lah0s x1n2onr6 x1nhvcw1 x1cy8zhl xozqiw3 x1q0g3np xv54qhq xf7dkkf x18d9i69 xexx8yu x1ws5yxj xw01apr x4cne27 xifccgj\">\n<div class=\"x9f619 x1n2onr6 x1ja2u2z x78zum5 xdt5ytf x2lah0s x193iq5w xeuugli x1icxu4v x25sj25 x10b6aqq x1yrsyyn\"><\/div>\n<div class=\"x9f619 x1n2onr6 x1ja2u2z x78zum5 xdt5ytf x193iq5w xeuugli x1r8uery x1iyjqo2 xs83m0k xamitd3 x1icxu4v x25sj25 x10b6aqq x1yrsyyn\">\n<div class=\"x78zum5 xdt5ytf xz62fqu x16ldp7u\">\n<div class=\"xu06os2 x1ok221b\"><span class=\"x193iq5w xeuugli x13faqbe x1vvkbs x1xmvt09 x1lliihq x1s928wv xhkezso x1gmr53x x1cpjm7i x1fgarty x1943h6x xudqn12 x3x7a5m x6prxxf xvq8zen xo1l8bm xzsf02u x1yc453h\" dir=\"auto\">Laufzeit: 2 Std. 30 Min.<\/span><\/div>\n<\/div>\n<\/div>\n<\/div>\n<\/div>\n<\/div>\n<div class=\"html-div xjyslct xjbqb8w x972fbf x10w94by x1qhh985 x14e42zd x9f619 x1rg5ohu xdj266r x14z9mp xat24cr x1lziwak xexx8yu xyri2b x18d9i69 x1c1uobl x1n2onr6 x16tdsg8 xh8yej3\" role=\"listitem\">\n<div class=\"html-div xdj266r x14z9mp xat24cr x1lziwak xyri2b x1c1uobl x78zum5 xdt5ytf xwib8y2 x1y1aw1k\">\n<div class=\"x9f619 x1ja2u2z x78zum5 x2lah0s x1n2onr6 x1nhvcw1 x1cy8zhl xozqiw3 x1q0g3np xv54qhq xf7dkkf x18d9i69 xexx8yu x1ws5yxj xw01apr x4cne27 xifccgj\">\n<div class=\"x9f619 x1n2onr6 x1ja2u2z x78zum5 xdt5ytf x2lah0s x193iq5w xeuugli x1icxu4v x25sj25 x10b6aqq x1yrsyyn\"><\/div>\n<div class=\"x9f619 x1n2onr6 x1ja2u2z x78zum5 xdt5ytf x193iq5w xeuugli x1r8uery x1iyjqo2 xs83m0k xamitd3 x1icxu4v x25sj25 x10b6aqq x1yrsyyn\">\n<div class=\"x78zum5 xdt5ytf xz62fqu x16ldp7u\">\n<div class=\"xu06os2 x1ok221b\"><span class=\"x193iq5w xeuugli x13faqbe x1vvkbs x1xmvt09 x1lliihq x1s928wv xhkezso x1gmr53x x1cpjm7i x1fgarty x1943h6x xudqn12 x3x7a5m x6prxxf xvq8zen xo1l8bm xzsf02u x1yc453h\" dir=\"auto\">\u00d6ffentlich<span class=\"xzpqnlu xjm9jq1 x6ikm8r x10wlt62 x10l6tqk x1i1rx1s\">\u00a0<\/span><span aria-hidden=\"true\"> \u00b7 <\/span>Jede Person auf und au\u00dferhalb von Facebook<\/span><\/div>\n<\/div>\n<\/div>\n<\/div>\n<\/div>\n<\/div>\n<div class=\"html-div xdj266r x14z9mp xat24cr x1lziwak xexx8yu x18d9i69 xv54qhq xf7dkkf\">\n<div class=\"x1ni5s2d\">\n<div class=\"xdj266r x14z9mp xat24cr x1lziwak x1vvkbs\">Brett und Kartenspiele, alte und neue Spiele.<\/div>\n<\/div>\n<\/div>\n<\/blockquote>\n<\/div>\n\t\t<div class=\"mc-location\"><div class=\"address location vcard\"><div class='map'><a href='https:\/\/maps.google.com\/maps?z=16&amp;daddr=Londonstra\u00dfe+11a++G\u00f6ttingen++37079+' class='url external'><span class='mc-icon' aria-hidden='true'><\/span>Karte<span class='screen-reader-text fn'> Nachbarschaftszentrum Holtenser Berg Londonstra\u00dfe 11a, 37079 G\u00f6ttingen<\/span><\/a><\/div><\/div><\/div>\n\t\t<div class=\"sharing\">\t<p class='mc-details'><a aria-label='Weiterlesen: 16.01.2026, NBZ Holtenser Berg: Spieletreff' href='https:\/\/rt-europaallee.de\/wordpress\/my-calendar\/?mc_id=30432'>Weiterlesen<\/a><\/p>\n<\/div><\/div><!--end .details--><\/article><article id='mc_calendar_31_30541-calendar-30541' class='mc-mc_calendar_30541 calendar-event mc_advents--weihnachtsmarkt mc_om10  past-event mc_primary_advents-weihnachtsmarkt recurring mc-1-stunde mc-start-17-00 ungrouped mc-event-4560 mc-events mc-event mc_rel_advents-weihnachtsmarkt'><header>\t<h3 class='event-title summary' id='mc_30541-title-my-calendar'><button type='button' id='modal-button-mc_calendar_31_30541-calendar-details-30541' data-modal-content-id='mc_calendar_31_30541-calendar-details-30541' data-modal-prefix-class='my-calendar' data-modal-close-text='Schlie\u00dfen' data-modal-title='04.03.2026, NBZ Holtenser Berg: tauschcaf\u00e9 (Bargeld) in OM10' aria-controls='mc_calendar_31_30541-calendar-details-30541' class='calendar mc-modal button button-link url summary has-image'><svg style=\"fill:#ffffff\" focusable=\"false\" role=\"img\" aria-labelledby=\"cat_30541\" class=\"category-icon\" xmlns=\"http:\/\/www.w3.org\/2000\/svg\" viewBox=\"0 0 576 512\"><!-- Font Awesome Free 5.15.3 by @fontawesome - https:\/\/fontawesome.com License - https:\/\/fontawesome.com\/license\/free (Icons: CC BY 4.0, Fonts: SIL OFL 1.1, Code: MIT License) --><title id='cat_30541'>Kategorie: Advents-, Weihnachtsmarkt<\/title><path d=\"M259.3 17.8L194 150.2 47.9 171.5c-26.2 3.8-36.7 36.1-17.7 54.6l105.7 103-25 145.5c-4.5 26.3 23.2 46 46.4 33.7L288 439.6l130.7 68.7c23.2 12.2 50.9-7.4 46.4-33.7l-25-145.5 105.7-103c19-18.5 8.5-50.8-17.7-54.6L382 150.2 316.7 17.8c-11.7-23.6-45.6-23.9-57.4 0z\"\/><\/svg> <div>04.03.2026, NBZ Holtenser Berg: tauschcaf\u00e9 (Bargeld) in OM10<\/div><\/button><\/h3>\n<\/header><div id='mc_calendar_31_30541-calendar-details-30541' class='details no-image uses-modal single-details'  aria-labelledby='mc_30541-title-my-calendar'>\n\t<button type='button' aria-controls='mc_calendar_31_30541-calendar-details-30541' class='mc-toggle close'><span class='dashicons dashicons-dismiss' aria-hidden='true'><\/span><span class='screen-reader-text'>Close<\/span><\/button>\n\t\r\n\t<div class='time-block'>\r\n\t\t<span class='mc-icon' aria-hidden='true'><\/span>\r\n\t\t<p><span class=\"time-wrapper\"><span class='event-time dtstart'><time class='value-title' datetime='2026-03-31T17:00:00+02:00' title='2026-03-31T17:00:00+02:00'>17:00<\/time><\/span> <span class='time-separator'> &ndash; <\/span> <span class='end-time dtend'> <time class='value-title' datetime='2026-03-31T18:00:00+02:00' title='2026-03-31T18:00:00+02:00'>18:00<\/time><\/span><\/span><br \/><span class=\"date-wrapper\"><span class='mc-start-date dtstart' title='2026-03-31T17:00:00+02:00' content='2026-03-31T17:00:00+02:00'>31. M\u00e4rz 2026<\/span>  <\/span><\/p>\r\n\t<\/div>\n\t\t<div class='longdesc description'><p>(Quelle: <a href=\"https:\/\/www.facebook.com\/NBZHoBerg\/posts\/pfbid06iR4gJrM6vgoi2J3K5rLNCRYjDBuNJzMLSE9mJKnFLVWXNN5RUyNs7WoHcCv7aLyl\">https:\/\/www.facebook.com\/NBZHoBerg\/posts\/pfbid06iR4gJrM6vgoi2J3K5rLNCRYjDBuNJzMLSE9mJKnFLVWXNN5RUyNs7WoHcCv7aLyl<\/a>)<\/p>\n<blockquote>\n<div class=\"html-div xdj266r xat24cr x1lziwak xexx8yu xyri2b x18d9i69 x1c1uobl x78zum5 x2lah0s xqtp20y x1xegmmw\">\n<div class=\"x1vqgdyp x100vrsf\">\n<div class=\"\"><\/div>\n<\/div>\n<\/div>\n<div class=\"html-div xdj266r x14z9mp xat24cr x1lziwak xexx8yu xyri2b x18d9i69 x1c1uobl x1iyjqo2 xeuugli\">\n<div class=\"x78zum5 xdt5ytf xz62fqu x16ldp7u\">\n<div class=\"xu06os2 x1ok221b\">\n<div class=\"html-div xdj266r x14z9mp xat24cr x1lziwak xexx8yu xyri2b x18d9i69 x1c1uobl\" data-ad-rendering-role=\"profile_name\">\n<h3 class=\"html-h3 x14z9mp xat24cr x1lziwak xexx8yu xyri2b x18d9i69 x1c1uobl x1vvkbs x1heor9g x1qlqyl8 x1pd3egz x1a2a7pz x1gslohp x1yc453h\"><span class=\"x78zum5 x1q0g3np\"><span class=\"x1lliihq x6ikm8r x10wlt62 x1n2onr6 xlyipyv xuxw1ft\"><span class=\"xt0psk2\"><span class=\"xjp7ctv\"><a class=\"x1i10hfl xjbqb8w x1ejq31n x18oe1m7 x1sy0etr xstzfhl x972fbf x10w94by x1qhh985 x14e42zd x9f619 x1ypdohk xt0psk2 x3ct3a4 xdj266r x14z9mp xat24cr x1lziwak xexx8yu xyri2b x18d9i69 x1c1uobl x16tdsg8 x1hl2dhg xggy1nq x1a2a7pz xkrqix3 x1sur9pj xzsf02u x1s688f\" href=\"https:\/\/www.facebook.com\/NBZHoBerg?__cft__[0]=AZZZ15wGYld4HrLwYx4zOv8I6kq0ljKffGADyr4-gv-GFsxFwgWQXvlt_QfUo-ncRnN4PyvruA9MVzAkvRG7F-0bvBBPZszoF0OFAr3oT34Vmt__Od9XNHV7X76ep-I-xRVJ1whkc_M1O8txQyukw8evuMhrsjoGegVTeevxPnbqOg&amp;__tn__=-UC%2CP-R\"><b class=\"html-b xdj266r x14z9mp xat24cr x1lziwak xexx8yu xyri2b x18d9i69 x1c1uobl x1hl2dhg x16tdsg8 x1vvkbs x1s688f\"><span class=\"html-span xdj266r x14z9mp xat24cr x1lziwak xexx8yu xyri2b x18d9i69 x1c1uobl x1hl2dhg x16tdsg8 x1vvkbs\">Nachbarschaftszentrum Holtenser Berg<\/span><\/b><\/a><\/span><\/span><\/span><\/span><\/h3>\n<div class=\"x9f619 x1r8uery x1iyjqo2 x6ikm8r x10wlt62 x1n2onr6\">\n<div class=\"x78zum5 xdt5ytf\" data-virtualized=\"false\">\n<div class=\"x9f619 x1n2onr6 x1ja2u2z\">\n<div class=\"html-div xdj266r x14z9mp xat24cr x1lziwak xyri2b x18d9i69 x1c1uobl xqtp20y x1n2onr6 xh8yej3 x1jm3axb\">\n<div class=\"html-div x1qjc9v5 x1q0q8m5 x1qhh985 x18b5jzi x10w94by x1t7ytsu x14e42zd x13fuv20 x972fbf x1ey2m1c x9f619 x78zum5 xdt5ytf x1iyjqo2 xs83m0k xtijo5x x1o0tod x1qughib xat24cr x14z9mp x1lziwak xdj266r x2lwn1j xeuugli x18d9i69 xyri2b x1c1uobl xexx8yu x10l6tqk x13vifvy x1ja2u2z\">\n<div class=\"x1wa3icf x11dcrhx x12nagc x10l6tqk\">\n<div class=\"x2fvf9\"><\/div>\n<\/div>\n<\/div>\n<\/div>\n<\/div>\n<\/div>\n<\/div>\n<div class=\"x9f619 x1r8uery x1iyjqo2 x6ikm8r x10wlt62 x1n2onr6\">\n<div class=\"x78zum5 xdt5ytf\" data-virtualized=\"false\">\n<div class=\"x9f619 x1n2onr6 x1ja2u2z\">\n<div class=\"html-div xdj266r x14z9mp xat24cr x1lziwak xyri2b x18d9i69 x1c1uobl xqtp20y x1n2onr6 xh8yej3 x1jm3axb\">\n<div class=\"html-div x1qjc9v5 x1q0q8m5 x1qhh985 x18b5jzi x10w94by x1t7ytsu x14e42zd x13fuv20 x972fbf x1ey2m1c x9f619 x78zum5 xdt5ytf x1iyjqo2 xs83m0k xtijo5x x1o0tod x1qughib xat24cr x14z9mp x1lziwak xdj266r x2lwn1j xeuugli x18d9i69 xyri2b x1c1uobl xexx8yu x10l6tqk x13vifvy x1ja2u2z\">\n<p><a class=\"x1i10hfl xjbqb8w x1ejq31n x18oe1m7 x1sy0etr xstzfhl x972fbf x10w94by x1qhh985 x14e42zd x9f619 x1ypdohk x3ct3a4 xdj266r x14z9mp xat24cr x1lziwak xexx8yu xyri2b x18d9i69 x1c1uobl x16tdsg8 x1hl2dhg xggy1nq x1a2a7pz x1heor9g xkrqix3 x1sur9pj x1s688f x1lliihq x5yr21d x1n2onr6 xh8yej3\" href=\"https:\/\/www.facebook.com\/photo.php?fbid=1222948323359942&amp;set=pb.100069343576736.-2207520000&amp;type=3\"><img decoding=\"async\" class=\"xzg4506 x16mubyn xua58t2 x14uebl7 x1obq294 x5a5i1n xde0f50 x15x8krk x9f619 x5yr21d xl1xv1r xh8yej3\" src=\"https:\/\/scontent-ham3-1.xx.fbcdn.net\/v\/t39.30808-6\/645905570_1222948330026608_6074298258563813047_n.jpg?stp=c257.0.1240.1240a_dst-jpg_s206x206_tt6&amp;_nc_cat=109&amp;ccb=1-7&amp;_nc_sid=a934a8&amp;_nc_ohc=h07PCl_VC6kQ7kNvwF5cANz&amp;_nc_oc=Adl5q4hxatkuVrcsOTlI2n1rKxShx33qPj7tvsxmk19buaL701E80h2UASEkS2qnMuQaDtIWLmUC5R8YyXvPpAQg&amp;_nc_zt=23&amp;_nc_ht=scontent-ham3-1.xx&amp;_nc_gid=h_7YSpqNMOs_i1I8DSIR5w&amp;_nc_ss=8&amp;oh=00_AfwSBvWmFy-b8Y1SnLy6Y9xF14Rq3dFK36w87eMKpBXY1Q&amp;oe=69ADE71A\" alt=\"Ist m\u00f6glicherweise ein Bild von \u200eText \u201e\u200eKarta dravdan\u00ea ihem\u00fc \u015faredariy\u00ean kese kuli A\u015fa\u011f\u0131 z\u00eadetir yek\u00ea dest Veguhestin\u00ean dan\u00fastandinek\u00ea Kes\u00ean anlam\u0131na Banka havaleleri denetlenecek. adil de\u011fil, y\u00fczden takas ba\u015flat\u0131yoruz, deb\u00eete Kes\u00ean diyariye wisa tune Fikir pourra dikarin injuste, \u00e9galement kart\u0131 olanlar als\u0131n. Kart\u0131 Hediye meh\u00ea \u00e9vare systeme kartlar\u0131 nakit getirsin. nakit diyariye Sal\u0131 g\u00fcn\u00fc navni\u015f kirin H\u00e2n 17:00 principe? une d\u00e9bit supermarch\u00e9.L Cartes-cadeaux echang\u00e9es. 18:00 aras\u0131nda peuvent ensuite \u0627\u06a9\u0633\u0648\u0646\u06cc \u06cc\u0627\u0633\u0627\u06cc \u06cc\u062f\u067e\u0646\u06cc Bizi mardis \u067e\u0627\u0631\u0647\u062f\u0627\u0646 .\u062f\u0647\u0628\u06cc\u062a \u0686\u0627\u0648\u062f\u06cc\u0631\u06cc \u0647\u0641\u0631\u0648\u0647_\u0647\u0627 !\u062f\u0647\u0633\u062a \u0628\u0648\u064a\u0647 parmi \u0634\u06cc\u0648\u0647\u200c\u06cc \u064a\u0624\u0631\u0642 .\u062f\u0647_\u06af\u0631\u06cc\u062a \u0628\u06cc\u0631\u0624s\u0647s\u0647\u061f 6yAyT \u06a9\u0646\u0627\u062a\u06be\u0631\u06a9 Ley Asilo podr\u00e1n \u0628\u0647\u064a\u0651\u0646\u0647 \u0645\u0627\u0646\u06af noAapo4Hble KapTbl iniciamos .\u0647\u0627\u062a\u0648\u0648\u0647 \u0648\u06cc\u0646\u0645\u06a9\u0627\u0646 mecRua 17\uff1a00 debito \u0641\u0631\u0648\u0634\u06af\u0627\u06cc\u0627\u0646\u0647\u06cc G\u00f6ttingen G\u00f6ttingen 18:00. una que Obere\u200e\u201c\u200e\" \/><\/a><\/p>\n<div class=\"x1wa3icf x11dcrhx x12nagc x10l6tqk\">\n<div class=\"x2fvf9\"><\/div>\n<\/div>\n<\/div>\n<\/div>\n<\/div>\n<\/div>\n<\/div>\n<div class=\"x9f619 x1r8uery x1iyjqo2 x6ikm8r x10wlt62 x1n2onr6\">\n<div class=\"x78zum5 xdt5ytf\" data-virtualized=\"false\">\n<div class=\"x9f619 x1n2onr6 x1ja2u2z\">\n<div class=\"html-div xdj266r x14z9mp xat24cr x1lziwak xyri2b x18d9i69 x1c1uobl xqtp20y x1n2onr6 xh8yej3 x1jm3axb\">\n<div class=\"html-div x1qjc9v5 x1q0q8m5 x1qhh985 x18b5jzi x10w94by x1t7ytsu x14e42zd x13fuv20 x972fbf x1ey2m1c x9f619 x78zum5 xdt5ytf x1iyjqo2 xs83m0k xtijo5x x1o0tod x1qughib xat24cr x14z9mp x1lziwak xdj266r x2lwn1j xeuugli x18d9i69 xyri2b x1c1uobl xexx8yu x10l6tqk x13vifvy x1ja2u2z\"><a class=\"x1i10hfl xjbqb8w x1ejq31n x18oe1m7 x1sy0etr xstzfhl x972fbf x10w94by x1qhh985 x14e42zd x9f619 x1ypdohk x3ct3a4 xdj266r x14z9mp xat24cr x1lziwak xexx8yu xyri2b x18d9i69 x1c1uobl x16tdsg8 x1hl2dhg xggy1nq x1a2a7pz x1heor9g xkrqix3 x1sur9pj x1s688f x1lliihq x5yr21d x1n2onr6 xh8yej3\" href=\"https:\/\/www.facebook.com\/photo.php?fbid=1222948313359943&amp;set=pb.100069343576736.-2207520000&amp;type=3\"><img decoding=\"async\" class=\"xzg4506 x16mubyn xua58t2 x14uebl7 x1obq294 x5a5i1n xde0f50 x15x8krk x9f619 x5yr21d xl1xv1r xh8yej3\" src=\"https:\/\/scontent-ham3-1.xx.fbcdn.net\/v\/t39.30808-6\/645962940_1222948326693275_9220288748759603139_n.jpg?stp=c257.0.1240.1240a_dst-jpg_s206x206_tt6&amp;_nc_cat=109&amp;ccb=1-7&amp;_nc_sid=a934a8&amp;_nc_ohc=iwzJ1SpCR0gQ7kNvwGAdNZW&amp;_nc_oc=AdnUrzw1mGC-eYvfr2HaFifAtASRK174NCEkoVVVYcmJGyucnk8RTgkzAcraHr1NEF1mgU_x_Q7vVrdj35sZat0e&amp;_nc_zt=23&amp;_nc_ht=scontent-ham3-1.xx&amp;_nc_gid=h_7YSpqNMOs_i1I8DSIR5w&amp;_nc_ss=8&amp;oh=00_Afx20e9hmyY4eObQiZhlDSs-jOjsufd18cl8zZUkW-sVDA&amp;oe=69AE1796\" alt=\"Ist m\u00f6glicherweise ein Bild von Karte und Text\" \/><\/a><\/div>\n<\/div>\n<\/div>\n<\/div>\n<\/div>\n<\/div>\n<\/div>\n<\/div>\n<\/div>\n<\/blockquote>\n<h4>(Bitte Links der Bilder anklicken)<\/h4>\n<blockquote>\n<div class=\"html-div xdj266r x14z9mp xat24cr x1lziwak xexx8yu xyri2b x18d9i69 x1c1uobl x1iyjqo2 xeuugli\">\n<div class=\"x78zum5 xdt5ytf xz62fqu x16ldp7u\">\n<div class=\"xu06os2 x1ok221b\">\n<div class=\"html-div xdj266r x14z9mp xat24cr x1lziwak xexx8yu xyri2b x18d9i69 x1c1uobl\" data-ad-rendering-role=\"profile_name\">\n<p>&nbsp;<\/p>\n<\/div>\n<\/div>\n<\/div>\n<\/div>\n<\/blockquote>\n<\/div>\n\t\t<div class=\"mc-location\"><div class=\"address location vcard\"><div class='map'><a href='https:\/\/maps.google.com\/maps?z=16&amp;daddr=Obere-Masch-Stra\u00dfe+10++G\u00f6ttingen++37073+' class='url external'><span class='mc-icon' aria-hidden='true'><\/span>Karte<span class='screen-reader-text fn'> OM10<\/span><\/a><\/div><\/div><\/div>\n\t\t<div class=\"sharing\">\t<p class='mc-details'><a aria-label='Weiterlesen: 04.03.2026, NBZ Holtenser Berg: tauschcaf\u00e9 (Bargeld) in OM10' href='https:\/\/rt-europaallee.de\/wordpress\/my-calendar\/?mc_id=30541'>Weiterlesen<\/a><\/p>\n<\/div><\/div><!--end .details--><\/article>\n<\/td>\n<td id='calendar-2026-04-01' class='mc-events mittwoch mi past-day past-date   has-events author3 mcat_ferien mcat_treffen-erfahrungsaustausch day-with-date'><div class='mc-date-container'>\n\t<span class='mc-date'><span aria-hidden='true' class='mc-day-number'>1<\/span><span class='screen-reader-text mc-day-date'>1. April 2026<\/span><span class=\"event-icon\" aria-hidden=\"true\">&#9679;&#9679;<\/span><span class=\"screen-reader-text\"><span class=\"mc-list-details event-count\">(2 Veranstaltungen)<\/span><\/span><\/span><\/div><article id='mc_calendar_01_30483-calendar-30483' class='mc-mc_calendar_30483 calendar-event mc_ferien mc_location-382  past-event mc_primary_ferien nonrecurring mc-2-wochen mc-start-01-00 ungrouped mc-event-4528 mc-events multidate mc-event mc_rel_ferien'><header>\t<h3 class='event-title summary' id='mc_30483-title-my-calendar'><button type='button' id='modal-button-mc_calendar_01_30483-calendar-details-30483' data-modal-content-id='mc_calendar_01_30483-calendar-details-30483' data-modal-prefix-class='my-calendar' data-modal-close-text='Schlie\u00dfen' data-modal-title='Schulferien' aria-controls='mc_calendar_01_30483-calendar-details-30483' class='calendar mc-modal button button-link url summary has-image'><svg style=\"fill:#ffffff\" focusable=\"false\" role=\"img\" aria-labelledby=\"cat_30483\" class=\"category-icon\" xmlns=\"http:\/\/www.w3.org\/2000\/svg\" viewBox=\"0 0 640 512\"><!-- Font Awesome Free 5.15.3 by @fontawesome - https:\/\/fontawesome.com License - https:\/\/fontawesome.com\/license\/free (Icons: CC BY 4.0, Fonts: SIL OFL 1.1, Code: MIT License) --><title id='cat_30483'>Kategorie: Ferien<\/title><path d=\"M0 224v272c0 8.84 7.16 16 16 16h80V192H32c-17.67 0-32 14.33-32 32zm360-48h-24v-40c0-4.42-3.58-8-8-8h-16c-4.42 0-8 3.58-8 8v64c0 4.42 3.58 8 8 8h48c4.42 0 8-3.58 8-8v-16c0-4.42-3.58-8-8-8zm137.75-63.96l-160-106.67a32.02 32.02 0 0 0-35.5 0l-160 106.67A32.002 32.002 0 0 0 128 138.66V512h128V368c0-8.84 7.16-16 16-16h96c8.84 0 16 7.16 16 16v144h128V138.67c0-10.7-5.35-20.7-14.25-26.63zM320 256c-44.18 0-80-35.82-80-80s35.82-80 80-80 80 35.82 80 80-35.82 80-80 80zm288-64h-64v320h80c8.84 0 16-7.16 16-16V224c0-17.67-14.33-32-32-32z\"\/><\/svg> <div>Schulferien<\/div><\/button><\/h3>\n<\/header><div id='mc_calendar_01_30483-calendar-details-30483' class='details no-image uses-modal single-details'  aria-labelledby='mc_30483-title-my-calendar'>\n\t<button type='button' aria-controls='mc_calendar_01_30483-calendar-details-30483' class='mc-toggle close'><span class='dashicons dashicons-dismiss' aria-hidden='true'><\/span><span class='screen-reader-text'>Close<\/span><\/button>\n\t\r\n\t<div class='time-block'>\r\n\t\t<span class='mc-icon' aria-hidden='true'><\/span>\r\n\t\t<p><span class=\"time-wrapper\"> <span class='event-time'><abbr title='Nicht zutreffend'>n.\u00a0a.<\/abbr><\/span>  <\/span><br \/><span class=\"date-wrapper\"><span class='mc-start-date dtstart' title='2026-03-23T00:00:00+02:00' content='2026-03-23T00:00:00+02:00'>23. M\u00e4rz 2026<\/span> <span class='date-separator'> &ndash; <\/span> <span class=\"event-time dtend\">7. April 2026<\/span><\/span><\/p>\r\n\t<\/div>\n\t\t<div class='longdesc description'><p>(Quelle: <a href=\"https:\/\/www.schulferien.org\/Kalender_mit_Ferien\/Niedersachsen.html\">https:\/\/www.schulferien.org\/Kalender_mit_Ferien\/Niedersachsen.html<\/a>)<\/p>\n<\/div>\n\t\t<div class=\"sharing\">\t<p class='mc-details'><a aria-label='Weiterlesen: Schulferien' href='https:\/\/rt-europaallee.de\/wordpress\/my-calendar\/?mc_id=30483'>Weiterlesen<\/a><\/p>\n<\/div><\/div><!--end .details--><\/article><article id='mc_calendar_01_30642-calendar-30642' class='mc-mc_calendar_30642 calendar-event mc_treffen-erfahrungsaustausch mc_location-395  past-event mc_primary_treffen-erfahrungsaustausch nonrecurring mc-4-stunden mc-start-10-30 ungrouped mc-event-4607 mc-events mc-event mc_rel_treffenerfahrungsaustausch'><header>\t<h3 class='event-title summary' id='mc_30642-title-my-calendar'><button type='button' id='modal-button-mc_calendar_01_30642-calendar-details-30642' data-modal-content-id='mc_calendar_01_30642-calendar-details-30642' data-modal-prefix-class='my-calendar' data-modal-close-text='Schlie\u00dfen' data-modal-title='26.03.2026, Nachbarschaftszentrum Grone: Ausflug ins St\u00e4dtische Museum' aria-controls='mc_calendar_01_30642-calendar-details-30642' class='calendar mc-modal button button-link url summary has-image'><svg style=\"fill:#000000\" focusable=\"false\" role=\"img\" aria-labelledby=\"cat_30642\" class=\"category-icon\" xmlns=\"http:\/\/www.w3.org\/2000\/svg\" viewBox=\"0 0 640 512\"><!-- Font Awesome Free 5.15.3 by @fontawesome - https:\/\/fontawesome.com License - https:\/\/fontawesome.com\/license\/free (Icons: CC BY 4.0, Fonts: SIL OFL 1.1, Code: MIT License) --><title id='cat_30642'>Kategorie: Treffen\/ Erfahrungsaustausch<\/title><path d=\"M434.7 64h-85.9c-8 0-15.7 3-21.6 8.4l-98.3 90c-.1.1-.2.3-.3.4-16.6 15.6-16.3 40.5-2.1 56 12.7 13.9 39.4 17.6 56.1 2.7.1-.1.3-.1.4-.2l79.9-73.2c6.5-5.9 16.7-5.5 22.6 1 6 6.5 5.5 16.6-1 22.6l-26.1 23.9L504 313.8c2.9 2.4 5.5 5 7.9 7.7V128l-54.6-54.6c-5.9-6-14.1-9.4-22.6-9.4zM544 128.2v223.9c0 17.7 14.3 32 32 32h64V128.2h-96zm48 223.9c-8.8 0-16-7.2-16-16s7.2-16 16-16 16 7.2 16 16-7.2 16-16 16zM0 384h64c17.7 0 32-14.3 32-32V128.2H0V384zm48-63.9c8.8 0 16 7.2 16 16s-7.2 16-16 16-16-7.2-16-16c0-8.9 7.2-16 16-16zm435.9 18.6L334.6 217.5l-30 27.5c-29.7 27.1-75.2 24.5-101.7-4.4-26.9-29.4-24.8-74.9 4.4-101.7L289.1 64h-83.8c-8.5 0-16.6 3.4-22.6 9.4L128 128v223.9h18.3l90.5 81.9c27.4 22.3 67.7 18.1 90-9.3l.2-.2 17.9 15.5c15.9 13 39.4 10.5 52.3-5.4l31.4-38.6 5.4 4.4c13.7 11.1 33.9 9.1 45-4.7l9.5-11.7c11.2-13.8 9.1-33.9-4.6-45.1z\"\/><\/svg> <div>26.03.2026, Nachbarschaftszentrum Grone: Ausflug ins St\u00e4dtische Museum<\/div><\/button><\/h3>\n<\/header><div id='mc_calendar_01_30642-calendar-details-30642' class='details no-image uses-modal single-details'  aria-labelledby='mc_30642-title-my-calendar'>\n\t<button type='button' aria-controls='mc_calendar_01_30642-calendar-details-30642' class='mc-toggle close'><span class='dashicons dashicons-dismiss' aria-hidden='true'><\/span><span class='screen-reader-text'>Close<\/span><\/button>\n\t\r\n\t<div class='time-block'>\r\n\t\t<span class='mc-icon' aria-hidden='true'><\/span>\r\n\t\t<p><span class=\"time-wrapper\"><span class='event-time dtstart'><time class='value-title' datetime='2026-04-01T10:30:00+02:00' title='2026-04-01T10:30:00+02:00'>10:30<\/time><\/span> <span class='time-separator'> &ndash; <\/span> <span class='end-time dtend'> <time class='value-title' datetime='2026-04-01T14:00:00+02:00' title='2026-04-01T14:00:00+02:00'>14:00<\/time><\/span><\/span><br \/><span class=\"date-wrapper\"><span class='mc-start-date dtstart' title='2026-04-01T10:30:00+02:00' content='2026-04-01T10:30:00+02:00'>1. April 2026<\/span>  <\/span><\/p>\r\n\t<\/div>\n\t\t<div class='longdesc description'><p>(Quelle: <a href=\"https:\/\/www.facebook.com\/nachbarschaftszentrum.grone.goettingen\/posts\/pfbid02D6RyCnBeB9AgmBWyuzTd2oRjVpLETu9AVCVCNn9GinBF61ASTj1sYcq61Z7YbWgxl\">https:\/\/www.facebook.com\/nachbarschaftszentrum.grone.goettingen\/posts\/pfbid02D6RyCnBeB9AgmBWyuzTd2oRjVpLETu9AVCVCNn9GinBF61ASTj1sYcq61Z7YbWgxl<\/a>)<\/p>\n<blockquote>\n<div class=\"html-div xdj266r x14z9mp xat24cr x1lziwak xexx8yu xyri2b x18d9i69 x1c1uobl\">\n<div class=\"html-div xdj266r x14z9mp x1lziwak x18d9i69 x1cy8zhl x78zum5 x1q0g3np xod5an3 xz9dl7a x1g0dm76 xpdmqnj\">\n<div class=\"html-div xdj266r x14z9mp xat24cr x1lziwak xexx8yu xyri2b x18d9i69 x1c1uobl x1iyjqo2 xeuugli\">\n<div class=\"x78zum5 xdt5ytf xz62fqu x16ldp7u\">\n<div class=\"xu06os2 x1ok221b\">\n<div class=\"html-div xdj266r x14z9mp xat24cr x1lziwak xexx8yu xyri2b x18d9i69 x1c1uobl\" data-ad-rendering-role=\"profile_name\">\n<h3 class=\"html-h3 x14z9mp xat24cr x1lziwak xexx8yu xyri2b x18d9i69 x1c1uobl x1vvkbs x1heor9g x1qlqyl8 x1pd3egz x1a2a7pz x1gslohp x1yc453h\"><span class=\"x78zum5 x1q0g3np\"><span class=\"x1lliihq x6ikm8r x10wlt62 x1n2onr6 xlyipyv xuxw1ft\"><span class=\"xt0psk2\"><span class=\"xjp7ctv\"><a class=\"x1i10hfl xjbqb8w x1ejq31n x18oe1m7 x1sy0etr xstzfhl x972fbf x10w94by x1qhh985 x14e42zd x9f619 x1ypdohk xt0psk2 x3ct3a4 xdj266r x14z9mp xat24cr x1lziwak xexx8yu xyri2b x18d9i69 x1c1uobl x16tdsg8 x1hl2dhg xggy1nq x1a2a7pz xkrqix3 x1sur9pj xzsf02u x1s688f\" href=\"https:\/\/www.facebook.com\/nachbarschaftszentrum.grone.goettingen?__cft__[0]=AZZYxPjc_fm6OtQ1IvjAUpvdGI21Fy9xoBTvvzu9pm0xqe6eaZvfWsupAuDT5M1B0V_jlrslBf-gH3u3XFgpfLkvVU5brdVx_zZGE9e7XS-zU1EmYJpYGRNBNJJkpuK02XkuPMIfFt0Fk8-qxmfayuD6DcRQ9xUBfVdITtfI75bATA&amp;__tn__=-UC%2CP-R\"><b class=\"html-b xdj266r x14z9mp xat24cr x1lziwak xexx8yu xyri2b x18d9i69 x1c1uobl x1hl2dhg x16tdsg8 x1vvkbs x1s688f\"><span class=\"html-span xdj266r x14z9mp xat24cr x1lziwak xexx8yu xyri2b x18d9i69 x1c1uobl x1hl2dhg x16tdsg8 x1vvkbs\">Nachbarschaftszentrum Grone<\/span><\/b><\/a><\/span><\/span><\/span><\/span><\/h3>\n<\/div>\n<\/div>\n<\/div>\n<\/div>\n<\/div>\n<\/div>\n<div class=\"html-div xdj266r x14z9mp xat24cr x1lziwak xexx8yu xyri2b x18d9i69 x1c1uobl\">\n<div class=\"html-div xdj266r x14z9mp xat24cr x1lziwak xexx8yu xyri2b x18d9i69 x1c1uobl\" dir=\"auto\">\n<div class=\"html-div xdj266r x14z9mp xat24cr x1lziwak xexx8yu xyri2b x18d9i69 x1c1uobl\" data-ad-rendering-role=\"story_message\">\n<div class=\"x1l90r2v x1iorvi4 x1g0dm76 xpdmqnj\" data-ad-comet-preview=\"message\" data-ad-preview=\"message\">\n<div class=\"x78zum5 xdt5ytf xz62fqu x16ldp7u\">\n<div class=\"xu06os2 x1ok221b\">\n<div class=\"html-div xdj266r x14z9mp xat24cr x1lziwak xexx8yu xyri2b x18d9i69 x1c1uobl\">\n<div class=\"xdj266r x14z9mp xat24cr x1lziwak x1vvkbs x126k92a\">\n<div dir=\"auto\">Liebe Kinder,<\/div>\n<\/div>\n<div class=\"x14z9mp xat24cr x1lziwak x1vvkbs xtlvy1s x126k92a\">\n<div dir=\"auto\">habt ihr in den Ferien schon was vor? Wir haben ein kleines Ferienprogramm zusammengestellt. Bitte meldet euch gern an unserer Infotheke an und ihr werdet zur Bastelgruppe weitergeleitet.<\/div>\n<\/div>\n<div class=\"x14z9mp xat24cr x1lziwak x1vvkbs xtlvy1s x126k92a\">\n<div dir=\"auto\">Wir freuen uns auf euch!<\/div>\n<\/div>\n<div class=\"x14z9mp xat24cr x1lziwak x1vvkbs xtlvy1s x126k92a\">\n<div dir=\"auto\">Euer Nachbarschaftszentrum Mehrgenerationenhaus Grone<\/div>\n<div dir=\"auto\"><\/div>\n<div dir=\"auto\"><img decoding=\"async\" class=\"x15mokao x1ga7v0g x16uus16 xbiv7yw x1bwycvy x193iq5w x4fas0m x19kjcj4\" src=\"https:\/\/scontent-ham3-1.xx.fbcdn.net\/v\/t39.30808-6\/657592612_1375056207989019_536218927924747846_n.jpg?_nc_cat=101&amp;ccb=1-7&amp;_nc_sid=13d280&amp;_nc_ohc=u19ABYPBO0UQ7kNvwEi-S7K&amp;_nc_oc=AdqeJCgPiUpXTMRvNpbp-q5lHsEHiAtCq5cP2szIb1GCMU1Rwui8FDBqrctSNL-HrtCZZBWJtV5mhy5sbHYDKBai&amp;_nc_zt=23&amp;_nc_ht=scontent-ham3-1.xx&amp;_nc_gid=OTr2qVTl7AcqvKgPUQ8gOA&amp;_nc_ss=7a32e&amp;oh=00_AfyjsRMZqsR_r0s9W0Mmwq8D3g9J6VDIc-l5lWLdizn8Fw&amp;oe=69CCB39C\" alt=\"Ist m\u00f6glicherweise ein Bild von eine oder mehrere Personen und Text \u201eOSTERFERIENPROGRAMM DONNERSTAG, 26. MARZ 14\uff1a00-16:00 14:0 UHR: PUTZ XL = MULL SAMMELN IN GRONE MONTAG, 30. M\u00c4RZ Dienstag Dienstag,31.M\u00e4rz 31. M\u00e4rz 14\uff1a00-16:00 UHR: KRESSE-EIER BASTELN 11:00-12.30 Uhr: Basteln von Konfetti- Eiern Mittwoch, 01.April 10:30-14:00 Uhr: Ausflug ins St\u00e4dtische Museum: Mittelalter-Ausstellung und Fahrradausstellung DONNERSTAG, 02. APRIL 10:30-12\uff1a00 UHR PLAUDERFR\u00dcHST\u00dcCK F\u00dcR KINDER UND ELTERN Nachbarschaftszentrum Grone eiterin: fabine L\u00e1ch Mehr Generationen Haus\u201c\" data-visualcompletion=\"media-vc-image\" \/><\/div>\n<div dir=\"auto\">( <a href=\"https:\/\/www.facebook.com\/photo\/?fbid=1375056204655686&amp;set=a.459098042918178\">https:\/\/www.facebook.com\/photo\/?fbid=1375056204655686&amp;set=a.459098042918178<\/a>)<\/div>\n<\/div>\n<\/div>\n<\/div>\n<\/div>\n<\/div>\n<\/div>\n<\/div>\n<\/div>\n<\/blockquote>\n<\/div>\n\t\t<div class=\"sharing\">\t<p class='mc-details'><a aria-label='Weiterlesen: 26.03.2026, Nachbarschaftszentrum Grone: Ausflug ins St\u00e4dtische Museum' href='https:\/\/rt-europaallee.de\/wordpress\/my-calendar\/?mc_id=30642'>Weiterlesen<\/a><\/p>\n<\/div><\/div><!--end .details--><\/article>\n<\/td>\n<td id='calendar-2026-04-02' class='mc-events donnerstag do past-day past-date   has-events author3 mcat_ferien mcat_treffen-erfahrungsaustausch mcat_auffhrungen--veranstaltungen mcat_sport day-with-date'><div class='mc-date-container'>\n\t<span class='mc-date'><span aria-hidden='true' class='mc-day-number'>2<\/span><span class='screen-reader-text mc-day-date'>2. April 2026<\/span><span class=\"event-icon\" aria-hidden=\"true\">&#9679;&#9679;&#9679;<\/span><span class=\"screen-reader-text\"><span class=\"mc-list-details event-count\">(4 Veranstaltungen)<\/span><\/span><\/span><\/div><article id='mc_calendar_02_30483-calendar-30483' class='mc-mc_calendar_30483 calendar-event mc_ferien mc_location-382  past-event mc_primary_ferien nonrecurring mc-2-wochen mc-start-01-00 ungrouped mc-event-4528 mc-events multidate mc-event mc_rel_ferien'><header>\t<h3 class='event-title summary' id='mc_30483-title-my-calendar'><button type='button' id='modal-button-mc_calendar_02_30483-calendar-details-30483' data-modal-content-id='mc_calendar_02_30483-calendar-details-30483' data-modal-prefix-class='my-calendar' data-modal-close-text='Schlie\u00dfen' data-modal-title='Schulferien' aria-controls='mc_calendar_02_30483-calendar-details-30483' class='calendar mc-modal button button-link url summary has-image'><svg style=\"fill:#ffffff\" focusable=\"false\" role=\"img\" aria-labelledby=\"cat_30483\" class=\"category-icon\" xmlns=\"http:\/\/www.w3.org\/2000\/svg\" viewBox=\"0 0 640 512\"><!-- Font Awesome Free 5.15.3 by @fontawesome - https:\/\/fontawesome.com License - https:\/\/fontawesome.com\/license\/free (Icons: CC BY 4.0, Fonts: SIL OFL 1.1, Code: MIT License) --><title id='cat_30483'>Kategorie: Ferien<\/title><path d=\"M0 224v272c0 8.84 7.16 16 16 16h80V192H32c-17.67 0-32 14.33-32 32zm360-48h-24v-40c0-4.42-3.58-8-8-8h-16c-4.42 0-8 3.58-8 8v64c0 4.42 3.58 8 8 8h48c4.42 0 8-3.58 8-8v-16c0-4.42-3.58-8-8-8zm137.75-63.96l-160-106.67a32.02 32.02 0 0 0-35.5 0l-160 106.67A32.002 32.002 0 0 0 128 138.66V512h128V368c0-8.84 7.16-16 16-16h96c8.84 0 16 7.16 16 16v144h128V138.67c0-10.7-5.35-20.7-14.25-26.63zM320 256c-44.18 0-80-35.82-80-80s35.82-80 80-80 80 35.82 80 80-35.82 80-80 80zm288-64h-64v320h80c8.84 0 16-7.16 16-16V224c0-17.67-14.33-32-32-32z\"\/><\/svg> <div>Schulferien<\/div><\/button><\/h3>\n<\/header><div id='mc_calendar_02_30483-calendar-details-30483' class='details no-image uses-modal single-details'  aria-labelledby='mc_30483-title-my-calendar'>\n\t<button type='button' aria-controls='mc_calendar_02_30483-calendar-details-30483' class='mc-toggle close'><span class='dashicons dashicons-dismiss' aria-hidden='true'><\/span><span class='screen-reader-text'>Close<\/span><\/button>\n\t\r\n\t<div class='time-block'>\r\n\t\t<span class='mc-icon' aria-hidden='true'><\/span>\r\n\t\t<p><span class=\"time-wrapper\"> <span class='event-time'><abbr title='Nicht zutreffend'>n.\u00a0a.<\/abbr><\/span>  <\/span><br \/><span class=\"date-wrapper\"><span class='mc-start-date dtstart' title='2026-03-23T00:00:00+02:00' content='2026-03-23T00:00:00+02:00'>23. M\u00e4rz 2026<\/span> <span class='date-separator'> &ndash; <\/span> <span class=\"event-time dtend\">7. April 2026<\/span><\/span><\/p>\r\n\t<\/div>\n\t\t<div class='longdesc description'><p>(Quelle: <a href=\"https:\/\/www.schulferien.org\/Kalender_mit_Ferien\/Niedersachsen.html\">https:\/\/www.schulferien.org\/Kalender_mit_Ferien\/Niedersachsen.html<\/a>)<\/p>\n<\/div>\n\t\t<div class=\"sharing\">\t<p class='mc-details'><a aria-label='Weiterlesen: Schulferien' href='https:\/\/rt-europaallee.de\/wordpress\/my-calendar\/?mc_id=30483'>Weiterlesen<\/a><\/p>\n<\/div><\/div><!--end .details--><\/article><article id='mc_calendar_02_30643-calendar-30643' class='mc-mc_calendar_30643 calendar-event mc_treffen-erfahrungsaustausch mc_location-395  past-event mc_primary_treffen-erfahrungsaustausch nonrecurring mc-2-stunden mc-start-10-30 ungrouped mc-event-4608 mc-events mc-event mc_rel_treffenerfahrungsaustausch'><header>\t<h3 class='event-title summary' id='mc_30643-title-my-calendar'><button type='button' id='modal-button-mc_calendar_02_30643-calendar-details-30643' data-modal-content-id='mc_calendar_02_30643-calendar-details-30643' data-modal-prefix-class='my-calendar' data-modal-close-text='Schlie\u00dfen' data-modal-title='26.03.2026, Nachbarschaftszentrum Grone: PLauderfr\u00fchst\u00fcck f\u00fcr Kinder und Eltern' aria-controls='mc_calendar_02_30643-calendar-details-30643' class='calendar mc-modal button button-link url summary has-image'><svg style=\"fill:#000000\" focusable=\"false\" role=\"img\" aria-labelledby=\"cat_30643\" class=\"category-icon\" xmlns=\"http:\/\/www.w3.org\/2000\/svg\" viewBox=\"0 0 640 512\"><!-- Font Awesome Free 5.15.3 by @fontawesome - https:\/\/fontawesome.com License - https:\/\/fontawesome.com\/license\/free (Icons: CC BY 4.0, Fonts: SIL OFL 1.1, Code: MIT License) --><title id='cat_30643'>Kategorie: Treffen\/ Erfahrungsaustausch<\/title><path d=\"M434.7 64h-85.9c-8 0-15.7 3-21.6 8.4l-98.3 90c-.1.1-.2.3-.3.4-16.6 15.6-16.3 40.5-2.1 56 12.7 13.9 39.4 17.6 56.1 2.7.1-.1.3-.1.4-.2l79.9-73.2c6.5-5.9 16.7-5.5 22.6 1 6 6.5 5.5 16.6-1 22.6l-26.1 23.9L504 313.8c2.9 2.4 5.5 5 7.9 7.7V128l-54.6-54.6c-5.9-6-14.1-9.4-22.6-9.4zM544 128.2v223.9c0 17.7 14.3 32 32 32h64V128.2h-96zm48 223.9c-8.8 0-16-7.2-16-16s7.2-16 16-16 16 7.2 16 16-7.2 16-16 16zM0 384h64c17.7 0 32-14.3 32-32V128.2H0V384zm48-63.9c8.8 0 16 7.2 16 16s-7.2 16-16 16-16-7.2-16-16c0-8.9 7.2-16 16-16zm435.9 18.6L334.6 217.5l-30 27.5c-29.7 27.1-75.2 24.5-101.7-4.4-26.9-29.4-24.8-74.9 4.4-101.7L289.1 64h-83.8c-8.5 0-16.6 3.4-22.6 9.4L128 128v223.9h18.3l90.5 81.9c27.4 22.3 67.7 18.1 90-9.3l.2-.2 17.9 15.5c15.9 13 39.4 10.5 52.3-5.4l31.4-38.6 5.4 4.4c13.7 11.1 33.9 9.1 45-4.7l9.5-11.7c11.2-13.8 9.1-33.9-4.6-45.1z\"\/><\/svg> <div>26.03.2026, Nachbarschaftszentrum Grone: PLauderfr\u00fchst\u00fcck f\u00fcr Kinder und Eltern<\/div><\/button><\/h3>\n<\/header><div id='mc_calendar_02_30643-calendar-details-30643' class='details no-image uses-modal single-details'  aria-labelledby='mc_30643-title-my-calendar'>\n\t<button type='button' aria-controls='mc_calendar_02_30643-calendar-details-30643' class='mc-toggle close'><span class='dashicons dashicons-dismiss' aria-hidden='true'><\/span><span class='screen-reader-text'>Close<\/span><\/button>\n\t\r\n\t<div class='time-block'>\r\n\t\t<span class='mc-icon' aria-hidden='true'><\/span>\r\n\t\t<p><span class=\"time-wrapper\"><span class='event-time dtstart'><time class='value-title' datetime='2026-04-02T10:30:00+02:00' title='2026-04-02T10:30:00+02:00'>10:30<\/time><\/span> <span class='time-separator'> &ndash; <\/span> <span class='end-time dtend'> <time class='value-title' datetime='2026-04-02T12:00:00+02:00' title='2026-04-02T12:00:00+02:00'>12:00<\/time><\/span><\/span><br \/><span class=\"date-wrapper\"><span class='mc-start-date dtstart' title='2026-04-02T10:30:00+02:00' content='2026-04-02T10:30:00+02:00'>2. April 2026<\/span>  <\/span><\/p>\r\n\t<\/div>\n\t\t<div class='longdesc description'><p>(Quelle: <a href=\"https:\/\/www.facebook.com\/nachbarschaftszentrum.grone.goettingen\/posts\/pfbid02D6RyCnBeB9AgmBWyuzTd2oRjVpLETu9AVCVCNn9GinBF61ASTj1sYcq61Z7YbWgxl\">https:\/\/www.facebook.com\/nachbarschaftszentrum.grone.goettingen\/posts\/pfbid02D6RyCnBeB9AgmBWyuzTd2oRjVpLETu9AVCVCNn9GinBF61ASTj1sYcq61Z7YbWgxl<\/a>)<\/p>\n<blockquote>\n<div class=\"html-div xdj266r x14z9mp xat24cr x1lziwak xexx8yu xyri2b x18d9i69 x1c1uobl\">\n<div class=\"html-div xdj266r x14z9mp x1lziwak x18d9i69 x1cy8zhl x78zum5 x1q0g3np xod5an3 xz9dl7a x1g0dm76 xpdmqnj\">\n<div class=\"html-div xdj266r x14z9mp xat24cr x1lziwak xexx8yu xyri2b x18d9i69 x1c1uobl x1iyjqo2 xeuugli\">\n<div class=\"x78zum5 xdt5ytf xz62fqu x16ldp7u\">\n<div class=\"xu06os2 x1ok221b\">\n<div class=\"html-div xdj266r x14z9mp xat24cr x1lziwak xexx8yu xyri2b x18d9i69 x1c1uobl\" data-ad-rendering-role=\"profile_name\">\n<h3 class=\"html-h3 x14z9mp xat24cr x1lziwak xexx8yu xyri2b x18d9i69 x1c1uobl x1vvkbs x1heor9g x1qlqyl8 x1pd3egz x1a2a7pz x1gslohp x1yc453h\"><span class=\"x78zum5 x1q0g3np\"><span class=\"x1lliihq x6ikm8r x10wlt62 x1n2onr6 xlyipyv xuxw1ft\"><span class=\"xt0psk2\"><span class=\"xjp7ctv\"><a class=\"x1i10hfl xjbqb8w x1ejq31n x18oe1m7 x1sy0etr xstzfhl x972fbf x10w94by x1qhh985 x14e42zd x9f619 x1ypdohk xt0psk2 x3ct3a4 xdj266r x14z9mp xat24cr x1lziwak xexx8yu xyri2b x18d9i69 x1c1uobl x16tdsg8 x1hl2dhg xggy1nq x1a2a7pz xkrqix3 x1sur9pj xzsf02u x1s688f\" href=\"https:\/\/www.facebook.com\/nachbarschaftszentrum.grone.goettingen?__cft__[0]=AZZYxPjc_fm6OtQ1IvjAUpvdGI21Fy9xoBTvvzu9pm0xqe6eaZvfWsupAuDT5M1B0V_jlrslBf-gH3u3XFgpfLkvVU5brdVx_zZGE9e7XS-zU1EmYJpYGRNBNJJkpuK02XkuPMIfFt0Fk8-qxmfayuD6DcRQ9xUBfVdITtfI75bATA&amp;__tn__=-UC%2CP-R\"><b class=\"html-b xdj266r x14z9mp xat24cr x1lziwak xexx8yu xyri2b x18d9i69 x1c1uobl x1hl2dhg x16tdsg8 x1vvkbs x1s688f\"><span class=\"html-span xdj266r x14z9mp xat24cr x1lziwak xexx8yu xyri2b x18d9i69 x1c1uobl x1hl2dhg x16tdsg8 x1vvkbs\">Nachbarschaftszentrum Grone<\/span><\/b><\/a><\/span><\/span><\/span><\/span><\/h3>\n<\/div>\n<\/div>\n<\/div>\n<\/div>\n<\/div>\n<\/div>\n<div class=\"html-div xdj266r x14z9mp xat24cr x1lziwak xexx8yu xyri2b x18d9i69 x1c1uobl\">\n<div class=\"html-div xdj266r x14z9mp xat24cr x1lziwak xexx8yu xyri2b x18d9i69 x1c1uobl\" dir=\"auto\">\n<div class=\"html-div xdj266r x14z9mp xat24cr x1lziwak xexx8yu xyri2b x18d9i69 x1c1uobl\" data-ad-rendering-role=\"story_message\">\n<div class=\"x1l90r2v x1iorvi4 x1g0dm76 xpdmqnj\" data-ad-comet-preview=\"message\" data-ad-preview=\"message\">\n<div class=\"x78zum5 xdt5ytf xz62fqu x16ldp7u\">\n<div class=\"xu06os2 x1ok221b\">\n<div class=\"html-div xdj266r x14z9mp xat24cr x1lziwak xexx8yu xyri2b x18d9i69 x1c1uobl\">\n<div class=\"xdj266r x14z9mp xat24cr x1lziwak x1vvkbs x126k92a\">\n<div dir=\"auto\">Liebe Kinder,<\/div>\n<\/div>\n<div class=\"x14z9mp xat24cr x1lziwak x1vvkbs xtlvy1s x126k92a\">\n<div dir=\"auto\">habt ihr in den Ferien schon was vor? Wir haben ein kleines Ferienprogramm zusammengestellt. Bitte meldet euch gern an unserer Infotheke an und ihr werdet zur Bastelgruppe weitergeleitet.<\/div>\n<\/div>\n<div class=\"x14z9mp xat24cr x1lziwak x1vvkbs xtlvy1s x126k92a\">\n<div dir=\"auto\">Wir freuen uns auf euch!<\/div>\n<\/div>\n<div class=\"x14z9mp xat24cr x1lziwak x1vvkbs xtlvy1s x126k92a\">\n<div dir=\"auto\">Euer Nachbarschaftszentrum Mehrgenerationenhaus Grone<\/div>\n<div dir=\"auto\"><\/div>\n<div dir=\"auto\"><img decoding=\"async\" class=\"x15mokao x1ga7v0g x16uus16 xbiv7yw x1bwycvy x193iq5w x4fas0m x19kjcj4\" src=\"https:\/\/scontent-ham3-1.xx.fbcdn.net\/v\/t39.30808-6\/657592612_1375056207989019_536218927924747846_n.jpg?_nc_cat=101&amp;ccb=1-7&amp;_nc_sid=13d280&amp;_nc_ohc=u19ABYPBO0UQ7kNvwEi-S7K&amp;_nc_oc=AdqeJCgPiUpXTMRvNpbp-q5lHsEHiAtCq5cP2szIb1GCMU1Rwui8FDBqrctSNL-HrtCZZBWJtV5mhy5sbHYDKBai&amp;_nc_zt=23&amp;_nc_ht=scontent-ham3-1.xx&amp;_nc_gid=OTr2qVTl7AcqvKgPUQ8gOA&amp;_nc_ss=7a32e&amp;oh=00_AfyjsRMZqsR_r0s9W0Mmwq8D3g9J6VDIc-l5lWLdizn8Fw&amp;oe=69CCB39C\" alt=\"Ist m\u00f6glicherweise ein Bild von eine oder mehrere Personen und Text \u201eOSTERFERIENPROGRAMM DONNERSTAG, 26. MARZ 14\uff1a00-16:00 14:0 UHR: PUTZ XL = MULL SAMMELN IN GRONE MONTAG, 30. M\u00c4RZ Dienstag Dienstag,31.M\u00e4rz 31. M\u00e4rz 14\uff1a00-16:00 UHR: KRESSE-EIER BASTELN 11:00-12.30 Uhr: Basteln von Konfetti- Eiern Mittwoch, 01.April 10:30-14:00 Uhr: Ausflug ins St\u00e4dtische Museum: Mittelalter-Ausstellung und Fahrradausstellung DONNERSTAG, 02. APRIL 10:30-12\uff1a00 UHR PLAUDERFR\u00dcHST\u00dcCK F\u00dcR KINDER UND ELTERN Nachbarschaftszentrum Grone eiterin: fabine L\u00e1ch Mehr Generationen Haus\u201c\" data-visualcompletion=\"media-vc-image\" \/><\/div>\n<div dir=\"auto\">( <a href=\"https:\/\/www.facebook.com\/photo\/?fbid=1375056204655686&amp;set=a.459098042918178\">https:\/\/www.facebook.com\/photo\/?fbid=1375056204655686&amp;set=a.459098042918178<\/a>)<\/div>\n<\/div>\n<\/div>\n<\/div>\n<\/div>\n<\/div>\n<\/div>\n<\/div>\n<\/div>\n<\/blockquote>\n<\/div>\n\t\t<div class=\"sharing\">\t<p class='mc-details'><a aria-label='Weiterlesen: 26.03.2026, Nachbarschaftszentrum Grone: PLauderfr\u00fchst\u00fcck f\u00fcr Kinder und Eltern' href='https:\/\/rt-europaallee.de\/wordpress\/my-calendar\/?mc_id=30643'>Weiterlesen<\/a><\/p>\n<\/div><\/div><!--end .details--><\/article><article id='mc_calendar_02_30598-calendar-30598' class='mc-mc_calendar_30598 calendar-event mc_auffhrungen--veranstaltungen mc_burg-plesse-37120-bovenden  past-event mc_primary_auffuehrungen-veranstaltungen nonrecurring mc-5-stunden mc-start-18-00 ungrouped mc-event-4577 mc-events mc-event mc_rel_auffhrungenveranstaltungen'><header>\t<h3 class='event-title summary' id='mc_30598-title-my-calendar'><button type='button' id='modal-button-mc_calendar_02_30598-calendar-details-30598' data-modal-content-id='mc_calendar_02_30598-calendar-details-30598' data-modal-prefix-class='my-calendar' data-modal-close-text='Schlie\u00dfen' data-modal-title='13.03.2026, GO DEEP: Oster Tanztee am Gr\u00fcndonnerstag' aria-controls='mc_calendar_02_30598-calendar-details-30598' class='calendar mc-modal button button-link url summary has-image'><svg style=\"fill:#000000\" focusable=\"false\" role=\"img\" aria-labelledby=\"cat_30598\" class=\"category-icon\" xmlns=\"http:\/\/www.w3.org\/2000\/svg\" viewBox=\"0 0 512 512\"><!-- Font Awesome Free 5.15.3 by @fontawesome - https:\/\/fontawesome.com License - https:\/\/fontawesome.com\/license\/free (Icons: CC BY 4.0, Fonts: SIL OFL 1.1, Code: MIT License) --><title id='cat_30598'>Kategorie: Auff\u00fchrungen + Veranstaltungen<\/title><path d=\"M502.63 39L473 9.37a32 32 0 0 0-45.26 0L381.46 55.7a35.14 35.14 0 0 0-8.53 13.79L360.77 106l-76.26 76.26c-12.16-8.76-25.5-15.74-40.1-19.14-33.45-7.78-67-.88-89.88 22a82.45 82.45 0 0 0-20.24 33.47c-6 18.56-23.21 32.69-42.15 34.46-23.7 2.27-45.73 11.45-62.61 28.44C-16.11 327-7.9 409 47.58 464.45S185 528 230.56 482.52c17-16.88 26.16-38.9 28.45-62.71 1.76-18.85 15.89-36.13 34.43-42.14a82.6 82.6 0 0 0 33.48-20.25c22.87-22.88 29.74-56.36 22-89.75-3.39-14.64-10.37-28-19.16-40.2L406 151.23l36.48-12.16a35.14 35.14 0 0 0 13.79-8.53l46.33-46.32a32 32 0 0 0 .03-45.22zM208 352a48 48 0 1 1 48-48 48 48 0 0 1-48 48z\"\/><\/svg> <div>13.03.2026, GO DEEP: Oster Tanztee am Gr\u00fcndonnerstag<\/div><\/button><\/h3>\n<\/header><div id='mc_calendar_02_30598-calendar-details-30598' class='details no-image uses-modal single-details'  aria-labelledby='mc_30598-title-my-calendar'>\n\t<button type='button' aria-controls='mc_calendar_02_30598-calendar-details-30598' class='mc-toggle close'><span class='dashicons dashicons-dismiss' aria-hidden='true'><\/span><span class='screen-reader-text'>Close<\/span><\/button>\n\t\r\n\t<div class='time-block'>\r\n\t\t<span class='mc-icon' aria-hidden='true'><\/span>\r\n\t\t<p><span class=\"time-wrapper\"><span class='event-time dtstart'><time class='value-title' datetime='2026-04-02T18:00:00+02:00' title='2026-04-02T18:00:00+02:00'>18:00<\/time><\/span> <span class='time-separator'> &ndash; <\/span> <span class='end-time dtend'> <time class='value-title' datetime='2026-04-02T23:00:00+02:00' title='2026-04-02T23:00:00+02:00'>23:00<\/time><\/span><\/span><br \/><span class=\"date-wrapper\"><span class='mc-start-date dtstart' title='2026-04-02T18:00:00+02:00' content='2026-04-02T18:00:00+02:00'>2. April 2026<\/span>  <\/span><\/p>\r\n\t<\/div>\n\t\t<div class='longdesc description'><p>(Quelle: <a href=\"https:\/\/www.facebook.com\/events\/946008911312796?active_tab=about\">https:\/\/www.facebook.com\/events\/946008911312796?active_tab=about<\/a>)<\/p>\n<blockquote>\n<div class=\"html-div xjyslct xjbqb8w x972fbf x10w94by x1qhh985 x14e42zd x9f619 x1rg5ohu xdj266r x14z9mp xat24cr x1lziwak xexx8yu xyri2b x18d9i69 x1c1uobl x1n2onr6 x16tdsg8 xh8yej3\" role=\"listitem\">\n<div class=\"html-div xdj266r x14z9mp xat24cr x1lziwak xyri2b x1c1uobl x78zum5 xdt5ytf xwib8y2 x1y1aw1k\">\n<div class=\"x9f619 x1ja2u2z x78zum5 x2lah0s x1n2onr6 x1nhvcw1 x1cy8zhl xozqiw3 x1q0g3np xv54qhq xf7dkkf x18d9i69 xexx8yu x1ws5yxj xw01apr x4cne27 xifccgj\">\n<div class=\"x9f619 x1n2onr6 x1ja2u2z x78zum5 xdt5ytf x193iq5w xeuugli x1r8uery x1iyjqo2 xs83m0k xamitd3 x1icxu4v x25sj25 x10b6aqq x1yrsyyn\">\n<div class=\"x78zum5 xdt5ytf xz62fqu x16ldp7u\">\n<div class=\"xu06os2 x1ok221b\"><span class=\"x193iq5w xeuugli x13faqbe x1vvkbs x1xmvt09 x1lliihq x1s928wv xhkezso x1gmr53x x1cpjm7i x1fgarty x1943h6x xudqn12 x3x7a5m x6prxxf xvq8zen xo1l8bm xzsf02u x1yc453h\" dir=\"auto\">Veranstaltung von <b class=\"html-b xdj266r x14z9mp xat24cr x1lziwak xexx8yu xyri2b x18d9i69 x1c1uobl x1hl2dhg x16tdsg8 x1vvkbs x1s688f\"><a class=\"x1i10hfl xjbqb8w x1ejq31n x18oe1m7 x1sy0etr xstzfhl x972fbf x10w94by x1qhh985 x14e42zd x9f619 x1ypdohk xt0psk2 x3ct3a4 xdj266r x14z9mp xat24cr x1lziwak xexx8yu xyri2b x18d9i69 x1c1uobl x16tdsg8 x1hl2dhg xggy1nq x1a2a7pz xkrqix3 x1sur9pj xzsf02u x1s688f\" href=\"https:\/\/www.facebook.com\/timo.jahns.official\">Timo Jahns (official)<\/a><\/b>, <b class=\"html-b xdj266r x14z9mp xat24cr x1lziwak xexx8yu xyri2b x18d9i69 x1c1uobl x1hl2dhg x16tdsg8 x1vvkbs x1s688f\"><a class=\"x1i10hfl xjbqb8w x1ejq31n x18oe1m7 x1sy0etr xstzfhl x972fbf x10w94by x1qhh985 x14e42zd x9f619 x1ypdohk xt0psk2 x3ct3a4 xdj266r x14z9mp xat24cr x1lziwak xexx8yu xyri2b x18d9i69 x1c1uobl x16tdsg8 x1hl2dhg xggy1nq x1a2a7pz xkrqix3 x1sur9pj xzsf02u x1s688f\" href=\"https:\/\/www.facebook.com\/BurgschaenkePlesse\">Burgsch\u00e4nke Plesse<\/a><\/b> und <b class=\"html-b xdj266r x14z9mp xat24cr x1lziwak xexx8yu xyri2b x18d9i69 x1c1uobl x1hl2dhg x16tdsg8 x1vvkbs x1s688f\"><a class=\"x1i10hfl xjbqb8w x1ejq31n x18oe1m7 x1sy0etr xstzfhl x972fbf x10w94by x1qhh985 x14e42zd x9f619 x1ypdohk xt0psk2 x3ct3a4 xdj266r x14z9mp xat24cr x1lziwak xexx8yu xyri2b x18d9i69 x1c1uobl x16tdsg8 x1hl2dhg xggy1nq x1a2a7pz xkrqix3 x1sur9pj xzsf02u x1s688f\" href=\"https:\/\/www.facebook.com\/timo.jahns\">Timo Jahns<\/a><\/b><\/span><\/div>\n<\/div>\n<\/div>\n<\/div>\n<\/div>\n<\/div>\n<div class=\"html-div xjyslct xjbqb8w x972fbf x10w94by x1qhh985 x14e42zd x9f619 x1rg5ohu xdj266r x14z9mp xat24cr x1lziwak xexx8yu xyri2b x18d9i69 x1c1uobl x1n2onr6 x16tdsg8 xh8yej3\" role=\"listitem\">\n<div class=\"html-div xdj266r x14z9mp xat24cr x1lziwak xyri2b x1c1uobl x78zum5 xdt5ytf xwib8y2 x1y1aw1k\">\n<div class=\"x9f619 x1ja2u2z x78zum5 x2lah0s x1n2onr6 x1nhvcw1 x1cy8zhl xozqiw3 x1q0g3np xv54qhq xf7dkkf x18d9i69 xexx8yu x1ws5yxj xw01apr x4cne27 xifccgj\">\n<div class=\"x9f619 x1n2onr6 x1ja2u2z x78zum5 xdt5ytf x2lah0s x193iq5w xeuugli x1icxu4v x25sj25 x10b6aqq x1yrsyyn\"><\/div>\n<div class=\"x9f619 x1n2onr6 x1ja2u2z x78zum5 xdt5ytf x193iq5w xeuugli x1r8uery x1iyjqo2 xs83m0k xamitd3 x1icxu4v x25sj25 x10b6aqq x1yrsyyn\">\n<div class=\"x78zum5 xdt5ytf xz62fqu x16ldp7u\">\n<div class=\"xu06os2 x1ok221b\"><span class=\"x193iq5w xeuugli x13faqbe x1vvkbs x1xmvt09 x1lliihq x1s928wv xhkezso x1gmr53x x1cpjm7i x1fgarty x1943h6x xudqn12 x3x7a5m x6prxxf xvq8zen xo1l8bm xzsf02u x1yc453h\" dir=\"auto\"><a class=\"x1i10hfl xjbqb8w x1ejq31n x18oe1m7 x1sy0etr xstzfhl x972fbf x10w94by x1qhh985 x14e42zd x9f619 x1ypdohk xt0psk2 x3ct3a4 xdj266r x14z9mp xat24cr x1lziwak xexx8yu xyri2b x18d9i69 x1c1uobl x16tdsg8 x1hl2dhg xggy1nq x1a2a7pz xkrqix3 x1sur9pj x1fey0fg x1s688f\" href=\"https:\/\/facebook.com\/BurgschaenkePlesse\" target=\"_blank\">Burgsch\u00e4nke Plesse<\/a><\/span><\/div>\n<\/div>\n<\/div>\n<\/div>\n<\/div>\n<\/div>\n<div class=\"html-div xjyslct xjbqb8w x972fbf x10w94by x1qhh985 x14e42zd x9f619 x1rg5ohu xdj266r x14z9mp xat24cr x1lziwak xexx8yu xyri2b x18d9i69 x1c1uobl x1n2onr6 x16tdsg8 xh8yej3\" role=\"listitem\">\n<div class=\"html-div xdj266r x14z9mp xat24cr x1lziwak xyri2b x1c1uobl x78zum5 xdt5ytf xwib8y2 x1y1aw1k\">\n<div class=\"x9f619 x1ja2u2z x78zum5 x2lah0s x1n2onr6 x1nhvcw1 x1cy8zhl xozqiw3 x1q0g3np xv54qhq xf7dkkf x18d9i69 xexx8yu x1ws5yxj xw01apr x4cne27 xifccgj\">\n<div class=\"x9f619 x1n2onr6 x1ja2u2z x78zum5 xdt5ytf x2lah0s x193iq5w xeuugli x1icxu4v x25sj25 x10b6aqq x1yrsyyn\"><\/div>\n<div class=\"x9f619 x1n2onr6 x1ja2u2z x78zum5 xdt5ytf x193iq5w xeuugli x1r8uery x1iyjqo2 xs83m0k xamitd3 x1icxu4v x25sj25 x10b6aqq x1yrsyyn\">\n<div class=\"x78zum5 xdt5ytf xz62fqu x16ldp7u\">\n<div class=\"xu06os2 x1ok221b\"><span class=\"x193iq5w xeuugli x13faqbe x1vvkbs x1xmvt09 x1lliihq x1s928wv xhkezso x1gmr53x x1cpjm7i x1fgarty x1943h6x xudqn12 x3x7a5m x6prxxf xvq8zen xo1l8bm xzsf02u x1yc453h\" dir=\"auto\">Laufzeit: 5 Std.<\/span><\/div>\n<\/div>\n<\/div>\n<\/div>\n<\/div>\n<\/div>\n<div class=\"html-div xjyslct xjbqb8w x972fbf x10w94by x1qhh985 x14e42zd x9f619 x1rg5ohu xdj266r x14z9mp xat24cr x1lziwak xexx8yu xyri2b x18d9i69 x1c1uobl x1n2onr6 x16tdsg8 xh8yej3\" role=\"listitem\">\n<div class=\"html-div xdj266r x14z9mp xat24cr x1lziwak xyri2b x1c1uobl x78zum5 xdt5ytf xwib8y2 x1y1aw1k\">\n<div class=\"x9f619 x1ja2u2z x78zum5 x2lah0s x1n2onr6 x1nhvcw1 x1cy8zhl xozqiw3 x1q0g3np xv54qhq xf7dkkf x18d9i69 xexx8yu x1ws5yxj xw01apr x4cne27 xifccgj\">\n<div class=\"x9f619 x1n2onr6 x1ja2u2z x78zum5 xdt5ytf x2lah0s x193iq5w xeuugli x1icxu4v x25sj25 x10b6aqq x1yrsyyn\"><\/div>\n<div class=\"x9f619 x1n2onr6 x1ja2u2z x78zum5 xdt5ytf x193iq5w xeuugli x1r8uery x1iyjqo2 xs83m0k xamitd3 x1icxu4v x25sj25 x10b6aqq x1yrsyyn\">\n<div class=\"x78zum5 xdt5ytf xz62fqu x16ldp7u\">\n<div class=\"xu06os2 x1ok221b\"><span class=\"x193iq5w xeuugli x13faqbe x1vvkbs x1xmvt09 x1lliihq x1s928wv xhkezso x1gmr53x x1cpjm7i x1fgarty x1943h6x xudqn12 x3x7a5m x6prxxf xvq8zen xo1l8bm xzsf02u x1yc453h\" dir=\"auto\">\u00d6ffentlich<span class=\"xzpqnlu xjm9jq1 x6ikm8r x10wlt62 x10l6tqk x1i1rx1s\">\u00a0<\/span><span aria-hidden=\"true\"> \u00b7 <\/span>Jede Person auf und au\u00dferhalb von Facebook<\/span><\/div>\n<\/div>\n<\/div>\n<\/div>\n<\/div>\n<\/div>\n<div class=\"html-div xdj266r x14z9mp xat24cr x1lziwak xexx8yu x18d9i69 xv54qhq xf7dkkf\">\n<div class=\"x1ni5s2d\">\n<div class=\"xdj266r x14z9mp xat24cr x1lziwak x1vvkbs\"><span class=\"html-span xexx8yu xyri2b x18d9i69 x1c1uobl x1hl2dhg x16tdsg8 x1vvkbs x3nfvp2 x1j61x8r x1fcty0u xdj266r xat24cr xm2jcoa x1mpyi22 xxymvpz xlup9mm x1kky2od\"><img loading=\"lazy\" decoding=\"async\" class=\"xz74otr x15mokao x1ga7v0g x16uus16 xbiv7yw\" src=\"https:\/\/static.xx.fbcdn.net\/images\/emoji.php\/v9\/t29\/1\/16\/1f430.png\" alt=\"\ud83d\udc30\" width=\"16\" height=\"16\" \/><\/span> Ostern ohne deepen Bass? <span class=\"html-span xexx8yu xyri2b x18d9i69 x1c1uobl x1hl2dhg x16tdsg8 x1vvkbs x3nfvp2 x1j61x8r x1fcty0u xdj266r xat24cr xm2jcoa x1mpyi22 xxymvpz xlup9mm x1kky2od\"><img loading=\"lazy\" decoding=\"async\" class=\"xz74otr x15mokao x1ga7v0g x16uus16 xbiv7yw\" src=\"https:\/\/static.xx.fbcdn.net\/images\/emoji.php\/v9\/t5\/1\/16\/1f92f.png\" alt=\"\ud83e\udd2f\" width=\"16\" height=\"16\" \/><\/span> pfffff\u2026..Unvorstellbar!<\/div>\n<div class=\"x14z9mp xat24cr x1lziwak x1vvkbs xtlvy1s\">Um Euch die Wartezeit bis zum 5 Jahre GO DEEP Open Air auf der Burg Plesse zu verk\u00fcrzen, schieben wir zu Ostern einfach noch eine kleine, aber feine Aufw\u00e4rmrunde ein. <span class=\"html-span xexx8yu xyri2b x18d9i69 x1c1uobl x1hl2dhg x16tdsg8 x1vvkbs x3nfvp2 x1j61x8r x1fcty0u xdj266r xat24cr xm2jcoa x1mpyi22 xxymvpz xlup9mm x1kky2od\"><img loading=\"lazy\" decoding=\"async\" class=\"xz74otr x15mokao x1ga7v0g x16uus16 xbiv7yw\" src=\"https:\/\/static.xx.fbcdn.net\/images\/emoji.php\/v9\/t29\/1\/16\/1f430.png\" alt=\"\ud83d\udc30\" width=\"16\" height=\"16\" \/><\/span> Hei\u00dft: GO DEEP Oster-Tanztee.<\/div>\n<div class=\"x14z9mp xat24cr x1lziwak x1vvkbs xtlvy1s\">Ihr tanzt, wie beim letzten Tanztee, in der Burg zu deepen elektronischen Beats. Es wird laut, warm, sweaty und vor allem sind wir Wetterfest!<\/div>\n<div class=\"x14z9mp xat24cr x1lziwak x1vvkbs xtlvy1s\"><span class=\"html-span xexx8yu xyri2b x18d9i69 x1c1uobl x1hl2dhg x16tdsg8 x1vvkbs x3nfvp2 x1j61x8r x1fcty0u xdj266r xat24cr xm2jcoa x1mpyi22 xxymvpz xlup9mm x1kky2od\"><img loading=\"lazy\" decoding=\"async\" class=\"xz74otr x15mokao x1ga7v0g x16uus16 xbiv7yw\" src=\"https:\/\/static.xx.fbcdn.net\/images\/emoji.php\/v9\/t50\/1\/16\/1f525.png\" alt=\"\ud83d\udd25\" width=\"16\" height=\"16\" \/><\/span> GO DEEP Oster Tanztee am Gr\u00fcndonnerstag<br class=\"html-br\" \/><span class=\"html-span xexx8yu xyri2b x18d9i69 x1c1uobl x1hl2dhg x16tdsg8 x1vvkbs x3nfvp2 x1j61x8r x1fcty0u xdj266r xat24cr xm2jcoa x1mpyi22 xxymvpz xlup9mm x1kky2od\"><img loading=\"lazy\" decoding=\"async\" class=\"xz74otr x15mokao x1ga7v0g x16uus16 xbiv7yw\" src=\"https:\/\/static.xx.fbcdn.net\/images\/emoji.php\/v9\/t2d\/1\/16\/1f4cd.png\" alt=\"\ud83d\udccd\" width=\"16\" height=\"16\" \/><\/span> Burg Plesse \u2013 Indoor<br class=\"html-br\" \/><span class=\"html-span xexx8yu xyri2b x18d9i69 x1c1uobl x1hl2dhg x16tdsg8 x1vvkbs x3nfvp2 x1j61x8r x1fcty0u xdj266r xat24cr xm2jcoa x1mpyi22 xxymvpz xlup9mm x1kky2od\"><img loading=\"lazy\" decoding=\"async\" class=\"xz74otr x15mokao x1ga7v0g x16uus16 xbiv7yw\" src=\"https:\/\/static.xx.fbcdn.net\/images\/emoji.php\/v9\/t7e\/1\/16\/1f4c5.png\" alt=\"\ud83d\udcc5\" width=\"16\" height=\"16\" \/><\/span> Do, 02.04.26<br class=\"html-br\" \/><span class=\"html-span xexx8yu xyri2b x18d9i69 x1c1uobl x1hl2dhg x16tdsg8 x1vvkbs x3nfvp2 x1j61x8r x1fcty0u xdj266r xat24cr xm2jcoa x1mpyi22 xxymvpz xlup9mm x1kky2od\"><img loading=\"lazy\" decoding=\"async\" class=\"xz74otr x15mokao x1ga7v0g x16uus16 xbiv7yw\" src=\"https:\/\/static.xx.fbcdn.net\/images\/emoji.php\/v9\/t2b\/1\/16\/1f553.png\" alt=\"\ud83d\udd53\" width=\"16\" height=\"16\" \/><\/span> 18\u201323 Uhr<br class=\"html-br\" \/><span class=\"html-span xexx8yu xyri2b x18d9i69 x1c1uobl x1hl2dhg x16tdsg8 x1vvkbs x3nfvp2 x1j61x8r x1fcty0u xdj266r xat24cr xm2jcoa x1mpyi22 xxymvpz xlup9mm x1kky2od\"><img loading=\"lazy\" decoding=\"async\" class=\"xz74otr x15mokao x1ga7v0g x16uus16 xbiv7yw\" src=\"https:\/\/static.xx.fbcdn.net\/images\/emoji.php\/v9\/t62\/1\/16\/1f4b8.png\" alt=\"\ud83d\udcb8\" width=\"16\" height=\"16\" \/><\/span> 15 \u20ac | <span class=\"html-span xexx8yu xyri2b x18d9i69 x1c1uobl x1hl2dhg x16tdsg8 x1vvkbs x3nfvp2 x1j61x8r x1fcty0u xdj266r xat24cr xm2jcoa x1mpyi22 xxymvpz xlup9mm x1kky2od\"><img loading=\"lazy\" decoding=\"async\" class=\"xz74otr x15mokao x1ga7v0g x16uus16 xbiv7yw\" src=\"https:\/\/static.xx.fbcdn.net\/images\/emoji.php\/v9\/td8\/1\/16\/1f39f.png\" alt=\"\ud83c\udf9f\ufe0f\" width=\"16\" height=\"16\" \/><\/span> nur Tageskasse<br class=\"html-br\" \/><span class=\"html-span xexx8yu xyri2b x18d9i69 x1c1uobl x1hl2dhg x16tdsg8 x1vvkbs x3nfvp2 x1j61x8r x1fcty0u xdj266r xat24cr xm2jcoa x1mpyi22 xxymvpz xlup9mm x1kky2od\"><img loading=\"lazy\" decoding=\"async\" class=\"xz74otr x15mokao x1ga7v0g x16uus16 xbiv7yw\" src=\"https:\/\/static.xx.fbcdn.net\/images\/emoji.php\/v9\/tdc\/1\/16\/26a0.png\" alt=\"\u26a0\ufe0f\" width=\"16\" height=\"16\" \/><\/span> Begrenzte Pl\u00e4tze \u2013 wer zuerst kommt, tanzt zuerst.<\/div>\n<div class=\"x14z9mp xat24cr x1lziwak x1vvkbs xtlvy1s\">Also: Sneaker schn\u00fcren, H\u00fcften \u00f6len und p\u00fcnktlich aufschlagen \u2013 bevor Ihr die Musik nur von drau\u00dfen h\u00f6rt statt auf den Dancefloor drinnen zu tanzen. <span class=\"html-span xexx8yu xyri2b x18d9i69 x1c1uobl x1hl2dhg x16tdsg8 x1vvkbs x3nfvp2 x1j61x8r x1fcty0u xdj266r xat24cr xm2jcoa x1mpyi22 xxymvpz xlup9mm x1kky2od\"><img loading=\"lazy\" decoding=\"async\" class=\"xz74otr x15mokao x1ga7v0g x16uus16 xbiv7yw\" src=\"https:\/\/static.xx.fbcdn.net\/images\/emoji.php\/v9\/tc7\/1\/16\/1f483.png\" alt=\"\ud83d\udc83\" width=\"16\" height=\"16\" \/><\/span><span class=\"html-span xexx8yu xyri2b x18d9i69 x1c1uobl x1hl2dhg x16tdsg8 x1vvkbs x3nfvp2 x1j61x8r x1fcty0u xdj266r xat24cr xm2jcoa x1mpyi22 xxymvpz xlup9mm x1kky2od\"><img loading=\"lazy\" decoding=\"async\" class=\"xz74otr x15mokao x1ga7v0g x16uus16 xbiv7yw\" src=\"https:\/\/static.xx.fbcdn.net\/images\/emoji.php\/v9\/t97\/1\/16\/1f57a.png\" alt=\"\ud83d\udd7a\" width=\"16\" height=\"16\" \/><\/span><\/div>\n<div><\/div>\n<div><img decoding=\"async\" class=\"x15mokao x1ga7v0g x16uus16 xbiv7yw x1bwycvy x193iq5w x4fas0m x19kjcj4\" src=\"https:\/\/scontent-ham3-1.xx.fbcdn.net\/v\/t39.30808-6\/646850876_1588517886333744_5847174865088029914_n.jpg?_nc_cat=109&amp;ccb=1-7&amp;_nc_sid=7e0d18&amp;_nc_ohc=90AJamO8I6EQ7kNvwGggchL&amp;_nc_oc=AdkSEFMHSUvOBXE1n1bHn2DwyXBz6dcH7YxECGY43qUospzLX1waFsaXQBxxV-1Uo46sQ4YEvAPhzhDfPOF_SnyL&amp;_nc_zt=23&amp;_nc_ht=scontent-ham3-1.xx&amp;_nc_gid=jIj4_mOJXSCR2N1_46-L8w&amp;_nc_ss=8&amp;oh=00_Afy7EORETt5cedcQ9J8-vDH_re4ihfG3KfcGlmQf7Zy4RQ&amp;oe=69B94063\" alt=\"Ist m\u00f6glicherweise ein Bild von Text \u201eGODEEP OSTER TANZTEE DO 02.04.26 BURG PLESSE INDOOR\u202218:00-23:00UHR INDOOR 18\uff1a00- 23:00 UHR\u201c\" data-visualcompletion=\"media-vc-image\" \/><\/div>\n<div>( <a href=\"https:\/\/www.facebook.com\/photo\/?fbid=1588517883000411&amp;set=gm.946008957979458\">https:\/\/www.facebook.com\/photo\/?fbid=1588517883000411&amp;set=gm.946008957979458<\/a>)<\/div>\n<\/div>\n<\/div>\n<\/blockquote>\n<\/div>\n\t\t<div class=\"mc-location\"><div class=\"address location vcard\"><div class='map'><a href='https:\/\/www.google.de\/maps\/dir\/Burg+Plesse,+Bovenden\/\/@51.5974862,9.8828845,12z\/data=!4m8!4m7!1m5!1m1!1s0x47a4d52b6c26384f:0x74e9b321a4ef30b6!2m2!1d9.9652852!2d51.597515!1m0' class='url external'><span class='mc-icon' aria-hidden='true'><\/span>Karte<span class='screen-reader-text fn'> Burg Plesse, 37120 Bovenden<\/span><\/a><\/div><\/div><\/div>\n\t\t<div class=\"sharing\">\t<p class='mc-details'><a aria-label='Weiterlesen: 13.03.2026, GO DEEP: Oster Tanztee am Gr\u00fcndonnerstag' href='https:\/\/rt-europaallee.de\/wordpress\/my-calendar\/?mc_id=30598'>Weiterlesen<\/a><\/p>\n<\/div><\/div><!--end .details--><\/article><article id='mc_calendar_02_30634-calendar-30634' class='mc-mc_calendar_30634 calendar-event mc_sport mc_jahnstadion-sandweg-7-37083-gttingen  past-event mc_primary_sport nonrecurring mc mc-start-20-30 ungrouped mc-event-4601 mc-events mc-event mc_rel_sport'><header>\t<h3 class='event-title summary' id='mc_30634-title-my-calendar'><button type='button' id='modal-button-mc_calendar_02_30634-calendar-details-30634' data-modal-content-id='mc_calendar_02_30634-calendar-details-30634' data-modal-prefix-class='my-calendar' data-modal-close-text='Schlie\u00dfen' data-modal-title='26.03.2026, Lauftreff f\u00fcr den Tierschutz: 136. Gutenachtlauf' aria-controls='mc_calendar_02_30634-calendar-details-30634' class='calendar mc-modal button button-link url summary has-image'><svg style=\"fill:#000000\" focusable=\"false\" role=\"img\" aria-labelledby=\"cat_30634\" class=\"category-icon\" xmlns=\"http:\/\/www.w3.org\/2000\/svg\" viewBox=\"0 0 496 512\"><!-- Font Awesome Free 5.15.3 by @fontawesome - https:\/\/fontawesome.com License - https:\/\/fontawesome.com\/license\/free (Icons: CC BY 4.0, Fonts: SIL OFL 1.1, Code: MIT License) --><title id='cat_30634'>Kategorie: Sport<\/title><path d=\"M212.3 10.3c-43.8 6.3-86.2 24.1-122.2 53.8l77.4 77.4c27.8-35.8 43.3-81.2 44.8-131.2zM248 222L405.9 64.1c-42.4-35-93.6-53.5-145.5-56.1-1.2 63.9-21.5 122.3-58.7 167.7L248 222zM56.1 98.1c-29.7 36-47.5 78.4-53.8 122.2 50-1.5 95.5-17 131.2-44.8L56.1 98.1zm272.2 204.2c45.3-37.1 103.7-57.4 167.7-58.7-2.6-51.9-21.1-103.1-56.1-145.5L282 256l46.3 46.3zM248 290L90.1 447.9c42.4 34.9 93.6 53.5 145.5 56.1 1.3-64 21.6-122.4 58.7-167.7L248 290zm191.9 123.9c29.7-36 47.5-78.4 53.8-122.2-50.1 1.6-95.5 17.1-131.2 44.8l77.4 77.4zM167.7 209.7C122.3 246.9 63.9 267.3 0 268.4c2.6 51.9 21.1 103.1 56.1 145.5L214 256l-46.3-46.3zm116 292c43.8-6.3 86.2-24.1 122.2-53.8l-77.4-77.4c-27.7 35.7-43.2 81.2-44.8 131.2z\"\/><\/svg> <div>26.03.2026, Lauftreff f\u00fcr den Tierschutz: 136. Gutenachtlauf<\/div><\/button><\/h3>\n<\/header><div id='mc_calendar_02_30634-calendar-details-30634' class='details no-image uses-modal single-details'  aria-labelledby='mc_30634-title-my-calendar'>\n\t<button type='button' aria-controls='mc_calendar_02_30634-calendar-details-30634' class='mc-toggle close'><span class='dashicons dashicons-dismiss' aria-hidden='true'><\/span><span class='screen-reader-text'>Close<\/span><\/button>\n\t\r\n\t<div class='time-block'>\r\n\t\t<span class='mc-icon' aria-hidden='true'><\/span>\r\n\t\t<p><span class=\"time-wrapper\"><span class='event-time dtstart'><time class='value-title' datetime='2026-04-02T20:30:00+02:00' title='2026-04-02T20:30:00+02:00'>20:30<\/time><\/span>  <\/span><br \/><span class=\"date-wrapper\"><span class='mc-start-date dtstart' title='2026-04-02T20:30:00+02:00' content='2026-04-02T20:30:00+02:00'>2. April 2026<\/span>  <\/span><\/p>\r\n\t<\/div>\n\t\t<div class='longdesc description'><p>(Quelle: <a href=\"https:\/\/laufengegenleiden.de\/136-gutenachtlauf\">https:\/\/laufengegenleiden.de\/136-gutenachtlauf<\/a>)<\/p>\n<blockquote>\n<header class=\"entry-header has-text-align-center header-footer-group\">\n<div class=\"entry-header-inner section-inner medium\">\n<div class=\"entry-categories\"><\/div>\n<\/div>\n<\/header>\n<div class=\"post-inner thin \">\n<div class=\"entry-content\">\n<div class=\"entry-categories\">\n<div class=\"entry-categories-inner\">\n<figure class=\"featured-media\">\n<div class=\"featured-media-inner section-inner\">\n<header class=\"entry-header has-text-align-center\">\n<div class=\"entry-header-inner section-inner medium\"><\/div>\n<\/header>\n<div class=\"post-inner thin \">\n<div class=\"entry-content\">\n<header class=\"entry-header has-text-align-center header-footer-group\">\n<div class=\"entry-header-inner section-inner medium\">\n<div class=\"entry-categories\">\n<div class=\"entry-categories-inner\"><a href=\"https:\/\/laufengegenleiden.de\/category\/wir-laufen\">Wir laufen!<\/a><\/div>\n<\/div>\n<h1 class=\"entry-title\">136. Gutenachtlauf<\/h1>\n<div class=\"post-meta-wrapper post-meta-single post-meta-single-top\">\n<ul class=\"post-meta\">\n<li class=\"post-author meta-wrapper\"><span class=\"meta-icon\"><span class=\"screen-reader-text\">Beitragsautor<\/span><\/span><span class=\"meta-text\">Von\u00a0<a href=\"https:\/\/laufengegenleiden.de\/author\/gutenachtlauf-team\">Gutenachtlauf-Team<\/a><\/span><\/li>\n<li class=\"post-date meta-wrapper\"><span class=\"meta-icon\"><span class=\"screen-reader-text\">Ver\u00f6ffentlichungsdatum<\/span><\/span><span class=\"meta-text\"><a href=\"https:\/\/laufengegenleiden.de\/136-gutenachtlauf\">M\u00e4rz 22, 2026<\/a><\/span><\/li>\n<\/ul>\n<\/div>\n<\/div>\n<\/header>\n<figure class=\"featured-media\">\n<div class=\"featured-media-inner section-inner\"><img loading=\"lazy\" decoding=\"async\" class=\"attachment-post-thumbnail size-post-thumbnail wp-post-image\" src=\"https:\/\/laufengegenleiden.de\/wp-content\/uploads\/2026\/03\/136.-GNL-April-e1774186818162.jpg\" alt=\"\" width=\"500\" height=\"261\" \/><\/div>\n<div><\/div>\n<div><\/div>\n<\/figure>\n<div class=\"post-inner thin \">\n<div class=\"entry-content\">\n<p>Am Donnerstag, den 02. April 2026, startet, wie an jedem Vollmondabend, der Gutenachtlauf in vielen St\u00e4dten in ganz Deutschland. Wie immer ist der Beginn um 20:30 Uhr.<\/p>\n<\/div>\n<\/div>\n<\/div>\n<\/div>\n<\/div>\n<\/figure>\n<div class=\"post-inner thin \">\n<div class=\"entry-content\">\n<h4>Zusatz (G\u00f6ttingen) aus Facebook:<\/h4>\n<p><img decoding=\"async\" src=\"https:\/\/rt-europaallee.de\/wordpress\/wp-content\/uploads\/2026\/03\/136-Lauftreff.jpg\" \/><\/p>\n<p>&nbsp;<\/p>\n<p>( <a href=\"https:\/\/www.facebook.com\/photo?fbid=2015720492714627&amp;set=pcb.26371754352436288\">https:\/\/www.facebook.com\/photo?fbid=2015720492714627&amp;set=pcb.26371754352436288<\/a> \u27a1\ufe0f )<\/p>\n<\/div>\n<\/div>\n<\/div>\n<\/div>\n<\/div>\n<\/div>\n<\/blockquote>\n<\/div>\n\t\t<div class=\"mc-location\"><div class=\"address location vcard\"><div class='map'><a href='https:\/\/www.google.de\/maps\/dir\/Jahnstadion,+Sandweg,+G%C3%B6ttingen\/\/@51.519222,9.8442779,12z\/data=!4m8!4m7!1m5!1m1!1s0x47a4d4a1080c0017:0xfc3c5a90b418d571!2m2!1d9.9266786!2d51.5192509!1m0' class='url external'><span class='mc-icon' aria-hidden='true'><\/span>Karte<span class='screen-reader-text fn'> Jahnstadion, Sandweg 7, 37083 G\u00f6ttingen<\/span><\/a><\/div><\/div><\/div>\n\t\t<div class=\"sharing\">\t<p class='mc-details'><a aria-label='Weiterlesen: 26.03.2026, Lauftreff f\u00fcr den Tierschutz: 136. Gutenachtlauf' href='https:\/\/rt-europaallee.de\/wordpress\/my-calendar\/?mc_id=30634'>Weiterlesen<\/a><\/p>\n<\/div><\/div><!--end .details--><\/article>\n<\/td>\n<td id='calendar-2026-04-03' class='mc-events freitag fr past-day past-date   has-events author3 mcat_ferien mcat_feiertag mcat_treffen-erfahrungsaustausch day-with-date'><div class='mc-date-container'>\n\t<span class='mc-date'><span aria-hidden='true' class='mc-day-number'>3<\/span><span class='screen-reader-text mc-day-date'>3. April 2026<\/span><span class=\"event-icon\" aria-hidden=\"true\">&#9679;&#9679;<\/span><span class=\"screen-reader-text\"><span class=\"mc-list-details event-count\">(3 Veranstaltungen)<\/span><\/span><\/span><\/div><article id='mc_calendar_03_30483-calendar-30483' class='mc-mc_calendar_30483 calendar-event mc_ferien mc_location-382  past-event mc_primary_ferien nonrecurring mc-2-wochen mc-start-01-00 ungrouped mc-event-4528 mc-events multidate mc-event mc_rel_ferien'><header>\t<h3 class='event-title summary' id='mc_30483-title-my-calendar'><button type='button' id='modal-button-mc_calendar_03_30483-calendar-details-30483' data-modal-content-id='mc_calendar_03_30483-calendar-details-30483' data-modal-prefix-class='my-calendar' data-modal-close-text='Schlie\u00dfen' data-modal-title='Schulferien' aria-controls='mc_calendar_03_30483-calendar-details-30483' class='calendar mc-modal button button-link url summary has-image'><svg style=\"fill:#ffffff\" focusable=\"false\" role=\"img\" aria-labelledby=\"cat_30483\" class=\"category-icon\" xmlns=\"http:\/\/www.w3.org\/2000\/svg\" viewBox=\"0 0 640 512\"><!-- Font Awesome Free 5.15.3 by @fontawesome - https:\/\/fontawesome.com License - https:\/\/fontawesome.com\/license\/free (Icons: CC BY 4.0, Fonts: SIL OFL 1.1, Code: MIT License) --><title id='cat_30483'>Kategorie: Ferien<\/title><path d=\"M0 224v272c0 8.84 7.16 16 16 16h80V192H32c-17.67 0-32 14.33-32 32zm360-48h-24v-40c0-4.42-3.58-8-8-8h-16c-4.42 0-8 3.58-8 8v64c0 4.42 3.58 8 8 8h48c4.42 0 8-3.58 8-8v-16c0-4.42-3.58-8-8-8zm137.75-63.96l-160-106.67a32.02 32.02 0 0 0-35.5 0l-160 106.67A32.002 32.002 0 0 0 128 138.66V512h128V368c0-8.84 7.16-16 16-16h96c8.84 0 16 7.16 16 16v144h128V138.67c0-10.7-5.35-20.7-14.25-26.63zM320 256c-44.18 0-80-35.82-80-80s35.82-80 80-80 80 35.82 80 80-35.82 80-80 80zm288-64h-64v320h80c8.84 0 16-7.16 16-16V224c0-17.67-14.33-32-32-32z\"\/><\/svg> <div>Schulferien<\/div><\/button><\/h3>\n<\/header><div id='mc_calendar_03_30483-calendar-details-30483' class='details no-image uses-modal single-details'  aria-labelledby='mc_30483-title-my-calendar'>\n\t<button type='button' aria-controls='mc_calendar_03_30483-calendar-details-30483' class='mc-toggle close'><span class='dashicons dashicons-dismiss' aria-hidden='true'><\/span><span class='screen-reader-text'>Close<\/span><\/button>\n\t\r\n\t<div class='time-block'>\r\n\t\t<span class='mc-icon' aria-hidden='true'><\/span>\r\n\t\t<p><span class=\"time-wrapper\"> <span class='event-time'><abbr title='Nicht zutreffend'>n.\u00a0a.<\/abbr><\/span>  <\/span><br \/><span class=\"date-wrapper\"><span class='mc-start-date dtstart' title='2026-03-23T00:00:00+02:00' content='2026-03-23T00:00:00+02:00'>23. M\u00e4rz 2026<\/span> <span class='date-separator'> &ndash; <\/span> <span class=\"event-time dtend\">7. April 2026<\/span><\/span><\/p>\r\n\t<\/div>\n\t\t<div class='longdesc description'><p>(Quelle: <a href=\"https:\/\/www.schulferien.org\/Kalender_mit_Ferien\/Niedersachsen.html\">https:\/\/www.schulferien.org\/Kalender_mit_Ferien\/Niedersachsen.html<\/a>)<\/p>\n<\/div>\n\t\t<div class=\"sharing\">\t<p class='mc-details'><a aria-label='Weiterlesen: Schulferien' href='https:\/\/rt-europaallee.de\/wordpress\/my-calendar\/?mc_id=30483'>Weiterlesen<\/a><\/p>\n<\/div><\/div><!--end .details--><\/article><article id='mc_calendar_03_30504-calendar-30504' class='mc-mc_calendar_30504 calendar-event mc_feiertag mc_location-382  past-event mc_primary_feiertag nonrecurring mc-24-stunden mc-start-00-00 ungrouped mc-event-4546 mc-events mc-event mc_rel_feiertag'><header>\t<h3 class='event-title summary' id='mc_30504-title-my-calendar'><button type='button' id='modal-button-mc_calendar_03_30504-calendar-details-30504' data-modal-content-id='mc_calendar_03_30504-calendar-details-30504' data-modal-prefix-class='my-calendar' data-modal-close-text='Schlie\u00dfen' data-modal-title='Karfreitag' aria-controls='mc_calendar_03_30504-calendar-details-30504' class='calendar mc-modal button button-link url summary has-image'><svg style=\"fill:#000000\" focusable=\"false\" role=\"img\" aria-labelledby=\"cat_30504\" class=\"category-icon\" xmlns=\"http:\/\/www.w3.org\/2000\/svg\" viewBox=\"0 0 448 512\"><!-- Font Awesome Free 5.15.3 by @fontawesome - https:\/\/fontawesome.com License - https:\/\/fontawesome.com\/license\/free (Icons: CC BY 4.0, Fonts: SIL OFL 1.1, Code: MIT License) --><title id='cat_30504'>Kategorie: Feiertag<\/title><path d=\"M0 464c0 26.5 21.5 48 48 48h352c26.5 0 48-21.5 48-48V192H0v272zm320-196c0-6.6 5.4-12 12-12h40c6.6 0 12 5.4 12 12v40c0 6.6-5.4 12-12 12h-40c-6.6 0-12-5.4-12-12v-40zm0 128c0-6.6 5.4-12 12-12h40c6.6 0 12 5.4 12 12v40c0 6.6-5.4 12-12 12h-40c-6.6 0-12-5.4-12-12v-40zM192 268c0-6.6 5.4-12 12-12h40c6.6 0 12 5.4 12 12v40c0 6.6-5.4 12-12 12h-40c-6.6 0-12-5.4-12-12v-40zm0 128c0-6.6 5.4-12 12-12h40c6.6 0 12 5.4 12 12v40c0 6.6-5.4 12-12 12h-40c-6.6 0-12-5.4-12-12v-40zM64 268c0-6.6 5.4-12 12-12h40c6.6 0 12 5.4 12 12v40c0 6.6-5.4 12-12 12H76c-6.6 0-12-5.4-12-12v-40zm0 128c0-6.6 5.4-12 12-12h40c6.6 0 12 5.4 12 12v40c0 6.6-5.4 12-12 12H76c-6.6 0-12-5.4-12-12v-40zM400 64h-48V16c0-8.8-7.2-16-16-16h-32c-8.8 0-16 7.2-16 16v48H160V16c0-8.8-7.2-16-16-16h-32c-8.8 0-16 7.2-16 16v48H48C21.5 64 0 85.5 0 112v48h448v-48c0-26.5-21.5-48-48-48z\"\/><\/svg> <div>Karfreitag<\/div><\/button><\/h3>\n<\/header><div id='mc_calendar_03_30504-calendar-details-30504' class='details no-image uses-modal single-details'  aria-labelledby='mc_30504-title-my-calendar'>\n\t<button type='button' aria-controls='mc_calendar_03_30504-calendar-details-30504' class='mc-toggle close'><span class='dashicons dashicons-dismiss' aria-hidden='true'><\/span><span class='screen-reader-text'>Close<\/span><\/button>\n\t\r\n\t<div class='time-block'>\r\n\t\t<span class='mc-icon' aria-hidden='true'><\/span>\r\n\t\t<p><span class=\"time-wrapper\"> <span class='event-time'><abbr title='Nicht zutreffend'>n.\u00a0a.<\/abbr><\/span>  <\/span><br \/><span class=\"date-wrapper\"><span class='mc-start-date dtstart' title='2026-04-03T00:00:00+02:00' content='2026-04-03T00:00:00+02:00'>3. April 2026<\/span>  <\/span><\/p>\r\n\t<\/div>\n\t\t<div class='longdesc description'><p>(Quelle: <a href=\"https:\/\/www.schulferien.org\/Kalender_mit_Ferien\/Niedersachsen.html\">https:\/\/www.schulferien.org\/Kalender_mit_Ferien\/Niedersachsen.html<\/a>)<\/p>\n<\/div>\n\t\t<div class=\"sharing\">\t<p class='mc-details'><a aria-label='Weiterlesen: Karfreitag' href='https:\/\/rt-europaallee.de\/wordpress\/my-calendar\/?mc_id=30504'>Weiterlesen<\/a><\/p>\n<\/div><\/div><!--end .details--><\/article><article id='mc_calendar_03_30403-calendar-30403' class='mc-mc_calendar_30403 calendar-event mc_treffen-erfahrungsaustausch mc_nachbarschaftszentrum-holtenser-berg-londonstrae-11a-37079-gttingen  past-event mc_primary_treffen-erfahrungsaustausch recurring mc-3-stunden mc-start-19-00 mc-group-4488 mc-event-4488 mc-events mc-event mc_rel_treffenerfahrungsaustausch mc_rel_delete'><header>\t<h3 class='event-title summary' id='mc_30403-title-my-calendar'><button type='button' id='modal-button-mc_calendar_03_30403-calendar-details-30403' data-modal-content-id='mc_calendar_03_30403-calendar-details-30403' data-modal-prefix-class='my-calendar' data-modal-close-text='Schlie\u00dfen' data-modal-title='16.01.2026, NBZ Holtenser Berg: Stammtisch Holtenser Berg' aria-controls='mc_calendar_03_30403-calendar-details-30403' class='calendar mc-modal button button-link url summary has-image'><svg style=\"fill:#000000\" focusable=\"false\" role=\"img\" aria-labelledby=\"cat_30403\" class=\"category-icon\" xmlns=\"http:\/\/www.w3.org\/2000\/svg\" viewBox=\"0 0 640 512\"><!-- Font Awesome Free 5.15.3 by @fontawesome - https:\/\/fontawesome.com License - https:\/\/fontawesome.com\/license\/free (Icons: CC BY 4.0, Fonts: SIL OFL 1.1, Code: MIT License) --><title id='cat_30403'>Kategorie: Treffen\/ Erfahrungsaustausch<\/title><path d=\"M434.7 64h-85.9c-8 0-15.7 3-21.6 8.4l-98.3 90c-.1.1-.2.3-.3.4-16.6 15.6-16.3 40.5-2.1 56 12.7 13.9 39.4 17.6 56.1 2.7.1-.1.3-.1.4-.2l79.9-73.2c6.5-5.9 16.7-5.5 22.6 1 6 6.5 5.5 16.6-1 22.6l-26.1 23.9L504 313.8c2.9 2.4 5.5 5 7.9 7.7V128l-54.6-54.6c-5.9-6-14.1-9.4-22.6-9.4zM544 128.2v223.9c0 17.7 14.3 32 32 32h64V128.2h-96zm48 223.9c-8.8 0-16-7.2-16-16s7.2-16 16-16 16 7.2 16 16-7.2 16-16 16zM0 384h64c17.7 0 32-14.3 32-32V128.2H0V384zm48-63.9c8.8 0 16 7.2 16 16s-7.2 16-16 16-16-7.2-16-16c0-8.9 7.2-16 16-16zm435.9 18.6L334.6 217.5l-30 27.5c-29.7 27.1-75.2 24.5-101.7-4.4-26.9-29.4-24.8-74.9 4.4-101.7L289.1 64h-83.8c-8.5 0-16.6 3.4-22.6 9.4L128 128v223.9h18.3l90.5 81.9c27.4 22.3 67.7 18.1 90-9.3l.2-.2 17.9 15.5c15.9 13 39.4 10.5 52.3-5.4l31.4-38.6 5.4 4.4c13.7 11.1 33.9 9.1 45-4.7l9.5-11.7c11.2-13.8 9.1-33.9-4.6-45.1z\"\/><\/svg> <div>16.01.2026, NBZ Holtenser Berg: Stammtisch Holtenser Berg<\/div><\/button><\/h3>\n<\/header><div id='mc_calendar_03_30403-calendar-details-30403' class='details no-image uses-modal single-details'  aria-labelledby='mc_30403-title-my-calendar'>\n\t<button type='button' aria-controls='mc_calendar_03_30403-calendar-details-30403' class='mc-toggle close'><span class='dashicons dashicons-dismiss' aria-hidden='true'><\/span><span class='screen-reader-text'>Close<\/span><\/button>\n\t\r\n\t<div class='time-block'>\r\n\t\t<span class='mc-icon' aria-hidden='true'><\/span>\r\n\t\t<p><span class=\"time-wrapper\"><span class='event-time dtstart'><time class='value-title' datetime='2026-04-03T19:00:00+02:00' title='2026-04-03T19:00:00+02:00'>19:00<\/time><\/span> <span class='time-separator'> &ndash; <\/span> <span class='end-time dtend'> <time class='value-title' datetime='2026-04-03T22:00:00+02:00' title='2026-04-03T22:00:00+02:00'>22:00<\/time><\/span><\/span><br \/><span class=\"date-wrapper\"><span class='mc-start-date dtstart' title='2026-04-03T19:00:00+02:00' content='2026-04-03T19:00:00+02:00'>3. April 2026<\/span>  <\/span><\/p>\r\n\t<\/div>\n\t\t<div class='longdesc description'><p>(Quelle: <a href=\"https:\/\/www.facebook.com\/events\/2003043070613517\/2003043073946850\/\">https:\/\/www.facebook.com\/events\/2003043070613517\/2003043073946850\/<\/a>)<\/p>\n<blockquote>\n<div class=\"html-div xjyslct xjbqb8w x972fbf x10w94by x1qhh985 x14e42zd x9f619 x1rg5ohu xdj266r x14z9mp xat24cr x1lziwak xexx8yu xyri2b x18d9i69 x1c1uobl x1n2onr6 x16tdsg8 xh8yej3\" role=\"listitem\">\n<div class=\"html-div xdj266r x14z9mp xat24cr x1lziwak xyri2b x1c1uobl x78zum5 xdt5ytf xwib8y2 x1y1aw1k\">\n<div class=\"x9f619 x1ja2u2z x78zum5 x2lah0s x1n2onr6 x1nhvcw1 x1cy8zhl xozqiw3 x1q0g3np xv54qhq xf7dkkf x18d9i69 xexx8yu x1ws5yxj xw01apr x4cne27 xifccgj\">\n<div class=\"x9f619 x1n2onr6 x1ja2u2z x78zum5 xdt5ytf x2lah0s x193iq5w xeuugli x1icxu4v x25sj25 x10b6aqq x1yrsyyn\"><\/div>\n<div class=\"x9f619 x1n2onr6 x1ja2u2z x78zum5 xdt5ytf x193iq5w xeuugli x1r8uery x1iyjqo2 xs83m0k xamitd3 x1icxu4v x25sj25 x10b6aqq x1yrsyyn\">\n<div class=\"x78zum5 xdt5ytf xz62fqu x16ldp7u\">\n<div class=\"xu06os2 x1ok221b\"><span class=\"x193iq5w xeuugli x13faqbe x1vvkbs x1xmvt09 x1lliihq x1s928wv xhkezso x1gmr53x x1cpjm7i x1fgarty x1943h6x xudqn12 x3x7a5m x6prxxf xvq8zen xo1l8bm xzsf02u x1yc453h\" dir=\"auto\">Veranstaltung von <b class=\"html-b xdj266r x14z9mp xat24cr x1lziwak xexx8yu xyri2b x18d9i69 x1c1uobl x1hl2dhg x16tdsg8 x1vvkbs x1s688f\"><a class=\"x1i10hfl xjbqb8w x1ejq31n x18oe1m7 x1sy0etr xstzfhl x972fbf x10w94by x1qhh985 x14e42zd x9f619 x1ypdohk xt0psk2 x3ct3a4 xdj266r x14z9mp xat24cr x1lziwak xexx8yu xyri2b x18d9i69 x1c1uobl x16tdsg8 x1hl2dhg xggy1nq x1a2a7pz xkrqix3 x1sur9pj xzsf02u x1s688f\" href=\"https:\/\/www.facebook.com\/NBZHoBerg\">Nachbarschaftszentrum Holtenser Berg<\/a><\/b><\/span><\/div>\n<\/div>\n<\/div>\n<\/div>\n<\/div>\n<\/div>\n<div class=\"html-div xjyslct xjbqb8w x972fbf x10w94by x1qhh985 x14e42zd x9f619 x1rg5ohu xdj266r x14z9mp xat24cr x1lziwak xexx8yu xyri2b x18d9i69 x1c1uobl x1n2onr6 x16tdsg8 xh8yej3\" role=\"listitem\">\n<div class=\"html-div xdj266r x14z9mp xat24cr x1lziwak xyri2b x1c1uobl x78zum5 xdt5ytf xwib8y2 x1y1aw1k\">\n<div class=\"x9f619 x1ja2u2z x78zum5 x2lah0s x1n2onr6 x1nhvcw1 x1cy8zhl xozqiw3 x1q0g3np xv54qhq xf7dkkf x18d9i69 xexx8yu x1ws5yxj xw01apr x4cne27 xifccgj\">\n<div class=\"x9f619 x1n2onr6 x1ja2u2z x78zum5 xdt5ytf x2lah0s x193iq5w xeuugli x1icxu4v x25sj25 x10b6aqq x1yrsyyn\"><\/div>\n<div class=\"x9f619 x1n2onr6 x1ja2u2z x78zum5 xdt5ytf x193iq5w xeuugli x1r8uery x1iyjqo2 xs83m0k xamitd3 x1icxu4v x25sj25 x10b6aqq x1yrsyyn\">\n<div class=\"x78zum5 xdt5ytf xz62fqu x16ldp7u\">\n<div class=\"xu06os2 x1ok221b\">\n<div class=\"x1i10hfl xjbqb8w x1ejq31n x18oe1m7 x1sy0etr xstzfhl x972fbf x10w94by x1qhh985 x14e42zd x9f619 x1ypdohk xt0psk2 x3ct3a4 xdj266r x14z9mp xat24cr x1lziwak xexx8yu xyri2b x18d9i69 x1c1uobl x16tdsg8 x1hl2dhg xggy1nq x1a2a7pz xkrqix3 x1sur9pj xzsf02u x1s688f\" role=\"button\">Londonstra\u00dfe 11a, 37079 G\u00f6ttingen, Germany<\/div>\n<\/div>\n<\/div>\n<\/div>\n<\/div>\n<\/div>\n<\/div>\n<div class=\"html-div xjyslct xjbqb8w x972fbf x10w94by x1qhh985 x14e42zd x9f619 x1rg5ohu xdj266r x14z9mp xat24cr x1lziwak xexx8yu xyri2b x18d9i69 x1c1uobl x1n2onr6 x16tdsg8 xh8yej3\" role=\"listitem\">\n<div class=\"html-div xdj266r x14z9mp xat24cr x1lziwak xyri2b x1c1uobl x78zum5 xdt5ytf xwib8y2 x1y1aw1k\">\n<div class=\"x9f619 x1ja2u2z x78zum5 x2lah0s x1n2onr6 x1nhvcw1 x1cy8zhl xozqiw3 x1q0g3np xv54qhq xf7dkkf x18d9i69 xexx8yu x1ws5yxj xw01apr x4cne27 xifccgj\">\n<div class=\"x9f619 x1n2onr6 x1ja2u2z x78zum5 xdt5ytf x2lah0s x193iq5w xeuugli x1icxu4v x25sj25 x10b6aqq x1yrsyyn\"><\/div>\n<div class=\"x9f619 x1n2onr6 x1ja2u2z x78zum5 xdt5ytf x193iq5w xeuugli x1r8uery x1iyjqo2 xs83m0k xamitd3 x1icxu4v x25sj25 x10b6aqq x1yrsyyn\">\n<div class=\"x78zum5 xdt5ytf xz62fqu x16ldp7u\">\n<div class=\"xu06os2 x1ok221b\"><span class=\"x193iq5w xeuugli x13faqbe x1vvkbs x1xmvt09 x1lliihq x1s928wv xhkezso x1gmr53x x1cpjm7i x1fgarty x1943h6x xudqn12 x3x7a5m x6prxxf xvq8zen xo1l8bm xzsf02u x1yc453h\" dir=\"auto\">Laufzeit: 3 Std.<\/span><\/div>\n<\/div>\n<\/div>\n<\/div>\n<\/div>\n<\/div>\n<div class=\"html-div xjyslct xjbqb8w x972fbf x10w94by x1qhh985 x14e42zd x9f619 x1rg5ohu xdj266r x14z9mp xat24cr x1lziwak xexx8yu xyri2b x18d9i69 x1c1uobl x1n2onr6 x16tdsg8 xh8yej3\" role=\"listitem\">\n<div class=\"html-div xdj266r x14z9mp xat24cr x1lziwak xyri2b x1c1uobl x78zum5 xdt5ytf xwib8y2 x1y1aw1k\">\n<div class=\"x9f619 x1ja2u2z x78zum5 x2lah0s x1n2onr6 x1nhvcw1 x1cy8zhl xozqiw3 x1q0g3np xv54qhq xf7dkkf x18d9i69 xexx8yu x1ws5yxj xw01apr x4cne27 xifccgj\">\n<div class=\"x9f619 x1n2onr6 x1ja2u2z x78zum5 xdt5ytf x2lah0s x193iq5w xeuugli x1icxu4v x25sj25 x10b6aqq x1yrsyyn\"><\/div>\n<div class=\"x9f619 x1n2onr6 x1ja2u2z x78zum5 xdt5ytf x193iq5w xeuugli x1r8uery x1iyjqo2 xs83m0k xamitd3 x1icxu4v x25sj25 x10b6aqq x1yrsyyn\">\n<div class=\"x78zum5 xdt5ytf xz62fqu x16ldp7u\">\n<div class=\"xu06os2 x1ok221b\"><span class=\"x193iq5w xeuugli x13faqbe x1vvkbs x1xmvt09 x1lliihq x1s928wv xhkezso x1gmr53x x1cpjm7i x1fgarty x1943h6x xudqn12 x3x7a5m x6prxxf xvq8zen xo1l8bm xzsf02u x1yc453h\" dir=\"auto\">\u00d6ffentlich<span class=\"xzpqnlu xjm9jq1 x6ikm8r x10wlt62 x10l6tqk x1i1rx1s\">\u00a0<\/span><span aria-hidden=\"true\"> \u00b7 <\/span>Jede Person auf und au\u00dferhalb von Facebook<\/span><\/div>\n<\/div>\n<\/div>\n<\/div>\n<\/div>\n<\/div>\n<\/blockquote>\n<\/div>\n\t\t<div class=\"mc-location\"><div class=\"address location vcard\"><div class='map'><a href='https:\/\/maps.google.com\/maps?z=16&amp;daddr=Londonstra\u00dfe+11a++G\u00f6ttingen++37079+' class='url external'><span class='mc-icon' aria-hidden='true'><\/span>Karte<span class='screen-reader-text fn'> Nachbarschaftszentrum Holtenser Berg Londonstra\u00dfe 11a, 37079 G\u00f6ttingen<\/span><\/a><\/div><\/div><\/div>\n\t\t<div class=\"sharing\">\t<p class='mc-details'><a aria-label='Weiterlesen: 16.01.2026, NBZ Holtenser Berg: Stammtisch Holtenser Berg' href='https:\/\/rt-europaallee.de\/wordpress\/my-calendar\/?mc_id=30403'>Weiterlesen<\/a><\/p>\n<\/div><\/div><!--end .details--><\/article>\n<\/td>\n<td id='calendar-2026-04-04' class='mc-events samstag sa past-day past-date weekend  has-events author3 mcat_ferien mcat_general day-with-date'><div class='mc-date-container'>\n\t<span class='mc-date'><span aria-hidden='true' class='mc-day-number'>4<\/span><span class='screen-reader-text mc-day-date'>4. April 2026<\/span><span class=\"event-icon\" aria-hidden=\"true\">&#9679;&#9679;<\/span><span class=\"screen-reader-text\"><span class=\"mc-list-details event-count\">(2 Veranstaltungen)<\/span><\/span><\/span><\/div><article id='mc_calendar_04_30483-calendar-30483' class='mc-mc_calendar_30483 calendar-event mc_ferien mc_location-382  past-event mc_primary_ferien nonrecurring mc-2-wochen mc-start-01-00 ungrouped mc-event-4528 mc-events multidate mc-event mc_rel_ferien'><header>\t<h3 class='event-title summary' id='mc_30483-title-my-calendar'><button type='button' id='modal-button-mc_calendar_04_30483-calendar-details-30483' data-modal-content-id='mc_calendar_04_30483-calendar-details-30483' data-modal-prefix-class='my-calendar' data-modal-close-text='Schlie\u00dfen' data-modal-title='Schulferien' aria-controls='mc_calendar_04_30483-calendar-details-30483' class='calendar mc-modal button button-link url summary has-image'><svg style=\"fill:#ffffff\" focusable=\"false\" role=\"img\" aria-labelledby=\"cat_30483\" class=\"category-icon\" xmlns=\"http:\/\/www.w3.org\/2000\/svg\" viewBox=\"0 0 640 512\"><!-- Font Awesome Free 5.15.3 by @fontawesome - https:\/\/fontawesome.com License - https:\/\/fontawesome.com\/license\/free (Icons: CC BY 4.0, Fonts: SIL OFL 1.1, Code: MIT License) --><title id='cat_30483'>Kategorie: Ferien<\/title><path d=\"M0 224v272c0 8.84 7.16 16 16 16h80V192H32c-17.67 0-32 14.33-32 32zm360-48h-24v-40c0-4.42-3.58-8-8-8h-16c-4.42 0-8 3.58-8 8v64c0 4.42 3.58 8 8 8h48c4.42 0 8-3.58 8-8v-16c0-4.42-3.58-8-8-8zm137.75-63.96l-160-106.67a32.02 32.02 0 0 0-35.5 0l-160 106.67A32.002 32.002 0 0 0 128 138.66V512h128V368c0-8.84 7.16-16 16-16h96c8.84 0 16 7.16 16 16v144h128V138.67c0-10.7-5.35-20.7-14.25-26.63zM320 256c-44.18 0-80-35.82-80-80s35.82-80 80-80 80 35.82 80 80-35.82 80-80 80zm288-64h-64v320h80c8.84 0 16-7.16 16-16V224c0-17.67-14.33-32-32-32z\"\/><\/svg> <div>Schulferien<\/div><\/button><\/h3>\n<\/header><div id='mc_calendar_04_30483-calendar-details-30483' class='details no-image uses-modal single-details'  aria-labelledby='mc_30483-title-my-calendar'>\n\t<button type='button' aria-controls='mc_calendar_04_30483-calendar-details-30483' class='mc-toggle close'><span class='dashicons dashicons-dismiss' aria-hidden='true'><\/span><span class='screen-reader-text'>Close<\/span><\/button>\n\t\r\n\t<div class='time-block'>\r\n\t\t<span class='mc-icon' aria-hidden='true'><\/span>\r\n\t\t<p><span class=\"time-wrapper\"> <span class='event-time'><abbr title='Nicht zutreffend'>n.\u00a0a.<\/abbr><\/span>  <\/span><br \/><span class=\"date-wrapper\"><span class='mc-start-date dtstart' title='2026-03-23T00:00:00+02:00' content='2026-03-23T00:00:00+02:00'>23. M\u00e4rz 2026<\/span> <span class='date-separator'> &ndash; <\/span> <span class=\"event-time dtend\">7. April 2026<\/span><\/span><\/p>\r\n\t<\/div>\n\t\t<div class='longdesc description'><p>(Quelle: <a href=\"https:\/\/www.schulferien.org\/Kalender_mit_Ferien\/Niedersachsen.html\">https:\/\/www.schulferien.org\/Kalender_mit_Ferien\/Niedersachsen.html<\/a>)<\/p>\n<\/div>\n\t\t<div class=\"sharing\">\t<p class='mc-details'><a aria-label='Weiterlesen: Schulferien' href='https:\/\/rt-europaallee.de\/wordpress\/my-calendar\/?mc_id=30483'>Weiterlesen<\/a><\/p>\n<\/div><\/div><!--end .details--><\/article><article id='mc_calendar_04_30644-calendar-30644' class='mc-mc_calendar_30644 calendar-event mc_general mc_location-396  past-event mc_primary_general nonrecurring mc mc-start-18-00 ungrouped mc-event-4609 mc-events mc-event mc_rel_general'><header>\t<h3 class='event-title summary' id='mc_30644-title-my-calendar'><button type='button' id='modal-button-mc_calendar_04_30644-calendar-details-30644' data-modal-content-id='mc_calendar_04_30644-calendar-details-30644' data-modal-prefix-class='my-calendar' data-modal-close-text='Schlie\u00dfen' data-modal-title='03.04.2026, Stadt G\u00f6ttingen: Osterfeuer in G\u00f6ttingen' aria-controls='mc_calendar_04_30644-calendar-details-30644' class='calendar mc-modal button button-link url summary has-image'><svg style=\"fill:#000000\" focusable=\"false\" role=\"img\" aria-labelledby=\"cat_30644\" class=\"category-icon\" xmlns=\"http:\/\/www.w3.org\/2000\/svg\" viewBox=\"0 0 448 512\"><!-- Font Awesome Free 5.15.3 by @fontawesome - https:\/\/fontawesome.com License - https:\/\/fontawesome.com\/license\/free (Icons: CC BY 4.0, Fonts: SIL OFL 1.1, Code: MIT License) --><title id='cat_30644'>Kategorie: General<\/title><path d=\"M12 192h424c6.6 0 12 5.4 12 12v260c0 26.5-21.5 48-48 48H48c-26.5 0-48-21.5-48-48V204c0-6.6 5.4-12 12-12zm436-44v-36c0-26.5-21.5-48-48-48h-48V12c0-6.6-5.4-12-12-12h-40c-6.6 0-12 5.4-12 12v52H160V12c0-6.6-5.4-12-12-12h-40c-6.6 0-12 5.4-12 12v52H48C21.5 64 0 85.5 0 112v36c0 6.6 5.4 12 12 12h424c6.6 0 12-5.4 12-12z\"\/><\/svg> <div>03.04.2026, Stadt G\u00f6ttingen: Osterfeuer in G\u00f6ttingen<\/div><\/button><\/h3>\n<\/header><div id='mc_calendar_04_30644-calendar-details-30644' class='details no-image uses-modal single-details'  aria-labelledby='mc_30644-title-my-calendar'>\n\t<button type='button' aria-controls='mc_calendar_04_30644-calendar-details-30644' class='mc-toggle close'><span class='dashicons dashicons-dismiss' aria-hidden='true'><\/span><span class='screen-reader-text'>Close<\/span><\/button>\n\t\r\n\t<div class='time-block'>\r\n\t\t<span class='mc-icon' aria-hidden='true'><\/span>\r\n\t\t<p><span class=\"time-wrapper\"><span class='event-time dtstart'><time class='value-title' datetime='2026-04-04T18:00:00+02:00' title='2026-04-04T18:00:00+02:00'>18:00<\/time><\/span>  <\/span><br \/><span class=\"date-wrapper\"><span class='mc-start-date dtstart' title='2026-04-04T18:00:00+02:00' content='2026-04-04T18:00:00+02:00'>4. April 2026<\/span>  <\/span><\/p>\r\n\t<\/div>\n\t\t<div class='longdesc description'><p>(Quelle: <a href=\"https:\/\/www.goettingen.de\/portal\/meldungen\/alle-termine-und-plaetze-der-osterfeuer-900004902-25480.html\">https:\/\/www.goettingen.de\/portal\/meldungen\/alle-termine-und-plaetze-der-osterfeuer-900004902-25480.html<\/a>)<\/p>\n<blockquote><p><span class=\"dachzeile\">Ostern 2026<\/span><\/p>\n<h3 class=\"kontrast-bild\">Alle Termine und Pl\u00e4tze der Osterfeuer<\/h3>\n<div id=\"nolis_content_site\" class=\"nolis_content_site\">\n<p class=\"anreisser_detail\"><strong>Zum diesj\u00e4hrigen Osterfest werden am Ostersamstag, 4. April 2026, und Ostersonntag, 5. April 2026, wieder Osterfeuer in G\u00f6ttingen zu sehen sein. Zu folgenden Terminen und Uhrzeiten finden die Osterfeuer im Stadtgebiet statt:<\/strong><\/p>\n<div class=\"print_href print_abbr\">\n<div class=\"template template1\">\n<div class=\"platz platz1\">\n<div class=\"rahmen\">\n<div class=\"innen\">\n<h2 class=\"nolis-tiny\">Ostersamstag, 4. April 2026<\/h2>\n<h3>Kleingartenverein Leineberg-West e. V., 20.00 Uhr<\/h3>\n<ul>\n<li>\n<h3>Vereinsgel\u00e4nde Leineberg (s\u00fcdlicher Parkplatz) erreichbar \u00fcber Sieberweg<\/h3>\n<\/li>\n<\/ul>\n<h3>Gro\u00df Ellershausen, 18.00 Uhr<\/h3>\n<ul>\n<li>\n<h3>Elstal, \u201eR\u00fcckhaltebecken\u201c, Hetjersh\u00e4user Weg<\/h3>\n<\/li>\n<\/ul>\n<h3>Elliehausen, 18.00 Uhr<\/h3>\n<ul>\n<li>\n<h3>Diedersh\u00e4user Stra\u00dfe, Ortsausgang \u201eHexenberg\u201c Osterfeuerplatz<\/h3>\n<\/li>\n<\/ul>\n<h3>Esebeck, 18.00 Uhr<\/h3>\n<ul>\n<li>\n<h3>Parkplatz vor dem Sportplatz \u201eKuhberg\u201c, erreichbar \u00fcber die Stra\u00dfe Zum Kuhberg<\/h3>\n<\/li>\n<\/ul>\n<h3>Nikolausberg, 19.00 Uhr<\/h3>\n<ul>\n<li>\n<h3>In der Verl\u00e4ngerung des H\u00f6llewegs<\/h3>\n<\/li>\n<\/ul>\n<h3>Geismar, 19.00 Uhr<\/h3>\n<ul>\n<li>\n<h3>Ehemalige Bauschuttdeponie Geismar<\/h3>\n<\/li>\n<\/ul>\n<h3>Grone, 19.00 Uhr<\/h3>\n<ul>\n<li>\n<h3>Osterfeuerplatz Lange Reekesweg<\/h3>\n<\/li>\n<\/ul>\n<h4 class=\"nolis-tiny\">Ostersonntag, 5. April 2026<\/h4>\n<p>Weende, 19.30 Uhr<\/p>\n<ul>\n<li>Osterfeuerplatz in der Otto-Hahn-Stra\u00dfe, gegen\u00fcber 2. Polizeikommissariat<\/li>\n<\/ul>\n<p>Holtensen, 19.00 Uhr<\/p>\n<ul>\n<li>Bau- und Bodenschuttdeponie K\u00f6nigsb\u00fchl<\/li>\n<\/ul>\n<p>Hetjershausen, 19.30 Uhr<\/p>\n<ul>\n<li>Im Bereich der Stra\u00dfe Zum Loh, in Richtung Alter Bahndamm<\/li>\n<\/ul>\n<p>Kleingartenverein Am Wehr e. V., 19.30 Uhr<\/p>\n<ul>\n<li>Oberer Parkplatz der Vereinsanlage Kiesseestra\u00dfe<\/li>\n<\/ul>\n<p>Roringen, nach Einbruch der Dunkelheit<\/p>\n<ul>\n<li>Drakenberg, am Sportplatz (Lagerfeuer am Samstag, 4. April 2026)<\/li>\n<\/ul>\n<p>Osterfeuertruppe Herberhausen e.V., 17.00 Uhr<\/p>\n<ul>\n<li>Bereich Landwacht\/Reesenanger<\/li>\n<\/ul>\n<p>Eisenbahner-SV \u201eRot-Wei\u00df von 1928\u201c, 19.00 Uhr<\/p>\n<ul>\n<li>Vereinseigenes Sport- und Freizeitgel\u00e4nde, Zufahrt \u00fcber Gr\u00e4tzelstra\u00dfe 11<\/li>\n<\/ul>\n<\/div>\n<\/div>\n<\/div>\n<\/div>\n<\/div>\n<\/div>\n<\/blockquote>\n<\/div>\n\t\t<div class=\"sharing\">\t<p class='mc-details'><a aria-label='Weiterlesen: 03.04.2026, Stadt G\u00f6ttingen: Osterfeuer in G\u00f6ttingen' href='https:\/\/rt-europaallee.de\/wordpress\/my-calendar\/?mc_id=30644'>Weiterlesen<\/a><\/p>\n<\/div><\/div><!--end .details--><\/article>\n<\/td>\n<td id='calendar-2026-04-05' class='mc-events sonntag so past-day past-date weekend  has-events author3 mcat_ferien mcat_feiertag mcat_general day-with-date'><div class='mc-date-container'>\n\t<span class='mc-date'><span aria-hidden='true' class='mc-day-number'>5<\/span><span class='screen-reader-text mc-day-date'>5. April 2026<\/span><span class=\"event-icon\" aria-hidden=\"true\">&#9679;&#9679;<\/span><span class=\"screen-reader-text\"><span class=\"mc-list-details event-count\">(3 Veranstaltungen)<\/span><\/span><\/span><\/div><article id='mc_calendar_05_30483-calendar-30483' class='mc-mc_calendar_30483 calendar-event mc_ferien mc_location-382  past-event mc_primary_ferien nonrecurring mc-2-wochen mc-start-01-00 ungrouped mc-event-4528 mc-events multidate mc-event mc_rel_ferien'><header>\t<h3 class='event-title summary' id='mc_30483-title-my-calendar'><button type='button' id='modal-button-mc_calendar_05_30483-calendar-details-30483' data-modal-content-id='mc_calendar_05_30483-calendar-details-30483' data-modal-prefix-class='my-calendar' data-modal-close-text='Schlie\u00dfen' data-modal-title='Schulferien' aria-controls='mc_calendar_05_30483-calendar-details-30483' class='calendar mc-modal button button-link url summary has-image'><svg style=\"fill:#ffffff\" focusable=\"false\" role=\"img\" aria-labelledby=\"cat_30483\" class=\"category-icon\" xmlns=\"http:\/\/www.w3.org\/2000\/svg\" viewBox=\"0 0 640 512\"><!-- Font Awesome Free 5.15.3 by @fontawesome - https:\/\/fontawesome.com License - https:\/\/fontawesome.com\/license\/free (Icons: CC BY 4.0, Fonts: SIL OFL 1.1, Code: MIT License) --><title id='cat_30483'>Kategorie: Ferien<\/title><path d=\"M0 224v272c0 8.84 7.16 16 16 16h80V192H32c-17.67 0-32 14.33-32 32zm360-48h-24v-40c0-4.42-3.58-8-8-8h-16c-4.42 0-8 3.58-8 8v64c0 4.42 3.58 8 8 8h48c4.42 0 8-3.58 8-8v-16c0-4.42-3.58-8-8-8zm137.75-63.96l-160-106.67a32.02 32.02 0 0 0-35.5 0l-160 106.67A32.002 32.002 0 0 0 128 138.66V512h128V368c0-8.84 7.16-16 16-16h96c8.84 0 16 7.16 16 16v144h128V138.67c0-10.7-5.35-20.7-14.25-26.63zM320 256c-44.18 0-80-35.82-80-80s35.82-80 80-80 80 35.82 80 80-35.82 80-80 80zm288-64h-64v320h80c8.84 0 16-7.16 16-16V224c0-17.67-14.33-32-32-32z\"\/><\/svg> <div>Schulferien<\/div><\/button><\/h3>\n<\/header><div id='mc_calendar_05_30483-calendar-details-30483' class='details no-image uses-modal single-details'  aria-labelledby='mc_30483-title-my-calendar'>\n\t<button type='button' aria-controls='mc_calendar_05_30483-calendar-details-30483' class='mc-toggle close'><span class='dashicons dashicons-dismiss' aria-hidden='true'><\/span><span class='screen-reader-text'>Close<\/span><\/button>\n\t\r\n\t<div class='time-block'>\r\n\t\t<span class='mc-icon' aria-hidden='true'><\/span>\r\n\t\t<p><span class=\"time-wrapper\"> <span class='event-time'><abbr title='Nicht zutreffend'>n.\u00a0a.<\/abbr><\/span>  <\/span><br \/><span class=\"date-wrapper\"><span class='mc-start-date dtstart' title='2026-03-23T00:00:00+02:00' content='2026-03-23T00:00:00+02:00'>23. M\u00e4rz 2026<\/span> <span class='date-separator'> &ndash; <\/span> <span class=\"event-time dtend\">7. April 2026<\/span><\/span><\/p>\r\n\t<\/div>\n\t\t<div class='longdesc description'><p>(Quelle: <a href=\"https:\/\/www.schulferien.org\/Kalender_mit_Ferien\/Niedersachsen.html\">https:\/\/www.schulferien.org\/Kalender_mit_Ferien\/Niedersachsen.html<\/a>)<\/p>\n<\/div>\n\t\t<div class=\"sharing\">\t<p class='mc-details'><a aria-label='Weiterlesen: Schulferien' href='https:\/\/rt-europaallee.de\/wordpress\/my-calendar\/?mc_id=30483'>Weiterlesen<\/a><\/p>\n<\/div><\/div><!--end .details--><\/article><article id='mc_calendar_05_30505-calendar-30505' class='mc-mc_calendar_30505 calendar-event mc_feiertag mc_location-382  past-event mc_primary_feiertag nonrecurring mc-24-stunden mc-start-00-00 mc-group-4547 mc-event-4547 mc-events mc-event mc_rel_feiertag'><header>\t<h3 class='event-title summary' id='mc_30505-title-my-calendar'><button type='button' id='modal-button-mc_calendar_05_30505-calendar-details-30505' data-modal-content-id='mc_calendar_05_30505-calendar-details-30505' data-modal-prefix-class='my-calendar' data-modal-close-text='Schlie\u00dfen' data-modal-title='Ostern' aria-controls='mc_calendar_05_30505-calendar-details-30505' class='calendar mc-modal button button-link url summary has-image'><svg style=\"fill:#000000\" focusable=\"false\" role=\"img\" aria-labelledby=\"cat_30505\" class=\"category-icon\" xmlns=\"http:\/\/www.w3.org\/2000\/svg\" viewBox=\"0 0 448 512\"><!-- Font Awesome Free 5.15.3 by @fontawesome - https:\/\/fontawesome.com License - https:\/\/fontawesome.com\/license\/free (Icons: CC BY 4.0, Fonts: SIL OFL 1.1, Code: MIT License) --><title id='cat_30505'>Kategorie: Feiertag<\/title><path d=\"M0 464c0 26.5 21.5 48 48 48h352c26.5 0 48-21.5 48-48V192H0v272zm320-196c0-6.6 5.4-12 12-12h40c6.6 0 12 5.4 12 12v40c0 6.6-5.4 12-12 12h-40c-6.6 0-12-5.4-12-12v-40zm0 128c0-6.6 5.4-12 12-12h40c6.6 0 12 5.4 12 12v40c0 6.6-5.4 12-12 12h-40c-6.6 0-12-5.4-12-12v-40zM192 268c0-6.6 5.4-12 12-12h40c6.6 0 12 5.4 12 12v40c0 6.6-5.4 12-12 12h-40c-6.6 0-12-5.4-12-12v-40zm0 128c0-6.6 5.4-12 12-12h40c6.6 0 12 5.4 12 12v40c0 6.6-5.4 12-12 12h-40c-6.6 0-12-5.4-12-12v-40zM64 268c0-6.6 5.4-12 12-12h40c6.6 0 12 5.4 12 12v40c0 6.6-5.4 12-12 12H76c-6.6 0-12-5.4-12-12v-40zm0 128c0-6.6 5.4-12 12-12h40c6.6 0 12 5.4 12 12v40c0 6.6-5.4 12-12 12H76c-6.6 0-12-5.4-12-12v-40zM400 64h-48V16c0-8.8-7.2-16-16-16h-32c-8.8 0-16 7.2-16 16v48H160V16c0-8.8-7.2-16-16-16h-32c-8.8 0-16 7.2-16 16v48H48C21.5 64 0 85.5 0 112v48h448v-48c0-26.5-21.5-48-48-48z\"\/><\/svg> <div>Ostern<\/div><\/button><\/h3>\n<\/header><div id='mc_calendar_05_30505-calendar-details-30505' class='details no-image uses-modal single-details'  aria-labelledby='mc_30505-title-my-calendar'>\n\t<button type='button' aria-controls='mc_calendar_05_30505-calendar-details-30505' class='mc-toggle close'><span class='dashicons dashicons-dismiss' aria-hidden='true'><\/span><span class='screen-reader-text'>Close<\/span><\/button>\n\t\r\n\t<div class='time-block'>\r\n\t\t<span class='mc-icon' aria-hidden='true'><\/span>\r\n\t\t<p><span class=\"time-wrapper\"> <span class='event-time'><abbr title='Nicht zutreffend'>n.\u00a0a.<\/abbr><\/span>  <\/span><br \/><span class=\"date-wrapper\"><span class='mc-start-date dtstart' title='2026-04-05T00:00:00+02:00' content='2026-04-05T00:00:00+02:00'>5. April 2026<\/span>  <\/span><\/p>\r\n\t<\/div>\n\t\t<div class='longdesc description'><p>(Quelle: <a href=\"https:\/\/www.schulferien.org\/Kalender_mit_Ferien\/Niedersachsen.html\">https:\/\/www.schulferien.org\/Kalender_mit_Ferien\/Niedersachsen.html<\/a>)<\/p>\n<\/div>\n\t\t<div class=\"sharing\">\t<p class='mc-details'><a aria-label='Weiterlesen: Ostern' href='https:\/\/rt-europaallee.de\/wordpress\/my-calendar\/?mc_id=30505'>Weiterlesen<\/a><\/p>\n<\/div><\/div><!--end .details--><\/article><article id='mc_calendar_05_30645-calendar-30645' class='mc-mc_calendar_30645 calendar-event mc_general mc_location-396  past-event mc_primary_general nonrecurring mc mc-start-17-00 ungrouped mc-event-4610 mc-events mc-event mc_rel_general'><header>\t<h3 class='event-title summary' id='mc_30645-title-my-calendar'><button type='button' id='modal-button-mc_calendar_05_30645-calendar-details-30645' data-modal-content-id='mc_calendar_05_30645-calendar-details-30645' data-modal-prefix-class='my-calendar' data-modal-close-text='Schlie\u00dfen' data-modal-title='03.04.2026, Stadt G\u00f6ttingen: Osterfeuer in G\u00f6ttingen' aria-controls='mc_calendar_05_30645-calendar-details-30645' class='calendar mc-modal button button-link url summary has-image'><svg style=\"fill:#000000\" focusable=\"false\" role=\"img\" aria-labelledby=\"cat_30645\" class=\"category-icon\" xmlns=\"http:\/\/www.w3.org\/2000\/svg\" viewBox=\"0 0 448 512\"><!-- Font Awesome Free 5.15.3 by @fontawesome - https:\/\/fontawesome.com License - https:\/\/fontawesome.com\/license\/free (Icons: CC BY 4.0, Fonts: SIL OFL 1.1, Code: MIT License) --><title id='cat_30645'>Kategorie: General<\/title><path d=\"M12 192h424c6.6 0 12 5.4 12 12v260c0 26.5-21.5 48-48 48H48c-26.5 0-48-21.5-48-48V204c0-6.6 5.4-12 12-12zm436-44v-36c0-26.5-21.5-48-48-48h-48V12c0-6.6-5.4-12-12-12h-40c-6.6 0-12 5.4-12 12v52H160V12c0-6.6-5.4-12-12-12h-40c-6.6 0-12 5.4-12 12v52H48C21.5 64 0 85.5 0 112v36c0 6.6 5.4 12 12 12h424c6.6 0 12-5.4 12-12z\"\/><\/svg> <div>03.04.2026, Stadt G\u00f6ttingen: Osterfeuer in G\u00f6ttingen<\/div><\/button><\/h3>\n<\/header><div id='mc_calendar_05_30645-calendar-details-30645' class='details no-image uses-modal single-details'  aria-labelledby='mc_30645-title-my-calendar'>\n\t<button type='button' aria-controls='mc_calendar_05_30645-calendar-details-30645' class='mc-toggle close'><span class='dashicons dashicons-dismiss' aria-hidden='true'><\/span><span class='screen-reader-text'>Close<\/span><\/button>\n\t\r\n\t<div class='time-block'>\r\n\t\t<span class='mc-icon' aria-hidden='true'><\/span>\r\n\t\t<p><span class=\"time-wrapper\"><span class='event-time dtstart'><time class='value-title' datetime='2026-04-05T17:00:00+02:00' title='2026-04-05T17:00:00+02:00'>17:00<\/time><\/span>  <\/span><br \/><span class=\"date-wrapper\"><span class='mc-start-date dtstart' title='2026-04-05T17:00:00+02:00' content='2026-04-05T17:00:00+02:00'>5. April 2026<\/span>  <\/span><\/p>\r\n\t<\/div>\n\t\t<div class='longdesc description'><p>(Quelle: <a href=\"https:\/\/www.goettingen.de\/portal\/meldungen\/alle-termine-und-plaetze-der-osterfeuer-900004902-25480.html\">https:\/\/www.goettingen.de\/portal\/meldungen\/alle-termine-und-plaetze-der-osterfeuer-900004902-25480.html<\/a>)<\/p>\n<blockquote><p><span class=\"dachzeile\">Ostern 2026<\/span><\/p>\n<h3 class=\"kontrast-bild\">Alle Termine und Pl\u00e4tze der Osterfeuer<\/h3>\n<div id=\"nolis_content_site\" class=\"nolis_content_site\">\n<p class=\"anreisser_detail\"><strong>Zum diesj\u00e4hrigen Osterfest werden am Ostersamstag, 4. April 2026, und Ostersonntag, 5. April 2026, wieder Osterfeuer in G\u00f6ttingen zu sehen sein. Zu folgenden Terminen und Uhrzeiten finden die Osterfeuer im Stadtgebiet statt:<\/strong><\/p>\n<div class=\"print_href print_abbr\">\n<div class=\"template template1\">\n<div class=\"platz platz1\">\n<div class=\"rahmen\">\n<div class=\"innen\">\n<h4 class=\"nolis-tiny\">Ostersamstag, 4. April 2026<\/h4>\n<p>Kleingartenverein Leineberg-West e. V., 20.00 Uhr<\/p>\n<ul>\n<li>Vereinsgel\u00e4nde Leineberg (s\u00fcdlicher Parkplatz) erreichbar \u00fcber Sieberweg<\/li>\n<\/ul>\n<p>Gro\u00df Ellershausen, 18.00 Uhr<\/p>\n<ul>\n<li>Elstal, \u201eR\u00fcckhaltebecken\u201c, Hetjersh\u00e4user Weg<\/li>\n<\/ul>\n<p>Elliehausen, 18.00 Uhr<\/p>\n<ul>\n<li>Diedersh\u00e4user Stra\u00dfe, Ortsausgang \u201eHexenberg\u201c Osterfeuerplatz<\/li>\n<\/ul>\n<p>Esebeck, 18.00 Uhr<\/p>\n<ul>\n<li>Parkplatz vor dem Sportplatz \u201eKuhberg\u201c, erreichbar \u00fcber die Stra\u00dfe Zum Kuhberg<\/li>\n<\/ul>\n<p>Nikolausberg, 19.00 Uhr<\/p>\n<ul>\n<li>In der Verl\u00e4ngerung des H\u00f6llewegs<\/li>\n<\/ul>\n<p>Geismar, 19.00 Uhr<\/p>\n<ul>\n<li>Ehemalige Bauschuttdeponie Geismar<\/li>\n<\/ul>\n<p>Grone, 19.00 Uhr<\/p>\n<ul>\n<li>Osterfeuerplatz Lange Reekesweg<\/li>\n<\/ul>\n<h2 class=\"nolis-tiny\">Ostersonntag, 5. April 2026<\/h2>\n<h3>Weende, 19.30 Uhr<\/h3>\n<ul>\n<li>\n<h3>Osterfeuerplatz in der Otto-Hahn-Stra\u00dfe, gegen\u00fcber 2. Polizeikommissariat<\/h3>\n<\/li>\n<\/ul>\n<h3>Holtensen, 19.00 Uhr<\/h3>\n<ul>\n<li>\n<h3>Bau- und Bodenschuttdeponie K\u00f6nigsb\u00fchl<\/h3>\n<\/li>\n<\/ul>\n<h3>Hetjershausen, 19.30 Uhr<\/h3>\n<ul>\n<li>\n<h3>Im Bereich der Stra\u00dfe Zum Loh, in Richtung Alter Bahndamm<\/h3>\n<\/li>\n<\/ul>\n<h3>Kleingartenverein Am Wehr e. V., 19.30 Uhr<\/h3>\n<ul>\n<li>\n<h3>Oberer Parkplatz der Vereinsanlage Kiesseestra\u00dfe<\/h3>\n<\/li>\n<\/ul>\n<h3>Roringen, nach Einbruch der Dunkelheit<\/h3>\n<ul>\n<li>\n<h3>Drakenberg, am Sportplatz (Lagerfeuer am Samstag, 4. April 2026)<\/h3>\n<\/li>\n<\/ul>\n<h3>Osterfeuertruppe Herberhausen e.V., 17.00 Uhr<\/h3>\n<ul>\n<li>\n<h3>Bereich Landwacht\/Reesenanger<\/h3>\n<\/li>\n<\/ul>\n<h3>Eisenbahner-SV \u201eRot-Wei\u00df von 1928\u201c, 19.00 Uhr<\/h3>\n<ul>\n<li>\n<h3>Vereinseigenes Sport- und Freizeitgel\u00e4nde, Zufahrt \u00fcber Gr\u00e4tzelstra\u00dfe 11<\/h3>\n<\/li>\n<\/ul>\n<\/div>\n<\/div>\n<\/div>\n<\/div>\n<\/div>\n<\/div>\n<\/blockquote>\n<\/div>\n\t\t<div class=\"sharing\">\t<p class='mc-details'><a aria-label='Weiterlesen: 03.04.2026, Stadt G\u00f6ttingen: Osterfeuer in G\u00f6ttingen' href='https:\/\/rt-europaallee.de\/wordpress\/my-calendar\/?mc_id=30645'>Weiterlesen<\/a><\/p>\n<\/div><\/div><!--end .details--><\/article>\n<\/td>\n<\/tr>\n<!-- End Event Row -->\n<tr class='mc-row'><td id='calendar-2026-04-06' class='mc-events montag mo past-day past-date   has-events author3 mcat_ferien mcat_feiertag day-with-date'><div class='mc-date-container'>\n\t<span class='mc-date'><span aria-hidden='true' class='mc-day-number'>6<\/span><span class='screen-reader-text mc-day-date'>6. April 2026<\/span><span class=\"event-icon\" aria-hidden=\"true\">&#9679;&#9679;<\/span><span class=\"screen-reader-text\"><span class=\"mc-list-details event-count\">(2 Veranstaltungen)<\/span><\/span><\/span><\/div><article id='mc_calendar_06_30483-calendar-30483' class='mc-mc_calendar_30483 calendar-event mc_ferien mc_location-382  past-event mc_primary_ferien nonrecurring mc-2-wochen mc-start-01-00 ungrouped mc-event-4528 mc-events multidate mc-event mc_rel_ferien'><header>\t<h3 class='event-title summary' id='mc_30483-title-my-calendar'><button type='button' id='modal-button-mc_calendar_06_30483-calendar-details-30483' data-modal-content-id='mc_calendar_06_30483-calendar-details-30483' data-modal-prefix-class='my-calendar' data-modal-close-text='Schlie\u00dfen' data-modal-title='Schulferien' aria-controls='mc_calendar_06_30483-calendar-details-30483' class='calendar mc-modal button button-link url summary has-image'><svg style=\"fill:#ffffff\" focusable=\"false\" role=\"img\" aria-labelledby=\"cat_30483\" class=\"category-icon\" xmlns=\"http:\/\/www.w3.org\/2000\/svg\" viewBox=\"0 0 640 512\"><!-- Font Awesome Free 5.15.3 by @fontawesome - https:\/\/fontawesome.com License - https:\/\/fontawesome.com\/license\/free (Icons: CC BY 4.0, Fonts: SIL OFL 1.1, Code: MIT License) --><title id='cat_30483'>Kategorie: Ferien<\/title><path d=\"M0 224v272c0 8.84 7.16 16 16 16h80V192H32c-17.67 0-32 14.33-32 32zm360-48h-24v-40c0-4.42-3.58-8-8-8h-16c-4.42 0-8 3.58-8 8v64c0 4.42 3.58 8 8 8h48c4.42 0 8-3.58 8-8v-16c0-4.42-3.58-8-8-8zm137.75-63.96l-160-106.67a32.02 32.02 0 0 0-35.5 0l-160 106.67A32.002 32.002 0 0 0 128 138.66V512h128V368c0-8.84 7.16-16 16-16h96c8.84 0 16 7.16 16 16v144h128V138.67c0-10.7-5.35-20.7-14.25-26.63zM320 256c-44.18 0-80-35.82-80-80s35.82-80 80-80 80 35.82 80 80-35.82 80-80 80zm288-64h-64v320h80c8.84 0 16-7.16 16-16V224c0-17.67-14.33-32-32-32z\"\/><\/svg> <div>Schulferien<\/div><\/button><\/h3>\n<\/header><div id='mc_calendar_06_30483-calendar-details-30483' class='details no-image uses-modal single-details'  aria-labelledby='mc_30483-title-my-calendar'>\n\t<button type='button' aria-controls='mc_calendar_06_30483-calendar-details-30483' class='mc-toggle close'><span class='dashicons dashicons-dismiss' aria-hidden='true'><\/span><span class='screen-reader-text'>Close<\/span><\/button>\n\t\r\n\t<div class='time-block'>\r\n\t\t<span class='mc-icon' aria-hidden='true'><\/span>\r\n\t\t<p><span class=\"time-wrapper\"> <span class='event-time'><abbr title='Nicht zutreffend'>n.\u00a0a.<\/abbr><\/span>  <\/span><br \/><span class=\"date-wrapper\"><span class='mc-start-date dtstart' title='2026-03-23T00:00:00+02:00' content='2026-03-23T00:00:00+02:00'>23. M\u00e4rz 2026<\/span> <span class='date-separator'> &ndash; <\/span> <span class=\"event-time dtend\">7. April 2026<\/span><\/span><\/p>\r\n\t<\/div>\n\t\t<div class='longdesc description'><p>(Quelle: <a href=\"https:\/\/www.schulferien.org\/Kalender_mit_Ferien\/Niedersachsen.html\">https:\/\/www.schulferien.org\/Kalender_mit_Ferien\/Niedersachsen.html<\/a>)<\/p>\n<\/div>\n\t\t<div class=\"sharing\">\t<p class='mc-details'><a aria-label='Weiterlesen: Schulferien' href='https:\/\/rt-europaallee.de\/wordpress\/my-calendar\/?mc_id=30483'>Weiterlesen<\/a><\/p>\n<\/div><\/div><!--end .details--><\/article><article id='mc_calendar_06_30506-calendar-30506' class='mc-mc_calendar_30506 calendar-event mc_feiertag mc_location-382  past-event mc_primary_feiertag nonrecurring mc-24-stunden mc-start-00-00 mc-group-4547 mc-event-4548 mc-events mc-event mc_rel_feiertag'><header>\t<h3 class='event-title summary' id='mc_30506-title-my-calendar'><button type='button' id='modal-button-mc_calendar_06_30506-calendar-details-30506' data-modal-content-id='mc_calendar_06_30506-calendar-details-30506' data-modal-prefix-class='my-calendar' data-modal-close-text='Schlie\u00dfen' data-modal-title='Ostern' aria-controls='mc_calendar_06_30506-calendar-details-30506' class='calendar mc-modal button button-link url summary has-image'><svg style=\"fill:#000000\" focusable=\"false\" role=\"img\" aria-labelledby=\"cat_30506\" class=\"category-icon\" xmlns=\"http:\/\/www.w3.org\/2000\/svg\" viewBox=\"0 0 448 512\"><!-- Font Awesome Free 5.15.3 by @fontawesome - https:\/\/fontawesome.com License - https:\/\/fontawesome.com\/license\/free (Icons: CC BY 4.0, Fonts: SIL OFL 1.1, Code: MIT License) --><title id='cat_30506'>Kategorie: Feiertag<\/title><path d=\"M0 464c0 26.5 21.5 48 48 48h352c26.5 0 48-21.5 48-48V192H0v272zm320-196c0-6.6 5.4-12 12-12h40c6.6 0 12 5.4 12 12v40c0 6.6-5.4 12-12 12h-40c-6.6 0-12-5.4-12-12v-40zm0 128c0-6.6 5.4-12 12-12h40c6.6 0 12 5.4 12 12v40c0 6.6-5.4 12-12 12h-40c-6.6 0-12-5.4-12-12v-40zM192 268c0-6.6 5.4-12 12-12h40c6.6 0 12 5.4 12 12v40c0 6.6-5.4 12-12 12h-40c-6.6 0-12-5.4-12-12v-40zm0 128c0-6.6 5.4-12 12-12h40c6.6 0 12 5.4 12 12v40c0 6.6-5.4 12-12 12h-40c-6.6 0-12-5.4-12-12v-40zM64 268c0-6.6 5.4-12 12-12h40c6.6 0 12 5.4 12 12v40c0 6.6-5.4 12-12 12H76c-6.6 0-12-5.4-12-12v-40zm0 128c0-6.6 5.4-12 12-12h40c6.6 0 12 5.4 12 12v40c0 6.6-5.4 12-12 12H76c-6.6 0-12-5.4-12-12v-40zM400 64h-48V16c0-8.8-7.2-16-16-16h-32c-8.8 0-16 7.2-16 16v48H160V16c0-8.8-7.2-16-16-16h-32c-8.8 0-16 7.2-16 16v48H48C21.5 64 0 85.5 0 112v48h448v-48c0-26.5-21.5-48-48-48z\"\/><\/svg> <div>Ostern<\/div><\/button><\/h3>\n<\/header><div id='mc_calendar_06_30506-calendar-details-30506' class='details no-image uses-modal single-details'  aria-labelledby='mc_30506-title-my-calendar'>\n\t<button type='button' aria-controls='mc_calendar_06_30506-calendar-details-30506' class='mc-toggle close'><span class='dashicons dashicons-dismiss' aria-hidden='true'><\/span><span class='screen-reader-text'>Close<\/span><\/button>\n\t\r\n\t<div class='time-block'>\r\n\t\t<span class='mc-icon' aria-hidden='true'><\/span>\r\n\t\t<p><span class=\"time-wrapper\"> <span class='event-time'><abbr title='Nicht zutreffend'>n.\u00a0a.<\/abbr><\/span>  <\/span><br \/><span class=\"date-wrapper\"><span class='mc-start-date dtstart' title='2026-04-06T00:00:00+02:00' content='2026-04-06T00:00:00+02:00'>6. April 2026<\/span>  <\/span><\/p>\r\n\t<\/div>\n\t\t<div class='longdesc description'><p>(Quelle: <a href=\"https:\/\/www.schulferien.org\/Kalender_mit_Ferien\/Niedersachsen.html\">https:\/\/www.schulferien.org\/Kalender_mit_Ferien\/Niedersachsen.html<\/a>)<\/p>\n<\/div>\n\t\t<div class=\"sharing\">\t<p class='mc-details'><a aria-label='Weiterlesen: Ostern' href='https:\/\/rt-europaallee.de\/wordpress\/my-calendar\/?mc_id=30506'>Weiterlesen<\/a><\/p>\n<\/div><\/div><!--end .details--><\/article>\n<\/td>\n<td id='calendar-2026-04-07' class='mc-events dienstag di past-day past-date   has-events author3 mcat_ferien mcat_treffen-erfahrungsaustausch mcat_advents--weihnachtsmarkt day-with-date'><div class='mc-date-container'>\n\t<span class='mc-date'><span aria-hidden='true' class='mc-day-number'>7<\/span><span class='screen-reader-text mc-day-date'>7. April 2026<\/span><span class=\"event-icon\" aria-hidden=\"true\">&#9679;&#9679;&#9679;<\/span><span class=\"screen-reader-text\"><span class=\"mc-list-details event-count\">(4 Veranstaltungen)<\/span><\/span><\/span><\/div><article id='mc_calendar_07_30483-calendar-30483' class='mc-mc_calendar_30483 calendar-event mc_ferien mc_location-382  past-event mc_primary_ferien nonrecurring mc-2-wochen mc-start-01-00 ungrouped mc-event-4528 mc-events multidate mc-event mc_rel_ferien'><header>\t<h3 class='event-title summary' id='mc_30483-title-my-calendar'><button type='button' id='modal-button-mc_calendar_07_30483-calendar-details-30483' data-modal-content-id='mc_calendar_07_30483-calendar-details-30483' data-modal-prefix-class='my-calendar' data-modal-close-text='Schlie\u00dfen' data-modal-title='Schulferien' aria-controls='mc_calendar_07_30483-calendar-details-30483' class='calendar mc-modal button button-link url summary has-image'><svg style=\"fill:#ffffff\" focusable=\"false\" role=\"img\" aria-labelledby=\"cat_30483\" class=\"category-icon\" xmlns=\"http:\/\/www.w3.org\/2000\/svg\" viewBox=\"0 0 640 512\"><!-- Font Awesome Free 5.15.3 by @fontawesome - https:\/\/fontawesome.com License - https:\/\/fontawesome.com\/license\/free (Icons: CC BY 4.0, Fonts: SIL OFL 1.1, Code: MIT License) --><title id='cat_30483'>Kategorie: Ferien<\/title><path d=\"M0 224v272c0 8.84 7.16 16 16 16h80V192H32c-17.67 0-32 14.33-32 32zm360-48h-24v-40c0-4.42-3.58-8-8-8h-16c-4.42 0-8 3.58-8 8v64c0 4.42 3.58 8 8 8h48c4.42 0 8-3.58 8-8v-16c0-4.42-3.58-8-8-8zm137.75-63.96l-160-106.67a32.02 32.02 0 0 0-35.5 0l-160 106.67A32.002 32.002 0 0 0 128 138.66V512h128V368c0-8.84 7.16-16 16-16h96c8.84 0 16 7.16 16 16v144h128V138.67c0-10.7-5.35-20.7-14.25-26.63zM320 256c-44.18 0-80-35.82-80-80s35.82-80 80-80 80 35.82 80 80-35.82 80-80 80zm288-64h-64v320h80c8.84 0 16-7.16 16-16V224c0-17.67-14.33-32-32-32z\"\/><\/svg> <div>Schulferien<\/div><\/button><\/h3>\n<\/header><div id='mc_calendar_07_30483-calendar-details-30483' class='details no-image uses-modal single-details'  aria-labelledby='mc_30483-title-my-calendar'>\n\t<button type='button' aria-controls='mc_calendar_07_30483-calendar-details-30483' class='mc-toggle close'><span class='dashicons dashicons-dismiss' aria-hidden='true'><\/span><span class='screen-reader-text'>Close<\/span><\/button>\n\t\r\n\t<div class='time-block'>\r\n\t\t<span class='mc-icon' aria-hidden='true'><\/span>\r\n\t\t<p><span class=\"time-wrapper\"> <span class='event-time'><abbr title='Nicht zutreffend'>n.\u00a0a.<\/abbr><\/span>  <\/span><br \/><span class=\"date-wrapper\"><span class='mc-start-date dtstart' title='2026-03-23T00:00:00+02:00' content='2026-03-23T00:00:00+02:00'>23. M\u00e4rz 2026<\/span> <span class='date-separator'> &ndash; <\/span> <span class=\"event-time dtend\">7. April 2026<\/span><\/span><\/p>\r\n\t<\/div>\n\t\t<div class='longdesc description'><p>(Quelle: <a href=\"https:\/\/www.schulferien.org\/Kalender_mit_Ferien\/Niedersachsen.html\">https:\/\/www.schulferien.org\/Kalender_mit_Ferien\/Niedersachsen.html<\/a>)<\/p>\n<\/div>\n\t\t<div class=\"sharing\">\t<p class='mc-details'><a aria-label='Weiterlesen: Schulferien' href='https:\/\/rt-europaallee.de\/wordpress\/my-calendar\/?mc_id=30483'>Weiterlesen<\/a><\/p>\n<\/div><\/div><!--end .details--><\/article><article id='mc_calendar_07_30433-calendar-30433' class='mc-mc_calendar_30433 calendar-event mc_treffen-erfahrungsaustausch mc_nachbarschaftszentrum-holtenser-berg-londonstrae-11a-37079-gttingen  past-event mc_primary_treffen-erfahrungsaustausch recurring mc-3-stunden mc-start-16-00 ungrouped mc-event-4489 mc-events mc-event mc_rel_treffenerfahrungsaustausch'><header>\t<h3 class='event-title summary' id='mc_30433-title-my-calendar'><button type='button' id='modal-button-mc_calendar_07_30433-calendar-details-30433' data-modal-content-id='mc_calendar_07_30433-calendar-details-30433' data-modal-prefix-class='my-calendar' data-modal-close-text='Schlie\u00dfen' data-modal-title='16.01.2026, NBZ Holtenser Berg: Spieletreff' aria-controls='mc_calendar_07_30433-calendar-details-30433' class='calendar mc-modal button button-link url summary has-image'><svg style=\"fill:#000000\" focusable=\"false\" role=\"img\" aria-labelledby=\"cat_30433\" class=\"category-icon\" xmlns=\"http:\/\/www.w3.org\/2000\/svg\" viewBox=\"0 0 640 512\"><!-- Font Awesome Free 5.15.3 by @fontawesome - https:\/\/fontawesome.com License - https:\/\/fontawesome.com\/license\/free (Icons: CC BY 4.0, Fonts: SIL OFL 1.1, Code: MIT License) --><title id='cat_30433'>Kategorie: Treffen\/ Erfahrungsaustausch<\/title><path d=\"M434.7 64h-85.9c-8 0-15.7 3-21.6 8.4l-98.3 90c-.1.1-.2.3-.3.4-16.6 15.6-16.3 40.5-2.1 56 12.7 13.9 39.4 17.6 56.1 2.7.1-.1.3-.1.4-.2l79.9-73.2c6.5-5.9 16.7-5.5 22.6 1 6 6.5 5.5 16.6-1 22.6l-26.1 23.9L504 313.8c2.9 2.4 5.5 5 7.9 7.7V128l-54.6-54.6c-5.9-6-14.1-9.4-22.6-9.4zM544 128.2v223.9c0 17.7 14.3 32 32 32h64V128.2h-96zm48 223.9c-8.8 0-16-7.2-16-16s7.2-16 16-16 16 7.2 16 16-7.2 16-16 16zM0 384h64c17.7 0 32-14.3 32-32V128.2H0V384zm48-63.9c8.8 0 16 7.2 16 16s-7.2 16-16 16-16-7.2-16-16c0-8.9 7.2-16 16-16zm435.9 18.6L334.6 217.5l-30 27.5c-29.7 27.1-75.2 24.5-101.7-4.4-26.9-29.4-24.8-74.9 4.4-101.7L289.1 64h-83.8c-8.5 0-16.6 3.4-22.6 9.4L128 128v223.9h18.3l90.5 81.9c27.4 22.3 67.7 18.1 90-9.3l.2-.2 17.9 15.5c15.9 13 39.4 10.5 52.3-5.4l31.4-38.6 5.4 4.4c13.7 11.1 33.9 9.1 45-4.7l9.5-11.7c11.2-13.8 9.1-33.9-4.6-45.1z\"\/><\/svg> <div>16.01.2026, NBZ Holtenser Berg: Spieletreff<\/div><\/button><\/h3>\n<\/header><div id='mc_calendar_07_30433-calendar-details-30433' class='details no-image uses-modal single-details'  aria-labelledby='mc_30433-title-my-calendar'>\n\t<button type='button' aria-controls='mc_calendar_07_30433-calendar-details-30433' class='mc-toggle close'><span class='dashicons dashicons-dismiss' aria-hidden='true'><\/span><span class='screen-reader-text'>Close<\/span><\/button>\n\t\r\n\t<div class='time-block'>\r\n\t\t<span class='mc-icon' aria-hidden='true'><\/span>\r\n\t\t<p><span class=\"time-wrapper\"><span class='event-time dtstart'><time class='value-title' datetime='2026-04-07T16:00:00+02:00' title='2026-04-07T16:00:00+02:00'>16:00<\/time><\/span> <span class='time-separator'> &ndash; <\/span> <span class='end-time dtend'> <time class='value-title' datetime='2026-04-07T18:30:00+02:00' title='2026-04-07T18:30:00+02:00'>18:30<\/time><\/span><\/span><br \/><span class=\"date-wrapper\"><span class='mc-start-date dtstart' title='2026-04-07T16:00:00+02:00' content='2026-04-07T16:00:00+02:00'>7. April 2026<\/span>  <\/span><\/p>\r\n\t<\/div>\n\t\t<div class='longdesc description'><p>(Quelle: <a href=\"https:\/\/www.facebook.com\/events\/1206244801002861\/1206244821002859\/\">https:\/\/www.facebook.com\/events\/1206244801002861\/1206244821002859\/<\/a>)<\/p>\n<blockquote>\n<div class=\"html-div xjyslct xjbqb8w x972fbf x10w94by x1qhh985 x14e42zd x9f619 x1rg5ohu xdj266r x14z9mp xat24cr x1lziwak xexx8yu xyri2b x18d9i69 x1c1uobl x1n2onr6 x16tdsg8 xh8yej3\" role=\"listitem\">\n<div class=\"html-div xdj266r x14z9mp xat24cr x1lziwak xyri2b x1c1uobl x78zum5 xdt5ytf xwib8y2 x1y1aw1k\">\n<div class=\"x9f619 x1ja2u2z x78zum5 x2lah0s x1n2onr6 x1nhvcw1 x1cy8zhl xozqiw3 x1q0g3np xv54qhq xf7dkkf x18d9i69 xexx8yu x1ws5yxj xw01apr x4cne27 xifccgj\">\n<div class=\"x9f619 x1n2onr6 x1ja2u2z x78zum5 xdt5ytf x193iq5w xeuugli x1r8uery x1iyjqo2 xs83m0k xamitd3 x1icxu4v x25sj25 x10b6aqq x1yrsyyn\">\n<div class=\"x78zum5 xdt5ytf xz62fqu x16ldp7u\">\n<div class=\"xu06os2 x1ok221b\"><span class=\"x193iq5w xeuugli x13faqbe x1vvkbs x1xmvt09 x1lliihq x1s928wv xhkezso x1gmr53x x1cpjm7i x1fgarty x1943h6x xudqn12 x3x7a5m x6prxxf xvq8zen xo1l8bm xzsf02u x1yc453h\" dir=\"auto\">Veranstaltung von <b class=\"html-b xdj266r x14z9mp xat24cr x1lziwak xexx8yu xyri2b x18d9i69 x1c1uobl x1hl2dhg x16tdsg8 x1vvkbs x1s688f\"><a class=\"x1i10hfl xjbqb8w x1ejq31n x18oe1m7 x1sy0etr xstzfhl x972fbf x10w94by x1qhh985 x14e42zd x9f619 x1ypdohk xt0psk2 x3ct3a4 xdj266r x14z9mp xat24cr x1lziwak xexx8yu xyri2b x18d9i69 x1c1uobl x16tdsg8 x1hl2dhg xggy1nq x1a2a7pz xkrqix3 x1sur9pj xzsf02u x1s688f\" href=\"https:\/\/www.facebook.com\/NBZHoBerg\">Nachbarschaftszentrum Holtenser Berg<\/a><\/b><\/span><\/div>\n<\/div>\n<\/div>\n<\/div>\n<\/div>\n<\/div>\n<div class=\"html-div xjyslct xjbqb8w x972fbf x10w94by x1qhh985 x14e42zd x9f619 x1rg5ohu xdj266r x14z9mp xat24cr x1lziwak xexx8yu xyri2b x18d9i69 x1c1uobl x1n2onr6 x16tdsg8 xh8yej3\" role=\"listitem\">\n<div class=\"html-div xdj266r x14z9mp xat24cr x1lziwak xyri2b x1c1uobl x78zum5 xdt5ytf xwib8y2 x1y1aw1k\">\n<div class=\"x9f619 x1ja2u2z x78zum5 x2lah0s x1n2onr6 x1nhvcw1 x1cy8zhl xozqiw3 x1q0g3np xv54qhq xf7dkkf x18d9i69 xexx8yu x1ws5yxj xw01apr x4cne27 xifccgj\">\n<div class=\"x9f619 x1n2onr6 x1ja2u2z x78zum5 xdt5ytf x2lah0s x193iq5w xeuugli x1icxu4v x25sj25 x10b6aqq x1yrsyyn\"><\/div>\n<div class=\"x9f619 x1n2onr6 x1ja2u2z x78zum5 xdt5ytf x193iq5w xeuugli x1r8uery x1iyjqo2 xs83m0k xamitd3 x1icxu4v x25sj25 x10b6aqq x1yrsyyn\">\n<div class=\"x78zum5 xdt5ytf xz62fqu x16ldp7u\">\n<div class=\"xu06os2 x1ok221b\">\n<div class=\"x1i10hfl xjbqb8w x1ejq31n x18oe1m7 x1sy0etr xstzfhl x972fbf x10w94by x1qhh985 x14e42zd x9f619 x1ypdohk xt0psk2 x3ct3a4 xdj266r x14z9mp xat24cr x1lziwak xexx8yu xyri2b x18d9i69 x1c1uobl x16tdsg8 x1hl2dhg xggy1nq x1a2a7pz xkrqix3 x1sur9pj xzsf02u x1s688f\" role=\"button\">Londonstra\u00dfe 11a, 37079 G\u00f6ttingen, Germany<\/div>\n<\/div>\n<\/div>\n<\/div>\n<\/div>\n<\/div>\n<\/div>\n<div class=\"html-div xjyslct xjbqb8w x972fbf x10w94by x1qhh985 x14e42zd x9f619 x1rg5ohu xdj266r x14z9mp xat24cr x1lziwak xexx8yu xyri2b x18d9i69 x1c1uobl x1n2onr6 x16tdsg8 xh8yej3\" role=\"listitem\">\n<div class=\"html-div xdj266r x14z9mp xat24cr x1lziwak xyri2b x1c1uobl x78zum5 xdt5ytf xwib8y2 x1y1aw1k\">\n<div class=\"x9f619 x1ja2u2z x78zum5 x2lah0s x1n2onr6 x1nhvcw1 x1cy8zhl xozqiw3 x1q0g3np xv54qhq xf7dkkf x18d9i69 xexx8yu x1ws5yxj xw01apr x4cne27 xifccgj\">\n<div class=\"x9f619 x1n2onr6 x1ja2u2z x78zum5 xdt5ytf x2lah0s x193iq5w xeuugli x1icxu4v x25sj25 x10b6aqq x1yrsyyn\"><\/div>\n<div class=\"x9f619 x1n2onr6 x1ja2u2z x78zum5 xdt5ytf x193iq5w xeuugli x1r8uery x1iyjqo2 xs83m0k xamitd3 x1icxu4v x25sj25 x10b6aqq x1yrsyyn\">\n<div class=\"x78zum5 xdt5ytf xz62fqu x16ldp7u\">\n<div class=\"xu06os2 x1ok221b\"><span class=\"x193iq5w xeuugli x13faqbe x1vvkbs x1xmvt09 x1lliihq x1s928wv xhkezso x1gmr53x x1cpjm7i x1fgarty x1943h6x xudqn12 x3x7a5m x6prxxf xvq8zen xo1l8bm xzsf02u x1yc453h\" dir=\"auto\">Laufzeit: 2 Std. 30 Min.<\/span><\/div>\n<\/div>\n<\/div>\n<\/div>\n<\/div>\n<\/div>\n<div class=\"html-div xjyslct xjbqb8w x972fbf x10w94by x1qhh985 x14e42zd x9f619 x1rg5ohu xdj266r x14z9mp xat24cr x1lziwak xexx8yu xyri2b x18d9i69 x1c1uobl x1n2onr6 x16tdsg8 xh8yej3\" role=\"listitem\">\n<div class=\"html-div xdj266r x14z9mp xat24cr x1lziwak xyri2b x1c1uobl x78zum5 xdt5ytf xwib8y2 x1y1aw1k\">\n<div class=\"x9f619 x1ja2u2z x78zum5 x2lah0s x1n2onr6 x1nhvcw1 x1cy8zhl xozqiw3 x1q0g3np xv54qhq xf7dkkf x18d9i69 xexx8yu x1ws5yxj xw01apr x4cne27 xifccgj\">\n<div class=\"x9f619 x1n2onr6 x1ja2u2z x78zum5 xdt5ytf x2lah0s x193iq5w xeuugli x1icxu4v x25sj25 x10b6aqq x1yrsyyn\"><\/div>\n<div class=\"x9f619 x1n2onr6 x1ja2u2z x78zum5 xdt5ytf x193iq5w xeuugli x1r8uery x1iyjqo2 xs83m0k xamitd3 x1icxu4v x25sj25 x10b6aqq x1yrsyyn\">\n<div class=\"x78zum5 xdt5ytf xz62fqu x16ldp7u\">\n<div class=\"xu06os2 x1ok221b\"><span class=\"x193iq5w xeuugli x13faqbe x1vvkbs x1xmvt09 x1lliihq x1s928wv xhkezso x1gmr53x x1cpjm7i x1fgarty x1943h6x xudqn12 x3x7a5m x6prxxf xvq8zen xo1l8bm xzsf02u x1yc453h\" dir=\"auto\">\u00d6ffentlich<span class=\"xzpqnlu xjm9jq1 x6ikm8r x10wlt62 x10l6tqk x1i1rx1s\">\u00a0<\/span><span aria-hidden=\"true\"> \u00b7 <\/span>Jede Person auf und au\u00dferhalb von Facebook<\/span><\/div>\n<\/div>\n<\/div>\n<\/div>\n<\/div>\n<\/div>\n<div class=\"html-div xdj266r x14z9mp xat24cr x1lziwak xexx8yu x18d9i69 xv54qhq xf7dkkf\">\n<div class=\"x1ni5s2d\">\n<div class=\"xdj266r x14z9mp xat24cr x1lziwak x1vvkbs\">Brett und Kartenspiele, alte und neue Spiele.<\/div>\n<\/div>\n<\/div>\n<\/blockquote>\n<\/div>\n\t\t<div class=\"mc-location\"><div class=\"address location vcard\"><div class='map'><a href='https:\/\/maps.google.com\/maps?z=16&amp;daddr=Londonstra\u00dfe+11a++G\u00f6ttingen++37079+' class='url external'><span class='mc-icon' aria-hidden='true'><\/span>Karte<span class='screen-reader-text fn'> Nachbarschaftszentrum Holtenser Berg Londonstra\u00dfe 11a, 37079 G\u00f6ttingen<\/span><\/a><\/div><\/div><\/div>\n\t\t<div class=\"sharing\">\t<p class='mc-details'><a aria-label='Weiterlesen: 16.01.2026, NBZ Holtenser Berg: Spieletreff' href='https:\/\/rt-europaallee.de\/wordpress\/my-calendar\/?mc_id=30433'>Weiterlesen<\/a><\/p>\n<\/div><\/div><!--end .details--><\/article><article id='mc_calendar_07_30542-calendar-30542' class='mc-mc_calendar_30542 calendar-event mc_advents--weihnachtsmarkt mc_om10  past-event mc_primary_advents-weihnachtsmarkt recurring mc-1-stunde mc-start-17-00 ungrouped mc-event-4560 mc-events mc-event mc_rel_advents-weihnachtsmarkt'><header>\t<h3 class='event-title summary' id='mc_30542-title-my-calendar'><button type='button' id='modal-button-mc_calendar_07_30542-calendar-details-30542' data-modal-content-id='mc_calendar_07_30542-calendar-details-30542' data-modal-prefix-class='my-calendar' data-modal-close-text='Schlie\u00dfen' data-modal-title='04.03.2026, NBZ Holtenser Berg: tauschcaf\u00e9 (Bargeld) in OM10' aria-controls='mc_calendar_07_30542-calendar-details-30542' class='calendar mc-modal button button-link url summary has-image'><svg style=\"fill:#ffffff\" focusable=\"false\" role=\"img\" aria-labelledby=\"cat_30542\" class=\"category-icon\" xmlns=\"http:\/\/www.w3.org\/2000\/svg\" viewBox=\"0 0 576 512\"><!-- Font Awesome Free 5.15.3 by @fontawesome - https:\/\/fontawesome.com License - https:\/\/fontawesome.com\/license\/free (Icons: CC BY 4.0, Fonts: SIL OFL 1.1, Code: MIT License) --><title id='cat_30542'>Kategorie: Advents-, Weihnachtsmarkt<\/title><path d=\"M259.3 17.8L194 150.2 47.9 171.5c-26.2 3.8-36.7 36.1-17.7 54.6l105.7 103-25 145.5c-4.5 26.3 23.2 46 46.4 33.7L288 439.6l130.7 68.7c23.2 12.2 50.9-7.4 46.4-33.7l-25-145.5 105.7-103c19-18.5 8.5-50.8-17.7-54.6L382 150.2 316.7 17.8c-11.7-23.6-45.6-23.9-57.4 0z\"\/><\/svg> <div>04.03.2026, NBZ Holtenser Berg: tauschcaf\u00e9 (Bargeld) in OM10<\/div><\/button><\/h3>\n<\/header><div id='mc_calendar_07_30542-calendar-details-30542' class='details no-image uses-modal single-details'  aria-labelledby='mc_30542-title-my-calendar'>\n\t<button type='button' aria-controls='mc_calendar_07_30542-calendar-details-30542' class='mc-toggle close'><span class='dashicons dashicons-dismiss' aria-hidden='true'><\/span><span class='screen-reader-text'>Close<\/span><\/button>\n\t\r\n\t<div class='time-block'>\r\n\t\t<span class='mc-icon' aria-hidden='true'><\/span>\r\n\t\t<p><span class=\"time-wrapper\"><span class='event-time dtstart'><time class='value-title' datetime='2026-04-07T17:00:00+02:00' title='2026-04-07T17:00:00+02:00'>17:00<\/time><\/span> <span class='time-separator'> &ndash; <\/span> <span class='end-time dtend'> <time class='value-title' datetime='2026-04-07T18:00:00+02:00' title='2026-04-07T18:00:00+02:00'>18:00<\/time><\/span><\/span><br \/><span class=\"date-wrapper\"><span class='mc-start-date dtstart' title='2026-04-07T17:00:00+02:00' content='2026-04-07T17:00:00+02:00'>7. April 2026<\/span>  <\/span><\/p>\r\n\t<\/div>\n\t\t<div class='longdesc description'><p>(Quelle: <a href=\"https:\/\/www.facebook.com\/NBZHoBerg\/posts\/pfbid06iR4gJrM6vgoi2J3K5rLNCRYjDBuNJzMLSE9mJKnFLVWXNN5RUyNs7WoHcCv7aLyl\">https:\/\/www.facebook.com\/NBZHoBerg\/posts\/pfbid06iR4gJrM6vgoi2J3K5rLNCRYjDBuNJzMLSE9mJKnFLVWXNN5RUyNs7WoHcCv7aLyl<\/a>)<\/p>\n<blockquote>\n<div class=\"html-div xdj266r xat24cr x1lziwak xexx8yu xyri2b x18d9i69 x1c1uobl x78zum5 x2lah0s xqtp20y x1xegmmw\">\n<div class=\"x1vqgdyp x100vrsf\">\n<div class=\"\"><\/div>\n<\/div>\n<\/div>\n<div class=\"html-div xdj266r x14z9mp xat24cr x1lziwak xexx8yu xyri2b x18d9i69 x1c1uobl x1iyjqo2 xeuugli\">\n<div class=\"x78zum5 xdt5ytf xz62fqu x16ldp7u\">\n<div class=\"xu06os2 x1ok221b\">\n<div class=\"html-div xdj266r x14z9mp xat24cr x1lziwak xexx8yu xyri2b x18d9i69 x1c1uobl\" data-ad-rendering-role=\"profile_name\">\n<h3 class=\"html-h3 x14z9mp xat24cr x1lziwak xexx8yu xyri2b x18d9i69 x1c1uobl x1vvkbs x1heor9g x1qlqyl8 x1pd3egz x1a2a7pz x1gslohp x1yc453h\"><span class=\"x78zum5 x1q0g3np\"><span class=\"x1lliihq x6ikm8r x10wlt62 x1n2onr6 xlyipyv xuxw1ft\"><span class=\"xt0psk2\"><span class=\"xjp7ctv\"><a class=\"x1i10hfl xjbqb8w x1ejq31n x18oe1m7 x1sy0etr xstzfhl x972fbf x10w94by x1qhh985 x14e42zd x9f619 x1ypdohk xt0psk2 x3ct3a4 xdj266r x14z9mp xat24cr x1lziwak xexx8yu xyri2b x18d9i69 x1c1uobl x16tdsg8 x1hl2dhg xggy1nq x1a2a7pz xkrqix3 x1sur9pj xzsf02u x1s688f\" href=\"https:\/\/www.facebook.com\/NBZHoBerg?__cft__[0]=AZZZ15wGYld4HrLwYx4zOv8I6kq0ljKffGADyr4-gv-GFsxFwgWQXvlt_QfUo-ncRnN4PyvruA9MVzAkvRG7F-0bvBBPZszoF0OFAr3oT34Vmt__Od9XNHV7X76ep-I-xRVJ1whkc_M1O8txQyukw8evuMhrsjoGegVTeevxPnbqOg&amp;__tn__=-UC%2CP-R\"><b class=\"html-b xdj266r x14z9mp xat24cr x1lziwak xexx8yu xyri2b x18d9i69 x1c1uobl x1hl2dhg x16tdsg8 x1vvkbs x1s688f\"><span class=\"html-span xdj266r x14z9mp xat24cr x1lziwak xexx8yu xyri2b x18d9i69 x1c1uobl x1hl2dhg x16tdsg8 x1vvkbs\">Nachbarschaftszentrum Holtenser Berg<\/span><\/b><\/a><\/span><\/span><\/span><\/span><\/h3>\n<div class=\"x9f619 x1r8uery x1iyjqo2 x6ikm8r x10wlt62 x1n2onr6\">\n<div class=\"x78zum5 xdt5ytf\" data-virtualized=\"false\">\n<div class=\"x9f619 x1n2onr6 x1ja2u2z\">\n<div class=\"html-div xdj266r x14z9mp xat24cr x1lziwak xyri2b x18d9i69 x1c1uobl xqtp20y x1n2onr6 xh8yej3 x1jm3axb\">\n<div class=\"html-div x1qjc9v5 x1q0q8m5 x1qhh985 x18b5jzi x10w94by x1t7ytsu x14e42zd x13fuv20 x972fbf x1ey2m1c x9f619 x78zum5 xdt5ytf x1iyjqo2 xs83m0k xtijo5x x1o0tod x1qughib xat24cr x14z9mp x1lziwak xdj266r x2lwn1j xeuugli x18d9i69 xyri2b x1c1uobl xexx8yu x10l6tqk x13vifvy x1ja2u2z\">\n<div class=\"x1wa3icf x11dcrhx x12nagc x10l6tqk\">\n<div class=\"x2fvf9\"><\/div>\n<\/div>\n<\/div>\n<\/div>\n<\/div>\n<\/div>\n<\/div>\n<div class=\"x9f619 x1r8uery x1iyjqo2 x6ikm8r x10wlt62 x1n2onr6\">\n<div class=\"x78zum5 xdt5ytf\" data-virtualized=\"false\">\n<div class=\"x9f619 x1n2onr6 x1ja2u2z\">\n<div class=\"html-div xdj266r x14z9mp xat24cr x1lziwak xyri2b x18d9i69 x1c1uobl xqtp20y x1n2onr6 xh8yej3 x1jm3axb\">\n<div class=\"html-div x1qjc9v5 x1q0q8m5 x1qhh985 x18b5jzi x10w94by x1t7ytsu x14e42zd x13fuv20 x972fbf x1ey2m1c x9f619 x78zum5 xdt5ytf x1iyjqo2 xs83m0k xtijo5x x1o0tod x1qughib xat24cr x14z9mp x1lziwak xdj266r x2lwn1j xeuugli x18d9i69 xyri2b x1c1uobl xexx8yu x10l6tqk x13vifvy x1ja2u2z\">\n<p><a class=\"x1i10hfl xjbqb8w x1ejq31n x18oe1m7 x1sy0etr xstzfhl x972fbf x10w94by x1qhh985 x14e42zd x9f619 x1ypdohk x3ct3a4 xdj266r x14z9mp xat24cr x1lziwak xexx8yu xyri2b x18d9i69 x1c1uobl x16tdsg8 x1hl2dhg xggy1nq x1a2a7pz x1heor9g xkrqix3 x1sur9pj x1s688f x1lliihq x5yr21d x1n2onr6 xh8yej3\" href=\"https:\/\/www.facebook.com\/photo.php?fbid=1222948323359942&amp;set=pb.100069343576736.-2207520000&amp;type=3\"><img decoding=\"async\" class=\"xzg4506 x16mubyn xua58t2 x14uebl7 x1obq294 x5a5i1n xde0f50 x15x8krk x9f619 x5yr21d xl1xv1r xh8yej3\" src=\"https:\/\/scontent-ham3-1.xx.fbcdn.net\/v\/t39.30808-6\/645905570_1222948330026608_6074298258563813047_n.jpg?stp=c257.0.1240.1240a_dst-jpg_s206x206_tt6&amp;_nc_cat=109&amp;ccb=1-7&amp;_nc_sid=a934a8&amp;_nc_ohc=h07PCl_VC6kQ7kNvwF5cANz&amp;_nc_oc=Adl5q4hxatkuVrcsOTlI2n1rKxShx33qPj7tvsxmk19buaL701E80h2UASEkS2qnMuQaDtIWLmUC5R8YyXvPpAQg&amp;_nc_zt=23&amp;_nc_ht=scontent-ham3-1.xx&amp;_nc_gid=h_7YSpqNMOs_i1I8DSIR5w&amp;_nc_ss=8&amp;oh=00_AfwSBvWmFy-b8Y1SnLy6Y9xF14Rq3dFK36w87eMKpBXY1Q&amp;oe=69ADE71A\" alt=\"Ist m\u00f6glicherweise ein Bild von \u200eText \u201e\u200eKarta dravdan\u00ea ihem\u00fc \u015faredariy\u00ean kese kuli A\u015fa\u011f\u0131 z\u00eadetir yek\u00ea dest Veguhestin\u00ean dan\u00fastandinek\u00ea Kes\u00ean anlam\u0131na Banka havaleleri denetlenecek. adil de\u011fil, y\u00fczden takas ba\u015flat\u0131yoruz, deb\u00eete Kes\u00ean diyariye wisa tune Fikir pourra dikarin injuste, \u00e9galement kart\u0131 olanlar als\u0131n. Kart\u0131 Hediye meh\u00ea \u00e9vare systeme kartlar\u0131 nakit getirsin. nakit diyariye Sal\u0131 g\u00fcn\u00fc navni\u015f kirin H\u00e2n 17:00 principe? une d\u00e9bit supermarch\u00e9.L Cartes-cadeaux echang\u00e9es. 18:00 aras\u0131nda peuvent ensuite \u0627\u06a9\u0633\u0648\u0646\u06cc \u06cc\u0627\u0633\u0627\u06cc \u06cc\u062f\u067e\u0646\u06cc Bizi mardis \u067e\u0627\u0631\u0647\u062f\u0627\u0646 .\u062f\u0647\u0628\u06cc\u062a \u0686\u0627\u0648\u062f\u06cc\u0631\u06cc \u0647\u0641\u0631\u0648\u0647_\u0647\u0627 !\u062f\u0647\u0633\u062a \u0628\u0648\u064a\u0647 parmi \u0634\u06cc\u0648\u0647\u200c\u06cc \u064a\u0624\u0631\u0642 .\u062f\u0647_\u06af\u0631\u06cc\u062a \u0628\u06cc\u0631\u0624s\u0647s\u0647\u061f 6yAyT \u06a9\u0646\u0627\u062a\u06be\u0631\u06a9 Ley Asilo podr\u00e1n \u0628\u0647\u064a\u0651\u0646\u0647 \u0645\u0627\u0646\u06af noAapo4Hble KapTbl iniciamos .\u0647\u0627\u062a\u0648\u0648\u0647 \u0648\u06cc\u0646\u0645\u06a9\u0627\u0646 mecRua 17\uff1a00 debito \u0641\u0631\u0648\u0634\u06af\u0627\u06cc\u0627\u0646\u0647\u06cc G\u00f6ttingen G\u00f6ttingen 18:00. una que Obere\u200e\u201c\u200e\" \/><\/a><\/p>\n<div class=\"x1wa3icf x11dcrhx x12nagc x10l6tqk\">\n<div class=\"x2fvf9\"><\/div>\n<\/div>\n<\/div>\n<\/div>\n<\/div>\n<\/div>\n<\/div>\n<div class=\"x9f619 x1r8uery x1iyjqo2 x6ikm8r x10wlt62 x1n2onr6\">\n<div class=\"x78zum5 xdt5ytf\" data-virtualized=\"false\">\n<div class=\"x9f619 x1n2onr6 x1ja2u2z\">\n<div class=\"html-div xdj266r x14z9mp xat24cr x1lziwak xyri2b x18d9i69 x1c1uobl xqtp20y x1n2onr6 xh8yej3 x1jm3axb\">\n<div class=\"html-div x1qjc9v5 x1q0q8m5 x1qhh985 x18b5jzi x10w94by x1t7ytsu x14e42zd x13fuv20 x972fbf x1ey2m1c x9f619 x78zum5 xdt5ytf x1iyjqo2 xs83m0k xtijo5x x1o0tod x1qughib xat24cr x14z9mp x1lziwak xdj266r x2lwn1j xeuugli x18d9i69 xyri2b x1c1uobl xexx8yu x10l6tqk x13vifvy x1ja2u2z\"><a class=\"x1i10hfl xjbqb8w x1ejq31n x18oe1m7 x1sy0etr xstzfhl x972fbf x10w94by x1qhh985 x14e42zd x9f619 x1ypdohk x3ct3a4 xdj266r x14z9mp xat24cr x1lziwak xexx8yu xyri2b x18d9i69 x1c1uobl x16tdsg8 x1hl2dhg xggy1nq x1a2a7pz x1heor9g xkrqix3 x1sur9pj x1s688f x1lliihq x5yr21d x1n2onr6 xh8yej3\" href=\"https:\/\/www.facebook.com\/photo.php?fbid=1222948313359943&amp;set=pb.100069343576736.-2207520000&amp;type=3\"><img decoding=\"async\" class=\"xzg4506 x16mubyn xua58t2 x14uebl7 x1obq294 x5a5i1n xde0f50 x15x8krk x9f619 x5yr21d xl1xv1r xh8yej3\" src=\"https:\/\/scontent-ham3-1.xx.fbcdn.net\/v\/t39.30808-6\/645962940_1222948326693275_9220288748759603139_n.jpg?stp=c257.0.1240.1240a_dst-jpg_s206x206_tt6&amp;_nc_cat=109&amp;ccb=1-7&amp;_nc_sid=a934a8&amp;_nc_ohc=iwzJ1SpCR0gQ7kNvwGAdNZW&amp;_nc_oc=AdnUrzw1mGC-eYvfr2HaFifAtASRK174NCEkoVVVYcmJGyucnk8RTgkzAcraHr1NEF1mgU_x_Q7vVrdj35sZat0e&amp;_nc_zt=23&amp;_nc_ht=scontent-ham3-1.xx&amp;_nc_gid=h_7YSpqNMOs_i1I8DSIR5w&amp;_nc_ss=8&amp;oh=00_Afx20e9hmyY4eObQiZhlDSs-jOjsufd18cl8zZUkW-sVDA&amp;oe=69AE1796\" alt=\"Ist m\u00f6glicherweise ein Bild von Karte und Text\" \/><\/a><\/div>\n<\/div>\n<\/div>\n<\/div>\n<\/div>\n<\/div>\n<\/div>\n<\/div>\n<\/div>\n<\/blockquote>\n<h4>(Bitte Links der Bilder anklicken)<\/h4>\n<blockquote>\n<div class=\"html-div xdj266r x14z9mp xat24cr x1lziwak xexx8yu xyri2b x18d9i69 x1c1uobl x1iyjqo2 xeuugli\">\n<div class=\"x78zum5 xdt5ytf xz62fqu x16ldp7u\">\n<div class=\"xu06os2 x1ok221b\">\n<div class=\"html-div xdj266r x14z9mp xat24cr x1lziwak xexx8yu xyri2b x18d9i69 x1c1uobl\" data-ad-rendering-role=\"profile_name\">\n<p>&nbsp;<\/p>\n<\/div>\n<\/div>\n<\/div>\n<\/div>\n<\/blockquote>\n<\/div>\n\t\t<div class=\"mc-location\"><div class=\"address location vcard\"><div class='map'><a href='https:\/\/maps.google.com\/maps?z=16&amp;daddr=Obere-Masch-Stra\u00dfe+10++G\u00f6ttingen++37073+' class='url external'><span class='mc-icon' aria-hidden='true'><\/span>Karte<span class='screen-reader-text fn'> OM10<\/span><\/a><\/div><\/div><\/div>\n\t\t<div class=\"sharing\">\t<p class='mc-details'><a aria-label='Weiterlesen: 04.03.2026, NBZ Holtenser Berg: tauschcaf\u00e9 (Bargeld) in OM10' href='https:\/\/rt-europaallee.de\/wordpress\/my-calendar\/?mc_id=30542'>Weiterlesen<\/a><\/p>\n<\/div><\/div><!--end .details--><\/article><article id='mc_calendar_07_30635-calendar-30635' class='mc-mc_calendar_30635 calendar-event mc_treffen-erfahrungsaustausch mc_stadtteilbro-leineberg  past-event mc_primary_treffen-erfahrungsaustausch nonrecurring mc-2-stunden mc-start-17-00 ungrouped mc-event-4602 mc-events mc-event mc_rel_treffenerfahrungsaustausch'><header>\t<h3 class='event-title summary' id='mc_30635-title-my-calendar'><button type='button' id='modal-button-mc_calendar_07_30635-calendar-details-30635' data-modal-content-id='mc_calendar_07_30635-calendar-details-30635' data-modal-prefix-class='my-calendar' data-modal-close-text='Schlie\u00dfen' data-modal-title='26.03.2026, Stadtteilb\u00fcro Leineberg: Reparaturcaf\u00e9 Leineberg' aria-controls='mc_calendar_07_30635-calendar-details-30635' class='calendar mc-modal button button-link url summary has-image'><svg style=\"fill:#000000\" focusable=\"false\" role=\"img\" aria-labelledby=\"cat_30635\" class=\"category-icon\" xmlns=\"http:\/\/www.w3.org\/2000\/svg\" viewBox=\"0 0 640 512\"><!-- Font Awesome Free 5.15.3 by @fontawesome - https:\/\/fontawesome.com License - https:\/\/fontawesome.com\/license\/free (Icons: CC BY 4.0, Fonts: SIL OFL 1.1, Code: MIT License) --><title id='cat_30635'>Kategorie: Treffen\/ Erfahrungsaustausch<\/title><path d=\"M434.7 64h-85.9c-8 0-15.7 3-21.6 8.4l-98.3 90c-.1.1-.2.3-.3.4-16.6 15.6-16.3 40.5-2.1 56 12.7 13.9 39.4 17.6 56.1 2.7.1-.1.3-.1.4-.2l79.9-73.2c6.5-5.9 16.7-5.5 22.6 1 6 6.5 5.5 16.6-1 22.6l-26.1 23.9L504 313.8c2.9 2.4 5.5 5 7.9 7.7V128l-54.6-54.6c-5.9-6-14.1-9.4-22.6-9.4zM544 128.2v223.9c0 17.7 14.3 32 32 32h64V128.2h-96zm48 223.9c-8.8 0-16-7.2-16-16s7.2-16 16-16 16 7.2 16 16-7.2 16-16 16zM0 384h64c17.7 0 32-14.3 32-32V128.2H0V384zm48-63.9c8.8 0 16 7.2 16 16s-7.2 16-16 16-16-7.2-16-16c0-8.9 7.2-16 16-16zm435.9 18.6L334.6 217.5l-30 27.5c-29.7 27.1-75.2 24.5-101.7-4.4-26.9-29.4-24.8-74.9 4.4-101.7L289.1 64h-83.8c-8.5 0-16.6 3.4-22.6 9.4L128 128v223.9h18.3l90.5 81.9c27.4 22.3 67.7 18.1 90-9.3l.2-.2 17.9 15.5c15.9 13 39.4 10.5 52.3-5.4l31.4-38.6 5.4 4.4c13.7 11.1 33.9 9.1 45-4.7l9.5-11.7c11.2-13.8 9.1-33.9-4.6-45.1z\"\/><\/svg> <div>26.03.2026, Stadtteilb\u00fcro Leineberg: Reparaturcaf\u00e9 Leineberg<\/div><\/button><\/h3>\n<\/header><div id='mc_calendar_07_30635-calendar-details-30635' class='details no-image uses-modal single-details'  aria-labelledby='mc_30635-title-my-calendar'>\n\t<button type='button' aria-controls='mc_calendar_07_30635-calendar-details-30635' class='mc-toggle close'><span class='dashicons dashicons-dismiss' aria-hidden='true'><\/span><span class='screen-reader-text'>Close<\/span><\/button>\n\t\r\n\t<div class='time-block'>\r\n\t\t<span class='mc-icon' aria-hidden='true'><\/span>\r\n\t\t<p><span class=\"time-wrapper\"><span class='event-time dtstart'><time class='value-title' datetime='2026-04-07T17:00:00+02:00' title='2026-04-07T17:00:00+02:00'>17:00<\/time><\/span> <span class='time-separator'> &ndash; <\/span> <span class='end-time dtend'> <time class='value-title' datetime='2026-04-07T19:00:00+02:00' title='2026-04-07T19:00:00+02:00'>19:00<\/time><\/span><\/span><br \/><span class=\"date-wrapper\"><span class='mc-start-date dtstart' title='2026-04-07T17:00:00+02:00' content='2026-04-07T17:00:00+02:00'>7. April 2026<\/span>  <\/span><\/p>\r\n\t<\/div>\n\t\t<div class='longdesc description'><p>&nbsp;<\/p>\n<blockquote>\n<div class=\"html-div xdj266r x14z9mp xat24cr x1lziwak xexx8yu xyri2b x18d9i69 x1c1uobl\">\n<div class=\"html-div xdj266r x14z9mp x1lziwak x18d9i69 x1cy8zhl x78zum5 x1q0g3np xod5an3 xz9dl7a x1g0dm76 xpdmqnj\">\n<div class=\"html-div xdj266r xat24cr x1lziwak xexx8yu xyri2b x18d9i69 x1c1uobl x78zum5 x2lah0s xqtp20y x1xegmmw\">\n<div class=\"x1vqgdyp x100vrsf\">\n<div class=\"\"><\/div>\n<\/div>\n<\/div>\n<div class=\"html-div xdj266r x14z9mp xat24cr x1lziwak xexx8yu xyri2b x18d9i69 x1c1uobl x1iyjqo2 xeuugli\">\n<div class=\"x78zum5 xdt5ytf xz62fqu x16ldp7u\">\n<div class=\"xu06os2 x1ok221b\">\n<div class=\"html-div xdj266r x14z9mp xat24cr x1lziwak xexx8yu xyri2b x18d9i69 x1c1uobl\" data-ad-rendering-role=\"profile_name\">\n<h3 class=\"html-h3 x14z9mp xat24cr x1lziwak xexx8yu xyri2b x18d9i69 x1c1uobl x1vvkbs x1heor9g x1qlqyl8 x1pd3egz x1a2a7pz x1gslohp x1yc453h\"><span class=\"x78zum5 x1q0g3np\"><span class=\"x1lliihq x6ikm8r x10wlt62 x1n2onr6 xlyipyv xuxw1ft\"><span class=\"xt0psk2\"><span class=\"xjp7ctv\"><a class=\"x1i10hfl xjbqb8w x1ejq31n x18oe1m7 x1sy0etr xstzfhl x972fbf x10w94by x1qhh985 x14e42zd x9f619 x1ypdohk xt0psk2 x3ct3a4 xdj266r x14z9mp xat24cr x1lziwak xexx8yu xyri2b x18d9i69 x1c1uobl x16tdsg8 x1hl2dhg xggy1nq x1a2a7pz xkrqix3 x1sur9pj xzsf02u x1s688f\" href=\"https:\/\/www.facebook.com\/Stadtteilbuero.Leineberg?__cft__[0]=AZYpFLdsfflf51kHVb2kbLsUAcNPPp92dCOfuSsFcLLxsQg4htI04EdBylnhtCODr46huIIze6TzYhxUKzOtj0iwDXOMPysEpDhqGtlAyvs1pbk7H1JsyrTuFg8nP2-loOICqIzGUOv_A-ef9EoP7-BiGqoJbo-hOwH_ZopgomAo2oMu3RauLplJebQGglNJWLM&amp;__tn__=-UC%2CP-R\"><b class=\"html-b xdj266r x14z9mp xat24cr x1lziwak xexx8yu xyri2b x18d9i69 x1c1uobl x1hl2dhg x16tdsg8 x1vvkbs x1s688f\"><span class=\"html-span xdj266r x14z9mp xat24cr x1lziwak xexx8yu xyri2b x18d9i69 x1c1uobl x1hl2dhg x16tdsg8 x1vvkbs\">Stadtteilb\u00fcro Leineberg<\/span><\/b><\/a><\/span><\/span><\/span><\/span><\/h3>\n<h4>Reparaturcaf\u00e9 Leineberg<\/h4>\n<p>! mit Handy- und Computersprechstunde !<\/p>\n<\/div>\n<\/div>\n<\/div>\n<\/div>\n<div class=\"xqcrz7y x78zum5 x1qx5ct2 x1y1aw1k xf159sx xwib8y2 xmzvs34 xw4jnvo\"><\/div>\n<\/div>\n<\/div>\n<div class=\"html-div xdj266r x14z9mp xat24cr x1lziwak xexx8yu xyri2b x18d9i69 x1c1uobl\">\n<div class=\"html-div xdj266r x14z9mp xat24cr x1lziwak xexx8yu xyri2b x18d9i69 x1c1uobl x1n2onr6\">\n<div class=\"html-div xdj266r x14z9mp xat24cr x1lziwak xexx8yu xyri2b x18d9i69 x1c1uobl x1n2onr6\"><img decoding=\"async\" class=\"x15mokao x1ga7v0g x16uus16 xbiv7yw x1bwycvy x193iq5w x4fas0m x19kjcj4\" src=\"https:\/\/scontent-ham3-1.xx.fbcdn.net\/v\/t39.30808-6\/657246475_1383670730467069_752066676535682468_n.jpg?_nc_cat=104&amp;ccb=1-7&amp;_nc_sid=13d280&amp;_nc_ohc=Zh8VBHI86QIQ7kNvwGMq9pb&amp;_nc_oc=AdoNtMmKKhQwJbRT61WWvJKhzpHDRj0ts3Zu4FPrDifjYXDTTIS_WYkvLHWvtVopTjgWxGho4099Adawwnwjca_t&amp;_nc_zt=23&amp;_nc_ht=scontent-ham3-1.xx&amp;_nc_gid=rco9669Dx98E21-omCmS2A&amp;_nc_ss=7a32e&amp;oh=00_AfxLJ53wrx9mQ-l9ZEb4l4e1AYhwNA1kUAw7yC2YpllJ5w&amp;oe=69CB5E27\" alt=\"Ist m\u00f6glicherweise eine Grafik von Text\" data-visualcompletion=\"media-vc-image\" \/><\/div>\n<div>( <a href=\"https:\/\/www.facebook.com\/photo?fbid=1383670727133736&amp;set=a.466290225538462\">https:\/\/www.facebook.com\/photo?fbid=1383670727133736&amp;set=a.466290225538462<\/a>)<\/div>\n<\/div>\n<\/div>\n<\/blockquote>\n<\/div>\n\t\t<div class=\"mc-location\"><div class=\"address location vcard\"><div class='map'><a href='https:\/\/maps.google.com\/maps?z=16&amp;daddr=Allerstra\u00dfe+32++G\u00f6ttingen+++' class='url external'><span class='mc-icon' aria-hidden='true'><\/span>Karte<span class='screen-reader-text fn'> Stadtteilb\u00fcro Leineberg<\/span><\/a><\/div><\/div><\/div>\n\t\t<div class=\"sharing\">\t<p class='mc-details'><a aria-label='Weiterlesen: 26.03.2026, Stadtteilb\u00fcro Leineberg: Reparaturcaf\u00e9 Leineberg' href='https:\/\/rt-europaallee.de\/wordpress\/my-calendar\/?mc_id=30635'>Weiterlesen<\/a><\/p>\n<\/div><\/div><!--end .details--><\/article>\n<\/td>\n<td id='calendar-2026-04-08' class='mc-events mittwoch mi past-day past-date   has-events author3 mcat_treffen-erfahrungsaustausch day-with-date'><div class='mc-date-container'>\n\t<span class='mc-date'><span aria-hidden='true' class='mc-day-number'>8<\/span><span class='screen-reader-text mc-day-date'>8. April 2026<\/span><span class=\"event-icon\" aria-hidden=\"true\">&#9679;<\/span><span class=\"screen-reader-text\"><span class=\"mc-list-details event-count\">(1 Veranstaltung)<\/span><\/span><\/span><\/div><article id='mc_calendar_08_30315-calendar-30315' class='mc-mc_calendar_30315 calendar-event mc_treffen-erfahrungsaustausch mc_sanierungsbro-pfalz-grona-breite-88-37081-gttingen  past-event mc_primary_treffen-erfahrungsaustausch recurring mc-2-stunden mc-start-17-00 ungrouped mc-event-4475 mc-events mc-event mc_rel_treffenerfahrungsaustausch'><header>\t<h3 class='event-title summary' id='mc_30315-title-my-calendar'><button type='button' id='modal-button-mc_calendar_08_30315-calendar-details-30315' data-modal-content-id='mc_calendar_08_30315-calendar-details-30315' data-modal-prefix-class='my-calendar' data-modal-close-text='Schlie\u00dfen' data-modal-title='12.01.2026, Reparaturcaf\u00e9 in der Weststadt, Sanierungsb\u00fcro, Pfalz-Grona-Breite 88' aria-controls='mc_calendar_08_30315-calendar-details-30315' class='calendar mc-modal button button-link url summary has-image'><svg style=\"fill:#000000\" focusable=\"false\" role=\"img\" aria-labelledby=\"cat_30315\" class=\"category-icon\" xmlns=\"http:\/\/www.w3.org\/2000\/svg\" viewBox=\"0 0 640 512\"><!-- Font Awesome Free 5.15.3 by @fontawesome - https:\/\/fontawesome.com License - https:\/\/fontawesome.com\/license\/free (Icons: CC BY 4.0, Fonts: SIL OFL 1.1, Code: MIT License) --><title id='cat_30315'>Kategorie: Treffen\/ Erfahrungsaustausch<\/title><path d=\"M434.7 64h-85.9c-8 0-15.7 3-21.6 8.4l-98.3 90c-.1.1-.2.3-.3.4-16.6 15.6-16.3 40.5-2.1 56 12.7 13.9 39.4 17.6 56.1 2.7.1-.1.3-.1.4-.2l79.9-73.2c6.5-5.9 16.7-5.5 22.6 1 6 6.5 5.5 16.6-1 22.6l-26.1 23.9L504 313.8c2.9 2.4 5.5 5 7.9 7.7V128l-54.6-54.6c-5.9-6-14.1-9.4-22.6-9.4zM544 128.2v223.9c0 17.7 14.3 32 32 32h64V128.2h-96zm48 223.9c-8.8 0-16-7.2-16-16s7.2-16 16-16 16 7.2 16 16-7.2 16-16 16zM0 384h64c17.7 0 32-14.3 32-32V128.2H0V384zm48-63.9c8.8 0 16 7.2 16 16s-7.2 16-16 16-16-7.2-16-16c0-8.9 7.2-16 16-16zm435.9 18.6L334.6 217.5l-30 27.5c-29.7 27.1-75.2 24.5-101.7-4.4-26.9-29.4-24.8-74.9 4.4-101.7L289.1 64h-83.8c-8.5 0-16.6 3.4-22.6 9.4L128 128v223.9h18.3l90.5 81.9c27.4 22.3 67.7 18.1 90-9.3l.2-.2 17.9 15.5c15.9 13 39.4 10.5 52.3-5.4l31.4-38.6 5.4 4.4c13.7 11.1 33.9 9.1 45-4.7l9.5-11.7c11.2-13.8 9.1-33.9-4.6-45.1z\"\/><\/svg> <div>12.01.2026, Reparaturcaf\u00e9 in der Weststadt, Sanierungsb\u00fcro, Pfalz-Grona-Breite 88<\/div><\/button><\/h3>\n<\/header><div id='mc_calendar_08_30315-calendar-details-30315' class='details no-image uses-modal single-details'  aria-labelledby='mc_30315-title-my-calendar'>\n\t<button type='button' aria-controls='mc_calendar_08_30315-calendar-details-30315' class='mc-toggle close'><span class='dashicons dashicons-dismiss' aria-hidden='true'><\/span><span class='screen-reader-text'>Close<\/span><\/button>\n\t\r\n\t<div class='time-block'>\r\n\t\t<span class='mc-icon' aria-hidden='true'><\/span>\r\n\t\t<p><span class=\"time-wrapper\"><span class='event-time dtstart'><time class='value-title' datetime='2026-04-08T17:00:00+02:00' title='2026-04-08T17:00:00+02:00'>17:00<\/time><\/span> <span class='time-separator'> &ndash; <\/span> <span class='end-time dtend'> <time class='value-title' datetime='2026-04-08T19:00:00+02:00' title='2026-04-08T19:00:00+02:00'>19:00<\/time><\/span><\/span><br \/><span class=\"date-wrapper\"><span class='mc-start-date dtstart' title='2026-04-08T17:00:00+02:00' content='2026-04-08T17:00:00+02:00'>8. April 2026<\/span>  <\/span><\/p>\r\n\t<\/div>\n\t\t<div class='longdesc description'><p>(Quelle: <a href=\"https:\/\/www.facebook.com\/radioleinewelle\/posts\/pfbid033XvpbZoq8e6LdtByFPfGrg1P5Q3B7hWbDV6JiAYeQiqh7pyU7GDZxY5ddokNKpYNl\">https:\/\/www.facebook.com\/radioleinewelle\/posts\/pfbid033XvpbZoq8e6LdtByFPfGrg1P5Q3B7hWbDV6JiAYeQiqh7pyU7GDZxY5ddokNKpYNl<\/a>)<\/p>\n<blockquote>\n<div class=\"x78zum5 xdt5ytf x2lah0s x10wjd1d xtijo5x x1o0tod x47corl x7wzq59 x1vjfegm x7itwyc x1nhvcw1 xepu288\"><\/div>\n<div class=\"x78zum5 xdt5ytf x1iyjqo2 x1n2onr6 xaci4zi x129vozr\">\n<div class=\"html-div xdj266r x14z9mp xat24cr x1lziwak xexx8yu xyri2b x18d9i69 x1c1uobl x78zum5 xdt5ytf x1iyjqo2 x7ywyr2\">\n<div class=\"x6ikm8r x10wlt62\">\n<div class=\"x1yztbdb x1n2onr6 xh8yej3 x1ja2u2z\">\n<div class=\"x1n2onr6 x1ja2u2z\">\n<div>\n<div>\n<div class=\"x1a2a7pz\" aria-describedby=\"_R_2l5dimjbsmj5ilipamH1_ _R_2l5dimjbsmj5ilipamH2_ _R_2l5dimjbsmj5ilipamH3_ _R_2l5dimjbsmj5ilipamH5_ _R_2l5dimjbsmj5ilipamH4_\" aria-labelledby=\"_R_2l5dimjbsmj5ilipam_\">\n<div class=\"x78zum5 xdt5ytf\" data-virtualized=\"false\">\n<div class=\"x9f619 x1n2onr6 x1ja2u2z\">\n<div class=\"html-div xdj266r x14z9mp xat24cr x1lziwak xexx8yu xyri2b x18d9i69 x1c1uobl x78zum5 x1n2onr6 xh8yej3\">\n<div class=\"x1n2onr6 x1ja2u2z x1jx94hy xw5cjc7 x1dmpuos x1vsv7so xau1kf4 x9f619 xh8yej3 x6ikm8r x10wlt62\">\n<div>\n<div class=\"html-div xdj266r x14z9mp xat24cr x1lziwak xexx8yu xyri2b x18d9i69 x1c1uobl\">\n<div class=\"html-div xdj266r x14z9mp xat24cr x1lziwak xexx8yu xyri2b x18d9i69 x1c1uobl\">\n<div class=\"html-div xdj266r x14z9mp xat24cr x1lziwak xexx8yu xyri2b x18d9i69 x1c1uobl\">\n<div class=\"html-div xdj266r x14z9mp xat24cr x1lziwak xexx8yu xyri2b x18d9i69 x1c1uobl\">\n<div class=\"html-div xdj266r x14z9mp x1lziwak x18d9i69 x1cy8zhl x78zum5 x1q0g3np xod5an3 xz9dl7a x1g0dm76 xpdmqnj\">\n<div class=\"html-div xdj266r xat24cr x1lziwak xexx8yu xyri2b x18d9i69 x1c1uobl x78zum5 x2lah0s xqtp20y x1xegmmw\">\n<div class=\"x1vqgdyp x100vrsf\">\n<div class=\"\"><a class=\"x1i10hfl xjbqb8w x1ejq31n x18oe1m7 x1sy0etr xstzfhl x972fbf x10w94by x1qhh985 x14e42zd x9f619 x1ypdohk xt0psk2 x3ct3a4 xdj266r x14z9mp xat24cr x1lziwak xexx8yu xyri2b x18d9i69 x1c1uobl x16tdsg8 x1hl2dhg xggy1nq x1a2a7pz xkrqix3 x1sur9pj xzsf02u x1s688f\" href=\"https:\/\/www.facebook.com\/radioleinewelle?__cft__[0]=AZbqGFC1H_iJ9K7c4-1275sIqujK0lBXhOWeKlfHkXHp7FRURuWxW77T28ghcxhaG49mm99hW3Oct8QPa_jvmYp6sTxtShuU67Zk0afBVnA_j9I6zuBhkQzMQls0iaGdUsJhxF_8m02zr7upNh_yN6i8lJqATSg0WmVuyr9NPNf-Qg&amp;__tn__=-UC%2CP-R\"><b class=\"html-b xdj266r x14z9mp xat24cr x1lziwak xexx8yu xyri2b x18d9i69 x1c1uobl x1hl2dhg x16tdsg8 x1vvkbs x1s688f\"><span class=\"html-span xdj266r x14z9mp xat24cr x1lziwak xexx8yu xyri2b x18d9i69 x1c1uobl x1hl2dhg x16tdsg8 x1vvkbs\">Radio Leinewelle<\/span><\/b><\/a><\/div>\n<\/div>\n<\/div>\n<\/div>\n<\/div>\n<\/div>\n<\/div>\n<\/div>\n<\/div>\n<\/div>\n<\/div>\n<\/div>\n<\/div>\n<\/div>\n<\/div>\n<\/div>\n<\/div>\n<\/div>\n<\/div>\n<\/div>\n<\/div>\n<div class=\"x78zum5 xdt5ytf xz62fqu x16ldp7u\">\n<div class=\"xu06os2 x1ok221b\">\n<div id=\"_R_2l5dimjbsmj5ilipamH1_\" class=\"html-div xdj266r x14z9mp xat24cr x1lziwak xexx8yu xyri2b x18d9i69 x1c1uobl x6s0dn4 x17zd0t2 x78zum5 x1q0g3np x1a02dak\"><\/div>\n<\/div>\n<\/div>\n<div class=\"html-div xdj266r x14z9mp xat24cr x1lziwak xexx8yu xyri2b x18d9i69 x1c1uobl\" dir=\"auto\">\n<div class=\"html-div xdj266r x14z9mp xat24cr x1lziwak xexx8yu xyri2b x18d9i69 x1c1uobl\" data-ad-rendering-role=\"story_message\">\n<div id=\"_R_2l5dimjbsmj5ilipamH2_\" class=\"x1l90r2v x1iorvi4 x1g0dm76 xpdmqnj\" data-ad-comet-preview=\"message\" data-ad-preview=\"message\">\n<div class=\"x78zum5 xdt5ytf xz62fqu x16ldp7u\">\n<div class=\"xu06os2 x1ok221b\">\n<div class=\"html-div xdj266r x14z9mp xat24cr x1lziwak xexx8yu xyri2b x18d9i69 x1c1uobl\">\n<div class=\"xdj266r x14z9mp xat24cr x1lziwak x1vvkbs x126k92a\">\n<div dir=\"auto\">+++ News Stadtteilzentren G\u00f6ttingen +++<\/div>\n<div dir=\"auto\">Kommt vorbei!<\/div>\n<div dir=\"auto\"><span class=\"html-span xdj266r x14z9mp xat24cr x1lziwak xexx8yu xyri2b x18d9i69 x1c1uobl x1hl2dhg x16tdsg8 x1vvkbs\"><a class=\"x1i10hfl xjbqb8w x1ejq31n x18oe1m7 x1sy0etr xstzfhl x972fbf x10w94by x1qhh985 x14e42zd x9f619 x1ypdohk xt0psk2 x3ct3a4 xdj266r x14z9mp xat24cr x1lziwak xexx8yu xyri2b x18d9i69 x1c1uobl x16tdsg8 x1hl2dhg xggy1nq x1a2a7pz xkrqix3 x1sur9pj x1fey0fg x1s688f\" href=\"https:\/\/www.facebook.com\/hashtag\/leineberg?__eep__=6&amp;__cft__[0]=AZbqGFC1H_iJ9K7c4-1275sIqujK0lBXhOWeKlfHkXHp7FRURuWxW77T28ghcxhaG49mm99hW3Oct8QPa_jvmYp6sTxtShuU67Zk0afBVnA_j9I6zuBhkQzMQls0iaGdUsJhxF_8m02zr7upNh_yN6i8lJqATSg0WmVuyr9NPNf-Qg&amp;__tn__=*NK-R\">#leineberg<\/a><\/span> <span class=\"html-span xdj266r x14z9mp xat24cr x1lziwak xexx8yu xyri2b x18d9i69 x1c1uobl x1hl2dhg x16tdsg8 x1vvkbs\"><a class=\"x1i10hfl xjbqb8w x1ejq31n x18oe1m7 x1sy0etr xstzfhl x972fbf x10w94by x1qhh985 x14e42zd x9f619 x1ypdohk xt0psk2 x3ct3a4 xdj266r x14z9mp xat24cr x1lziwak xexx8yu xyri2b x18d9i69 x1c1uobl x16tdsg8 x1hl2dhg xggy1nq x1a2a7pz xkrqix3 x1sur9pj x1fey0fg x1s688f\" href=\"https:\/\/www.facebook.com\/hashtag\/grone?__eep__=6&amp;__cft__[0]=AZbqGFC1H_iJ9K7c4-1275sIqujK0lBXhOWeKlfHkXHp7FRURuWxW77T28ghcxhaG49mm99hW3Oct8QPa_jvmYp6sTxtShuU67Zk0afBVnA_j9I6zuBhkQzMQls0iaGdUsJhxF_8m02zr7upNh_yN6i8lJqATSg0WmVuyr9NPNf-Qg&amp;__tn__=*NK-R\">#Grone<\/a><\/span> <span class=\"html-span xdj266r x14z9mp xat24cr x1lziwak xexx8yu xyri2b x18d9i69 x1c1uobl x1hl2dhg x16tdsg8 x1vvkbs\"><a class=\"x1i10hfl xjbqb8w x1ejq31n x18oe1m7 x1sy0etr xstzfhl x972fbf x10w94by x1qhh985 x14e42zd x9f619 x1ypdohk xt0psk2 x3ct3a4 xdj266r x14z9mp xat24cr x1lziwak xexx8yu xyri2b x18d9i69 x1c1uobl x16tdsg8 x1hl2dhg xggy1nq x1a2a7pz xkrqix3 x1sur9pj x1fey0fg x1s688f\" href=\"https:\/\/www.facebook.com\/hashtag\/holtenserberg?__eep__=6&amp;__cft__[0]=AZbqGFC1H_iJ9K7c4-1275sIqujK0lBXhOWeKlfHkXHp7FRURuWxW77T28ghcxhaG49mm99hW3Oct8QPa_jvmYp6sTxtShuU67Zk0afBVnA_j9I6zuBhkQzMQls0iaGdUsJhxF_8m02zr7upNh_yN6i8lJqATSg0WmVuyr9NPNf-Qg&amp;__tn__=*NK-R\">#holtenserberg<\/a><\/span> <span class=\"html-span xdj266r x14z9mp xat24cr x1lziwak xexx8yu xyri2b x18d9i69 x1c1uobl x1hl2dhg x16tdsg8 x1vvkbs\"><a class=\"x1i10hfl xjbqb8w x1ejq31n x18oe1m7 x1sy0etr xstzfhl x972fbf x10w94by x1qhh985 x14e42zd x9f619 x1ypdohk xt0psk2 x3ct3a4 xdj266r x14z9mp xat24cr x1lziwak xexx8yu xyri2b x18d9i69 x1c1uobl x16tdsg8 x1hl2dhg xggy1nq x1a2a7pz xkrqix3 x1sur9pj x1fey0fg x1s688f\" href=\"https:\/\/www.facebook.com\/hashtag\/weststadt?__eep__=6&amp;__cft__[0]=AZbqGFC1H_iJ9K7c4-1275sIqujK0lBXhOWeKlfHkXHp7FRURuWxW77T28ghcxhaG49mm99hW3Oct8QPa_jvmYp6sTxtShuU67Zk0afBVnA_j9I6zuBhkQzMQls0iaGdUsJhxF_8m02zr7upNh_yN6i8lJqATSg0WmVuyr9NPNf-Qg&amp;__tn__=*NK-R\">#weststadt<\/a><\/span> <span class=\"html-span xdj266r x14z9mp xat24cr x1lziwak xexx8yu xyri2b x18d9i69 x1c1uobl x1hl2dhg x16tdsg8 x1vvkbs\"><a class=\"x1i10hfl xjbqb8w x1ejq31n x18oe1m7 x1sy0etr xstzfhl x972fbf x10w94by x1qhh985 x14e42zd x9f619 x1ypdohk xt0psk2 x3ct3a4 xdj266r x14z9mp xat24cr x1lziwak xexx8yu xyri2b x18d9i69 x1c1uobl x16tdsg8 x1hl2dhg xggy1nq x1a2a7pz xkrqix3 x1sur9pj x1fey0fg x1s688f\" href=\"https:\/\/www.facebook.com\/hashtag\/radioleinewelle?__eep__=6&amp;__cft__[0]=AZbqGFC1H_iJ9K7c4-1275sIqujK0lBXhOWeKlfHkXHp7FRURuWxW77T28ghcxhaG49mm99hW3Oct8QPa_jvmYp6sTxtShuU67Zk0afBVnA_j9I6zuBhkQzMQls0iaGdUsJhxF_8m02zr7upNh_yN6i8lJqATSg0WmVuyr9NPNf-Qg&amp;__tn__=*NK-R\">#radioleinewelle<\/a><\/span> <span class=\"html-span xdj266r x14z9mp xat24cr x1lziwak xexx8yu xyri2b x18d9i69 x1c1uobl x1hl2dhg x16tdsg8 x1vvkbs\"><a class=\"x1i10hfl xjbqb8w x1ejq31n x18oe1m7 x1sy0etr xstzfhl x972fbf x10w94by x1qhh985 x14e42zd x9f619 x1ypdohk xt0psk2 x3ct3a4 xdj266r x14z9mp xat24cr x1lziwak xexx8yu xyri2b x18d9i69 x1c1uobl x16tdsg8 x1hl2dhg xggy1nq x1a2a7pz xkrqix3 x1sur9pj x1fey0fg x1s688f\" href=\"https:\/\/www.facebook.com\/hashtag\/zietenterrassen?__eep__=6&amp;__cft__[0]=AZbqGFC1H_iJ9K7c4-1275sIqujK0lBXhOWeKlfHkXHp7FRURuWxW77T28ghcxhaG49mm99hW3Oct8QPa_jvmYp6sTxtShuU67Zk0afBVnA_j9I6zuBhkQzMQls0iaGdUsJhxF_8m02zr7upNh_yN6i8lJqATSg0WmVuyr9NPNf-Qg&amp;__tn__=*NK-R\">#zietenterrassen<\/a><\/span> <span class=\"html-span xdj266r x14z9mp xat24cr x1lziwak xexx8yu xyri2b x18d9i69 x1c1uobl x1hl2dhg x16tdsg8 x1vvkbs\"><a class=\"x1i10hfl xjbqb8w x1ejq31n x18oe1m7 x1sy0etr xstzfhl x972fbf x10w94by x1qhh985 x14e42zd x9f619 x1ypdohk xt0psk2 x3ct3a4 xdj266r x14z9mp xat24cr x1lziwak xexx8yu xyri2b x18d9i69 x1c1uobl x16tdsg8 x1hl2dhg xggy1nq x1a2a7pz xkrqix3 x1sur9pj x1fey0fg x1s688f\" href=\"https:\/\/www.facebook.com\/hashtag\/ebertal?__eep__=6&amp;__cft__[0]=AZbqGFC1H_iJ9K7c4-1275sIqujK0lBXhOWeKlfHkXHp7FRURuWxW77T28ghcxhaG49mm99hW3Oct8QPa_jvmYp6sTxtShuU67Zk0afBVnA_j9I6zuBhkQzMQls0iaGdUsJhxF_8m02zr7upNh_yN6i8lJqATSg0WmVuyr9NPNf-Qg&amp;__tn__=*NK-R\">#ebertal<\/a><\/span><\/div>\n<div dir=\"auto\"><\/div>\n<div dir=\"auto\"><img decoding=\"async\" class=\"x15mokao x1ga7v0g x16uus16 xbiv7yw x1bwycvy x193iq5w x4fas0m x19kjcj4\" src=\"https:\/\/scontent-ham3-1.xx.fbcdn.net\/v\/t39.30808-6\/615209244_1458678369591162_6121942588247359873_n.jpg?_nc_cat=106&amp;ccb=1-7&amp;_nc_sid=127cfc&amp;_nc_ohc=hjglOMoVLvgQ7kNvwGN2boT&amp;_nc_oc=Adk0iU40R4My_np8aCRxgXGMRQsYJlQ7UnOc0x7tT1wedqtoBfsMvL-f1TUdipDaq-B929LreaSJV2dFGBHvrKQ2&amp;_nc_zt=23&amp;_nc_ht=scontent-ham3-1.xx&amp;_nc_gid=xzBU5libihSIO1lBW5obmA&amp;oh=00_AfpAwzr-4QN9i_wbi_s0bmPrI4yj9tO8GviQqpXqoLWRUw&amp;oe=696A2A50\" alt=\"Ist m\u00f6glicherweise ein Bild von Text \u201eReparaturcaf\u00e9 f\u00fcr Klein- und Haushaltsger\u00e4te Wann? Jeder 2.Mittwoch_im_Mona 17-19 Uhr Wo? ab jetzt immer hier: Sanierungsb\u00fcro Pfalz-Grona-Breite88 Pfalz- Grona Breite 88 Wer? Bastian T\u00f6lke Fragen? 0172 1038402 toelke@jugendhlfe-goettingen.de toelke@ \u7c73 Kommt vorbei! RADIO LEINEWELLE NEWS Reparaturcafe in der Weststadt Am 14.01. von 17 bis 19 Uhr Pfalz-Grona- Breite 88 \u09b0\u09b7 www.radoleinewelle.do\u201c\" data-visualcompletion=\"media-vc-image\" \/><\/div>\n<div dir=\"auto\">( <a href=\"https:\/\/www.facebook.com\/photo\/?fbid=1458678366257829&amp;set=a.473539781438364\">https:\/\/www.facebook.com\/photo\/?fbid=1458678366257829&amp;set=a.473539781438364<\/a>)<\/div>\n<\/div>\n<\/div>\n<\/div>\n<\/div>\n<\/div>\n<\/div>\n<\/div>\n<\/blockquote>\n<\/div>\n\t\t<div class=\"mc-location\"><div class=\"address location vcard\"><div class='map'><a href='https:\/\/www.google.com\/maps\/place\/Sanierungsb%C3%BCro\/@51.5475768,9.9141189,19z\/data=!4m14!1m7!3m6!1s0x47a4d4cd3275336b:0xd82d3001d4aae1d6!2sPfalz-Grona-Breite+88,+37081+G%C3%B6ttingen!3b1!8m2!3d51.5475768!4d9.9147626!3m5!1s0x47a4d4cd33989709:0xf42f9d532c4da0d9!8m2!3d51.5477497!4d9.9144656!16s%2Fg%2F1tgprmt9?entry=ttu&amp;g_ep=EgoyMDI2MDEwNy4wIKXMDSoKLDEwMDc5MjA2OUgBUAM%3D' class='url external'><span class='mc-icon' aria-hidden='true'><\/span>Karte<span class='screen-reader-text fn'> Sanierungsb\u00fcro, Pfalz-Grona-Breite 88, 37081 G\u00f6ttingen<\/span><\/a><\/div><\/div><\/div>\n\t\t<div class=\"sharing\">\t<p class='mc-details'><a aria-label='Weiterlesen: 12.01.2026, Reparaturcaf\u00e9 in der Weststadt, Sanierungsb\u00fcro, Pfalz-Grona-Breite 88' href='https:\/\/rt-europaallee.de\/wordpress\/my-calendar\/?mc_id=30315'>Weiterlesen<\/a><\/p>\n<\/div><\/div><!--end .details--><\/article>\n<\/td>\n<td class='no-events donnerstag do past-day past-date   no-events day-with-date'><div class='mc-date-container'><span class='mc-date no-events'><span aria-hidden='true'>9<\/span><span class='screen-reader-text'>9. April 2026<\/span><\/span><\/div>\n<\/td>\n<td id='calendar-2026-04-10' class='mc-events freitag fr past-day past-date   has-events author3 mcat_general mcat_info mcat_treffen-erfahrungsaustausch day-with-date'><div class='mc-date-container'>\n\t<span class='mc-date'><span aria-hidden='true' class='mc-day-number'>10<\/span><span class='screen-reader-text mc-day-date'>10. April 2026<\/span><span class=\"event-icon\" aria-hidden=\"true\">&#9679;&#9679;<\/span><span class=\"screen-reader-text\"><span class=\"mc-list-details event-count\">(3 Veranstaltungen)<\/span><\/span><\/span><\/div><article id='mc_calendar_10_30605-calendar-30605' class='mc-mc_calendar_30605 calendar-event mc_general mc_stadtlabor-gttingen-wilhelmspl-3-37073-gttingen  on-now mc_primary_general nonrecurring mc-3-wochen mc-start-00-00 ungrouped mc-event-4583 mc-events multidate mc-event mc_rel_general'><header>\t<h3 class='event-title summary' id='mc_30605-title-my-calendar'><button type='button' id='modal-button-mc_calendar_10_30605-calendar-details-30605' data-modal-content-id='mc_calendar_10_30605-calendar-details-30605' data-modal-prefix-class='my-calendar' data-modal-close-text='Schlie\u00dfen' data-modal-title='16.03.2026, Ausstellung: Der NS-V\u00f6lkermord an den Roma in der besetzten Sowjetunion' aria-controls='mc_calendar_10_30605-calendar-details-30605' class='calendar mc-modal button button-link url summary has-image'><svg style=\"fill:#000000\" focusable=\"false\" role=\"img\" aria-labelledby=\"cat_30605\" class=\"category-icon\" xmlns=\"http:\/\/www.w3.org\/2000\/svg\" viewBox=\"0 0 448 512\"><!-- Font Awesome Free 5.15.3 by @fontawesome - https:\/\/fontawesome.com License - https:\/\/fontawesome.com\/license\/free (Icons: CC BY 4.0, Fonts: SIL OFL 1.1, Code: MIT License) --><title id='cat_30605'>Kategorie: General<\/title><path d=\"M12 192h424c6.6 0 12 5.4 12 12v260c0 26.5-21.5 48-48 48H48c-26.5 0-48-21.5-48-48V204c0-6.6 5.4-12 12-12zm436-44v-36c0-26.5-21.5-48-48-48h-48V12c0-6.6-5.4-12-12-12h-40c-6.6 0-12 5.4-12 12v52H160V12c0-6.6-5.4-12-12-12h-40c-6.6 0-12 5.4-12 12v52H48C21.5 64 0 85.5 0 112v36c0 6.6 5.4 12 12 12h424c6.6 0 12-5.4 12-12z\"\/><\/svg> <div>16.03.2026, Ausstellung: Der NS-V\u00f6lkermord an den Roma in der besetzten Sowjetunion<\/div><\/button><\/h3>\n<\/header><div id='mc_calendar_10_30605-calendar-details-30605' class='details no-image uses-modal single-details'  aria-labelledby='mc_30605-title-my-calendar'>\n\t<button type='button' aria-controls='mc_calendar_10_30605-calendar-details-30605' class='mc-toggle close'><span class='dashicons dashicons-dismiss' aria-hidden='true'><\/span><span class='screen-reader-text'>Close<\/span><\/button>\n\t\r\n\t<div class='time-block'>\r\n\t\t<span class='mc-icon' aria-hidden='true'><\/span>\r\n\t\t<p><span class=\"time-wrapper\"> <span class='event-time'><abbr title='Nicht zutreffend'>n.\u00a0a.<\/abbr><\/span>  <\/span><br \/><span class=\"date-wrapper\"><span class='mc-start-date dtstart' title='2026-04-10T00:00:00+02:00' content='2026-04-10T00:00:00+02:00'>10. April 2026<\/span> <span class='date-separator'> &ndash; <\/span> <span class=\"event-time dtend\">30. April 2026<\/span><\/span><\/p>\r\n\t<\/div>\n\t\t<div class='longdesc description'><p>Siehe:\u00a0<a href=\"https:\/\/rt-europaallee.de\/wordpress\/2026\/03\/stadt-goettingen-internationale-wochen-gegen-rassismus-veranstaltungen-in-der-stadt-goettingen\/\">https:\/\/rt-europaallee.de\/wordpress\/2026\/03\/stadt-goettingen-internationale-wochen-gegen-rassismus-veranstaltungen-in-der-stadt-goettingen\/<\/a><\/p>\n<p><img decoding=\"async\" class=\"emoji\" role=\"img\" src=\"https:\/\/s.w.org\/images\/core\/emoji\/17.0.2\/svg\/27a1.svg\" alt=\"\u27a1\ufe0f\" \/><\/p>\n<blockquote><p>(Quelle:\u00a0<a href=\"https:\/\/www.goettingen.de\/portal\/meldungen\/internationale-wochen-gegen-rassismus-veranstaltungen-in-der-stadt-goettingen-900004830-25480.html?utm_source=copilot.com\">https:\/\/www.goettingen.de\/portal\/meldungen\/internationale-wochen-gegen-rassismus-veranstaltungen-in-der-stadt-goettingen-900004830-25480.html?utm_source=copilot.com<\/a>)<\/p>\n<blockquote>\n<div class=\"fusstext fusstext_oben\">\n<p><span class=\"create\">06.03.2026<\/span><span class=\"modified\">\u00a0| ge\u00e4ndert am 12.03.2026<\/span><\/p>\n<div><\/div>\n<\/div>\n<h3 class=\"kontrast-bild\">Internationale Wochen gegen Rassismus \u2013 Veranstaltungen in der Stadt G\u00f6ttingen<\/h3>\n<div id=\"nolis_content_site\" class=\"nolis_content_site\">\n<p class=\"anreisser_detail\"><strong>Zum 31. Mal finden die bundesweiten Internationalen Wochen gegen Rassismus von Montag bis Sonntag, 16. bis 29. M\u00e4rz 2026, statt. Das diesj\u00e4hrige Motto lautet \u201e100 Prozent Menschenw\u00fcrde. Zusammen gegen Rassismus und Rechtsextremismus\u201c. Der diesj\u00e4hrige Botschafter der Aktionswochen ist Prof. Dr. Matthias Quent. Hier gibt es einen \u00dcberblick \u00fcber die Veranstaltungen in der Stadt G\u00f6ttingen.<\/strong><\/p>\n<h3>...<\/h3>\n<p>Freitag, 10. April bis Donnerstag, 30. April 2026<br \/>\n<strong>Der NS-V\u00f6lkermord an den Roma in der besetzten Sowjetunion<\/strong><br \/>\n<strong>Ausstellung im Stadtlabor<\/strong><\/p>\n<p>Ort: Stadtlabor, Wilhelmsplatz 3, 37073 G\u00f6ttingen<br \/>\nVeranstalter*in: Roma Center e. V.<br \/>\nEintritt: frei<br \/>\nAnmeldung: nicht erforderlich.\u00a0<a class=\"link_katalog nolis-link-extern\" href=\"https:\/\/roma-center.de\/\" target=\"_blank\">Die \u00d6ffnungszeiten der Ausstellung sind hier aufgef\u00fchrt<\/a>.<\/p>\n<p>Am Freitag, 10. April 2026 um 18.00 Uhr er\u00f6ffnen Roma Center und Bildungswerk f\u00fcr Erinnerungsarbeit und Frieden die Ausstellung \u201eGenozid an Roma auf dem Gebiet der besetzten Sowjetunion 1941\u20131944\u201c im Stadtlabor. Grundlage sind 200 Interviews mit \u00dcberlebenden und ihren Kindern aus der Ukraine, Belarus, Russland, Rum\u00e4nien und Moldau. Sie erz\u00e4hlen von Verfolgung und Widerstand der Roma nach dem \u00dcberfall auf die Sowjetunion.<\/p>\n<h3>...<\/h3>\n<\/div>\n<\/blockquote>\n<\/blockquote>\n<blockquote>\n<h3><\/h3>\n<\/blockquote>\n<\/div>\n\t\t<div class=\"mc-location\"><div class=\"address location vcard\"><div class='map'><a href='https:\/\/www.google.com\/maps\/place\/Stadtlabor+G%C3%B6ttingen\/@51.5334069,9.9374107,20.79z\/data=!3m1!5s0x47a4d495880e01c3:0x2da49c3266d39a0d!4m15!1m8!3m7!1s0x47a4d49588f818f7:0x3eeeb28ecd9fdbb0!2sWilhelmspl.+3,+37073+G%C3%B6ttingen!3b1!8m2!3d51.5334334!4d9.9374974!16s%2Fg%2F11cscfk8zz!3m5!1s0x47a4d5950eff9b5b:0xc068ed179b6e3c99!8m2!3d51.5335141!4d9.9376129!16s%2Fg%2F11v3znlf2z?entry=ttu' class='url external'><span class='mc-icon' aria-hidden='true'><\/span>Karte<span class='screen-reader-text fn'> Stadtlabor G\u00f6ttingen, Wilhelmspl. 3, 37073 G\u00f6ttingen<\/span><\/a><\/div><\/div><\/div>\n\t\t<div class=\"sharing\">\t<p class='mc-details'><a aria-label='Weiterlesen: 16.03.2026, Ausstellung: Der NS-V\u00f6lkermord an den Roma in der besetzten Sowjetunion' href='https:\/\/rt-europaallee.de\/wordpress\/my-calendar\/?mc_id=30605'>Weiterlesen<\/a><\/p>\n<\/div><\/div><!--end .details--><\/article><article id='mc_calendar_10_30649-calendar-30649' class='mc-mc_calendar_30649 calendar-event mc_info mc_zentrales-hrsaalgebude  past-event mc_primary_info nonrecurring mc mc-start-11-00 ungrouped mc-event-4612 mc-events mc-event mc_rel_info'><header>\t<h3 class='event-title summary' id='mc_30649-title-my-calendar'><button type='button' id='modal-button-mc_calendar_10_30649-calendar-details-30649' data-modal-content-id='mc_calendar_10_30649-calendar-details-30649' data-modal-prefix-class='my-calendar' data-modal-close-text='Schlie\u00dfen' data-modal-title='07.04.2026, HNA: Universit\u00e4t des Dritten Lebensalters informiert \u00fcber das Sommersemester' aria-controls='mc_calendar_10_30649-calendar-details-30649' class='calendar mc-modal button button-link url summary has-image'><svg style=\"fill:#000000\" focusable=\"false\" role=\"img\" aria-labelledby=\"cat_30649\" class=\"category-icon\" xmlns=\"http:\/\/www.w3.org\/2000\/svg\" viewBox=\"0 0 192 512\"><!-- Font Awesome Free 5.15.3 by @fontawesome - https:\/\/fontawesome.com License - https:\/\/fontawesome.com\/license\/free (Icons: CC BY 4.0, Fonts: SIL OFL 1.1, Code: MIT License) --><title id='cat_30649'>Kategorie: Info<\/title><path d=\"M20 424.229h20V279.771H20c-11.046 0-20-8.954-20-20V212c0-11.046 8.954-20 20-20h112c11.046 0 20 8.954 20 20v212.229h20c11.046 0 20 8.954 20 20V492c0 11.046-8.954 20-20 20H20c-11.046 0-20-8.954-20-20v-47.771c0-11.046 8.954-20 20-20zM96 0C56.235 0 24 32.235 24 72s32.235 72 72 72 72-32.235 72-72S135.764 0 96 0z\"\/><\/svg> <div>07.04.2026, HNA: Universit\u00e4t des Dritten Lebensalters informiert \u00fcber das Sommersemester<\/div><\/button><\/h3>\n<\/header><div id='mc_calendar_10_30649-calendar-details-30649' class='details no-image uses-modal single-details'  aria-labelledby='mc_30649-title-my-calendar'>\n\t<button type='button' aria-controls='mc_calendar_10_30649-calendar-details-30649' class='mc-toggle close'><span class='dashicons dashicons-dismiss' aria-hidden='true'><\/span><span class='screen-reader-text'>Close<\/span><\/button>\n\t\r\n\t<div class='time-block'>\r\n\t\t<span class='mc-icon' aria-hidden='true'><\/span>\r\n\t\t<p><span class=\"time-wrapper\"><span class='event-time dtstart'><time class='value-title' datetime='2026-04-10T11:00:00+02:00' title='2026-04-10T11:00:00+02:00'>11:00<\/time><\/span>  <\/span><br \/><span class=\"date-wrapper\"><span class='mc-start-date dtstart' title='2026-04-10T11:00:00+02:00' content='2026-04-10T11:00:00+02:00'>10. April 2026<\/span>  <\/span><\/p>\r\n\t<\/div>\n\t\t<div class='longdesc description'><p>(Quelle: <a href=\"https:\/\/www.hna.de\/lokales\/goettingen\/goettingen-ort28741\/universitaet-des-dritten-lebensalters-startet-wissen-vor-zwoelf-94247176.html?fbclid=IwY2xjawRCXoNleHRuA2FlbQIxMQBzcnRjBmFwcF9pZBAyMjIwMzkxNzg4MjAwODkyAAEerjePBfpzM6pjobkJQ3O5lX_PEU0PXtUdFxLogG_IfQG3PL4aq1GFpQDeOMY_aem_aaSJCVve7towxOFTZpMDFA\">https:\/\/www.hna.de\/lokales\/goettingen\/goettingen-ort28741\/universitaet-des-dritten-lebensalters-startet-wissen-vor-zwoelf-94247176.html?<\/a><\/p>\n<blockquote>\n<h1 id=\"id-Headline\" class=\"id-StoryElement-headline\">Universit\u00e4t des Dritten Lebensalters startet \u201eWissen vor Zw\u00f6lf\"<\/h1>\n<h3>...<\/h3>\n<p>Au\u00dferdem l\u00e4dt die UDL Interessierte zu einer Einf\u00fchrungsveranstaltung ein. Im Raum 002 des Zentralen H\u00f6rsaalgeb\u00e4udes, Platz der G\u00f6ttinger Sieben 5, wird am Freitag, 10. April, ab 11 Uhr \u00fcber das Programm im nun beginnenden Sommersemester informiert.<\/p>\n<h3>...<\/h3>\n<\/blockquote>\n<\/div>\n\t\t<div class=\"mc-location\"><div class=\"address location vcard\"><div class='map'><a href='https:\/\/lageplan.uni-goettingen.de\/?ident=5257_1_EG_0.103' class='url external'><span class='mc-icon' aria-hidden='true'><\/span>Karte<span class='screen-reader-text fn'> Zentrales H\u00f6rsaalgeb\u00e4ude<\/span><\/a><\/div><\/div><\/div>\n\t\t<div class=\"sharing\">\t<p class='mc-details'><a aria-label='Weiterlesen: 07.04.2026, HNA: Universit\u00e4t des Dritten Lebensalters informiert \u00fcber das Sommersemester' href='https:\/\/rt-europaallee.de\/wordpress\/my-calendar\/?mc_id=30649'>Weiterlesen<\/a><\/p>\n<\/div><\/div><!--end .details--><\/article><article id='mc_calendar_10_30404-calendar-30404' class='mc-mc_calendar_30404 calendar-event mc_treffen-erfahrungsaustausch mc_nachbarschaftszentrum-holtenser-berg-londonstrae-11a-37079-gttingen  past-event mc_primary_treffen-erfahrungsaustausch recurring mc-3-stunden mc-start-19-00 mc-group-4488 mc-event-4488 mc-events mc-event mc_rel_treffenerfahrungsaustausch mc_rel_delete'><header>\t<h3 class='event-title summary' id='mc_30404-title-my-calendar'><button type='button' id='modal-button-mc_calendar_10_30404-calendar-details-30404' data-modal-content-id='mc_calendar_10_30404-calendar-details-30404' data-modal-prefix-class='my-calendar' data-modal-close-text='Schlie\u00dfen' data-modal-title='16.01.2026, NBZ Holtenser Berg: Stammtisch Holtenser Berg' aria-controls='mc_calendar_10_30404-calendar-details-30404' class='calendar mc-modal button button-link url summary has-image'><svg style=\"fill:#000000\" focusable=\"false\" role=\"img\" aria-labelledby=\"cat_30404\" class=\"category-icon\" xmlns=\"http:\/\/www.w3.org\/2000\/svg\" viewBox=\"0 0 640 512\"><!-- Font Awesome Free 5.15.3 by @fontawesome - https:\/\/fontawesome.com License - https:\/\/fontawesome.com\/license\/free (Icons: CC BY 4.0, Fonts: SIL OFL 1.1, Code: MIT License) --><title id='cat_30404'>Kategorie: Treffen\/ Erfahrungsaustausch<\/title><path d=\"M434.7 64h-85.9c-8 0-15.7 3-21.6 8.4l-98.3 90c-.1.1-.2.3-.3.4-16.6 15.6-16.3 40.5-2.1 56 12.7 13.9 39.4 17.6 56.1 2.7.1-.1.3-.1.4-.2l79.9-73.2c6.5-5.9 16.7-5.5 22.6 1 6 6.5 5.5 16.6-1 22.6l-26.1 23.9L504 313.8c2.9 2.4 5.5 5 7.9 7.7V128l-54.6-54.6c-5.9-6-14.1-9.4-22.6-9.4zM544 128.2v223.9c0 17.7 14.3 32 32 32h64V128.2h-96zm48 223.9c-8.8 0-16-7.2-16-16s7.2-16 16-16 16 7.2 16 16-7.2 16-16 16zM0 384h64c17.7 0 32-14.3 32-32V128.2H0V384zm48-63.9c8.8 0 16 7.2 16 16s-7.2 16-16 16-16-7.2-16-16c0-8.9 7.2-16 16-16zm435.9 18.6L334.6 217.5l-30 27.5c-29.7 27.1-75.2 24.5-101.7-4.4-26.9-29.4-24.8-74.9 4.4-101.7L289.1 64h-83.8c-8.5 0-16.6 3.4-22.6 9.4L128 128v223.9h18.3l90.5 81.9c27.4 22.3 67.7 18.1 90-9.3l.2-.2 17.9 15.5c15.9 13 39.4 10.5 52.3-5.4l31.4-38.6 5.4 4.4c13.7 11.1 33.9 9.1 45-4.7l9.5-11.7c11.2-13.8 9.1-33.9-4.6-45.1z\"\/><\/svg> <div>16.01.2026, NBZ Holtenser Berg: Stammtisch Holtenser Berg<\/div><\/button><\/h3>\n<\/header><div id='mc_calendar_10_30404-calendar-details-30404' class='details no-image uses-modal single-details'  aria-labelledby='mc_30404-title-my-calendar'>\n\t<button type='button' aria-controls='mc_calendar_10_30404-calendar-details-30404' class='mc-toggle close'><span class='dashicons dashicons-dismiss' aria-hidden='true'><\/span><span class='screen-reader-text'>Close<\/span><\/button>\n\t\r\n\t<div class='time-block'>\r\n\t\t<span class='mc-icon' aria-hidden='true'><\/span>\r\n\t\t<p><span class=\"time-wrapper\"><span class='event-time dtstart'><time class='value-title' datetime='2026-04-10T19:00:00+02:00' title='2026-04-10T19:00:00+02:00'>19:00<\/time><\/span> <span class='time-separator'> &ndash; <\/span> <span class='end-time dtend'> <time class='value-title' datetime='2026-04-10T22:00:00+02:00' title='2026-04-10T22:00:00+02:00'>22:00<\/time><\/span><\/span><br \/><span class=\"date-wrapper\"><span class='mc-start-date dtstart' title='2026-04-10T19:00:00+02:00' content='2026-04-10T19:00:00+02:00'>10. April 2026<\/span>  <\/span><\/p>\r\n\t<\/div>\n\t\t<div class='longdesc description'><p>(Quelle: <a href=\"https:\/\/www.facebook.com\/events\/2003043070613517\/2003043073946850\/\">https:\/\/www.facebook.com\/events\/2003043070613517\/2003043073946850\/<\/a>)<\/p>\n<blockquote>\n<div class=\"html-div xjyslct xjbqb8w x972fbf x10w94by x1qhh985 x14e42zd x9f619 x1rg5ohu xdj266r x14z9mp xat24cr x1lziwak xexx8yu xyri2b x18d9i69 x1c1uobl x1n2onr6 x16tdsg8 xh8yej3\" role=\"listitem\">\n<div class=\"html-div xdj266r x14z9mp xat24cr x1lziwak xyri2b x1c1uobl x78zum5 xdt5ytf xwib8y2 x1y1aw1k\">\n<div class=\"x9f619 x1ja2u2z x78zum5 x2lah0s x1n2onr6 x1nhvcw1 x1cy8zhl xozqiw3 x1q0g3np xv54qhq xf7dkkf x18d9i69 xexx8yu x1ws5yxj xw01apr x4cne27 xifccgj\">\n<div class=\"x9f619 x1n2onr6 x1ja2u2z x78zum5 xdt5ytf x2lah0s x193iq5w xeuugli x1icxu4v x25sj25 x10b6aqq x1yrsyyn\"><\/div>\n<div class=\"x9f619 x1n2onr6 x1ja2u2z x78zum5 xdt5ytf x193iq5w xeuugli x1r8uery x1iyjqo2 xs83m0k xamitd3 x1icxu4v x25sj25 x10b6aqq x1yrsyyn\">\n<div class=\"x78zum5 xdt5ytf xz62fqu x16ldp7u\">\n<div class=\"xu06os2 x1ok221b\"><span class=\"x193iq5w xeuugli x13faqbe x1vvkbs x1xmvt09 x1lliihq x1s928wv xhkezso x1gmr53x x1cpjm7i x1fgarty x1943h6x xudqn12 x3x7a5m x6prxxf xvq8zen xo1l8bm xzsf02u x1yc453h\" dir=\"auto\">Veranstaltung von <b class=\"html-b xdj266r x14z9mp xat24cr x1lziwak xexx8yu xyri2b x18d9i69 x1c1uobl x1hl2dhg x16tdsg8 x1vvkbs x1s688f\"><a class=\"x1i10hfl xjbqb8w x1ejq31n x18oe1m7 x1sy0etr xstzfhl x972fbf x10w94by x1qhh985 x14e42zd x9f619 x1ypdohk xt0psk2 x3ct3a4 xdj266r x14z9mp xat24cr x1lziwak xexx8yu xyri2b x18d9i69 x1c1uobl x16tdsg8 x1hl2dhg xggy1nq x1a2a7pz xkrqix3 x1sur9pj xzsf02u x1s688f\" href=\"https:\/\/www.facebook.com\/NBZHoBerg\">Nachbarschaftszentrum Holtenser Berg<\/a><\/b><\/span><\/div>\n<\/div>\n<\/div>\n<\/div>\n<\/div>\n<\/div>\n<div class=\"html-div xjyslct xjbqb8w x972fbf x10w94by x1qhh985 x14e42zd x9f619 x1rg5ohu xdj266r x14z9mp xat24cr x1lziwak xexx8yu xyri2b x18d9i69 x1c1uobl x1n2onr6 x16tdsg8 xh8yej3\" role=\"listitem\">\n<div class=\"html-div xdj266r x14z9mp xat24cr x1lziwak xyri2b x1c1uobl x78zum5 xdt5ytf xwib8y2 x1y1aw1k\">\n<div class=\"x9f619 x1ja2u2z x78zum5 x2lah0s x1n2onr6 x1nhvcw1 x1cy8zhl xozqiw3 x1q0g3np xv54qhq xf7dkkf x18d9i69 xexx8yu x1ws5yxj xw01apr x4cne27 xifccgj\">\n<div class=\"x9f619 x1n2onr6 x1ja2u2z x78zum5 xdt5ytf x2lah0s x193iq5w xeuugli x1icxu4v x25sj25 x10b6aqq x1yrsyyn\"><\/div>\n<div class=\"x9f619 x1n2onr6 x1ja2u2z x78zum5 xdt5ytf x193iq5w xeuugli x1r8uery x1iyjqo2 xs83m0k xamitd3 x1icxu4v x25sj25 x10b6aqq x1yrsyyn\">\n<div class=\"x78zum5 xdt5ytf xz62fqu x16ldp7u\">\n<div class=\"xu06os2 x1ok221b\">\n<div class=\"x1i10hfl xjbqb8w x1ejq31n x18oe1m7 x1sy0etr xstzfhl x972fbf x10w94by x1qhh985 x14e42zd x9f619 x1ypdohk xt0psk2 x3ct3a4 xdj266r x14z9mp xat24cr x1lziwak xexx8yu xyri2b x18d9i69 x1c1uobl x16tdsg8 x1hl2dhg xggy1nq x1a2a7pz xkrqix3 x1sur9pj xzsf02u x1s688f\" role=\"button\">Londonstra\u00dfe 11a, 37079 G\u00f6ttingen, Germany<\/div>\n<\/div>\n<\/div>\n<\/div>\n<\/div>\n<\/div>\n<\/div>\n<div class=\"html-div xjyslct xjbqb8w x972fbf x10w94by x1qhh985 x14e42zd x9f619 x1rg5ohu xdj266r x14z9mp xat24cr x1lziwak xexx8yu xyri2b x18d9i69 x1c1uobl x1n2onr6 x16tdsg8 xh8yej3\" role=\"listitem\">\n<div class=\"html-div xdj266r x14z9mp xat24cr x1lziwak xyri2b x1c1uobl x78zum5 xdt5ytf xwib8y2 x1y1aw1k\">\n<div class=\"x9f619 x1ja2u2z x78zum5 x2lah0s x1n2onr6 x1nhvcw1 x1cy8zhl xozqiw3 x1q0g3np xv54qhq xf7dkkf x18d9i69 xexx8yu x1ws5yxj xw01apr x4cne27 xifccgj\">\n<div class=\"x9f619 x1n2onr6 x1ja2u2z x78zum5 xdt5ytf x2lah0s x193iq5w xeuugli x1icxu4v x25sj25 x10b6aqq x1yrsyyn\"><\/div>\n<div class=\"x9f619 x1n2onr6 x1ja2u2z x78zum5 xdt5ytf x193iq5w xeuugli x1r8uery x1iyjqo2 xs83m0k xamitd3 x1icxu4v x25sj25 x10b6aqq x1yrsyyn\">\n<div class=\"x78zum5 xdt5ytf xz62fqu x16ldp7u\">\n<div class=\"xu06os2 x1ok221b\"><span class=\"x193iq5w xeuugli x13faqbe x1vvkbs x1xmvt09 x1lliihq x1s928wv xhkezso x1gmr53x x1cpjm7i x1fgarty x1943h6x xudqn12 x3x7a5m x6prxxf xvq8zen xo1l8bm xzsf02u x1yc453h\" dir=\"auto\">Laufzeit: 3 Std.<\/span><\/div>\n<\/div>\n<\/div>\n<\/div>\n<\/div>\n<\/div>\n<div class=\"html-div xjyslct xjbqb8w x972fbf x10w94by x1qhh985 x14e42zd x9f619 x1rg5ohu xdj266r x14z9mp xat24cr x1lziwak xexx8yu xyri2b x18d9i69 x1c1uobl x1n2onr6 x16tdsg8 xh8yej3\" role=\"listitem\">\n<div class=\"html-div xdj266r x14z9mp xat24cr x1lziwak xyri2b x1c1uobl x78zum5 xdt5ytf xwib8y2 x1y1aw1k\">\n<div class=\"x9f619 x1ja2u2z x78zum5 x2lah0s x1n2onr6 x1nhvcw1 x1cy8zhl xozqiw3 x1q0g3np xv54qhq xf7dkkf x18d9i69 xexx8yu x1ws5yxj xw01apr x4cne27 xifccgj\">\n<div class=\"x9f619 x1n2onr6 x1ja2u2z x78zum5 xdt5ytf x2lah0s x193iq5w xeuugli x1icxu4v x25sj25 x10b6aqq x1yrsyyn\"><\/div>\n<div class=\"x9f619 x1n2onr6 x1ja2u2z x78zum5 xdt5ytf x193iq5w xeuugli x1r8uery x1iyjqo2 xs83m0k xamitd3 x1icxu4v x25sj25 x10b6aqq x1yrsyyn\">\n<div class=\"x78zum5 xdt5ytf xz62fqu x16ldp7u\">\n<div class=\"xu06os2 x1ok221b\"><span class=\"x193iq5w xeuugli x13faqbe x1vvkbs x1xmvt09 x1lliihq x1s928wv xhkezso x1gmr53x x1cpjm7i x1fgarty x1943h6x xudqn12 x3x7a5m x6prxxf xvq8zen xo1l8bm xzsf02u x1yc453h\" dir=\"auto\">\u00d6ffentlich<span class=\"xzpqnlu xjm9jq1 x6ikm8r x10wlt62 x10l6tqk x1i1rx1s\">\u00a0<\/span><span aria-hidden=\"true\"> \u00b7 <\/span>Jede Person auf und au\u00dferhalb von Facebook<\/span><\/div>\n<\/div>\n<\/div>\n<\/div>\n<\/div>\n<\/div>\n<\/blockquote>\n<\/div>\n\t\t<div class=\"mc-location\"><div class=\"address location vcard\"><div class='map'><a href='https:\/\/maps.google.com\/maps?z=16&amp;daddr=Londonstra\u00dfe+11a++G\u00f6ttingen++37079+' class='url external'><span class='mc-icon' aria-hidden='true'><\/span>Karte<span class='screen-reader-text fn'> Nachbarschaftszentrum Holtenser Berg Londonstra\u00dfe 11a, 37079 G\u00f6ttingen<\/span><\/a><\/div><\/div><\/div>\n\t\t<div class=\"sharing\">\t<p class='mc-details'><a aria-label='Weiterlesen: 16.01.2026, NBZ Holtenser Berg: Stammtisch Holtenser Berg' href='https:\/\/rt-europaallee.de\/wordpress\/my-calendar\/?mc_id=30404'>Weiterlesen<\/a><\/p>\n<\/div><\/div><!--end .details--><\/article>\n<\/td>\n<td id='calendar-2026-04-11' class='mc-events samstag sa past-day past-date weekend  has-events author3 mcat_general mcat_sonstiges mcat_mrkte mcat_info day-with-date'><div class='mc-date-container'>\n\t<span class='mc-date'><span aria-hidden='true' class='mc-day-number'>11<\/span><span class='screen-reader-text mc-day-date'>11. April 2026<\/span><span class=\"event-icon\" aria-hidden=\"true\">&#9679;&#9679;&#9679;<\/span><span class=\"screen-reader-text\"><span class=\"mc-list-details event-count\">(4 Veranstaltungen)<\/span><\/span><\/span><\/div><article id='mc_calendar_11_30605-calendar-30605' class='mc-mc_calendar_30605 calendar-event mc_general mc_stadtlabor-gttingen-wilhelmspl-3-37073-gttingen  on-now mc_primary_general nonrecurring mc-3-wochen mc-start-00-00 ungrouped mc-event-4583 mc-events multidate mc-event mc_rel_general'><header>\t<h3 class='event-title summary' id='mc_30605-title-my-calendar'><button type='button' id='modal-button-mc_calendar_11_30605-calendar-details-30605' data-modal-content-id='mc_calendar_11_30605-calendar-details-30605' data-modal-prefix-class='my-calendar' data-modal-close-text='Schlie\u00dfen' data-modal-title='16.03.2026, Ausstellung: Der NS-V\u00f6lkermord an den Roma in der besetzten Sowjetunion' aria-controls='mc_calendar_11_30605-calendar-details-30605' class='calendar mc-modal button button-link url summary has-image'><svg style=\"fill:#000000\" focusable=\"false\" role=\"img\" aria-labelledby=\"cat_30605\" class=\"category-icon\" xmlns=\"http:\/\/www.w3.org\/2000\/svg\" viewBox=\"0 0 448 512\"><!-- Font Awesome Free 5.15.3 by @fontawesome - https:\/\/fontawesome.com License - https:\/\/fontawesome.com\/license\/free (Icons: CC BY 4.0, Fonts: SIL OFL 1.1, Code: MIT License) --><title id='cat_30605'>Kategorie: General<\/title><path d=\"M12 192h424c6.6 0 12 5.4 12 12v260c0 26.5-21.5 48-48 48H48c-26.5 0-48-21.5-48-48V204c0-6.6 5.4-12 12-12zm436-44v-36c0-26.5-21.5-48-48-48h-48V12c0-6.6-5.4-12-12-12h-40c-6.6 0-12 5.4-12 12v52H160V12c0-6.6-5.4-12-12-12h-40c-6.6 0-12 5.4-12 12v52H48C21.5 64 0 85.5 0 112v36c0 6.6 5.4 12 12 12h424c6.6 0 12-5.4 12-12z\"\/><\/svg> <div>16.03.2026, Ausstellung: Der NS-V\u00f6lkermord an den Roma in der besetzten Sowjetunion<\/div><\/button><\/h3>\n<\/header><div id='mc_calendar_11_30605-calendar-details-30605' class='details no-image uses-modal single-details'  aria-labelledby='mc_30605-title-my-calendar'>\n\t<button type='button' aria-controls='mc_calendar_11_30605-calendar-details-30605' class='mc-toggle close'><span class='dashicons dashicons-dismiss' aria-hidden='true'><\/span><span class='screen-reader-text'>Close<\/span><\/button>\n\t\r\n\t<div class='time-block'>\r\n\t\t<span class='mc-icon' aria-hidden='true'><\/span>\r\n\t\t<p><span class=\"time-wrapper\"> <span class='event-time'><abbr title='Nicht zutreffend'>n.\u00a0a.<\/abbr><\/span>  <\/span><br \/><span class=\"date-wrapper\"><span class='mc-start-date dtstart' title='2026-04-10T00:00:00+02:00' content='2026-04-10T00:00:00+02:00'>10. April 2026<\/span> <span class='date-separator'> &ndash; <\/span> <span class=\"event-time dtend\">30. April 2026<\/span><\/span><\/p>\r\n\t<\/div>\n\t\t<div class='longdesc description'><p>Siehe:\u00a0<a href=\"https:\/\/rt-europaallee.de\/wordpress\/2026\/03\/stadt-goettingen-internationale-wochen-gegen-rassismus-veranstaltungen-in-der-stadt-goettingen\/\">https:\/\/rt-europaallee.de\/wordpress\/2026\/03\/stadt-goettingen-internationale-wochen-gegen-rassismus-veranstaltungen-in-der-stadt-goettingen\/<\/a><\/p>\n<p><img decoding=\"async\" class=\"emoji\" role=\"img\" src=\"https:\/\/s.w.org\/images\/core\/emoji\/17.0.2\/svg\/27a1.svg\" alt=\"\u27a1\ufe0f\" \/><\/p>\n<blockquote><p>(Quelle:\u00a0<a href=\"https:\/\/www.goettingen.de\/portal\/meldungen\/internationale-wochen-gegen-rassismus-veranstaltungen-in-der-stadt-goettingen-900004830-25480.html?utm_source=copilot.com\">https:\/\/www.goettingen.de\/portal\/meldungen\/internationale-wochen-gegen-rassismus-veranstaltungen-in-der-stadt-goettingen-900004830-25480.html?utm_source=copilot.com<\/a>)<\/p>\n<blockquote>\n<div class=\"fusstext fusstext_oben\">\n<p><span class=\"create\">06.03.2026<\/span><span class=\"modified\">\u00a0| ge\u00e4ndert am 12.03.2026<\/span><\/p>\n<div><\/div>\n<\/div>\n<h3 class=\"kontrast-bild\">Internationale Wochen gegen Rassismus \u2013 Veranstaltungen in der Stadt G\u00f6ttingen<\/h3>\n<div id=\"nolis_content_site\" class=\"nolis_content_site\">\n<p class=\"anreisser_detail\"><strong>Zum 31. Mal finden die bundesweiten Internationalen Wochen gegen Rassismus von Montag bis Sonntag, 16. bis 29. M\u00e4rz 2026, statt. Das diesj\u00e4hrige Motto lautet \u201e100 Prozent Menschenw\u00fcrde. Zusammen gegen Rassismus und Rechtsextremismus\u201c. Der diesj\u00e4hrige Botschafter der Aktionswochen ist Prof. Dr. Matthias Quent. Hier gibt es einen \u00dcberblick \u00fcber die Veranstaltungen in der Stadt G\u00f6ttingen.<\/strong><\/p>\n<h3>...<\/h3>\n<p>Freitag, 10. April bis Donnerstag, 30. April 2026<br \/>\n<strong>Der NS-V\u00f6lkermord an den Roma in der besetzten Sowjetunion<\/strong><br \/>\n<strong>Ausstellung im Stadtlabor<\/strong><\/p>\n<p>Ort: Stadtlabor, Wilhelmsplatz 3, 37073 G\u00f6ttingen<br \/>\nVeranstalter*in: Roma Center e. V.<br \/>\nEintritt: frei<br \/>\nAnmeldung: nicht erforderlich.\u00a0<a class=\"link_katalog nolis-link-extern\" href=\"https:\/\/roma-center.de\/\" target=\"_blank\">Die \u00d6ffnungszeiten der Ausstellung sind hier aufgef\u00fchrt<\/a>.<\/p>\n<p>Am Freitag, 10. April 2026 um 18.00 Uhr er\u00f6ffnen Roma Center und Bildungswerk f\u00fcr Erinnerungsarbeit und Frieden die Ausstellung \u201eGenozid an Roma auf dem Gebiet der besetzten Sowjetunion 1941\u20131944\u201c im Stadtlabor. Grundlage sind 200 Interviews mit \u00dcberlebenden und ihren Kindern aus der Ukraine, Belarus, Russland, Rum\u00e4nien und Moldau. Sie erz\u00e4hlen von Verfolgung und Widerstand der Roma nach dem \u00dcberfall auf die Sowjetunion.<\/p>\n<h3>...<\/h3>\n<\/div>\n<\/blockquote>\n<\/blockquote>\n<blockquote>\n<h3><\/h3>\n<\/blockquote>\n<\/div>\n\t\t<div class=\"mc-location\"><div class=\"address location vcard\"><div class='map'><a href='https:\/\/www.google.com\/maps\/place\/Stadtlabor+G%C3%B6ttingen\/@51.5334069,9.9374107,20.79z\/data=!3m1!5s0x47a4d495880e01c3:0x2da49c3266d39a0d!4m15!1m8!3m7!1s0x47a4d49588f818f7:0x3eeeb28ecd9fdbb0!2sWilhelmspl.+3,+37073+G%C3%B6ttingen!3b1!8m2!3d51.5334334!4d9.9374974!16s%2Fg%2F11cscfk8zz!3m5!1s0x47a4d5950eff9b5b:0xc068ed179b6e3c99!8m2!3d51.5335141!4d9.9376129!16s%2Fg%2F11v3znlf2z?entry=ttu' class='url external'><span class='mc-icon' aria-hidden='true'><\/span>Karte<span class='screen-reader-text fn'> Stadtlabor G\u00f6ttingen, Wilhelmspl. 3, 37073 G\u00f6ttingen<\/span><\/a><\/div><\/div><\/div>\n\t\t<div class=\"sharing\">\t<p class='mc-details'><a aria-label='Weiterlesen: 16.03.2026, Ausstellung: Der NS-V\u00f6lkermord an den Roma in der besetzten Sowjetunion' href='https:\/\/rt-europaallee.de\/wordpress\/my-calendar\/?mc_id=30605'>Weiterlesen<\/a><\/p>\n<\/div><\/div><!--end .details--><\/article><article id='mc_calendar_11_30648-calendar-30648' class='mc-mc_calendar_30648 calendar-event mc_sonstiges mc_entsorgungszentrum-knigsbhl-knigsbhl-98-37079-gttingen  past-event mc_primary_sonstiges nonrecurring mc-4-stunden mc-start-09-00 ungrouped mc-event-4611 mc-events mc-event mc_rel_sonstiges'><header>\t<h3 class='event-title summary' id='mc_30648-title-my-calendar'><button type='button' id='modal-button-mc_calendar_11_30648-calendar-details-30648' data-modal-content-id='mc_calendar_11_30648-calendar-details-30648' data-modal-prefix-class='my-calendar' data-modal-close-text='Schlie\u00dfen' data-modal-title='07.04.2026, HNA: Bis 1\/2 Kubikmeter Kompost kostenlos (G\u00f6ttinger Entsorgungsbetriebe)' aria-controls='mc_calendar_11_30648-calendar-details-30648' class='calendar mc-modal button button-link url summary has-image'><svg style=\"fill:#000000\" focusable=\"false\" role=\"img\" aria-labelledby=\"cat_30648\" class=\"category-icon\" xmlns=\"http:\/\/www.w3.org\/2000\/svg\" viewBox=\"0 0 576 512\"><!-- Font Awesome Free 5.15.3 by @fontawesome - https:\/\/fontawesome.com License - https:\/\/fontawesome.com\/license\/free (Icons: CC BY 4.0, Fonts: SIL OFL 1.1, Code: MIT License) --><title id='cat_30648'>Kategorie: Sonstiges<\/title><path d=\"M259.3 17.8L194 150.2 47.9 171.5c-26.2 3.8-36.7 36.1-17.7 54.6l105.7 103-25 145.5c-4.5 26.3 23.2 46 46.4 33.7L288 439.6l130.7 68.7c23.2 12.2 50.9-7.4 46.4-33.7l-25-145.5 105.7-103c19-18.5 8.5-50.8-17.7-54.6L382 150.2 316.7 17.8c-11.7-23.6-45.6-23.9-57.4 0z\"\/><\/svg> <div>07.04.2026, HNA: Bis 1\/2 Kubikmeter Kompost kostenlos (G\u00f6ttinger Entsorgungsbetriebe)<\/div><\/button><\/h3>\n<\/header><div id='mc_calendar_11_30648-calendar-details-30648' class='details no-image uses-modal single-details'  aria-labelledby='mc_30648-title-my-calendar'>\n\t<button type='button' aria-controls='mc_calendar_11_30648-calendar-details-30648' class='mc-toggle close'><span class='dashicons dashicons-dismiss' aria-hidden='true'><\/span><span class='screen-reader-text'>Close<\/span><\/button>\n\t\r\n\t<div class='time-block'>\r\n\t\t<span class='mc-icon' aria-hidden='true'><\/span>\r\n\t\t<p><span class=\"time-wrapper\"><span class='event-time dtstart'><time class='value-title' datetime='2026-04-11T09:00:00+02:00' title='2026-04-11T09:00:00+02:00'>9:00<\/time><\/span> <span class='time-separator'> &ndash; <\/span> <span class='end-time dtend'> <time class='value-title' datetime='2026-04-11T13:00:00+02:00' title='2026-04-11T13:00:00+02:00'>13:00<\/time><\/span><\/span><br \/><span class=\"date-wrapper\"><span class='mc-start-date dtstart' title='2026-04-11T09:00:00+02:00' content='2026-04-11T09:00:00+02:00'>11. April 2026<\/span>  <\/span><\/p>\r\n\t<\/div>\n\t\t<div class='longdesc description'><p>(Quelle: <a href=\"https:\/\/www.facebook.com\/HNAGoettingen\/posts\/pfbid02L7nqA2JQkRxhTQMh9k3DV1UZMi8pNtj4JE1C24aEPEHFZidsrsrA4qrPGLWuG8D7l\">https:\/\/www.facebook.com\/HNAGoettingen\/posts\/pfbid02L7nqA2JQkRxhTQMh9k3DV1UZMi8pNtj4JE1C24aEPEHFZidsrsrA4qrPGLWuG8D7l<\/a>)<\/p>\n<blockquote>\n<div class=\"html-div xdj266r x14z9mp xat24cr x1lziwak xexx8yu xyri2b x18d9i69 x1c1uobl\">\n<div class=\"html-div xdj266r x14z9mp x1lziwak x18d9i69 x1cy8zhl x78zum5 x1q0g3np xod5an3 xz9dl7a x1g0dm76 xpdmqnj\">\n<div class=\"html-div xdj266r xat24cr x1lziwak xexx8yu xyri2b x18d9i69 x1c1uobl x78zum5 x2lah0s xqtp20y x1xegmmw\">\n<div class=\"x1vqgdyp x100vrsf\">\n<div class=\"\"><\/div>\n<\/div>\n<\/div>\n<div class=\"html-div xdj266r x14z9mp xat24cr x1lziwak xexx8yu xyri2b x18d9i69 x1c1uobl x1iyjqo2 xeuugli\">\n<div class=\"x78zum5 xdt5ytf xz62fqu x16ldp7u\">\n<div class=\"xu06os2 x1ok221b\">\n<div class=\"html-div xdj266r x14z9mp xat24cr x1lziwak xexx8yu xyri2b x18d9i69 x1c1uobl\" data-ad-rendering-role=\"profile_name\">\n<h3 class=\"html-h3 x14z9mp xat24cr x1lziwak xexx8yu xyri2b x18d9i69 x1c1uobl x1vvkbs x1heor9g x1qlqyl8 x1pd3egz x1a2a7pz x1gslohp x1yc453h\"><span class=\"x78zum5 x1q0g3np\"><span class=\"x1lliihq x6ikm8r x10wlt62 x1n2onr6 xlyipyv xuxw1ft\"><span class=\"xt0psk2\"><span class=\"xjp7ctv\"><a class=\"x1i10hfl xjbqb8w x1ejq31n x18oe1m7 x1sy0etr xstzfhl x972fbf x10w94by x1qhh985 x14e42zd x9f619 x1ypdohk xt0psk2 x3ct3a4 xdj266r x14z9mp xat24cr x1lziwak xexx8yu xyri2b x18d9i69 x1c1uobl x16tdsg8 x1hl2dhg xggy1nq x1a2a7pz xkrqix3 x1sur9pj xzsf02u x1s688f\" href=\"https:\/\/www.facebook.com\/HNAGoettingen?__cft__[0]=AZae-6d2XnjQUVJghgXF-l1TopY8XuhzEKqd6pVz8uX2H9NzcokiWRw3xY6sGyHQ0Qd8yaMNXUc6_Hnh7ot2inNSvdXGYyo7260xgdjBdJ-RZG8Aogn8uFLdEZJ1Ncrns_OOhqtyGboH179q_0RV239GLkMW4ho7HlT_-_mI_kmOaQ&amp;__tn__=-UC%2CP-R\"><b class=\"html-b xdj266r x14z9mp xat24cr x1lziwak xexx8yu xyri2b x18d9i69 x1c1uobl x1hl2dhg x16tdsg8 x1vvkbs x1s688f\"><span class=\"html-span xdj266r x14z9mp xat24cr x1lziwak xexx8yu xyri2b x18d9i69 x1c1uobl x1hl2dhg x16tdsg8 x1vvkbs\">HNA G\u00f6ttingen<\/span><\/b><\/a><\/span><\/span><\/span><\/span><\/h3>\n<\/div>\n<\/div>\n<\/div>\n<\/div>\n<div class=\"xqcrz7y x78zum5 x1qx5ct2 x1y1aw1k xf159sx xwib8y2 xmzvs34 xw4jnvo\">\n<div><\/div>\n<\/div>\n<\/div>\n<\/div>\n<div class=\"html-div xdj266r x14z9mp xat24cr x1lziwak xexx8yu xyri2b x18d9i69 x1c1uobl\">\n<div class=\"html-div xdj266r x14z9mp xat24cr x1lziwak xexx8yu xyri2b x18d9i69 x1c1uobl\" dir=\"auto\">\n<div class=\"html-div xdj266r x14z9mp xat24cr x1lziwak xexx8yu xyri2b x18d9i69 x1c1uobl\" data-ad-rendering-role=\"story_message\">\n<div class=\"x1l90r2v x1iorvi4 x1g0dm76 xpdmqnj\" data-ad-comet-preview=\"message\" data-ad-preview=\"message\">\n<div class=\"x78zum5 xdt5ytf xz62fqu x16ldp7u\">\n<div class=\"xu06os2 x1ok221b\">\n<div class=\"html-div xdj266r x14z9mp xat24cr x1lziwak xexx8yu xyri2b x18d9i69 x1c1uobl\">\n<div class=\"xdj266r x14z9mp xat24cr x1lziwak x1vvkbs x126k92a\">\n<div dir=\"auto\">Bis zu einem halben Kubikmeter Kompost gibt es bei den G\u00f6ttinger Entsorgungsbetrieben kostenlos. Die besondere Aktion findet am 11. April statt.<\/div>\n<\/div>\n<\/div>\n<\/div>\n<\/div>\n<\/div>\n<\/div>\n<\/div>\n<div class=\"html-div xdj266r x14z9mp xat24cr x1lziwak xexx8yu xyri2b x18d9i69 x1c1uobl x1n2onr6\">\n<div class=\"html-div xdj266r x14z9mp xat24cr x1lziwak xexx8yu xyri2b x18d9i69 x1c1uobl x1n2onr6\">\n<div class=\"xmjcpbm x1n2onr6\">\n<div class=\"x78zum5 x14ju556 x6ikm8r x10wlt62 x1n2onr6\" data-ad-rendering-role=\"image\">\n<div class=\"x6s0dn4 x1jx94hy x78zum5 xdt5ytf x6ikm8r x10wlt62 x1n2onr6 xh8yej3\">\n<div>\n<div class=\"xqtp20y x6ikm8r x10wlt62 x1n2onr6\">\n<div class=\"x10l6tqk x13vifvy\"><img loading=\"lazy\" decoding=\"async\" class=\"x15mokao x1ga7v0g x16uus16 xbiv7yw x1ey2m1c x5yr21d xtijo5x x1o0tod x10l6tqk x13vifvy xh8yej3 xl1xv1r\" src=\"https:\/\/external-ham3-1.xx.fbcdn.net\/emg1\/v\/t13\/13792817000652813063?url=https%3A%2F%2Fwww.hna.de%2Fassets%2Fimages%2F42%2F97%2F42097950-die-biokompostaktion-der-goettinger-entsorgungsbetriebe-ist-beliebt-sie-findet-am-11-april-auf-dem-gelaende-des-bioenergiezentrum-koenigsbuehl-statt-1tB8oexrbmef.jpg&amp;fb_obo=1&amp;utld=hna.de&amp;stp=c0.5000x0.5000f_dst-jpg_flffffff_p500x261_q75_tt6&amp;_nc_gid=HNpM4z_TYaCGoLJ0EjTSQQ&amp;_nc_oc=Adro-EBgiG7dxbbCmWJFN-e0mPlvGuubA9GkMb8KxCWE0tZIHHrtMfjd9m7GLPr5vfRXQ8lJfj7rE7AZlMQFBVvA&amp;ccb=13-1&amp;oh=06_Q3-9AeAkimqbWNen7Ui_RWrPGEYPuFvCheYou4NGv5XG4Orv&amp;oe=69D74691&amp;_nc_sid=215617\" alt=\"Entsorgungsbetriebe verschenken Biokompost im Bioenergiezentrum\" width=\"500\" height=\"261\" data-imgperflogname=\"feedImage\" \/><\/div>\n<\/div>\n<\/div>\n<\/div>\n<div class=\"x1nb4dca x1q0q8m5 xso031l x1exxf4d x13fuv20 x178xt8z x1ey2m1c x9f619 xtijo5x x1o0tod x47corl x10l6tqk x13vifvy\"><\/div>\n<\/div>\n<\/div>\n<div class=\"x10l6tqk xzkaem6 xxt37ne xys98vm\">\n<div class=\"x1i10hfl xjbqb8w x1ejq31n x18oe1m7 x1sy0etr xstzfhl x972fbf x10w94by x1qhh985 x14e42zd x9f619 x1ypdohk xt0psk2 x3ct3a4 xdj266r x14z9mp xat24cr x1lziwak xexx8yu xyri2b x18d9i69 x1c1uobl x16tdsg8 x1hl2dhg xggy1nq x1a2a7pz x1heor9g xkrqix3 x1sur9pj x1s688f\" role=\"button\" aria-label=\"Mehr\">\n<div class=\"x6s0dn4 x1jx94hy x1exxf4d xpv9jar x1nb4dca x1nmn18 x12l2aii x1mbk4o x14vvt0a x1w3ol1v x13fuv20 x18b5jzi x1q0q8m5 x1t7ytsu x178xt8z x1lun4ml xso031l xpilrb4 xzsf02u x78zum5 x1fgtraw xl56j7k xgd8bvy\"><\/div>\n<\/div>\n<\/div>\n<\/div>\n<div class=\"html-div xdj266r x14z9mp xat24cr x1lziwak xexx8yu xyri2b x18d9i69 x1c1uobl x6ikm8r x10wlt62\">\n<div class=\"x1n2onr6\">\n<div class=\"html-div xdj266r x14z9mp xat24cr x1lziwak xexx8yu xyri2b x18d9i69 x1c1uobl xmjcpbm x1n2onr6 x1lku1pv\">\n<div class=\"x9f619 x1ja2u2z x78zum5 x2lah0s x1n2onr6 x1qughib x6s0dn4 xozqiw3 x1q0g3np x1ws5yxj xw01apr xsag5q8 xv54qhq xf7dkkf xz9dl7a\">\n<div class=\"x9f619 x1n2onr6 x1ja2u2z x193iq5w xeuugli x1r8uery x1iyjqo2 xs83m0k x1icxu4v x25sj25\">\n<div class=\"html-div xdj266r x14z9mp x1lziwak xexx8yu xyri2b x18d9i69 x1c1uobl x1e56ztr xtvhhri\" data-ad-rendering-role=\"meta\"><span class=\"x193iq5w xeuugli x13faqbe x1vvkbs x1xmvt09 x1lliihq x1s928wv xhkezso x1gmr53x x1cpjm7i x1fgarty x1943h6x x4zkp8e x3x7a5m x1nxh6w3 x1sibtaa xo1l8bm xi81zsa\" dir=\"auto\"><span class=\"x1lliihq x6ikm8r x10wlt62 x1n2onr6 xlyipyv xuxw1ft x1j85h84\">hna.de<\/span><\/span><\/div>\n<div class=\"html-div x14z9mp x1lziwak xyri2b x1c1uobl x4vbgl9 x1rdy4ex x6ikm8r x10wlt62 xjkvuk6 x1iorvi4\">\n<div class=\"x78zum5 xdt5ytf xz62fqu x16ldp7u\">\n<div class=\"xu06os2 x1ok221b\"><a href=\"https:\/\/www.hna.de\/lokales\/goettingen\/goettingen-ort28741\/samstag-im-bioenergiezentrum-die-geb-verschenken-biokompost-am-94247207.html?fbclid=IwY2xjawRCWxBleHRuA2FlbQIxMQBzcnRjBmFwcF9pZBAyMjIwMzkxNzg4MjAwODkyAAEehFCZHaFFW-XnQfrwRtHfRxP90abhrxTLJBYLMfSxJagT1g654rUITKEBa7Y_aem_MHa3Lpi_90zqQ5ZBMMdL7Q\"><span class=\"x193iq5w xeuugli x13faqbe x1vvkbs x1xmvt09 x1lliihq x1s928wv xhkezso x1gmr53x x1cpjm7i x1fgarty x1943h6x xudqn12 x3x7a5m x1lkfr7t x1lbecb7 x1s688f xzsf02u x1yc453h\" dir=\"auto\"><span class=\"x1lliihq x6ikm8r x10wlt62 x1n2onr6 x1j85h84\"><span class=\"html-span xdj266r x14z9mp xat24cr x1lziwak xexx8yu xyri2b x18d9i69 x1c1uobl x1hl2dhg x16tdsg8 x1vvkbs\" data-ad-rendering-role=\"title\"><span class=\"html-span xdj266r x14z9mp xat24cr x1lziwak xexx8yu xyri2b x18d9i69 x1c1uobl x1hl2dhg x16tdsg8 x1vvkbs\" dir=\"auto\">Entsorgungsbetriebe verschenken Biokompost im Bioenergiezentrum<\/span><\/span><\/span><\/span><\/a><\/div>\n<\/div>\n<\/div>\n<\/div>\n<\/div>\n<\/div>\n<\/div>\n<\/div>\n<\/div>\n<\/div>\n<\/blockquote>\n<\/div>\n\t\t<div class=\"mc-location\"><div class=\"address location vcard\"><div class='map'><a href='https:\/\/www.google.de\/maps\/dir\/Entsorgungszentrum+K%C3%B6nigsb%C3%BChl,+K%C3%B6nigsb%C3%BChl+98,+G%C3%B6ttingen\/\/@51.5728402,9.8267174,12z\/data=!4m8!4m7!1m5!1m1!1s0x47bb2ac562032037:0xeaa80a9036d4b07f!2m2!1d9.9091181!2d51.5728691!1m0' class='url external'><span class='mc-icon' aria-hidden='true'><\/span>Karte<span class='screen-reader-text fn'> Entsorgungszentrum K\u00f6nigsb\u00fchl, K\u00f6nigsb\u00fchl 98, 37079 G\u00f6ttingen<\/span><\/a><\/div><\/div><\/div>\n\t\t<div class=\"sharing\">\t<p class='mc-details'><a aria-label='Weiterlesen: 07.04.2026, HNA: Bis 1\/2 Kubikmeter Kompost kostenlos (G\u00f6ttinger Entsorgungsbetriebe)' href='https:\/\/rt-europaallee.de\/wordpress\/my-calendar\/?mc_id=30648'>Weiterlesen<\/a><\/p>\n<\/div><\/div><!--end .details--><\/article><article id='mc_calendar_11_30675-calendar-30675' class='mc-mc_calendar_30675 calendar-event mc_mrkte mc_location-397  past-event mc_primary_maerkte nonrecurring mc-3-stunden mc-start-13-00 ungrouped mc-event-4614 mc-events mc-event mc_rel_mrkte'><header>\t<h3 class='event-title summary' id='mc_30675-title-my-calendar'><button type='button' id='modal-button-mc_calendar_11_30675-calendar-details-30675' data-modal-content-id='mc_calendar_11_30675-calendar-details-30675' data-modal-prefix-class='my-calendar' data-modal-close-text='Schlie\u00dfen' data-modal-title='Nachbarschaftstreff Ebertal: Flohmarkt' aria-controls='mc_calendar_11_30675-calendar-details-30675' class='calendar mc-modal button button-link url summary has-image'><svg style=\"fill:#000000\" focusable=\"false\" role=\"img\" aria-labelledby=\"cat_30675\" class=\"category-icon\" xmlns=\"http:\/\/www.w3.org\/2000\/svg\" viewBox=\"0 0 576 512\"><!-- Font Awesome Free 5.15.3 by @fontawesome - https:\/\/fontawesome.com License - https:\/\/fontawesome.com\/license\/free (Icons: CC BY 4.0, Fonts: SIL OFL 1.1, Code: MIT License) --><title id='cat_30675'>Kategorie: M\u00e4rkte<\/title><path d=\"M259.3 17.8L194 150.2 47.9 171.5c-26.2 3.8-36.7 36.1-17.7 54.6l105.7 103-25 145.5c-4.5 26.3 23.2 46 46.4 33.7L288 439.6l130.7 68.7c23.2 12.2 50.9-7.4 46.4-33.7l-25-145.5 105.7-103c19-18.5 8.5-50.8-17.7-54.6L382 150.2 316.7 17.8c-11.7-23.6-45.6-23.9-57.4 0z\"\/><\/svg> <div>Nachbarschaftstreff Ebertal: Flohmarkt<\/div><\/button><\/h3>\n<\/header><div id='mc_calendar_11_30675-calendar-details-30675' class='details no-image uses-modal single-details'  aria-labelledby='mc_30675-title-my-calendar'>\n\t<button type='button' aria-controls='mc_calendar_11_30675-calendar-details-30675' class='mc-toggle close'><span class='dashicons dashicons-dismiss' aria-hidden='true'><\/span><span class='screen-reader-text'>Close<\/span><\/button>\n\t\r\n\t<div class='time-block'>\r\n\t\t<span class='mc-icon' aria-hidden='true'><\/span>\r\n\t\t<p><span class=\"time-wrapper\"><span class='event-time dtstart'><time class='value-title' datetime='2026-04-11T13:00:00+02:00' title='2026-04-11T13:00:00+02:00'>13:00<\/time><\/span> <span class='time-separator'> &ndash; <\/span> <span class='end-time dtend'> <time class='value-title' datetime='2026-04-11T16:00:00+02:00' title='2026-04-11T16:00:00+02:00'>16:00<\/time><\/span><\/span><br \/><span class=\"date-wrapper\"><span class='mc-start-date dtstart' title='2026-04-11T13:00:00+02:00' content='2026-04-11T13:00:00+02:00'>11. April 2026<\/span>  <\/span><\/p>\r\n\t<\/div>\n\t\t<div class='longdesc description'><p>(Quelle: <a href=\"https:\/\/www.facebook.com\/awo.ebertal\/posts\/pfbid0H5CY4mS6r7SPgHScGVPynuPnRDsQBWe8Q293RdgVadni5NhqU9eKdshv8ZRDDJZul\">https:\/\/www.facebook.com\/awo.ebertal\/posts\/pfbid0H5CY4mS6r7SPgHScGVPynuPnRDsQBWe8Q293RdgVadni5NhqU9eKdshv8ZRDDJZul<\/a>)<\/p>\n<blockquote>\n<div class=\"html-div xdj266r x14z9mp xat24cr x1lziwak xexx8yu xyri2b x18d9i69 x1c1uobl\">\n<div class=\"html-div xdj266r x14z9mp x1lziwak x18d9i69 x1cy8zhl x78zum5 x1q0g3np xod5an3 xz9dl7a x1g0dm76 xpdmqnj\">\n<div class=\"html-div xdj266r x14z9mp xat24cr x1lziwak xexx8yu xyri2b x18d9i69 x1c1uobl x1iyjqo2 xeuugli\">\n<div class=\"x78zum5 xdt5ytf xz62fqu x16ldp7u\">\n<div class=\"xu06os2 x1ok221b\">\n<div class=\"html-div xdj266r x14z9mp xat24cr x1lziwak xexx8yu xyri2b x18d9i69 x1c1uobl\" data-ad-rendering-role=\"profile_name\">\n<h3 class=\"html-h3 x14z9mp xat24cr x1lziwak xexx8yu xyri2b x18d9i69 x1c1uobl x1vvkbs x1heor9g x1qlqyl8 x1pd3egz x1a2a7pz x1gslohp x1yc453h\"><span class=\"x193iq5w xeuugli x13faqbe x1vvkbs x1xmvt09 x6prxxf xvq8zen xo1l8bm xi81zsa\"><span class=\"x1lliihq x6ikm8r x10wlt62 x1n2onr6 xlyipyv xuxw1ft\"><b class=\"html-b xdj266r x14z9mp xat24cr x1lziwak xexx8yu xyri2b x18d9i69 x1c1uobl x1hl2dhg x16tdsg8 x1vvkbs x1s688f\"><span class=\"xt0psk2\"><span class=\"xjp7ctv\"><span class=\"html-span xdj266r x14z9mp xat24cr x1lziwak xexx8yu xyri2b x18d9i69 x1c1uobl x1hl2dhg x16tdsg8 x1vvkbs\"><a class=\"x1i10hfl xjbqb8w x1ejq31n x18oe1m7 x1sy0etr xstzfhl x972fbf x10w94by x1qhh985 x14e42zd x9f619 x1ypdohk xt0psk2 x3ct3a4 xdj266r x14z9mp xat24cr x1lziwak xexx8yu xyri2b x18d9i69 x1c1uobl x16tdsg8 x1hl2dhg xggy1nq x1a2a7pz xkrqix3 x1sur9pj xzsf02u x1s688f\" href=\"https:\/\/www.facebook.com\/awo.ebertal?__cft__[0]=AZZEHMAqKLFr9Q_bpFwZ9TO6FOu7yS1ayjLe9NtBL_5OinGbMVuqimL8iWhr6a8ePdf1o3s9NV0S3r3e19ZSPXA0Po6Rvp5I_KaNbQoHYUBXy4jO_1C1dQ_dY4TMh__c0RHBuY_gYbf9Q0KmJg2Kh1imZ4Jkx6-uu39sKqiLxwTySA&amp;__tn__=-]C%2CP-R\">Nachbarschaftstreff Ebertal<\/a><\/span><\/span><\/span><\/b> ist hier: <b class=\"html-b xdj266r x14z9mp xat24cr x1lziwak xexx8yu xyri2b x18d9i69 x1c1uobl x1hl2dhg x16tdsg8 x1vvkbs x1s688f\"><span class=\"xt0psk2\"><span class=\"xjp7ctv\"><span class=\"html-span xdj266r x14z9mp xat24cr x1lziwak xexx8yu xyri2b x18d9i69 x1c1uobl x1hl2dhg x16tdsg8 x1vvkbs\"><a class=\"x1i10hfl xjbqb8w x1ejq31n x18oe1m7 x1sy0etr xstzfhl x972fbf x10w94by x1qhh985 x14e42zd x9f619 x1ypdohk xt0psk2 x3ct3a4 xdj266r x14z9mp xat24cr x1lziwak xexx8yu xyri2b x18d9i69 x1c1uobl x16tdsg8 x1hl2dhg xggy1nq x1a2a7pz xkrqix3 x1sur9pj xzsf02u x1s688f\" href=\"https:\/\/www.facebook.com\/awo.ebertal?__cft__[0]=AZZEHMAqKLFr9Q_bpFwZ9TO6FOu7yS1ayjLe9NtBL_5OinGbMVuqimL8iWhr6a8ePdf1o3s9NV0S3r3e19ZSPXA0Po6Rvp5I_KaNbQoHYUBXy4jO_1C1dQ_dY4TMh__c0RHBuY_gYbf9Q0KmJg2Kh1imZ4Jkx6-uu39sKqiLxwTySA&amp;__tn__=-]C%2CP-R\">Nachbarschaftstreff Ebertal<\/a><\/span><\/span><\/span><\/b>.<\/span><\/span><\/h3>\n<\/div>\n<\/div>\n<\/div>\n<\/div>\n<\/div>\n<\/div>\n<div class=\"html-div xdj266r x14z9mp xat24cr x1lziwak xexx8yu xyri2b x18d9i69 x1c1uobl\">\n<div class=\"html-div xdj266r x14z9mp xat24cr x1lziwak xexx8yu xyri2b x18d9i69 x1c1uobl\" dir=\"auto\">\n<div class=\"html-div xdj266r x14z9mp xat24cr x1lziwak xexx8yu xyri2b x18d9i69 x1c1uobl\" data-ad-rendering-role=\"story_message\">\n<div class=\"x1l90r2v x1iorvi4 x1g0dm76 xpdmqnj\" data-ad-comet-preview=\"message\" data-ad-preview=\"message\">\n<div class=\"x78zum5 xdt5ytf xz62fqu x16ldp7u\">\n<div class=\"xu06os2 x1ok221b\">\n<div class=\"html-div xdj266r x14z9mp xat24cr x1lziwak xexx8yu xyri2b x18d9i69 x1c1uobl\">\n<div class=\"xdj266r x14z9mp xat24cr x1lziwak x1vvkbs x126k92a\">\n<div dir=\"auto\">Es ist wieder Flohmarkt-Zeit! <span class=\"html-span xexx8yu xyri2b x18d9i69 x1c1uobl x1hl2dhg x16tdsg8 x1vvkbs x3nfvp2 x1j61x8r x1fcty0u xdj266r xat24cr xm2jcoa x1mpyi22 xxymvpz xlup9mm x1kky2od\"><img loading=\"lazy\" decoding=\"async\" class=\"xz74otr x15mokao x1ga7v0g x16uus16 xbiv7yw\" src=\"https:\/\/static.xx.fbcdn.net\/images\/emoji.php\/v9\/t23\/1\/16\/1f9f8.png\" alt=\"\ud83e\uddf8\" width=\"16\" height=\"16\" \/><\/span><span class=\"html-span xexx8yu xyri2b x18d9i69 x1c1uobl x1hl2dhg x16tdsg8 x1vvkbs x3nfvp2 x1j61x8r x1fcty0u xdj266r xat24cr xm2jcoa x1mpyi22 xxymvpz xlup9mm x1kky2od\"><img loading=\"lazy\" decoding=\"async\" class=\"xz74otr x15mokao x1ga7v0g x16uus16 xbiv7yw\" src=\"https:\/\/static.xx.fbcdn.net\/images\/emoji.php\/v9\/t18\/1\/16\/1f45a.png\" alt=\"\ud83d\udc5a\" width=\"16\" height=\"16\" \/><\/span><span class=\"html-span xexx8yu xyri2b x18d9i69 x1c1uobl x1hl2dhg x16tdsg8 x1vvkbs x3nfvp2 x1j61x8r x1fcty0u xdj266r xat24cr xm2jcoa x1mpyi22 xxymvpz xlup9mm x1kky2od\"><img loading=\"lazy\" decoding=\"async\" class=\"xz74otr x15mokao x1ga7v0g x16uus16 xbiv7yw\" src=\"https:\/\/static.xx.fbcdn.net\/images\/emoji.php\/v9\/tec\/1\/16\/1f576.png\" alt=\"\ud83d\udd76\ufe0f\" width=\"16\" height=\"16\" \/><\/span><span class=\"html-span xexx8yu xyri2b x18d9i69 x1c1uobl x1hl2dhg x16tdsg8 x1vvkbs x3nfvp2 x1j61x8r x1fcty0u xdj266r xat24cr xm2jcoa x1mpyi22 xxymvpz xlup9mm x1kky2od\"><img loading=\"lazy\" decoding=\"async\" class=\"xz74otr x15mokao x1ga7v0g x16uus16 xbiv7yw\" src=\"https:\/\/static.xx.fbcdn.net\/images\/emoji.php\/v9\/t49\/1\/16\/1f4da.png\" alt=\"\ud83d\udcda\" width=\"16\" height=\"16\" \/><\/span><span class=\"html-span xexx8yu xyri2b x18d9i69 x1c1uobl x1hl2dhg x16tdsg8 x1vvkbs x3nfvp2 x1j61x8r x1fcty0u xdj266r xat24cr xm2jcoa x1mpyi22 xxymvpz xlup9mm x1kky2od\"><img loading=\"lazy\" decoding=\"async\" class=\"xz74otr x15mokao x1ga7v0g x16uus16 xbiv7yw\" src=\"https:\/\/static.xx.fbcdn.net\/images\/emoji.php\/v9\/t2f\/1\/16\/1f3ae.png\" alt=\"\ud83c\udfae\" width=\"16\" height=\"16\" \/><\/span><span class=\"html-span xexx8yu xyri2b x18d9i69 x1c1uobl x1hl2dhg x16tdsg8 x1vvkbs x3nfvp2 x1j61x8r x1fcty0u xdj266r xat24cr xm2jcoa x1mpyi22 xxymvpz xlup9mm x1kky2od\"><img loading=\"lazy\" decoding=\"async\" class=\"xz74otr x15mokao x1ga7v0g x16uus16 xbiv7yw\" src=\"https:\/\/static.xx.fbcdn.net\/images\/emoji.php\/v9\/tcb\/1\/16\/1fab4.png\" alt=\"\ud83e\udeb4\" width=\"16\" height=\"16\" \/><\/span><span class=\"html-span xexx8yu xyri2b x18d9i69 x1c1uobl x1hl2dhg x16tdsg8 x1vvkbs x3nfvp2 x1j61x8r x1fcty0u xdj266r xat24cr xm2jcoa x1mpyi22 xxymvpz xlup9mm x1kky2od\"><img loading=\"lazy\" decoding=\"async\" class=\"xz74otr x15mokao x1ga7v0g x16uus16 xbiv7yw\" src=\"https:\/\/static.xx.fbcdn.net\/images\/emoji.php\/v9\/t69\/1\/16\/1f452.png\" alt=\"\ud83d\udc52\" width=\"16\" height=\"16\" \/><\/span><span class=\"html-span xexx8yu xyri2b x18d9i69 x1c1uobl x1hl2dhg x16tdsg8 x1vvkbs x3nfvp2 x1j61x8r x1fcty0u xdj266r xat24cr xm2jcoa x1mpyi22 xxymvpz xlup9mm x1kky2od\"><img loading=\"lazy\" decoding=\"async\" class=\"xz74otr x15mokao x1ga7v0g x16uus16 xbiv7yw\" src=\"https:\/\/static.xx.fbcdn.net\/images\/emoji.php\/v9\/t1c\/1\/16\/1f45e.png\" alt=\"\ud83d\udc5e\" width=\"16\" height=\"16\" \/><\/span><\/div>\n<div dir=\"auto\">Wir freuen uns \u00fcber alle, die einen Stand anbieten oder zum St\u00f6bern vorbeikommen!<\/div>\n<div dir=\"auto\"><\/div>\n<div dir=\"auto\">\n<div class=\"x9f619 x1r8uery x1iyjqo2 x6ikm8r x10wlt62 x1n2onr6\">\n<div class=\"x78zum5 xdt5ytf\" data-virtualized=\"false\">\n<div class=\"x9f619 x1n2onr6 x1ja2u2z\">\n<div class=\"html-div xdj266r x14z9mp xat24cr x1lziwak xyri2b x18d9i69 x1c1uobl xqtp20y x1n2onr6 xh8yej3 x1jm3axb\">\n<div class=\"html-div x1qjc9v5 x1q0q8m5 x1qhh985 x18b5jzi x10w94by x1t7ytsu x14e42zd x13fuv20 x972fbf x1ey2m1c x9f619 x78zum5 xdt5ytf x1iyjqo2 xs83m0k xtijo5x x1o0tod x1qughib xat24cr x14z9mp x1lziwak xdj266r x2lwn1j xeuugli x18d9i69 xyri2b x1c1uobl xexx8yu x10l6tqk x13vifvy x1ja2u2z\">\n<div class=\"x1wa3icf x11dcrhx x12nagc x10l6tqk\">\n<div class=\"x2fvf9\"><\/div>\n<\/div>\n<\/div>\n<\/div>\n<\/div>\n<\/div>\n<\/div>\n<div class=\"x9f619 x1r8uery x1iyjqo2 x6ikm8r x10wlt62 x1n2onr6\">\n<div class=\"x78zum5 xdt5ytf\" data-virtualized=\"false\">\n<div class=\"x9f619 x1n2onr6 x1ja2u2z\">\n<div class=\"html-div xdj266r x14z9mp xat24cr x1lziwak xyri2b x18d9i69 x1c1uobl xqtp20y x1n2onr6 xh8yej3 x1jm3axb\">\n<div class=\"html-div x1qjc9v5 x1q0q8m5 x1qhh985 x18b5jzi x10w94by x1t7ytsu x14e42zd x13fuv20 x972fbf x1ey2m1c x9f619 x78zum5 xdt5ytf x1iyjqo2 xs83m0k xtijo5x x1o0tod x1qughib xat24cr x14z9mp x1lziwak xdj266r x2lwn1j xeuugli x18d9i69 xyri2b x1c1uobl xexx8yu x10l6tqk x13vifvy x1ja2u2z\"><a class=\"x1i10hfl xjbqb8w x1ejq31n x18oe1m7 x1sy0etr xstzfhl x972fbf x10w94by x1qhh985 x14e42zd x9f619 x1ypdohk x3ct3a4 xdj266r x14z9mp xat24cr x1lziwak xexx8yu xyri2b x18d9i69 x1c1uobl x16tdsg8 x1hl2dhg xggy1nq x1a2a7pz x1heor9g xkrqix3 x1sur9pj x1s688f x1lliihq x5yr21d x1n2onr6 xh8yej3\" href=\"https:\/\/www.facebook.com\/photo.php?fbid=932162932532670&amp;set=pb.100072169166625.-2207520000&amp;type=3\"><img decoding=\"async\" class=\"xzg4506 x16mubyn xua58t2 x14uebl7 x1obq294 x5a5i1n xde0f50 x15x8krk x9f619 x5yr21d xl1xv1r xh8yej3 alignleft\" src=\"https:\/\/scontent-ham3-1.xx.fbcdn.net\/v\/t51.82787-15\/655021553_18073204445633903_5206054606687194376_n.webp?stp=c0.119.1440.1440a_dst-jpg_s206x206_tt6&amp;_nc_cat=106&amp;ccb=1-7&amp;_nc_sid=a934a8&amp;_nc_ohc=pLoHl29XXBcQ7kNvwEHOgfI&amp;_nc_oc=AdqE5DOuZr--Z3jsnUwUGPBMoXz_XIBkKNAk2JOwHbzNBKmisHsNst3tzbKY8K0qGEu9hqNMHE3spemRom3BqS2C&amp;_nc_zt=23&amp;_nc_ht=scontent-ham3-1.xx&amp;_nc_gid=x3DZ3g7dhC3ejnQB_-RseQ&amp;_nc_ss=7a3a8&amp;oh=00_Af2C-mE0sXi1bN5DSd6VFPaN7P2r91_tpANhsNdQjE_9Kw&amp;oe=69DB77AB\" alt=\"Ist m\u00f6glicherweise ein Bild von Text \u201eFLOHMARKT SAMSTAG, 11.04.2026 13 BIS 16 UHR AWO-H\u00e4uschen, AWO- L\u00f6nsweg 16 Kleidung, Spielzeug, Haushaltswaren und Vieles mehr!\u201c\" \/><\/a><\/div>\n<\/div>\n<\/div>\n<\/div>\n<\/div>\n<div class=\"x9f619 x1r8uery x1iyjqo2 x6ikm8r x10wlt62 x1n2onr6\">\n<div class=\"x78zum5 xdt5ytf\" data-virtualized=\"false\">\n<div class=\"x9f619 x1n2onr6 x1ja2u2z\">\n<div class=\"html-div xdj266r x14z9mp xat24cr x1lziwak xyri2b x18d9i69 x1c1uobl xqtp20y x1n2onr6 xh8yej3 x1jm3axb\">\n<div class=\"html-div x1qjc9v5 x1q0q8m5 x1qhh985 x18b5jzi x10w94by x1t7ytsu x14e42zd x13fuv20 x972fbf x1ey2m1c x9f619 x78zum5 xdt5ytf x1iyjqo2 xs83m0k xtijo5x x1o0tod x1qughib xat24cr x14z9mp x1lziwak xdj266r x2lwn1j xeuugli x18d9i69 xyri2b x1c1uobl xexx8yu x10l6tqk x13vifvy x1ja2u2z\"><a class=\"x1i10hfl xjbqb8w x1ejq31n x18oe1m7 x1sy0etr xstzfhl x972fbf x10w94by x1qhh985 x14e42zd x9f619 x1ypdohk x3ct3a4 xdj266r x14z9mp xat24cr x1lziwak xexx8yu xyri2b x18d9i69 x1c1uobl x16tdsg8 x1hl2dhg xggy1nq x1a2a7pz x1heor9g xkrqix3 x1sur9pj x1s688f x1lliihq x5yr21d x1n2onr6 xh8yej3\" href=\"https:\/\/www.facebook.com\/photo.php?fbid=932162929199337&amp;set=pb.100072169166625.-2207520000&amp;type=3\"><img decoding=\"async\" class=\"xzg4506 x16mubyn xua58t2 x14uebl7 x1obq294 x5a5i1n xde0f50 x15x8krk x9f619 x5yr21d xl1xv1r xh8yej3 alignright\" src=\"https:\/\/scontent-ham3-1.xx.fbcdn.net\/v\/t51.82787-15\/654700832_18073204454633903_9121086144819275968_n.webp?stp=c0.119.1440.1440a_dst-jpg_s206x206_tt6&amp;_nc_cat=107&amp;ccb=1-7&amp;_nc_sid=a934a8&amp;_nc_ohc=BoeGvGTwQYYQ7kNvwFW95Ua&amp;_nc_oc=AdptTZOQNZ4-jHdM6jtxaFKjVlPhi0LpG8CHIwHIu3bZIcu7ogDLqHbpdMl900BYHKhFIgforCjlJF33OGozNDXj&amp;_nc_zt=23&amp;_nc_ht=scontent-ham3-1.xx&amp;_nc_gid=YFgfZZ5VHkNOKVBYKAUgZw&amp;_nc_ss=7a3a8&amp;oh=00_Af1jl-YRck2EZRBsqgMShfMKwwqU_DSgk_LXfil7_ZmBRA&amp;oe=69DB76BC\" alt=\"Ist m\u00f6glicherweise ein Bild von Text \u201eEs werden Pommes, Kuchen und Kaffee angeboten Standgeb\u00fchr: Mit Kuchenspende 5\u20ac, ohne Kuchenspende 10\u20ac \u00b7Kinder mit Verkaufsdecke zahlen keine Geb\u00fchr Standinfos und Anmeldungen unter: 0551 46706 oder ebertal@awo-goettingen.de MI Kontakt AWO G\u00f6ttingen gGmbH L\u00f6nsweg 37085 G\u00f6ttingen ebertal@awo-goettingen.de -goettingen.de AWO G\u00f6tingen GR\u00dcNE MITTE EBERTAL GIGOTTINGEN IE WISSEN SCHAFF STADT,\u201c\" \/><\/a><\/div>\n<\/div>\n<\/div>\n<\/div>\n<\/div>\n<\/div>\n<\/div>\n<\/div>\n<\/div>\n<\/div>\n<\/div>\n<\/div>\n<\/div>\n<\/div>\n<\/blockquote>\n<\/div>\n\t\t<div class=\"sharing\">\t<p class='mc-details'><a aria-label='Weiterlesen: Nachbarschaftstreff Ebertal: Flohmarkt' href='https:\/\/rt-europaallee.de\/wordpress\/my-calendar\/?mc_id=30675'>Weiterlesen<\/a><\/p>\n<\/div><\/div><!--end .details--><\/article><article id='mc_calendar_11_30687-calendar-30687' class='mc-mc_calendar_30687 calendar-event mc_info mc_location-398  past-event mc_primary_info nonrecurring mc-2-stunden mc-start-15-00 ungrouped mc-event-4626 mc-events mc-event mc_rel_info'><header>\t<h3 class='event-title summary' id='mc_30687-title-my-calendar'><button type='button' id='modal-button-mc_calendar_11_30687-calendar-details-30687' data-modal-content-id='mc_calendar_11_30687-calendar-details-30687' data-modal-prefix-class='my-calendar' data-modal-close-text='Schlie\u00dfen' data-modal-title='10.04.2026, G\u00f6VB: Demonstration in der Innenstadt' aria-controls='mc_calendar_11_30687-calendar-details-30687' class='calendar mc-modal button button-link url summary has-image'><svg style=\"fill:#000000\" focusable=\"false\" role=\"img\" aria-labelledby=\"cat_30687\" class=\"category-icon\" xmlns=\"http:\/\/www.w3.org\/2000\/svg\" viewBox=\"0 0 192 512\"><!-- Font Awesome Free 5.15.3 by @fontawesome - https:\/\/fontawesome.com License - https:\/\/fontawesome.com\/license\/free (Icons: CC BY 4.0, Fonts: SIL OFL 1.1, Code: MIT License) --><title id='cat_30687'>Kategorie: Info<\/title><path d=\"M20 424.229h20V279.771H20c-11.046 0-20-8.954-20-20V212c0-11.046 8.954-20 20-20h112c11.046 0 20 8.954 20 20v212.229h20c11.046 0 20 8.954 20 20V492c0 11.046-8.954 20-20 20H20c-11.046 0-20-8.954-20-20v-47.771c0-11.046 8.954-20 20-20zM96 0C56.235 0 24 32.235 24 72s32.235 72 72 72 72-32.235 72-72S135.764 0 96 0z\"\/><\/svg> <div>10.04.2026, G\u00f6VB: Demonstration in der Innenstadt<\/div><\/button><\/h3>\n<\/header><div id='mc_calendar_11_30687-calendar-details-30687' class='details no-image uses-modal single-details'  aria-labelledby='mc_30687-title-my-calendar'>\n\t<button type='button' aria-controls='mc_calendar_11_30687-calendar-details-30687' class='mc-toggle close'><span class='dashicons dashicons-dismiss' aria-hidden='true'><\/span><span class='screen-reader-text'>Close<\/span><\/button>\n\t\r\n\t<div class='time-block'>\r\n\t\t<span class='mc-icon' aria-hidden='true'><\/span>\r\n\t\t<p><span class=\"time-wrapper\"><span class='event-time dtstart'><time class='value-title' datetime='2026-04-11T15:00:00+02:00' title='2026-04-11T15:00:00+02:00'>15:00<\/time><\/span> <span class='time-separator'> &ndash; <\/span> <span class='end-time dtend'> <time class='value-title' datetime='2026-04-11T17:00:00+02:00' title='2026-04-11T17:00:00+02:00'>17:00<\/time><\/span><\/span><br \/><span class=\"date-wrapper\"><span class='mc-start-date dtstart' title='2026-04-11T15:00:00+02:00' content='2026-04-11T15:00:00+02:00'>11. April 2026<\/span>  <\/span><\/p>\r\n\t<\/div>\n\t\t<div class='longdesc description'><p>(Quelle: <a href=\"https:\/\/www.facebook.com\/goevb\/posts\/pfbid0277NNUw9gvoJCWvmhnqfKqKGf2EdaEJqbGfChCLjxwaZRny8GFT6pNVMzzXiAhM7fl\">https:\/\/www.facebook.com\/goevb\/posts\/pfbid0277NNUw9gvoJCWvmhnqfKqKGf2EdaEJqbGfChCLjxwaZRny8GFT6pNVMzzXiAhM7fl<\/a>)<\/p>\n<blockquote>\n<div class=\"html-div xdj266r x14z9mp xat24cr x1lziwak xexx8yu xyri2b x18d9i69 x1c1uobl\">\n<div class=\"html-div xdj266r x14z9mp x1lziwak x18d9i69 x1cy8zhl x78zum5 x1q0g3np xod5an3 xz9dl7a x1g0dm76 xpdmqnj\">\n<div class=\"html-div xdj266r x14z9mp xat24cr x1lziwak xexx8yu xyri2b x18d9i69 x1c1uobl x1iyjqo2 xeuugli\">\n<div class=\"x78zum5 xdt5ytf xz62fqu x16ldp7u\">\n<div class=\"xu06os2 x1ok221b\">\n<div class=\"html-div xdj266r x14z9mp xat24cr x1lziwak xexx8yu xyri2b x18d9i69 x1c1uobl\" data-ad-rendering-role=\"profile_name\">\n<h3 class=\"html-h3 x14z9mp xat24cr x1lziwak xexx8yu xyri2b x18d9i69 x1c1uobl x1vvkbs x1heor9g x1qlqyl8 x1pd3egz x1a2a7pz x1gslohp x1yc453h\"><span class=\"x78zum5 x1q0g3np\"><span class=\"x1lliihq x6ikm8r x10wlt62 x1n2onr6 xlyipyv xuxw1ft\"><span class=\"xt0psk2\"><span class=\"xjp7ctv\"><a class=\"x1i10hfl xjbqb8w x1ejq31n x18oe1m7 x1sy0etr xstzfhl x972fbf x10w94by x1qhh985 x14e42zd x9f619 x1ypdohk xt0psk2 x3ct3a4 xdj266r x14z9mp xat24cr x1lziwak xexx8yu xyri2b x18d9i69 x1c1uobl x16tdsg8 x1hl2dhg xggy1nq x1a2a7pz xkrqix3 x1sur9pj xzsf02u x1s688f\" href=\"https:\/\/www.facebook.com\/goevb?__cft__[0]=AZYb7psG1nUeicUYi3D4La3LuvpouiVqeCZmGPwcXOxmp4u_W_syK5KCW8DrVrGzoVRxxPxMm3g-_ASrplhSqjWWljzDF_LdVWBFp0tN_WShGHGY1VtJqQWHoqeUVsbv-2amJikEM26eOqk1mF55hzpInGsLWB_SEd-x-S3-38wIKg&amp;__tn__=-UC%2CP-R\"><b class=\"html-b xdj266r x14z9mp xat24cr x1lziwak xexx8yu xyri2b x18d9i69 x1c1uobl x1hl2dhg x16tdsg8 x1vvkbs x1s688f\"><span class=\"html-span xdj266r x14z9mp xat24cr x1lziwak xexx8yu xyri2b x18d9i69 x1c1uobl x1hl2dhg x16tdsg8 x1vvkbs\">G\u00f6VB - G\u00f6ttinger Verkehrsbetriebe<\/span><\/b><\/a><\/span><\/span><\/span><\/span><\/h3>\n<\/div>\n<\/div>\n<\/div>\n<\/div>\n<div class=\"xqcrz7y x78zum5 x1qx5ct2 x1y1aw1k xf159sx xwib8y2 xmzvs34 xw4jnvo\">\n<div><\/div>\n<\/div>\n<\/div>\n<\/div>\n<div class=\"html-div xdj266r x14z9mp xat24cr x1lziwak xexx8yu xyri2b x18d9i69 x1c1uobl\">\n<div class=\"html-div xdj266r x14z9mp xat24cr x1lziwak xexx8yu xyri2b x18d9i69 x1c1uobl\" dir=\"auto\">\n<div class=\"html-div xdj266r x14z9mp xat24cr x1lziwak xexx8yu xyri2b x18d9i69 x1c1uobl\" data-ad-rendering-role=\"story_message\">\n<div class=\"x1l90r2v x1iorvi4 x1g0dm76 xpdmqnj\" data-ad-comet-preview=\"message\" data-ad-preview=\"message\">\n<div class=\"x78zum5 xdt5ytf xz62fqu x16ldp7u\">\n<div class=\"xu06os2 x1ok221b\">\n<div class=\"html-div xdj266r x14z9mp xat24cr x1lziwak xexx8yu xyri2b x18d9i69 x1c1uobl\">\n<div class=\"xdj266r x14z9mp xat24cr x1lziwak x1vvkbs x126k92a\">\n<div dir=\"auto\"><span class=\"html-span xexx8yu xyri2b x18d9i69 x1c1uobl x1hl2dhg x16tdsg8 x1vvkbs x3nfvp2 x1j61x8r x1fcty0u xdj266r xat24cr xm2jcoa x1mpyi22 xxymvpz xlup9mm x1kky2od\"><img loading=\"lazy\" decoding=\"async\" class=\"xz74otr x15mokao x1ga7v0g x16uus16 xbiv7yw\" src=\"https:\/\/static.xx.fbcdn.net\/images\/emoji.php\/v9\/t39\/1\/16\/1f4e2.png\" alt=\"\ud83d\udce2\" width=\"16\" height=\"16\" \/><\/span>Kundgebung am 11.04.26<span class=\"html-span xexx8yu xyri2b x18d9i69 x1c1uobl x1hl2dhg x16tdsg8 x1vvkbs x3nfvp2 x1j61x8r x1fcty0u xdj266r xat24cr xm2jcoa x1mpyi22 xxymvpz xlup9mm x1kky2od\"><img loading=\"lazy\" decoding=\"async\" class=\"xz74otr x15mokao x1ga7v0g x16uus16 xbiv7yw\" src=\"https:\/\/static.xx.fbcdn.net\/images\/emoji.php\/v9\/t39\/1\/16\/1f4e2.png\" alt=\"\ud83d\udce2\" width=\"16\" height=\"16\" \/><\/span><\/div>\n<div dir=\"auto\">**********************************<\/div>\n<div dir=\"auto\">Am kommenden Samstag es zwischen ca. 15:00 Uhr und 17:00 Uhr zu kurzfristigen Einschr\u00e4nkungen in unserem Linienverkehr kommen.<\/div>\n<\/div>\n<\/div>\n<\/div>\n<\/div>\n<\/div>\n<\/div>\n<\/div>\n<div class=\"html-div xdj266r x14z9mp xat24cr x1lziwak xexx8yu xyri2b x18d9i69 x1c1uobl x1n2onr6\">\n<div class=\"html-div xdj266r x14z9mp xat24cr x1lziwak xexx8yu xyri2b x18d9i69 x1c1uobl x1n2onr6\">\n<div class=\"xmjcpbm x1n2onr6\">\n<div class=\"x78zum5 x14ju556 x6ikm8r x10wlt62 x1n2onr6\" data-ad-rendering-role=\"image\">\n<div class=\"x6s0dn4 x1jx94hy x78zum5 xdt5ytf x6ikm8r x10wlt62 x1n2onr6 xh8yej3\">\n<div>\n<div class=\"xqtp20y x6ikm8r x10wlt62 x1n2onr6\">\n<div class=\"x10l6tqk x13vifvy\"><img loading=\"lazy\" decoding=\"async\" class=\"x15mokao x1ga7v0g x16uus16 xbiv7yw x1ey2m1c x5yr21d xtijo5x x1o0tod x10l6tqk x13vifvy xh8yej3 xl1xv1r\" src=\"https:\/\/external-ham3-1.xx.fbcdn.net\/emg1\/v\/t13\/12287111602330099494?url=https%3A%2F%2Fwww.goevb.de%2Ffileadmin%2F_processed_%2Fc%2F2%2Fcsm_Demo_Menschenmenge_fda7990556.jpeg&amp;fb_obo=1&amp;utld=goevb.de&amp;stp=c0.5000x0.5000f_dst-jpg_flffffff_p500x261_q75_tt6&amp;_nc_gid=xuZ6cNLFdjpWQb0Q_sPgJA&amp;_nc_oc=AdoHnx_VP0jq3SzW6oyrh-pMaS8HlV0ZFUO3rpVRPjdKE1OV00UpcRH0Zw8Ys0EwNppUfznLtOmYiiHCacoLG-n8&amp;ccb=13-1&amp;oh=06_Q3--AevFV4Ynzu-XnM3atrPz7yfUYHqUrIIb5ZknoEEngQdl&amp;oe=69DAD18D&amp;_nc_sid=215617\" alt=\"Fortbewegung am 11.04.2026\" width=\"500\" height=\"261\" data-imgperflogname=\"feedImage\" \/><\/div>\n<\/div>\n<\/div>\n<\/div>\n<div class=\"x1nb4dca x1q0q8m5 xso031l x1exxf4d x13fuv20 x178xt8z x1ey2m1c x9f619 xtijo5x x1o0tod x47corl x10l6tqk x13vifvy\"><\/div>\n<\/div>\n<\/div>\n<div class=\"x10l6tqk xzkaem6 xxt37ne xys98vm\">\n<div class=\"x1i10hfl xjbqb8w x1ejq31n x18oe1m7 x1sy0etr xstzfhl x972fbf x10w94by x1qhh985 x14e42zd x9f619 x1ypdohk xt0psk2 x3ct3a4 xdj266r x14z9mp xat24cr x1lziwak xexx8yu xyri2b x18d9i69 x1c1uobl x16tdsg8 x1hl2dhg xggy1nq x1a2a7pz x1heor9g xkrqix3 x1sur9pj x1s688f\" role=\"button\" aria-label=\"Mehr\">\n<div class=\"x6s0dn4 x1jx94hy x1exxf4d xpv9jar x1nb4dca x1nmn18 x12l2aii x1mbk4o x14vvt0a x1w3ol1v x13fuv20 x18b5jzi x1q0q8m5 x1t7ytsu x178xt8z x1lun4ml xso031l xpilrb4 xzsf02u x78zum5 x1fgtraw xl56j7k xgd8bvy\"><\/div>\n<\/div>\n<\/div>\n<\/div>\n<div class=\"html-div xdj266r x14z9mp xat24cr x1lziwak xexx8yu xyri2b x18d9i69 x1c1uobl x6ikm8r x10wlt62\">\n<div class=\"x1n2onr6\">\n<div class=\"html-div xdj266r x14z9mp xat24cr x1lziwak xexx8yu xyri2b x18d9i69 x1c1uobl xmjcpbm x1n2onr6 x1lku1pv\">\n<div class=\"x9f619 x1ja2u2z x78zum5 x2lah0s x1n2onr6 x1qughib x6s0dn4 xozqiw3 x1q0g3np x1ws5yxj xw01apr xsag5q8 xv54qhq xf7dkkf xz9dl7a\">\n<div class=\"x9f619 x1n2onr6 x1ja2u2z x193iq5w xeuugli x1r8uery x1iyjqo2 xs83m0k x1icxu4v x25sj25\">\n<div class=\"html-div xdj266r x14z9mp x1lziwak xexx8yu xyri2b x18d9i69 x1c1uobl x1e56ztr xtvhhri\" data-ad-rendering-role=\"meta\"><span class=\"x193iq5w xeuugli x13faqbe x1vvkbs x1xmvt09 x1lliihq x1s928wv xhkezso x1gmr53x x1cpjm7i x1fgarty x1943h6x x4zkp8e x3x7a5m x1nxh6w3 x1sibtaa xo1l8bm xi81zsa\" dir=\"auto\"><span class=\"x1lliihq x6ikm8r x10wlt62 x1n2onr6 xlyipyv xuxw1ft x1j85h84\">goevb.de<\/span><\/span><\/div>\n<div class=\"html-div x14z9mp x1lziwak xyri2b x1c1uobl x4vbgl9 x1rdy4ex x6ikm8r x10wlt62 xjkvuk6 x1iorvi4\">\n<div class=\"x78zum5 xdt5ytf xz62fqu x16ldp7u\">\n<div class=\"xu06os2 x1ok221b\"><a href=\"https:\/\/www.goevb.de\/service\/news\/details\/fortbewegung-am-11042026?fbclid=IwY2xjawRFx2pleHRuA2FlbQIxMQBzcnRjBmFwcF9pZBAyMjIwMzkxNzg4MjAwODkyAAEe2dSw5v55l1HzJWYOX9lZPZuGuD07VFifgtdSBkWFYgpZGcxKU3ArUGkseqQ_aem_v1r6w9rVbVIaEuF1275LwQ\"><span class=\"x193iq5w xeuugli x13faqbe x1vvkbs x1xmvt09 x1lliihq x1s928wv xhkezso x1gmr53x x1cpjm7i x1fgarty x1943h6x xudqn12 x3x7a5m x1lkfr7t x1lbecb7 x1s688f xzsf02u x1yc453h\" dir=\"auto\"><span class=\"x1lliihq x6ikm8r x10wlt62 x1n2onr6 x1j85h84\"><span class=\"html-span xdj266r x14z9mp xat24cr x1lziwak xexx8yu xyri2b x18d9i69 x1c1uobl x1hl2dhg x16tdsg8 x1vvkbs\" data-ad-rendering-role=\"title\"><span class=\"html-span xdj266r x14z9mp xat24cr x1lziwak xexx8yu xyri2b x18d9i69 x1c1uobl x1hl2dhg x16tdsg8 x1vvkbs\" dir=\"auto\">Fortbewegung am 11.04.2026<\/span><\/span><\/span><\/span><\/a><\/div>\n<\/div>\n<\/div>\n<\/div>\n<\/div>\n<\/div>\n<\/div>\n<\/div>\n<\/div>\n<\/div>\n<\/blockquote>\n<\/div>\n\t\t<div class=\"sharing\">\t<p class='mc-details'><a aria-label='Weiterlesen: 10.04.2026, G\u00f6VB: Demonstration in der Innenstadt' href='https:\/\/rt-europaallee.de\/wordpress\/my-calendar\/?mc_id=30687'>Weiterlesen<\/a><\/p>\n<\/div><\/div><!--end .details--><\/article>\n<\/td>\n<td id='calendar-2026-04-12' class='mc-events sonntag so past-day past-date weekend  has-events author3 mcat_general mcat_auffhrungen--veranstaltungen mcat_treffen-erfahrungsaustausch day-with-date'><div class='mc-date-container'>\n\t<span class='mc-date'><span aria-hidden='true' class='mc-day-number'>12<\/span><span class='screen-reader-text mc-day-date'>12. April 2026<\/span><span class=\"event-icon\" aria-hidden=\"true\">&#9679;&#9679;<\/span><span class=\"screen-reader-text\"><span class=\"mc-list-details event-count\">(3 Veranstaltungen)<\/span><\/span><\/span><\/div><article id='mc_calendar_12_30605-calendar-30605' class='mc-mc_calendar_30605 calendar-event mc_general mc_stadtlabor-gttingen-wilhelmspl-3-37073-gttingen  on-now mc_primary_general nonrecurring mc-3-wochen mc-start-00-00 ungrouped mc-event-4583 mc-events multidate mc-event mc_rel_general'><header>\t<h3 class='event-title summary' id='mc_30605-title-my-calendar'><button type='button' id='modal-button-mc_calendar_12_30605-calendar-details-30605' data-modal-content-id='mc_calendar_12_30605-calendar-details-30605' data-modal-prefix-class='my-calendar' data-modal-close-text='Schlie\u00dfen' data-modal-title='16.03.2026, Ausstellung: Der NS-V\u00f6lkermord an den Roma in der besetzten Sowjetunion' aria-controls='mc_calendar_12_30605-calendar-details-30605' class='calendar mc-modal button button-link url summary has-image'><svg style=\"fill:#000000\" focusable=\"false\" role=\"img\" aria-labelledby=\"cat_30605\" class=\"category-icon\" xmlns=\"http:\/\/www.w3.org\/2000\/svg\" viewBox=\"0 0 448 512\"><!-- Font Awesome Free 5.15.3 by @fontawesome - https:\/\/fontawesome.com License - https:\/\/fontawesome.com\/license\/free (Icons: CC BY 4.0, Fonts: SIL OFL 1.1, Code: MIT License) --><title id='cat_30605'>Kategorie: General<\/title><path d=\"M12 192h424c6.6 0 12 5.4 12 12v260c0 26.5-21.5 48-48 48H48c-26.5 0-48-21.5-48-48V204c0-6.6 5.4-12 12-12zm436-44v-36c0-26.5-21.5-48-48-48h-48V12c0-6.6-5.4-12-12-12h-40c-6.6 0-12 5.4-12 12v52H160V12c0-6.6-5.4-12-12-12h-40c-6.6 0-12 5.4-12 12v52H48C21.5 64 0 85.5 0 112v36c0 6.6 5.4 12 12 12h424c6.6 0 12-5.4 12-12z\"\/><\/svg> <div>16.03.2026, Ausstellung: Der NS-V\u00f6lkermord an den Roma in der besetzten Sowjetunion<\/div><\/button><\/h3>\n<\/header><div id='mc_calendar_12_30605-calendar-details-30605' class='details no-image uses-modal single-details'  aria-labelledby='mc_30605-title-my-calendar'>\n\t<button type='button' aria-controls='mc_calendar_12_30605-calendar-details-30605' class='mc-toggle close'><span class='dashicons dashicons-dismiss' aria-hidden='true'><\/span><span class='screen-reader-text'>Close<\/span><\/button>\n\t\r\n\t<div class='time-block'>\r\n\t\t<span class='mc-icon' aria-hidden='true'><\/span>\r\n\t\t<p><span class=\"time-wrapper\"> <span class='event-time'><abbr title='Nicht zutreffend'>n.\u00a0a.<\/abbr><\/span>  <\/span><br \/><span class=\"date-wrapper\"><span class='mc-start-date dtstart' title='2026-04-10T00:00:00+02:00' content='2026-04-10T00:00:00+02:00'>10. April 2026<\/span> <span class='date-separator'> &ndash; <\/span> <span class=\"event-time dtend\">30. April 2026<\/span><\/span><\/p>\r\n\t<\/div>\n\t\t<div class='longdesc description'><p>Siehe:\u00a0<a href=\"https:\/\/rt-europaallee.de\/wordpress\/2026\/03\/stadt-goettingen-internationale-wochen-gegen-rassismus-veranstaltungen-in-der-stadt-goettingen\/\">https:\/\/rt-europaallee.de\/wordpress\/2026\/03\/stadt-goettingen-internationale-wochen-gegen-rassismus-veranstaltungen-in-der-stadt-goettingen\/<\/a><\/p>\n<p><img decoding=\"async\" class=\"emoji\" role=\"img\" src=\"https:\/\/s.w.org\/images\/core\/emoji\/17.0.2\/svg\/27a1.svg\" alt=\"\u27a1\ufe0f\" \/><\/p>\n<blockquote><p>(Quelle:\u00a0<a href=\"https:\/\/www.goettingen.de\/portal\/meldungen\/internationale-wochen-gegen-rassismus-veranstaltungen-in-der-stadt-goettingen-900004830-25480.html?utm_source=copilot.com\">https:\/\/www.goettingen.de\/portal\/meldungen\/internationale-wochen-gegen-rassismus-veranstaltungen-in-der-stadt-goettingen-900004830-25480.html?utm_source=copilot.com<\/a>)<\/p>\n<blockquote>\n<div class=\"fusstext fusstext_oben\">\n<p><span class=\"create\">06.03.2026<\/span><span class=\"modified\">\u00a0| ge\u00e4ndert am 12.03.2026<\/span><\/p>\n<div><\/div>\n<\/div>\n<h3 class=\"kontrast-bild\">Internationale Wochen gegen Rassismus \u2013 Veranstaltungen in der Stadt G\u00f6ttingen<\/h3>\n<div id=\"nolis_content_site\" class=\"nolis_content_site\">\n<p class=\"anreisser_detail\"><strong>Zum 31. Mal finden die bundesweiten Internationalen Wochen gegen Rassismus von Montag bis Sonntag, 16. bis 29. M\u00e4rz 2026, statt. Das diesj\u00e4hrige Motto lautet \u201e100 Prozent Menschenw\u00fcrde. Zusammen gegen Rassismus und Rechtsextremismus\u201c. Der diesj\u00e4hrige Botschafter der Aktionswochen ist Prof. Dr. Matthias Quent. Hier gibt es einen \u00dcberblick \u00fcber die Veranstaltungen in der Stadt G\u00f6ttingen.<\/strong><\/p>\n<h3>...<\/h3>\n<p>Freitag, 10. April bis Donnerstag, 30. April 2026<br \/>\n<strong>Der NS-V\u00f6lkermord an den Roma in der besetzten Sowjetunion<\/strong><br \/>\n<strong>Ausstellung im Stadtlabor<\/strong><\/p>\n<p>Ort: Stadtlabor, Wilhelmsplatz 3, 37073 G\u00f6ttingen<br \/>\nVeranstalter*in: Roma Center e. V.<br \/>\nEintritt: frei<br \/>\nAnmeldung: nicht erforderlich.\u00a0<a class=\"link_katalog nolis-link-extern\" href=\"https:\/\/roma-center.de\/\" target=\"_blank\">Die \u00d6ffnungszeiten der Ausstellung sind hier aufgef\u00fchrt<\/a>.<\/p>\n<p>Am Freitag, 10. April 2026 um 18.00 Uhr er\u00f6ffnen Roma Center und Bildungswerk f\u00fcr Erinnerungsarbeit und Frieden die Ausstellung \u201eGenozid an Roma auf dem Gebiet der besetzten Sowjetunion 1941\u20131944\u201c im Stadtlabor. Grundlage sind 200 Interviews mit \u00dcberlebenden und ihren Kindern aus der Ukraine, Belarus, Russland, Rum\u00e4nien und Moldau. Sie erz\u00e4hlen von Verfolgung und Widerstand der Roma nach dem \u00dcberfall auf die Sowjetunion.<\/p>\n<h3>...<\/h3>\n<\/div>\n<\/blockquote>\n<\/blockquote>\n<blockquote>\n<h3><\/h3>\n<\/blockquote>\n<\/div>\n\t\t<div class=\"mc-location\"><div class=\"address location vcard\"><div class='map'><a href='https:\/\/www.google.com\/maps\/place\/Stadtlabor+G%C3%B6ttingen\/@51.5334069,9.9374107,20.79z\/data=!3m1!5s0x47a4d495880e01c3:0x2da49c3266d39a0d!4m15!1m8!3m7!1s0x47a4d49588f818f7:0x3eeeb28ecd9fdbb0!2sWilhelmspl.+3,+37073+G%C3%B6ttingen!3b1!8m2!3d51.5334334!4d9.9374974!16s%2Fg%2F11cscfk8zz!3m5!1s0x47a4d5950eff9b5b:0xc068ed179b6e3c99!8m2!3d51.5335141!4d9.9376129!16s%2Fg%2F11v3znlf2z?entry=ttu' class='url external'><span class='mc-icon' aria-hidden='true'><\/span>Karte<span class='screen-reader-text fn'> Stadtlabor G\u00f6ttingen, Wilhelmspl. 3, 37073 G\u00f6ttingen<\/span><\/a><\/div><\/div><\/div>\n\t\t<div class=\"sharing\">\t<p class='mc-details'><a aria-label='Weiterlesen: 16.03.2026, Ausstellung: Der NS-V\u00f6lkermord an den Roma in der besetzten Sowjetunion' href='https:\/\/rt-europaallee.de\/wordpress\/my-calendar\/?mc_id=30605'>Weiterlesen<\/a><\/p>\n<\/div><\/div><!--end .details--><\/article><article id='mc_calendar_12_30691-calendar-30691' class='mc-mc_calendar_30691 calendar-event mc_auffhrungen--veranstaltungen mc_lumire-mlis-kino-geismar-landstrae-19-37083-gttingen  past-event mc_primary_auffuehrungen-veranstaltungen nonrecurring mc-1-stunde mc-start-11-00 ungrouped mc-event-4630 mc-events mc-event mc_rel_auffhrungenveranstaltungen'><header>\t<h3 class='event-title summary' id='mc_30691-title-my-calendar'><button type='button' id='modal-button-mc_calendar_12_30691-calendar-details-30691' data-modal-content-id='mc_calendar_12_30691-calendar-details-30691' data-modal-prefix-class='my-calendar' data-modal-close-text='Schlie\u00dfen' data-modal-title='10.04.2026, B\u00fcffelfutter - Tipps f\u00fcr Kids in G\u00f6ttingen: &gt;Die Lauscher&lt; Theaterreise durch die Welt der T\u00f6ne' aria-controls='mc_calendar_12_30691-calendar-details-30691' class='calendar mc-modal button button-link url summary has-image'><svg style=\"fill:#000000\" focusable=\"false\" role=\"img\" aria-labelledby=\"cat_30691\" class=\"category-icon\" xmlns=\"http:\/\/www.w3.org\/2000\/svg\" viewBox=\"0 0 512 512\"><!-- Font Awesome Free 5.15.3 by @fontawesome - https:\/\/fontawesome.com License - https:\/\/fontawesome.com\/license\/free (Icons: CC BY 4.0, Fonts: SIL OFL 1.1, Code: MIT License) --><title id='cat_30691'>Kategorie: Auff\u00fchrungen + Veranstaltungen<\/title><path d=\"M502.63 39L473 9.37a32 32 0 0 0-45.26 0L381.46 55.7a35.14 35.14 0 0 0-8.53 13.79L360.77 106l-76.26 76.26c-12.16-8.76-25.5-15.74-40.1-19.14-33.45-7.78-67-.88-89.88 22a82.45 82.45 0 0 0-20.24 33.47c-6 18.56-23.21 32.69-42.15 34.46-23.7 2.27-45.73 11.45-62.61 28.44C-16.11 327-7.9 409 47.58 464.45S185 528 230.56 482.52c17-16.88 26.16-38.9 28.45-62.71 1.76-18.85 15.89-36.13 34.43-42.14a82.6 82.6 0 0 0 33.48-20.25c22.87-22.88 29.74-56.36 22-89.75-3.39-14.64-10.37-28-19.16-40.2L406 151.23l36.48-12.16a35.14 35.14 0 0 0 13.79-8.53l46.33-46.32a32 32 0 0 0 .03-45.22zM208 352a48 48 0 1 1 48-48 48 48 0 0 1-48 48z\"\/><\/svg> <div>10.04.2026, B\u00fcffelfutter - Tipps f\u00fcr Kids in G\u00f6ttingen: &gt;Die Lauscher&lt; Theaterreise durch die Welt der T\u00f6ne<\/div><\/button><\/h3>\n<\/header><div id='mc_calendar_12_30691-calendar-details-30691' class='details no-image uses-modal single-details'  aria-labelledby='mc_30691-title-my-calendar'>\n\t<button type='button' aria-controls='mc_calendar_12_30691-calendar-details-30691' class='mc-toggle close'><span class='dashicons dashicons-dismiss' aria-hidden='true'><\/span><span class='screen-reader-text'>Close<\/span><\/button>\n\t\r\n\t<div class='time-block'>\r\n\t\t<span class='mc-icon' aria-hidden='true'><\/span>\r\n\t\t<p><span class=\"time-wrapper\"><span class='event-time dtstart'><time class='value-title' datetime='2026-04-12T11:00:00+02:00' title='2026-04-12T11:00:00+02:00'>11:00<\/time><\/span> <span class='time-separator'> &ndash; <\/span> <span class='end-time dtend'> <time class='value-title' datetime='2026-04-12T12:00:00+02:00' title='2026-04-12T12:00:00+02:00'>12:00<\/time><\/span><\/span><br \/><span class=\"date-wrapper\"><span class='mc-start-date dtstart' title='2026-04-12T11:00:00+02:00' content='2026-04-12T11:00:00+02:00'>12. April 2026<\/span>  <\/span><\/p>\r\n\t<\/div>\n\t\t<div class='longdesc description'><p>(Quelle: <a href=\"https:\/\/www.facebook.com\/bueffelfuttertippsfuerkidsingoettingen\/posts\/pfbid0qJsuRP47tdPoizL3bfFx1jVUeW2WHBRJWw13PXZ6MGfVot6e5RR72Fq1vxLWgqyol\">https:\/\/www.facebook.com\/bueffelfuttertippsfuerkidsingoettingen\/posts\/pfbid0qJsuRP47tdPoizL3bfFx1jVUeW2WHBRJWw13PXZ6MGfVot6e5RR72Fq1vxLWgqyol<\/a>)<\/p>\n<blockquote>\n<div class=\"html-div xdj266r x14z9mp xat24cr x1lziwak xexx8yu xyri2b x18d9i69 x1c1uobl\">\n<div class=\"html-div xdj266r x14z9mp x1lziwak x18d9i69 x1cy8zhl x78zum5 x1q0g3np xod5an3 xz9dl7a x1g0dm76 xpdmqnj\">\n<div class=\"html-div xdj266r x14z9mp xat24cr x1lziwak xexx8yu xyri2b x18d9i69 x1c1uobl x1iyjqo2 xeuugli\">\n<div class=\"x78zum5 xdt5ytf xz62fqu x16ldp7u\">\n<div class=\"xu06os2 x1ok221b\">\n<div class=\"html-div xdj266r x14z9mp xat24cr x1lziwak xexx8yu xyri2b x18d9i69 x1c1uobl\" data-ad-rendering-role=\"profile_name\">\n<h3 class=\"html-h3 x14z9mp xat24cr x1lziwak xexx8yu xyri2b x18d9i69 x1c1uobl x1vvkbs x1heor9g x1qlqyl8 x1pd3egz x1a2a7pz x1gslohp x1yc453h\"><span class=\"x78zum5 x1q0g3np\"><span class=\"x1lliihq x6ikm8r x10wlt62 x1n2onr6 xlyipyv xuxw1ft\"><span class=\"xt0psk2\"><span class=\"xjp7ctv\"><a class=\"x1i10hfl xjbqb8w x1ejq31n x18oe1m7 x1sy0etr xstzfhl x972fbf x10w94by x1qhh985 x14e42zd x9f619 x1ypdohk xt0psk2 x3ct3a4 xdj266r x14z9mp xat24cr x1lziwak xexx8yu xyri2b x18d9i69 x1c1uobl x16tdsg8 x1hl2dhg xggy1nq x1a2a7pz xkrqix3 x1sur9pj xzsf02u x1s688f\" href=\"https:\/\/www.facebook.com\/bueffelfuttertippsfuerkidsingoettingen?__cft__[0]=AZac6SPTVOB0Wi5PpPNxxsFfY-sLvFZkZ4cGHS6-D1ac_UtGgfBsO44mpn7rzG55Lbui92YVXH99erQtiSfh9ExH2JqcVeQ89DW5GuAAWuHgCszg0e2AQFNu4pPSVSGfF_5oy0DlmQHhXu0IkMXUP1dm8VRlFGU55JvrAnBuf5vv2A&amp;__tn__=-UC%2CP-R\"><b class=\"html-b xdj266r x14z9mp xat24cr x1lziwak xexx8yu xyri2b x18d9i69 x1c1uobl x1hl2dhg x16tdsg8 x1vvkbs x1s688f\"><span class=\"html-span xdj266r x14z9mp xat24cr x1lziwak xexx8yu xyri2b x18d9i69 x1c1uobl x1hl2dhg x16tdsg8 x1vvkbs\">B\u00fcffelfutter - Tipps f\u00fcr Kids in G\u00f6ttingen<\/span><\/b><\/a><\/span><\/span><\/span><\/span><\/h3>\n<\/div>\n<\/div>\n<\/div>\n<\/div>\n<\/div>\n<\/div>\n<div class=\"html-div xdj266r x14z9mp xat24cr x1lziwak xexx8yu xyri2b x18d9i69 x1c1uobl\">\n<div class=\"html-div xdj266r x14z9mp xat24cr x1lziwak xexx8yu xyri2b x18d9i69 x1c1uobl\" dir=\"auto\">\n<div class=\"html-div xdj266r x14z9mp xat24cr x1lziwak xexx8yu xyri2b x18d9i69 x1c1uobl\" data-ad-rendering-role=\"story_message\">\n<div class=\"x1l90r2v x1iorvi4 x1g0dm76 xpdmqnj\" data-ad-comet-preview=\"message\" data-ad-preview=\"message\">\n<div class=\"x78zum5 xdt5ytf xz62fqu x16ldp7u\">\n<div class=\"xu06os2 x1ok221b\">\n<div class=\"html-div xdj266r x14z9mp xat24cr x1lziwak xexx8yu xyri2b x18d9i69 x1c1uobl\">\n<div class=\"xdj266r x14z9mp xat24cr x1lziwak x1vvkbs x126k92a\">\n<div dir=\"auto\">Theater des Monats<\/div>\n<div dir=\"auto\">Action am Sonntag-Vormittag!<\/div>\n<\/div>\n<div class=\"x14z9mp xat24cr x1lziwak x1vvkbs xtlvy1s x126k92a\">\n<div dir=\"auto\">Dieses Mal entf\u00fchrt Euch keine Geschichte\u2026<\/div>\n<div dir=\"auto\">Dieses Mal gibt es mit &gt;Die Lauscher&lt; was auf die Ohren, mit einer \u201eH\u00f6r-Show\u201c rund um T\u00f6ne, Kl\u00e4nge und Ger\u00e4usche!<\/div>\n<\/div>\n<div class=\"x14z9mp xat24cr x1lziwak x1vvkbs xtlvy1s x126k92a\">\n<div dir=\"auto\">Theater trifft Musik und Humor... <span class=\"html-span xexx8yu xyri2b x18d9i69 x1c1uobl x1hl2dhg x16tdsg8 x1vvkbs x3nfvp2 x1j61x8r x1fcty0u xdj266r xat24cr xm2jcoa x1mpyi22 xxymvpz xlup9mm x1kky2od\"><img loading=\"lazy\" decoding=\"async\" class=\"xz74otr x15mokao x1ga7v0g x16uus16 xbiv7yw\" src=\"https:\/\/static.xx.fbcdn.net\/images\/emoji.php\/v9\/t4c\/1\/16\/1f642.png\" alt=\"\ud83d\ude42\" width=\"16\" height=\"16\" \/><\/span><\/div>\n<\/div>\n<div class=\"x14z9mp xat24cr x1lziwak x1vvkbs xtlvy1s x126k92a\">\n<div dir=\"auto\">&gt; Sonntag, 12.04.26, 11.00 Uhr<\/div>\n<div dir=\"auto\">(4 - 10 Jahre; Kino Lumi\u00e8re)<\/div>\n<\/div>\n<div class=\"x14z9mp xat24cr x1lziwak x1vvkbs xtlvy1s x126k92a\">\n<div dir=\"auto\">Wer still sitzt, ist selber Schuld. <span class=\"html-span xexx8yu xyri2b x18d9i69 x1c1uobl x1hl2dhg x16tdsg8 x1vvkbs x3nfvp2 x1j61x8r x1fcty0u xdj266r xat24cr xm2jcoa x1mpyi22 xxymvpz xlup9mm x1kky2od\"><img loading=\"lazy\" decoding=\"async\" class=\"xz74otr x15mokao x1ga7v0g x16uus16 xbiv7yw\" src=\"https:\/\/static.xx.fbcdn.net\/images\/emoji.php\/v9\/t57\/1\/16\/1f609.png\" alt=\"\ud83d\ude09\" width=\"16\" height=\"16\" \/><\/span><\/div>\n<\/div>\n<div class=\"x14z9mp xat24cr x1lziwak x1vvkbs xtlvy1s x126k92a\">\n<div dir=\"auto\">Alle Infos hier:<\/div>\n<div dir=\"auto\"><span class=\"html-span xdj266r x14z9mp xat24cr x1lziwak xexx8yu xyri2b x18d9i69 x1c1uobl x1hl2dhg x16tdsg8 x1vvkbs\"><a class=\"x1i10hfl xjbqb8w x1ejq31n x18oe1m7 x1sy0etr xstzfhl x972fbf x10w94by x1qhh985 x14e42zd x9f619 x1ypdohk xt0psk2 x3ct3a4 xdj266r x14z9mp xat24cr x1lziwak xexx8yu xyri2b x18d9i69 x1c1uobl x16tdsg8 x1hl2dhg xggy1nq x1a2a7pz xkrqix3 x1sur9pj x1fey0fg x1s688f\" href=\"https:\/\/l.facebook.com\/l.php?u=https%3A%2F%2Fwww.domino-theater.de%2F%3Ffbclid%3DIwZXh0bgNhZW0CMTAAc3J0YwZhcHBfaWQQMjIyMDM5MTc4ODIwMDg5MgABHnU3iPlvVQidZOeStoHeSZWRrIZ_-fnCKbc5dYWOxh1CyXKEErpNHWKoJYPI_aem_z7ZUwWc_ulnqv9k8S1HEvg&amp;h=AT4XsGZoTiEMP-Qaux6CAYtustjTmDBPp5j5lvm6s4vXFwvOnpV-1J3wuh6-205LCAgBfpsjEOPLQCxj3I57C0o-vwA72Sh8Bsq22hvOKbgd_gsgEKg7q1HvUnAdHGtkwx78fQF6gKgrHCzF9_97pmK6cXMRBNag&amp;__tn__=-UK-R&amp;c[0]=AT4qImTjgkSBo-wu1qMmnT4Dh01S_R9IN0zEUVDDnQhwhsPNC2F13QVN_jwAtdbyPa3JlmpvUzDK-psEcXZBwEiD4FWPZezz1UWygkF40WIMBPGTCu1jq18wWyQE2RXj4WwjuCxNxnNMQIF_3T-McunWYLOz3Bve1uYyDByjZhvYm7OekUEkNfHvzlHTjxk\" target=\"_blank\">https:\/\/www.domino-theater.de\/<\/a><\/span><\/div>\n<\/div>\n<div class=\"x14z9mp xat24cr x1lziwak x1vvkbs xtlvy1s x126k92a\">\n<div dir=\"auto\">Viel Spa\u00df im Lumi\u00e8re!!! <span class=\"html-span xexx8yu xyri2b x18d9i69 x1c1uobl x1hl2dhg x16tdsg8 x1vvkbs x3nfvp2 x1j61x8r x1fcty0u xdj266r xat24cr xm2jcoa x1mpyi22 xxymvpz xlup9mm x1kky2od\"><img loading=\"lazy\" decoding=\"async\" class=\"xz74otr x15mokao x1ga7v0g x16uus16 xbiv7yw\" src=\"https:\/\/static.xx.fbcdn.net\/images\/emoji.php\/v9\/t4c\/1\/16\/1f642.png\" alt=\"\ud83d\ude42\" width=\"16\" height=\"16\" \/><\/span><\/div>\n<div dir=\"auto\"><\/div>\n<\/div>\n<div dir=\"auto\"><img decoding=\"async\" class=\"x15mokao x1ga7v0g x16uus16 xbiv7yw x1bwycvy x193iq5w x4fas0m x19kjcj4\" src=\"https:\/\/scontent-ham3-1.xx.fbcdn.net\/v\/t39.30808-6\/667445824_1475061494407031_1800811645372652828_n.jpg?_nc_cat=110&amp;ccb=1-7&amp;_nc_sid=13d280&amp;_nc_ohc=h1fPvNNr_G4Q7kNvwEqoYvy&amp;_nc_oc=AdoN0qFL4qJh_DvPVE5T94X0Goy4H75fVQWnhLd81aD9iI6ChZoZ-A0ap4XulvtuClDQWe0Y7MRVhbo9T5fv77l9&amp;_nc_zt=23&amp;_nc_ht=scontent-ham3-1.xx&amp;_nc_gid=vXQAsg0wym2q9gbXJ-QchQ&amp;_nc_ss=7a3a8&amp;oh=00_Af1uNkTgZ0kgph_qk56K5D1XxR8DtabpMyFQIy5A_P2i2A&amp;oe=69DEDBE6\" alt=\"Ist m\u00f6glicherweise ein Bild von Klarinette, Akkordeon, Harfe, Gitarre, Violine und Text \u201ein So 12.04.2026 11 Uhr, Kinotheater Lumi\u00e8re, Geismarlandstr. 19 &quot;Die Lauscher&quot; Theater RAM, Hildesheim, f\u00fcr 4-10 Jahre Ein besonderes Gastspiel, auf das wir uns alle freuen: \u201eDie Lauscher&quot;- eine Theaterreise Welt der T\u00f6ne, Kl\u00e4nge und Ger\u00e4usche, eine H\u00f6r-Show rund um einen so wichtigen und doch so oft vernachl\u00e4ssigten menschlichen Sinn. \u00dcberall klingt und swingt und singt es, dass einem die Ohren auf- und \u00fcbergehen. Ein Ohrenschmaus f\u00fcr Klein und Gro\u00df, der mit viel Humor die Lauscher der G\u00e4ste liebevoll justiert. 45 Minuten Spiel und Musik und dazu noch 15 Minuten Einf\u00fchrung ins Ger\u00e4uschemachen f\u00fcr die Zuschauer:innen.\u201c\" data-visualcompletion=\"media-vc-image\" \/><\/div>\n<div dir=\"auto\">( <a href=\"https:\/\/www.facebook.com\/photo\/?fbid=1475061487740365&amp;set=a.575005924412597\">https:\/\/www.facebook.com\/photo\/?fbid=1475061487740365&amp;set=a.575005924412597<\/a>)<\/div>\n<\/div>\n<\/div>\n<\/div>\n<\/div>\n<\/div>\n<\/div>\n<\/div>\n<\/blockquote>\n<\/div>\n\t\t<div class=\"mc-location\"><div class=\"address location vcard\"><div class='map'><a href='https:\/\/www.google.de\/maps\/dir\/Lumi%C3%A8re,+Geismar+Landstra%C3%9Fe,+G%C3%B6ttingen\/@51.5276717,9.874074,12z\/data=!4m8!4m7!1m5!1m1!1s0x47a4d490c2e23929:0x8c3f203939539613!2m2!1d9.9439328!2d51.5276706!1m0' class='url external'><span class='mc-icon' aria-hidden='true'><\/span>Karte<span class='screen-reader-text fn'> Lumi\u00e8re-M\u00e9li\u00e8s (Kino), Geismar Landstra\u00dfe 19, 37083 G\u00f6ttingen<\/span><\/a><\/div><\/div><\/div>\n\t\t<div class=\"sharing\">\t<p class='mc-details'><a aria-label='Weiterlesen: 10.04.2026, B\u00fcffelfutter - Tipps f\u00fcr Kids in G\u00f6ttingen: &gt;Die Lauscher&lt; Theaterreise durch die Welt der T\u00f6ne' href='https:\/\/rt-europaallee.de\/wordpress\/my-calendar\/?mc_id=30691'>Weiterlesen<\/a><\/p>\n<\/div><\/div><!--end .details--><\/article><article id='mc_calendar_12_30518-calendar-30518' class='mc-mc_calendar_30518 calendar-event mc_treffen-erfahrungsaustausch mc_nachbarschaftszentrum-holtenser-berg-londonstrae-11a-37079-gttingen  past-event mc_primary_treffen-erfahrungsaustausch recurring mc-3-stunden mc-start-15-00 ungrouped mc-event-4557 mc-events mc-event mc_rel_treffenerfahrungsaustausch'><header>\t<h3 class='event-title summary' id='mc_30518-title-my-calendar'><button type='button' id='modal-button-mc_calendar_12_30518-calendar-details-30518' data-modal-content-id='mc_calendar_12_30518-calendar-details-30518' data-modal-prefix-class='my-calendar' data-modal-close-text='Schlie\u00dfen' data-modal-title='04.03.2026, NBZ Holtenser Berg: Begegnungscaf\u00e9' aria-controls='mc_calendar_12_30518-calendar-details-30518' class='calendar mc-modal button button-link url summary has-image'><svg style=\"fill:#000000\" focusable=\"false\" role=\"img\" aria-labelledby=\"cat_30518\" class=\"category-icon\" xmlns=\"http:\/\/www.w3.org\/2000\/svg\" viewBox=\"0 0 640 512\"><!-- Font Awesome Free 5.15.3 by @fontawesome - https:\/\/fontawesome.com License - https:\/\/fontawesome.com\/license\/free (Icons: CC BY 4.0, Fonts: SIL OFL 1.1, Code: MIT License) --><title id='cat_30518'>Kategorie: Treffen\/ Erfahrungsaustausch<\/title><path d=\"M434.7 64h-85.9c-8 0-15.7 3-21.6 8.4l-98.3 90c-.1.1-.2.3-.3.4-16.6 15.6-16.3 40.5-2.1 56 12.7 13.9 39.4 17.6 56.1 2.7.1-.1.3-.1.4-.2l79.9-73.2c6.5-5.9 16.7-5.5 22.6 1 6 6.5 5.5 16.6-1 22.6l-26.1 23.9L504 313.8c2.9 2.4 5.5 5 7.9 7.7V128l-54.6-54.6c-5.9-6-14.1-9.4-22.6-9.4zM544 128.2v223.9c0 17.7 14.3 32 32 32h64V128.2h-96zm48 223.9c-8.8 0-16-7.2-16-16s7.2-16 16-16 16 7.2 16 16-7.2 16-16 16zM0 384h64c17.7 0 32-14.3 32-32V128.2H0V384zm48-63.9c8.8 0 16 7.2 16 16s-7.2 16-16 16-16-7.2-16-16c0-8.9 7.2-16 16-16zm435.9 18.6L334.6 217.5l-30 27.5c-29.7 27.1-75.2 24.5-101.7-4.4-26.9-29.4-24.8-74.9 4.4-101.7L289.1 64h-83.8c-8.5 0-16.6 3.4-22.6 9.4L128 128v223.9h18.3l90.5 81.9c27.4 22.3 67.7 18.1 90-9.3l.2-.2 17.9 15.5c15.9 13 39.4 10.5 52.3-5.4l31.4-38.6 5.4 4.4c13.7 11.1 33.9 9.1 45-4.7l9.5-11.7c11.2-13.8 9.1-33.9-4.6-45.1z\"\/><\/svg> <div>04.03.2026, NBZ Holtenser Berg: Begegnungscaf\u00e9<\/div><\/button><\/h3>\n<\/header><div id='mc_calendar_12_30518-calendar-details-30518' class='details no-image uses-modal single-details'  aria-labelledby='mc_30518-title-my-calendar'>\n\t<button type='button' aria-controls='mc_calendar_12_30518-calendar-details-30518' class='mc-toggle close'><span class='dashicons dashicons-dismiss' aria-hidden='true'><\/span><span class='screen-reader-text'>Close<\/span><\/button>\n\t\r\n\t<div class='time-block'>\r\n\t\t<span class='mc-icon' aria-hidden='true'><\/span>\r\n\t\t<p><span class=\"time-wrapper\"><span class='event-time dtstart'><time class='value-title' datetime='2026-04-12T15:00:00+02:00' title='2026-04-12T15:00:00+02:00'>15:00<\/time><\/span> <span class='time-separator'> &ndash; <\/span> <span class='end-time dtend'> <time class='value-title' datetime='2026-04-12T18:00:00+02:00' title='2026-04-12T18:00:00+02:00'>18:00<\/time><\/span><\/span><br \/><span class=\"date-wrapper\"><span class='mc-start-date dtstart' title='2026-04-12T15:00:00+02:00' content='2026-04-12T15:00:00+02:00'>12. April 2026<\/span>  <\/span><\/p>\r\n\t<\/div>\n\t\t<div class='longdesc description'><p>(Quelle: <a href=\"https:\/\/www.facebook.com\/NBZHoBerg\/posts\/pfbid026k3zWtdhkykp6xuAZRcPBU28JSjPBqVDpzndQjcF7Z3cVUHt4p6LGdANKCkW4GHgl\">https:\/\/www.facebook.com\/NBZHoBerg\/posts\/pfbid026k3zWtdhkykp6xuAZRcPBU28JSjPBqVDpzndQjcF7Z3cVUHt4p6LGdANKCkW4GHgl<\/a>)<\/p>\n<blockquote>\n<h3 class=\"html-h3 x14z9mp xat24cr x1lziwak xexx8yu xyri2b x18d9i69 x1c1uobl x1vvkbs x1heor9g x1qlqyl8 x1pd3egz x1a2a7pz x1gslohp x1yc453h\"><span class=\"x78zum5 x1q0g3np\"><span class=\"x1lliihq x6ikm8r x10wlt62 x1n2onr6 xlyipyv xuxw1ft\"><span class=\"xt0psk2\"><span class=\"xjp7ctv\"><a class=\"x1i10hfl xjbqb8w x1ejq31n x18oe1m7 x1sy0etr xstzfhl x972fbf x10w94by x1qhh985 x14e42zd x9f619 x1ypdohk xt0psk2 x3ct3a4 xdj266r x14z9mp xat24cr x1lziwak xexx8yu xyri2b x18d9i69 x1c1uobl x16tdsg8 x1hl2dhg xggy1nq x1a2a7pz xkrqix3 x1sur9pj xzsf02u x1s688f\" href=\"https:\/\/www.facebook.com\/NBZHoBerg?__cft__[0]=AZYc5mliYls5S-wu0eTMBcikHAMxCYe72QSWQnsCc3-cr70RXxftnb3F-Q9v3iSjnFk_ieb3xaSu4XWnTELbsIGzttcGwH1Vq3-5PKmJE45ajY-bWRvD6i4a6EiAwzTOVFwcpyKLauz1Zl17fbD_XIBHZ6cn157P-Apmp0NfxBdWCg&amp;__tn__=-UC%2CP-R\"><b class=\"html-b xdj266r x14z9mp xat24cr x1lziwak xexx8yu xyri2b x18d9i69 x1c1uobl x1hl2dhg x16tdsg8 x1vvkbs x1s688f\"><span class=\"html-span xdj266r x14z9mp xat24cr x1lziwak xexx8yu xyri2b x18d9i69 x1c1uobl x1hl2dhg x16tdsg8 x1vvkbs\">Nachbarschaftszentrum Holtenser Berg<\/span><\/b><\/a><\/span><\/span><\/span><\/span><\/h3>\n<p>&nbsp;<\/p>\n<p><img decoding=\"async\" class=\"x15mokao x1ga7v0g x16uus16 xbiv7yw x1bwycvy x193iq5w x4fas0m x19kjcj4\" src=\"https:\/\/scontent-ham3-1.xx.fbcdn.net\/v\/t39.30808-6\/646121304_1222948606693247_3631839751392308194_n.jpg?_nc_cat=103&amp;ccb=1-7&amp;_nc_sid=13d280&amp;_nc_ohc=1UbzMJX0QloQ7kNvwEG6r9t&amp;_nc_oc=Adl0gABmycvRZxFR9bNodc8hQWKOK8YLjvRGKMeCNdHKcQkvLv9EUo_nPXcZZjU04D8aEU1DZc7jCUMrcA0ZdtYW&amp;_nc_zt=23&amp;_nc_ht=scontent-ham3-1.xx&amp;_nc_gid=4LQt1u948nJzNUxr_CDXYg&amp;_nc_ss=8&amp;oh=00_AfwTx9BkGjxysQ3QVBe0Mt7nZ-MqHdwWJ6If72XUPNWOiQ&amp;oe=69AD6A78\" alt=\"Ist m\u00f6glicherweise ein Bild von Torte, Tofu und Text \u201eNachbarschaftszentrum Holtenser Berg Begegnungscaf\u00e9 Jeden 2. Und 4. Sonntag im Monat von 15:00- 17:00 Uhr Wir laden Sie ein in unser Begegnungscaf\u00e9 am 08.03.26 von 15-17 17 Uhr Zum Start der Weltreise einmal um die Welt. Mit vielen neuen Kuchen und Kaffee aus aller Welt gemeinsam mit uns. Wir starten mit einem Tompouce Kuchen. Wir freuen uns auf Euch! Nachbarschaftszentrum Holtenser Berg, Londonstra\u00dfe 11a\u201c\" data-visualcompletion=\"media-vc-image\" \/><\/p>\n<p>(<a href=\"https:\/\/www.facebook.com\/photo\/?fbid=1222948603359914&amp;set=a.485448943776554\">https:\/\/www.facebook.com\/photo\/?fbid=1222948603359914&amp;set=a.485448943776554<\/a> )<\/p><\/blockquote>\n<\/div>\n\t\t<div class=\"mc-location\"><div class=\"address location vcard\"><div class='map'><a href='https:\/\/maps.google.com\/maps?z=16&amp;daddr=Londonstra\u00dfe+11a++G\u00f6ttingen++37079+' class='url external'><span class='mc-icon' aria-hidden='true'><\/span>Karte<span class='screen-reader-text fn'> Nachbarschaftszentrum Holtenser Berg Londonstra\u00dfe 11a, 37079 G\u00f6ttingen<\/span><\/a><\/div><\/div><\/div>\n\t\t<div class=\"sharing\">\t<p class='mc-details'><a aria-label='Weiterlesen: 04.03.2026, NBZ Holtenser Berg: Begegnungscaf\u00e9' href='https:\/\/rt-europaallee.de\/wordpress\/my-calendar\/?mc_id=30518'>Weiterlesen<\/a><\/p>\n<\/div><\/div><!--end .details--><\/article>\n<\/td>\n<\/tr>\n<!-- End Event Row -->\n<tr class='mc-row'><td id='calendar-2026-04-13' class='mc-events montag mo past-day past-date   has-events author3 mcat_general day-with-date'><div class='mc-date-container'>\n\t<span class='mc-date'><span aria-hidden='true' class='mc-day-number'>13<\/span><span class='screen-reader-text mc-day-date'>13. April 2026<\/span><span class=\"event-icon\" aria-hidden=\"true\">&#9679;&#9679;<\/span><span class=\"screen-reader-text\"><span class=\"mc-list-details event-count\">(2 Veranstaltungen)<\/span><\/span><\/span><\/div><article id='mc_calendar_13_30605-calendar-30605' class='mc-mc_calendar_30605 calendar-event mc_general mc_stadtlabor-gttingen-wilhelmspl-3-37073-gttingen  on-now mc_primary_general nonrecurring mc-3-wochen mc-start-00-00 ungrouped mc-event-4583 mc-events multidate mc-event mc_rel_general'><header>\t<h3 class='event-title summary' id='mc_30605-title-my-calendar'><button type='button' id='modal-button-mc_calendar_13_30605-calendar-details-30605' data-modal-content-id='mc_calendar_13_30605-calendar-details-30605' data-modal-prefix-class='my-calendar' data-modal-close-text='Schlie\u00dfen' data-modal-title='16.03.2026, Ausstellung: Der NS-V\u00f6lkermord an den Roma in der besetzten Sowjetunion' aria-controls='mc_calendar_13_30605-calendar-details-30605' class='calendar mc-modal button button-link url summary has-image'><svg style=\"fill:#000000\" focusable=\"false\" role=\"img\" aria-labelledby=\"cat_30605\" class=\"category-icon\" xmlns=\"http:\/\/www.w3.org\/2000\/svg\" viewBox=\"0 0 448 512\"><!-- Font Awesome Free 5.15.3 by @fontawesome - https:\/\/fontawesome.com License - https:\/\/fontawesome.com\/license\/free (Icons: CC BY 4.0, Fonts: SIL OFL 1.1, Code: MIT License) --><title id='cat_30605'>Kategorie: General<\/title><path d=\"M12 192h424c6.6 0 12 5.4 12 12v260c0 26.5-21.5 48-48 48H48c-26.5 0-48-21.5-48-48V204c0-6.6 5.4-12 12-12zm436-44v-36c0-26.5-21.5-48-48-48h-48V12c0-6.6-5.4-12-12-12h-40c-6.6 0-12 5.4-12 12v52H160V12c0-6.6-5.4-12-12-12h-40c-6.6 0-12 5.4-12 12v52H48C21.5 64 0 85.5 0 112v36c0 6.6 5.4 12 12 12h424c6.6 0 12-5.4 12-12z\"\/><\/svg> <div>16.03.2026, Ausstellung: Der NS-V\u00f6lkermord an den Roma in der besetzten Sowjetunion<\/div><\/button><\/h3>\n<\/header><div id='mc_calendar_13_30605-calendar-details-30605' class='details no-image uses-modal single-details'  aria-labelledby='mc_30605-title-my-calendar'>\n\t<button type='button' aria-controls='mc_calendar_13_30605-calendar-details-30605' class='mc-toggle close'><span class='dashicons dashicons-dismiss' aria-hidden='true'><\/span><span class='screen-reader-text'>Close<\/span><\/button>\n\t\r\n\t<div class='time-block'>\r\n\t\t<span class='mc-icon' aria-hidden='true'><\/span>\r\n\t\t<p><span class=\"time-wrapper\"> <span class='event-time'><abbr title='Nicht zutreffend'>n.\u00a0a.<\/abbr><\/span>  <\/span><br \/><span class=\"date-wrapper\"><span class='mc-start-date dtstart' title='2026-04-10T00:00:00+02:00' content='2026-04-10T00:00:00+02:00'>10. April 2026<\/span> <span class='date-separator'> &ndash; <\/span> <span class=\"event-time dtend\">30. April 2026<\/span><\/span><\/p>\r\n\t<\/div>\n\t\t<div class='longdesc description'><p>Siehe:\u00a0<a href=\"https:\/\/rt-europaallee.de\/wordpress\/2026\/03\/stadt-goettingen-internationale-wochen-gegen-rassismus-veranstaltungen-in-der-stadt-goettingen\/\">https:\/\/rt-europaallee.de\/wordpress\/2026\/03\/stadt-goettingen-internationale-wochen-gegen-rassismus-veranstaltungen-in-der-stadt-goettingen\/<\/a><\/p>\n<p><img decoding=\"async\" class=\"emoji\" role=\"img\" src=\"https:\/\/s.w.org\/images\/core\/emoji\/17.0.2\/svg\/27a1.svg\" alt=\"\u27a1\ufe0f\" \/><\/p>\n<blockquote><p>(Quelle:\u00a0<a href=\"https:\/\/www.goettingen.de\/portal\/meldungen\/internationale-wochen-gegen-rassismus-veranstaltungen-in-der-stadt-goettingen-900004830-25480.html?utm_source=copilot.com\">https:\/\/www.goettingen.de\/portal\/meldungen\/internationale-wochen-gegen-rassismus-veranstaltungen-in-der-stadt-goettingen-900004830-25480.html?utm_source=copilot.com<\/a>)<\/p>\n<blockquote>\n<div class=\"fusstext fusstext_oben\">\n<p><span class=\"create\">06.03.2026<\/span><span class=\"modified\">\u00a0| ge\u00e4ndert am 12.03.2026<\/span><\/p>\n<div><\/div>\n<\/div>\n<h3 class=\"kontrast-bild\">Internationale Wochen gegen Rassismus \u2013 Veranstaltungen in der Stadt G\u00f6ttingen<\/h3>\n<div id=\"nolis_content_site\" class=\"nolis_content_site\">\n<p class=\"anreisser_detail\"><strong>Zum 31. Mal finden die bundesweiten Internationalen Wochen gegen Rassismus von Montag bis Sonntag, 16. bis 29. M\u00e4rz 2026, statt. Das diesj\u00e4hrige Motto lautet \u201e100 Prozent Menschenw\u00fcrde. Zusammen gegen Rassismus und Rechtsextremismus\u201c. Der diesj\u00e4hrige Botschafter der Aktionswochen ist Prof. Dr. Matthias Quent. Hier gibt es einen \u00dcberblick \u00fcber die Veranstaltungen in der Stadt G\u00f6ttingen.<\/strong><\/p>\n<h3>...<\/h3>\n<p>Freitag, 10. April bis Donnerstag, 30. April 2026<br \/>\n<strong>Der NS-V\u00f6lkermord an den Roma in der besetzten Sowjetunion<\/strong><br \/>\n<strong>Ausstellung im Stadtlabor<\/strong><\/p>\n<p>Ort: Stadtlabor, Wilhelmsplatz 3, 37073 G\u00f6ttingen<br \/>\nVeranstalter*in: Roma Center e. V.<br \/>\nEintritt: frei<br \/>\nAnmeldung: nicht erforderlich.\u00a0<a class=\"link_katalog nolis-link-extern\" href=\"https:\/\/roma-center.de\/\" target=\"_blank\">Die \u00d6ffnungszeiten der Ausstellung sind hier aufgef\u00fchrt<\/a>.<\/p>\n<p>Am Freitag, 10. April 2026 um 18.00 Uhr er\u00f6ffnen Roma Center und Bildungswerk f\u00fcr Erinnerungsarbeit und Frieden die Ausstellung \u201eGenozid an Roma auf dem Gebiet der besetzten Sowjetunion 1941\u20131944\u201c im Stadtlabor. Grundlage sind 200 Interviews mit \u00dcberlebenden und ihren Kindern aus der Ukraine, Belarus, Russland, Rum\u00e4nien und Moldau. Sie erz\u00e4hlen von Verfolgung und Widerstand der Roma nach dem \u00dcberfall auf die Sowjetunion.<\/p>\n<h3>...<\/h3>\n<\/div>\n<\/blockquote>\n<\/blockquote>\n<blockquote>\n<h3><\/h3>\n<\/blockquote>\n<\/div>\n\t\t<div class=\"mc-location\"><div class=\"address location vcard\"><div class='map'><a href='https:\/\/www.google.com\/maps\/place\/Stadtlabor+G%C3%B6ttingen\/@51.5334069,9.9374107,20.79z\/data=!3m1!5s0x47a4d495880e01c3:0x2da49c3266d39a0d!4m15!1m8!3m7!1s0x47a4d49588f818f7:0x3eeeb28ecd9fdbb0!2sWilhelmspl.+3,+37073+G%C3%B6ttingen!3b1!8m2!3d51.5334334!4d9.9374974!16s%2Fg%2F11cscfk8zz!3m5!1s0x47a4d5950eff9b5b:0xc068ed179b6e3c99!8m2!3d51.5335141!4d9.9376129!16s%2Fg%2F11v3znlf2z?entry=ttu' class='url external'><span class='mc-icon' aria-hidden='true'><\/span>Karte<span class='screen-reader-text fn'> Stadtlabor G\u00f6ttingen, Wilhelmspl. 3, 37073 G\u00f6ttingen<\/span><\/a><\/div><\/div><\/div>\n\t\t<div class=\"sharing\">\t<p class='mc-details'><a aria-label='Weiterlesen: 16.03.2026, Ausstellung: Der NS-V\u00f6lkermord an den Roma in der besetzten Sowjetunion' href='https:\/\/rt-europaallee.de\/wordpress\/my-calendar\/?mc_id=30605'>Weiterlesen<\/a><\/p>\n<\/div><\/div><!--end .details--><\/article><article id='mc_calendar_13_30609-calendar-30609' class='mc-mc_calendar_30609 calendar-event mc_general mc_aula-am-wilhelmsplatz-wilhelmspl-1-37073-gttingen  past-event mc_primary_general nonrecurring mc-2-stunden mc-start-13-00 ungrouped mc-event-4584 mc-events mc-event mc_rel_general'><header>\t<h3 class='event-title summary' id='mc_30609-title-my-calendar'><button type='button' id='modal-button-mc_calendar_13_30609-calendar-details-30609' data-modal-content-id='mc_calendar_13_30609-calendar-details-30609' data-modal-prefix-class='my-calendar' data-modal-close-text='Schlie\u00dfen' data-modal-title='16.03.2026, Kolonialkritischer Stadtrundgang mit G\u00f6ttingen Postkolonial' aria-controls='mc_calendar_13_30609-calendar-details-30609' class='calendar mc-modal button button-link url summary has-image'><svg style=\"fill:#000000\" focusable=\"false\" role=\"img\" aria-labelledby=\"cat_30609\" class=\"category-icon\" xmlns=\"http:\/\/www.w3.org\/2000\/svg\" viewBox=\"0 0 448 512\"><!-- Font Awesome Free 5.15.3 by @fontawesome - https:\/\/fontawesome.com License - https:\/\/fontawesome.com\/license\/free (Icons: CC BY 4.0, Fonts: SIL OFL 1.1, Code: MIT License) --><title id='cat_30609'>Kategorie: General<\/title><path d=\"M12 192h424c6.6 0 12 5.4 12 12v260c0 26.5-21.5 48-48 48H48c-26.5 0-48-21.5-48-48V204c0-6.6 5.4-12 12-12zm436-44v-36c0-26.5-21.5-48-48-48h-48V12c0-6.6-5.4-12-12-12h-40c-6.6 0-12 5.4-12 12v52H160V12c0-6.6-5.4-12-12-12h-40c-6.6 0-12 5.4-12 12v52H48C21.5 64 0 85.5 0 112v36c0 6.6 5.4 12 12 12h424c6.6 0 12-5.4 12-12z\"\/><\/svg> <div>16.03.2026, Kolonialkritischer Stadtrundgang mit G\u00f6ttingen Postkolonial<\/div><\/button><\/h3>\n<\/header><div id='mc_calendar_13_30609-calendar-details-30609' class='details no-image uses-modal single-details'  aria-labelledby='mc_30609-title-my-calendar'>\n\t<button type='button' aria-controls='mc_calendar_13_30609-calendar-details-30609' class='mc-toggle close'><span class='dashicons dashicons-dismiss' aria-hidden='true'><\/span><span class='screen-reader-text'>Close<\/span><\/button>\n\t\r\n\t<div class='time-block'>\r\n\t\t<span class='mc-icon' aria-hidden='true'><\/span>\r\n\t\t<p><span class=\"time-wrapper\"><span class='event-time dtstart'><time class='value-title' datetime='2026-04-13T13:00:00+02:00' title='2026-04-13T13:00:00+02:00'>13:00<\/time><\/span> <span class='time-separator'> &ndash; <\/span> <span class='end-time dtend'> <time class='value-title' datetime='2026-04-13T15:00:00+02:00' title='2026-04-13T15:00:00+02:00'>15:00<\/time><\/span><\/span><br \/><span class=\"date-wrapper\"><span class='mc-start-date dtstart' title='2026-04-13T13:00:00+02:00' content='2026-04-13T13:00:00+02:00'>13. April 2026<\/span>  <\/span><\/p>\r\n\t<\/div>\n\t\t<div class='longdesc description'><p>Siehe:\u00a0<a href=\"https:\/\/rt-europaallee.de\/wordpress\/2026\/03\/stadt-goettingen-internationale-wochen-gegen-rassismus-veranstaltungen-in-der-stadt-goettingen\/\">https:\/\/rt-europaallee.de\/wordpress\/2026\/03\/stadt-goettingen-internationale-wochen-gegen-rassismus-veranstaltungen-in-der-stadt-goettingen\/<\/a><\/p>\n<p><img decoding=\"async\" class=\"emoji\" role=\"img\" src=\"https:\/\/s.w.org\/images\/core\/emoji\/17.0.2\/svg\/27a1.svg\" alt=\"\u27a1\ufe0f\" \/><\/p>\n<h4><a href=\"https:\/\/www.google.com\/maps\/place\/Wilhelmsplatz\/@51.5337678,9.9331872,17z\/data=!3m1!4b1!4m6!3m5!1s0x47a4d57ddb9c680f:0xb4bba9fc2edc7a67!8m2!3d51.5337679!4d9.9380581!16s%2Fg%2F11j006z5rr?entry=ttu&amp;g_ep=EgoyMDI2MDMxMS4wIKXMDSoASAFQAw%3D%3D\">Wilhelmspl., 37073 G\u00f6ttingen<\/a><\/h4>\n<blockquote><p>(Quelle:\u00a0<a href=\"https:\/\/www.goettingen.de\/portal\/meldungen\/internationale-wochen-gegen-rassismus-veranstaltungen-in-der-stadt-goettingen-900004830-25480.html?utm_source=copilot.com\">https:\/\/www.goettingen.de\/portal\/meldungen\/internationale-wochen-gegen-rassismus-veranstaltungen-in-der-stadt-goettingen-900004830-25480.html?utm_source=copilot.com<\/a>)<\/p>\n<blockquote>\n<div class=\"fusstext fusstext_oben\">\n<p><span class=\"create\">06.03.2026<\/span><span class=\"modified\">\u00a0| ge\u00e4ndert am 12.03.2026<\/span><\/p>\n<div><\/div>\n<\/div>\n<h3 class=\"kontrast-bild\">Internationale Wochen gegen Rassismus \u2013 Veranstaltungen in der Stadt G\u00f6ttingen<\/h3>\n<div id=\"nolis_content_site\" class=\"nolis_content_site\">\n<p class=\"anreisser_detail\"><strong>Zum 31. Mal finden die bundesweiten Internationalen Wochen gegen Rassismus von Montag bis Sonntag, 16. bis 29. M\u00e4rz 2026, statt. Das diesj\u00e4hrige Motto lautet \u201e100 Prozent Menschenw\u00fcrde. Zusammen gegen Rassismus und Rechtsextremismus\u201c. Der diesj\u00e4hrige Botschafter der Aktionswochen ist Prof. Dr. Matthias Quent. Hier gibt es einen \u00dcberblick \u00fcber die Veranstaltungen in der Stadt G\u00f6ttingen.<\/strong><\/p>\n<h3>...<\/h3>\n<p>Montag, 13. April 2026, von 13.00 bis 15.00 Uhr<br \/>\n<strong>Kolonialkritischer Stadtrundgang mit G\u00f6ttingen Postkolonial<\/strong><\/p>\n<p>Ort: Startpunkt ist am Wilhelmsplatz, 37073 G\u00f6ttingen<br \/>\nVeranstalter*in: Sarah B\u00f6ger, G\u00f6ttingen Postkolonial<br \/>\nEintritt: frei<br \/>\nAnmeldung:\u00a0<a class=\"link_katalog nolis-link-extern\" href=\"https:\/\/forms.gle\/oHAAjPZstnJxRYZu9\" target=\"_blank\">\u00fcber das Online-Anmeldeformular<\/a><\/p>\n<p>Spuren des Kolonialismus und deren Wirkungen heute sind im Stadtbild meist nicht auf den ersten Blick zu finden. F\u00fcr einen rassismuskritischen Umgang mit Geschichte ist es jedoch zentral, die Spuren kolonialer Herrschaft aufzuzeigen. Der Stadtrundgang l\u00e4dt dazu ein, G\u00f6ttingen durch die \u201epost- und dekoloniale Brille\u201c (neu) kennenzulernen.<\/p>\n<h3>...<\/h3>\n<\/div>\n<\/blockquote>\n<\/blockquote>\n<blockquote>\n<h3><\/h3>\n<\/blockquote>\n<\/div>\n\t\t<div class=\"mc-location\"><div class=\"address location vcard\"><div class='map'><a href='https:\/\/www.google.com\/maps\/place\/Aula+am+Wilhelmsplatz,+Wilhelmspl.+1,+37073+G%C3%B6ttingen\/@51.5336931,9.9370122,19.08z\/am=t\/data=!4m19!1m12!4m11!1m3!2m2!1d9.93797!2d51.53393!1m4!2m2!1d12.0910576!2d54.1718277!4e1!3e0!5i1!3m5!1s0x47a4d49581ae68f5:0xbfb2f667626e120c!8m2!3d51.534124!4d9.9378281!16s%2Fg%2F12lkjltv0?entry=ttu&amp;g_ep=EgoyMDI0MTEwNS4wIKXMDSoASAFQAw%3D%3D' class='url external'><span class='mc-icon' aria-hidden='true'><\/span>Karte<span class='screen-reader-text fn'> Aula am Wilhelmsplatz, Wilhelmspl. 1, 37073 G\u00f6ttingen<\/span><\/a><\/div><\/div><\/div>\n\t\t<div class=\"sharing\">\t<p class='mc-details'><a aria-label='Weiterlesen: 16.03.2026, Kolonialkritischer Stadtrundgang mit G\u00f6ttingen Postkolonial' href='https:\/\/rt-europaallee.de\/wordpress\/my-calendar\/?mc_id=30609'>Weiterlesen<\/a><\/p>\n<\/div><\/div><!--end .details--><\/article>\n<\/td>\n<td id='calendar-2026-04-14' class='mc-events dienstag di past-day past-date   has-events author3 mcat_general mcat_treffen-erfahrungsaustausch mcat_advents--weihnachtsmarkt day-with-date'><div class='mc-date-container'>\n\t<span class='mc-date'><span aria-hidden='true' class='mc-day-number'>14<\/span><span class='screen-reader-text mc-day-date'>14. April 2026<\/span><span class=\"event-icon\" aria-hidden=\"true\">&#9679;&#9679;<\/span><span class=\"screen-reader-text\"><span class=\"mc-list-details event-count\">(3 Veranstaltungen)<\/span><\/span><\/span><\/div><article id='mc_calendar_14_30605-calendar-30605' class='mc-mc_calendar_30605 calendar-event mc_general mc_stadtlabor-gttingen-wilhelmspl-3-37073-gttingen  on-now mc_primary_general nonrecurring mc-3-wochen mc-start-00-00 ungrouped mc-event-4583 mc-events multidate mc-event mc_rel_general'><header>\t<h3 class='event-title summary' id='mc_30605-title-my-calendar'><button type='button' id='modal-button-mc_calendar_14_30605-calendar-details-30605' data-modal-content-id='mc_calendar_14_30605-calendar-details-30605' data-modal-prefix-class='my-calendar' data-modal-close-text='Schlie\u00dfen' data-modal-title='16.03.2026, Ausstellung: Der NS-V\u00f6lkermord an den Roma in der besetzten Sowjetunion' aria-controls='mc_calendar_14_30605-calendar-details-30605' class='calendar mc-modal button button-link url summary has-image'><svg style=\"fill:#000000\" focusable=\"false\" role=\"img\" aria-labelledby=\"cat_30605\" class=\"category-icon\" xmlns=\"http:\/\/www.w3.org\/2000\/svg\" viewBox=\"0 0 448 512\"><!-- Font Awesome Free 5.15.3 by @fontawesome - https:\/\/fontawesome.com License - https:\/\/fontawesome.com\/license\/free (Icons: CC BY 4.0, Fonts: SIL OFL 1.1, Code: MIT License) --><title id='cat_30605'>Kategorie: General<\/title><path d=\"M12 192h424c6.6 0 12 5.4 12 12v260c0 26.5-21.5 48-48 48H48c-26.5 0-48-21.5-48-48V204c0-6.6 5.4-12 12-12zm436-44v-36c0-26.5-21.5-48-48-48h-48V12c0-6.6-5.4-12-12-12h-40c-6.6 0-12 5.4-12 12v52H160V12c0-6.6-5.4-12-12-12h-40c-6.6 0-12 5.4-12 12v52H48C21.5 64 0 85.5 0 112v36c0 6.6 5.4 12 12 12h424c6.6 0 12-5.4 12-12z\"\/><\/svg> <div>16.03.2026, Ausstellung: Der NS-V\u00f6lkermord an den Roma in der besetzten Sowjetunion<\/div><\/button><\/h3>\n<\/header><div id='mc_calendar_14_30605-calendar-details-30605' class='details no-image uses-modal single-details'  aria-labelledby='mc_30605-title-my-calendar'>\n\t<button type='button' aria-controls='mc_calendar_14_30605-calendar-details-30605' class='mc-toggle close'><span class='dashicons dashicons-dismiss' aria-hidden='true'><\/span><span class='screen-reader-text'>Close<\/span><\/button>\n\t\r\n\t<div class='time-block'>\r\n\t\t<span class='mc-icon' aria-hidden='true'><\/span>\r\n\t\t<p><span class=\"time-wrapper\"> <span class='event-time'><abbr title='Nicht zutreffend'>n.\u00a0a.<\/abbr><\/span>  <\/span><br \/><span class=\"date-wrapper\"><span class='mc-start-date dtstart' title='2026-04-10T00:00:00+02:00' content='2026-04-10T00:00:00+02:00'>10. April 2026<\/span> <span class='date-separator'> &ndash; <\/span> <span class=\"event-time dtend\">30. April 2026<\/span><\/span><\/p>\r\n\t<\/div>\n\t\t<div class='longdesc description'><p>Siehe:\u00a0<a href=\"https:\/\/rt-europaallee.de\/wordpress\/2026\/03\/stadt-goettingen-internationale-wochen-gegen-rassismus-veranstaltungen-in-der-stadt-goettingen\/\">https:\/\/rt-europaallee.de\/wordpress\/2026\/03\/stadt-goettingen-internationale-wochen-gegen-rassismus-veranstaltungen-in-der-stadt-goettingen\/<\/a><\/p>\n<p><img decoding=\"async\" class=\"emoji\" role=\"img\" src=\"https:\/\/s.w.org\/images\/core\/emoji\/17.0.2\/svg\/27a1.svg\" alt=\"\u27a1\ufe0f\" \/><\/p>\n<blockquote><p>(Quelle:\u00a0<a href=\"https:\/\/www.goettingen.de\/portal\/meldungen\/internationale-wochen-gegen-rassismus-veranstaltungen-in-der-stadt-goettingen-900004830-25480.html?utm_source=copilot.com\">https:\/\/www.goettingen.de\/portal\/meldungen\/internationale-wochen-gegen-rassismus-veranstaltungen-in-der-stadt-goettingen-900004830-25480.html?utm_source=copilot.com<\/a>)<\/p>\n<blockquote>\n<div class=\"fusstext fusstext_oben\">\n<p><span class=\"create\">06.03.2026<\/span><span class=\"modified\">\u00a0| ge\u00e4ndert am 12.03.2026<\/span><\/p>\n<div><\/div>\n<\/div>\n<h3 class=\"kontrast-bild\">Internationale Wochen gegen Rassismus \u2013 Veranstaltungen in der Stadt G\u00f6ttingen<\/h3>\n<div id=\"nolis_content_site\" class=\"nolis_content_site\">\n<p class=\"anreisser_detail\"><strong>Zum 31. Mal finden die bundesweiten Internationalen Wochen gegen Rassismus von Montag bis Sonntag, 16. bis 29. M\u00e4rz 2026, statt. Das diesj\u00e4hrige Motto lautet \u201e100 Prozent Menschenw\u00fcrde. Zusammen gegen Rassismus und Rechtsextremismus\u201c. Der diesj\u00e4hrige Botschafter der Aktionswochen ist Prof. Dr. Matthias Quent. Hier gibt es einen \u00dcberblick \u00fcber die Veranstaltungen in der Stadt G\u00f6ttingen.<\/strong><\/p>\n<h3>...<\/h3>\n<p>Freitag, 10. April bis Donnerstag, 30. April 2026<br \/>\n<strong>Der NS-V\u00f6lkermord an den Roma in der besetzten Sowjetunion<\/strong><br \/>\n<strong>Ausstellung im Stadtlabor<\/strong><\/p>\n<p>Ort: Stadtlabor, Wilhelmsplatz 3, 37073 G\u00f6ttingen<br \/>\nVeranstalter*in: Roma Center e. V.<br \/>\nEintritt: frei<br \/>\nAnmeldung: nicht erforderlich.\u00a0<a class=\"link_katalog nolis-link-extern\" href=\"https:\/\/roma-center.de\/\" target=\"_blank\">Die \u00d6ffnungszeiten der Ausstellung sind hier aufgef\u00fchrt<\/a>.<\/p>\n<p>Am Freitag, 10. April 2026 um 18.00 Uhr er\u00f6ffnen Roma Center und Bildungswerk f\u00fcr Erinnerungsarbeit und Frieden die Ausstellung \u201eGenozid an Roma auf dem Gebiet der besetzten Sowjetunion 1941\u20131944\u201c im Stadtlabor. Grundlage sind 200 Interviews mit \u00dcberlebenden und ihren Kindern aus der Ukraine, Belarus, Russland, Rum\u00e4nien und Moldau. Sie erz\u00e4hlen von Verfolgung und Widerstand der Roma nach dem \u00dcberfall auf die Sowjetunion.<\/p>\n<h3>...<\/h3>\n<\/div>\n<\/blockquote>\n<\/blockquote>\n<blockquote>\n<h3><\/h3>\n<\/blockquote>\n<\/div>\n\t\t<div class=\"mc-location\"><div class=\"address location vcard\"><div class='map'><a href='https:\/\/www.google.com\/maps\/place\/Stadtlabor+G%C3%B6ttingen\/@51.5334069,9.9374107,20.79z\/data=!3m1!5s0x47a4d495880e01c3:0x2da49c3266d39a0d!4m15!1m8!3m7!1s0x47a4d49588f818f7:0x3eeeb28ecd9fdbb0!2sWilhelmspl.+3,+37073+G%C3%B6ttingen!3b1!8m2!3d51.5334334!4d9.9374974!16s%2Fg%2F11cscfk8zz!3m5!1s0x47a4d5950eff9b5b:0xc068ed179b6e3c99!8m2!3d51.5335141!4d9.9376129!16s%2Fg%2F11v3znlf2z?entry=ttu' class='url external'><span class='mc-icon' aria-hidden='true'><\/span>Karte<span class='screen-reader-text fn'> Stadtlabor G\u00f6ttingen, Wilhelmspl. 3, 37073 G\u00f6ttingen<\/span><\/a><\/div><\/div><\/div>\n\t\t<div class=\"sharing\">\t<p class='mc-details'><a aria-label='Weiterlesen: 16.03.2026, Ausstellung: Der NS-V\u00f6lkermord an den Roma in der besetzten Sowjetunion' href='https:\/\/rt-europaallee.de\/wordpress\/my-calendar\/?mc_id=30605'>Weiterlesen<\/a><\/p>\n<\/div><\/div><!--end .details--><\/article><article id='mc_calendar_14_30434-calendar-30434' class='mc-mc_calendar_30434 calendar-event mc_treffen-erfahrungsaustausch mc_nachbarschaftszentrum-holtenser-berg-londonstrae-11a-37079-gttingen  past-event mc_primary_treffen-erfahrungsaustausch recurring mc-3-stunden mc-start-16-00 ungrouped mc-event-4489 mc-events mc-event mc_rel_treffenerfahrungsaustausch'><header>\t<h3 class='event-title summary' id='mc_30434-title-my-calendar'><button type='button' id='modal-button-mc_calendar_14_30434-calendar-details-30434' data-modal-content-id='mc_calendar_14_30434-calendar-details-30434' data-modal-prefix-class='my-calendar' data-modal-close-text='Schlie\u00dfen' data-modal-title='16.01.2026, NBZ Holtenser Berg: Spieletreff' aria-controls='mc_calendar_14_30434-calendar-details-30434' class='calendar mc-modal button button-link url summary has-image'><svg style=\"fill:#000000\" focusable=\"false\" role=\"img\" aria-labelledby=\"cat_30434\" class=\"category-icon\" xmlns=\"http:\/\/www.w3.org\/2000\/svg\" viewBox=\"0 0 640 512\"><!-- Font Awesome Free 5.15.3 by @fontawesome - https:\/\/fontawesome.com License - https:\/\/fontawesome.com\/license\/free (Icons: CC BY 4.0, Fonts: SIL OFL 1.1, Code: MIT License) --><title id='cat_30434'>Kategorie: Treffen\/ Erfahrungsaustausch<\/title><path d=\"M434.7 64h-85.9c-8 0-15.7 3-21.6 8.4l-98.3 90c-.1.1-.2.3-.3.4-16.6 15.6-16.3 40.5-2.1 56 12.7 13.9 39.4 17.6 56.1 2.7.1-.1.3-.1.4-.2l79.9-73.2c6.5-5.9 16.7-5.5 22.6 1 6 6.5 5.5 16.6-1 22.6l-26.1 23.9L504 313.8c2.9 2.4 5.5 5 7.9 7.7V128l-54.6-54.6c-5.9-6-14.1-9.4-22.6-9.4zM544 128.2v223.9c0 17.7 14.3 32 32 32h64V128.2h-96zm48 223.9c-8.8 0-16-7.2-16-16s7.2-16 16-16 16 7.2 16 16-7.2 16-16 16zM0 384h64c17.7 0 32-14.3 32-32V128.2H0V384zm48-63.9c8.8 0 16 7.2 16 16s-7.2 16-16 16-16-7.2-16-16c0-8.9 7.2-16 16-16zm435.9 18.6L334.6 217.5l-30 27.5c-29.7 27.1-75.2 24.5-101.7-4.4-26.9-29.4-24.8-74.9 4.4-101.7L289.1 64h-83.8c-8.5 0-16.6 3.4-22.6 9.4L128 128v223.9h18.3l90.5 81.9c27.4 22.3 67.7 18.1 90-9.3l.2-.2 17.9 15.5c15.9 13 39.4 10.5 52.3-5.4l31.4-38.6 5.4 4.4c13.7 11.1 33.9 9.1 45-4.7l9.5-11.7c11.2-13.8 9.1-33.9-4.6-45.1z\"\/><\/svg> <div>16.01.2026, NBZ Holtenser Berg: Spieletreff<\/div><\/button><\/h3>\n<\/header><div id='mc_calendar_14_30434-calendar-details-30434' class='details no-image uses-modal single-details'  aria-labelledby='mc_30434-title-my-calendar'>\n\t<button type='button' aria-controls='mc_calendar_14_30434-calendar-details-30434' class='mc-toggle close'><span class='dashicons dashicons-dismiss' aria-hidden='true'><\/span><span class='screen-reader-text'>Close<\/span><\/button>\n\t\r\n\t<div class='time-block'>\r\n\t\t<span class='mc-icon' aria-hidden='true'><\/span>\r\n\t\t<p><span class=\"time-wrapper\"><span class='event-time dtstart'><time class='value-title' datetime='2026-04-14T16:00:00+02:00' title='2026-04-14T16:00:00+02:00'>16:00<\/time><\/span> <span class='time-separator'> &ndash; <\/span> <span class='end-time dtend'> <time class='value-title' datetime='2026-04-14T18:30:00+02:00' title='2026-04-14T18:30:00+02:00'>18:30<\/time><\/span><\/span><br \/><span class=\"date-wrapper\"><span class='mc-start-date dtstart' title='2026-04-14T16:00:00+02:00' content='2026-04-14T16:00:00+02:00'>14. April 2026<\/span>  <\/span><\/p>\r\n\t<\/div>\n\t\t<div class='longdesc description'><p>(Quelle: <a href=\"https:\/\/www.facebook.com\/events\/1206244801002861\/1206244821002859\/\">https:\/\/www.facebook.com\/events\/1206244801002861\/1206244821002859\/<\/a>)<\/p>\n<blockquote>\n<div class=\"html-div xjyslct xjbqb8w x972fbf x10w94by x1qhh985 x14e42zd x9f619 x1rg5ohu xdj266r x14z9mp xat24cr x1lziwak xexx8yu xyri2b x18d9i69 x1c1uobl x1n2onr6 x16tdsg8 xh8yej3\" role=\"listitem\">\n<div class=\"html-div xdj266r x14z9mp xat24cr x1lziwak xyri2b x1c1uobl x78zum5 xdt5ytf xwib8y2 x1y1aw1k\">\n<div class=\"x9f619 x1ja2u2z x78zum5 x2lah0s x1n2onr6 x1nhvcw1 x1cy8zhl xozqiw3 x1q0g3np xv54qhq xf7dkkf x18d9i69 xexx8yu x1ws5yxj xw01apr x4cne27 xifccgj\">\n<div class=\"x9f619 x1n2onr6 x1ja2u2z x78zum5 xdt5ytf x193iq5w xeuugli x1r8uery x1iyjqo2 xs83m0k xamitd3 x1icxu4v x25sj25 x10b6aqq x1yrsyyn\">\n<div class=\"x78zum5 xdt5ytf xz62fqu x16ldp7u\">\n<div class=\"xu06os2 x1ok221b\"><span class=\"x193iq5w xeuugli x13faqbe x1vvkbs x1xmvt09 x1lliihq x1s928wv xhkezso x1gmr53x x1cpjm7i x1fgarty x1943h6x xudqn12 x3x7a5m x6prxxf xvq8zen xo1l8bm xzsf02u x1yc453h\" dir=\"auto\">Veranstaltung von <b class=\"html-b xdj266r x14z9mp xat24cr x1lziwak xexx8yu xyri2b x18d9i69 x1c1uobl x1hl2dhg x16tdsg8 x1vvkbs x1s688f\"><a class=\"x1i10hfl xjbqb8w x1ejq31n x18oe1m7 x1sy0etr xstzfhl x972fbf x10w94by x1qhh985 x14e42zd x9f619 x1ypdohk xt0psk2 x3ct3a4 xdj266r x14z9mp xat24cr x1lziwak xexx8yu xyri2b x18d9i69 x1c1uobl x16tdsg8 x1hl2dhg xggy1nq x1a2a7pz xkrqix3 x1sur9pj xzsf02u x1s688f\" href=\"https:\/\/www.facebook.com\/NBZHoBerg\">Nachbarschaftszentrum Holtenser Berg<\/a><\/b><\/span><\/div>\n<\/div>\n<\/div>\n<\/div>\n<\/div>\n<\/div>\n<div class=\"html-div xjyslct xjbqb8w x972fbf x10w94by x1qhh985 x14e42zd x9f619 x1rg5ohu xdj266r x14z9mp xat24cr x1lziwak xexx8yu xyri2b x18d9i69 x1c1uobl x1n2onr6 x16tdsg8 xh8yej3\" role=\"listitem\">\n<div class=\"html-div xdj266r x14z9mp xat24cr x1lziwak xyri2b x1c1uobl x78zum5 xdt5ytf xwib8y2 x1y1aw1k\">\n<div class=\"x9f619 x1ja2u2z x78zum5 x2lah0s x1n2onr6 x1nhvcw1 x1cy8zhl xozqiw3 x1q0g3np xv54qhq xf7dkkf x18d9i69 xexx8yu x1ws5yxj xw01apr x4cne27 xifccgj\">\n<div class=\"x9f619 x1n2onr6 x1ja2u2z x78zum5 xdt5ytf x2lah0s x193iq5w xeuugli x1icxu4v x25sj25 x10b6aqq x1yrsyyn\"><\/div>\n<div class=\"x9f619 x1n2onr6 x1ja2u2z x78zum5 xdt5ytf x193iq5w xeuugli x1r8uery x1iyjqo2 xs83m0k xamitd3 x1icxu4v x25sj25 x10b6aqq x1yrsyyn\">\n<div class=\"x78zum5 xdt5ytf xz62fqu x16ldp7u\">\n<div class=\"xu06os2 x1ok221b\">\n<div class=\"x1i10hfl xjbqb8w x1ejq31n x18oe1m7 x1sy0etr xstzfhl x972fbf x10w94by x1qhh985 x14e42zd x9f619 x1ypdohk xt0psk2 x3ct3a4 xdj266r x14z9mp xat24cr x1lziwak xexx8yu xyri2b x18d9i69 x1c1uobl x16tdsg8 x1hl2dhg xggy1nq x1a2a7pz xkrqix3 x1sur9pj xzsf02u x1s688f\" role=\"button\">Londonstra\u00dfe 11a, 37079 G\u00f6ttingen, Germany<\/div>\n<\/div>\n<\/div>\n<\/div>\n<\/div>\n<\/div>\n<\/div>\n<div class=\"html-div xjyslct xjbqb8w x972fbf x10w94by x1qhh985 x14e42zd x9f619 x1rg5ohu xdj266r x14z9mp xat24cr x1lziwak xexx8yu xyri2b x18d9i69 x1c1uobl x1n2onr6 x16tdsg8 xh8yej3\" role=\"listitem\">\n<div class=\"html-div xdj266r x14z9mp xat24cr x1lziwak xyri2b x1c1uobl x78zum5 xdt5ytf xwib8y2 x1y1aw1k\">\n<div class=\"x9f619 x1ja2u2z x78zum5 x2lah0s x1n2onr6 x1nhvcw1 x1cy8zhl xozqiw3 x1q0g3np xv54qhq xf7dkkf x18d9i69 xexx8yu x1ws5yxj xw01apr x4cne27 xifccgj\">\n<div class=\"x9f619 x1n2onr6 x1ja2u2z x78zum5 xdt5ytf x2lah0s x193iq5w xeuugli x1icxu4v x25sj25 x10b6aqq x1yrsyyn\"><\/div>\n<div class=\"x9f619 x1n2onr6 x1ja2u2z x78zum5 xdt5ytf x193iq5w xeuugli x1r8uery x1iyjqo2 xs83m0k xamitd3 x1icxu4v x25sj25 x10b6aqq x1yrsyyn\">\n<div class=\"x78zum5 xdt5ytf xz62fqu x16ldp7u\">\n<div class=\"xu06os2 x1ok221b\"><span class=\"x193iq5w xeuugli x13faqbe x1vvkbs x1xmvt09 x1lliihq x1s928wv xhkezso x1gmr53x x1cpjm7i x1fgarty x1943h6x xudqn12 x3x7a5m x6prxxf xvq8zen xo1l8bm xzsf02u x1yc453h\" dir=\"auto\">Laufzeit: 2 Std. 30 Min.<\/span><\/div>\n<\/div>\n<\/div>\n<\/div>\n<\/div>\n<\/div>\n<div class=\"html-div xjyslct xjbqb8w x972fbf x10w94by x1qhh985 x14e42zd x9f619 x1rg5ohu xdj266r x14z9mp xat24cr x1lziwak xexx8yu xyri2b x18d9i69 x1c1uobl x1n2onr6 x16tdsg8 xh8yej3\" role=\"listitem\">\n<div class=\"html-div xdj266r x14z9mp xat24cr x1lziwak xyri2b x1c1uobl x78zum5 xdt5ytf xwib8y2 x1y1aw1k\">\n<div class=\"x9f619 x1ja2u2z x78zum5 x2lah0s x1n2onr6 x1nhvcw1 x1cy8zhl xozqiw3 x1q0g3np xv54qhq xf7dkkf x18d9i69 xexx8yu x1ws5yxj xw01apr x4cne27 xifccgj\">\n<div class=\"x9f619 x1n2onr6 x1ja2u2z x78zum5 xdt5ytf x2lah0s x193iq5w xeuugli x1icxu4v x25sj25 x10b6aqq x1yrsyyn\"><\/div>\n<div class=\"x9f619 x1n2onr6 x1ja2u2z x78zum5 xdt5ytf x193iq5w xeuugli x1r8uery x1iyjqo2 xs83m0k xamitd3 x1icxu4v x25sj25 x10b6aqq x1yrsyyn\">\n<div class=\"x78zum5 xdt5ytf xz62fqu x16ldp7u\">\n<div class=\"xu06os2 x1ok221b\"><span class=\"x193iq5w xeuugli x13faqbe x1vvkbs x1xmvt09 x1lliihq x1s928wv xhkezso x1gmr53x x1cpjm7i x1fgarty x1943h6x xudqn12 x3x7a5m x6prxxf xvq8zen xo1l8bm xzsf02u x1yc453h\" dir=\"auto\">\u00d6ffentlich<span class=\"xzpqnlu xjm9jq1 x6ikm8r x10wlt62 x10l6tqk x1i1rx1s\">\u00a0<\/span><span aria-hidden=\"true\"> \u00b7 <\/span>Jede Person auf und au\u00dferhalb von Facebook<\/span><\/div>\n<\/div>\n<\/div>\n<\/div>\n<\/div>\n<\/div>\n<div class=\"html-div xdj266r x14z9mp xat24cr x1lziwak xexx8yu x18d9i69 xv54qhq xf7dkkf\">\n<div class=\"x1ni5s2d\">\n<div class=\"xdj266r x14z9mp xat24cr x1lziwak x1vvkbs\">Brett und Kartenspiele, alte und neue Spiele.<\/div>\n<\/div>\n<\/div>\n<\/blockquote>\n<\/div>\n\t\t<div class=\"mc-location\"><div class=\"address location vcard\"><div class='map'><a href='https:\/\/maps.google.com\/maps?z=16&amp;daddr=Londonstra\u00dfe+11a++G\u00f6ttingen++37079+' class='url external'><span class='mc-icon' aria-hidden='true'><\/span>Karte<span class='screen-reader-text fn'> Nachbarschaftszentrum Holtenser Berg Londonstra\u00dfe 11a, 37079 G\u00f6ttingen<\/span><\/a><\/div><\/div><\/div>\n\t\t<div class=\"sharing\">\t<p class='mc-details'><a aria-label='Weiterlesen: 16.01.2026, NBZ Holtenser Berg: Spieletreff' href='https:\/\/rt-europaallee.de\/wordpress\/my-calendar\/?mc_id=30434'>Weiterlesen<\/a><\/p>\n<\/div><\/div><!--end .details--><\/article><article id='mc_calendar_14_30543-calendar-30543' class='mc-mc_calendar_30543 calendar-event mc_advents--weihnachtsmarkt mc_om10  past-event mc_primary_advents-weihnachtsmarkt recurring mc-1-stunde mc-start-17-00 ungrouped mc-event-4560 mc-events mc-event mc_rel_advents-weihnachtsmarkt'><header>\t<h3 class='event-title summary' id='mc_30543-title-my-calendar'><button type='button' id='modal-button-mc_calendar_14_30543-calendar-details-30543' data-modal-content-id='mc_calendar_14_30543-calendar-details-30543' data-modal-prefix-class='my-calendar' data-modal-close-text='Schlie\u00dfen' data-modal-title='04.03.2026, NBZ Holtenser Berg: tauschcaf\u00e9 (Bargeld) in OM10' aria-controls='mc_calendar_14_30543-calendar-details-30543' class='calendar mc-modal button button-link url summary has-image'><svg style=\"fill:#ffffff\" focusable=\"false\" role=\"img\" aria-labelledby=\"cat_30543\" class=\"category-icon\" xmlns=\"http:\/\/www.w3.org\/2000\/svg\" viewBox=\"0 0 576 512\"><!-- Font Awesome Free 5.15.3 by @fontawesome - https:\/\/fontawesome.com License - https:\/\/fontawesome.com\/license\/free (Icons: CC BY 4.0, Fonts: SIL OFL 1.1, Code: MIT License) --><title id='cat_30543'>Kategorie: Advents-, Weihnachtsmarkt<\/title><path d=\"M259.3 17.8L194 150.2 47.9 171.5c-26.2 3.8-36.7 36.1-17.7 54.6l105.7 103-25 145.5c-4.5 26.3 23.2 46 46.4 33.7L288 439.6l130.7 68.7c23.2 12.2 50.9-7.4 46.4-33.7l-25-145.5 105.7-103c19-18.5 8.5-50.8-17.7-54.6L382 150.2 316.7 17.8c-11.7-23.6-45.6-23.9-57.4 0z\"\/><\/svg> <div>04.03.2026, NBZ Holtenser Berg: tauschcaf\u00e9 (Bargeld) in OM10<\/div><\/button><\/h3>\n<\/header><div id='mc_calendar_14_30543-calendar-details-30543' class='details no-image uses-modal single-details'  aria-labelledby='mc_30543-title-my-calendar'>\n\t<button type='button' aria-controls='mc_calendar_14_30543-calendar-details-30543' class='mc-toggle close'><span class='dashicons dashicons-dismiss' aria-hidden='true'><\/span><span class='screen-reader-text'>Close<\/span><\/button>\n\t\r\n\t<div class='time-block'>\r\n\t\t<span class='mc-icon' aria-hidden='true'><\/span>\r\n\t\t<p><span class=\"time-wrapper\"><span class='event-time dtstart'><time class='value-title' datetime='2026-04-14T17:00:00+02:00' title='2026-04-14T17:00:00+02:00'>17:00<\/time><\/span> <span class='time-separator'> &ndash; <\/span> <span class='end-time dtend'> <time class='value-title' datetime='2026-04-14T18:00:00+02:00' title='2026-04-14T18:00:00+02:00'>18:00<\/time><\/span><\/span><br \/><span class=\"date-wrapper\"><span class='mc-start-date dtstart' title='2026-04-14T17:00:00+02:00' content='2026-04-14T17:00:00+02:00'>14. April 2026<\/span>  <\/span><\/p>\r\n\t<\/div>\n\t\t<div class='longdesc description'><p>(Quelle: <a href=\"https:\/\/www.facebook.com\/NBZHoBerg\/posts\/pfbid06iR4gJrM6vgoi2J3K5rLNCRYjDBuNJzMLSE9mJKnFLVWXNN5RUyNs7WoHcCv7aLyl\">https:\/\/www.facebook.com\/NBZHoBerg\/posts\/pfbid06iR4gJrM6vgoi2J3K5rLNCRYjDBuNJzMLSE9mJKnFLVWXNN5RUyNs7WoHcCv7aLyl<\/a>)<\/p>\n<blockquote>\n<div class=\"html-div xdj266r xat24cr x1lziwak xexx8yu xyri2b x18d9i69 x1c1uobl x78zum5 x2lah0s xqtp20y x1xegmmw\">\n<div class=\"x1vqgdyp x100vrsf\">\n<div class=\"\"><\/div>\n<\/div>\n<\/div>\n<div class=\"html-div xdj266r x14z9mp xat24cr x1lziwak xexx8yu xyri2b x18d9i69 x1c1uobl x1iyjqo2 xeuugli\">\n<div class=\"x78zum5 xdt5ytf xz62fqu x16ldp7u\">\n<div class=\"xu06os2 x1ok221b\">\n<div class=\"html-div xdj266r x14z9mp xat24cr x1lziwak xexx8yu xyri2b x18d9i69 x1c1uobl\" data-ad-rendering-role=\"profile_name\">\n<h3 class=\"html-h3 x14z9mp xat24cr x1lziwak xexx8yu xyri2b x18d9i69 x1c1uobl x1vvkbs x1heor9g x1qlqyl8 x1pd3egz x1a2a7pz x1gslohp x1yc453h\"><span class=\"x78zum5 x1q0g3np\"><span class=\"x1lliihq x6ikm8r x10wlt62 x1n2onr6 xlyipyv xuxw1ft\"><span class=\"xt0psk2\"><span class=\"xjp7ctv\"><a class=\"x1i10hfl xjbqb8w x1ejq31n x18oe1m7 x1sy0etr xstzfhl x972fbf x10w94by x1qhh985 x14e42zd x9f619 x1ypdohk xt0psk2 x3ct3a4 xdj266r x14z9mp xat24cr x1lziwak xexx8yu xyri2b x18d9i69 x1c1uobl x16tdsg8 x1hl2dhg xggy1nq x1a2a7pz xkrqix3 x1sur9pj xzsf02u x1s688f\" href=\"https:\/\/www.facebook.com\/NBZHoBerg?__cft__[0]=AZZZ15wGYld4HrLwYx4zOv8I6kq0ljKffGADyr4-gv-GFsxFwgWQXvlt_QfUo-ncRnN4PyvruA9MVzAkvRG7F-0bvBBPZszoF0OFAr3oT34Vmt__Od9XNHV7X76ep-I-xRVJ1whkc_M1O8txQyukw8evuMhrsjoGegVTeevxPnbqOg&amp;__tn__=-UC%2CP-R\"><b class=\"html-b xdj266r x14z9mp xat24cr x1lziwak xexx8yu xyri2b x18d9i69 x1c1uobl x1hl2dhg x16tdsg8 x1vvkbs x1s688f\"><span class=\"html-span xdj266r x14z9mp xat24cr x1lziwak xexx8yu xyri2b x18d9i69 x1c1uobl x1hl2dhg x16tdsg8 x1vvkbs\">Nachbarschaftszentrum Holtenser Berg<\/span><\/b><\/a><\/span><\/span><\/span><\/span><\/h3>\n<div class=\"x9f619 x1r8uery x1iyjqo2 x6ikm8r x10wlt62 x1n2onr6\">\n<div class=\"x78zum5 xdt5ytf\" data-virtualized=\"false\">\n<div class=\"x9f619 x1n2onr6 x1ja2u2z\">\n<div class=\"html-div xdj266r x14z9mp xat24cr x1lziwak xyri2b x18d9i69 x1c1uobl xqtp20y x1n2onr6 xh8yej3 x1jm3axb\">\n<div class=\"html-div x1qjc9v5 x1q0q8m5 x1qhh985 x18b5jzi x10w94by x1t7ytsu x14e42zd x13fuv20 x972fbf x1ey2m1c x9f619 x78zum5 xdt5ytf x1iyjqo2 xs83m0k xtijo5x x1o0tod x1qughib xat24cr x14z9mp x1lziwak xdj266r x2lwn1j xeuugli x18d9i69 xyri2b x1c1uobl xexx8yu x10l6tqk x13vifvy x1ja2u2z\">\n<div class=\"x1wa3icf x11dcrhx x12nagc x10l6tqk\">\n<div class=\"x2fvf9\"><\/div>\n<\/div>\n<\/div>\n<\/div>\n<\/div>\n<\/div>\n<\/div>\n<div class=\"x9f619 x1r8uery x1iyjqo2 x6ikm8r x10wlt62 x1n2onr6\">\n<div class=\"x78zum5 xdt5ytf\" data-virtualized=\"false\">\n<div class=\"x9f619 x1n2onr6 x1ja2u2z\">\n<div class=\"html-div xdj266r x14z9mp xat24cr x1lziwak xyri2b x18d9i69 x1c1uobl xqtp20y x1n2onr6 xh8yej3 x1jm3axb\">\n<div class=\"html-div x1qjc9v5 x1q0q8m5 x1qhh985 x18b5jzi x10w94by x1t7ytsu x14e42zd x13fuv20 x972fbf x1ey2m1c x9f619 x78zum5 xdt5ytf x1iyjqo2 xs83m0k xtijo5x x1o0tod x1qughib xat24cr x14z9mp x1lziwak xdj266r x2lwn1j xeuugli x18d9i69 xyri2b x1c1uobl xexx8yu x10l6tqk x13vifvy x1ja2u2z\">\n<p><a class=\"x1i10hfl xjbqb8w x1ejq31n x18oe1m7 x1sy0etr xstzfhl x972fbf x10w94by x1qhh985 x14e42zd x9f619 x1ypdohk x3ct3a4 xdj266r x14z9mp xat24cr x1lziwak xexx8yu xyri2b x18d9i69 x1c1uobl x16tdsg8 x1hl2dhg xggy1nq x1a2a7pz x1heor9g xkrqix3 x1sur9pj x1s688f x1lliihq x5yr21d x1n2onr6 xh8yej3\" href=\"https:\/\/www.facebook.com\/photo.php?fbid=1222948323359942&amp;set=pb.100069343576736.-2207520000&amp;type=3\"><img decoding=\"async\" class=\"xzg4506 x16mubyn xua58t2 x14uebl7 x1obq294 x5a5i1n xde0f50 x15x8krk x9f619 x5yr21d xl1xv1r xh8yej3\" src=\"https:\/\/scontent-ham3-1.xx.fbcdn.net\/v\/t39.30808-6\/645905570_1222948330026608_6074298258563813047_n.jpg?stp=c257.0.1240.1240a_dst-jpg_s206x206_tt6&amp;_nc_cat=109&amp;ccb=1-7&amp;_nc_sid=a934a8&amp;_nc_ohc=h07PCl_VC6kQ7kNvwF5cANz&amp;_nc_oc=Adl5q4hxatkuVrcsOTlI2n1rKxShx33qPj7tvsxmk19buaL701E80h2UASEkS2qnMuQaDtIWLmUC5R8YyXvPpAQg&amp;_nc_zt=23&amp;_nc_ht=scontent-ham3-1.xx&amp;_nc_gid=h_7YSpqNMOs_i1I8DSIR5w&amp;_nc_ss=8&amp;oh=00_AfwSBvWmFy-b8Y1SnLy6Y9xF14Rq3dFK36w87eMKpBXY1Q&amp;oe=69ADE71A\" alt=\"Ist m\u00f6glicherweise ein Bild von \u200eText \u201e\u200eKarta dravdan\u00ea ihem\u00fc \u015faredariy\u00ean kese kuli A\u015fa\u011f\u0131 z\u00eadetir yek\u00ea dest Veguhestin\u00ean dan\u00fastandinek\u00ea Kes\u00ean anlam\u0131na Banka havaleleri denetlenecek. adil de\u011fil, y\u00fczden takas ba\u015flat\u0131yoruz, deb\u00eete Kes\u00ean diyariye wisa tune Fikir pourra dikarin injuste, \u00e9galement kart\u0131 olanlar als\u0131n. Kart\u0131 Hediye meh\u00ea \u00e9vare systeme kartlar\u0131 nakit getirsin. nakit diyariye Sal\u0131 g\u00fcn\u00fc navni\u015f kirin H\u00e2n 17:00 principe? une d\u00e9bit supermarch\u00e9.L Cartes-cadeaux echang\u00e9es. 18:00 aras\u0131nda peuvent ensuite \u0627\u06a9\u0633\u0648\u0646\u06cc \u06cc\u0627\u0633\u0627\u06cc \u06cc\u062f\u067e\u0646\u06cc Bizi mardis \u067e\u0627\u0631\u0647\u062f\u0627\u0646 .\u062f\u0647\u0628\u06cc\u062a \u0686\u0627\u0648\u062f\u06cc\u0631\u06cc \u0647\u0641\u0631\u0648\u0647_\u0647\u0627 !\u062f\u0647\u0633\u062a \u0628\u0648\u064a\u0647 parmi \u0634\u06cc\u0648\u0647\u200c\u06cc \u064a\u0624\u0631\u0642 .\u062f\u0647_\u06af\u0631\u06cc\u062a \u0628\u06cc\u0631\u0624s\u0647s\u0647\u061f 6yAyT \u06a9\u0646\u0627\u062a\u06be\u0631\u06a9 Ley Asilo podr\u00e1n \u0628\u0647\u064a\u0651\u0646\u0647 \u0645\u0627\u0646\u06af noAapo4Hble KapTbl iniciamos .\u0647\u0627\u062a\u0648\u0648\u0647 \u0648\u06cc\u0646\u0645\u06a9\u0627\u0646 mecRua 17\uff1a00 debito \u0641\u0631\u0648\u0634\u06af\u0627\u06cc\u0627\u0646\u0647\u06cc G\u00f6ttingen G\u00f6ttingen 18:00. una que Obere\u200e\u201c\u200e\" \/><\/a><\/p>\n<div class=\"x1wa3icf x11dcrhx x12nagc x10l6tqk\">\n<div class=\"x2fvf9\"><\/div>\n<\/div>\n<\/div>\n<\/div>\n<\/div>\n<\/div>\n<\/div>\n<div class=\"x9f619 x1r8uery x1iyjqo2 x6ikm8r x10wlt62 x1n2onr6\">\n<div class=\"x78zum5 xdt5ytf\" data-virtualized=\"false\">\n<div class=\"x9f619 x1n2onr6 x1ja2u2z\">\n<div class=\"html-div xdj266r x14z9mp xat24cr x1lziwak xyri2b x18d9i69 x1c1uobl xqtp20y x1n2onr6 xh8yej3 x1jm3axb\">\n<div class=\"html-div x1qjc9v5 x1q0q8m5 x1qhh985 x18b5jzi x10w94by x1t7ytsu x14e42zd x13fuv20 x972fbf x1ey2m1c x9f619 x78zum5 xdt5ytf x1iyjqo2 xs83m0k xtijo5x x1o0tod x1qughib xat24cr x14z9mp x1lziwak xdj266r x2lwn1j xeuugli x18d9i69 xyri2b x1c1uobl xexx8yu x10l6tqk x13vifvy x1ja2u2z\"><a class=\"x1i10hfl xjbqb8w x1ejq31n x18oe1m7 x1sy0etr xstzfhl x972fbf x10w94by x1qhh985 x14e42zd x9f619 x1ypdohk x3ct3a4 xdj266r x14z9mp xat24cr x1lziwak xexx8yu xyri2b x18d9i69 x1c1uobl x16tdsg8 x1hl2dhg xggy1nq x1a2a7pz x1heor9g xkrqix3 x1sur9pj x1s688f x1lliihq x5yr21d x1n2onr6 xh8yej3\" href=\"https:\/\/www.facebook.com\/photo.php?fbid=1222948313359943&amp;set=pb.100069343576736.-2207520000&amp;type=3\"><img decoding=\"async\" class=\"xzg4506 x16mubyn xua58t2 x14uebl7 x1obq294 x5a5i1n xde0f50 x15x8krk x9f619 x5yr21d xl1xv1r xh8yej3\" src=\"https:\/\/scontent-ham3-1.xx.fbcdn.net\/v\/t39.30808-6\/645962940_1222948326693275_9220288748759603139_n.jpg?stp=c257.0.1240.1240a_dst-jpg_s206x206_tt6&amp;_nc_cat=109&amp;ccb=1-7&amp;_nc_sid=a934a8&amp;_nc_ohc=iwzJ1SpCR0gQ7kNvwGAdNZW&amp;_nc_oc=AdnUrzw1mGC-eYvfr2HaFifAtASRK174NCEkoVVVYcmJGyucnk8RTgkzAcraHr1NEF1mgU_x_Q7vVrdj35sZat0e&amp;_nc_zt=23&amp;_nc_ht=scontent-ham3-1.xx&amp;_nc_gid=h_7YSpqNMOs_i1I8DSIR5w&amp;_nc_ss=8&amp;oh=00_Afx20e9hmyY4eObQiZhlDSs-jOjsufd18cl8zZUkW-sVDA&amp;oe=69AE1796\" alt=\"Ist m\u00f6glicherweise ein Bild von Karte und Text\" \/><\/a><\/div>\n<\/div>\n<\/div>\n<\/div>\n<\/div>\n<\/div>\n<\/div>\n<\/div>\n<\/div>\n<\/blockquote>\n<h4>(Bitte Links der Bilder anklicken)<\/h4>\n<blockquote>\n<div class=\"html-div xdj266r x14z9mp xat24cr x1lziwak xexx8yu xyri2b x18d9i69 x1c1uobl x1iyjqo2 xeuugli\">\n<div class=\"x78zum5 xdt5ytf xz62fqu x16ldp7u\">\n<div class=\"xu06os2 x1ok221b\">\n<div class=\"html-div xdj266r x14z9mp xat24cr x1lziwak xexx8yu xyri2b x18d9i69 x1c1uobl\" data-ad-rendering-role=\"profile_name\">\n<p>&nbsp;<\/p>\n<\/div>\n<\/div>\n<\/div>\n<\/div>\n<\/blockquote>\n<\/div>\n\t\t<div class=\"mc-location\"><div class=\"address location vcard\"><div class='map'><a href='https:\/\/maps.google.com\/maps?z=16&amp;daddr=Obere-Masch-Stra\u00dfe+10++G\u00f6ttingen++37073+' class='url external'><span class='mc-icon' aria-hidden='true'><\/span>Karte<span class='screen-reader-text fn'> OM10<\/span><\/a><\/div><\/div><\/div>\n\t\t<div class=\"sharing\">\t<p class='mc-details'><a aria-label='Weiterlesen: 04.03.2026, NBZ Holtenser Berg: tauschcaf\u00e9 (Bargeld) in OM10' href='https:\/\/rt-europaallee.de\/wordpress\/my-calendar\/?mc_id=30543'>Weiterlesen<\/a><\/p>\n<\/div><\/div><!--end .details--><\/article>\n<\/td>\n<td id='calendar-2026-04-15' class='mc-events mittwoch mi past-day past-date   has-events author3 mcat_general mcat_sonstiges day-with-date'><div class='mc-date-container'>\n\t<span class='mc-date'><span aria-hidden='true' class='mc-day-number'>15<\/span><span class='screen-reader-text mc-day-date'>15. April 2026<\/span><span class=\"event-icon\" aria-hidden=\"true\">&#9679;&#9679;<\/span><span class=\"screen-reader-text\"><span class=\"mc-list-details event-count\">(2 Veranstaltungen)<\/span><\/span><\/span><\/div><article id='mc_calendar_15_30605-calendar-30605' class='mc-mc_calendar_30605 calendar-event mc_general mc_stadtlabor-gttingen-wilhelmspl-3-37073-gttingen  on-now mc_primary_general nonrecurring mc-3-wochen mc-start-00-00 ungrouped mc-event-4583 mc-events multidate mc-event mc_rel_general'><header>\t<h3 class='event-title summary' id='mc_30605-title-my-calendar'><button type='button' id='modal-button-mc_calendar_15_30605-calendar-details-30605' data-modal-content-id='mc_calendar_15_30605-calendar-details-30605' data-modal-prefix-class='my-calendar' data-modal-close-text='Schlie\u00dfen' data-modal-title='16.03.2026, Ausstellung: Der NS-V\u00f6lkermord an den Roma in der besetzten Sowjetunion' aria-controls='mc_calendar_15_30605-calendar-details-30605' class='calendar mc-modal button button-link url summary has-image'><svg style=\"fill:#000000\" focusable=\"false\" role=\"img\" aria-labelledby=\"cat_30605\" class=\"category-icon\" xmlns=\"http:\/\/www.w3.org\/2000\/svg\" viewBox=\"0 0 448 512\"><!-- Font Awesome Free 5.15.3 by @fontawesome - https:\/\/fontawesome.com License - https:\/\/fontawesome.com\/license\/free (Icons: CC BY 4.0, Fonts: SIL OFL 1.1, Code: MIT License) --><title id='cat_30605'>Kategorie: General<\/title><path d=\"M12 192h424c6.6 0 12 5.4 12 12v260c0 26.5-21.5 48-48 48H48c-26.5 0-48-21.5-48-48V204c0-6.6 5.4-12 12-12zm436-44v-36c0-26.5-21.5-48-48-48h-48V12c0-6.6-5.4-12-12-12h-40c-6.6 0-12 5.4-12 12v52H160V12c0-6.6-5.4-12-12-12h-40c-6.6 0-12 5.4-12 12v52H48C21.5 64 0 85.5 0 112v36c0 6.6 5.4 12 12 12h424c6.6 0 12-5.4 12-12z\"\/><\/svg> <div>16.03.2026, Ausstellung: Der NS-V\u00f6lkermord an den Roma in der besetzten Sowjetunion<\/div><\/button><\/h3>\n<\/header><div id='mc_calendar_15_30605-calendar-details-30605' class='details no-image uses-modal single-details'  aria-labelledby='mc_30605-title-my-calendar'>\n\t<button type='button' aria-controls='mc_calendar_15_30605-calendar-details-30605' class='mc-toggle close'><span class='dashicons dashicons-dismiss' aria-hidden='true'><\/span><span class='screen-reader-text'>Close<\/span><\/button>\n\t\r\n\t<div class='time-block'>\r\n\t\t<span class='mc-icon' aria-hidden='true'><\/span>\r\n\t\t<p><span class=\"time-wrapper\"> <span class='event-time'><abbr title='Nicht zutreffend'>n.\u00a0a.<\/abbr><\/span>  <\/span><br \/><span class=\"date-wrapper\"><span class='mc-start-date dtstart' title='2026-04-10T00:00:00+02:00' content='2026-04-10T00:00:00+02:00'>10. April 2026<\/span> <span class='date-separator'> &ndash; <\/span> <span class=\"event-time dtend\">30. April 2026<\/span><\/span><\/p>\r\n\t<\/div>\n\t\t<div class='longdesc description'><p>Siehe:\u00a0<a href=\"https:\/\/rt-europaallee.de\/wordpress\/2026\/03\/stadt-goettingen-internationale-wochen-gegen-rassismus-veranstaltungen-in-der-stadt-goettingen\/\">https:\/\/rt-europaallee.de\/wordpress\/2026\/03\/stadt-goettingen-internationale-wochen-gegen-rassismus-veranstaltungen-in-der-stadt-goettingen\/<\/a><\/p>\n<p><img decoding=\"async\" class=\"emoji\" role=\"img\" src=\"https:\/\/s.w.org\/images\/core\/emoji\/17.0.2\/svg\/27a1.svg\" alt=\"\u27a1\ufe0f\" \/><\/p>\n<blockquote><p>(Quelle:\u00a0<a href=\"https:\/\/www.goettingen.de\/portal\/meldungen\/internationale-wochen-gegen-rassismus-veranstaltungen-in-der-stadt-goettingen-900004830-25480.html?utm_source=copilot.com\">https:\/\/www.goettingen.de\/portal\/meldungen\/internationale-wochen-gegen-rassismus-veranstaltungen-in-der-stadt-goettingen-900004830-25480.html?utm_source=copilot.com<\/a>)<\/p>\n<blockquote>\n<div class=\"fusstext fusstext_oben\">\n<p><span class=\"create\">06.03.2026<\/span><span class=\"modified\">\u00a0| ge\u00e4ndert am 12.03.2026<\/span><\/p>\n<div><\/div>\n<\/div>\n<h3 class=\"kontrast-bild\">Internationale Wochen gegen Rassismus \u2013 Veranstaltungen in der Stadt G\u00f6ttingen<\/h3>\n<div id=\"nolis_content_site\" class=\"nolis_content_site\">\n<p class=\"anreisser_detail\"><strong>Zum 31. Mal finden die bundesweiten Internationalen Wochen gegen Rassismus von Montag bis Sonntag, 16. bis 29. M\u00e4rz 2026, statt. Das diesj\u00e4hrige Motto lautet \u201e100 Prozent Menschenw\u00fcrde. Zusammen gegen Rassismus und Rechtsextremismus\u201c. Der diesj\u00e4hrige Botschafter der Aktionswochen ist Prof. Dr. Matthias Quent. Hier gibt es einen \u00dcberblick \u00fcber die Veranstaltungen in der Stadt G\u00f6ttingen.<\/strong><\/p>\n<h3>...<\/h3>\n<p>Freitag, 10. April bis Donnerstag, 30. April 2026<br \/>\n<strong>Der NS-V\u00f6lkermord an den Roma in der besetzten Sowjetunion<\/strong><br \/>\n<strong>Ausstellung im Stadtlabor<\/strong><\/p>\n<p>Ort: Stadtlabor, Wilhelmsplatz 3, 37073 G\u00f6ttingen<br \/>\nVeranstalter*in: Roma Center e. V.<br \/>\nEintritt: frei<br \/>\nAnmeldung: nicht erforderlich.\u00a0<a class=\"link_katalog nolis-link-extern\" href=\"https:\/\/roma-center.de\/\" target=\"_blank\">Die \u00d6ffnungszeiten der Ausstellung sind hier aufgef\u00fchrt<\/a>.<\/p>\n<p>Am Freitag, 10. April 2026 um 18.00 Uhr er\u00f6ffnen Roma Center und Bildungswerk f\u00fcr Erinnerungsarbeit und Frieden die Ausstellung \u201eGenozid an Roma auf dem Gebiet der besetzten Sowjetunion 1941\u20131944\u201c im Stadtlabor. Grundlage sind 200 Interviews mit \u00dcberlebenden und ihren Kindern aus der Ukraine, Belarus, Russland, Rum\u00e4nien und Moldau. Sie erz\u00e4hlen von Verfolgung und Widerstand der Roma nach dem \u00dcberfall auf die Sowjetunion.<\/p>\n<h3>...<\/h3>\n<\/div>\n<\/blockquote>\n<\/blockquote>\n<blockquote>\n<h3><\/h3>\n<\/blockquote>\n<\/div>\n\t\t<div class=\"mc-location\"><div class=\"address location vcard\"><div class='map'><a href='https:\/\/www.google.com\/maps\/place\/Stadtlabor+G%C3%B6ttingen\/@51.5334069,9.9374107,20.79z\/data=!3m1!5s0x47a4d495880e01c3:0x2da49c3266d39a0d!4m15!1m8!3m7!1s0x47a4d49588f818f7:0x3eeeb28ecd9fdbb0!2sWilhelmspl.+3,+37073+G%C3%B6ttingen!3b1!8m2!3d51.5334334!4d9.9374974!16s%2Fg%2F11cscfk8zz!3m5!1s0x47a4d5950eff9b5b:0xc068ed179b6e3c99!8m2!3d51.5335141!4d9.9376129!16s%2Fg%2F11v3znlf2z?entry=ttu' class='url external'><span class='mc-icon' aria-hidden='true'><\/span>Karte<span class='screen-reader-text fn'> Stadtlabor G\u00f6ttingen, Wilhelmspl. 3, 37073 G\u00f6ttingen<\/span><\/a><\/div><\/div><\/div>\n\t\t<div class=\"sharing\">\t<p class='mc-details'><a aria-label='Weiterlesen: 16.03.2026, Ausstellung: Der NS-V\u00f6lkermord an den Roma in der besetzten Sowjetunion' href='https:\/\/rt-europaallee.de\/wordpress\/my-calendar\/?mc_id=30605'>Weiterlesen<\/a><\/p>\n<\/div><\/div><!--end .details--><\/article><article id='mc_calendar_15_30637-calendar-30637' class='mc-mc_calendar_30637 calendar-event mc_sonstiges mc_location-394  past-event mc_primary_sonstiges nonrecurring mc-1-stunde mc-start-14-00 ungrouped mc-event-4604 mc-events mc-event mc_rel_sonstiges'><header>\t<h3 class='event-title summary' id='mc_30637-title-my-calendar'><button type='button' id='modal-button-mc_calendar_15_30637-calendar-details-30637' data-modal-content-id='mc_calendar_15_30637-calendar-details-30637' data-modal-prefix-class='my-calendar' data-modal-close-text='Schlie\u00dfen' data-modal-title='26.03.2026, G\u00f6VB: \u00d6ffentliches Rollatortraining' aria-controls='mc_calendar_15_30637-calendar-details-30637' class='calendar mc-modal button button-link url summary has-image'><svg style=\"fill:#000000\" focusable=\"false\" role=\"img\" aria-labelledby=\"cat_30637\" class=\"category-icon\" xmlns=\"http:\/\/www.w3.org\/2000\/svg\" viewBox=\"0 0 576 512\"><!-- Font Awesome Free 5.15.3 by @fontawesome - https:\/\/fontawesome.com License - https:\/\/fontawesome.com\/license\/free (Icons: CC BY 4.0, Fonts: SIL OFL 1.1, Code: MIT License) --><title id='cat_30637'>Kategorie: Sonstiges<\/title><path d=\"M259.3 17.8L194 150.2 47.9 171.5c-26.2 3.8-36.7 36.1-17.7 54.6l105.7 103-25 145.5c-4.5 26.3 23.2 46 46.4 33.7L288 439.6l130.7 68.7c23.2 12.2 50.9-7.4 46.4-33.7l-25-145.5 105.7-103c19-18.5 8.5-50.8-17.7-54.6L382 150.2 316.7 17.8c-11.7-23.6-45.6-23.9-57.4 0z\"\/><\/svg> <div>26.03.2026, G\u00f6VB: \u00d6ffentliches Rollatortraining<\/div><\/button><\/h3>\n<\/header><div id='mc_calendar_15_30637-calendar-details-30637' class='details no-image uses-modal single-details'  aria-labelledby='mc_30637-title-my-calendar'>\n\t<button type='button' aria-controls='mc_calendar_15_30637-calendar-details-30637' class='mc-toggle close'><span class='dashicons dashicons-dismiss' aria-hidden='true'><\/span><span class='screen-reader-text'>Close<\/span><\/button>\n\t\r\n\t<div class='time-block'>\r\n\t\t<span class='mc-icon' aria-hidden='true'><\/span>\r\n\t\t<p><span class=\"time-wrapper\"><span class='event-time dtstart'><time class='value-title' datetime='2026-04-15T14:00:00+02:00' title='2026-04-15T14:00:00+02:00'>14:00<\/time><\/span> <span class='time-separator'> &ndash; <\/span> <span class='end-time dtend'> <time class='value-title' datetime='2026-04-15T15:00:00+02:00' title='2026-04-15T15:00:00+02:00'>15:00<\/time><\/span><\/span><br \/><span class=\"date-wrapper\"><span class='mc-start-date dtstart' title='2026-04-15T14:00:00+02:00' content='2026-04-15T14:00:00+02:00'>15. April 2026<\/span>  <\/span><\/p>\r\n\t<\/div>\n\t\t<div class='longdesc description'><p>(Quelle: <a href=\"https:\/\/www.facebook.com\/goevb\/posts\/pfbid02u5j5pqVPxYyDQJsmC5H1wTpQ1LVf3PEbpZkUAHFoM3NxdZy2jkZmz8oTTSro7dUHl?notif_id=1774552322661985&amp;notif_t=notify_me_page&amp;ref=notif\">https:\/\/www.facebook.com\/goevb\/posts\/pfbid02u5j5pqVPxYyDQJsmC5H1wTpQ1LVf3PEbpZkUAHFoM3NxdZy2jkZmz8oTTSro7dUHl?notif_id=1774552322661985&amp;notif_t=notify_me_page&amp;ref=notif<\/a>)<\/p>\n<p>&nbsp;<\/p>\n<p><strong>ehemaliger Hubschrauberlandeplatz des Ev. Krankenhaus Weende, die Zufahrt erfolgt am besten \u00fcber \u201cAm Papenberg - <a href=\"https:\/\/www.google.com\/maps\/place\/MVZ+Weende+%7C+MVZ+Gesundheitspark\/@51.5547281,9.9447685,140m\/data=!3m1!1e3!4m6!3m5!1s0x47a4d4dfba062455:0xa763a2f5a00718c4!8m2!3d51.5549279!4d9.9462533!16s%2Fg%2F1tsyj67q?entry=ttu&amp;g_ep=EgoyMDI2MDMyMy4xIKXMDSoASAFQAw%3D%3D\">MVZ Gesundheitspark<\/a>, Haus 4\u201d.<\/strong><\/p>\n<blockquote>\n<div class=\"html-div xdj266r x14z9mp xat24cr x1lziwak xexx8yu xyri2b x18d9i69 x1c1uobl\">\n<div class=\"html-div xdj266r x14z9mp x1lziwak x18d9i69 x1cy8zhl x78zum5 x1q0g3np xod5an3 xz9dl7a x1g0dm76 xpdmqnj\">\n<div class=\"html-div xdj266r x14z9mp xat24cr x1lziwak xexx8yu xyri2b x18d9i69 x1c1uobl x1iyjqo2 xeuugli\">\n<div class=\"x78zum5 xdt5ytf xz62fqu x16ldp7u\">\n<div class=\"xu06os2 x1ok221b\">\n<div class=\"html-div xdj266r x14z9mp xat24cr x1lziwak xexx8yu xyri2b x18d9i69 x1c1uobl\" data-ad-rendering-role=\"profile_name\">\n<h3 class=\"html-h3 x14z9mp xat24cr x1lziwak xexx8yu xyri2b x18d9i69 x1c1uobl x1vvkbs x1heor9g x1qlqyl8 x1pd3egz x1a2a7pz x1gslohp x1yc453h\"><span class=\"x78zum5 x1q0g3np\"><span class=\"x1lliihq x6ikm8r x10wlt62 x1n2onr6 xlyipyv xuxw1ft\"><span class=\"xt0psk2\"><span class=\"xjp7ctv\"><a class=\"x1i10hfl xjbqb8w x1ejq31n x18oe1m7 x1sy0etr xstzfhl x972fbf x10w94by x1qhh985 x14e42zd x9f619 x1ypdohk xt0psk2 x3ct3a4 xdj266r x14z9mp xat24cr x1lziwak xexx8yu xyri2b x18d9i69 x1c1uobl x16tdsg8 x1hl2dhg xggy1nq x1a2a7pz xkrqix3 x1sur9pj xzsf02u x1s688f\" href=\"https:\/\/www.facebook.com\/goevb?__cft__[0]=AZaoYq2UuSSXoc0vazSH3U3HrWjdLmLi2t6aKj2oCSQFIcPo28DOC-SxEWDoQSFURLM1wYlCDpP_dJvw1GbSU1ugqMJm3YwxVZJ867U0zcM4wH57nDEzbu97v8a_yEepahhUJcyUFoL_2rMSBZD3z9b176vkSRvwz_mrjQpfDTbJAQ&amp;__tn__=-UC%2CP-R\"><b class=\"html-b xdj266r x14z9mp xat24cr x1lziwak xexx8yu xyri2b x18d9i69 x1c1uobl x1hl2dhg x16tdsg8 x1vvkbs x1s688f\"><span class=\"html-span xdj266r x14z9mp xat24cr x1lziwak xexx8yu xyri2b x18d9i69 x1c1uobl x1hl2dhg x16tdsg8 x1vvkbs\">G\u00f6VB - G\u00f6ttinger Verkehrsbetriebe<\/span><\/b><\/a><\/span><\/span><\/span><\/span><\/h3>\n<\/div>\n<\/div>\n<\/div>\n<\/div>\n<div class=\"xqcrz7y x78zum5 x1qx5ct2 x1y1aw1k xf159sx xwib8y2 xmzvs34 xw4jnvo\">\n<div><\/div>\n<\/div>\n<\/div>\n<\/div>\n<div class=\"html-div xdj266r x14z9mp xat24cr x1lziwak xexx8yu xyri2b x18d9i69 x1c1uobl\">\n<div class=\"html-div xdj266r x14z9mp xat24cr x1lziwak xexx8yu xyri2b x18d9i69 x1c1uobl\" dir=\"auto\">\n<div class=\"html-div xdj266r x14z9mp xat24cr x1lziwak xexx8yu xyri2b x18d9i69 x1c1uobl\" data-ad-rendering-role=\"story_message\">\n<div class=\"x1l90r2v x1iorvi4 x1g0dm76 xpdmqnj\" data-ad-comet-preview=\"message\" data-ad-preview=\"message\">\n<div class=\"x78zum5 xdt5ytf xz62fqu x16ldp7u\">\n<div class=\"xu06os2 x1ok221b\">\n<div class=\"html-div xdj266r x14z9mp xat24cr x1lziwak xexx8yu xyri2b x18d9i69 x1c1uobl\">\n<div class=\"xdj266r x14z9mp xat24cr x1lziwak x1vvkbs x126k92a\">\n<div dir=\"auto\"><span class=\"html-span xexx8yu xyri2b x18d9i69 x1c1uobl x1hl2dhg x16tdsg8 x1vvkbs x3nfvp2 x1j61x8r x1fcty0u xdj266r xat24cr xm2jcoa x1mpyi22 xxymvpz xlup9mm x1kky2od\"><img loading=\"lazy\" decoding=\"async\" class=\"xz74otr x15mokao x1ga7v0g x16uus16 xbiv7yw\" src=\"https:\/\/static.xx.fbcdn.net\/images\/emoji.php\/v9\/t51\/1\/16\/1f449.png\" alt=\"\ud83d\udc49\" width=\"16\" height=\"16\" \/><\/span>Angebot: Rollatortraining<span class=\"html-span xexx8yu xyri2b x18d9i69 x1c1uobl x1hl2dhg x16tdsg8 x1vvkbs x3nfvp2 x1j61x8r x1fcty0u xdj266r xat24cr xm2jcoa x1mpyi22 xxymvpz xlup9mm x1kky2od\"><img loading=\"lazy\" decoding=\"async\" class=\"xz74otr x15mokao x1ga7v0g x16uus16 xbiv7yw\" src=\"https:\/\/static.xx.fbcdn.net\/images\/emoji.php\/v9\/td0\/1\/16\/1f448.png\" alt=\"\ud83d\udc48\" width=\"16\" height=\"16\" \/><\/span><\/div>\n<div dir=\"auto\">**********************************<\/div>\n<div dir=\"auto\">Wer einen Rollator nutzt und das Ein- und Aussteigen aus einem Bus mal in Ruhe \u00fcben m\u00f6chte, der kann gerne am 15.04.26 zu einem \u00f6ffentlichen und kostenlosen Training kommen. Mehr dazu in unseren News!<\/div>\n<\/div>\n<\/div>\n<\/div>\n<\/div>\n<\/div>\n<\/div>\n<\/div>\n<div class=\"html-div xdj266r x14z9mp xat24cr x1lziwak xexx8yu xyri2b x18d9i69 x1c1uobl x1n2onr6\">\n<div class=\"html-div xdj266r x14z9mp xat24cr x1lziwak xexx8yu xyri2b x18d9i69 x1c1uobl x1n2onr6\">\n<div class=\"xmjcpbm x1n2onr6\">\n<div class=\"x78zum5 x14ju556 x6ikm8r x10wlt62 x1n2onr6\" data-ad-rendering-role=\"image\">\n<div class=\"x6s0dn4 x1jx94hy x78zum5 xdt5ytf x6ikm8r x10wlt62 x1n2onr6 xh8yej3\">\n<div>\n<div class=\"xqtp20y x6ikm8r x10wlt62 x1n2onr6\">\n<div class=\"x10l6tqk x13vifvy\"><img loading=\"lazy\" decoding=\"async\" class=\"x15mokao x1ga7v0g x16uus16 xbiv7yw x1ey2m1c x5yr21d xtijo5x x1o0tod x10l6tqk x13vifvy xh8yej3 xl1xv1r\" src=\"https:\/\/external-ham3-1.xx.fbcdn.net\/emg1\/v\/t13\/5649444818863781827?url=https%3A%2F%2Fwww.goevb.de%2Ffileadmin%2F_processed_%2F7%2Ff%2Fcsm_PXL_20250715_113826857_325a47b58a.jpg&amp;fb_obo=1&amp;utld=goevb.de&amp;stp=c0.5000x0.5000f_dst-jpg_flffffff_p500x261_q75_tt6&amp;_nc_gid=E6XdbbeGiujZxCifWZ2lNQ&amp;_nc_oc=Adq2fJNEPbbIa4ZNHaiNsxM7AComXyiOJkp1s60dl4giUNz5HgZhyjyCeFVzUeRl7qB8krWJQ7MbjKZTEQTdRp1x&amp;ccb=13-1&amp;oh=06_Q3-9AaoIhwuN5pzApPSAlnv9dNG2_Ysii9ziGl4psj0W-fJj&amp;oe=69C7632A&amp;_nc_sid=c97757\" alt=\"\u00d6ffentliches Rollatortraining am 15.04.26\" width=\"500\" height=\"261\" data-imgperflogname=\"feedImage\" \/><\/div>\n<\/div>\n<\/div>\n<\/div>\n<div class=\"x1nb4dca x1q0q8m5 xso031l x1exxf4d x13fuv20 x178xt8z x1ey2m1c x9f619 xtijo5x x1o0tod x47corl x10l6tqk x13vifvy\"><\/div>\n<\/div>\n<\/div>\n<div class=\"x10l6tqk xzkaem6 xxt37ne xys98vm\">\n<div class=\"x1i10hfl xjbqb8w x1ejq31n x18oe1m7 x1sy0etr xstzfhl x972fbf x10w94by x1qhh985 x14e42zd x9f619 x1ypdohk xt0psk2 x3ct3a4 xdj266r x14z9mp xat24cr x1lziwak xexx8yu xyri2b x18d9i69 x1c1uobl x16tdsg8 x1hl2dhg xggy1nq x1a2a7pz x1heor9g xkrqix3 x1sur9pj x1s688f\" role=\"button\" aria-label=\"Mehr\">\n<div class=\"x6s0dn4 x1jx94hy x1exxf4d xpv9jar x1nb4dca x1nmn18 x12l2aii x1mbk4o x14vvt0a x1w3ol1v x13fuv20 x18b5jzi x1q0q8m5 x1t7ytsu x178xt8z x1lun4ml xso031l xpilrb4 xzsf02u x78zum5 x1fgtraw xl56j7k xgd8bvy\"><\/div>\n<\/div>\n<\/div>\n<\/div>\n<div class=\"html-div xdj266r x14z9mp xat24cr x1lziwak xexx8yu xyri2b x18d9i69 x1c1uobl x6ikm8r x10wlt62\">\n<div class=\"x1n2onr6\">\n<div class=\"html-div xdj266r x14z9mp xat24cr x1lziwak xexx8yu xyri2b x18d9i69 x1c1uobl xmjcpbm x1n2onr6 x1lku1pv\">\n<div class=\"x9f619 x1ja2u2z x78zum5 x2lah0s x1n2onr6 x1qughib x6s0dn4 xozqiw3 x1q0g3np x1ws5yxj xw01apr xsag5q8 xv54qhq xf7dkkf xz9dl7a\">\n<div class=\"x9f619 x1n2onr6 x1ja2u2z x193iq5w xeuugli x1r8uery x1iyjqo2 xs83m0k x1icxu4v x25sj25\">\n<div class=\"html-div xdj266r x14z9mp x1lziwak xexx8yu xyri2b x18d9i69 x1c1uobl x1e56ztr xtvhhri\" data-ad-rendering-role=\"meta\"><span class=\"x193iq5w xeuugli x13faqbe x1vvkbs x1xmvt09 x1lliihq x1s928wv xhkezso x1gmr53x x1cpjm7i x1fgarty x1943h6x x4zkp8e x3x7a5m x1nxh6w3 x1sibtaa xo1l8bm xi81zsa\" dir=\"auto\"><span class=\"x1lliihq x6ikm8r x10wlt62 x1n2onr6 xlyipyv xuxw1ft x1j85h84\">goevb.de<\/span><\/span><\/div>\n<div class=\"html-div x14z9mp x1lziwak xyri2b x1c1uobl x4vbgl9 x1rdy4ex x6ikm8r x10wlt62 xjkvuk6 x1iorvi4\">\n<div class=\"x78zum5 xdt5ytf xz62fqu x16ldp7u\">\n<div class=\"xu06os2 x1ok221b\"><a href=\"https:\/\/www.goevb.de\/service\/news\/details\/oeffentliches-rollatortraining-am-150426?fbclid=IwY2xjawQyahBleHRuA2FlbQIxMQBzcnRjBmFwcF9pZBAyMjIwMzkxNzg4MjAwODkyAAEeV97R1Gms3WruC_HzKtmSb9QYJ_yqewfzXiGSRQ5M5SQ-bTVbp0hhjZtAqrI_aem_yexV2CKKof5zYvn7rwZ9gw\"><span class=\"x193iq5w xeuugli x13faqbe x1vvkbs x1xmvt09 x1lliihq x1s928wv xhkezso x1gmr53x x1cpjm7i x1fgarty x1943h6x xudqn12 x3x7a5m x1lkfr7t x1lbecb7 x1s688f xzsf02u x1yc453h\" dir=\"auto\"><span class=\"x1lliihq x6ikm8r x10wlt62 x1n2onr6 x1j85h84\"><span class=\"html-span xdj266r x14z9mp xat24cr x1lziwak xexx8yu xyri2b x18d9i69 x1c1uobl x1hl2dhg x16tdsg8 x1vvkbs\" data-ad-rendering-role=\"title\"><span class=\"html-span xdj266r x14z9mp xat24cr x1lziwak xexx8yu xyri2b x18d9i69 x1c1uobl x1hl2dhg x16tdsg8 x1vvkbs\" dir=\"auto\">\u00d6ffentliches Rollatortraining am 15.04.26<\/span><\/span><\/span><\/span><\/a><\/div>\n<\/div>\n<\/div>\n<\/div>\n<\/div>\n<\/div>\n<\/div>\n<\/div>\n<\/div>\n<\/div>\n<\/blockquote>\n<div><\/div>\n<div><\/div>\n<div><\/div>\n<h3><a href=\"https:\/\/www.goevb.de\/fileadmin\/user_upload\/Service\/News\/Rollatortraining_15.04.26_Flyer.pdf\">Info-Plakat Rollatortraining<\/a><\/h3>\n<\/div>\n\t\t<div class=\"sharing\">\t<p class='mc-details'><a aria-label='Weiterlesen: 26.03.2026, G\u00f6VB: \u00d6ffentliches Rollatortraining' href='https:\/\/rt-europaallee.de\/wordpress\/my-calendar\/?mc_id=30637'>Weiterlesen<\/a><\/p>\n<\/div><\/div><!--end .details--><\/article>\n<\/td>\n<td id='calendar-2026-04-16' class='mc-events donnerstag do past-day past-date   has-events author3 mcat_general mcat_info day-with-date'><div class='mc-date-container'>\n\t<span class='mc-date'><span aria-hidden='true' class='mc-day-number'>16<\/span><span class='screen-reader-text mc-day-date'>16. April 2026<\/span><span class=\"event-icon\" aria-hidden=\"true\">&#9679;&#9679;<\/span><span class=\"screen-reader-text\"><span class=\"mc-list-details event-count\">(3 Veranstaltungen)<\/span><\/span><\/span><\/div><article id='mc_calendar_16_30605-calendar-30605' class='mc-mc_calendar_30605 calendar-event mc_general mc_stadtlabor-gttingen-wilhelmspl-3-37073-gttingen  on-now mc_primary_general nonrecurring mc-3-wochen mc-start-00-00 ungrouped mc-event-4583 mc-events multidate mc-event mc_rel_general'><header>\t<h3 class='event-title summary' id='mc_30605-title-my-calendar'><button type='button' id='modal-button-mc_calendar_16_30605-calendar-details-30605' data-modal-content-id='mc_calendar_16_30605-calendar-details-30605' data-modal-prefix-class='my-calendar' data-modal-close-text='Schlie\u00dfen' data-modal-title='16.03.2026, Ausstellung: Der NS-V\u00f6lkermord an den Roma in der besetzten Sowjetunion' aria-controls='mc_calendar_16_30605-calendar-details-30605' class='calendar mc-modal button button-link url summary has-image'><svg style=\"fill:#000000\" focusable=\"false\" role=\"img\" aria-labelledby=\"cat_30605\" class=\"category-icon\" xmlns=\"http:\/\/www.w3.org\/2000\/svg\" viewBox=\"0 0 448 512\"><!-- Font Awesome Free 5.15.3 by @fontawesome - https:\/\/fontawesome.com License - https:\/\/fontawesome.com\/license\/free (Icons: CC BY 4.0, Fonts: SIL OFL 1.1, Code: MIT License) --><title id='cat_30605'>Kategorie: General<\/title><path d=\"M12 192h424c6.6 0 12 5.4 12 12v260c0 26.5-21.5 48-48 48H48c-26.5 0-48-21.5-48-48V204c0-6.6 5.4-12 12-12zm436-44v-36c0-26.5-21.5-48-48-48h-48V12c0-6.6-5.4-12-12-12h-40c-6.6 0-12 5.4-12 12v52H160V12c0-6.6-5.4-12-12-12h-40c-6.6 0-12 5.4-12 12v52H48C21.5 64 0 85.5 0 112v36c0 6.6 5.4 12 12 12h424c6.6 0 12-5.4 12-12z\"\/><\/svg> <div>16.03.2026, Ausstellung: Der NS-V\u00f6lkermord an den Roma in der besetzten Sowjetunion<\/div><\/button><\/h3>\n<\/header><div id='mc_calendar_16_30605-calendar-details-30605' class='details no-image uses-modal single-details'  aria-labelledby='mc_30605-title-my-calendar'>\n\t<button type='button' aria-controls='mc_calendar_16_30605-calendar-details-30605' class='mc-toggle close'><span class='dashicons dashicons-dismiss' aria-hidden='true'><\/span><span class='screen-reader-text'>Close<\/span><\/button>\n\t\r\n\t<div class='time-block'>\r\n\t\t<span class='mc-icon' aria-hidden='true'><\/span>\r\n\t\t<p><span class=\"time-wrapper\"> <span class='event-time'><abbr title='Nicht zutreffend'>n.\u00a0a.<\/abbr><\/span>  <\/span><br \/><span class=\"date-wrapper\"><span class='mc-start-date dtstart' title='2026-04-10T00:00:00+02:00' content='2026-04-10T00:00:00+02:00'>10. April 2026<\/span> <span class='date-separator'> &ndash; <\/span> <span class=\"event-time dtend\">30. April 2026<\/span><\/span><\/p>\r\n\t<\/div>\n\t\t<div class='longdesc description'><p>Siehe:\u00a0<a href=\"https:\/\/rt-europaallee.de\/wordpress\/2026\/03\/stadt-goettingen-internationale-wochen-gegen-rassismus-veranstaltungen-in-der-stadt-goettingen\/\">https:\/\/rt-europaallee.de\/wordpress\/2026\/03\/stadt-goettingen-internationale-wochen-gegen-rassismus-veranstaltungen-in-der-stadt-goettingen\/<\/a><\/p>\n<p><img decoding=\"async\" class=\"emoji\" role=\"img\" src=\"https:\/\/s.w.org\/images\/core\/emoji\/17.0.2\/svg\/27a1.svg\" alt=\"\u27a1\ufe0f\" \/><\/p>\n<blockquote><p>(Quelle:\u00a0<a href=\"https:\/\/www.goettingen.de\/portal\/meldungen\/internationale-wochen-gegen-rassismus-veranstaltungen-in-der-stadt-goettingen-900004830-25480.html?utm_source=copilot.com\">https:\/\/www.goettingen.de\/portal\/meldungen\/internationale-wochen-gegen-rassismus-veranstaltungen-in-der-stadt-goettingen-900004830-25480.html?utm_source=copilot.com<\/a>)<\/p>\n<blockquote>\n<div class=\"fusstext fusstext_oben\">\n<p><span class=\"create\">06.03.2026<\/span><span class=\"modified\">\u00a0| ge\u00e4ndert am 12.03.2026<\/span><\/p>\n<div><\/div>\n<\/div>\n<h3 class=\"kontrast-bild\">Internationale Wochen gegen Rassismus \u2013 Veranstaltungen in der Stadt G\u00f6ttingen<\/h3>\n<div id=\"nolis_content_site\" class=\"nolis_content_site\">\n<p class=\"anreisser_detail\"><strong>Zum 31. Mal finden die bundesweiten Internationalen Wochen gegen Rassismus von Montag bis Sonntag, 16. bis 29. M\u00e4rz 2026, statt. Das diesj\u00e4hrige Motto lautet \u201e100 Prozent Menschenw\u00fcrde. Zusammen gegen Rassismus und Rechtsextremismus\u201c. Der diesj\u00e4hrige Botschafter der Aktionswochen ist Prof. Dr. Matthias Quent. Hier gibt es einen \u00dcberblick \u00fcber die Veranstaltungen in der Stadt G\u00f6ttingen.<\/strong><\/p>\n<h3>...<\/h3>\n<p>Freitag, 10. April bis Donnerstag, 30. April 2026<br \/>\n<strong>Der NS-V\u00f6lkermord an den Roma in der besetzten Sowjetunion<\/strong><br \/>\n<strong>Ausstellung im Stadtlabor<\/strong><\/p>\n<p>Ort: Stadtlabor, Wilhelmsplatz 3, 37073 G\u00f6ttingen<br \/>\nVeranstalter*in: Roma Center e. V.<br \/>\nEintritt: frei<br \/>\nAnmeldung: nicht erforderlich.\u00a0<a class=\"link_katalog nolis-link-extern\" href=\"https:\/\/roma-center.de\/\" target=\"_blank\">Die \u00d6ffnungszeiten der Ausstellung sind hier aufgef\u00fchrt<\/a>.<\/p>\n<p>Am Freitag, 10. April 2026 um 18.00 Uhr er\u00f6ffnen Roma Center und Bildungswerk f\u00fcr Erinnerungsarbeit und Frieden die Ausstellung \u201eGenozid an Roma auf dem Gebiet der besetzten Sowjetunion 1941\u20131944\u201c im Stadtlabor. Grundlage sind 200 Interviews mit \u00dcberlebenden und ihren Kindern aus der Ukraine, Belarus, Russland, Rum\u00e4nien und Moldau. Sie erz\u00e4hlen von Verfolgung und Widerstand der Roma nach dem \u00dcberfall auf die Sowjetunion.<\/p>\n<h3>...<\/h3>\n<\/div>\n<\/blockquote>\n<\/blockquote>\n<blockquote>\n<h3><\/h3>\n<\/blockquote>\n<\/div>\n\t\t<div class=\"mc-location\"><div class=\"address location vcard\"><div class='map'><a href='https:\/\/www.google.com\/maps\/place\/Stadtlabor+G%C3%B6ttingen\/@51.5334069,9.9374107,20.79z\/data=!3m1!5s0x47a4d495880e01c3:0x2da49c3266d39a0d!4m15!1m8!3m7!1s0x47a4d49588f818f7:0x3eeeb28ecd9fdbb0!2sWilhelmspl.+3,+37073+G%C3%B6ttingen!3b1!8m2!3d51.5334334!4d9.9374974!16s%2Fg%2F11cscfk8zz!3m5!1s0x47a4d5950eff9b5b:0xc068ed179b6e3c99!8m2!3d51.5335141!4d9.9376129!16s%2Fg%2F11v3znlf2z?entry=ttu' class='url external'><span class='mc-icon' aria-hidden='true'><\/span>Karte<span class='screen-reader-text fn'> Stadtlabor G\u00f6ttingen, Wilhelmspl. 3, 37073 G\u00f6ttingen<\/span><\/a><\/div><\/div><\/div>\n\t\t<div class=\"sharing\">\t<p class='mc-details'><a aria-label='Weiterlesen: 16.03.2026, Ausstellung: Der NS-V\u00f6lkermord an den Roma in der besetzten Sowjetunion' href='https:\/\/rt-europaallee.de\/wordpress\/my-calendar\/?mc_id=30605'>Weiterlesen<\/a><\/p>\n<\/div><\/div><!--end .details--><\/article><article id='mc_calendar_16_30607-calendar-30607' class='mc-mc_calendar_30607 calendar-event mc_general mc_altes-rathaus-gttingen-gnseliesel  past-event mc_primary_general nonrecurring mc-24-stunden mc-start-00-00 ungrouped mc-event-4585 mc-events mc-event mc_rel_general'><header>\t<h3 class='event-title summary' id='mc_30607-title-my-calendar'><button type='button' id='modal-button-mc_calendar_16_30607-calendar-details-30607' data-modal-content-id='mc_calendar_16_30607-calendar-details-30607' data-modal-prefix-class='my-calendar' data-modal-close-text='Schlie\u00dfen' data-modal-title='16.03.2026, Rassismus an G\u00f6ttinger Schulen \u2013 Was k\u00f6nnen wir tun?' aria-controls='mc_calendar_16_30607-calendar-details-30607' class='calendar mc-modal button button-link url summary has-image'><svg style=\"fill:#000000\" focusable=\"false\" role=\"img\" aria-labelledby=\"cat_30607\" class=\"category-icon\" xmlns=\"http:\/\/www.w3.org\/2000\/svg\" viewBox=\"0 0 448 512\"><!-- Font Awesome Free 5.15.3 by @fontawesome - https:\/\/fontawesome.com License - https:\/\/fontawesome.com\/license\/free (Icons: CC BY 4.0, Fonts: SIL OFL 1.1, Code: MIT License) --><title id='cat_30607'>Kategorie: General<\/title><path d=\"M12 192h424c6.6 0 12 5.4 12 12v260c0 26.5-21.5 48-48 48H48c-26.5 0-48-21.5-48-48V204c0-6.6 5.4-12 12-12zm436-44v-36c0-26.5-21.5-48-48-48h-48V12c0-6.6-5.4-12-12-12h-40c-6.6 0-12 5.4-12 12v52H160V12c0-6.6-5.4-12-12-12h-40c-6.6 0-12 5.4-12 12v52H48C21.5 64 0 85.5 0 112v36c0 6.6 5.4 12 12 12h424c6.6 0 12-5.4 12-12z\"\/><\/svg> <div>16.03.2026, Rassismus an G\u00f6ttinger Schulen \u2013 Was k\u00f6nnen wir tun?<\/div><\/button><\/h3>\n<\/header><div id='mc_calendar_16_30607-calendar-details-30607' class='details no-image uses-modal single-details'  aria-labelledby='mc_30607-title-my-calendar'>\n\t<button type='button' aria-controls='mc_calendar_16_30607-calendar-details-30607' class='mc-toggle close'><span class='dashicons dashicons-dismiss' aria-hidden='true'><\/span><span class='screen-reader-text'>Close<\/span><\/button>\n\t\r\n\t<div class='time-block'>\r\n\t\t<span class='mc-icon' aria-hidden='true'><\/span>\r\n\t\t<p><span class=\"time-wrapper\"> <span class='event-time'><abbr title='Nicht zutreffend'>n.\u00a0a.<\/abbr><\/span>  <\/span><br \/><span class=\"date-wrapper\"><span class='mc-start-date dtstart' title='2026-04-16T00:00:00+02:00' content='2026-04-16T00:00:00+02:00'>16. April 2026<\/span>  <\/span><\/p>\r\n\t<\/div>\n\t\t<div class='longdesc description'><p>Siehe:\u00a0<a href=\"https:\/\/rt-europaallee.de\/wordpress\/2026\/03\/stadt-goettingen-internationale-wochen-gegen-rassismus-veranstaltungen-in-der-stadt-goettingen\/\">https:\/\/rt-europaallee.de\/wordpress\/2026\/03\/stadt-goettingen-internationale-wochen-gegen-rassismus-veranstaltungen-in-der-stadt-goettingen\/<\/a><\/p>\n<p><img decoding=\"async\" class=\"emoji\" role=\"img\" src=\"https:\/\/s.w.org\/images\/core\/emoji\/17.0.2\/svg\/27a1.svg\" alt=\"\u27a1\ufe0f\" \/><\/p>\n<blockquote><p>(Quelle:\u00a0<a href=\"https:\/\/www.goettingen.de\/portal\/meldungen\/internationale-wochen-gegen-rassismus-veranstaltungen-in-der-stadt-goettingen-900004830-25480.html?utm_source=copilot.com\">https:\/\/www.goettingen.de\/portal\/meldungen\/internationale-wochen-gegen-rassismus-veranstaltungen-in-der-stadt-goettingen-900004830-25480.html?utm_source=copilot.com<\/a>)<\/p>\n<blockquote>\n<div class=\"fusstext fusstext_oben\">\n<p><span class=\"create\">06.03.2026<\/span><span class=\"modified\">\u00a0| ge\u00e4ndert am 12.03.2026<\/span><\/p>\n<div><\/div>\n<\/div>\n<h3 class=\"kontrast-bild\">Internationale Wochen gegen Rassismus \u2013 Veranstaltungen in der Stadt G\u00f6ttingen<\/h3>\n<div id=\"nolis_content_site\" class=\"nolis_content_site\">\n<p class=\"anreisser_detail\"><strong>Zum 31. Mal finden die bundesweiten Internationalen Wochen gegen Rassismus von Montag bis Sonntag, 16. bis 29. M\u00e4rz 2026, statt. Das diesj\u00e4hrige Motto lautet \u201e100 Prozent Menschenw\u00fcrde. Zusammen gegen Rassismus und Rechtsextremismus\u201c. Der diesj\u00e4hrige Botschafter der Aktionswochen ist Prof. Dr. Matthias Quent. Hier gibt es einen \u00dcberblick \u00fcber die Veranstaltungen in der Stadt G\u00f6ttingen.<\/strong><\/p>\n<h3>...<\/h3>\n<p>Donnerstag, 16. April 2026, von 16.00 bis 18.00 Uhr<br \/>\n<strong>Rassismus an G\u00f6ttinger Schulen \u2013 Was k\u00f6nnen wir tun?<\/strong><\/p>\n<p>Ort: Neues Rathaus, Ratssaal, Hiroshimaplatz 1-4, 37083 G\u00f6ttingen<br \/>\nVeranstalter*in: Antidiskriminierungsarbeit Stadt und Landkreis G\u00f6ttingen in Kooperation mit BeRBi G\u00f6ttingen (mit Roma Center e. V. und weiteren)<br \/>\nEintritt: frei<br \/>\nAnmeldung:\u00a0<a class=\"link_katalog nolis-link-extern\" href=\"https:\/\/forms.gle\/69QGZnqxB1q2txv87\" target=\"_blank\">\u00fcber das Online-Anmeldeformular<\/a><\/p>\n<p>Alle Interessierten und Engagierten sind eingeladen, gemeinsam dar\u00fcber zu beraten, wie man mit Rassismus in G\u00f6ttingen Schulen umgehen kann. Die Beratungsstelle gegen Rassismus in der Bildung (BeRBi G\u00f6ttingen) fasst den aktuellen Stand zusammen, bevor \u00fcber notwendige Ma\u00dfnahmen diskutiert wird. Moderieren wird das Gespr\u00e4ch Onyeka Oshionwu.<\/p>\n<h3>...<\/h3>\n<\/div>\n<\/blockquote>\n<\/blockquote>\n<blockquote>\n<h3><\/h3>\n<\/blockquote>\n<\/div>\n\t\t<div class=\"mc-location\"><div class=\"address location vcard\"><div class='map'><a href='https:\/\/maps.google.com\/maps?z=16&amp;daddr=Markt+9++G\u00f6ttingen+Niedersachsen+37073+' class='url external'><span class='mc-icon' aria-hidden='true'><\/span>Karte<span class='screen-reader-text fn'> Altes Rathaus G\u00f6ttingen\/ G\u00e4nseliesel<\/span><\/a><\/div><\/div><\/div>\n\t\t<div class=\"sharing\">\t<p class='mc-details'><a aria-label='Weiterlesen: 16.03.2026, Rassismus an G\u00f6ttinger Schulen \u2013 Was k\u00f6nnen wir tun?' href='https:\/\/rt-europaallee.de\/wordpress\/my-calendar\/?mc_id=30607'>Weiterlesen<\/a><\/p>\n<\/div><\/div><!--end .details--><\/article><article id='mc_calendar_16_30636-calendar-30636' class='mc-mc_calendar_30636 calendar-event mc_info mc_stadtteilbro-leineberg  past-event mc_primary_info nonrecurring mc mc-start-17-30 ungrouped mc-event-4603 mc-events mc-event mc_rel_info'><header>\t<h3 class='event-title summary' id='mc_30636-title-my-calendar'><button type='button' id='modal-button-mc_calendar_16_30636-calendar-details-30636' data-modal-content-id='mc_calendar_16_30636-calendar-details-30636' data-modal-prefix-class='my-calendar' data-modal-close-text='Schlie\u00dfen' data-modal-title='26.03.2026, Stadtteilb\u00fcro Leineberg: Glasfaser - was ist das?' aria-controls='mc_calendar_16_30636-calendar-details-30636' class='calendar mc-modal button button-link url summary has-image'><svg style=\"fill:#000000\" focusable=\"false\" role=\"img\" aria-labelledby=\"cat_30636\" class=\"category-icon\" xmlns=\"http:\/\/www.w3.org\/2000\/svg\" viewBox=\"0 0 192 512\"><!-- Font Awesome Free 5.15.3 by @fontawesome - https:\/\/fontawesome.com License - https:\/\/fontawesome.com\/license\/free (Icons: CC BY 4.0, Fonts: SIL OFL 1.1, Code: MIT License) --><title id='cat_30636'>Kategorie: Info<\/title><path d=\"M20 424.229h20V279.771H20c-11.046 0-20-8.954-20-20V212c0-11.046 8.954-20 20-20h112c11.046 0 20 8.954 20 20v212.229h20c11.046 0 20 8.954 20 20V492c0 11.046-8.954 20-20 20H20c-11.046 0-20-8.954-20-20v-47.771c0-11.046 8.954-20 20-20zM96 0C56.235 0 24 32.235 24 72s32.235 72 72 72 72-32.235 72-72S135.764 0 96 0z\"\/><\/svg> <div>26.03.2026, Stadtteilb\u00fcro Leineberg: Glasfaser - was ist das?<\/div><\/button><\/h3>\n<\/header><div id='mc_calendar_16_30636-calendar-details-30636' class='details no-image uses-modal single-details'  aria-labelledby='mc_30636-title-my-calendar'>\n\t<button type='button' aria-controls='mc_calendar_16_30636-calendar-details-30636' class='mc-toggle close'><span class='dashicons dashicons-dismiss' aria-hidden='true'><\/span><span class='screen-reader-text'>Close<\/span><\/button>\n\t\r\n\t<div class='time-block'>\r\n\t\t<span class='mc-icon' aria-hidden='true'><\/span>\r\n\t\t<p><span class=\"time-wrapper\"><span class='event-time dtstart'><time class='value-title' datetime='2026-04-16T17:30:00+02:00' title='2026-04-16T17:30:00+02:00'>17:30<\/time><\/span>  <\/span><br \/><span class=\"date-wrapper\"><span class='mc-start-date dtstart' title='2026-04-16T17:30:00+02:00' content='2026-04-16T17:30:00+02:00'>16. April 2026<\/span>  <\/span><\/p>\r\n\t<\/div>\n\t\t<div class='longdesc description'><p>(Quelle: <a href=\"https:\/\/www.facebook.com\/Stadtteilbuero.Leineberg\/posts\/pfbid029FXr2fVRhAZMR8kUmkDW44qtSsQL6VDEYA2Lf5XYbhZKLkg4otJNRXJopn9x6id6l?notif_id=1774435709360168&amp;notif_t=notify_me_page&amp;ref=notif\">https:\/\/www.facebook.com\/Stadtteilbuero.Leineberg\/posts\/pfbid029FXr2fVRhAZMR8kUmkDW44qtSsQL6VDEYA2Lf5XYbhZKLkg4otJNRXJopn9x6id6l?notif_id=1774435709360168&amp;notif_t=notify_me_page&amp;ref=notif<\/a>)<\/p>\n<blockquote>\n<h3 class=\"html-h3 x14z9mp xat24cr x1lziwak xexx8yu xyri2b x18d9i69 x1c1uobl x1vvkbs x1heor9g x1qlqyl8 x1pd3egz x1a2a7pz x1gslohp x1yc453h\"><span class=\"x78zum5 x1q0g3np\"><span class=\"x1lliihq x6ikm8r x10wlt62 x1n2onr6 xlyipyv xuxw1ft\"><span class=\"xt0psk2\"><span class=\"xjp7ctv\"><a class=\"x1i10hfl xjbqb8w x1ejq31n x18oe1m7 x1sy0etr xstzfhl x972fbf x10w94by x1qhh985 x14e42zd x9f619 x1ypdohk xt0psk2 x3ct3a4 xdj266r x14z9mp xat24cr x1lziwak xexx8yu xyri2b x18d9i69 x1c1uobl x16tdsg8 x1hl2dhg xggy1nq x1a2a7pz xkrqix3 x1sur9pj xzsf02u x1s688f\" href=\"https:\/\/www.facebook.com\/Stadtteilbuero.Leineberg?__cft__[0]=AZa-Ztqz2JPWB1Ybj4_M6wDx_0Akj_WnzXJbf457R2f77r_sRlFxBB-zJFTTQpRqSkwTC46mk2lWRZhzszCHvqLW-pRqPpkqAuDVEFS36YBZDidZn3VznfPsX_00hQtMwcO_Iq3uVgNgdpUPH1Mffznp&amp;__tn__=-UC%2CP-R\"><b class=\"html-b xdj266r x14z9mp xat24cr x1lziwak xexx8yu xyri2b x18d9i69 x1c1uobl x1hl2dhg x16tdsg8 x1vvkbs x1s688f\"><span class=\"html-span xdj266r x14z9mp xat24cr x1lziwak xexx8yu xyri2b x18d9i69 x1c1uobl x1hl2dhg x16tdsg8 x1vvkbs\">Stadtteilb\u00fcro Leineberg<\/span><\/b><\/a><\/span><\/span><\/span><\/span><\/h3>\n<p><img decoding=\"async\" class=\"x15mokao x1ga7v0g x16uus16 xbiv7yw x1bwycvy x193iq5w x4fas0m x19kjcj4\" src=\"https:\/\/scontent-ham3-1.xx.fbcdn.net\/v\/t39.30808-6\/656827511_1385415253625950_663505209982300470_n.jpg?_nc_cat=103&amp;ccb=1-7&amp;_nc_sid=13d280&amp;_nc_ohc=QjAvPaVNnhIQ7kNvwEdkfvh&amp;_nc_oc=Adr4v7UwMxbfblegw1bKHFVrchS_5Uv_E5vWS-trthbbt0xMR3bu5sWN4uggpOtK-gzvBb5IAgdcd_qUl2gTZAxx&amp;_nc_zt=23&amp;_nc_ht=scontent-ham3-1.xx&amp;_nc_gid=gPT1vg1m9-NXYiVwh9kptg&amp;_nc_ss=7a32e&amp;oh=00_Afy6CAqL85javhXmnVwlvdWKs8PwqyUGht7k5IFE01hu4A&amp;oe=69CB4173\" alt=\"Ist m\u00f6glicherweise ein Bild von Text \u201eGlasfaser was ist das? Informationsabend Mit Jana von Bibra, Verbraucherzentrale Niedersachsen Donnerstag, 16. April, 17:30 Uhr, Stadtteilb\u00fcro Leineberg, Allerstra\u00dfe 32 Was ist ein Glasfaseranschluss? Wie l\u00e4uft der Ausbau ab? Werden die alten Leitungen abgeschaltet? Was sollte man bei einem Vertragsabschluss beachten? Und welche Tipps gibt es f\u00fcr diejenigen, die bereits einen Vertrag abgeschlossen haben? Die Verbraucherzentrale gibt Antworten. G\u00d6TTINGEN Stadtteilb\u00fcro Leineberg Nachbarschaftsverein eineberg V. Allerstra\u00dfe 32 37081 G\u00f6ttingen| 0551 2054702 015751585452 siadtelburo.ieineberg@-online.de www.stadttibuero-eineberg.de BERG hochtersciatversinLdinebegex www.facebook.com\/tatililinite www.istgam.cm\/saili\u201c\" data-visualcompletion=\"media-vc-image\" \/><\/p>\n<p>( <a href=\"https:\/\/www.facebook.com\/photo\/?fbid=1385415250292617&amp;set=a.466290225538462\">https:\/\/www.facebook.com\/photo\/?fbid=1385415250292617&amp;set=a.466290225538462<\/a>)<\/p><\/blockquote>\n<\/div>\n\t\t<div class=\"mc-location\"><div class=\"address location vcard\"><div class='map'><a href='https:\/\/maps.google.com\/maps?z=16&amp;daddr=Allerstra\u00dfe+32++G\u00f6ttingen+++' class='url external'><span class='mc-icon' aria-hidden='true'><\/span>Karte<span class='screen-reader-text fn'> Stadtteilb\u00fcro Leineberg<\/span><\/a><\/div><\/div><\/div>\n\t\t<div class=\"sharing\">\t<p class='mc-details'><a aria-label='Weiterlesen: 26.03.2026, Stadtteilb\u00fcro Leineberg: Glasfaser - was ist das?' href='https:\/\/rt-europaallee.de\/wordpress\/my-calendar\/?mc_id=30636'>Weiterlesen<\/a><\/p>\n<\/div><\/div><!--end .details--><\/article>\n<\/td>\n<td id='calendar-2026-04-17' class='mc-events freitag fr past-day past-date   has-events author3 mcat_general mcat_sonstiges mcat_treffen-erfahrungsaustausch day-with-date'><div class='mc-date-container'>\n\t<span class='mc-date'><span aria-hidden='true' class='mc-day-number'>17<\/span><span class='screen-reader-text mc-day-date'>17. April 2026<\/span><span class=\"event-icon\" aria-hidden=\"true\">&#9679;&#9679;&#9679;<\/span><span class=\"screen-reader-text\"><span class=\"mc-list-details event-count\">(4 Veranstaltungen)<\/span><\/span><\/span><\/div><article id='mc_calendar_17_30605-calendar-30605' class='mc-mc_calendar_30605 calendar-event mc_general mc_stadtlabor-gttingen-wilhelmspl-3-37073-gttingen  on-now mc_primary_general nonrecurring mc-3-wochen mc-start-00-00 ungrouped mc-event-4583 mc-events multidate mc-event mc_rel_general'><header>\t<h3 class='event-title summary' id='mc_30605-title-my-calendar'><button type='button' id='modal-button-mc_calendar_17_30605-calendar-details-30605' data-modal-content-id='mc_calendar_17_30605-calendar-details-30605' data-modal-prefix-class='my-calendar' data-modal-close-text='Schlie\u00dfen' data-modal-title='16.03.2026, Ausstellung: Der NS-V\u00f6lkermord an den Roma in der besetzten Sowjetunion' aria-controls='mc_calendar_17_30605-calendar-details-30605' class='calendar mc-modal button button-link url summary has-image'><svg style=\"fill:#000000\" focusable=\"false\" role=\"img\" aria-labelledby=\"cat_30605\" class=\"category-icon\" xmlns=\"http:\/\/www.w3.org\/2000\/svg\" viewBox=\"0 0 448 512\"><!-- Font Awesome Free 5.15.3 by @fontawesome - https:\/\/fontawesome.com License - https:\/\/fontawesome.com\/license\/free (Icons: CC BY 4.0, Fonts: SIL OFL 1.1, Code: MIT License) --><title id='cat_30605'>Kategorie: General<\/title><path d=\"M12 192h424c6.6 0 12 5.4 12 12v260c0 26.5-21.5 48-48 48H48c-26.5 0-48-21.5-48-48V204c0-6.6 5.4-12 12-12zm436-44v-36c0-26.5-21.5-48-48-48h-48V12c0-6.6-5.4-12-12-12h-40c-6.6 0-12 5.4-12 12v52H160V12c0-6.6-5.4-12-12-12h-40c-6.6 0-12 5.4-12 12v52H48C21.5 64 0 85.5 0 112v36c0 6.6 5.4 12 12 12h424c6.6 0 12-5.4 12-12z\"\/><\/svg> <div>16.03.2026, Ausstellung: Der NS-V\u00f6lkermord an den Roma in der besetzten Sowjetunion<\/div><\/button><\/h3>\n<\/header><div id='mc_calendar_17_30605-calendar-details-30605' class='details no-image uses-modal single-details'  aria-labelledby='mc_30605-title-my-calendar'>\n\t<button type='button' aria-controls='mc_calendar_17_30605-calendar-details-30605' class='mc-toggle close'><span class='dashicons dashicons-dismiss' aria-hidden='true'><\/span><span class='screen-reader-text'>Close<\/span><\/button>\n\t\r\n\t<div class='time-block'>\r\n\t\t<span class='mc-icon' aria-hidden='true'><\/span>\r\n\t\t<p><span class=\"time-wrapper\"> <span class='event-time'><abbr title='Nicht zutreffend'>n.\u00a0a.<\/abbr><\/span>  <\/span><br \/><span class=\"date-wrapper\"><span class='mc-start-date dtstart' title='2026-04-10T00:00:00+02:00' content='2026-04-10T00:00:00+02:00'>10. April 2026<\/span> <span class='date-separator'> &ndash; <\/span> <span class=\"event-time dtend\">30. April 2026<\/span><\/span><\/p>\r\n\t<\/div>\n\t\t<div class='longdesc description'><p>Siehe:\u00a0<a href=\"https:\/\/rt-europaallee.de\/wordpress\/2026\/03\/stadt-goettingen-internationale-wochen-gegen-rassismus-veranstaltungen-in-der-stadt-goettingen\/\">https:\/\/rt-europaallee.de\/wordpress\/2026\/03\/stadt-goettingen-internationale-wochen-gegen-rassismus-veranstaltungen-in-der-stadt-goettingen\/<\/a><\/p>\n<p><img decoding=\"async\" class=\"emoji\" role=\"img\" src=\"https:\/\/s.w.org\/images\/core\/emoji\/17.0.2\/svg\/27a1.svg\" alt=\"\u27a1\ufe0f\" \/><\/p>\n<blockquote><p>(Quelle:\u00a0<a href=\"https:\/\/www.goettingen.de\/portal\/meldungen\/internationale-wochen-gegen-rassismus-veranstaltungen-in-der-stadt-goettingen-900004830-25480.html?utm_source=copilot.com\">https:\/\/www.goettingen.de\/portal\/meldungen\/internationale-wochen-gegen-rassismus-veranstaltungen-in-der-stadt-goettingen-900004830-25480.html?utm_source=copilot.com<\/a>)<\/p>\n<blockquote>\n<div class=\"fusstext fusstext_oben\">\n<p><span class=\"create\">06.03.2026<\/span><span class=\"modified\">\u00a0| ge\u00e4ndert am 12.03.2026<\/span><\/p>\n<div><\/div>\n<\/div>\n<h3 class=\"kontrast-bild\">Internationale Wochen gegen Rassismus \u2013 Veranstaltungen in der Stadt G\u00f6ttingen<\/h3>\n<div id=\"nolis_content_site\" class=\"nolis_content_site\">\n<p class=\"anreisser_detail\"><strong>Zum 31. Mal finden die bundesweiten Internationalen Wochen gegen Rassismus von Montag bis Sonntag, 16. bis 29. M\u00e4rz 2026, statt. Das diesj\u00e4hrige Motto lautet \u201e100 Prozent Menschenw\u00fcrde. Zusammen gegen Rassismus und Rechtsextremismus\u201c. Der diesj\u00e4hrige Botschafter der Aktionswochen ist Prof. Dr. Matthias Quent. Hier gibt es einen \u00dcberblick \u00fcber die Veranstaltungen in der Stadt G\u00f6ttingen.<\/strong><\/p>\n<h3>...<\/h3>\n<p>Freitag, 10. April bis Donnerstag, 30. April 2026<br \/>\n<strong>Der NS-V\u00f6lkermord an den Roma in der besetzten Sowjetunion<\/strong><br \/>\n<strong>Ausstellung im Stadtlabor<\/strong><\/p>\n<p>Ort: Stadtlabor, Wilhelmsplatz 3, 37073 G\u00f6ttingen<br \/>\nVeranstalter*in: Roma Center e. V.<br \/>\nEintritt: frei<br \/>\nAnmeldung: nicht erforderlich.\u00a0<a class=\"link_katalog nolis-link-extern\" href=\"https:\/\/roma-center.de\/\" target=\"_blank\">Die \u00d6ffnungszeiten der Ausstellung sind hier aufgef\u00fchrt<\/a>.<\/p>\n<p>Am Freitag, 10. April 2026 um 18.00 Uhr er\u00f6ffnen Roma Center und Bildungswerk f\u00fcr Erinnerungsarbeit und Frieden die Ausstellung \u201eGenozid an Roma auf dem Gebiet der besetzten Sowjetunion 1941\u20131944\u201c im Stadtlabor. Grundlage sind 200 Interviews mit \u00dcberlebenden und ihren Kindern aus der Ukraine, Belarus, Russland, Rum\u00e4nien und Moldau. Sie erz\u00e4hlen von Verfolgung und Widerstand der Roma nach dem \u00dcberfall auf die Sowjetunion.<\/p>\n<h3>...<\/h3>\n<\/div>\n<\/blockquote>\n<\/blockquote>\n<blockquote>\n<h3><\/h3>\n<\/blockquote>\n<\/div>\n\t\t<div class=\"mc-location\"><div class=\"address location vcard\"><div class='map'><a href='https:\/\/www.google.com\/maps\/place\/Stadtlabor+G%C3%B6ttingen\/@51.5334069,9.9374107,20.79z\/data=!3m1!5s0x47a4d495880e01c3:0x2da49c3266d39a0d!4m15!1m8!3m7!1s0x47a4d49588f818f7:0x3eeeb28ecd9fdbb0!2sWilhelmspl.+3,+37073+G%C3%B6ttingen!3b1!8m2!3d51.5334334!4d9.9374974!16s%2Fg%2F11cscfk8zz!3m5!1s0x47a4d5950eff9b5b:0xc068ed179b6e3c99!8m2!3d51.5335141!4d9.9376129!16s%2Fg%2F11v3znlf2z?entry=ttu' class='url external'><span class='mc-icon' aria-hidden='true'><\/span>Karte<span class='screen-reader-text fn'> Stadtlabor G\u00f6ttingen, Wilhelmspl. 3, 37073 G\u00f6ttingen<\/span><\/a><\/div><\/div><\/div>\n\t\t<div class=\"sharing\">\t<p class='mc-details'><a aria-label='Weiterlesen: 16.03.2026, Ausstellung: Der NS-V\u00f6lkermord an den Roma in der besetzten Sowjetunion' href='https:\/\/rt-europaallee.de\/wordpress\/my-calendar\/?mc_id=30605'>Weiterlesen<\/a><\/p>\n<\/div><\/div><!--end .details--><\/article><article id='mc_calendar_17_30493-calendar-30493' class='mc-mc_calendar_30493 calendar-event mc_sonstiges mc_nachbarschaftszentrum-holtenser-berg-londonstrae-11a-37079-gttingen  past-event mc_primary_sonstiges nonrecurring mc-2-stunden mc-start-17-00 mc-group-4537 mc-event-4538 mc-events mc-event mc_rel_sonstiges'><header>\t<h3 class='event-title summary' id='mc_30493-title-my-calendar'><button type='button' id='modal-button-mc_calendar_17_30493-calendar-details-30493' data-modal-content-id='mc_calendar_17_30493-calendar-details-30493' data-modal-prefix-class='my-calendar' data-modal-close-text='Schlie\u00dfen' data-modal-title='01.03.2026, Nachbarschaftszentrum Holtenser Berg: &quot;Immer wieder Freitags&quot;' aria-controls='mc_calendar_17_30493-calendar-details-30493' class='calendar mc-modal button button-link url summary has-image'><svg style=\"fill:#000000\" focusable=\"false\" role=\"img\" aria-labelledby=\"cat_30493\" class=\"category-icon\" xmlns=\"http:\/\/www.w3.org\/2000\/svg\" viewBox=\"0 0 576 512\"><!-- Font Awesome Free 5.15.3 by @fontawesome - https:\/\/fontawesome.com License - https:\/\/fontawesome.com\/license\/free (Icons: CC BY 4.0, Fonts: SIL OFL 1.1, Code: MIT License) --><title id='cat_30493'>Kategorie: Sonstiges<\/title><path d=\"M259.3 17.8L194 150.2 47.9 171.5c-26.2 3.8-36.7 36.1-17.7 54.6l105.7 103-25 145.5c-4.5 26.3 23.2 46 46.4 33.7L288 439.6l130.7 68.7c23.2 12.2 50.9-7.4 46.4-33.7l-25-145.5 105.7-103c19-18.5 8.5-50.8-17.7-54.6L382 150.2 316.7 17.8c-11.7-23.6-45.6-23.9-57.4 0z\"\/><\/svg> <div>01.03.2026, Nachbarschaftszentrum Holtenser Berg: \"Immer wieder Freitags\"<\/div><\/button><\/h3>\n<\/header><div id='mc_calendar_17_30493-calendar-details-30493' class='details no-image uses-modal single-details'  aria-labelledby='mc_30493-title-my-calendar'>\n\t<button type='button' aria-controls='mc_calendar_17_30493-calendar-details-30493' class='mc-toggle close'><span class='dashicons dashicons-dismiss' aria-hidden='true'><\/span><span class='screen-reader-text'>Close<\/span><\/button>\n\t\r\n\t<div class='time-block'>\r\n\t\t<span class='mc-icon' aria-hidden='true'><\/span>\r\n\t\t<p><span class=\"time-wrapper\"><span class='event-time dtstart'><time class='value-title' datetime='2026-04-17T17:00:00+02:00' title='2026-04-17T17:00:00+02:00'>17:00<\/time><\/span> <span class='time-separator'> &ndash; <\/span> <span class='end-time dtend'> <time class='value-title' datetime='2026-04-17T19:00:00+02:00' title='2026-04-17T19:00:00+02:00'>19:00<\/time><\/span><\/span><br \/><span class=\"date-wrapper\"><span class='mc-start-date dtstart' title='2026-04-17T17:00:00+02:00' content='2026-04-17T17:00:00+02:00'>17. April 2026<\/span>  <\/span><\/p>\r\n\t<\/div>\n\t\t<div class='longdesc description'><p>(Quelle: <a href=\"https:\/\/www.facebook.com\/events\/841668728892401\/841668735559067\/?active_tab=discussion\">https:\/\/www.facebook.com\/events\/841668728892401\/841668735559067\/?active_tab=discussion<\/a>)<\/p>\n<blockquote><p>&nbsp;<\/p>\n<div class=\"html-div xjyslct xjbqb8w x972fbf x10w94by x1qhh985 x14e42zd x9f619 x1rg5ohu xdj266r x14z9mp xat24cr x1lziwak xexx8yu xyri2b x18d9i69 x1c1uobl x1n2onr6 x16tdsg8 xh8yej3\" role=\"listitem\">\n<div class=\"html-div xdj266r x14z9mp xat24cr x1lziwak xyri2b x1c1uobl x78zum5 xdt5ytf xwib8y2 x1y1aw1k\">\n<div class=\"x9f619 x1ja2u2z x78zum5 x2lah0s x1n2onr6 x1nhvcw1 x1cy8zhl xozqiw3 x1q0g3np xv54qhq xf7dkkf x18d9i69 xexx8yu x1ws5yxj xw01apr x4cne27 xifccgj\">\n<div class=\"x9f619 x1n2onr6 x1ja2u2z x78zum5 xdt5ytf x2lah0s x193iq5w xeuugli x1icxu4v x25sj25 x10b6aqq x1yrsyyn\"><\/div>\n<div class=\"x9f619 x1n2onr6 x1ja2u2z x78zum5 xdt5ytf x193iq5w xeuugli x1r8uery x1iyjqo2 xs83m0k xamitd3 x1icxu4v x25sj25 x10b6aqq x1yrsyyn\">\n<div class=\"x78zum5 xdt5ytf xz62fqu x16ldp7u\">\n<div class=\"xu06os2 x1ok221b\"><span class=\"x193iq5w xeuugli x13faqbe x1vvkbs x1xmvt09 x1lliihq x1s928wv xhkezso x1gmr53x x1cpjm7i x1fgarty x1943h6x xudqn12 x3x7a5m x6prxxf xvq8zen xo1l8bm xzsf02u x1yc453h\" dir=\"auto\">Veranstaltung von <b class=\"html-b xdj266r x14z9mp xat24cr x1lziwak xexx8yu xyri2b x18d9i69 x1c1uobl x1hl2dhg x16tdsg8 x1vvkbs x1s688f\"><a class=\"x1i10hfl xjbqb8w x1ejq31n x18oe1m7 x1sy0etr xstzfhl x972fbf x10w94by x1qhh985 x14e42zd x9f619 x1ypdohk xt0psk2 x3ct3a4 xdj266r x14z9mp xat24cr x1lziwak xexx8yu xyri2b x18d9i69 x1c1uobl x16tdsg8 x1hl2dhg xggy1nq x1a2a7pz xkrqix3 x1sur9pj xzsf02u x1s688f\" href=\"https:\/\/www.facebook.com\/NBZHoBerg\">Nachbarschaftszentrum Holtenser Berg<\/a><\/b><\/span><\/div>\n<\/div>\n<\/div>\n<\/div>\n<\/div>\n<\/div>\n<div class=\"html-div xjyslct xjbqb8w x972fbf x10w94by x1qhh985 x14e42zd x9f619 x1rg5ohu xdj266r x14z9mp xat24cr x1lziwak xexx8yu xyri2b x18d9i69 x1c1uobl x1n2onr6 x16tdsg8 xh8yej3\" role=\"listitem\">\n<div class=\"html-div xdj266r x14z9mp xat24cr x1lziwak xyri2b x1c1uobl x78zum5 xdt5ytf xwib8y2 x1y1aw1k\">\n<div class=\"x9f619 x1ja2u2z x78zum5 x2lah0s x1n2onr6 x1nhvcw1 x1cy8zhl xozqiw3 x1q0g3np xv54qhq xf7dkkf x18d9i69 xexx8yu x1ws5yxj xw01apr x4cne27 xifccgj\">\n<div class=\"x9f619 x1n2onr6 x1ja2u2z x78zum5 xdt5ytf x2lah0s x193iq5w xeuugli x1icxu4v x25sj25 x10b6aqq x1yrsyyn\"><\/div>\n<div class=\"x9f619 x1n2onr6 x1ja2u2z x78zum5 xdt5ytf x193iq5w xeuugli x1r8uery x1iyjqo2 xs83m0k xamitd3 x1icxu4v x25sj25 x10b6aqq x1yrsyyn\">\n<div class=\"x78zum5 xdt5ytf xz62fqu x16ldp7u\">\n<div class=\"xu06os2 x1ok221b\">\n<div class=\"x1i10hfl xjbqb8w x1ejq31n x18oe1m7 x1sy0etr xstzfhl x972fbf x10w94by x1qhh985 x14e42zd x9f619 x1ypdohk xt0psk2 x3ct3a4 xdj266r x14z9mp xat24cr x1lziwak xexx8yu xyri2b x18d9i69 x1c1uobl x16tdsg8 x1hl2dhg xggy1nq x1a2a7pz xkrqix3 x1sur9pj xzsf02u x1s688f\" role=\"button\">Londonstra\u00dfe 11a, 37079 G\u00f6ttingen, Germany<\/div>\n<\/div>\n<\/div>\n<\/div>\n<\/div>\n<\/div>\n<\/div>\n<div class=\"html-div xjyslct xjbqb8w x972fbf x10w94by x1qhh985 x14e42zd x9f619 x1rg5ohu xdj266r x14z9mp xat24cr x1lziwak xexx8yu xyri2b x18d9i69 x1c1uobl x1n2onr6 x16tdsg8 xh8yej3\" role=\"listitem\">\n<div class=\"html-div xdj266r x14z9mp xat24cr x1lziwak xyri2b x1c1uobl x78zum5 xdt5ytf xwib8y2 x1y1aw1k\">\n<div class=\"x9f619 x1ja2u2z x78zum5 x2lah0s x1n2onr6 x1nhvcw1 x1cy8zhl xozqiw3 x1q0g3np xv54qhq xf7dkkf x18d9i69 xexx8yu x1ws5yxj xw01apr x4cne27 xifccgj\">\n<div class=\"x9f619 x1n2onr6 x1ja2u2z x78zum5 xdt5ytf x2lah0s x193iq5w xeuugli x1icxu4v x25sj25 x10b6aqq x1yrsyyn\"><\/div>\n<div class=\"x9f619 x1n2onr6 x1ja2u2z x78zum5 xdt5ytf x193iq5w xeuugli x1r8uery x1iyjqo2 xs83m0k xamitd3 x1icxu4v x25sj25 x10b6aqq x1yrsyyn\">\n<div class=\"x78zum5 xdt5ytf xz62fqu x16ldp7u\">\n<div class=\"xu06os2 x1ok221b\"><span class=\"x193iq5w xeuugli x13faqbe x1vvkbs x1xmvt09 x1lliihq x1s928wv xhkezso x1gmr53x x1cpjm7i x1fgarty x1943h6x xudqn12 x3x7a5m x6prxxf xvq8zen xo1l8bm xzsf02u x1yc453h\" dir=\"auto\">Laufzeit: 2 Std.<\/span><\/div>\n<\/div>\n<\/div>\n<\/div>\n<\/div>\n<\/div>\n<div class=\"html-div xjyslct xjbqb8w x972fbf x10w94by x1qhh985 x14e42zd x9f619 x1rg5ohu xdj266r x14z9mp xat24cr x1lziwak xexx8yu xyri2b x18d9i69 x1c1uobl x1n2onr6 x16tdsg8 xh8yej3\" role=\"listitem\">\n<div class=\"html-div xdj266r x14z9mp xat24cr x1lziwak xyri2b x1c1uobl x78zum5 xdt5ytf xwib8y2 x1y1aw1k\">\n<div class=\"x9f619 x1ja2u2z x78zum5 x2lah0s x1n2onr6 x1nhvcw1 x1cy8zhl xozqiw3 x1q0g3np xv54qhq xf7dkkf x18d9i69 xexx8yu x1ws5yxj xw01apr x4cne27 xifccgj\">\n<div class=\"x9f619 x1n2onr6 x1ja2u2z x78zum5 xdt5ytf x2lah0s x193iq5w xeuugli x1icxu4v x25sj25 x10b6aqq x1yrsyyn\"><\/div>\n<div class=\"x9f619 x1n2onr6 x1ja2u2z x78zum5 xdt5ytf x193iq5w xeuugli x1r8uery x1iyjqo2 xs83m0k xamitd3 x1icxu4v x25sj25 x10b6aqq x1yrsyyn\">\n<div class=\"x78zum5 xdt5ytf xz62fqu x16ldp7u\">\n<div class=\"xu06os2 x1ok221b\"><span class=\"x193iq5w xeuugli x13faqbe x1vvkbs x1xmvt09 x1lliihq x1s928wv xhkezso x1gmr53x x1cpjm7i x1fgarty x1943h6x xudqn12 x3x7a5m x6prxxf xvq8zen xo1l8bm xzsf02u x1yc453h\" dir=\"auto\">\u00d6ffentlich<span class=\"xzpqnlu xjm9jq1 x6ikm8r x10wlt62 x10l6tqk x1i1rx1s\">\u00a0<\/span><span aria-hidden=\"true\"> \u00b7 <\/span>Jede Person auf und au\u00dferhalb von Facebook<\/span><\/div>\n<\/div>\n<\/div>\n<\/div>\n<\/div>\n<\/div>\n<div class=\"html-div xdj266r x14z9mp xat24cr x1lziwak xexx8yu x18d9i69 xv54qhq xf7dkkf\">\n<div class=\"x1ni5s2d\">\n<div class=\"xdj266r x14z9mp xat24cr x1lziwak x1vvkbs\">Immer wieder Freitags<br class=\"html-br\" \/>(und manchmal an anderen Tagen)<\/div>\n<div><\/div>\n<div class=\"x14z9mp xat24cr x1lziwak x1vvkbs xtlvy1s\">27.03 Filmvorf\u00fchrung \u201eWilly Busch Report\u201c<br class=\"html-br\" \/>17.04. OB Kandidatin Onyeka Oshionwu stellt sich vor<br class=\"html-br\" \/>24.04. Filmvorf\u00fchrung \u201eDeutschlandfieber\u201c<br class=\"html-br\" \/>29.05. Vortrag Ehsan Kangarani<br class=\"html-br\" \/>03.06. OB Kandidat Florian Dinger stellt sich vor<br class=\"html-br\" \/>05.06. Vortrag Marie Kollenrott<br class=\"html-br\" \/>11.06. OB Kandidat Thomas Goes stellt sich vor<br class=\"html-br\" \/>04.09. OB Kandidat Ehsan Kangarani stellt sich vor<br class=\"html-br\" \/>30.10. Filmvorf\u00fchrung\u201e Hunde wollt Ihr ewig leben\u201c<\/div>\n<div><\/div>\n<div><img decoding=\"async\" class=\"x15mokao x1ga7v0g x16uus16 xbiv7yw x1bwycvy x193iq5w x4fas0m x19kjcj4\" src=\"https:\/\/scontent-ham3-1.xx.fbcdn.net\/v\/t39.30808-6\/644250910_1219695580351883_1928128810928405899_n.jpg?_nc_cat=107&amp;ccb=1-7&amp;_nc_sid=7e0d18&amp;_nc_ohc=UVX2jftWLqoQ7kNvwHyRCbw&amp;_nc_oc=AdlPRFVv6WdMJsptz9otbm0yv33ewbhqYZYwXg2M2rihBZLHEVLQdNy0xejIbMhCCV9fsJ-avFJ9Xhypx6AsjTJx&amp;_nc_zt=23&amp;_nc_ht=scontent-ham3-1.xx&amp;_nc_gid=z1Q-Lpy7uUnkXGZmQB80Mw&amp;_nc_ss=8&amp;oh=00_AftF4KmAIKsv5Wbeq1qvo8VXJ2cdrf3A_olihPUtpY8tqA&amp;oe=69A9E7CE\" alt=\"Ist m\u00f6glicherweise eine Abbildung von Karte und Text\" data-visualcompletion=\"media-vc-image\" \/><\/div>\n<div>( <a href=\"https:\/\/www.facebook.com\/photo\/?fbid=1219695577018550&amp;set=gm.841668852225722\">https:\/\/www.facebook.com\/photo\/?fbid=1219695577018550&amp;set=gm.841668852225722<\/a>)<\/div>\n<\/div>\n<\/div>\n<\/blockquote>\n<\/div>\n\t\t<div class=\"mc-location\"><div class=\"address location vcard\"><div class='map'><a href='https:\/\/maps.google.com\/maps?z=16&amp;daddr=Londonstra\u00dfe+11a++G\u00f6ttingen++37079+' class='url external'><span class='mc-icon' aria-hidden='true'><\/span>Karte<span class='screen-reader-text fn'> Nachbarschaftszentrum Holtenser Berg Londonstra\u00dfe 11a, 37079 G\u00f6ttingen<\/span><\/a><\/div><\/div><\/div>\n\t\t<div class=\"sharing\">\t<p class='mc-details'><a aria-label='Weiterlesen: 01.03.2026, Nachbarschaftszentrum Holtenser Berg: &quot;Immer wieder Freitags&quot;' href='https:\/\/rt-europaallee.de\/wordpress\/my-calendar\/?mc_id=30493'>Weiterlesen<\/a><\/p>\n<\/div><\/div><!--end .details--><\/article><article id='mc_calendar_17_30686-calendar-30686' class='mc-mc_calendar_30686 calendar-event mc_sonstiges mc_nachbarschaftszentrum-holtenser-berg-londonstrae-11a-37079-gttingen  past-event mc_primary_sonstiges nonrecurring mc mc-start-17-00 ungrouped mc-event-4625 mc-events mc-event mc_rel_sonstiges'><header>\t<h3 class='event-title summary' id='mc_30686-title-my-calendar'><button type='button' id='modal-button-mc_calendar_17_30686-calendar-details-30686' data-modal-content-id='mc_calendar_17_30686-calendar-details-30686' data-modal-prefix-class='my-calendar' data-modal-close-text='Schlie\u00dfen' data-modal-title='08.04.2026, NBZ Holtenser Berg: Einladung zum Gespr\u00e4ch mit den OB- Kandidaten 2026' aria-controls='mc_calendar_17_30686-calendar-details-30686' class='calendar mc-modal button button-link url summary has-image'><svg style=\"fill:#000000\" focusable=\"false\" role=\"img\" aria-labelledby=\"cat_30686\" class=\"category-icon\" xmlns=\"http:\/\/www.w3.org\/2000\/svg\" viewBox=\"0 0 576 512\"><!-- Font Awesome Free 5.15.3 by @fontawesome - https:\/\/fontawesome.com License - https:\/\/fontawesome.com\/license\/free (Icons: CC BY 4.0, Fonts: SIL OFL 1.1, Code: MIT License) --><title id='cat_30686'>Kategorie: Sonstiges<\/title><path d=\"M259.3 17.8L194 150.2 47.9 171.5c-26.2 3.8-36.7 36.1-17.7 54.6l105.7 103-25 145.5c-4.5 26.3 23.2 46 46.4 33.7L288 439.6l130.7 68.7c23.2 12.2 50.9-7.4 46.4-33.7l-25-145.5 105.7-103c19-18.5 8.5-50.8-17.7-54.6L382 150.2 316.7 17.8c-11.7-23.6-45.6-23.9-57.4 0z\"\/><\/svg> <div>08.04.2026, NBZ Holtenser Berg: Einladung zum Gespr\u00e4ch mit den OB- Kandidaten 2026<\/div><\/button><\/h3>\n<\/header><div id='mc_calendar_17_30686-calendar-details-30686' class='details no-image uses-modal single-details'  aria-labelledby='mc_30686-title-my-calendar'>\n\t<button type='button' aria-controls='mc_calendar_17_30686-calendar-details-30686' class='mc-toggle close'><span class='dashicons dashicons-dismiss' aria-hidden='true'><\/span><span class='screen-reader-text'>Close<\/span><\/button>\n\t\r\n\t<div class='time-block'>\r\n\t\t<span class='mc-icon' aria-hidden='true'><\/span>\r\n\t\t<p><span class=\"time-wrapper\"><span class='event-time dtstart'><time class='value-title' datetime='2026-04-17T17:00:00+02:00' title='2026-04-17T17:00:00+02:00'>17:00<\/time><\/span>  <\/span><br \/><span class=\"date-wrapper\"><span class='mc-start-date dtstart' title='2026-04-17T17:00:00+02:00' content='2026-04-17T17:00:00+02:00'>17. April 2026<\/span>  <\/span><\/p>\r\n\t<\/div>\n\t\t<div class='longdesc description'><p>(Quelle: <a href=\"https:\/\/www.facebook.com\/NBZHoBerg\/posts\/pfbid035y5apsKqBCPGorVFPXwPHLGiW9J6viDZr3WkfTxUV2zhtvK6UpqHG5e7drX45RL4l\">https:\/\/www.facebook.com\/NBZHoBerg\/posts\/pfbid035y5apsKqBCPGorVFPXwPHLGiW9J6viDZr3WkfTxUV2zhtvK6UpqHG5e7drX45RL4l<\/a>)<\/p>\n<blockquote>\n<div class=\"html-div xdj266r x14z9mp xat24cr x1lziwak xexx8yu xyri2b x18d9i69 x1c1uobl\">\n<div class=\"html-div xdj266r x14z9mp x1lziwak x18d9i69 x1cy8zhl x78zum5 x1q0g3np xod5an3 xz9dl7a x1g0dm76 xpdmqnj\">\n<div class=\"html-div xdj266r x14z9mp xat24cr x1lziwak xexx8yu xyri2b x18d9i69 x1c1uobl x1iyjqo2 xeuugli\">\n<div class=\"x78zum5 xdt5ytf xz62fqu x16ldp7u\">\n<div class=\"xu06os2 x1ok221b\">\n<div class=\"html-div xdj266r x14z9mp xat24cr x1lziwak xexx8yu xyri2b x18d9i69 x1c1uobl\" data-ad-rendering-role=\"profile_name\">\n<h3 class=\"html-h3 x14z9mp xat24cr x1lziwak xexx8yu xyri2b x18d9i69 x1c1uobl x1vvkbs x1heor9g x1qlqyl8 x1pd3egz x1a2a7pz x1gslohp x1yc453h\"><span class=\"x78zum5 x1q0g3np\"><span class=\"x1lliihq x6ikm8r x10wlt62 x1n2onr6 xlyipyv xuxw1ft\"><span class=\"xt0psk2\"><span class=\"xjp7ctv\"><a class=\"x1i10hfl xjbqb8w x1ejq31n x18oe1m7 x1sy0etr xstzfhl x972fbf x10w94by x1qhh985 x14e42zd x9f619 x1ypdohk xt0psk2 x3ct3a4 xdj266r x14z9mp xat24cr x1lziwak xexx8yu xyri2b x18d9i69 x1c1uobl x16tdsg8 x1hl2dhg xggy1nq x1a2a7pz xkrqix3 x1sur9pj xzsf02u x1s688f\" href=\"https:\/\/www.facebook.com\/NBZHoBerg?__cft__[0]=AZY5krWIEWG-IfxsEYIO68kHNhuOvwOtiMNdazSDR1EN3oOiQFPP7wjczN2hoHsLnrOq6tqp9GuUhZDmm66H6RasEFZqJkyhvaOJBeEr4s-yYi9p8JE4BS6pPqKxoMDeUfTP1AbuoJbzn0xcBDwajAVB8VMPlXPQ8bxO_K6E0UvY3A&amp;__tn__=-UC%2CP-R\"><b class=\"html-b xdj266r x14z9mp xat24cr x1lziwak xexx8yu xyri2b x18d9i69 x1c1uobl x1hl2dhg x16tdsg8 x1vvkbs x1s688f\"><span class=\"html-span xdj266r x14z9mp xat24cr x1lziwak xexx8yu xyri2b x18d9i69 x1c1uobl x1hl2dhg x16tdsg8 x1vvkbs\">Nachbarschaftszentrum Holtenser Berg<\/span><\/b><\/a><\/span><\/span><\/span><\/span><\/h3>\n<\/div>\n<\/div>\n<\/div>\n<\/div>\n<\/div>\n<\/div>\n<div class=\"html-div xdj266r x14z9mp xat24cr x1lziwak xexx8yu xyri2b x18d9i69 x1c1uobl\">\n<div class=\"html-div xdj266r x14z9mp xat24cr x1lziwak xexx8yu xyri2b x18d9i69 x1c1uobl\" dir=\"auto\">\n<div class=\"html-div xdj266r x14z9mp xat24cr x1lziwak xexx8yu xyri2b x18d9i69 x1c1uobl\" data-ad-rendering-role=\"story_message\">\n<div class=\"x1l90r2v x1iorvi4 x1g0dm76 xpdmqnj\" data-ad-comet-preview=\"message\" data-ad-preview=\"message\">\n<div class=\"x78zum5 xdt5ytf xz62fqu x16ldp7u\">\n<div class=\"xu06os2 x1ok221b\">\n<div class=\"html-div xdj266r x14z9mp xat24cr x1lziwak xexx8yu xyri2b x18d9i69 x1c1uobl\">\n<div class=\"xdj266r x14z9mp xat24cr x1lziwak x1vvkbs x126k92a\">\n<div dir=\"auto\">Das Forum G\u00f6ttingen Nord-West und die AG lebendige Demokratie<\/div>\n<div dir=\"auto\">laden ein zum Gespr\u00e4ch mit den OB - Kandidat*innen 2026<\/div>\n<\/div>\n<div class=\"x14z9mp xat24cr x1lziwak x1vvkbs xtlvy1s x126k92a\">\n<div dir=\"auto\">Freitag, 17.04.2026 ab 17 Uhr Onyeka Oshionwu stellt sich Ihnen vor<\/div>\n<div dir=\"auto\"><\/div>\n<div dir=\"auto\">\n<div class=\"x9f619 x1r8uery x1iyjqo2 x6ikm8r x10wlt62 x1n2onr6\">\n<div class=\"x78zum5 xdt5ytf\" data-virtualized=\"false\">\n<div class=\"x9f619 x1n2onr6 x1ja2u2z\">\n<div class=\"html-div xdj266r x14z9mp xat24cr x1lziwak xyri2b x18d9i69 x1c1uobl xqtp20y x1n2onr6 xh8yej3 x1jm3axb\">\n<div class=\"html-div x1qjc9v5 x1q0q8m5 x1qhh985 x18b5jzi x10w94by x1t7ytsu x14e42zd x13fuv20 x972fbf x1ey2m1c x9f619 x78zum5 xdt5ytf x1iyjqo2 xs83m0k xtijo5x x1o0tod x1qughib xat24cr x14z9mp x1lziwak xdj266r x2lwn1j xeuugli x18d9i69 xyri2b x1c1uobl xexx8yu x10l6tqk x13vifvy x1ja2u2z\">\n<div class=\"x1wa3icf x11dcrhx x12nagc x10l6tqk\">\n<div class=\"x2fvf9\">\n<div class=\"x9f619 x1r8uery x1iyjqo2 x6ikm8r x10wlt62 x1n2onr6\">\n<div class=\"x78zum5 xdt5ytf\" data-virtualized=\"false\">\n<div class=\"x9f619 x1n2onr6 x1ja2u2z\">\n<div class=\"html-div xdj266r x14z9mp xat24cr x1lziwak xyri2b x18d9i69 x1c1uobl xqtp20y x1n2onr6 xh8yej3 x1jm3axb\">\n<div class=\"html-div x1qjc9v5 x1q0q8m5 x1qhh985 x18b5jzi x10w94by x1t7ytsu x14e42zd x13fuv20 x972fbf x1ey2m1c x9f619 x78zum5 xdt5ytf x1iyjqo2 xs83m0k xtijo5x x1o0tod x1qughib xat24cr x14z9mp x1lziwak xdj266r x2lwn1j xeuugli x18d9i69 xyri2b x1c1uobl xexx8yu x10l6tqk x13vifvy x1ja2u2z\">\n<p><a class=\"x1i10hfl xjbqb8w x1ejq31n x18oe1m7 x1sy0etr xstzfhl x972fbf x10w94by x1qhh985 x14e42zd x9f619 x1ypdohk x3ct3a4 xdj266r x14z9mp xat24cr x1lziwak xexx8yu xyri2b x18d9i69 x1c1uobl x16tdsg8 x1hl2dhg xggy1nq x1a2a7pz x1heor9g xkrqix3 x1sur9pj x1s688f x1lliihq x5yr21d x1n2onr6 xh8yej3\" href=\"https:\/\/www.facebook.com\/photo.php?fbid=1246472564340851&amp;set=pb.100069343576736.-2207520000&amp;type=3\"><img decoding=\"async\" class=\"xzg4506 x16mubyn xua58t2 x14uebl7 x1obq294 x5a5i1n xde0f50 x15x8krk x9f619 x5yr21d xl1xv1r xh8yej3\" src=\"https:\/\/scontent-ham3-1.xx.fbcdn.net\/v\/t39.30808-6\/658457098_1246472577674183_7073488899353508795_n.jpg?stp=c0.106.720.720a_dst-jpg_s206x206_tt6&amp;_nc_cat=108&amp;ccb=1-7&amp;_nc_sid=a934a8&amp;_nc_ohc=GexNoD86F64Q7kNvwHo3WmS&amp;_nc_oc=AdrNRMBpnwaFqqdix0QwlDvrAcGltbDS5lKDv1vAK90TRyqdmM_-wYLkNS1Olu2l1oY&amp;_nc_zt=23&amp;_nc_ht=scontent-ham3-1.xx&amp;_nc_gid=-U23cMfH3gECb3_TFVn9yg&amp;_nc_ss=7a3a8&amp;oh=00_Af0s7MnN7cJ1uHXGkrV0TRXzWPqHg5HmyppXldQXuS4RYw&amp;oe=69DB8A70\" alt=\"Ist m\u00f6glicherweise ein Bild von Text \u201eDas Nachbarschaftszentrum, das Forum G\u00f6ttingen Nord-West und die AG Lebendige Demokratie Laden ein zum Gespr\u00e4ch mit den OB- B-Kandidaten 2026 Es stellt sich Ihnen vor Frau ONYEKA OSHIONWU FREITAG, den 17.04.2026 ab 17.00 Uhr im NBZ Holtenser Berg, Londonstra\u00dfe 11 a Kandidatin der Gr\u00fcnen OB HERZLICH WILLKOMMEN! 4Ba\u0436 ONYEKA OSHIONWU w Nachbarschaftszentrum Holtenser HoltenserBerg Berg AG Lebendige Demokratie FORUM G\u00d6TTINGEN Nord- Nord-West -West\u201c\" \/><\/a><\/p>\n<div class=\"x1wa3icf x11dcrhx x12nagc x10l6tqk\">\n<div class=\"x2fvf9\"><\/div>\n<\/div>\n<\/div>\n<\/div>\n<\/div>\n<\/div>\n<\/div>\n<div class=\"x9f619 x1r8uery x1iyjqo2 x6ikm8r x10wlt62 x1n2onr6\">\n<div class=\"x78zum5 xdt5ytf\" data-virtualized=\"false\">\n<div class=\"x9f619 x1n2onr6 x1ja2u2z\">\n<div class=\"html-div xdj266r x14z9mp xat24cr x1lziwak xyri2b x18d9i69 x1c1uobl xqtp20y x1n2onr6 xh8yej3 x1jm3axb\">\n<div class=\"html-div x1qjc9v5 x1q0q8m5 x1qhh985 x18b5jzi x10w94by x1t7ytsu x14e42zd x13fuv20 x972fbf x1ey2m1c x9f619 x78zum5 xdt5ytf x1iyjqo2 xs83m0k xtijo5x x1o0tod x1qughib xat24cr x14z9mp x1lziwak xdj266r x2lwn1j xeuugli x18d9i69 xyri2b x1c1uobl xexx8yu x10l6tqk x13vifvy x1ja2u2z\">\n<div class=\"x1wa3icf x11dcrhx x12nagc x10l6tqk\">\n<div class=\"x2fvf9\"><\/div>\n<\/div>\n<\/div>\n<\/div>\n<\/div>\n<\/div>\n<\/div>\n<\/div>\n<\/div>\n<\/div>\n<\/div>\n<\/div>\n<\/div>\n<\/div>\n<\/div>\n<\/div>\n<\/div>\n<\/div>\n<\/div>\n<\/div>\n<\/div>\n<\/div>\n<\/div>\n<\/blockquote>\n<\/div>\n\t\t<div class=\"mc-location\"><div class=\"address location vcard\"><div class='map'><a href='https:\/\/maps.google.com\/maps?z=16&amp;daddr=Londonstra\u00dfe+11a++G\u00f6ttingen++37079+' class='url external'><span class='mc-icon' aria-hidden='true'><\/span>Karte<span class='screen-reader-text fn'> Nachbarschaftszentrum Holtenser Berg Londonstra\u00dfe 11a, 37079 G\u00f6ttingen<\/span><\/a><\/div><\/div><\/div>\n\t\t<div class=\"sharing\">\t<p class='mc-details'><a aria-label='Weiterlesen: 08.04.2026, NBZ Holtenser Berg: Einladung zum Gespr\u00e4ch mit den OB- Kandidaten 2026' href='https:\/\/rt-europaallee.de\/wordpress\/my-calendar\/?mc_id=30686'>Weiterlesen<\/a><\/p>\n<\/div><\/div><!--end .details--><\/article><article id='mc_calendar_17_30405-calendar-30405' class='mc-mc_calendar_30405 calendar-event mc_treffen-erfahrungsaustausch mc_nachbarschaftszentrum-holtenser-berg-londonstrae-11a-37079-gttingen  past-event mc_primary_treffen-erfahrungsaustausch recurring mc-3-stunden mc-start-19-00 mc-group-4488 mc-event-4488 mc-events mc-event mc_rel_treffenerfahrungsaustausch mc_rel_delete'><header>\t<h3 class='event-title summary' id='mc_30405-title-my-calendar'><button type='button' id='modal-button-mc_calendar_17_30405-calendar-details-30405' data-modal-content-id='mc_calendar_17_30405-calendar-details-30405' data-modal-prefix-class='my-calendar' data-modal-close-text='Schlie\u00dfen' data-modal-title='16.01.2026, NBZ Holtenser Berg: Stammtisch Holtenser Berg' aria-controls='mc_calendar_17_30405-calendar-details-30405' class='calendar mc-modal button button-link url summary has-image'><svg style=\"fill:#000000\" focusable=\"false\" role=\"img\" aria-labelledby=\"cat_30405\" class=\"category-icon\" xmlns=\"http:\/\/www.w3.org\/2000\/svg\" viewBox=\"0 0 640 512\"><!-- Font Awesome Free 5.15.3 by @fontawesome - https:\/\/fontawesome.com License - https:\/\/fontawesome.com\/license\/free (Icons: CC BY 4.0, Fonts: SIL OFL 1.1, Code: MIT License) --><title id='cat_30405'>Kategorie: Treffen\/ Erfahrungsaustausch<\/title><path d=\"M434.7 64h-85.9c-8 0-15.7 3-21.6 8.4l-98.3 90c-.1.1-.2.3-.3.4-16.6 15.6-16.3 40.5-2.1 56 12.7 13.9 39.4 17.6 56.1 2.7.1-.1.3-.1.4-.2l79.9-73.2c6.5-5.9 16.7-5.5 22.6 1 6 6.5 5.5 16.6-1 22.6l-26.1 23.9L504 313.8c2.9 2.4 5.5 5 7.9 7.7V128l-54.6-54.6c-5.9-6-14.1-9.4-22.6-9.4zM544 128.2v223.9c0 17.7 14.3 32 32 32h64V128.2h-96zm48 223.9c-8.8 0-16-7.2-16-16s7.2-16 16-16 16 7.2 16 16-7.2 16-16 16zM0 384h64c17.7 0 32-14.3 32-32V128.2H0V384zm48-63.9c8.8 0 16 7.2 16 16s-7.2 16-16 16-16-7.2-16-16c0-8.9 7.2-16 16-16zm435.9 18.6L334.6 217.5l-30 27.5c-29.7 27.1-75.2 24.5-101.7-4.4-26.9-29.4-24.8-74.9 4.4-101.7L289.1 64h-83.8c-8.5 0-16.6 3.4-22.6 9.4L128 128v223.9h18.3l90.5 81.9c27.4 22.3 67.7 18.1 90-9.3l.2-.2 17.9 15.5c15.9 13 39.4 10.5 52.3-5.4l31.4-38.6 5.4 4.4c13.7 11.1 33.9 9.1 45-4.7l9.5-11.7c11.2-13.8 9.1-33.9-4.6-45.1z\"\/><\/svg> <div>16.01.2026, NBZ Holtenser Berg: Stammtisch Holtenser Berg<\/div><\/button><\/h3>\n<\/header><div id='mc_calendar_17_30405-calendar-details-30405' class='details no-image uses-modal single-details'  aria-labelledby='mc_30405-title-my-calendar'>\n\t<button type='button' aria-controls='mc_calendar_17_30405-calendar-details-30405' class='mc-toggle close'><span class='dashicons dashicons-dismiss' aria-hidden='true'><\/span><span class='screen-reader-text'>Close<\/span><\/button>\n\t\r\n\t<div class='time-block'>\r\n\t\t<span class='mc-icon' aria-hidden='true'><\/span>\r\n\t\t<p><span class=\"time-wrapper\"><span class='event-time dtstart'><time class='value-title' datetime='2026-04-17T19:00:00+02:00' title='2026-04-17T19:00:00+02:00'>19:00<\/time><\/span> <span class='time-separator'> &ndash; <\/span> <span class='end-time dtend'> <time class='value-title' datetime='2026-04-17T22:00:00+02:00' title='2026-04-17T22:00:00+02:00'>22:00<\/time><\/span><\/span><br \/><span class=\"date-wrapper\"><span class='mc-start-date dtstart' title='2026-04-17T19:00:00+02:00' content='2026-04-17T19:00:00+02:00'>17. April 2026<\/span>  <\/span><\/p>\r\n\t<\/div>\n\t\t<div class='longdesc description'><p>(Quelle: <a href=\"https:\/\/www.facebook.com\/events\/2003043070613517\/2003043073946850\/\">https:\/\/www.facebook.com\/events\/2003043070613517\/2003043073946850\/<\/a>)<\/p>\n<blockquote>\n<div class=\"html-div xjyslct xjbqb8w x972fbf x10w94by x1qhh985 x14e42zd x9f619 x1rg5ohu xdj266r x14z9mp xat24cr x1lziwak xexx8yu xyri2b x18d9i69 x1c1uobl x1n2onr6 x16tdsg8 xh8yej3\" role=\"listitem\">\n<div class=\"html-div xdj266r x14z9mp xat24cr x1lziwak xyri2b x1c1uobl x78zum5 xdt5ytf xwib8y2 x1y1aw1k\">\n<div class=\"x9f619 x1ja2u2z x78zum5 x2lah0s x1n2onr6 x1nhvcw1 x1cy8zhl xozqiw3 x1q0g3np xv54qhq xf7dkkf x18d9i69 xexx8yu x1ws5yxj xw01apr x4cne27 xifccgj\">\n<div class=\"x9f619 x1n2onr6 x1ja2u2z x78zum5 xdt5ytf x2lah0s x193iq5w xeuugli x1icxu4v x25sj25 x10b6aqq x1yrsyyn\"><\/div>\n<div class=\"x9f619 x1n2onr6 x1ja2u2z x78zum5 xdt5ytf x193iq5w xeuugli x1r8uery x1iyjqo2 xs83m0k xamitd3 x1icxu4v x25sj25 x10b6aqq x1yrsyyn\">\n<div class=\"x78zum5 xdt5ytf xz62fqu x16ldp7u\">\n<div class=\"xu06os2 x1ok221b\"><span class=\"x193iq5w xeuugli x13faqbe x1vvkbs x1xmvt09 x1lliihq x1s928wv xhkezso x1gmr53x x1cpjm7i x1fgarty x1943h6x xudqn12 x3x7a5m x6prxxf xvq8zen xo1l8bm xzsf02u x1yc453h\" dir=\"auto\">Veranstaltung von <b class=\"html-b xdj266r x14z9mp xat24cr x1lziwak xexx8yu xyri2b x18d9i69 x1c1uobl x1hl2dhg x16tdsg8 x1vvkbs x1s688f\"><a class=\"x1i10hfl xjbqb8w x1ejq31n x18oe1m7 x1sy0etr xstzfhl x972fbf x10w94by x1qhh985 x14e42zd x9f619 x1ypdohk xt0psk2 x3ct3a4 xdj266r x14z9mp xat24cr x1lziwak xexx8yu xyri2b x18d9i69 x1c1uobl x16tdsg8 x1hl2dhg xggy1nq x1a2a7pz xkrqix3 x1sur9pj xzsf02u x1s688f\" href=\"https:\/\/www.facebook.com\/NBZHoBerg\">Nachbarschaftszentrum Holtenser Berg<\/a><\/b><\/span><\/div>\n<\/div>\n<\/div>\n<\/div>\n<\/div>\n<\/div>\n<div class=\"html-div xjyslct xjbqb8w x972fbf x10w94by x1qhh985 x14e42zd x9f619 x1rg5ohu xdj266r x14z9mp xat24cr x1lziwak xexx8yu xyri2b x18d9i69 x1c1uobl x1n2onr6 x16tdsg8 xh8yej3\" role=\"listitem\">\n<div class=\"html-div xdj266r x14z9mp xat24cr x1lziwak xyri2b x1c1uobl x78zum5 xdt5ytf xwib8y2 x1y1aw1k\">\n<div class=\"x9f619 x1ja2u2z x78zum5 x2lah0s x1n2onr6 x1nhvcw1 x1cy8zhl xozqiw3 x1q0g3np xv54qhq xf7dkkf x18d9i69 xexx8yu x1ws5yxj xw01apr x4cne27 xifccgj\">\n<div class=\"x9f619 x1n2onr6 x1ja2u2z x78zum5 xdt5ytf x2lah0s x193iq5w xeuugli x1icxu4v x25sj25 x10b6aqq x1yrsyyn\"><\/div>\n<div class=\"x9f619 x1n2onr6 x1ja2u2z x78zum5 xdt5ytf x193iq5w xeuugli x1r8uery x1iyjqo2 xs83m0k xamitd3 x1icxu4v x25sj25 x10b6aqq x1yrsyyn\">\n<div class=\"x78zum5 xdt5ytf xz62fqu x16ldp7u\">\n<div class=\"xu06os2 x1ok221b\">\n<div class=\"x1i10hfl xjbqb8w x1ejq31n x18oe1m7 x1sy0etr xstzfhl x972fbf x10w94by x1qhh985 x14e42zd x9f619 x1ypdohk xt0psk2 x3ct3a4 xdj266r x14z9mp xat24cr x1lziwak xexx8yu xyri2b x18d9i69 x1c1uobl x16tdsg8 x1hl2dhg xggy1nq x1a2a7pz xkrqix3 x1sur9pj xzsf02u x1s688f\" role=\"button\">Londonstra\u00dfe 11a, 37079 G\u00f6ttingen, Germany<\/div>\n<\/div>\n<\/div>\n<\/div>\n<\/div>\n<\/div>\n<\/div>\n<div class=\"html-div xjyslct xjbqb8w x972fbf x10w94by x1qhh985 x14e42zd x9f619 x1rg5ohu xdj266r x14z9mp xat24cr x1lziwak xexx8yu xyri2b x18d9i69 x1c1uobl x1n2onr6 x16tdsg8 xh8yej3\" role=\"listitem\">\n<div class=\"html-div xdj266r x14z9mp xat24cr x1lziwak xyri2b x1c1uobl x78zum5 xdt5ytf xwib8y2 x1y1aw1k\">\n<div class=\"x9f619 x1ja2u2z x78zum5 x2lah0s x1n2onr6 x1nhvcw1 x1cy8zhl xozqiw3 x1q0g3np xv54qhq xf7dkkf x18d9i69 xexx8yu x1ws5yxj xw01apr x4cne27 xifccgj\">\n<div class=\"x9f619 x1n2onr6 x1ja2u2z x78zum5 xdt5ytf x2lah0s x193iq5w xeuugli x1icxu4v x25sj25 x10b6aqq x1yrsyyn\"><\/div>\n<div class=\"x9f619 x1n2onr6 x1ja2u2z x78zum5 xdt5ytf x193iq5w xeuugli x1r8uery x1iyjqo2 xs83m0k xamitd3 x1icxu4v x25sj25 x10b6aqq x1yrsyyn\">\n<div class=\"x78zum5 xdt5ytf xz62fqu x16ldp7u\">\n<div class=\"xu06os2 x1ok221b\"><span class=\"x193iq5w xeuugli x13faqbe x1vvkbs x1xmvt09 x1lliihq x1s928wv xhkezso x1gmr53x x1cpjm7i x1fgarty x1943h6x xudqn12 x3x7a5m x6prxxf xvq8zen xo1l8bm xzsf02u x1yc453h\" dir=\"auto\">Laufzeit: 3 Std.<\/span><\/div>\n<\/div>\n<\/div>\n<\/div>\n<\/div>\n<\/div>\n<div class=\"html-div xjyslct xjbqb8w x972fbf x10w94by x1qhh985 x14e42zd x9f619 x1rg5ohu xdj266r x14z9mp xat24cr x1lziwak xexx8yu xyri2b x18d9i69 x1c1uobl x1n2onr6 x16tdsg8 xh8yej3\" role=\"listitem\">\n<div class=\"html-div xdj266r x14z9mp xat24cr x1lziwak xyri2b x1c1uobl x78zum5 xdt5ytf xwib8y2 x1y1aw1k\">\n<div class=\"x9f619 x1ja2u2z x78zum5 x2lah0s x1n2onr6 x1nhvcw1 x1cy8zhl xozqiw3 x1q0g3np xv54qhq xf7dkkf x18d9i69 xexx8yu x1ws5yxj xw01apr x4cne27 xifccgj\">\n<div class=\"x9f619 x1n2onr6 x1ja2u2z x78zum5 xdt5ytf x2lah0s x193iq5w xeuugli x1icxu4v x25sj25 x10b6aqq x1yrsyyn\"><\/div>\n<div class=\"x9f619 x1n2onr6 x1ja2u2z x78zum5 xdt5ytf x193iq5w xeuugli x1r8uery x1iyjqo2 xs83m0k xamitd3 x1icxu4v x25sj25 x10b6aqq x1yrsyyn\">\n<div class=\"x78zum5 xdt5ytf xz62fqu x16ldp7u\">\n<div class=\"xu06os2 x1ok221b\"><span class=\"x193iq5w xeuugli x13faqbe x1vvkbs x1xmvt09 x1lliihq x1s928wv xhkezso x1gmr53x x1cpjm7i x1fgarty x1943h6x xudqn12 x3x7a5m x6prxxf xvq8zen xo1l8bm xzsf02u x1yc453h\" dir=\"auto\">\u00d6ffentlich<span class=\"xzpqnlu xjm9jq1 x6ikm8r x10wlt62 x10l6tqk x1i1rx1s\">\u00a0<\/span><span aria-hidden=\"true\"> \u00b7 <\/span>Jede Person auf und au\u00dferhalb von Facebook<\/span><\/div>\n<\/div>\n<\/div>\n<\/div>\n<\/div>\n<\/div>\n<\/blockquote>\n<\/div>\n\t\t<div class=\"mc-location\"><div class=\"address location vcard\"><div class='map'><a href='https:\/\/maps.google.com\/maps?z=16&amp;daddr=Londonstra\u00dfe+11a++G\u00f6ttingen++37079+' class='url external'><span class='mc-icon' aria-hidden='true'><\/span>Karte<span class='screen-reader-text fn'> Nachbarschaftszentrum Holtenser Berg Londonstra\u00dfe 11a, 37079 G\u00f6ttingen<\/span><\/a><\/div><\/div><\/div>\n\t\t<div class=\"sharing\">\t<p class='mc-details'><a aria-label='Weiterlesen: 16.01.2026, NBZ Holtenser Berg: Stammtisch Holtenser Berg' href='https:\/\/rt-europaallee.de\/wordpress\/my-calendar\/?mc_id=30405'>Weiterlesen<\/a><\/p>\n<\/div><\/div><!--end .details--><\/article>\n<\/td>\n<td id='calendar-2026-04-18' class='mc-events samstag sa past-day past-date weekend  has-events author3 mcat_general mcat_sport mcat_auffhrungen--veranstaltungen mcat_bildung day-with-date'><div class='mc-date-container'>\n\t<span class='mc-date'><span aria-hidden='true' class='mc-day-number'>18<\/span><span class='screen-reader-text mc-day-date'>18. April 2026<\/span><span class=\"event-icon\" aria-hidden=\"true\">&#9679;&#9679;&#9679;<\/span><span class=\"screen-reader-text\"><span class=\"mc-list-details event-count\">(5 Veranstaltungen)<\/span><\/span><\/span><\/div><article id='mc_calendar_18_30605-calendar-30605' class='mc-mc_calendar_30605 calendar-event mc_general mc_stadtlabor-gttingen-wilhelmspl-3-37073-gttingen  on-now mc_primary_general nonrecurring mc-3-wochen mc-start-00-00 ungrouped mc-event-4583 mc-events multidate mc-event mc_rel_general'><header>\t<h3 class='event-title summary' id='mc_30605-title-my-calendar'><button type='button' id='modal-button-mc_calendar_18_30605-calendar-details-30605' data-modal-content-id='mc_calendar_18_30605-calendar-details-30605' data-modal-prefix-class='my-calendar' data-modal-close-text='Schlie\u00dfen' data-modal-title='16.03.2026, Ausstellung: Der NS-V\u00f6lkermord an den Roma in der besetzten Sowjetunion' aria-controls='mc_calendar_18_30605-calendar-details-30605' class='calendar mc-modal button button-link url summary has-image'><svg style=\"fill:#000000\" focusable=\"false\" role=\"img\" aria-labelledby=\"cat_30605\" class=\"category-icon\" xmlns=\"http:\/\/www.w3.org\/2000\/svg\" viewBox=\"0 0 448 512\"><!-- Font Awesome Free 5.15.3 by @fontawesome - https:\/\/fontawesome.com License - https:\/\/fontawesome.com\/license\/free (Icons: CC BY 4.0, Fonts: SIL OFL 1.1, Code: MIT License) --><title id='cat_30605'>Kategorie: General<\/title><path d=\"M12 192h424c6.6 0 12 5.4 12 12v260c0 26.5-21.5 48-48 48H48c-26.5 0-48-21.5-48-48V204c0-6.6 5.4-12 12-12zm436-44v-36c0-26.5-21.5-48-48-48h-48V12c0-6.6-5.4-12-12-12h-40c-6.6 0-12 5.4-12 12v52H160V12c0-6.6-5.4-12-12-12h-40c-6.6 0-12 5.4-12 12v52H48C21.5 64 0 85.5 0 112v36c0 6.6 5.4 12 12 12h424c6.6 0 12-5.4 12-12z\"\/><\/svg> <div>16.03.2026, Ausstellung: Der NS-V\u00f6lkermord an den Roma in der besetzten Sowjetunion<\/div><\/button><\/h3>\n<\/header><div id='mc_calendar_18_30605-calendar-details-30605' class='details no-image uses-modal single-details'  aria-labelledby='mc_30605-title-my-calendar'>\n\t<button type='button' aria-controls='mc_calendar_18_30605-calendar-details-30605' class='mc-toggle close'><span class='dashicons dashicons-dismiss' aria-hidden='true'><\/span><span class='screen-reader-text'>Close<\/span><\/button>\n\t\r\n\t<div class='time-block'>\r\n\t\t<span class='mc-icon' aria-hidden='true'><\/span>\r\n\t\t<p><span class=\"time-wrapper\"> <span class='event-time'><abbr title='Nicht zutreffend'>n.\u00a0a.<\/abbr><\/span>  <\/span><br \/><span class=\"date-wrapper\"><span class='mc-start-date dtstart' title='2026-04-10T00:00:00+02:00' content='2026-04-10T00:00:00+02:00'>10. April 2026<\/span> <span class='date-separator'> &ndash; <\/span> <span class=\"event-time dtend\">30. April 2026<\/span><\/span><\/p>\r\n\t<\/div>\n\t\t<div class='longdesc description'><p>Siehe:\u00a0<a href=\"https:\/\/rt-europaallee.de\/wordpress\/2026\/03\/stadt-goettingen-internationale-wochen-gegen-rassismus-veranstaltungen-in-der-stadt-goettingen\/\">https:\/\/rt-europaallee.de\/wordpress\/2026\/03\/stadt-goettingen-internationale-wochen-gegen-rassismus-veranstaltungen-in-der-stadt-goettingen\/<\/a><\/p>\n<p><img decoding=\"async\" class=\"emoji\" role=\"img\" src=\"https:\/\/s.w.org\/images\/core\/emoji\/17.0.2\/svg\/27a1.svg\" alt=\"\u27a1\ufe0f\" \/><\/p>\n<blockquote><p>(Quelle:\u00a0<a href=\"https:\/\/www.goettingen.de\/portal\/meldungen\/internationale-wochen-gegen-rassismus-veranstaltungen-in-der-stadt-goettingen-900004830-25480.html?utm_source=copilot.com\">https:\/\/www.goettingen.de\/portal\/meldungen\/internationale-wochen-gegen-rassismus-veranstaltungen-in-der-stadt-goettingen-900004830-25480.html?utm_source=copilot.com<\/a>)<\/p>\n<blockquote>\n<div class=\"fusstext fusstext_oben\">\n<p><span class=\"create\">06.03.2026<\/span><span class=\"modified\">\u00a0| ge\u00e4ndert am 12.03.2026<\/span><\/p>\n<div><\/div>\n<\/div>\n<h3 class=\"kontrast-bild\">Internationale Wochen gegen Rassismus \u2013 Veranstaltungen in der Stadt G\u00f6ttingen<\/h3>\n<div id=\"nolis_content_site\" class=\"nolis_content_site\">\n<p class=\"anreisser_detail\"><strong>Zum 31. Mal finden die bundesweiten Internationalen Wochen gegen Rassismus von Montag bis Sonntag, 16. bis 29. M\u00e4rz 2026, statt. Das diesj\u00e4hrige Motto lautet \u201e100 Prozent Menschenw\u00fcrde. Zusammen gegen Rassismus und Rechtsextremismus\u201c. Der diesj\u00e4hrige Botschafter der Aktionswochen ist Prof. Dr. Matthias Quent. Hier gibt es einen \u00dcberblick \u00fcber die Veranstaltungen in der Stadt G\u00f6ttingen.<\/strong><\/p>\n<h3>...<\/h3>\n<p>Freitag, 10. April bis Donnerstag, 30. April 2026<br \/>\n<strong>Der NS-V\u00f6lkermord an den Roma in der besetzten Sowjetunion<\/strong><br \/>\n<strong>Ausstellung im Stadtlabor<\/strong><\/p>\n<p>Ort: Stadtlabor, Wilhelmsplatz 3, 37073 G\u00f6ttingen<br \/>\nVeranstalter*in: Roma Center e. V.<br \/>\nEintritt: frei<br \/>\nAnmeldung: nicht erforderlich.\u00a0<a class=\"link_katalog nolis-link-extern\" href=\"https:\/\/roma-center.de\/\" target=\"_blank\">Die \u00d6ffnungszeiten der Ausstellung sind hier aufgef\u00fchrt<\/a>.<\/p>\n<p>Am Freitag, 10. April 2026 um 18.00 Uhr er\u00f6ffnen Roma Center und Bildungswerk f\u00fcr Erinnerungsarbeit und Frieden die Ausstellung \u201eGenozid an Roma auf dem Gebiet der besetzten Sowjetunion 1941\u20131944\u201c im Stadtlabor. Grundlage sind 200 Interviews mit \u00dcberlebenden und ihren Kindern aus der Ukraine, Belarus, Russland, Rum\u00e4nien und Moldau. Sie erz\u00e4hlen von Verfolgung und Widerstand der Roma nach dem \u00dcberfall auf die Sowjetunion.<\/p>\n<h3>...<\/h3>\n<\/div>\n<\/blockquote>\n<\/blockquote>\n<blockquote>\n<h3><\/h3>\n<\/blockquote>\n<\/div>\n\t\t<div class=\"mc-location\"><div class=\"address location vcard\"><div class='map'><a href='https:\/\/www.google.com\/maps\/place\/Stadtlabor+G%C3%B6ttingen\/@51.5334069,9.9374107,20.79z\/data=!3m1!5s0x47a4d495880e01c3:0x2da49c3266d39a0d!4m15!1m8!3m7!1s0x47a4d49588f818f7:0x3eeeb28ecd9fdbb0!2sWilhelmspl.+3,+37073+G%C3%B6ttingen!3b1!8m2!3d51.5334334!4d9.9374974!16s%2Fg%2F11cscfk8zz!3m5!1s0x47a4d5950eff9b5b:0xc068ed179b6e3c99!8m2!3d51.5335141!4d9.9376129!16s%2Fg%2F11v3znlf2z?entry=ttu' class='url external'><span class='mc-icon' aria-hidden='true'><\/span>Karte<span class='screen-reader-text fn'> Stadtlabor G\u00f6ttingen, Wilhelmspl. 3, 37073 G\u00f6ttingen<\/span><\/a><\/div><\/div><\/div>\n\t\t<div class=\"sharing\">\t<p class='mc-details'><a aria-label='Weiterlesen: 16.03.2026, Ausstellung: Der NS-V\u00f6lkermord an den Roma in der besetzten Sowjetunion' href='https:\/\/rt-europaallee.de\/wordpress\/my-calendar\/?mc_id=30605'>Weiterlesen<\/a><\/p>\n<\/div><\/div><!--end .details--><\/article><article id='mc_calendar_18_30677-calendar-30677' class='mc-mc_calendar_30677 calendar-event mc_sport mc_sg-grn-wei-hagenberg-gttingen-ev-pappelweg-3-37079-gttingen  past-event mc_primary_sport nonrecurring mc-1-stunde mc-start-10-30 mc-group-4616 mc-event-4616 mc-events mc-event mc_rel_sport'><header>\t<h3 class='event-title summary' id='mc_30677-title-my-calendar'><button type='button' id='modal-button-mc_calendar_18_30677-calendar-details-30677' data-modal-content-id='mc_calendar_18_30677-calendar-details-30677' data-modal-prefix-class='my-calendar' data-modal-close-text='Schlie\u00dfen' data-modal-title='08.04.2026, SG GW Hagenberg e.V.: G\u00f6ttinger Doppelsprint Orientierungslauf' aria-controls='mc_calendar_18_30677-calendar-details-30677' class='calendar mc-modal button button-link url summary has-image'><svg style=\"fill:#000000\" focusable=\"false\" role=\"img\" aria-labelledby=\"cat_30677\" class=\"category-icon\" xmlns=\"http:\/\/www.w3.org\/2000\/svg\" viewBox=\"0 0 496 512\"><!-- Font Awesome Free 5.15.3 by @fontawesome - https:\/\/fontawesome.com License - https:\/\/fontawesome.com\/license\/free (Icons: CC BY 4.0, Fonts: SIL OFL 1.1, Code: MIT License) --><title id='cat_30677'>Kategorie: Sport<\/title><path d=\"M212.3 10.3c-43.8 6.3-86.2 24.1-122.2 53.8l77.4 77.4c27.8-35.8 43.3-81.2 44.8-131.2zM248 222L405.9 64.1c-42.4-35-93.6-53.5-145.5-56.1-1.2 63.9-21.5 122.3-58.7 167.7L248 222zM56.1 98.1c-29.7 36-47.5 78.4-53.8 122.2 50-1.5 95.5-17 131.2-44.8L56.1 98.1zm272.2 204.2c45.3-37.1 103.7-57.4 167.7-58.7-2.6-51.9-21.1-103.1-56.1-145.5L282 256l46.3 46.3zM248 290L90.1 447.9c42.4 34.9 93.6 53.5 145.5 56.1 1.3-64 21.6-122.4 58.7-167.7L248 290zm191.9 123.9c29.7-36 47.5-78.4 53.8-122.2-50.1 1.6-95.5 17.1-131.2 44.8l77.4 77.4zM167.7 209.7C122.3 246.9 63.9 267.3 0 268.4c2.6 51.9 21.1 103.1 56.1 145.5L214 256l-46.3-46.3zm116 292c43.8-6.3 86.2-24.1 122.2-53.8l-77.4-77.4c-27.7 35.7-43.2 81.2-44.8 131.2z\"\/><\/svg> <div>08.04.2026, SG GW Hagenberg e.V.: G\u00f6ttinger Doppelsprint Orientierungslauf<\/div><\/button><\/h3>\n<\/header><div id='mc_calendar_18_30677-calendar-details-30677' class='details no-image uses-modal single-details'  aria-labelledby='mc_30677-title-my-calendar'>\n\t<button type='button' aria-controls='mc_calendar_18_30677-calendar-details-30677' class='mc-toggle close'><span class='dashicons dashicons-dismiss' aria-hidden='true'><\/span><span class='screen-reader-text'>Close<\/span><\/button>\n\t\r\n\t<div class='time-block'>\r\n\t\t<span class='mc-icon' aria-hidden='true'><\/span>\r\n\t\t<p><span class=\"time-wrapper\"><span class='event-time dtstart'><time class='value-title' datetime='2026-04-18T10:30:00+02:00' title='2026-04-18T10:30:00+02:00'>10:30<\/time><\/span> <span class='time-separator'> &ndash; <\/span> <span class='end-time dtend'> <time class='value-title' datetime='2026-04-18T11:30:00+02:00' title='2026-04-18T11:30:00+02:00'>11:30<\/time><\/span><\/span><br \/><span class=\"date-wrapper\"><span class='mc-start-date dtstart' title='2026-04-18T10:30:00+02:00' content='2026-04-18T10:30:00+02:00'>18. April 2026<\/span>  <\/span><\/p>\r\n\t<\/div>\n\t\t<div class='longdesc description'><p>(Quelle: <a href=\"https:\/\/www.facebook.com\/gwhagenberg\/posts\/pfbid0vSuZ1AmffCAMAVoePbPnocd9VSYWVJ33fDR9SvbibrAuqsZHKVwh1bG8TEp6oaT6l?notif_id=1774943410624374&amp;notif_t=notify_me_page&amp;ref=notif\">https:\/\/www.facebook.com\/gwhagenberg\/posts\/pfbid0vSuZ1AmffCAMAVoePbPnocd9VSYWVJ33fDR9SvbibrAuqsZHKVwh1bG8TEp6oaT6l?notif_id=1774943410624374&amp;notif_t=notify_me_page&amp;ref=notif<\/a>)<\/p>\n<blockquote>\n<div class=\"html-div xdj266r xat24cr x1lziwak xexx8yu xyri2b x18d9i69 x1c1uobl x78zum5 x2lah0s xqtp20y x1xegmmw\">\n<div class=\"x1vqgdyp x100vrsf\">\n<div class=\"\"><\/div>\n<\/div>\n<\/div>\n<div class=\"html-div xdj266r x14z9mp xat24cr x1lziwak xexx8yu xyri2b x18d9i69 x1c1uobl x1iyjqo2 xeuugli\">\n<div class=\"x78zum5 xdt5ytf xz62fqu x16ldp7u\">\n<div class=\"xu06os2 x1ok221b\">\n<div class=\"html-div xdj266r x14z9mp xat24cr x1lziwak xexx8yu xyri2b x18d9i69 x1c1uobl\" data-ad-rendering-role=\"profile_name\">\n<h3 class=\"html-h3 x14z9mp xat24cr x1lziwak xexx8yu xyri2b x18d9i69 x1c1uobl x1vvkbs x1heor9g x1qlqyl8 x1pd3egz x1a2a7pz x1gslohp x1yc453h\"><span class=\"x78zum5 x1q0g3np\"><span class=\"x1lliihq x6ikm8r x10wlt62 x1n2onr6 xlyipyv xuxw1ft\"><span class=\"xt0psk2\"><span class=\"xjp7ctv\"><a class=\"x1i10hfl xjbqb8w x1ejq31n x18oe1m7 x1sy0etr xstzfhl x972fbf x10w94by x1qhh985 x14e42zd x9f619 x1ypdohk xt0psk2 x3ct3a4 xdj266r x14z9mp xat24cr x1lziwak xexx8yu xyri2b x18d9i69 x1c1uobl x16tdsg8 x1hl2dhg xggy1nq x1a2a7pz xkrqix3 x1sur9pj xzsf02u x1s688f\" href=\"https:\/\/www.facebook.com\/gwhagenberg?__cft__[0]=AZbaTFcaLh1JiCVCg-Tk3nImoJjxE2zUPCJGZr1xWaUFLOUeHKoF591HfDCdjHK6L9-_SqyLmMD30AJS3dWUP3tK3MepUoXywa_xv-Dd8xV9WK79s8Qpq4DTatsDU9TXq0fo2f3Mgqauxb9HTisWBDl2&amp;__tn__=-UC%2CP-R\"><b class=\"html-b xdj266r x14z9mp xat24cr x1lziwak xexx8yu xyri2b x18d9i69 x1c1uobl x1hl2dhg x16tdsg8 x1vvkbs x1s688f\"><span class=\"html-span xdj266r x14z9mp xat24cr x1lziwak xexx8yu xyri2b x18d9i69 x1c1uobl x1hl2dhg x16tdsg8 x1vvkbs\">SG GW Hagenberg e.V.<\/span><\/b><\/a><\/span><\/span><\/span><\/span><\/h3>\n<\/div>\n<\/div>\n<div class=\"xu06os2 x1ok221b\">\n<div class=\"html-div xdj266r x14z9mp xat24cr x1lziwak xexx8yu xyri2b x18d9i69 x1c1uobl x6s0dn4 x17zd0t2 x78zum5 x1q0g3np x1a02dak\"><img decoding=\"async\" class=\"x15mokao x1ga7v0g x16uus16 xbiv7yw x1bwycvy x193iq5w x4fas0m x19kjcj4\" src=\"https:\/\/scontent-ham3-1.xx.fbcdn.net\/v\/t39.30808-6\/662412535_1398435718752677_5500153016668654926_n.jpg?_nc_cat=101&amp;ccb=1-7&amp;_nc_sid=13d280&amp;_nc_ohc=6lI6KKdu2_4Q7kNvwFMg0wQ&amp;_nc_oc=AdpYwuddft7HxdaTXS0OYObQ5TxiFRbNbNtDzkPfbd8pdBw28CC0So7oFFUmJ926ccmYnRGS1mqQIdCmskkb3qnO&amp;_nc_zt=23&amp;_nc_ht=scontent-ham3-1.xx&amp;_nc_gid=xUJg0Ra2CEx7irIB2pB_Dw&amp;_nc_ss=7a3a8&amp;oh=00_Af0hSI5kfXLYoh9Vf9BJMu-n12WQ38Sn_C2iEnGDk_Ynlg&amp;oe=69DB904F\" alt=\"Ist m\u00f6glicherweise ein Bild von Text \u201eNTB \u975e NIEDERS\u00c4CHSISCHER MEDERS\u00c4CHSISCHERTURNER-BUR TURNER-BUND LEICHTATHLETIK LAVO5 G\u00d6TTINGEN G\u00f6ttinger Doppelsprint Orientierungslauf Was ist Orientierungslauf? Beim Orientierungslauf l\u00e4uft man mithilfe einer Karte im Gel\u00e4nde markierte Kontrollpunkte an rennend, wandernd oder spazierend. Die Route darf im Rahmen der Regeln selbst gew\u00e4hlt werden. Gotingen Wann? Am 18.04.2026 Wo? Treffpunkt: Sportplatz Hagenberg (51\u00b033'27.6&quot;N, 9\u00b054'23.9&quot;E) 1. Lauf 10:30 - 12 Uhr 2. Lauf 13:30 15 Uhr Die L\u00e4ufe finden im Bereich Holtenser Berg &amp; Hagenberg statt Du hast Interesse? Komm vorbei und probiere es aus! Gerne auch mit Voranmeldung an ol@lav05.de F\u00fcr Speisen und Getr\u00e4nke sorgt die SG Gr\u00fcn-Wei\u00df Hagenberg\u201c\" data-visualcompletion=\"media-vc-image\" \/><\/div>\n<div>( <a href=\"https:\/\/www.facebook.com\/photo?fbid=1398435715419344&amp;set=a.543463197583271\">https:\/\/www.facebook.com\/photo?fbid=1398435715419344&amp;set=a.543463197583271<\/a>)<\/div>\n<\/div>\n<\/div>\n<\/div>\n<\/blockquote>\n<\/div>\n\t\t<div class=\"mc-location\"><div class=\"address location vcard\"><div class='map'><a href='https:\/\/www.google.com\/maps\/place\/SG+Gr%C3%BCn-Wei%C3%9F+Hagenberg+G%C3%B6ttingen+e.V.\/@51.557339,9.9064226,17z\/data=!3m2!4b1!5s0x47bb2b29138860b5:0x4cb984a5f89b4b87!4m6!3m5!1s0x47bb2b2910fd3301:0xad975e3ae1c1e690!8m2!3d51.557339!4d9.9089975!16s%2Fg%2F11g9dmcv7k?entry=ttu&amp;g_ep=EgoyMDI0MTExNy4wIKXMDSoASAFQAw%3D%3D' class='url external'><span class='mc-icon' aria-hidden='true'><\/span>Karte<span class='screen-reader-text fn'> SG Gr\u00fcn-Wei\u00df Hagenberg G\u00f6ttingen e.V., Pappelweg 3, 37079 G\u00f6ttingen<\/span><\/a><\/div><\/div><\/div>\n\t\t<div class=\"sharing\">\t<p class='mc-details'><a aria-label='Weiterlesen: 08.04.2026, SG GW Hagenberg e.V.: G\u00f6ttinger Doppelsprint Orientierungslauf' href='https:\/\/rt-europaallee.de\/wordpress\/my-calendar\/?mc_id=30677'>Weiterlesen<\/a><\/p>\n<\/div><\/div><!--end .details--><\/article><article id='mc_calendar_18_30699-calendar-30699' class='mc-mc_calendar_30699 calendar-event mc_auffhrungen--veranstaltungen mc_location-402  past-event mc_primary_auffuehrungen-veranstaltungen nonrecurring mc mc-start-11-00 mc-group-4638 mc-event-4638 mc-events mc-event mc_rel_auffhrungenveranstaltungen'><header>\t<h3 class='event-title summary' id='mc_30699-title-my-calendar'><button type='button' id='modal-button-mc_calendar_18_30699-calendar-details-30699' data-modal-content-id='mc_calendar_18_30699-calendar-details-30699' data-modal-prefix-class='my-calendar' data-modal-close-text='Schlie\u00dfen' data-modal-title='15.04.2026, B\u00fcffelfutter - Tipps f\u00fcr Kids in G\u00f6ttingen: &quot;Ritterturney&quot; auf Schloss Berlepsch' aria-controls='mc_calendar_18_30699-calendar-details-30699' class='calendar mc-modal button button-link url summary has-image'><svg style=\"fill:#000000\" focusable=\"false\" role=\"img\" aria-labelledby=\"cat_30699\" class=\"category-icon\" xmlns=\"http:\/\/www.w3.org\/2000\/svg\" viewBox=\"0 0 512 512\"><!-- Font Awesome Free 5.15.3 by @fontawesome - https:\/\/fontawesome.com License - https:\/\/fontawesome.com\/license\/free (Icons: CC BY 4.0, Fonts: SIL OFL 1.1, Code: MIT License) --><title id='cat_30699'>Kategorie: Auff\u00fchrungen + Veranstaltungen<\/title><path d=\"M502.63 39L473 9.37a32 32 0 0 0-45.26 0L381.46 55.7a35.14 35.14 0 0 0-8.53 13.79L360.77 106l-76.26 76.26c-12.16-8.76-25.5-15.74-40.1-19.14-33.45-7.78-67-.88-89.88 22a82.45 82.45 0 0 0-20.24 33.47c-6 18.56-23.21 32.69-42.15 34.46-23.7 2.27-45.73 11.45-62.61 28.44C-16.11 327-7.9 409 47.58 464.45S185 528 230.56 482.52c17-16.88 26.16-38.9 28.45-62.71 1.76-18.85 15.89-36.13 34.43-42.14a82.6 82.6 0 0 0 33.48-20.25c22.87-22.88 29.74-56.36 22-89.75-3.39-14.64-10.37-28-19.16-40.2L406 151.23l36.48-12.16a35.14 35.14 0 0 0 13.79-8.53l46.33-46.32a32 32 0 0 0 .03-45.22zM208 352a48 48 0 1 1 48-48 48 48 0 0 1-48 48z\"\/><\/svg> <div>15.04.2026, B\u00fcffelfutter - Tipps f\u00fcr Kids in G\u00f6ttingen: \"Ritterturney\" auf Schloss Berlepsch<\/div><\/button><\/h3>\n<\/header><div id='mc_calendar_18_30699-calendar-details-30699' class='details no-image uses-modal single-details'  aria-labelledby='mc_30699-title-my-calendar'>\n\t<button type='button' aria-controls='mc_calendar_18_30699-calendar-details-30699' class='mc-toggle close'><span class='dashicons dashicons-dismiss' aria-hidden='true'><\/span><span class='screen-reader-text'>Close<\/span><\/button>\n\t\r\n\t<div class='time-block'>\r\n\t\t<span class='mc-icon' aria-hidden='true'><\/span>\r\n\t\t<p><span class=\"time-wrapper\"><span class='event-time dtstart'><time class='value-title' datetime='2026-04-18T11:00:00+02:00' title='2026-04-18T11:00:00+02:00'>11:00<\/time><\/span>  <\/span><br \/><span class=\"date-wrapper\"><span class='mc-start-date dtstart' title='2026-04-18T11:00:00+02:00' content='2026-04-18T11:00:00+02:00'>18. April 2026<\/span>  <\/span><\/p>\r\n\t<\/div>\n\t\t<div class='longdesc description'><p>(Quelle: <a href=\"https:\/\/www.facebook.com\/bueffelfuttertippsfuerkidsingoettingen\/posts\/pfbid0eqteQN5M3yVRAGsqV8G3GfQMBn2LLtDnVKjhtD1wKdQmyjAfyzJcSBsxEPCfUw8zl\">https:\/\/www.facebook.com\/bueffelfuttertippsfuerkidsingoettingen\/posts\/pfbid0eqteQN5M3yVRAGsqV8G3GfQMBn2LLtDnVKjhtD1wKdQmyjAfyzJcSBsxEPCfUw8zl<\/a>)<\/p>\n<p>&nbsp;<\/p>\n<h4><a href=\"https:\/\/www.google.com\/maps\/dir\/\/Schloss+Berlepsch,+Berlepsch+1,+37218+Witzenhausen\/@51.3953247,9.8302054,17z\/data=!3m1!5s0x47bb332040b1b937:0x1dfeacbb1e67395d!4m19!1m10!3m9!1s0x47bb33203eb8c279:0x4eede2153cb368ff!2sSchloss+Berlepsch!5m2!4m1!1i2!8m2!3d51.3960544!4d9.8322868!16s%2Fg%2F120yl8l_!4m7!1m0!1m5!1m1!1s0x47bb33203eb8c279:0x4eede2153cb368ff!2m2!1d9.8322868!2d51.3960544?entry=ttu&amp;g_ep=EgoyMDI2MDQxMi4wIKXMDSoASAFQAw%3D%3D\">Schloss Berlepsch, Berlepsch 1, 37218 Witzenhausen<\/a><\/h4>\n<blockquote>\n<div class=\"html-div xdj266r x14z9mp xat24cr x1lziwak xexx8yu xyri2b x18d9i69 x1c1uobl\">\n<div class=\"html-div xdj266r x14z9mp x1lziwak x18d9i69 x1cy8zhl x78zum5 x1q0g3np xod5an3 xz9dl7a x1g0dm76 xpdmqnj\">\n<div class=\"html-div xdj266r x14z9mp xat24cr x1lziwak xexx8yu xyri2b x18d9i69 x1c1uobl x1iyjqo2 xeuugli\">\n<div class=\"x78zum5 xdt5ytf xz62fqu x16ldp7u\">\n<div class=\"xu06os2 x1ok221b\">\n<div class=\"html-div xdj266r x14z9mp xat24cr x1lziwak xexx8yu xyri2b x18d9i69 x1c1uobl\" data-ad-rendering-role=\"profile_name\">\n<h3 class=\"html-h3 x14z9mp xat24cr x1lziwak xexx8yu xyri2b x18d9i69 x1c1uobl x1vvkbs x1heor9g x1qlqyl8 x1pd3egz x1a2a7pz x1gslohp x1yc453h\"><span class=\"x78zum5 x1q0g3np\"><span class=\"x1lliihq x6ikm8r x10wlt62 x1n2onr6 xlyipyv xuxw1ft\"><span class=\"xt0psk2\"><span class=\"xjp7ctv\"><a class=\"x1i10hfl xjbqb8w x1ejq31n x18oe1m7 x1sy0etr xstzfhl x972fbf x10w94by x1qhh985 x14e42zd x9f619 x1ypdohk xt0psk2 x3ct3a4 xdj266r x14z9mp xat24cr x1lziwak xexx8yu xyri2b x18d9i69 x1c1uobl x16tdsg8 x1hl2dhg xggy1nq x1a2a7pz xkrqix3 x1sur9pj xzsf02u x1s688f\" href=\"https:\/\/www.facebook.com\/bueffelfuttertippsfuerkidsingoettingen?__cft__[0]=AZZLstKpoqLfX_syQnB21_XWCOM0ADbeQKooBSRCqm55KcAPwUCmVHnD2xE5AuVZbOv7ybzd5mzwSPUyeerSyTT9VDW_7ath-3ev4jO9ZyHNr4JzlMAOZ3R7GKceMn6Sd_hnxZqbFgJ-cyhrNxAghuNR_X36JlmkqrgBc2Qlqa1G-Q&amp;__tn__=-UC%2CP-R\"><b class=\"html-b xdj266r x14z9mp xat24cr x1lziwak xexx8yu xyri2b x18d9i69 x1c1uobl x1hl2dhg x16tdsg8 x1vvkbs x1s688f\"><span class=\"html-span xdj266r x14z9mp xat24cr x1lziwak xexx8yu xyri2b x18d9i69 x1c1uobl x1hl2dhg x16tdsg8 x1vvkbs\">B\u00fcffelfutter - Tipps f\u00fcr Kids in G\u00f6ttingen<\/span><\/b><\/a><\/span><\/span><\/span><\/span><\/h3>\n<\/div>\n<\/div>\n<\/div>\n<\/div>\n<\/div>\n<\/div>\n<div class=\"html-div xdj266r x14z9mp xat24cr x1lziwak xexx8yu xyri2b x18d9i69 x1c1uobl\">\n<div class=\"html-div xdj266r x14z9mp xat24cr x1lziwak xexx8yu xyri2b x18d9i69 x1c1uobl\" dir=\"auto\">\n<div class=\"html-div xdj266r x14z9mp xat24cr x1lziwak xexx8yu xyri2b x18d9i69 x1c1uobl\" data-ad-rendering-role=\"story_message\">\n<div class=\"x1l90r2v x1iorvi4 x1g0dm76 xpdmqnj\" data-ad-comet-preview=\"message\" data-ad-preview=\"message\">\n<div class=\"x78zum5 xdt5ytf xz62fqu x16ldp7u\">\n<div class=\"xu06os2 x1ok221b\">\n<div class=\"html-div xdj266r x14z9mp xat24cr x1lziwak xexx8yu xyri2b x18d9i69 x1c1uobl\">\n<div class=\"xdj266r x14z9mp xat24cr x1lziwak x1vvkbs x126k92a\">\n<div dir=\"auto\">Ritterturney<\/div>\n<div dir=\"auto\">Es geht mit ordentlich Geschepper in die noch frische Saison! <span class=\"html-span xexx8yu xyri2b x18d9i69 x1c1uobl x1hl2dhg x16tdsg8 x1vvkbs x3nfvp2 x1j61x8r x1fcty0u xdj266r xat24cr xm2jcoa x1mpyi22 xxymvpz xlup9mm x1kky2od\"><img loading=\"lazy\" decoding=\"async\" class=\"xz74otr x15mokao x1ga7v0g x16uus16 xbiv7yw\" src=\"https:\/\/static.xx.fbcdn.net\/images\/emoji.php\/v9\/t4c\/1\/16\/1f642.png\" alt=\"\ud83d\ude42\" width=\"16\" height=\"16\" \/><\/span><\/div>\n<\/div>\n<div class=\"x14z9mp xat24cr x1lziwak x1vvkbs xtlvy1s x126k92a\">\n<div dir=\"auto\">Sehr viel echter kann man das Mittelalter nicht erleben:<\/div>\n<div dir=\"auto\">Hier treffen diverse Ritter in verschiedenen Disziplinen aufeinander, um sich im Kampf-Geschick zu Pferd zu messen ...<\/div>\n<\/div>\n<div class=\"x14z9mp xat24cr x1lziwak x1vvkbs xtlvy1s x126k92a\">\n<div dir=\"auto\">&gt; 18.04. + 19.04.26, ab 11.00 Uhr<\/div>\n<div dir=\"auto\">(Schloss Berlepsch, ca. 26km)<\/div>\n<\/div>\n<div class=\"x14z9mp xat24cr x1lziwak x1vvkbs xtlvy1s x126k92a\">\n<div dir=\"auto\">.. und ganz nebenbei gibt es nat\u00fcrlich ein Heer-Lager, Markt-St\u00e4nde mit allerlei Waren f\u00fcr Jung und Alt, Musik und Gaukler zur Bespa\u00dfung, und hier und da Mit-mach-Angebote f\u00fcr Kids.<\/div>\n<\/div>\n<div class=\"x14z9mp xat24cr x1lziwak x1vvkbs xtlvy1s x126k92a\">\n<div dir=\"auto\">Nicht ganz g\u00fcnstig, aber einfach eine tolle, aufregende und einzigartige Veranstaltung!<\/div>\n<div dir=\"auto\">(\u2026 die bedauerlicherweise zum letzten Mal stattfindet.)<\/div>\n<\/div>\n<div class=\"x14z9mp xat24cr x1lziwak x1vvkbs xtlvy1s x126k92a\">\n<div dir=\"auto\">Bereit f\u00fcr die Zeit-Reise???<\/div>\n<\/div>\n<div class=\"x14z9mp xat24cr x1lziwak x1vvkbs xtlvy1s x126k92a\">\n<div dir=\"auto\">Page und alle Infos:<\/div>\n<div dir=\"auto\"><span class=\"html-span xdj266r x14z9mp xat24cr x1lziwak xexx8yu xyri2b x18d9i69 x1c1uobl x1hl2dhg x16tdsg8 x1vvkbs\"><a class=\"x1i10hfl xjbqb8w x1ejq31n x18oe1m7 x1sy0etr xstzfhl x972fbf x10w94by x1qhh985 x14e42zd x9f619 x1ypdohk xt0psk2 x3ct3a4 xdj266r x14z9mp xat24cr x1lziwak xexx8yu xyri2b x18d9i69 x1c1uobl x16tdsg8 x1hl2dhg xggy1nq x1a2a7pz xkrqix3 x1sur9pj x1fey0fg x1s688f\" href=\"https:\/\/www.schlossberlepsch.de\/ritterturney.html?fbclid=IwZXh0bgNhZW0CMTAAc3J0YwZhcHBfaWQQMjIyMDM5MTc4ODIwMDg5MgABHv6nmRzMORsFfTUpyaFcOk0n1YsQy1GqXrXbzFpPiXcPS285veoW0sWzs3RP_aem_efY2vP8-dEw2RGJ_jwzrcQ\" target=\"_blank\">https:\/\/www.schlossberlepsch.de\/ritterturney.html<\/a><\/span><\/div>\n<\/div>\n<div class=\"x14z9mp xat24cr x1lziwak x1vvkbs xtlvy1s x126k92a\">\n<div dir=\"auto\">Viel Spa\u00df im Mittelalter!!! <span class=\"html-span xexx8yu xyri2b x18d9i69 x1c1uobl x1hl2dhg x16tdsg8 x1vvkbs x3nfvp2 x1j61x8r x1fcty0u xdj266r xat24cr xm2jcoa x1mpyi22 xxymvpz xlup9mm x1kky2od\"><img loading=\"lazy\" decoding=\"async\" class=\"xz74otr x15mokao x1ga7v0g x16uus16 xbiv7yw\" src=\"https:\/\/static.xx.fbcdn.net\/images\/emoji.php\/v9\/t4c\/1\/16\/1f642.png\" alt=\"\ud83d\ude42\" width=\"16\" height=\"16\" \/><\/span><\/div>\n<div dir=\"auto\"><\/div>\n<div dir=\"auto\"><img decoding=\"async\" class=\"x15mokao x1ga7v0g x16uus16 xbiv7yw x1bwycvy x193iq5w x4fas0m x19kjcj4\" src=\"https:\/\/scontent-ham3-1.xx.fbcdn.net\/v\/t39.30808-6\/672670456_1479671893945991_7876144500501216921_n.jpg?_nc_cat=106&amp;ccb=1-7&amp;_nc_sid=13d280&amp;_nc_ohc=l3dJMbCVSbkQ7kNvwFg0otL&amp;_nc_oc=AdrZsTh4hVCdHi8MoiYAEXWGg7kDDTeOa6rZa9QMXiGecVRh6n14U0FIjNAMo7c4B1x1XBj46o8ZSL8GZhs8Vliw&amp;_nc_zt=23&amp;_nc_ht=scontent-ham3-1.xx&amp;_nc_gid=OkZeFM1b6j-kH_m8vhodig&amp;_nc_ss=7a3a8&amp;oh=00_Af1_D8sr8vGsoQ_pJeSclpxmiCbr8AqTqB7fzusgpUkp-Q&amp;oe=69E53487\" alt=\"Keine Fotobeschreibung verf\u00fcgbar.\" data-visualcompletion=\"media-vc-image\" \/><\/div>\n<div dir=\"auto\">( <a href=\"https:\/\/www.facebook.com\/photo\/?fbid=1479671890612658&amp;set=a.575005924412597\">https:\/\/www.facebook.com\/photo\/?fbid=1479671890612658&amp;set=a.575005924412597<\/a>)<\/div>\n<\/div>\n<\/div>\n<\/div>\n<\/div>\n<\/div>\n<\/div>\n<\/div>\n<\/div>\n<\/blockquote>\n<\/div>\n\t\t<div class=\"sharing\">\t<p class='mc-details'><a aria-label='Weiterlesen: 15.04.2026, B\u00fcffelfutter - Tipps f\u00fcr Kids in G\u00f6ttingen: &quot;Ritterturney&quot; auf Schloss Berlepsch' href='https:\/\/rt-europaallee.de\/wordpress\/my-calendar\/?mc_id=30699'>Weiterlesen<\/a><\/p>\n<\/div><\/div><!--end .details--><\/article><article id='mc_calendar_18_30662-calendar-30662' class='mc-mc_calendar_30662 calendar-event mc_bildung mc_stadtbibliothek-gttingen---zentralbibliothek-gotmarstrae-8-37073-gttingen  past-event mc_primary_bildung recurring mc-30-minuten mc-start-11-45 ungrouped mc-event-4613 mc-events mc-event mc_rel_bildung'><header>\t<h3 class='event-title summary' id='mc_30662-title-my-calendar'><button type='button' id='modal-button-mc_calendar_18_30662-calendar-details-30662' data-modal-content-id='mc_calendar_18_30662-calendar-details-30662' data-modal-prefix-class='my-calendar' data-modal-close-text='Schlie\u00dfen' data-modal-title='08.04.2026, HNA: Universit\u00e4t des Dritten Lebensalters startet \u201eWissen vor Zw\u00f6lf&quot;' aria-controls='mc_calendar_18_30662-calendar-details-30662' class='calendar mc-modal button button-link url summary has-image'><svg style=\"fill:#000000\" focusable=\"false\" role=\"img\" aria-labelledby=\"cat_30662\" class=\"category-icon\" xmlns=\"http:\/\/www.w3.org\/2000\/svg\" viewBox=\"0 0 640 512\"><!-- Font Awesome Free 5.15.3 by @fontawesome - https:\/\/fontawesome.com License - https:\/\/fontawesome.com\/license\/free (Icons: CC BY 4.0, Fonts: SIL OFL 1.1, Code: MIT License) --><title id='cat_30662'>Kategorie: Bildung<\/title><path d=\"M0 224v272c0 8.84 7.16 16 16 16h80V192H32c-17.67 0-32 14.33-32 32zm360-48h-24v-40c0-4.42-3.58-8-8-8h-16c-4.42 0-8 3.58-8 8v64c0 4.42 3.58 8 8 8h48c4.42 0 8-3.58 8-8v-16c0-4.42-3.58-8-8-8zm137.75-63.96l-160-106.67a32.02 32.02 0 0 0-35.5 0l-160 106.67A32.002 32.002 0 0 0 128 138.66V512h128V368c0-8.84 7.16-16 16-16h96c8.84 0 16 7.16 16 16v144h128V138.67c0-10.7-5.35-20.7-14.25-26.63zM320 256c-44.18 0-80-35.82-80-80s35.82-80 80-80 80 35.82 80 80-35.82 80-80 80zm288-64h-64v320h80c8.84 0 16-7.16 16-16V224c0-17.67-14.33-32-32-32z\"\/><\/svg> <div>08.04.2026, HNA: Universit\u00e4t des Dritten Lebensalters startet \u201eWissen vor Zw\u00f6lf\"<\/div><\/button><\/h3>\n<\/header><div id='mc_calendar_18_30662-calendar-details-30662' class='details no-image uses-modal single-details'  aria-labelledby='mc_30662-title-my-calendar'>\n\t<button type='button' aria-controls='mc_calendar_18_30662-calendar-details-30662' class='mc-toggle close'><span class='dashicons dashicons-dismiss' aria-hidden='true'><\/span><span class='screen-reader-text'>Close<\/span><\/button>\n\t\r\n\t<div class='time-block'>\r\n\t\t<span class='mc-icon' aria-hidden='true'><\/span>\r\n\t\t<p><span class=\"time-wrapper\"><span class='event-time dtstart'><time class='value-title' datetime='2026-04-18T11:45:00+02:00' title='2026-04-18T11:45:00+02:00'>11:45<\/time><\/span> <span class='time-separator'> &ndash; <\/span> <span class='end-time dtend'> <time class='value-title' datetime='2026-04-18T12:15:00+02:00' title='2026-04-18T12:15:00+02:00'>12:15<\/time><\/span><\/span><br \/><span class=\"date-wrapper\"><span class='mc-start-date dtstart' title='2026-04-18T11:45:00+02:00' content='2026-04-18T11:45:00+02:00'>18. April 2026<\/span>  <\/span><\/p>\r\n\t<\/div>\n\t\t<div class='longdesc description'><p>(Quelle: <a href=\"https:\/\/www.facebook.com\/HNAGoettingen\/posts\/pfbid02wf2GDBAio1Ty7abDC5B31TBnDSJX96N6LUUwbKUmtW9ZqQEfeMNP5UZxLdF79Cb9l\">https:\/\/www.facebook.com\/HNAGoettingen\/posts\/pfbid02wf2GDBAio1Ty7abDC5B31TBnDSJX96N6LUUwbKUmtW9ZqQEfeMNP5UZxLdF79Cb9l<\/a>)<\/p>\n<blockquote>\n<div class=\"html-div xdj266r x14z9mp xat24cr x1lziwak xexx8yu xyri2b x18d9i69 x1c1uobl\">\n<div class=\"html-div xdj266r x14z9mp x1lziwak x18d9i69 x1cy8zhl x78zum5 x1q0g3np xod5an3 xz9dl7a x1g0dm76 xpdmqnj\">\n<div class=\"html-div xdj266r x14z9mp xat24cr x1lziwak xexx8yu xyri2b x18d9i69 x1c1uobl x1iyjqo2 xeuugli\">\n<div class=\"x78zum5 xdt5ytf xz62fqu x16ldp7u\">\n<div class=\"xu06os2 x1ok221b\">\n<div class=\"html-div xdj266r x14z9mp xat24cr x1lziwak xexx8yu xyri2b x18d9i69 x1c1uobl\" data-ad-rendering-role=\"profile_name\">\n<h3 class=\"html-h3 x14z9mp xat24cr x1lziwak xexx8yu xyri2b x18d9i69 x1c1uobl x1vvkbs x1heor9g x1qlqyl8 x1pd3egz x1a2a7pz x1gslohp x1yc453h\"><span class=\"x78zum5 x1q0g3np\"><span class=\"x1lliihq x6ikm8r x10wlt62 x1n2onr6 xlyipyv xuxw1ft\"><span class=\"xt0psk2\"><span class=\"xjp7ctv\"><a class=\"x1i10hfl xjbqb8w x1ejq31n x18oe1m7 x1sy0etr xstzfhl x972fbf x10w94by x1qhh985 x14e42zd x9f619 x1ypdohk xt0psk2 x3ct3a4 xdj266r x14z9mp xat24cr x1lziwak xexx8yu xyri2b x18d9i69 x1c1uobl x16tdsg8 x1hl2dhg xggy1nq x1a2a7pz xkrqix3 x1sur9pj xzsf02u x1s688f\" href=\"https:\/\/www.facebook.com\/HNAGoettingen?__cft__[0]=AZYl0M-zpS26u8jwD0sjZVhCBFm78XAe0ccGlypxWrw2MPG-EFz5cRsiRuct-U0JNRx4wvQMOBlWA1_QCmEG7IgbYZ4t1ybTuDTOWKuaV82aHXl40qxUwnT5kRcR5WqMqNXgLm5mjg4Es4Xq5quNB9-F7t3q9HNk-T1_dS-N1BBAxQ&amp;__tn__=-UC%2CP-R\"><b class=\"html-b xdj266r x14z9mp xat24cr x1lziwak xexx8yu xyri2b x18d9i69 x1c1uobl x1hl2dhg x16tdsg8 x1vvkbs x1s688f\"><span class=\"html-span xdj266r x14z9mp xat24cr x1lziwak xexx8yu xyri2b x18d9i69 x1c1uobl x1hl2dhg x16tdsg8 x1vvkbs\">HNA G\u00f6ttingen<\/span><\/b><\/a><\/span><\/span><\/span><\/span><\/h3>\n<\/div>\n<\/div>\n<\/div>\n<\/div>\n<\/div>\n<\/div>\n<div class=\"html-div xdj266r x14z9mp xat24cr x1lziwak xexx8yu xyri2b x18d9i69 x1c1uobl\">\n<div class=\"html-div xdj266r x14z9mp xat24cr x1lziwak xexx8yu xyri2b x18d9i69 x1c1uobl\" dir=\"auto\">\n<div class=\"html-div xdj266r x14z9mp xat24cr x1lziwak xexx8yu xyri2b x18d9i69 x1c1uobl\" data-ad-rendering-role=\"story_message\">\n<div class=\"x1l90r2v x1iorvi4 x1g0dm76 xpdmqnj\" data-ad-comet-preview=\"message\" data-ad-preview=\"message\">\n<div class=\"x78zum5 xdt5ytf xz62fqu x16ldp7u\">\n<div class=\"xu06os2 x1ok221b\">\n<div class=\"html-div xdj266r x14z9mp xat24cr x1lziwak xexx8yu xyri2b x18d9i69 x1c1uobl\">\n<div class=\"xdj266r x14z9mp xat24cr x1lziwak x1vvkbs x126k92a\">\n<div dir=\"auto\">Ab dem 18. April gibt es jeden Samstag kurze Vortr\u00e4ge in der Stadtbibliothek. Au\u00dferdem informiert die Universit\u00e4t des Dritten Lebensalters \u00fcber das Sommersemester-Programm.<\/div>\n<\/div>\n<\/div>\n<\/div>\n<\/div>\n<\/div>\n<\/div>\n<\/div>\n<div class=\"html-div xdj266r x14z9mp xat24cr x1lziwak xexx8yu xyri2b x18d9i69 x1c1uobl x1n2onr6\">\n<div class=\"html-div xdj266r x14z9mp xat24cr x1lziwak xexx8yu xyri2b x18d9i69 x1c1uobl x1n2onr6\">\n<div class=\"xmjcpbm x1n2onr6\">\n<div class=\"x78zum5 x14ju556 x6ikm8r x10wlt62 x1n2onr6\" data-ad-rendering-role=\"image\">\n<div class=\"x6s0dn4 x1jx94hy x78zum5 xdt5ytf x6ikm8r x10wlt62 x1n2onr6 xh8yej3\">\n<div>\n<div class=\"xqtp20y x6ikm8r x10wlt62 x1n2onr6\">\n<div class=\"x10l6tqk x13vifvy\"><img loading=\"lazy\" decoding=\"async\" class=\"x15mokao x1ga7v0g x16uus16 xbiv7yw x1ey2m1c x5yr21d xtijo5x x1o0tod x10l6tqk x13vifvy xh8yej3 xl1xv1r\" src=\"https:\/\/external-ham3-1.xx.fbcdn.net\/emg1\/v\/t13\/5869403829499114393?url=https%3A%2F%2Fwww.hna.de%2Fassets%2Fimages%2F0%2F390%2F390681-1966102713-b7f2820c-db08-494f-865f-0651aca64ab6-0ef.jpg&amp;fb_obo=1&amp;utld=hna.de&amp;stp=c0.5000x0.5000f_dst-jpg_flffffff_p500x261_q75_tt6&amp;_nc_gid=_vw52KtYjiIPTsa53aGIhw&amp;_nc_oc=AdqqJ-zoCOEK2SFVQr8w92dMIC5Gb-fsX8Aa7NXAPJpUPPBZKx-132lov2egKPJvBg0vtxUNQBiJPpbyFMRw8ES4&amp;ccb=13-1&amp;oh=06_Q3-9ARhYKvIjxSdXT1Vdq4x1xvAVo2SIyWM2hffxH-yyUQf7&amp;oe=69D73401&amp;_nc_sid=c97757\" alt=\"Universit\u00e4t des Dritten Lebensalters startet \u201eWissen vor Zw\u00f6lf&quot;\" width=\"500\" height=\"261\" data-imgperflogname=\"feedImage\" \/><\/div>\n<\/div>\n<\/div>\n<\/div>\n<div class=\"x1nb4dca x1q0q8m5 xso031l x1exxf4d x13fuv20 x178xt8z x1ey2m1c x9f619 xtijo5x x1o0tod x47corl x10l6tqk x13vifvy\"><\/div>\n<\/div>\n<\/div>\n<div class=\"x10l6tqk xzkaem6 xxt37ne xys98vm\">\n<div class=\"x1i10hfl xjbqb8w x1ejq31n x18oe1m7 x1sy0etr xstzfhl x972fbf x10w94by x1qhh985 x14e42zd x9f619 x1ypdohk xt0psk2 x3ct3a4 xdj266r x14z9mp xat24cr x1lziwak xexx8yu xyri2b x18d9i69 x1c1uobl x16tdsg8 x1hl2dhg xggy1nq x1a2a7pz x1heor9g xkrqix3 x1sur9pj x1s688f\" role=\"button\" aria-label=\"Mehr\">\n<div class=\"x6s0dn4 x1jx94hy x1exxf4d xpv9jar x1nb4dca x1nmn18 x12l2aii x1mbk4o x14vvt0a x1w3ol1v x13fuv20 x18b5jzi x1q0q8m5 x1t7ytsu x178xt8z x1lun4ml xso031l xpilrb4 xzsf02u x78zum5 x1fgtraw xl56j7k xgd8bvy\"><\/div>\n<\/div>\n<\/div>\n<\/div>\n<div class=\"html-div xdj266r x14z9mp xat24cr x1lziwak xexx8yu xyri2b x18d9i69 x1c1uobl x6ikm8r x10wlt62\">\n<div class=\"x1n2onr6\">\n<div class=\"html-div xdj266r x14z9mp xat24cr x1lziwak xexx8yu xyri2b x18d9i69 x1c1uobl xmjcpbm x1n2onr6 x1lku1pv\">\n<div class=\"x9f619 x1ja2u2z x78zum5 x2lah0s x1n2onr6 x1qughib x6s0dn4 xozqiw3 x1q0g3np x1ws5yxj xw01apr xsag5q8 xv54qhq xf7dkkf xz9dl7a\">\n<div class=\"x9f619 x1n2onr6 x1ja2u2z x193iq5w xeuugli x1r8uery x1iyjqo2 xs83m0k x1icxu4v x25sj25\">\n<div class=\"html-div xdj266r x14z9mp x1lziwak xexx8yu xyri2b x18d9i69 x1c1uobl x1e56ztr xtvhhri\" data-ad-rendering-role=\"meta\"><span class=\"x193iq5w xeuugli x13faqbe x1vvkbs x1xmvt09 x1lliihq x1s928wv xhkezso x1gmr53x x1cpjm7i x1fgarty x1943h6x x4zkp8e x3x7a5m x1nxh6w3 x1sibtaa xo1l8bm xi81zsa\" dir=\"auto\"><span class=\"x1lliihq x6ikm8r x10wlt62 x1n2onr6 xlyipyv xuxw1ft x1j85h84\">hna.de<\/span><\/span><\/div>\n<div class=\"html-div x14z9mp x1lziwak xyri2b x1c1uobl x4vbgl9 x1rdy4ex x6ikm8r x10wlt62 xjkvuk6 x1iorvi4\">\n<div class=\"x78zum5 xdt5ytf xz62fqu x16ldp7u\">\n<div class=\"xu06os2 x1ok221b\"><a href=\"https:\/\/www.hna.de\/lokales\/goettingen\/goettingen-ort28741\/universitaet-des-dritten-lebensalters-startet-wissen-vor-zwoelf-94247176.html?fbclid=IwY2xjawRCYlJleHRuA2FlbQIxMQBzcnRjBmFwcF9pZBAyMjIwMzkxNzg4MjAwODkyAAEerjePBfpzM6pjobkJQ3O5lX_PEU0PXtUdFxLogG_IfQG3PL4aq1GFpQDeOMY_aem_aaSJCVve7towxOFTZpMDFA\"><span class=\"x193iq5w xeuugli x13faqbe x1vvkbs x1xmvt09 x1lliihq x1s928wv xhkezso x1gmr53x x1cpjm7i x1fgarty x1943h6x xudqn12 x3x7a5m x1lkfr7t x1lbecb7 x1s688f xzsf02u x1yc453h\" dir=\"auto\"><span class=\"x1lliihq x6ikm8r x10wlt62 x1n2onr6 x1j85h84\"><span class=\"html-span xdj266r x14z9mp xat24cr x1lziwak xexx8yu xyri2b x18d9i69 x1c1uobl x1hl2dhg x16tdsg8 x1vvkbs\" data-ad-rendering-role=\"title\"><span class=\"html-span xdj266r x14z9mp xat24cr x1lziwak xexx8yu xyri2b x18d9i69 x1c1uobl x1hl2dhg x16tdsg8 x1vvkbs\" dir=\"auto\">Universit\u00e4t des Dritten Lebensalters startet \u201eWissen vor Zw\u00f6lf\"<\/span><\/span><\/span><\/span><\/a><\/div>\n<\/div>\n<\/div>\n<\/div>\n<\/div>\n<\/div>\n<\/div>\n<\/div>\n<\/div>\n<\/div>\n<\/blockquote>\n<p>&nbsp;<\/p>\n<h4><a href=\"https:\/\/www.uni-goettingen.de\/de\/document\/download\/a1fc1f800aeed3d8067a4ff9f1ff8805.pdf\/Wissen%20vor%2012%20UDL%20SoSe%202026%20NEU.pdf\">Programm \"Wissen vor Zw\u00f6lf\"<\/a><\/h4>\n<\/div>\n\t\t<div class=\"mc-location\"><div class=\"address location vcard\"><div class='map'><a href='https:\/\/www.google.de\/maps\/dir\/Stadtbibliothek+G%C3%B6ttingen+-+Zentralbibliothek,+Gotmarstra%C3%9Fe,+G%C3%B6ttingen\/\/@51.5299431,9.9471534,14.04z\/data=!4m8!4m7!1m5!1m1!1s0x47a4d4bef58217db:0x5043d963090df35f!2m2!1d9.9338979!2d51.5334777!1m0?entry=ttu' class='url external'><span class='mc-icon' aria-hidden='true'><\/span>Karte<span class='screen-reader-text fn'> Stadtbibliothek G\u00f6ttingen - Zentralbibliothek, Gotmarstra\u00dfe 8, 37073 G\u00f6ttingen<\/span><\/a><\/div><\/div><\/div>\n\t\t<div class=\"sharing\">\t<p class='mc-details'><a aria-label='Weiterlesen: 08.04.2026, HNA: Universit\u00e4t des Dritten Lebensalters startet \u201eWissen vor Zw\u00f6lf&quot;' href='https:\/\/rt-europaallee.de\/wordpress\/my-calendar\/?mc_id=30662'>Weiterlesen<\/a><\/p>\n<\/div><\/div><!--end .details--><\/article><article id='mc_calendar_18_30678-calendar-30678' class='mc-mc_calendar_30678 calendar-event mc_sport mc_sg-grn-wei-hagenberg-gttingen-ev-pappelweg-3-37079-gttingen  past-event mc_primary_sport nonrecurring mc-1-stunde mc-start-13-30 mc-group-4616 mc-event-4617 mc-events mc-event mc_rel_sport'><header>\t<h3 class='event-title summary' id='mc_30678-title-my-calendar'><button type='button' id='modal-button-mc_calendar_18_30678-calendar-details-30678' data-modal-content-id='mc_calendar_18_30678-calendar-details-30678' data-modal-prefix-class='my-calendar' data-modal-close-text='Schlie\u00dfen' data-modal-title='08.04.2026, SG GW Hagenberg e.V.: G\u00f6ttinger Doppelsprint Orientierungslauf' aria-controls='mc_calendar_18_30678-calendar-details-30678' class='calendar mc-modal button button-link url summary has-image'><svg style=\"fill:#000000\" focusable=\"false\" role=\"img\" aria-labelledby=\"cat_30678\" class=\"category-icon\" xmlns=\"http:\/\/www.w3.org\/2000\/svg\" viewBox=\"0 0 496 512\"><!-- Font Awesome Free 5.15.3 by @fontawesome - https:\/\/fontawesome.com License - https:\/\/fontawesome.com\/license\/free (Icons: CC BY 4.0, Fonts: SIL OFL 1.1, Code: MIT License) --><title id='cat_30678'>Kategorie: Sport<\/title><path d=\"M212.3 10.3c-43.8 6.3-86.2 24.1-122.2 53.8l77.4 77.4c27.8-35.8 43.3-81.2 44.8-131.2zM248 222L405.9 64.1c-42.4-35-93.6-53.5-145.5-56.1-1.2 63.9-21.5 122.3-58.7 167.7L248 222zM56.1 98.1c-29.7 36-47.5 78.4-53.8 122.2 50-1.5 95.5-17 131.2-44.8L56.1 98.1zm272.2 204.2c45.3-37.1 103.7-57.4 167.7-58.7-2.6-51.9-21.1-103.1-56.1-145.5L282 256l46.3 46.3zM248 290L90.1 447.9c42.4 34.9 93.6 53.5 145.5 56.1 1.3-64 21.6-122.4 58.7-167.7L248 290zm191.9 123.9c29.7-36 47.5-78.4 53.8-122.2-50.1 1.6-95.5 17.1-131.2 44.8l77.4 77.4zM167.7 209.7C122.3 246.9 63.9 267.3 0 268.4c2.6 51.9 21.1 103.1 56.1 145.5L214 256l-46.3-46.3zm116 292c43.8-6.3 86.2-24.1 122.2-53.8l-77.4-77.4c-27.7 35.7-43.2 81.2-44.8 131.2z\"\/><\/svg> <div>08.04.2026, SG GW Hagenberg e.V.: G\u00f6ttinger Doppelsprint Orientierungslauf<\/div><\/button><\/h3>\n<\/header><div id='mc_calendar_18_30678-calendar-details-30678' class='details no-image uses-modal single-details'  aria-labelledby='mc_30678-title-my-calendar'>\n\t<button type='button' aria-controls='mc_calendar_18_30678-calendar-details-30678' class='mc-toggle close'><span class='dashicons dashicons-dismiss' aria-hidden='true'><\/span><span class='screen-reader-text'>Close<\/span><\/button>\n\t\r\n\t<div class='time-block'>\r\n\t\t<span class='mc-icon' aria-hidden='true'><\/span>\r\n\t\t<p><span class=\"time-wrapper\"><span class='event-time dtstart'><time class='value-title' datetime='2026-04-18T13:30:00+02:00' title='2026-04-18T13:30:00+02:00'>13:30<\/time><\/span> <span class='time-separator'> &ndash; <\/span> <span class='end-time dtend'> <time class='value-title' datetime='2026-04-18T14:30:00+02:00' title='2026-04-18T14:30:00+02:00'>14:30<\/time><\/span><\/span><br \/><span class=\"date-wrapper\"><span class='mc-start-date dtstart' title='2026-04-18T13:30:00+02:00' content='2026-04-18T13:30:00+02:00'>18. April 2026<\/span>  <\/span><\/p>\r\n\t<\/div>\n\t\t<div class='longdesc description'><p>(Quelle: <a href=\"https:\/\/www.facebook.com\/gwhagenberg\/posts\/pfbid0vSuZ1AmffCAMAVoePbPnocd9VSYWVJ33fDR9SvbibrAuqsZHKVwh1bG8TEp6oaT6l?notif_id=1774943410624374&amp;notif_t=notify_me_page&amp;ref=notif\">https:\/\/www.facebook.com\/gwhagenberg\/posts\/pfbid0vSuZ1AmffCAMAVoePbPnocd9VSYWVJ33fDR9SvbibrAuqsZHKVwh1bG8TEp6oaT6l?notif_id=1774943410624374&amp;notif_t=notify_me_page&amp;ref=notif<\/a>)<\/p>\n<blockquote>\n<div class=\"html-div xdj266r xat24cr x1lziwak xexx8yu xyri2b x18d9i69 x1c1uobl x78zum5 x2lah0s xqtp20y x1xegmmw\">\n<div class=\"x1vqgdyp x100vrsf\">\n<div class=\"\"><\/div>\n<\/div>\n<\/div>\n<div class=\"html-div xdj266r x14z9mp xat24cr x1lziwak xexx8yu xyri2b x18d9i69 x1c1uobl x1iyjqo2 xeuugli\">\n<div class=\"x78zum5 xdt5ytf xz62fqu x16ldp7u\">\n<div class=\"xu06os2 x1ok221b\">\n<div class=\"html-div xdj266r x14z9mp xat24cr x1lziwak xexx8yu xyri2b x18d9i69 x1c1uobl\" data-ad-rendering-role=\"profile_name\">\n<h3 class=\"html-h3 x14z9mp xat24cr x1lziwak xexx8yu xyri2b x18d9i69 x1c1uobl x1vvkbs x1heor9g x1qlqyl8 x1pd3egz x1a2a7pz x1gslohp x1yc453h\"><span class=\"x78zum5 x1q0g3np\"><span class=\"x1lliihq x6ikm8r x10wlt62 x1n2onr6 xlyipyv xuxw1ft\"><span class=\"xt0psk2\"><span class=\"xjp7ctv\"><a class=\"x1i10hfl xjbqb8w x1ejq31n x18oe1m7 x1sy0etr xstzfhl x972fbf x10w94by x1qhh985 x14e42zd x9f619 x1ypdohk xt0psk2 x3ct3a4 xdj266r x14z9mp xat24cr x1lziwak xexx8yu xyri2b x18d9i69 x1c1uobl x16tdsg8 x1hl2dhg xggy1nq x1a2a7pz xkrqix3 x1sur9pj xzsf02u x1s688f\" href=\"https:\/\/www.facebook.com\/gwhagenberg?__cft__[0]=AZbaTFcaLh1JiCVCg-Tk3nImoJjxE2zUPCJGZr1xWaUFLOUeHKoF591HfDCdjHK6L9-_SqyLmMD30AJS3dWUP3tK3MepUoXywa_xv-Dd8xV9WK79s8Qpq4DTatsDU9TXq0fo2f3Mgqauxb9HTisWBDl2&amp;__tn__=-UC%2CP-R\"><b class=\"html-b xdj266r x14z9mp xat24cr x1lziwak xexx8yu xyri2b x18d9i69 x1c1uobl x1hl2dhg x16tdsg8 x1vvkbs x1s688f\"><span class=\"html-span xdj266r x14z9mp xat24cr x1lziwak xexx8yu xyri2b x18d9i69 x1c1uobl x1hl2dhg x16tdsg8 x1vvkbs\">SG GW Hagenberg e.V.<\/span><\/b><\/a><\/span><\/span><\/span><\/span><\/h3>\n<\/div>\n<\/div>\n<div class=\"xu06os2 x1ok221b\">\n<div class=\"html-div xdj266r x14z9mp xat24cr x1lziwak xexx8yu xyri2b x18d9i69 x1c1uobl x6s0dn4 x17zd0t2 x78zum5 x1q0g3np x1a02dak\"><img decoding=\"async\" class=\"x15mokao x1ga7v0g x16uus16 xbiv7yw x1bwycvy x193iq5w x4fas0m x19kjcj4\" src=\"https:\/\/scontent-ham3-1.xx.fbcdn.net\/v\/t39.30808-6\/662412535_1398435718752677_5500153016668654926_n.jpg?_nc_cat=101&amp;ccb=1-7&amp;_nc_sid=13d280&amp;_nc_ohc=6lI6KKdu2_4Q7kNvwFMg0wQ&amp;_nc_oc=AdpYwuddft7HxdaTXS0OYObQ5TxiFRbNbNtDzkPfbd8pdBw28CC0So7oFFUmJ926ccmYnRGS1mqQIdCmskkb3qnO&amp;_nc_zt=23&amp;_nc_ht=scontent-ham3-1.xx&amp;_nc_gid=xUJg0Ra2CEx7irIB2pB_Dw&amp;_nc_ss=7a3a8&amp;oh=00_Af0hSI5kfXLYoh9Vf9BJMu-n12WQ38Sn_C2iEnGDk_Ynlg&amp;oe=69DB904F\" alt=\"Ist m\u00f6glicherweise ein Bild von Text \u201eNTB \u975e NIEDERS\u00c4CHSISCHER MEDERS\u00c4CHSISCHERTURNER-BUR TURNER-BUND LEICHTATHLETIK LAVO5 G\u00d6TTINGEN G\u00f6ttinger Doppelsprint Orientierungslauf Was ist Orientierungslauf? Beim Orientierungslauf l\u00e4uft man mithilfe einer Karte im Gel\u00e4nde markierte Kontrollpunkte an rennend, wandernd oder spazierend. Die Route darf im Rahmen der Regeln selbst gew\u00e4hlt werden. Gotingen Wann? Am 18.04.2026 Wo? Treffpunkt: Sportplatz Hagenberg (51\u00b033'27.6&quot;N, 9\u00b054'23.9&quot;E) 1. Lauf 10:30 - 12 Uhr 2. Lauf 13:30 15 Uhr Die L\u00e4ufe finden im Bereich Holtenser Berg &amp; Hagenberg statt Du hast Interesse? Komm vorbei und probiere es aus! Gerne auch mit Voranmeldung an ol@lav05.de F\u00fcr Speisen und Getr\u00e4nke sorgt die SG Gr\u00fcn-Wei\u00df Hagenberg\u201c\" data-visualcompletion=\"media-vc-image\" \/><\/div>\n<div>( <a href=\"https:\/\/www.facebook.com\/photo?fbid=1398435715419344&amp;set=a.543463197583271\">https:\/\/www.facebook.com\/photo?fbid=1398435715419344&amp;set=a.543463197583271<\/a>)<\/div>\n<\/div>\n<\/div>\n<\/div>\n<\/blockquote>\n<\/div>\n\t\t<div class=\"mc-location\"><div class=\"address location vcard\"><div class='map'><a href='https:\/\/www.google.com\/maps\/place\/SG+Gr%C3%BCn-Wei%C3%9F+Hagenberg+G%C3%B6ttingen+e.V.\/@51.557339,9.9064226,17z\/data=!3m2!4b1!5s0x47bb2b29138860b5:0x4cb984a5f89b4b87!4m6!3m5!1s0x47bb2b2910fd3301:0xad975e3ae1c1e690!8m2!3d51.557339!4d9.9089975!16s%2Fg%2F11g9dmcv7k?entry=ttu&amp;g_ep=EgoyMDI0MTExNy4wIKXMDSoASAFQAw%3D%3D' class='url external'><span class='mc-icon' aria-hidden='true'><\/span>Karte<span class='screen-reader-text fn'> SG Gr\u00fcn-Wei\u00df Hagenberg G\u00f6ttingen e.V., Pappelweg 3, 37079 G\u00f6ttingen<\/span><\/a><\/div><\/div><\/div>\n\t\t<div class=\"sharing\">\t<p class='mc-details'><a aria-label='Weiterlesen: 08.04.2026, SG GW Hagenberg e.V.: G\u00f6ttinger Doppelsprint Orientierungslauf' href='https:\/\/rt-europaallee.de\/wordpress\/my-calendar\/?mc_id=30678'>Weiterlesen<\/a><\/p>\n<\/div><\/div><!--end .details--><\/article>\n<\/td>\n<td id='calendar-2026-04-19' class='mc-events sonntag so past-day past-date weekend  has-events author3 mcat_general mcat_mrkte mcat_bildung mcat_auffhrungen--veranstaltungen day-with-date'><div class='mc-date-container'>\n\t<span class='mc-date'><span aria-hidden='true' class='mc-day-number'>19<\/span><span class='screen-reader-text mc-day-date'>19. April 2026<\/span><span class=\"event-icon\" aria-hidden=\"true\">&#9679;&#9679;&#9679;<\/span><span class=\"screen-reader-text\"><span class=\"mc-list-details event-count\">(4 Veranstaltungen)<\/span><\/span><\/span><\/div><article id='mc_calendar_19_30605-calendar-30605' class='mc-mc_calendar_30605 calendar-event mc_general mc_stadtlabor-gttingen-wilhelmspl-3-37073-gttingen  on-now mc_primary_general nonrecurring mc-3-wochen mc-start-00-00 ungrouped mc-event-4583 mc-events multidate mc-event mc_rel_general'><header>\t<h3 class='event-title summary' id='mc_30605-title-my-calendar'><button type='button' id='modal-button-mc_calendar_19_30605-calendar-details-30605' data-modal-content-id='mc_calendar_19_30605-calendar-details-30605' data-modal-prefix-class='my-calendar' data-modal-close-text='Schlie\u00dfen' data-modal-title='16.03.2026, Ausstellung: Der NS-V\u00f6lkermord an den Roma in der besetzten Sowjetunion' aria-controls='mc_calendar_19_30605-calendar-details-30605' class='calendar mc-modal button button-link url summary has-image'><svg style=\"fill:#000000\" focusable=\"false\" role=\"img\" aria-labelledby=\"cat_30605\" class=\"category-icon\" xmlns=\"http:\/\/www.w3.org\/2000\/svg\" viewBox=\"0 0 448 512\"><!-- Font Awesome Free 5.15.3 by @fontawesome - https:\/\/fontawesome.com License - https:\/\/fontawesome.com\/license\/free (Icons: CC BY 4.0, Fonts: SIL OFL 1.1, Code: MIT License) --><title id='cat_30605'>Kategorie: General<\/title><path d=\"M12 192h424c6.6 0 12 5.4 12 12v260c0 26.5-21.5 48-48 48H48c-26.5 0-48-21.5-48-48V204c0-6.6 5.4-12 12-12zm436-44v-36c0-26.5-21.5-48-48-48h-48V12c0-6.6-5.4-12-12-12h-40c-6.6 0-12 5.4-12 12v52H160V12c0-6.6-5.4-12-12-12h-40c-6.6 0-12 5.4-12 12v52H48C21.5 64 0 85.5 0 112v36c0 6.6 5.4 12 12 12h424c6.6 0 12-5.4 12-12z\"\/><\/svg> <div>16.03.2026, Ausstellung: Der NS-V\u00f6lkermord an den Roma in der besetzten Sowjetunion<\/div><\/button><\/h3>\n<\/header><div id='mc_calendar_19_30605-calendar-details-30605' class='details no-image uses-modal single-details'  aria-labelledby='mc_30605-title-my-calendar'>\n\t<button type='button' aria-controls='mc_calendar_19_30605-calendar-details-30605' class='mc-toggle close'><span class='dashicons dashicons-dismiss' aria-hidden='true'><\/span><span class='screen-reader-text'>Close<\/span><\/button>\n\t\r\n\t<div class='time-block'>\r\n\t\t<span class='mc-icon' aria-hidden='true'><\/span>\r\n\t\t<p><span class=\"time-wrapper\"> <span class='event-time'><abbr title='Nicht zutreffend'>n.\u00a0a.<\/abbr><\/span>  <\/span><br \/><span class=\"date-wrapper\"><span class='mc-start-date dtstart' title='2026-04-10T00:00:00+02:00' content='2026-04-10T00:00:00+02:00'>10. April 2026<\/span> <span class='date-separator'> &ndash; <\/span> <span class=\"event-time dtend\">30. April 2026<\/span><\/span><\/p>\r\n\t<\/div>\n\t\t<div class='longdesc description'><p>Siehe:\u00a0<a href=\"https:\/\/rt-europaallee.de\/wordpress\/2026\/03\/stadt-goettingen-internationale-wochen-gegen-rassismus-veranstaltungen-in-der-stadt-goettingen\/\">https:\/\/rt-europaallee.de\/wordpress\/2026\/03\/stadt-goettingen-internationale-wochen-gegen-rassismus-veranstaltungen-in-der-stadt-goettingen\/<\/a><\/p>\n<p><img decoding=\"async\" class=\"emoji\" role=\"img\" src=\"https:\/\/s.w.org\/images\/core\/emoji\/17.0.2\/svg\/27a1.svg\" alt=\"\u27a1\ufe0f\" \/><\/p>\n<blockquote><p>(Quelle:\u00a0<a href=\"https:\/\/www.goettingen.de\/portal\/meldungen\/internationale-wochen-gegen-rassismus-veranstaltungen-in-der-stadt-goettingen-900004830-25480.html?utm_source=copilot.com\">https:\/\/www.goettingen.de\/portal\/meldungen\/internationale-wochen-gegen-rassismus-veranstaltungen-in-der-stadt-goettingen-900004830-25480.html?utm_source=copilot.com<\/a>)<\/p>\n<blockquote>\n<div class=\"fusstext fusstext_oben\">\n<p><span class=\"create\">06.03.2026<\/span><span class=\"modified\">\u00a0| ge\u00e4ndert am 12.03.2026<\/span><\/p>\n<div><\/div>\n<\/div>\n<h3 class=\"kontrast-bild\">Internationale Wochen gegen Rassismus \u2013 Veranstaltungen in der Stadt G\u00f6ttingen<\/h3>\n<div id=\"nolis_content_site\" class=\"nolis_content_site\">\n<p class=\"anreisser_detail\"><strong>Zum 31. Mal finden die bundesweiten Internationalen Wochen gegen Rassismus von Montag bis Sonntag, 16. bis 29. M\u00e4rz 2026, statt. Das diesj\u00e4hrige Motto lautet \u201e100 Prozent Menschenw\u00fcrde. Zusammen gegen Rassismus und Rechtsextremismus\u201c. Der diesj\u00e4hrige Botschafter der Aktionswochen ist Prof. Dr. Matthias Quent. Hier gibt es einen \u00dcberblick \u00fcber die Veranstaltungen in der Stadt G\u00f6ttingen.<\/strong><\/p>\n<h3>...<\/h3>\n<p>Freitag, 10. April bis Donnerstag, 30. April 2026<br \/>\n<strong>Der NS-V\u00f6lkermord an den Roma in der besetzten Sowjetunion<\/strong><br \/>\n<strong>Ausstellung im Stadtlabor<\/strong><\/p>\n<p>Ort: Stadtlabor, Wilhelmsplatz 3, 37073 G\u00f6ttingen<br \/>\nVeranstalter*in: Roma Center e. V.<br \/>\nEintritt: frei<br \/>\nAnmeldung: nicht erforderlich.\u00a0<a class=\"link_katalog nolis-link-extern\" href=\"https:\/\/roma-center.de\/\" target=\"_blank\">Die \u00d6ffnungszeiten der Ausstellung sind hier aufgef\u00fchrt<\/a>.<\/p>\n<p>Am Freitag, 10. April 2026 um 18.00 Uhr er\u00f6ffnen Roma Center und Bildungswerk f\u00fcr Erinnerungsarbeit und Frieden die Ausstellung \u201eGenozid an Roma auf dem Gebiet der besetzten Sowjetunion 1941\u20131944\u201c im Stadtlabor. Grundlage sind 200 Interviews mit \u00dcberlebenden und ihren Kindern aus der Ukraine, Belarus, Russland, Rum\u00e4nien und Moldau. Sie erz\u00e4hlen von Verfolgung und Widerstand der Roma nach dem \u00dcberfall auf die Sowjetunion.<\/p>\n<h3>...<\/h3>\n<\/div>\n<\/blockquote>\n<\/blockquote>\n<blockquote>\n<h3><\/h3>\n<\/blockquote>\n<\/div>\n\t\t<div class=\"mc-location\"><div class=\"address location vcard\"><div class='map'><a href='https:\/\/www.google.com\/maps\/place\/Stadtlabor+G%C3%B6ttingen\/@51.5334069,9.9374107,20.79z\/data=!3m1!5s0x47a4d495880e01c3:0x2da49c3266d39a0d!4m15!1m8!3m7!1s0x47a4d49588f818f7:0x3eeeb28ecd9fdbb0!2sWilhelmspl.+3,+37073+G%C3%B6ttingen!3b1!8m2!3d51.5334334!4d9.9374974!16s%2Fg%2F11cscfk8zz!3m5!1s0x47a4d5950eff9b5b:0xc068ed179b6e3c99!8m2!3d51.5335141!4d9.9376129!16s%2Fg%2F11v3znlf2z?entry=ttu' class='url external'><span class='mc-icon' aria-hidden='true'><\/span>Karte<span class='screen-reader-text fn'> Stadtlabor G\u00f6ttingen, Wilhelmspl. 3, 37073 G\u00f6ttingen<\/span><\/a><\/div><\/div><\/div>\n\t\t<div class=\"sharing\">\t<p class='mc-details'><a aria-label='Weiterlesen: 16.03.2026, Ausstellung: Der NS-V\u00f6lkermord an den Roma in der besetzten Sowjetunion' href='https:\/\/rt-europaallee.de\/wordpress\/my-calendar\/?mc_id=30605'>Weiterlesen<\/a><\/p>\n<\/div><\/div><!--end .details--><\/article><article id='mc_calendar_19_30688-calendar-30688' class='mc-mc_calendar_30688 calendar-event mc_mrkte mc_kauf-park-gttingen-am-kauf-park-2-37079-gttingen  past-event mc_primary_maerkte nonrecurring mc-8-stunden mc-start-08-00 ungrouped mc-event-4627 mc-events mc-event mc_rel_mrkte'><header>\t<h3 class='event-title summary' id='mc_30688-title-my-calendar'><button type='button' id='modal-button-mc_calendar_19_30688-calendar-details-30688' data-modal-content-id='mc_calendar_19_30688-calendar-details-30688' data-modal-prefix-class='my-calendar' data-modal-close-text='Schlie\u00dfen' data-modal-title='10.04.2026, Flohmarkt KAUF PARK G\u00f6ttingen (wetterbedingt verschoben vom 12.04.2026)' aria-controls='mc_calendar_19_30688-calendar-details-30688' class='calendar mc-modal button button-link url summary has-image'><svg style=\"fill:#000000\" focusable=\"false\" role=\"img\" aria-labelledby=\"cat_30688\" class=\"category-icon\" xmlns=\"http:\/\/www.w3.org\/2000\/svg\" viewBox=\"0 0 576 512\"><!-- Font Awesome Free 5.15.3 by @fontawesome - https:\/\/fontawesome.com License - https:\/\/fontawesome.com\/license\/free (Icons: CC BY 4.0, Fonts: SIL OFL 1.1, Code: MIT License) --><title id='cat_30688'>Kategorie: M\u00e4rkte<\/title><path d=\"M259.3 17.8L194 150.2 47.9 171.5c-26.2 3.8-36.7 36.1-17.7 54.6l105.7 103-25 145.5c-4.5 26.3 23.2 46 46.4 33.7L288 439.6l130.7 68.7c23.2 12.2 50.9-7.4 46.4-33.7l-25-145.5 105.7-103c19-18.5 8.5-50.8-17.7-54.6L382 150.2 316.7 17.8c-11.7-23.6-45.6-23.9-57.4 0z\"\/><\/svg> <div>10.04.2026, Flohmarkt KAUF PARK G\u00f6ttingen (wetterbedingt verschoben vom 12.04.2026)<\/div><\/button><\/h3>\n<\/header><div id='mc_calendar_19_30688-calendar-details-30688' class='details no-image uses-modal single-details'  aria-labelledby='mc_30688-title-my-calendar'>\n\t<button type='button' aria-controls='mc_calendar_19_30688-calendar-details-30688' class='mc-toggle close'><span class='dashicons dashicons-dismiss' aria-hidden='true'><\/span><span class='screen-reader-text'>Close<\/span><\/button>\n\t\r\n\t<div class='time-block'>\r\n\t\t<span class='mc-icon' aria-hidden='true'><\/span>\r\n\t\t<p><span class=\"time-wrapper\"><span class='event-time dtstart'><time class='value-title' datetime='2026-04-19T08:00:00+02:00' title='2026-04-19T08:00:00+02:00'>8:00<\/time><\/span> <span class='time-separator'> &ndash; <\/span> <span class='end-time dtend'> <time class='value-title' datetime='2026-04-19T16:00:00+02:00' title='2026-04-19T16:00:00+02:00'>16:00<\/time><\/span><\/span><br \/><span class=\"date-wrapper\"><span class='mc-start-date dtstart' title='2026-04-19T08:00:00+02:00' content='2026-04-19T08:00:00+02:00'>19. April 2026<\/span>  <\/span><\/p>\r\n\t<\/div>\n\t\t<div class='longdesc description'><p>(Quelle: <a href=\"https:\/\/www.facebook.com\/events\/1705636683927908?active_tab=about\">https:\/\/www.facebook.com\/events\/1705636683927908?active_tab=about<\/a>)<\/p>\n<blockquote>\n<div class=\"html-div xdj266r x14z9mp xat24cr x1lziwak xexx8yu xyri2b x18d9i69 x1c1uobl\">\n<div class=\"html-div xdj266r x14z9mp x1lziwak x18d9i69 x1cy8zhl x78zum5 x1q0g3np xod5an3 xz9dl7a x1g0dm76 xpdmqnj\">\n<div class=\"html-div xdj266r x14z9mp xat24cr x1lziwak xexx8yu xyri2b x18d9i69 x1c1uobl x1iyjqo2 xeuugli\">\n<div class=\"x78zum5 xdt5ytf xz62fqu x16ldp7u\">\n<div class=\"xu06os2 x1ok221b\">\n<div class=\"html-div xdj266r x14z9mp xat24cr x1lziwak xexx8yu xyri2b x18d9i69 x1c1uobl\" data-ad-rendering-role=\"profile_name\">\n<h3 class=\"html-h3 x14z9mp xat24cr x1lziwak xexx8yu xyri2b x18d9i69 x1c1uobl x1vvkbs x1heor9g x1qlqyl8 x1pd3egz x1a2a7pz x1gslohp x1yc453h\"><span class=\"x193iq5w xeuugli x13faqbe x1vvkbs x1xmvt09 x6prxxf xvq8zen xo1l8bm xi81zsa\"><span class=\"x1lliihq x6ikm8r x10wlt62 x1n2onr6 xlyipyv xuxw1ft\"><b class=\"html-b xdj266r x14z9mp xat24cr x1lziwak xexx8yu xyri2b x18d9i69 x1c1uobl x1hl2dhg x16tdsg8 x1vvkbs x1s688f\"><span class=\"xt0psk2\"><span class=\"xjp7ctv\"><span class=\"html-span xdj266r x14z9mp xat24cr x1lziwak xexx8yu xyri2b x18d9i69 x1c1uobl x1hl2dhg x16tdsg8 x1vvkbs\"><a class=\"x1i10hfl xjbqb8w x1ejq31n x18oe1m7 x1sy0etr xstzfhl x972fbf x10w94by x1qhh985 x14e42zd x9f619 x1ypdohk xt0psk2 x3ct3a4 xdj266r x14z9mp xat24cr x1lziwak xexx8yu xyri2b x18d9i69 x1c1uobl x16tdsg8 x1hl2dhg xggy1nq x1a2a7pz xkrqix3 x1sur9pj xzsf02u x1s688f\" href=\"https:\/\/www.facebook.com\/kaufparkflohmarkt?__cft__[0]=AZY1mNt2Fsy6VmEPB-gAoO8a-VZq_-PxjQKH-5Ro0jCW66-PwQyzP2bR8AmKz-Rx1LMzZ9FPFpWjwZMfSZhcSiIc77rDfHb4aCthHgHPsS6CPW2-zDcE1UCgwsMWqbD3veSAeEk1FV8etqMgS4nTqmci&amp;__tn__=-]C%2CP-R\">Flohmarkt KAUF PARK G\u00f6ttingen<\/a><\/span><\/span><\/span><\/b> hat eine Veranstaltung erstellt.<\/span><\/span><\/h3>\n<\/div>\n<\/div>\n<div class=\"xu06os2 x1ok221b\">\n<div class=\"html-div xdj266r x14z9mp xat24cr x1lziwak xexx8yu xyri2b x18d9i69 x1c1uobl x6s0dn4 x17zd0t2 x78zum5 x1q0g3np x1a02dak\"><\/div>\n<\/div>\n<\/div>\n<\/div>\n<div class=\"xqcrz7y x78zum5 x1qx5ct2 x1y1aw1k xf159sx xwib8y2 xmzvs34 xw4jnvo\">\n<div><\/div>\n<\/div>\n<\/div>\n<\/div>\n<div class=\"html-div xdj266r x14z9mp xat24cr x1lziwak xexx8yu xyri2b x18d9i69 x1c1uobl\">\n<div class=\"html-div xdj266r x14z9mp xat24cr x1lziwak xexx8yu xyri2b x18d9i69 x1c1uobl x1n2onr6\">\n<div class=\"html-div xdj266r x14z9mp xat24cr x1lziwak xexx8yu xyri2b x18d9i69 x1c1uobl x1n2onr6\">\n<div class=\"x78zum5 x14ju556 x1n3te05 x6ikm8r x10wlt62 x1n2onr6\">\n<div class=\"html-div xdj266r x14z9mp xat24cr x1lziwak xyri2b x18d9i69 x1c1uobl xqtp20y x1n2onr6 xh8yej3 x1jm3axb\">\n<div class=\"html-div x1qjc9v5 x1q0q8m5 x1qhh985 x18b5jzi x10w94by x1t7ytsu x14e42zd x13fuv20 x972fbf x1ey2m1c x9f619 x78zum5 xdt5ytf x1iyjqo2 xs83m0k xtijo5x x1o0tod x1qughib xat24cr x14z9mp x1lziwak xdj266r x2lwn1j xeuugli x18d9i69 xyri2b x1c1uobl xexx8yu x10l6tqk x13vifvy x1ja2u2z\"><img decoding=\"async\" class=\"xz74otr x15mokao x1ga7v0g x16uus16 xbiv7yw x1ey2m1c x9f619 x5yr21d xtijo5x x1o0tod x10l6tqk x13vifvy xh8yej3\" src=\"https:\/\/scontent-ham3-1.xx.fbcdn.net\/v\/t39.30808-6\/668683162_1280714714182991_232366715676008390_n.jpg?stp=dst-jpg_s526x296_tt6&amp;_nc_cat=110&amp;ccb=1-7&amp;_nc_sid=7e0d18&amp;_nc_ohc=V0sWRIoCaiUQ7kNvwHOS3Zo&amp;_nc_oc=AdoDn4ob-G9x5If0Re7mte4HkxuDu3lrIV475dVH2RtBFwkd0Khn3fErrEjT06poGsC59Fj6X-0DL_75ZcCxRLX_&amp;_nc_zt=23&amp;_nc_ht=scontent-ham3-1.xx&amp;_nc_gid=Ck9tzcbjKr8MOi8C5uLwXw&amp;_nc_ss=7a3a8&amp;oh=00_Af3MNCnd8eSaiJXgvjEiRv1zXlAcBYmDfwn_2fSOPFaojA&amp;oe=69DEB9FD\" alt=\"Ist m\u00f6glicherweise ein Bild von Text \u201eKaul KourPark real PNTERSPORT \u039a\u03c5 KaufPark Park G\u00d6TTINGEN OBI FLOHMARKT c\u0438peH \u5cf6\u540c\u201c\" \/><\/div>\n<div>\n<div class=\"html-div xjyslct xjbqb8w x972fbf x10w94by x1qhh985 x14e42zd x9f619 x1rg5ohu xdj266r x14z9mp xat24cr x1lziwak xexx8yu xyri2b x18d9i69 x1c1uobl x1n2onr6 x16tdsg8 xh8yej3\" role=\"listitem\">\n<div class=\"html-div xdj266r x14z9mp xat24cr x1lziwak xyri2b x1c1uobl x78zum5 xdt5ytf xwib8y2 x1y1aw1k\">\n<div class=\"x9f619 x1ja2u2z x78zum5 x2lah0s x1n2onr6 x1nhvcw1 x1cy8zhl xozqiw3 x1q0g3np xv54qhq xf7dkkf x18d9i69 xexx8yu x1ws5yxj xw01apr x4cne27 xifccgj\">\n<div class=\"x9f619 x1n2onr6 x1ja2u2z x78zum5 xdt5ytf x2lah0s x193iq5w xeuugli x1icxu4v x25sj25 x10b6aqq x1yrsyyn\"><\/div>\n<div class=\"x9f619 x1n2onr6 x1ja2u2z x78zum5 xdt5ytf x193iq5w xeuugli x1r8uery x1iyjqo2 xs83m0k xamitd3 x1icxu4v x25sj25 x10b6aqq x1yrsyyn\">\n<div class=\"x78zum5 xdt5ytf xz62fqu x16ldp7u\">\n<div class=\"xu06os2 x1ok221b\"><span class=\"x193iq5w xeuugli x13faqbe x1vvkbs x1xmvt09 x1lliihq x1s928wv xhkezso x1gmr53x x1cpjm7i x1fgarty x1943h6x xudqn12 x3x7a5m x6prxxf xvq8zen xo1l8bm xzsf02u x1yc453h\" dir=\"auto\">Veranstaltung von <b class=\"html-b xdj266r x14z9mp xat24cr x1lziwak xexx8yu xyri2b x18d9i69 x1c1uobl x1hl2dhg x16tdsg8 x1vvkbs x1s688f\"><a class=\"x1i10hfl xjbqb8w x1ejq31n x18oe1m7 x1sy0etr xstzfhl x972fbf x10w94by x1qhh985 x14e42zd x9f619 x1ypdohk xt0psk2 x3ct3a4 xdj266r x14z9mp xat24cr x1lziwak xexx8yu xyri2b x18d9i69 x1c1uobl x16tdsg8 x1hl2dhg xggy1nq x1a2a7pz xkrqix3 x1sur9pj xzsf02u x1s688f\" href=\"https:\/\/www.facebook.com\/kaufparkflohmarkt\">Flohmarkt KAUF PARK G\u00f6ttingen<\/a><\/b><\/span><\/div>\n<\/div>\n<\/div>\n<\/div>\n<\/div>\n<\/div>\n<div class=\"html-div xjyslct xjbqb8w x972fbf x10w94by x1qhh985 x14e42zd x9f619 x1rg5ohu xdj266r x14z9mp xat24cr x1lziwak xexx8yu xyri2b x18d9i69 x1c1uobl x1n2onr6 x16tdsg8 xh8yej3\" role=\"listitem\">\n<div class=\"html-div xdj266r x14z9mp xat24cr x1lziwak xyri2b x1c1uobl x78zum5 xdt5ytf xwib8y2 x1y1aw1k\">\n<div class=\"x9f619 x1ja2u2z x78zum5 x2lah0s x1n2onr6 x1nhvcw1 x1cy8zhl xozqiw3 x1q0g3np xv54qhq xf7dkkf x18d9i69 xexx8yu x1ws5yxj xw01apr x4cne27 xifccgj\">\n<div class=\"x9f619 x1n2onr6 x1ja2u2z x78zum5 xdt5ytf x2lah0s x193iq5w xeuugli x1icxu4v x25sj25 x10b6aqq x1yrsyyn\"><\/div>\n<div class=\"x9f619 x1n2onr6 x1ja2u2z x78zum5 xdt5ytf x193iq5w xeuugli x1r8uery x1iyjqo2 xs83m0k xamitd3 x1icxu4v x25sj25 x10b6aqq x1yrsyyn\">\n<div class=\"x78zum5 xdt5ytf xz62fqu x16ldp7u\">\n<div class=\"xu06os2 x1ok221b\">\n<div class=\"x1i10hfl xjbqb8w x1ejq31n x18oe1m7 x1sy0etr xstzfhl x972fbf x10w94by x1qhh985 x14e42zd x9f619 x1ypdohk xt0psk2 x3ct3a4 xdj266r x14z9mp xat24cr x1lziwak xexx8yu xyri2b x18d9i69 x1c1uobl x16tdsg8 x1hl2dhg xggy1nq x1a2a7pz xkrqix3 x1sur9pj xzsf02u x1s688f\" role=\"button\">Am Kauf Park, G\u00f6ttingen<\/div>\n<\/div>\n<\/div>\n<\/div>\n<\/div>\n<\/div>\n<\/div>\n<div class=\"html-div xjyslct xjbqb8w x972fbf x10w94by x1qhh985 x14e42zd x9f619 x1rg5ohu xdj266r x14z9mp xat24cr x1lziwak xexx8yu xyri2b x18d9i69 x1c1uobl x1n2onr6 x16tdsg8 xh8yej3\" role=\"listitem\">\n<div class=\"html-div xdj266r x14z9mp xat24cr x1lziwak xyri2b x1c1uobl x78zum5 xdt5ytf xwib8y2 x1y1aw1k\">\n<div class=\"x9f619 x1ja2u2z x78zum5 x2lah0s x1n2onr6 x1nhvcw1 x1cy8zhl xozqiw3 x1q0g3np xv54qhq xf7dkkf x18d9i69 xexx8yu x1ws5yxj xw01apr x4cne27 xifccgj\">\n<div class=\"x9f619 x1n2onr6 x1ja2u2z x78zum5 xdt5ytf x2lah0s x193iq5w xeuugli x1icxu4v x25sj25 x10b6aqq x1yrsyyn\"><\/div>\n<div class=\"x9f619 x1n2onr6 x1ja2u2z x78zum5 xdt5ytf x193iq5w xeuugli x1r8uery x1iyjqo2 xs83m0k xamitd3 x1icxu4v x25sj25 x10b6aqq x1yrsyyn\">\n<div class=\"x78zum5 xdt5ytf xz62fqu x16ldp7u\">\n<div class=\"xu06os2 x1ok221b\"><span class=\"x193iq5w xeuugli x13faqbe x1vvkbs x1xmvt09 x1lliihq x1s928wv xhkezso x1gmr53x x1cpjm7i x1fgarty x1943h6x xudqn12 x3x7a5m x6prxxf xvq8zen xo1l8bm xzsf02u x1yc453h\" dir=\"auto\">Laufzeit: 8 Std.<\/span><\/div>\n<\/div>\n<\/div>\n<\/div>\n<\/div>\n<\/div>\n<div class=\"html-div xjyslct xjbqb8w x972fbf x10w94by x1qhh985 x14e42zd x9f619 x1rg5ohu xdj266r x14z9mp xat24cr x1lziwak xexx8yu xyri2b x18d9i69 x1c1uobl x1n2onr6 x16tdsg8 xh8yej3\" role=\"listitem\">\n<div class=\"html-div xdj266r x14z9mp xat24cr x1lziwak xyri2b x1c1uobl x78zum5 xdt5ytf xwib8y2 x1y1aw1k\">\n<div class=\"x9f619 x1ja2u2z x78zum5 x2lah0s x1n2onr6 x1nhvcw1 x1cy8zhl xozqiw3 x1q0g3np xv54qhq xf7dkkf x18d9i69 xexx8yu x1ws5yxj xw01apr x4cne27 xifccgj\">\n<div class=\"x9f619 x1n2onr6 x1ja2u2z x78zum5 xdt5ytf x2lah0s x193iq5w xeuugli x1icxu4v x25sj25 x10b6aqq x1yrsyyn\"><\/div>\n<div class=\"x9f619 x1n2onr6 x1ja2u2z x78zum5 xdt5ytf x193iq5w xeuugli x1r8uery x1iyjqo2 xs83m0k xamitd3 x1icxu4v x25sj25 x10b6aqq x1yrsyyn\">\n<div class=\"x78zum5 xdt5ytf xz62fqu x16ldp7u\">\n<div class=\"xu06os2 x1ok221b\"><span class=\"x193iq5w xeuugli x13faqbe x1vvkbs x1xmvt09 x1lliihq x1s928wv xhkezso x1gmr53x x1cpjm7i x1fgarty x1943h6x xudqn12 x3x7a5m x6prxxf xvq8zen xo1l8bm xzsf02u x1yc453h\" dir=\"auto\">\u00d6ffentlich<span class=\"xzpqnlu xjm9jq1 x6ikm8r x10wlt62 x10l6tqk x1i1rx1s\">\u00a0<\/span><span aria-hidden=\"true\"> \u00b7 <\/span>Jede Person auf und au\u00dferhalb von Facebook<\/span><\/div>\n<\/div>\n<\/div>\n<\/div>\n<\/div>\n<\/div>\n<div class=\"html-div xdj266r x14z9mp xat24cr x1lziwak xexx8yu x18d9i69 xv54qhq xf7dkkf\">\n<div class=\"x1ni5s2d\">\n<div class=\"xdj266r x14z9mp xat24cr x1lziwak x1vvkbs\">+++ ACHTUNG +++ACHTUNG +++ACHTUNG+++ <br class=\"html-br\" \/>Aufgrund der aktuellen Wettervorhersage f\u00fcr den 12.04.2026 haben wir den Flohmakrt nun verschoben auf den 19.04.2026.<\/div>\n<div class=\"x14z9mp xat24cr x1lziwak x1vvkbs xtlvy1s\">Kein Eintritt &amp; keine Parkgeb\u00fchren f\u00fcr Besucher\/-innen.<br class=\"html-br\" \/>Nur Au\u00dfengel\u00e4nde, keine Tiefgarage.<br class=\"html-br\" \/>Willkommen auf S\u00fcdniedersachsens<br class=\"html-br\" \/>gr\u00f6\u00dftem Flohmarkt:<br class=\"html-br\" \/>Dem Kauf Park Flohmarkt G\u00d6TTINGEN<br class=\"html-br\" \/>Selbst mitmachen oder einfach den Flohmarkt besuchen:<br class=\"html-br\" \/>Beides lohnt sich. Garantiert.<br class=\"html-br\" \/>Weit \u00fcber 200 Standbetreiber\/-innen<br class=\"html-br\" \/>und mehrere 1000 Besucher\/-innen:<br class=\"html-br\" \/>Immer am 1. Sonntag eines Monats trifft man sich zum gro\u00dfen Kauf Park Flohmarkt.<br class=\"html-br\" \/>\u00dcber 1000 kostenlose Parkpl\u00e4tze und<br class=\"html-br\" \/>Eintritt frei f\u00fcr alle Besucher\/-innen:<br class=\"html-br\" \/>Das macht diesen Flohmarkt so attraktiv.<br class=\"html-br\" \/>Kitsch, Kunst &amp; Kultur,<br class=\"html-br\" \/>Spielwaren oder Bekleidung,<br class=\"html-br\" \/>CD`s oder Antikes:<br class=\"html-br\" \/>Wir versprechen ein vielf\u00e4ltiges Angebot.<br class=\"html-br\" \/>Verweilen Sie in unserer Gastronomie oder kaufen Sie leckeres Obst oder Oliven: Bei diesem Flohmarkt kein Problem.<br class=\"html-br\" \/>Wir laden Sie HERZLICH ein:<br class=\"html-br\" \/>Zum Mitmachen - oder auf einem Besuch.<br class=\"html-br\" \/>Einfach vorbeikommen:<br class=\"html-br\" \/>Ohne Anmeldung, Aufbau ab 06:00h<br class=\"html-br\" \/>Jeden 1. Sonntag im Monat:<br class=\"html-br\" \/>Auf dem Kauf Park Gel\u00e4nde in G\u00f6ttingen.<br class=\"html-br\" \/>Alle weiteren Informationen unter:<br class=\"html-br\" \/><a class=\"x1i10hfl xjbqb8w x1ejq31n x18oe1m7 x1sy0etr xstzfhl x972fbf x10w94by x1qhh985 x14e42zd x9f619 x1ypdohk xt0psk2 x3ct3a4 xdj266r x14z9mp xat24cr x1lziwak xexx8yu xyri2b x18d9i69 x1c1uobl x16tdsg8 x1hl2dhg xggy1nq x1a2a7pz xkrqix3 x1sur9pj x1fey0fg x1s688f\" href=\"http:\/\/www.flohmarkt-kaufpark.de\/?fbclid=IwZXh0bgNhZW0CMTAAc3J0YwZhcHBfaWQQMjIyMDM5MTc4ODIwMDg5MgABHkK9pWLLG2zVMx2aWFCEeRszv-orffJ1iruymRnAI7jXpr4vtcNlz5iEThiC_aem_cgh44876mwr7OWlduhtotA\" target=\"_blank\">www.flohmarkt-kaufpark.de<\/a><br class=\"html-br\" \/>oder<br class=\"html-br\" \/>0551 - 488 62 05<br class=\"html-br\" \/>Als Standbetreiber-\/innen brauchen Sie sich vorher nicht anzumelden:<br class=\"html-br\" \/>Einfach ohne Anmeldung p\u00fcnktlich ab 06.00h zum Aufbau kommen und Sie erhalten noch einen sch\u00f6nen Standplatz.<br class=\"html-br\" \/>Wir freuen uns auf Ihren Besuch oder Ihre Teilname als Standbetreiber-\/in.<\/div>\n<\/div>\n<\/div>\n<\/div>\n<\/div>\n<\/div>\n<\/div>\n<\/div>\n<\/div>\n<\/blockquote>\n<\/div>\n\t\t<div class=\"mc-location\"><div class=\"address location vcard\"><div class='map'><a href='https:\/\/www.google.de\/maps\/dir\/Kauf+Park+G%C3%B6ttingen,+Am+Kauf+Park,+G%C3%B6ttingen\/\/@51.5281693,9.7984844,12z\/data=!3m1!4b1!4m8!4m7!1m5!1m1!1s0x47bb2b5d079e354b:0xec9c431eeac554aa!2m2!1d9.8808851!2d51.5281982!1m0?entry=ttu' class='url external'><span class='mc-icon' aria-hidden='true'><\/span>Karte<span class='screen-reader-text fn'> Kauf Park G\u00f6ttingen, Am Kauf Park 2, 37079 G\u00f6ttingen<\/span><\/a><\/div><\/div><\/div>\n\t\t<div class=\"sharing\">\t<p class='mc-details'><a aria-label='Weiterlesen: 10.04.2026, Flohmarkt KAUF PARK G\u00f6ttingen (wetterbedingt verschoben vom 12.04.2026)' href='https:\/\/rt-europaallee.de\/wordpress\/my-calendar\/?mc_id=30688'>Weiterlesen<\/a><\/p>\n<\/div><\/div><!--end .details--><\/article><article id='mc_calendar_19_30698-calendar-30698' class='mc-mc_calendar_30698 calendar-event mc_bildung mc_location-401  past-event mc_primary_bildung nonrecurring mc-7-stunden mc-start-11-00 ungrouped mc-event-4637 mc-events mc-event mc_rel_bildung'><header>\t<h3 class='event-title summary' id='mc_30698-title-my-calendar'><button type='button' id='modal-button-mc_calendar_19_30698-calendar-details-30698' data-modal-content-id='mc_calendar_19_30698-calendar-details-30698' data-modal-prefix-class='my-calendar' data-modal-close-text='Schlie\u00dfen' data-modal-title='13.04.2026, Stadt G\u00f6ttingen: Aktionstag \u201eScience goes City\u201c am 19. April' aria-controls='mc_calendar_19_30698-calendar-details-30698' class='calendar mc-modal button button-link url summary has-image'><svg style=\"fill:#000000\" focusable=\"false\" role=\"img\" aria-labelledby=\"cat_30698\" class=\"category-icon\" xmlns=\"http:\/\/www.w3.org\/2000\/svg\" viewBox=\"0 0 640 512\"><!-- Font Awesome Free 5.15.3 by @fontawesome - https:\/\/fontawesome.com License - https:\/\/fontawesome.com\/license\/free (Icons: CC BY 4.0, Fonts: SIL OFL 1.1, Code: MIT License) --><title id='cat_30698'>Kategorie: Bildung<\/title><path d=\"M0 224v272c0 8.84 7.16 16 16 16h80V192H32c-17.67 0-32 14.33-32 32zm360-48h-24v-40c0-4.42-3.58-8-8-8h-16c-4.42 0-8 3.58-8 8v64c0 4.42 3.58 8 8 8h48c4.42 0 8-3.58 8-8v-16c0-4.42-3.58-8-8-8zm137.75-63.96l-160-106.67a32.02 32.02 0 0 0-35.5 0l-160 106.67A32.002 32.002 0 0 0 128 138.66V512h128V368c0-8.84 7.16-16 16-16h96c8.84 0 16 7.16 16 16v144h128V138.67c0-10.7-5.35-20.7-14.25-26.63zM320 256c-44.18 0-80-35.82-80-80s35.82-80 80-80 80 35.82 80 80-35.82 80-80 80zm288-64h-64v320h80c8.84 0 16-7.16 16-16V224c0-17.67-14.33-32-32-32z\"\/><\/svg> <div>13.04.2026, Stadt G\u00f6ttingen: Aktionstag \u201eScience goes City\u201c am 19. April<\/div><\/button><\/h3>\n<\/header><div id='mc_calendar_19_30698-calendar-details-30698' class='details no-image uses-modal single-details'  aria-labelledby='mc_30698-title-my-calendar'>\n\t<button type='button' aria-controls='mc_calendar_19_30698-calendar-details-30698' class='mc-toggle close'><span class='dashicons dashicons-dismiss' aria-hidden='true'><\/span><span class='screen-reader-text'>Close<\/span><\/button>\n\t\r\n\t<div class='time-block'>\r\n\t\t<span class='mc-icon' aria-hidden='true'><\/span>\r\n\t\t<p><span class=\"time-wrapper\"><span class='event-time dtstart'><time class='value-title' datetime='2026-04-19T11:00:00+02:00' title='2026-04-19T11:00:00+02:00'>11:00<\/time><\/span> <span class='time-separator'> &ndash; <\/span> <span class='end-time dtend'> <time class='value-title' datetime='2026-04-19T18:00:00+02:00' title='2026-04-19T18:00:00+02:00'>18:00<\/time><\/span><\/span><br \/><span class=\"date-wrapper\"><span class='mc-start-date dtstart' title='2026-04-19T11:00:00+02:00' content='2026-04-19T11:00:00+02:00'>19. April 2026<\/span>  <\/span><\/p>\r\n\t<\/div>\n\t\t<div class='longdesc description'><p>(Quelle: <a href=\"https:\/\/www.goettingen.de\/portal\/meldungen\/aktionstag-science-goes-city-am-19-april-900004925-25480.html?rubrik=900000003\">https:\/\/www.goettingen.de\/portal\/meldungen\/aktionstag-science-goes-city-am-19-april-900004925-25480.html?rubrik=900000003<\/a>)<\/p>\n<blockquote>\n<div class=\"fusstext fusstext_oben\">\n<p><span class=\"create\">07.04.2026<\/span><\/p>\n<div><\/div>\n<\/div>\n<h3 class=\"kontrast-bild\">Aktionstag \u201eScience goes City\u201c am 19. April<\/h3>\n<div id=\"nolis_content_site\" class=\"nolis_content_site\">\n<p class=\"anreisser_detail\"><strong>Am Sonntag, 19. April 2026, verwandelt sich G\u00f6ttingen unter dem Motto \u201eScience goes City\u201c von 12.00 bis 18.00 Uhr in eine riesige Erlebnismeile zum Mitmachen, Ausprobieren und Staunen.<\/strong><\/p>\n<div class=\"print_href print_abbr\">\n<div class=\"template template1\">\n<div class=\"platz platz1\">\n<div class=\"rahmen\">\n<div class=\"innen\">\n<p>Die Innenstadt wird zu einer gro\u00dfen Erlebnisfl\u00e4che mit \u00fcber 60 Aktionen, spannenden Mitmachstationen und einer spektakul\u00e4ren Science Show auf der Marktplatz-B\u00fchne. Entdecken, ausprobieren, staunen \u2013 und das alles mitten in G\u00f6ttingen.<\/p>\n<p>Im Mittelpunkt steht dabei das G\u00e4nseliesel: Zum 125-j\u00e4hrigen Jubil\u00e4um wird das Wahrzeichen ab 14.00 Uhr f\u00fcr 125 Minuten f\u00fcr alle Besucher*innen begehbar sein. Es k\u00f6nnen Blumen und Gl\u00fcckw\u00fcnsche \u00fcberreicht und dieser besondere Moment mit einem Selfie aus einer ganz neuen Perspektive festgehalten werden. Als kleines Dankesch\u00f6n warten 1.250 Rosen als blumiger Gru\u00df vom G\u00e4nseliesel. Weiterhin w\u00e4chst an der Mosaikwand aus vielen kleinen Momenten ein gemeinsames Bild.<\/p>\n<p>Der verkaufsoffene Sonntag l\u00e4dt ab 13.00 Uhr dazu ein, den Tag entspannt in der Innenstadt zu genie\u00dfen.<\/p>\n<p>Das Playmobil-G\u00e4nseliesel ist ab sofort in der Tourist-Information erh\u00e4ltlich. Am Veranstaltungstag kann es direkt vor Ort am Aktionsstand erworben werden. Au\u00dferdem kann es per E-Mail an <a class=\"link_katalog email nolis-link-intern nolis-link-mailto\" href=\"mailto:%69%6E%66%6F%40%67%6F%65%74%74%69%6E%67%65%6E%2D%6D%61%72%6B%65%74%69%6E%67%2E%64%65\">info@goettingen-marketing.de<\/a> bestellt werden.<\/p>\n<p><a class=\"link_katalog nolis-link-extern\" href=\"https:\/\/www.science-goes-city.de\/\" target=\"_blank\">Weitere Informationen zum Aktionstag gibt es hier.<\/a><\/p>\n<p>Auch im St\u00e4dtischen Museum steht das G\u00e4nseliesel im Fokus: <a class=\"link_katalog nolis-link-extern\" href=\"https:\/\/museum.goettingen.de\/portal\/seiten\/alle-lieben-liesel-125-jahre-goettinger-gaenseliesel-900001505-25480.html?rubrik=900000062\" target=\"_blank\">Die Sonderausstellung \u201eAlle lieben Liesel?!\u201c<\/a> erz\u00e4hlt von Geschichte, Mythos und der besonderen Verbindung zwischen Stadt und Wahrzeichen \u2013 eine Entdeckungsreise durch 125 Jahre Liesel-Liebe.<\/p>\n<p><em>(Eine Presseinformation der G\u00f6ttingen Marketing GmbH \/ Auszug)<\/em><\/p>\n<\/div>\n<\/div>\n<\/div>\n<\/div>\n<\/div>\n<\/div>\n<\/blockquote>\n<p>&nbsp;<\/p>\n<h4>Siehe auch:\u00a0<a href=\"https:\/\/www.facebook.com\/georgiaaugusta\/posts\/pfbid02FNNEe1chxTeSxw5nRZgnxG3dtu9AZ8GZ1AXByuEMB3aTEsHbDe7H5yyR7qx4gCXml\">https:\/\/www.facebook.com\/georgiaaugusta\/posts\/pfbid02FNNEe1chxTeSxw5nRZgnxG3dtu9AZ8GZ1AXByuEMB3aTEsHbDe7H5yyR7qx4gCXml<\/a><\/h4>\n<p>&nbsp;<\/p>\n<h4>Programm siehe:\u00a0<a href=\"https:\/\/www.science-goes-city.de\/\">https:\/\/www.science-goes-city.de\/<\/a><\/h4>\n<\/div>\n\t\t<div class=\"sharing\">\t<p class='mc-details'><a aria-label='Weiterlesen: 13.04.2026, Stadt G\u00f6ttingen: Aktionstag \u201eScience goes City\u201c am 19. April' href='https:\/\/rt-europaallee.de\/wordpress\/my-calendar\/?mc_id=30698'>Weiterlesen<\/a><\/p>\n<\/div><\/div><!--end .details--><\/article><article id='mc_calendar_19_30700-calendar-30700' class='mc-mc_calendar_30700 calendar-event mc_auffhrungen--veranstaltungen mc_no-location  past-event mc_primary_auffuehrungen-veranstaltungen nonrecurring mc mc-start-11-00 mc-group-4638 mc-event-4639 mc-events mc-event mc_rel_auffhrungenveranstaltungen'><header>\t<h3 class='event-title summary' id='mc_30700-title-my-calendar'><button type='button' id='modal-button-mc_calendar_19_30700-calendar-details-30700' data-modal-content-id='mc_calendar_19_30700-calendar-details-30700' data-modal-prefix-class='my-calendar' data-modal-close-text='Schlie\u00dfen' data-modal-title='15.04.2026, B\u00fcffelfutter - Tipps f\u00fcr Kids in G\u00f6ttingen: &quot;Ritterturney&quot; auf Schloss Berlepsch' aria-controls='mc_calendar_19_30700-calendar-details-30700' class='calendar mc-modal button button-link url summary has-image'><svg style=\"fill:#000000\" focusable=\"false\" role=\"img\" aria-labelledby=\"cat_30700\" class=\"category-icon\" xmlns=\"http:\/\/www.w3.org\/2000\/svg\" viewBox=\"0 0 512 512\"><!-- Font Awesome Free 5.15.3 by @fontawesome - https:\/\/fontawesome.com License - https:\/\/fontawesome.com\/license\/free (Icons: CC BY 4.0, Fonts: SIL OFL 1.1, Code: MIT License) --><title id='cat_30700'>Kategorie: Auff\u00fchrungen + Veranstaltungen<\/title><path d=\"M502.63 39L473 9.37a32 32 0 0 0-45.26 0L381.46 55.7a35.14 35.14 0 0 0-8.53 13.79L360.77 106l-76.26 76.26c-12.16-8.76-25.5-15.74-40.1-19.14-33.45-7.78-67-.88-89.88 22a82.45 82.45 0 0 0-20.24 33.47c-6 18.56-23.21 32.69-42.15 34.46-23.7 2.27-45.73 11.45-62.61 28.44C-16.11 327-7.9 409 47.58 464.45S185 528 230.56 482.52c17-16.88 26.16-38.9 28.45-62.71 1.76-18.85 15.89-36.13 34.43-42.14a82.6 82.6 0 0 0 33.48-20.25c22.87-22.88 29.74-56.36 22-89.75-3.39-14.64-10.37-28-19.16-40.2L406 151.23l36.48-12.16a35.14 35.14 0 0 0 13.79-8.53l46.33-46.32a32 32 0 0 0 .03-45.22zM208 352a48 48 0 1 1 48-48 48 48 0 0 1-48 48z\"\/><\/svg> <div>15.04.2026, B\u00fcffelfutter - Tipps f\u00fcr Kids in G\u00f6ttingen: \"Ritterturney\" auf Schloss Berlepsch<\/div><\/button><\/h3>\n<\/header><div id='mc_calendar_19_30700-calendar-details-30700' class='details no-image uses-modal single-details'  aria-labelledby='mc_30700-title-my-calendar'>\n\t<button type='button' aria-controls='mc_calendar_19_30700-calendar-details-30700' class='mc-toggle close'><span class='dashicons dashicons-dismiss' aria-hidden='true'><\/span><span class='screen-reader-text'>Close<\/span><\/button>\n\t\r\n\t<div class='time-block'>\r\n\t\t<span class='mc-icon' aria-hidden='true'><\/span>\r\n\t\t<p><span class=\"time-wrapper\"><span class='event-time dtstart'><time class='value-title' datetime='2026-04-19T11:00:00+02:00' title='2026-04-19T11:00:00+02:00'>11:00<\/time><\/span>  <\/span><br \/><span class=\"date-wrapper\"><span class='mc-start-date dtstart' title='2026-04-19T11:00:00+02:00' content='2026-04-19T11:00:00+02:00'>19. April 2026<\/span>  <\/span><\/p>\r\n\t<\/div>\n\t\t<div class='longdesc description'><p>(Quelle: <a href=\"https:\/\/www.facebook.com\/bueffelfuttertippsfuerkidsingoettingen\/posts\/pfbid0eqteQN5M3yVRAGsqV8G3GfQMBn2LLtDnVKjhtD1wKdQmyjAfyzJcSBsxEPCfUw8zl\">https:\/\/www.facebook.com\/bueffelfuttertippsfuerkidsingoettingen\/posts\/pfbid0eqteQN5M3yVRAGsqV8G3GfQMBn2LLtDnVKjhtD1wKdQmyjAfyzJcSBsxEPCfUw8zl<\/a>)<\/p>\n<p>&nbsp;<\/p>\n<h4><a href=\"https:\/\/www.google.com\/maps\/dir\/\/Schloss+Berlepsch,+Berlepsch+1,+37218+Witzenhausen\/@51.3953247,9.8302054,17z\/data=!3m1!5s0x47bb332040b1b937:0x1dfeacbb1e67395d!4m19!1m10!3m9!1s0x47bb33203eb8c279:0x4eede2153cb368ff!2sSchloss+Berlepsch!5m2!4m1!1i2!8m2!3d51.3960544!4d9.8322868!16s%2Fg%2F120yl8l_!4m7!1m0!1m5!1m1!1s0x47bb33203eb8c279:0x4eede2153cb368ff!2m2!1d9.8322868!2d51.3960544?entry=ttu&amp;g_ep=EgoyMDI2MDQxMi4wIKXMDSoASAFQAw%3D%3D\">Schloss Berlepsch, Berlepsch 1, 37218 Witzenhausen<\/a><\/h4>\n<blockquote>\n<div class=\"html-div xdj266r x14z9mp xat24cr x1lziwak xexx8yu xyri2b x18d9i69 x1c1uobl\">\n<div class=\"html-div xdj266r x14z9mp x1lziwak x18d9i69 x1cy8zhl x78zum5 x1q0g3np xod5an3 xz9dl7a x1g0dm76 xpdmqnj\">\n<div class=\"html-div xdj266r x14z9mp xat24cr x1lziwak xexx8yu xyri2b x18d9i69 x1c1uobl x1iyjqo2 xeuugli\">\n<div class=\"x78zum5 xdt5ytf xz62fqu x16ldp7u\">\n<div class=\"xu06os2 x1ok221b\">\n<div class=\"html-div xdj266r x14z9mp xat24cr x1lziwak xexx8yu xyri2b x18d9i69 x1c1uobl\" data-ad-rendering-role=\"profile_name\">\n<h3 class=\"html-h3 x14z9mp xat24cr x1lziwak xexx8yu xyri2b x18d9i69 x1c1uobl x1vvkbs x1heor9g x1qlqyl8 x1pd3egz x1a2a7pz x1gslohp x1yc453h\"><span class=\"x78zum5 x1q0g3np\"><span class=\"x1lliihq x6ikm8r x10wlt62 x1n2onr6 xlyipyv xuxw1ft\"><span class=\"xt0psk2\"><span class=\"xjp7ctv\"><a class=\"x1i10hfl xjbqb8w x1ejq31n x18oe1m7 x1sy0etr xstzfhl x972fbf x10w94by x1qhh985 x14e42zd x9f619 x1ypdohk xt0psk2 x3ct3a4 xdj266r x14z9mp xat24cr x1lziwak xexx8yu xyri2b x18d9i69 x1c1uobl x16tdsg8 x1hl2dhg xggy1nq x1a2a7pz xkrqix3 x1sur9pj xzsf02u x1s688f\" href=\"https:\/\/www.facebook.com\/bueffelfuttertippsfuerkidsingoettingen?__cft__[0]=AZZLstKpoqLfX_syQnB21_XWCOM0ADbeQKooBSRCqm55KcAPwUCmVHnD2xE5AuVZbOv7ybzd5mzwSPUyeerSyTT9VDW_7ath-3ev4jO9ZyHNr4JzlMAOZ3R7GKceMn6Sd_hnxZqbFgJ-cyhrNxAghuNR_X36JlmkqrgBc2Qlqa1G-Q&amp;__tn__=-UC%2CP-R\"><b class=\"html-b xdj266r x14z9mp xat24cr x1lziwak xexx8yu xyri2b x18d9i69 x1c1uobl x1hl2dhg x16tdsg8 x1vvkbs x1s688f\"><span class=\"html-span xdj266r x14z9mp xat24cr x1lziwak xexx8yu xyri2b x18d9i69 x1c1uobl x1hl2dhg x16tdsg8 x1vvkbs\">B\u00fcffelfutter - Tipps f\u00fcr Kids in G\u00f6ttingen<\/span><\/b><\/a><\/span><\/span><\/span><\/span><\/h3>\n<\/div>\n<\/div>\n<\/div>\n<\/div>\n<\/div>\n<\/div>\n<div class=\"html-div xdj266r x14z9mp xat24cr x1lziwak xexx8yu xyri2b x18d9i69 x1c1uobl\">\n<div class=\"html-div xdj266r x14z9mp xat24cr x1lziwak xexx8yu xyri2b x18d9i69 x1c1uobl\" dir=\"auto\">\n<div class=\"html-div xdj266r x14z9mp xat24cr x1lziwak xexx8yu xyri2b x18d9i69 x1c1uobl\" data-ad-rendering-role=\"story_message\">\n<div class=\"x1l90r2v x1iorvi4 x1g0dm76 xpdmqnj\" data-ad-comet-preview=\"message\" data-ad-preview=\"message\">\n<div class=\"x78zum5 xdt5ytf xz62fqu x16ldp7u\">\n<div class=\"xu06os2 x1ok221b\">\n<div class=\"html-div xdj266r x14z9mp xat24cr x1lziwak xexx8yu xyri2b x18d9i69 x1c1uobl\">\n<div class=\"xdj266r x14z9mp xat24cr x1lziwak x1vvkbs x126k92a\">\n<div dir=\"auto\">Ritterturney<\/div>\n<div dir=\"auto\">Es geht mit ordentlich Geschepper in die noch frische Saison! <span class=\"html-span xexx8yu xyri2b x18d9i69 x1c1uobl x1hl2dhg x16tdsg8 x1vvkbs x3nfvp2 x1j61x8r x1fcty0u xdj266r xat24cr xm2jcoa x1mpyi22 xxymvpz xlup9mm x1kky2od\"><img loading=\"lazy\" decoding=\"async\" class=\"xz74otr x15mokao x1ga7v0g x16uus16 xbiv7yw\" src=\"https:\/\/static.xx.fbcdn.net\/images\/emoji.php\/v9\/t4c\/1\/16\/1f642.png\" alt=\"\ud83d\ude42\" width=\"16\" height=\"16\" \/><\/span><\/div>\n<\/div>\n<div class=\"x14z9mp xat24cr x1lziwak x1vvkbs xtlvy1s x126k92a\">\n<div dir=\"auto\">Sehr viel echter kann man das Mittelalter nicht erleben:<\/div>\n<div dir=\"auto\">Hier treffen diverse Ritter in verschiedenen Disziplinen aufeinander, um sich im Kampf-Geschick zu Pferd zu messen ...<\/div>\n<\/div>\n<div class=\"x14z9mp xat24cr x1lziwak x1vvkbs xtlvy1s x126k92a\">\n<div dir=\"auto\">&gt; 18.04. + 19.04.26, ab 11.00 Uhr<\/div>\n<div dir=\"auto\">(Schloss Berlepsch, ca. 26km)<\/div>\n<\/div>\n<div class=\"x14z9mp xat24cr x1lziwak x1vvkbs xtlvy1s x126k92a\">\n<div dir=\"auto\">.. und ganz nebenbei gibt es nat\u00fcrlich ein Heer-Lager, Markt-St\u00e4nde mit allerlei Waren f\u00fcr Jung und Alt, Musik und Gaukler zur Bespa\u00dfung, und hier und da Mit-mach-Angebote f\u00fcr Kids.<\/div>\n<\/div>\n<div class=\"x14z9mp xat24cr x1lziwak x1vvkbs xtlvy1s x126k92a\">\n<div dir=\"auto\">Nicht ganz g\u00fcnstig, aber einfach eine tolle, aufregende und einzigartige Veranstaltung!<\/div>\n<div dir=\"auto\">(\u2026 die bedauerlicherweise zum letzten Mal stattfindet.)<\/div>\n<\/div>\n<div class=\"x14z9mp xat24cr x1lziwak x1vvkbs xtlvy1s x126k92a\">\n<div dir=\"auto\">Bereit f\u00fcr die Zeit-Reise???<\/div>\n<\/div>\n<div class=\"x14z9mp xat24cr x1lziwak x1vvkbs xtlvy1s x126k92a\">\n<div dir=\"auto\">Page und alle Infos:<\/div>\n<div dir=\"auto\"><span class=\"html-span xdj266r x14z9mp xat24cr x1lziwak xexx8yu xyri2b x18d9i69 x1c1uobl x1hl2dhg x16tdsg8 x1vvkbs\"><a class=\"x1i10hfl xjbqb8w x1ejq31n x18oe1m7 x1sy0etr xstzfhl x972fbf x10w94by x1qhh985 x14e42zd x9f619 x1ypdohk xt0psk2 x3ct3a4 xdj266r x14z9mp xat24cr x1lziwak xexx8yu xyri2b x18d9i69 x1c1uobl x16tdsg8 x1hl2dhg xggy1nq x1a2a7pz xkrqix3 x1sur9pj x1fey0fg x1s688f\" href=\"https:\/\/www.schlossberlepsch.de\/ritterturney.html?fbclid=IwZXh0bgNhZW0CMTAAc3J0YwZhcHBfaWQQMjIyMDM5MTc4ODIwMDg5MgABHv6nmRzMORsFfTUpyaFcOk0n1YsQy1GqXrXbzFpPiXcPS285veoW0sWzs3RP_aem_efY2vP8-dEw2RGJ_jwzrcQ\" target=\"_blank\">https:\/\/www.schlossberlepsch.de\/ritterturney.html<\/a><\/span><\/div>\n<\/div>\n<div class=\"x14z9mp xat24cr x1lziwak x1vvkbs xtlvy1s x126k92a\">\n<div dir=\"auto\">Viel Spa\u00df im Mittelalter!!! <span class=\"html-span xexx8yu xyri2b x18d9i69 x1c1uobl x1hl2dhg x16tdsg8 x1vvkbs x3nfvp2 x1j61x8r x1fcty0u xdj266r xat24cr xm2jcoa x1mpyi22 xxymvpz xlup9mm x1kky2od\"><img loading=\"lazy\" decoding=\"async\" class=\"xz74otr x15mokao x1ga7v0g x16uus16 xbiv7yw\" src=\"https:\/\/static.xx.fbcdn.net\/images\/emoji.php\/v9\/t4c\/1\/16\/1f642.png\" alt=\"\ud83d\ude42\" width=\"16\" height=\"16\" \/><\/span><\/div>\n<div dir=\"auto\"><\/div>\n<div dir=\"auto\"><img decoding=\"async\" class=\"x15mokao x1ga7v0g x16uus16 xbiv7yw x1bwycvy x193iq5w x4fas0m x19kjcj4\" src=\"https:\/\/scontent-ham3-1.xx.fbcdn.net\/v\/t39.30808-6\/672670456_1479671893945991_7876144500501216921_n.jpg?_nc_cat=106&amp;ccb=1-7&amp;_nc_sid=13d280&amp;_nc_ohc=l3dJMbCVSbkQ7kNvwFg0otL&amp;_nc_oc=AdrZsTh4hVCdHi8MoiYAEXWGg7kDDTeOa6rZa9QMXiGecVRh6n14U0FIjNAMo7c4B1x1XBj46o8ZSL8GZhs8Vliw&amp;_nc_zt=23&amp;_nc_ht=scontent-ham3-1.xx&amp;_nc_gid=OkZeFM1b6j-kH_m8vhodig&amp;_nc_ss=7a3a8&amp;oh=00_Af1_D8sr8vGsoQ_pJeSclpxmiCbr8AqTqB7fzusgpUkp-Q&amp;oe=69E53487\" alt=\"Keine Fotobeschreibung verf\u00fcgbar.\" data-visualcompletion=\"media-vc-image\" \/><\/div>\n<div dir=\"auto\">( <a href=\"https:\/\/www.facebook.com\/photo\/?fbid=1479671890612658&amp;set=a.575005924412597\">https:\/\/www.facebook.com\/photo\/?fbid=1479671890612658&amp;set=a.575005924412597<\/a>)<\/div>\n<\/div>\n<\/div>\n<\/div>\n<\/div>\n<\/div>\n<\/div>\n<\/div>\n<\/div>\n<\/blockquote>\n<\/div>\n\t\t<div class=\"sharing\">\t<p class='mc-details'><a aria-label='Weiterlesen: 15.04.2026, B\u00fcffelfutter - Tipps f\u00fcr Kids in G\u00f6ttingen: &quot;Ritterturney&quot; auf Schloss Berlepsch' href='https:\/\/rt-europaallee.de\/wordpress\/my-calendar\/?mc_id=30700'>Weiterlesen<\/a><\/p>\n<\/div><\/div><!--end .details--><\/article>\n<\/td>\n<\/tr>\n<!-- End Event Row -->\n<tr class='mc-row'><td id='calendar-2026-04-20' class='mc-events montag mo past-day past-date   has-events author3 mcat_general mcat_treffen-erfahrungsaustausch day-with-date'><div class='mc-date-container'>\n\t<span class='mc-date'><span aria-hidden='true' class='mc-day-number'>20<\/span><span class='screen-reader-text mc-day-date'>20. April 2026<\/span><span class=\"event-icon\" aria-hidden=\"true\">&#9679;&#9679;<\/span><span class=\"screen-reader-text\"><span class=\"mc-list-details event-count\">(2 Veranstaltungen)<\/span><\/span><\/span><\/div><article id='mc_calendar_20_30605-calendar-30605' class='mc-mc_calendar_30605 calendar-event mc_general mc_stadtlabor-gttingen-wilhelmspl-3-37073-gttingen  on-now mc_primary_general nonrecurring mc-3-wochen mc-start-00-00 ungrouped mc-event-4583 mc-events multidate mc-event mc_rel_general'><header>\t<h3 class='event-title summary' id='mc_30605-title-my-calendar'><button type='button' id='modal-button-mc_calendar_20_30605-calendar-details-30605' data-modal-content-id='mc_calendar_20_30605-calendar-details-30605' data-modal-prefix-class='my-calendar' data-modal-close-text='Schlie\u00dfen' data-modal-title='16.03.2026, Ausstellung: Der NS-V\u00f6lkermord an den Roma in der besetzten Sowjetunion' aria-controls='mc_calendar_20_30605-calendar-details-30605' class='calendar mc-modal button button-link url summary has-image'><svg style=\"fill:#000000\" focusable=\"false\" role=\"img\" aria-labelledby=\"cat_30605\" class=\"category-icon\" xmlns=\"http:\/\/www.w3.org\/2000\/svg\" viewBox=\"0 0 448 512\"><!-- Font Awesome Free 5.15.3 by @fontawesome - https:\/\/fontawesome.com License - https:\/\/fontawesome.com\/license\/free (Icons: CC BY 4.0, Fonts: SIL OFL 1.1, Code: MIT License) --><title id='cat_30605'>Kategorie: General<\/title><path d=\"M12 192h424c6.6 0 12 5.4 12 12v260c0 26.5-21.5 48-48 48H48c-26.5 0-48-21.5-48-48V204c0-6.6 5.4-12 12-12zm436-44v-36c0-26.5-21.5-48-48-48h-48V12c0-6.6-5.4-12-12-12h-40c-6.6 0-12 5.4-12 12v52H160V12c0-6.6-5.4-12-12-12h-40c-6.6 0-12 5.4-12 12v52H48C21.5 64 0 85.5 0 112v36c0 6.6 5.4 12 12 12h424c6.6 0 12-5.4 12-12z\"\/><\/svg> <div>16.03.2026, Ausstellung: Der NS-V\u00f6lkermord an den Roma in der besetzten Sowjetunion<\/div><\/button><\/h3>\n<\/header><div id='mc_calendar_20_30605-calendar-details-30605' class='details no-image uses-modal single-details'  aria-labelledby='mc_30605-title-my-calendar'>\n\t<button type='button' aria-controls='mc_calendar_20_30605-calendar-details-30605' class='mc-toggle close'><span class='dashicons dashicons-dismiss' aria-hidden='true'><\/span><span class='screen-reader-text'>Close<\/span><\/button>\n\t\r\n\t<div class='time-block'>\r\n\t\t<span class='mc-icon' aria-hidden='true'><\/span>\r\n\t\t<p><span class=\"time-wrapper\"> <span class='event-time'><abbr title='Nicht zutreffend'>n.\u00a0a.<\/abbr><\/span>  <\/span><br \/><span class=\"date-wrapper\"><span class='mc-start-date dtstart' title='2026-04-10T00:00:00+02:00' content='2026-04-10T00:00:00+02:00'>10. April 2026<\/span> <span class='date-separator'> &ndash; <\/span> <span class=\"event-time dtend\">30. April 2026<\/span><\/span><\/p>\r\n\t<\/div>\n\t\t<div class='longdesc description'><p>Siehe:\u00a0<a href=\"https:\/\/rt-europaallee.de\/wordpress\/2026\/03\/stadt-goettingen-internationale-wochen-gegen-rassismus-veranstaltungen-in-der-stadt-goettingen\/\">https:\/\/rt-europaallee.de\/wordpress\/2026\/03\/stadt-goettingen-internationale-wochen-gegen-rassismus-veranstaltungen-in-der-stadt-goettingen\/<\/a><\/p>\n<p><img decoding=\"async\" class=\"emoji\" role=\"img\" src=\"https:\/\/s.w.org\/images\/core\/emoji\/17.0.2\/svg\/27a1.svg\" alt=\"\u27a1\ufe0f\" \/><\/p>\n<blockquote><p>(Quelle:\u00a0<a href=\"https:\/\/www.goettingen.de\/portal\/meldungen\/internationale-wochen-gegen-rassismus-veranstaltungen-in-der-stadt-goettingen-900004830-25480.html?utm_source=copilot.com\">https:\/\/www.goettingen.de\/portal\/meldungen\/internationale-wochen-gegen-rassismus-veranstaltungen-in-der-stadt-goettingen-900004830-25480.html?utm_source=copilot.com<\/a>)<\/p>\n<blockquote>\n<div class=\"fusstext fusstext_oben\">\n<p><span class=\"create\">06.03.2026<\/span><span class=\"modified\">\u00a0| ge\u00e4ndert am 12.03.2026<\/span><\/p>\n<div><\/div>\n<\/div>\n<h3 class=\"kontrast-bild\">Internationale Wochen gegen Rassismus \u2013 Veranstaltungen in der Stadt G\u00f6ttingen<\/h3>\n<div id=\"nolis_content_site\" class=\"nolis_content_site\">\n<p class=\"anreisser_detail\"><strong>Zum 31. Mal finden die bundesweiten Internationalen Wochen gegen Rassismus von Montag bis Sonntag, 16. bis 29. M\u00e4rz 2026, statt. Das diesj\u00e4hrige Motto lautet \u201e100 Prozent Menschenw\u00fcrde. Zusammen gegen Rassismus und Rechtsextremismus\u201c. Der diesj\u00e4hrige Botschafter der Aktionswochen ist Prof. Dr. Matthias Quent. Hier gibt es einen \u00dcberblick \u00fcber die Veranstaltungen in der Stadt G\u00f6ttingen.<\/strong><\/p>\n<h3>...<\/h3>\n<p>Freitag, 10. April bis Donnerstag, 30. April 2026<br \/>\n<strong>Der NS-V\u00f6lkermord an den Roma in der besetzten Sowjetunion<\/strong><br \/>\n<strong>Ausstellung im Stadtlabor<\/strong><\/p>\n<p>Ort: Stadtlabor, Wilhelmsplatz 3, 37073 G\u00f6ttingen<br \/>\nVeranstalter*in: Roma Center e. V.<br \/>\nEintritt: frei<br \/>\nAnmeldung: nicht erforderlich.\u00a0<a class=\"link_katalog nolis-link-extern\" href=\"https:\/\/roma-center.de\/\" target=\"_blank\">Die \u00d6ffnungszeiten der Ausstellung sind hier aufgef\u00fchrt<\/a>.<\/p>\n<p>Am Freitag, 10. April 2026 um 18.00 Uhr er\u00f6ffnen Roma Center und Bildungswerk f\u00fcr Erinnerungsarbeit und Frieden die Ausstellung \u201eGenozid an Roma auf dem Gebiet der besetzten Sowjetunion 1941\u20131944\u201c im Stadtlabor. Grundlage sind 200 Interviews mit \u00dcberlebenden und ihren Kindern aus der Ukraine, Belarus, Russland, Rum\u00e4nien und Moldau. Sie erz\u00e4hlen von Verfolgung und Widerstand der Roma nach dem \u00dcberfall auf die Sowjetunion.<\/p>\n<h3>...<\/h3>\n<\/div>\n<\/blockquote>\n<\/blockquote>\n<blockquote>\n<h3><\/h3>\n<\/blockquote>\n<\/div>\n\t\t<div class=\"mc-location\"><div class=\"address location vcard\"><div class='map'><a href='https:\/\/www.google.com\/maps\/place\/Stadtlabor+G%C3%B6ttingen\/@51.5334069,9.9374107,20.79z\/data=!3m1!5s0x47a4d495880e01c3:0x2da49c3266d39a0d!4m15!1m8!3m7!1s0x47a4d49588f818f7:0x3eeeb28ecd9fdbb0!2sWilhelmspl.+3,+37073+G%C3%B6ttingen!3b1!8m2!3d51.5334334!4d9.9374974!16s%2Fg%2F11cscfk8zz!3m5!1s0x47a4d5950eff9b5b:0xc068ed179b6e3c99!8m2!3d51.5335141!4d9.9376129!16s%2Fg%2F11v3znlf2z?entry=ttu' class='url external'><span class='mc-icon' aria-hidden='true'><\/span>Karte<span class='screen-reader-text fn'> Stadtlabor G\u00f6ttingen, Wilhelmspl. 3, 37073 G\u00f6ttingen<\/span><\/a><\/div><\/div><\/div>\n\t\t<div class=\"sharing\">\t<p class='mc-details'><a aria-label='Weiterlesen: 16.03.2026, Ausstellung: Der NS-V\u00f6lkermord an den Roma in der besetzten Sowjetunion' href='https:\/\/rt-europaallee.de\/wordpress\/my-calendar\/?mc_id=30605'>Weiterlesen<\/a><\/p>\n<\/div><\/div><!--end .details--><\/article><article id='mc_calendar_20_30692-calendar-30692' class='mc-mc_calendar_30692 calendar-event mc_treffen-erfahrungsaustausch mc_brgerhaus-bovenden-rathauspl-3-37120-bovenden  past-event mc_primary_treffen-erfahrungsaustausch nonrecurring mc-3-stunden mc-start-14-00 ungrouped mc-event-4631 mc-events mc-event mc_rel_treffenerfahrungsaustausch'><header>\t<h3 class='event-title summary' id='mc_30692-title-my-calendar'><button type='button' id='modal-button-mc_calendar_20_30692-calendar-details-30692' data-modal-content-id='mc_calendar_20_30692-calendar-details-30692' data-modal-prefix-class='my-calendar' data-modal-close-text='Schlie\u00dfen' data-modal-title='10.04.2026, Inklusion bewegen: Netzwerktreffen f\u00fcr Fachkr\u00e4fte in Bovenden (Anmeldung!)' aria-controls='mc_calendar_20_30692-calendar-details-30692' class='calendar mc-modal button button-link url summary has-image'><svg style=\"fill:#000000\" focusable=\"false\" role=\"img\" aria-labelledby=\"cat_30692\" class=\"category-icon\" xmlns=\"http:\/\/www.w3.org\/2000\/svg\" viewBox=\"0 0 640 512\"><!-- Font Awesome Free 5.15.3 by @fontawesome - https:\/\/fontawesome.com License - https:\/\/fontawesome.com\/license\/free (Icons: CC BY 4.0, Fonts: SIL OFL 1.1, Code: MIT License) --><title id='cat_30692'>Kategorie: Treffen\/ Erfahrungsaustausch<\/title><path d=\"M434.7 64h-85.9c-8 0-15.7 3-21.6 8.4l-98.3 90c-.1.1-.2.3-.3.4-16.6 15.6-16.3 40.5-2.1 56 12.7 13.9 39.4 17.6 56.1 2.7.1-.1.3-.1.4-.2l79.9-73.2c6.5-5.9 16.7-5.5 22.6 1 6 6.5 5.5 16.6-1 22.6l-26.1 23.9L504 313.8c2.9 2.4 5.5 5 7.9 7.7V128l-54.6-54.6c-5.9-6-14.1-9.4-22.6-9.4zM544 128.2v223.9c0 17.7 14.3 32 32 32h64V128.2h-96zm48 223.9c-8.8 0-16-7.2-16-16s7.2-16 16-16 16 7.2 16 16-7.2 16-16 16zM0 384h64c17.7 0 32-14.3 32-32V128.2H0V384zm48-63.9c8.8 0 16 7.2 16 16s-7.2 16-16 16-16-7.2-16-16c0-8.9 7.2-16 16-16zm435.9 18.6L334.6 217.5l-30 27.5c-29.7 27.1-75.2 24.5-101.7-4.4-26.9-29.4-24.8-74.9 4.4-101.7L289.1 64h-83.8c-8.5 0-16.6 3.4-22.6 9.4L128 128v223.9h18.3l90.5 81.9c27.4 22.3 67.7 18.1 90-9.3l.2-.2 17.9 15.5c15.9 13 39.4 10.5 52.3-5.4l31.4-38.6 5.4 4.4c13.7 11.1 33.9 9.1 45-4.7l9.5-11.7c11.2-13.8 9.1-33.9-4.6-45.1z\"\/><\/svg> <div>10.04.2026, Inklusion bewegen: Netzwerktreffen f\u00fcr Fachkr\u00e4fte in Bovenden (Anmeldung!)<\/div><\/button><\/h3>\n<\/header><div id='mc_calendar_20_30692-calendar-details-30692' class='details no-image uses-modal single-details'  aria-labelledby='mc_30692-title-my-calendar'>\n\t<button type='button' aria-controls='mc_calendar_20_30692-calendar-details-30692' class='mc-toggle close'><span class='dashicons dashicons-dismiss' aria-hidden='true'><\/span><span class='screen-reader-text'>Close<\/span><\/button>\n\t\r\n\t<div class='time-block'>\r\n\t\t<span class='mc-icon' aria-hidden='true'><\/span>\r\n\t\t<p><span class=\"time-wrapper\"><span class='event-time dtstart'><time class='value-title' datetime='2026-04-20T14:00:00+02:00' title='2026-04-20T14:00:00+02:00'>14:00<\/time><\/span> <span class='time-separator'> &ndash; <\/span> <span class='end-time dtend'> <time class='value-title' datetime='2026-04-20T17:00:00+02:00' title='2026-04-20T17:00:00+02:00'>17:00<\/time><\/span><\/span><br \/><span class=\"date-wrapper\"><span class='mc-start-date dtstart' title='2026-04-20T14:00:00+02:00' content='2026-04-20T14:00:00+02:00'>20. April 2026<\/span>  <\/span><\/p>\r\n\t<\/div>\n\t\t<div class='longdesc description'><p>(Quelle: <a href=\"https:\/\/www.facebook.com\/inklusion.bewegen\/posts\/pfbid02FD5jMquTgrECRBsA6YtPRxn74tfojG3hvJtC74UNiQy37kBZAyGPsnsfwWkPqUXAl\">https:\/\/www.facebook.com\/inklusion.bewegen\/posts\/pfbid02FD5jMquTgrECRBsA6YtPRxn74tfojG3hvJtC74UNiQy37kBZAyGPsnsfwWkPqUXAl<\/a>)<\/p>\n<blockquote>\n<div class=\"html-div xdj266r x14z9mp xat24cr x1lziwak xexx8yu xyri2b x18d9i69 x1c1uobl\">\n<div class=\"html-div xdj266r x14z9mp x1lziwak x18d9i69 x1cy8zhl x78zum5 x1q0g3np xod5an3 xz9dl7a x1g0dm76 xpdmqnj\">\n<div class=\"html-div xdj266r x14z9mp xat24cr x1lziwak xexx8yu xyri2b x18d9i69 x1c1uobl x1iyjqo2 xeuugli\">\n<div class=\"x78zum5 xdt5ytf xz62fqu x16ldp7u\">\n<div class=\"xu06os2 x1ok221b\">\n<div class=\"html-div xdj266r x14z9mp xat24cr x1lziwak xexx8yu xyri2b x18d9i69 x1c1uobl\" data-ad-rendering-role=\"profile_name\">\n<h3 class=\"html-h3 x14z9mp xat24cr x1lziwak xexx8yu xyri2b x18d9i69 x1c1uobl x1vvkbs x1heor9g x1qlqyl8 x1pd3egz x1a2a7pz x1gslohp x1yc453h\"><span class=\"x193iq5w xeuugli x13faqbe x1vvkbs x1xmvt09 x6prxxf xvq8zen xo1l8bm xi81zsa\"><span class=\"x1lliihq x6ikm8r x10wlt62 x1n2onr6 xlyipyv xuxw1ft\"><b class=\"html-b xdj266r x14z9mp xat24cr x1lziwak xexx8yu xyri2b x18d9i69 x1c1uobl x1hl2dhg x16tdsg8 x1vvkbs x1s688f\"><span class=\"xt0psk2\"><span class=\"xjp7ctv\"><span class=\"html-span xdj266r x14z9mp xat24cr x1lziwak xexx8yu xyri2b x18d9i69 x1c1uobl x1hl2dhg x16tdsg8 x1vvkbs\"><a class=\"x1i10hfl xjbqb8w x1ejq31n x18oe1m7 x1sy0etr xstzfhl x972fbf x10w94by x1qhh985 x14e42zd x9f619 x1ypdohk xt0psk2 x3ct3a4 xdj266r x14z9mp xat24cr x1lziwak xexx8yu xyri2b x18d9i69 x1c1uobl x16tdsg8 x1hl2dhg xggy1nq x1a2a7pz xkrqix3 x1sur9pj xzsf02u x1s688f\" href=\"https:\/\/www.facebook.com\/inklusion.bewegen?__cft__[0]=AZZdzj5ihjLjd_Bc-ps5X9TWTfCrVWUcz_wLXFmpiSq31DH4TAMKeHBK64llNq8vcpY0wdKgYACQYsUT8kBxif1IXrhCcnbUK0uwJVfMELjkzF19Xz-qchw07RumAZKQlQXpmpYZSB9U43b8seFZgTLVP_Wpk2G0dI1CnGMj0xxtPw&amp;__tn__=-]C%2CP-R\">Inklusion bewegen<\/a><\/span><\/span><\/span><\/b> <b class=\"html-b xdj266r x14z9mp xat24cr x1lziwak xexx8yu xyri2b x18d9i69 x1c1uobl x1hl2dhg x16tdsg8 x1vvkbs x1s688f\"><img loading=\"lazy\" decoding=\"async\" class=\"xz74otr x15mokao x1ga7v0g x16uus16 xbiv7yw x1rg5ohu x1dg2w4v\" src=\"https:\/\/static.xx.fbcdn.net\/rsrc.php\/y_\/r\/-TFEEmLpdMI.webp\" alt=\"\" width=\"16\" height=\"16\" \/> <\/b>f\u00fchlt sich motiviert \u2013 hier: <b class=\"html-b xdj266r x14z9mp xat24cr x1lziwak xexx8yu xyri2b x18d9i69 x1c1uobl x1hl2dhg x16tdsg8 x1vvkbs x1s688f\"><span class=\"html-span xdj266r x14z9mp xat24cr x1lziwak xexx8yu xyri2b x18d9i69 x1c1uobl x1hl2dhg x16tdsg8 x1vvkbs\"><a class=\"x1i10hfl xjbqb8w x1ejq31n x18oe1m7 x1sy0etr xstzfhl x972fbf x10w94by x1qhh985 x14e42zd x9f619 x1ypdohk xt0psk2 x3ct3a4 xdj266r x14z9mp xat24cr x1lziwak xexx8yu xyri2b x18d9i69 x1c1uobl x16tdsg8 x1hl2dhg xggy1nq x1a2a7pz xkrqix3 x1sur9pj xzsf02u x1s688f\" href=\"https:\/\/www.facebook.com\/B%C3%BCrgerhaus-Bovenden-178645026182294\/?__cft__[0]=AZZdzj5ihjLjd_Bc-ps5X9TWTfCrVWUcz_wLXFmpiSq31DH4TAMKeHBK64llNq8vcpY0wdKgYACQYsUT8kBxif1IXrhCcnbUK0uwJVfMELjkzF19Xz-qchw07RumAZKQlQXpmpYZSB9U43b8seFZgTLVP_Wpk2G0dI1CnGMj0xxtPw&amp;__tn__=kC%2CP-R\"><span class=\"xt0psk2\"><span class=\"xjp7ctv\">B\u00fcrgerhaus Bovenden<\/span><\/span><\/a><\/span><\/b>.<\/span><\/span><\/h3>\n<\/div>\n<\/div>\n<\/div>\n<\/div>\n<\/div>\n<\/div>\n<div class=\"html-div xdj266r x14z9mp xat24cr x1lziwak xexx8yu xyri2b x18d9i69 x1c1uobl\">\n<div class=\"html-div xdj266r x14z9mp xat24cr x1lziwak xexx8yu xyri2b x18d9i69 x1c1uobl\" dir=\"auto\">\n<div class=\"html-div xdj266r x14z9mp xat24cr x1lziwak xexx8yu xyri2b x18d9i69 x1c1uobl\" data-ad-rendering-role=\"story_message\">\n<div class=\"x1l90r2v x1iorvi4 x1g0dm76 xpdmqnj\" data-ad-comet-preview=\"message\" data-ad-preview=\"message\">\n<div class=\"x78zum5 xdt5ytf xz62fqu x16ldp7u\">\n<div class=\"xu06os2 x1ok221b\">\n<div class=\"html-div xdj266r x14z9mp xat24cr x1lziwak xexx8yu xyri2b x18d9i69 x1c1uobl\">\n<div class=\"xdj266r x14z9mp xat24cr x1lziwak x1vvkbs x126k92a\">\n<div dir=\"auto\"><span class=\"html-span xexx8yu xyri2b x18d9i69 x1c1uobl x1hl2dhg x16tdsg8 x1vvkbs x3nfvp2 x1j61x8r x1fcty0u xdj266r xat24cr xm2jcoa x1mpyi22 xxymvpz xlup9mm x1kky2od\"><img loading=\"lazy\" decoding=\"async\" class=\"xz74otr x15mokao x1ga7v0g x16uus16 xbiv7yw\" src=\"https:\/\/static.xx.fbcdn.net\/images\/emoji.php\/v9\/t34\/1\/16\/23f0.png\" alt=\"\u23f0\" width=\"16\" height=\"16\" \/><\/span> Nicht vergessen: Jetzt anmelden!<\/div>\n<\/div>\n<div class=\"x14z9mp xat24cr x1lziwak x1vvkbs xtlvy1s x126k92a\">\n<div dir=\"auto\">Am 20. April 2026 ist unser Netzwerktreffen f\u00fcr Fachkr\u00e4fte in Bovenden.<\/div>\n<div dir=\"auto\">Gemeinsam planen wir die Inklusionskonferenz 2026.<\/div>\n<\/div>\n<div class=\"x14z9mp xat24cr x1lziwak x1vvkbs xtlvy1s x126k92a\">\n<div dir=\"auto\"><span class=\"html-span xexx8yu xyri2b x18d9i69 x1c1uobl x1hl2dhg x16tdsg8 x1vvkbs x3nfvp2 x1j61x8r x1fcty0u xdj266r xat24cr xm2jcoa x1mpyi22 xxymvpz xlup9mm x1kky2od\"><img loading=\"lazy\" decoding=\"async\" class=\"xz74otr x15mokao x1ga7v0g x16uus16 xbiv7yw\" src=\"https:\/\/static.xx.fbcdn.net\/images\/emoji.php\/v9\/t51\/1\/16\/1f449.png\" alt=\"\ud83d\udc49\" width=\"16\" height=\"16\" \/><\/span> Bring deine Ideen mit!<\/div>\n<div dir=\"auto\"><span class=\"html-span xexx8yu xyri2b x18d9i69 x1c1uobl x1hl2dhg x16tdsg8 x1vvkbs x3nfvp2 x1j61x8r x1fcty0u xdj266r xat24cr xm2jcoa x1mpyi22 xxymvpz xlup9mm x1kky2od\"><img loading=\"lazy\" decoding=\"async\" class=\"xz74otr x15mokao x1ga7v0g x16uus16 xbiv7yw\" src=\"https:\/\/static.xx.fbcdn.net\/images\/emoji.php\/v9\/t51\/1\/16\/1f449.png\" alt=\"\ud83d\udc49\" width=\"16\" height=\"16\" \/><\/span> Tausche dich mit anderen aus!<\/div>\n<\/div>\n<div class=\"x14z9mp xat24cr x1lziwak x1vvkbs xtlvy1s x126k92a\">\n<div dir=\"auto\"><span class=\"html-span xexx8yu xyri2b x18d9i69 x1c1uobl x1hl2dhg x16tdsg8 x1vvkbs x3nfvp2 x1j61x8r x1fcty0u xdj266r xat24cr xm2jcoa x1mpyi22 xxymvpz xlup9mm x1kky2od\"><img loading=\"lazy\" decoding=\"async\" class=\"xz74otr x15mokao x1ga7v0g x16uus16 xbiv7yw\" src=\"https:\/\/static.xx.fbcdn.net\/images\/emoji.php\/v9\/t2d\/1\/16\/1f4cd.png\" alt=\"\ud83d\udccd\" width=\"16\" height=\"16\" \/><\/span> B\u00fcrgerhaus Bovenden<\/div>\n<div dir=\"auto\"><span class=\"html-span xexx8yu xyri2b x18d9i69 x1c1uobl x1hl2dhg x16tdsg8 x1vvkbs x3nfvp2 x1j61x8r x1fcty0u xdj266r xat24cr xm2jcoa x1mpyi22 xxymvpz xlup9mm x1kky2od\"><img loading=\"lazy\" decoding=\"async\" class=\"xz74otr x15mokao x1ga7v0g x16uus16 xbiv7yw\" src=\"https:\/\/static.xx.fbcdn.net\/images\/emoji.php\/v9\/taa\/1\/16\/1f552.png\" alt=\"\ud83d\udd52\" width=\"16\" height=\"16\" \/><\/span> 14 bis 17 Uhr<\/div>\n<\/div>\n<div class=\"x14z9mp xat24cr x1lziwak x1vvkbs xtlvy1s x126k92a\">\n<div dir=\"auto\"><span class=\"html-span xexx8yu xyri2b x18d9i69 x1c1uobl x1hl2dhg x16tdsg8 x1vvkbs x3nfvp2 x1j61x8r x1fcty0u xdj266r xat24cr xm2jcoa x1mpyi22 xxymvpz xlup9mm x1kky2od\"><img loading=\"lazy\" decoding=\"async\" class=\"xz74otr x15mokao x1ga7v0g x16uus16 xbiv7yw\" src=\"https:\/\/static.xx.fbcdn.net\/images\/emoji.php\/v9\/t33\/1\/16\/2705.png\" alt=\"\u2705\" width=\"16\" height=\"16\" \/><\/span> Teilnahme ist kostenlos<\/div>\n<div dir=\"auto\"><span class=\"html-span xexx8yu xyri2b x18d9i69 x1c1uobl x1hl2dhg x16tdsg8 x1vvkbs x3nfvp2 x1j61x8r x1fcty0u xdj266r xat24cr xm2jcoa x1mpyi22 xxymvpz xlup9mm x1kky2od\"><img loading=\"lazy\" decoding=\"async\" class=\"xz74otr x15mokao x1ga7v0g x16uus16 xbiv7yw\" src=\"https:\/\/static.xx.fbcdn.net\/images\/emoji.php\/v9\/t50\/1\/16\/2757.png\" alt=\"\u2757\" width=\"16\" height=\"16\" \/><\/span> Anmeldung ist n\u00f6tig<\/div>\n<\/div>\n<div class=\"x14z9mp xat24cr x1lziwak x1vvkbs xtlvy1s x126k92a\">\n<div dir=\"auto\"><span class=\"html-span xexx8yu xyri2b x18d9i69 x1c1uobl x1hl2dhg x16tdsg8 x1vvkbs x3nfvp2 x1j61x8r x1fcty0u xdj266r xat24cr xm2jcoa x1mpyi22 xxymvpz xlup9mm x1kky2od\"><img loading=\"lazy\" decoding=\"async\" class=\"xz74otr x15mokao x1ga7v0g x16uus16 xbiv7yw\" src=\"https:\/\/static.xx.fbcdn.net\/images\/emoji.php\/v9\/t51\/1\/16\/1f449.png\" alt=\"\ud83d\udc49\" width=\"16\" height=\"16\" \/><\/span> Jetzt online anmelden:<\/div>\n<div dir=\"auto\"><span class=\"html-span xdj266r x14z9mp xat24cr x1lziwak xexx8yu xyri2b x18d9i69 x1c1uobl x1hl2dhg x16tdsg8 x1vvkbs\"><a class=\"x1i10hfl xjbqb8w x1ejq31n x18oe1m7 x1sy0etr xstzfhl x972fbf x10w94by x1qhh985 x14e42zd x9f619 x1ypdohk xt0psk2 x3ct3a4 xdj266r x14z9mp xat24cr x1lziwak xexx8yu xyri2b x18d9i69 x1c1uobl x16tdsg8 x1hl2dhg xggy1nq x1a2a7pz xkrqix3 x1sur9pj x1fey0fg x1s688f\" href=\"https:\/\/l.facebook.com\/l.php?u=https%3A%2F%2Fumfragen.landkreisgoettingen.de%2Findex.php%3Fr%3Dsurvey%252Findex%26sid%3D761571%26lang%3Dde%26fbclid%3DIwZXh0bgNhZW0CMTAAc3J0YwZhcHBfaWQQMjIyMDM5MTc4ODIwMDg5MgABHrDaXE-nqLSYCwMPKUfCxdtQ2Ce0M46FXwZtpJDPHbm1lOO7-GsCj8Ru_Ze5_aem_VupC8woy9zkVop-beviDHQ&amp;h=AT5mvd2czigk5cWjV0aEtUeyane8Ber4yKFoMkVUMyjbD2ElULw2nrTzWX0xd1AQSTCvMVN77lkGNplBIPyMUZmegEh7ZPZ_oWQc5WcDjx8gkpZ6EpkJFiqFnqJJqc880J2JeUu9-OaF13TsWNcpAQ7rduh0s5P7og&amp;__tn__=-UK-R&amp;c[0]=AT6VZxfCdCWIXjkDihXlxqMS5D37jdyN3SFmEMpQYdXgPyRZoittkN5MxqR22hMIxE-7Ebqkew6M-TxyZ73b6Ig67R4UIYYotkan4ktPdskdD_O82G_dKvN0geyzDVX-Qigt-FtzJgRFzgSggvC5XRgC3WzKi57q76oI5rPIG4vSif--qBDLaOUKgEIBb0RKKbI\" target=\"_blank\">https:\/\/umfragen.landkreisgoettingen.de\/index.php?r=survey\/index&amp;sid=761571&amp;lang=de<\/a><\/span><\/div>\n<\/div>\n<div class=\"x14z9mp xat24cr x1lziwak x1vvkbs xtlvy1s x126k92a\">\n<div dir=\"auto\"><span class=\"html-span xdj266r x14z9mp xat24cr x1lziwak xexx8yu xyri2b x18d9i69 x1c1uobl x1hl2dhg x16tdsg8 x1vvkbs\"><a class=\"x1i10hfl xjbqb8w x1ejq31n x18oe1m7 x1sy0etr xstzfhl x972fbf x10w94by x1qhh985 x14e42zd x9f619 x1ypdohk xt0psk2 x3ct3a4 xdj266r x14z9mp xat24cr x1lziwak xexx8yu xyri2b x18d9i69 x1c1uobl x16tdsg8 x1hl2dhg xggy1nq x1a2a7pz xkrqix3 x1sur9pj x1fey0fg x1s688f\" href=\"https:\/\/www.facebook.com\/hashtag\/inklusionbewegen?__eep__=6&amp;__cft__[0]=AZZdzj5ihjLjd_Bc-ps5X9TWTfCrVWUcz_wLXFmpiSq31DH4TAMKeHBK64llNq8vcpY0wdKgYACQYsUT8kBxif1IXrhCcnbUK0uwJVfMELjkzF19Xz-qchw07RumAZKQlQXpmpYZSB9U43b8seFZgTLVP_Wpk2G0dI1CnGMj0xxtPw&amp;__tn__=*NK-R\">#InklusionBewegen<\/a><\/span> <span class=\"html-span xdj266r x14z9mp xat24cr x1lziwak xexx8yu xyri2b x18d9i69 x1c1uobl x1hl2dhg x16tdsg8 x1vvkbs\"><a class=\"x1i10hfl xjbqb8w x1ejq31n x18oe1m7 x1sy0etr xstzfhl x972fbf x10w94by x1qhh985 x14e42zd x9f619 x1ypdohk xt0psk2 x3ct3a4 xdj266r x14z9mp xat24cr x1lziwak xexx8yu xyri2b x18d9i69 x1c1uobl x16tdsg8 x1hl2dhg xggy1nq x1a2a7pz xkrqix3 x1sur9pj x1fey0fg x1s688f\" href=\"https:\/\/www.facebook.com\/hashtag\/netzwerk?__eep__=6&amp;__cft__[0]=AZZdzj5ihjLjd_Bc-ps5X9TWTfCrVWUcz_wLXFmpiSq31DH4TAMKeHBK64llNq8vcpY0wdKgYACQYsUT8kBxif1IXrhCcnbUK0uwJVfMELjkzF19Xz-qchw07RumAZKQlQXpmpYZSB9U43b8seFZgTLVP_Wpk2G0dI1CnGMj0xxtPw&amp;__tn__=*NK-R\">#Netzwerk<\/a><\/span> <span class=\"html-span xdj266r x14z9mp xat24cr x1lziwak xexx8yu xyri2b x18d9i69 x1c1uobl x1hl2dhg x16tdsg8 x1vvkbs\"><a class=\"x1i10hfl xjbqb8w x1ejq31n x18oe1m7 x1sy0etr xstzfhl x972fbf x10w94by x1qhh985 x14e42zd x9f619 x1ypdohk xt0psk2 x3ct3a4 xdj266r x14z9mp xat24cr x1lziwak xexx8yu xyri2b x18d9i69 x1c1uobl x16tdsg8 x1hl2dhg xggy1nq x1a2a7pz xkrqix3 x1sur9pj x1fey0fg x1s688f\" href=\"https:\/\/www.facebook.com\/hashtag\/teilhabe?__eep__=6&amp;__cft__[0]=AZZdzj5ihjLjd_Bc-ps5X9TWTfCrVWUcz_wLXFmpiSq31DH4TAMKeHBK64llNq8vcpY0wdKgYACQYsUT8kBxif1IXrhCcnbUK0uwJVfMELjkzF19Xz-qchw07RumAZKQlQXpmpYZSB9U43b8seFZgTLVP_Wpk2G0dI1CnGMj0xxtPw&amp;__tn__=*NK-R\">#Teilhabe<\/a><\/span> <span class=\"html-span xdj266r x14z9mp xat24cr x1lziwak xexx8yu xyri2b x18d9i69 x1c1uobl x1hl2dhg x16tdsg8 x1vvkbs\"><a class=\"x1i10hfl xjbqb8w x1ejq31n x18oe1m7 x1sy0etr xstzfhl x972fbf x10w94by x1qhh985 x14e42zd x9f619 x1ypdohk xt0psk2 x3ct3a4 xdj266r x14z9mp xat24cr x1lziwak xexx8yu xyri2b x18d9i69 x1c1uobl x16tdsg8 x1hl2dhg xggy1nq x1a2a7pz xkrqix3 x1sur9pj x1fey0fg x1s688f\" href=\"https:\/\/www.facebook.com\/hashtag\/landkreisg%C3%B6ttingen?__eep__=6&amp;__cft__[0]=AZZdzj5ihjLjd_Bc-ps5X9TWTfCrVWUcz_wLXFmpiSq31DH4TAMKeHBK64llNq8vcpY0wdKgYACQYsUT8kBxif1IXrhCcnbUK0uwJVfMELjkzF19Xz-qchw07RumAZKQlQXpmpYZSB9U43b8seFZgTLVP_Wpk2G0dI1CnGMj0xxtPw&amp;__tn__=*NK-R\">#LandkreisG\u00f6ttingen<\/a><\/span><\/div>\n<div dir=\"auto\"><\/div>\n<div dir=\"auto\"><img decoding=\"async\" class=\"x15mokao x1ga7v0g x16uus16 xbiv7yw x1bwycvy x193iq5w x4fas0m x19kjcj4\" src=\"https:\/\/scontent-ham3-1.xx.fbcdn.net\/v\/t39.30808-6\/666381993_122138333247015629_45222375739341262_n.jpg?_nc_cat=101&amp;ccb=1-7&amp;_nc_sid=13d280&amp;_nc_ohc=gHJhJU0N7ygQ7kNvwFX_B9c&amp;_nc_oc=AdrPLN72_chhxt5wZOTfeUhEI18CO9LTazrI2vY5w_PNirHzMgUnpWLTdZKQ4MT57xn-NNAvVy4Na8v-A42dkYtc&amp;_nc_zt=23&amp;_nc_ht=scontent-ham3-1.xx&amp;_nc_gid=MQEu4gLdjCr-kNB8H4oAIA&amp;_nc_ss=7a3a8&amp;oh=00_Af03MQMXPP8YkVaXxIjApHprZ5W7fJEthPC0qEyg7a817Q&amp;oe=69DEDED4\" alt=\"Ist m\u00f6glicherweise ein Bild von Text \u201eEinladung zum Jetzt Netzwerktreffen anmelden! Inklus nklusionskonferenz 2026 noch zur Vorbereitung der f\u00fcrF achkr\u00e4fte aus Einrichtungen, Verwaltungen, Beratungsstellen, Organisationen Montag, 20. April 2026 14 bis 17 Uhr Ankommen ab 13.30 Uhr B\u00fcrgerhaus Bovenden Rathausplatz 3 37120 Bovenden barrierefreier Veranstaltungsort weitere Infos und Anmeldung www www.inklusion-bewegen.de Inklusion Bewegen Mit und fl f\u00fcr Menschen mit Beeintr\u00e4chtigung- eeintr\u00e4o GOTTINGEN ANDERID \u1793\u17b6\u1796\u179b\u1793\u1793\u17c1 BU\u1ed8I ataweband\u201c\" data-visualcompletion=\"media-vc-image\" \/><\/div>\n<div dir=\"auto\">( <a href=\"https:\/\/www.facebook.com\/photo\/?fbid=122138333241015629&amp;set=a.122110743417015629\">https:\/\/www.facebook.com\/photo\/?fbid=122138333241015629&amp;set=a.122110743417015629<\/a>)<\/div>\n<\/div>\n<\/div>\n<\/div>\n<\/div>\n<\/div>\n<\/div>\n<\/div>\n<div class=\"html-div xdj266r x14z9mp xat24cr x1lziwak xexx8yu xyri2b x18d9i69 x1c1uobl x1n2onr6\">\n<div class=\"html-div xdj266r x14z9mp xat24cr x1lziwak xexx8yu xyri2b x18d9i69 x1c1uobl x1n2onr6\"><\/div>\n<\/div>\n<\/div>\n<\/blockquote>\n<\/div>\n\t\t<div class=\"mc-location\"><div class=\"address location vcard\"><div class='map'><a href='https:\/\/www.google.com\/maps\/place\/B%C3%BCrgerhaus\/@51.5860463,9.9281428,17z\/data=!3m1!4b1!4m6!3m5!1s0x47a4d54c91b45c29:0x7673e7378e96ae6f!8m2!3d51.5860463!4d9.9307177!16s%2Fg%2F11b7q8hzdp?entry=ttu&amp;g_ep=EgoyMDI0MTAyOS4wIKXMDSoASAFQAw%3D%3D' class='url external'><span class='mc-icon' aria-hidden='true'><\/span>Karte<span class='screen-reader-text fn'> B\u00fcrgerhaus Bovenden, Rathauspl. 3, 37120 Bovenden<\/span><\/a><\/div><\/div><\/div>\n\t\t<div class=\"sharing\">\t<p class='mc-details'><a aria-label='Weiterlesen: 10.04.2026, Inklusion bewegen: Netzwerktreffen f\u00fcr Fachkr\u00e4fte in Bovenden (Anmeldung!)' href='https:\/\/rt-europaallee.de\/wordpress\/my-calendar\/?mc_id=30692'>Weiterlesen<\/a><\/p>\n<\/div><\/div><!--end .details--><\/article>\n<\/td>\n<td id='calendar-2026-04-21' class='mc-events dienstag di past-day past-date   has-events author3 mcat_general mcat_treffen-erfahrungsaustausch mcat_advents--weihnachtsmarkt day-with-date'><div class='mc-date-container'>\n\t<span class='mc-date'><span aria-hidden='true' class='mc-day-number'>21<\/span><span class='screen-reader-text mc-day-date'>21. April 2026<\/span><span class=\"event-icon\" aria-hidden=\"true\">&#9679;&#9679;<\/span><span class=\"screen-reader-text\"><span class=\"mc-list-details event-count\">(3 Veranstaltungen)<\/span><\/span><\/span><\/div><article id='mc_calendar_21_30605-calendar-30605' class='mc-mc_calendar_30605 calendar-event mc_general mc_stadtlabor-gttingen-wilhelmspl-3-37073-gttingen  on-now mc_primary_general nonrecurring mc-3-wochen mc-start-00-00 ungrouped mc-event-4583 mc-events multidate mc-event mc_rel_general'><header>\t<h3 class='event-title summary' id='mc_30605-title-my-calendar'><button type='button' id='modal-button-mc_calendar_21_30605-calendar-details-30605' data-modal-content-id='mc_calendar_21_30605-calendar-details-30605' data-modal-prefix-class='my-calendar' data-modal-close-text='Schlie\u00dfen' data-modal-title='16.03.2026, Ausstellung: Der NS-V\u00f6lkermord an den Roma in der besetzten Sowjetunion' aria-controls='mc_calendar_21_30605-calendar-details-30605' class='calendar mc-modal button button-link url summary has-image'><svg style=\"fill:#000000\" focusable=\"false\" role=\"img\" aria-labelledby=\"cat_30605\" class=\"category-icon\" xmlns=\"http:\/\/www.w3.org\/2000\/svg\" viewBox=\"0 0 448 512\"><!-- Font Awesome Free 5.15.3 by @fontawesome - https:\/\/fontawesome.com License - https:\/\/fontawesome.com\/license\/free (Icons: CC BY 4.0, Fonts: SIL OFL 1.1, Code: MIT License) --><title id='cat_30605'>Kategorie: General<\/title><path d=\"M12 192h424c6.6 0 12 5.4 12 12v260c0 26.5-21.5 48-48 48H48c-26.5 0-48-21.5-48-48V204c0-6.6 5.4-12 12-12zm436-44v-36c0-26.5-21.5-48-48-48h-48V12c0-6.6-5.4-12-12-12h-40c-6.6 0-12 5.4-12 12v52H160V12c0-6.6-5.4-12-12-12h-40c-6.6 0-12 5.4-12 12v52H48C21.5 64 0 85.5 0 112v36c0 6.6 5.4 12 12 12h424c6.6 0 12-5.4 12-12z\"\/><\/svg> <div>16.03.2026, Ausstellung: Der NS-V\u00f6lkermord an den Roma in der besetzten Sowjetunion<\/div><\/button><\/h3>\n<\/header><div id='mc_calendar_21_30605-calendar-details-30605' class='details no-image uses-modal single-details'  aria-labelledby='mc_30605-title-my-calendar'>\n\t<button type='button' aria-controls='mc_calendar_21_30605-calendar-details-30605' class='mc-toggle close'><span class='dashicons dashicons-dismiss' aria-hidden='true'><\/span><span class='screen-reader-text'>Close<\/span><\/button>\n\t\r\n\t<div class='time-block'>\r\n\t\t<span class='mc-icon' aria-hidden='true'><\/span>\r\n\t\t<p><span class=\"time-wrapper\"> <span class='event-time'><abbr title='Nicht zutreffend'>n.\u00a0a.<\/abbr><\/span>  <\/span><br \/><span class=\"date-wrapper\"><span class='mc-start-date dtstart' title='2026-04-10T00:00:00+02:00' content='2026-04-10T00:00:00+02:00'>10. April 2026<\/span> <span class='date-separator'> &ndash; <\/span> <span class=\"event-time dtend\">30. April 2026<\/span><\/span><\/p>\r\n\t<\/div>\n\t\t<div class='longdesc description'><p>Siehe:\u00a0<a href=\"https:\/\/rt-europaallee.de\/wordpress\/2026\/03\/stadt-goettingen-internationale-wochen-gegen-rassismus-veranstaltungen-in-der-stadt-goettingen\/\">https:\/\/rt-europaallee.de\/wordpress\/2026\/03\/stadt-goettingen-internationale-wochen-gegen-rassismus-veranstaltungen-in-der-stadt-goettingen\/<\/a><\/p>\n<p><img decoding=\"async\" class=\"emoji\" role=\"img\" src=\"https:\/\/s.w.org\/images\/core\/emoji\/17.0.2\/svg\/27a1.svg\" alt=\"\u27a1\ufe0f\" \/><\/p>\n<blockquote><p>(Quelle:\u00a0<a href=\"https:\/\/www.goettingen.de\/portal\/meldungen\/internationale-wochen-gegen-rassismus-veranstaltungen-in-der-stadt-goettingen-900004830-25480.html?utm_source=copilot.com\">https:\/\/www.goettingen.de\/portal\/meldungen\/internationale-wochen-gegen-rassismus-veranstaltungen-in-der-stadt-goettingen-900004830-25480.html?utm_source=copilot.com<\/a>)<\/p>\n<blockquote>\n<div class=\"fusstext fusstext_oben\">\n<p><span class=\"create\">06.03.2026<\/span><span class=\"modified\">\u00a0| ge\u00e4ndert am 12.03.2026<\/span><\/p>\n<div><\/div>\n<\/div>\n<h3 class=\"kontrast-bild\">Internationale Wochen gegen Rassismus \u2013 Veranstaltungen in der Stadt G\u00f6ttingen<\/h3>\n<div id=\"nolis_content_site\" class=\"nolis_content_site\">\n<p class=\"anreisser_detail\"><strong>Zum 31. Mal finden die bundesweiten Internationalen Wochen gegen Rassismus von Montag bis Sonntag, 16. bis 29. M\u00e4rz 2026, statt. Das diesj\u00e4hrige Motto lautet \u201e100 Prozent Menschenw\u00fcrde. Zusammen gegen Rassismus und Rechtsextremismus\u201c. Der diesj\u00e4hrige Botschafter der Aktionswochen ist Prof. Dr. Matthias Quent. Hier gibt es einen \u00dcberblick \u00fcber die Veranstaltungen in der Stadt G\u00f6ttingen.<\/strong><\/p>\n<h3>...<\/h3>\n<p>Freitag, 10. April bis Donnerstag, 30. April 2026<br \/>\n<strong>Der NS-V\u00f6lkermord an den Roma in der besetzten Sowjetunion<\/strong><br \/>\n<strong>Ausstellung im Stadtlabor<\/strong><\/p>\n<p>Ort: Stadtlabor, Wilhelmsplatz 3, 37073 G\u00f6ttingen<br \/>\nVeranstalter*in: Roma Center e. V.<br \/>\nEintritt: frei<br \/>\nAnmeldung: nicht erforderlich.\u00a0<a class=\"link_katalog nolis-link-extern\" href=\"https:\/\/roma-center.de\/\" target=\"_blank\">Die \u00d6ffnungszeiten der Ausstellung sind hier aufgef\u00fchrt<\/a>.<\/p>\n<p>Am Freitag, 10. April 2026 um 18.00 Uhr er\u00f6ffnen Roma Center und Bildungswerk f\u00fcr Erinnerungsarbeit und Frieden die Ausstellung \u201eGenozid an Roma auf dem Gebiet der besetzten Sowjetunion 1941\u20131944\u201c im Stadtlabor. Grundlage sind 200 Interviews mit \u00dcberlebenden und ihren Kindern aus der Ukraine, Belarus, Russland, Rum\u00e4nien und Moldau. Sie erz\u00e4hlen von Verfolgung und Widerstand der Roma nach dem \u00dcberfall auf die Sowjetunion.<\/p>\n<h3>...<\/h3>\n<\/div>\n<\/blockquote>\n<\/blockquote>\n<blockquote>\n<h3><\/h3>\n<\/blockquote>\n<\/div>\n\t\t<div class=\"mc-location\"><div class=\"address location vcard\"><div class='map'><a href='https:\/\/www.google.com\/maps\/place\/Stadtlabor+G%C3%B6ttingen\/@51.5334069,9.9374107,20.79z\/data=!3m1!5s0x47a4d495880e01c3:0x2da49c3266d39a0d!4m15!1m8!3m7!1s0x47a4d49588f818f7:0x3eeeb28ecd9fdbb0!2sWilhelmspl.+3,+37073+G%C3%B6ttingen!3b1!8m2!3d51.5334334!4d9.9374974!16s%2Fg%2F11cscfk8zz!3m5!1s0x47a4d5950eff9b5b:0xc068ed179b6e3c99!8m2!3d51.5335141!4d9.9376129!16s%2Fg%2F11v3znlf2z?entry=ttu' class='url external'><span class='mc-icon' aria-hidden='true'><\/span>Karte<span class='screen-reader-text fn'> Stadtlabor G\u00f6ttingen, Wilhelmspl. 3, 37073 G\u00f6ttingen<\/span><\/a><\/div><\/div><\/div>\n\t\t<div class=\"sharing\">\t<p class='mc-details'><a aria-label='Weiterlesen: 16.03.2026, Ausstellung: Der NS-V\u00f6lkermord an den Roma in der besetzten Sowjetunion' href='https:\/\/rt-europaallee.de\/wordpress\/my-calendar\/?mc_id=30605'>Weiterlesen<\/a><\/p>\n<\/div><\/div><!--end .details--><\/article><article id='mc_calendar_21_30435-calendar-30435' class='mc-mc_calendar_30435 calendar-event mc_treffen-erfahrungsaustausch mc_nachbarschaftszentrum-holtenser-berg-londonstrae-11a-37079-gttingen  past-event mc_primary_treffen-erfahrungsaustausch recurring mc-3-stunden mc-start-16-00 ungrouped mc-event-4489 mc-events mc-event mc_rel_treffenerfahrungsaustausch'><header>\t<h3 class='event-title summary' id='mc_30435-title-my-calendar'><button type='button' id='modal-button-mc_calendar_21_30435-calendar-details-30435' data-modal-content-id='mc_calendar_21_30435-calendar-details-30435' data-modal-prefix-class='my-calendar' data-modal-close-text='Schlie\u00dfen' data-modal-title='16.01.2026, NBZ Holtenser Berg: Spieletreff' aria-controls='mc_calendar_21_30435-calendar-details-30435' class='calendar mc-modal button button-link url summary has-image'><svg style=\"fill:#000000\" focusable=\"false\" role=\"img\" aria-labelledby=\"cat_30435\" class=\"category-icon\" xmlns=\"http:\/\/www.w3.org\/2000\/svg\" viewBox=\"0 0 640 512\"><!-- Font Awesome Free 5.15.3 by @fontawesome - https:\/\/fontawesome.com License - https:\/\/fontawesome.com\/license\/free (Icons: CC BY 4.0, Fonts: SIL OFL 1.1, Code: MIT License) --><title id='cat_30435'>Kategorie: Treffen\/ Erfahrungsaustausch<\/title><path d=\"M434.7 64h-85.9c-8 0-15.7 3-21.6 8.4l-98.3 90c-.1.1-.2.3-.3.4-16.6 15.6-16.3 40.5-2.1 56 12.7 13.9 39.4 17.6 56.1 2.7.1-.1.3-.1.4-.2l79.9-73.2c6.5-5.9 16.7-5.5 22.6 1 6 6.5 5.5 16.6-1 22.6l-26.1 23.9L504 313.8c2.9 2.4 5.5 5 7.9 7.7V128l-54.6-54.6c-5.9-6-14.1-9.4-22.6-9.4zM544 128.2v223.9c0 17.7 14.3 32 32 32h64V128.2h-96zm48 223.9c-8.8 0-16-7.2-16-16s7.2-16 16-16 16 7.2 16 16-7.2 16-16 16zM0 384h64c17.7 0 32-14.3 32-32V128.2H0V384zm48-63.9c8.8 0 16 7.2 16 16s-7.2 16-16 16-16-7.2-16-16c0-8.9 7.2-16 16-16zm435.9 18.6L334.6 217.5l-30 27.5c-29.7 27.1-75.2 24.5-101.7-4.4-26.9-29.4-24.8-74.9 4.4-101.7L289.1 64h-83.8c-8.5 0-16.6 3.4-22.6 9.4L128 128v223.9h18.3l90.5 81.9c27.4 22.3 67.7 18.1 90-9.3l.2-.2 17.9 15.5c15.9 13 39.4 10.5 52.3-5.4l31.4-38.6 5.4 4.4c13.7 11.1 33.9 9.1 45-4.7l9.5-11.7c11.2-13.8 9.1-33.9-4.6-45.1z\"\/><\/svg> <div>16.01.2026, NBZ Holtenser Berg: Spieletreff<\/div><\/button><\/h3>\n<\/header><div id='mc_calendar_21_30435-calendar-details-30435' class='details no-image uses-modal single-details'  aria-labelledby='mc_30435-title-my-calendar'>\n\t<button type='button' aria-controls='mc_calendar_21_30435-calendar-details-30435' class='mc-toggle close'><span class='dashicons dashicons-dismiss' aria-hidden='true'><\/span><span class='screen-reader-text'>Close<\/span><\/button>\n\t\r\n\t<div class='time-block'>\r\n\t\t<span class='mc-icon' aria-hidden='true'><\/span>\r\n\t\t<p><span class=\"time-wrapper\"><span class='event-time dtstart'><time class='value-title' datetime='2026-04-21T16:00:00+02:00' title='2026-04-21T16:00:00+02:00'>16:00<\/time><\/span> <span class='time-separator'> &ndash; <\/span> <span class='end-time dtend'> <time class='value-title' datetime='2026-04-21T18:30:00+02:00' title='2026-04-21T18:30:00+02:00'>18:30<\/time><\/span><\/span><br \/><span class=\"date-wrapper\"><span class='mc-start-date dtstart' title='2026-04-21T16:00:00+02:00' content='2026-04-21T16:00:00+02:00'>21. April 2026<\/span>  <\/span><\/p>\r\n\t<\/div>\n\t\t<div class='longdesc description'><p>(Quelle: <a href=\"https:\/\/www.facebook.com\/events\/1206244801002861\/1206244821002859\/\">https:\/\/www.facebook.com\/events\/1206244801002861\/1206244821002859\/<\/a>)<\/p>\n<blockquote>\n<div class=\"html-div xjyslct xjbqb8w x972fbf x10w94by x1qhh985 x14e42zd x9f619 x1rg5ohu xdj266r x14z9mp xat24cr x1lziwak xexx8yu xyri2b x18d9i69 x1c1uobl x1n2onr6 x16tdsg8 xh8yej3\" role=\"listitem\">\n<div class=\"html-div xdj266r x14z9mp xat24cr x1lziwak xyri2b x1c1uobl x78zum5 xdt5ytf xwib8y2 x1y1aw1k\">\n<div class=\"x9f619 x1ja2u2z x78zum5 x2lah0s x1n2onr6 x1nhvcw1 x1cy8zhl xozqiw3 x1q0g3np xv54qhq xf7dkkf x18d9i69 xexx8yu x1ws5yxj xw01apr x4cne27 xifccgj\">\n<div class=\"x9f619 x1n2onr6 x1ja2u2z x78zum5 xdt5ytf x193iq5w xeuugli x1r8uery x1iyjqo2 xs83m0k xamitd3 x1icxu4v x25sj25 x10b6aqq x1yrsyyn\">\n<div class=\"x78zum5 xdt5ytf xz62fqu x16ldp7u\">\n<div class=\"xu06os2 x1ok221b\"><span class=\"x193iq5w xeuugli x13faqbe x1vvkbs x1xmvt09 x1lliihq x1s928wv xhkezso x1gmr53x x1cpjm7i x1fgarty x1943h6x xudqn12 x3x7a5m x6prxxf xvq8zen xo1l8bm xzsf02u x1yc453h\" dir=\"auto\">Veranstaltung von <b class=\"html-b xdj266r x14z9mp xat24cr x1lziwak xexx8yu xyri2b x18d9i69 x1c1uobl x1hl2dhg x16tdsg8 x1vvkbs x1s688f\"><a class=\"x1i10hfl xjbqb8w x1ejq31n x18oe1m7 x1sy0etr xstzfhl x972fbf x10w94by x1qhh985 x14e42zd x9f619 x1ypdohk xt0psk2 x3ct3a4 xdj266r x14z9mp xat24cr x1lziwak xexx8yu xyri2b x18d9i69 x1c1uobl x16tdsg8 x1hl2dhg xggy1nq x1a2a7pz xkrqix3 x1sur9pj xzsf02u x1s688f\" href=\"https:\/\/www.facebook.com\/NBZHoBerg\">Nachbarschaftszentrum Holtenser Berg<\/a><\/b><\/span><\/div>\n<\/div>\n<\/div>\n<\/div>\n<\/div>\n<\/div>\n<div class=\"html-div xjyslct xjbqb8w x972fbf x10w94by x1qhh985 x14e42zd x9f619 x1rg5ohu xdj266r x14z9mp xat24cr x1lziwak xexx8yu xyri2b x18d9i69 x1c1uobl x1n2onr6 x16tdsg8 xh8yej3\" role=\"listitem\">\n<div class=\"html-div xdj266r x14z9mp xat24cr x1lziwak xyri2b x1c1uobl x78zum5 xdt5ytf xwib8y2 x1y1aw1k\">\n<div class=\"x9f619 x1ja2u2z x78zum5 x2lah0s x1n2onr6 x1nhvcw1 x1cy8zhl xozqiw3 x1q0g3np xv54qhq xf7dkkf x18d9i69 xexx8yu x1ws5yxj xw01apr x4cne27 xifccgj\">\n<div class=\"x9f619 x1n2onr6 x1ja2u2z x78zum5 xdt5ytf x2lah0s x193iq5w xeuugli x1icxu4v x25sj25 x10b6aqq x1yrsyyn\"><\/div>\n<div class=\"x9f619 x1n2onr6 x1ja2u2z x78zum5 xdt5ytf x193iq5w xeuugli x1r8uery x1iyjqo2 xs83m0k xamitd3 x1icxu4v x25sj25 x10b6aqq x1yrsyyn\">\n<div class=\"x78zum5 xdt5ytf xz62fqu x16ldp7u\">\n<div class=\"xu06os2 x1ok221b\">\n<div class=\"x1i10hfl xjbqb8w x1ejq31n x18oe1m7 x1sy0etr xstzfhl x972fbf x10w94by x1qhh985 x14e42zd x9f619 x1ypdohk xt0psk2 x3ct3a4 xdj266r x14z9mp xat24cr x1lziwak xexx8yu xyri2b x18d9i69 x1c1uobl x16tdsg8 x1hl2dhg xggy1nq x1a2a7pz xkrqix3 x1sur9pj xzsf02u x1s688f\" role=\"button\">Londonstra\u00dfe 11a, 37079 G\u00f6ttingen, Germany<\/div>\n<\/div>\n<\/div>\n<\/div>\n<\/div>\n<\/div>\n<\/div>\n<div class=\"html-div xjyslct xjbqb8w x972fbf x10w94by x1qhh985 x14e42zd x9f619 x1rg5ohu xdj266r x14z9mp xat24cr x1lziwak xexx8yu xyri2b x18d9i69 x1c1uobl x1n2onr6 x16tdsg8 xh8yej3\" role=\"listitem\">\n<div class=\"html-div xdj266r x14z9mp xat24cr x1lziwak xyri2b x1c1uobl x78zum5 xdt5ytf xwib8y2 x1y1aw1k\">\n<div class=\"x9f619 x1ja2u2z x78zum5 x2lah0s x1n2onr6 x1nhvcw1 x1cy8zhl xozqiw3 x1q0g3np xv54qhq xf7dkkf x18d9i69 xexx8yu x1ws5yxj xw01apr x4cne27 xifccgj\">\n<div class=\"x9f619 x1n2onr6 x1ja2u2z x78zum5 xdt5ytf x2lah0s x193iq5w xeuugli x1icxu4v x25sj25 x10b6aqq x1yrsyyn\"><\/div>\n<div class=\"x9f619 x1n2onr6 x1ja2u2z x78zum5 xdt5ytf x193iq5w xeuugli x1r8uery x1iyjqo2 xs83m0k xamitd3 x1icxu4v x25sj25 x10b6aqq x1yrsyyn\">\n<div class=\"x78zum5 xdt5ytf xz62fqu x16ldp7u\">\n<div class=\"xu06os2 x1ok221b\"><span class=\"x193iq5w xeuugli x13faqbe x1vvkbs x1xmvt09 x1lliihq x1s928wv xhkezso x1gmr53x x1cpjm7i x1fgarty x1943h6x xudqn12 x3x7a5m x6prxxf xvq8zen xo1l8bm xzsf02u x1yc453h\" dir=\"auto\">Laufzeit: 2 Std. 30 Min.<\/span><\/div>\n<\/div>\n<\/div>\n<\/div>\n<\/div>\n<\/div>\n<div class=\"html-div xjyslct xjbqb8w x972fbf x10w94by x1qhh985 x14e42zd x9f619 x1rg5ohu xdj266r x14z9mp xat24cr x1lziwak xexx8yu xyri2b x18d9i69 x1c1uobl x1n2onr6 x16tdsg8 xh8yej3\" role=\"listitem\">\n<div class=\"html-div xdj266r x14z9mp xat24cr x1lziwak xyri2b x1c1uobl x78zum5 xdt5ytf xwib8y2 x1y1aw1k\">\n<div class=\"x9f619 x1ja2u2z x78zum5 x2lah0s x1n2onr6 x1nhvcw1 x1cy8zhl xozqiw3 x1q0g3np xv54qhq xf7dkkf x18d9i69 xexx8yu x1ws5yxj xw01apr x4cne27 xifccgj\">\n<div class=\"x9f619 x1n2onr6 x1ja2u2z x78zum5 xdt5ytf x2lah0s x193iq5w xeuugli x1icxu4v x25sj25 x10b6aqq x1yrsyyn\"><\/div>\n<div class=\"x9f619 x1n2onr6 x1ja2u2z x78zum5 xdt5ytf x193iq5w xeuugli x1r8uery x1iyjqo2 xs83m0k xamitd3 x1icxu4v x25sj25 x10b6aqq x1yrsyyn\">\n<div class=\"x78zum5 xdt5ytf xz62fqu x16ldp7u\">\n<div class=\"xu06os2 x1ok221b\"><span class=\"x193iq5w xeuugli x13faqbe x1vvkbs x1xmvt09 x1lliihq x1s928wv xhkezso x1gmr53x x1cpjm7i x1fgarty x1943h6x xudqn12 x3x7a5m x6prxxf xvq8zen xo1l8bm xzsf02u x1yc453h\" dir=\"auto\">\u00d6ffentlich<span class=\"xzpqnlu xjm9jq1 x6ikm8r x10wlt62 x10l6tqk x1i1rx1s\">\u00a0<\/span><span aria-hidden=\"true\"> \u00b7 <\/span>Jede Person auf und au\u00dferhalb von Facebook<\/span><\/div>\n<\/div>\n<\/div>\n<\/div>\n<\/div>\n<\/div>\n<div class=\"html-div xdj266r x14z9mp xat24cr x1lziwak xexx8yu x18d9i69 xv54qhq xf7dkkf\">\n<div class=\"x1ni5s2d\">\n<div class=\"xdj266r x14z9mp xat24cr x1lziwak x1vvkbs\">Brett und Kartenspiele, alte und neue Spiele.<\/div>\n<\/div>\n<\/div>\n<\/blockquote>\n<\/div>\n\t\t<div class=\"mc-location\"><div class=\"address location vcard\"><div class='map'><a href='https:\/\/maps.google.com\/maps?z=16&amp;daddr=Londonstra\u00dfe+11a++G\u00f6ttingen++37079+' class='url external'><span class='mc-icon' aria-hidden='true'><\/span>Karte<span class='screen-reader-text fn'> Nachbarschaftszentrum Holtenser Berg Londonstra\u00dfe 11a, 37079 G\u00f6ttingen<\/span><\/a><\/div><\/div><\/div>\n\t\t<div class=\"sharing\">\t<p class='mc-details'><a aria-label='Weiterlesen: 16.01.2026, NBZ Holtenser Berg: Spieletreff' href='https:\/\/rt-europaallee.de\/wordpress\/my-calendar\/?mc_id=30435'>Weiterlesen<\/a><\/p>\n<\/div><\/div><!--end .details--><\/article><article id='mc_calendar_21_30544-calendar-30544' class='mc-mc_calendar_30544 calendar-event mc_advents--weihnachtsmarkt mc_om10  past-event mc_primary_advents-weihnachtsmarkt recurring mc-1-stunde mc-start-17-00 ungrouped mc-event-4560 mc-events mc-event mc_rel_advents-weihnachtsmarkt'><header>\t<h3 class='event-title summary' id='mc_30544-title-my-calendar'><button type='button' id='modal-button-mc_calendar_21_30544-calendar-details-30544' data-modal-content-id='mc_calendar_21_30544-calendar-details-30544' data-modal-prefix-class='my-calendar' data-modal-close-text='Schlie\u00dfen' data-modal-title='04.03.2026, NBZ Holtenser Berg: tauschcaf\u00e9 (Bargeld) in OM10' aria-controls='mc_calendar_21_30544-calendar-details-30544' class='calendar mc-modal button button-link url summary has-image'><svg style=\"fill:#ffffff\" focusable=\"false\" role=\"img\" aria-labelledby=\"cat_30544\" class=\"category-icon\" xmlns=\"http:\/\/www.w3.org\/2000\/svg\" viewBox=\"0 0 576 512\"><!-- Font Awesome Free 5.15.3 by @fontawesome - https:\/\/fontawesome.com License - https:\/\/fontawesome.com\/license\/free (Icons: CC BY 4.0, Fonts: SIL OFL 1.1, Code: MIT License) --><title id='cat_30544'>Kategorie: Advents-, Weihnachtsmarkt<\/title><path d=\"M259.3 17.8L194 150.2 47.9 171.5c-26.2 3.8-36.7 36.1-17.7 54.6l105.7 103-25 145.5c-4.5 26.3 23.2 46 46.4 33.7L288 439.6l130.7 68.7c23.2 12.2 50.9-7.4 46.4-33.7l-25-145.5 105.7-103c19-18.5 8.5-50.8-17.7-54.6L382 150.2 316.7 17.8c-11.7-23.6-45.6-23.9-57.4 0z\"\/><\/svg> <div>04.03.2026, NBZ Holtenser Berg: tauschcaf\u00e9 (Bargeld) in OM10<\/div><\/button><\/h3>\n<\/header><div id='mc_calendar_21_30544-calendar-details-30544' class='details no-image uses-modal single-details'  aria-labelledby='mc_30544-title-my-calendar'>\n\t<button type='button' aria-controls='mc_calendar_21_30544-calendar-details-30544' class='mc-toggle close'><span class='dashicons dashicons-dismiss' aria-hidden='true'><\/span><span class='screen-reader-text'>Close<\/span><\/button>\n\t\r\n\t<div class='time-block'>\r\n\t\t<span class='mc-icon' aria-hidden='true'><\/span>\r\n\t\t<p><span class=\"time-wrapper\"><span class='event-time dtstart'><time class='value-title' datetime='2026-04-21T17:00:00+02:00' title='2026-04-21T17:00:00+02:00'>17:00<\/time><\/span> <span class='time-separator'> &ndash; <\/span> <span class='end-time dtend'> <time class='value-title' datetime='2026-04-21T18:00:00+02:00' title='2026-04-21T18:00:00+02:00'>18:00<\/time><\/span><\/span><br \/><span class=\"date-wrapper\"><span class='mc-start-date dtstart' title='2026-04-21T17:00:00+02:00' content='2026-04-21T17:00:00+02:00'>21. April 2026<\/span>  <\/span><\/p>\r\n\t<\/div>\n\t\t<div class='longdesc description'><p>(Quelle: <a href=\"https:\/\/www.facebook.com\/NBZHoBerg\/posts\/pfbid06iR4gJrM6vgoi2J3K5rLNCRYjDBuNJzMLSE9mJKnFLVWXNN5RUyNs7WoHcCv7aLyl\">https:\/\/www.facebook.com\/NBZHoBerg\/posts\/pfbid06iR4gJrM6vgoi2J3K5rLNCRYjDBuNJzMLSE9mJKnFLVWXNN5RUyNs7WoHcCv7aLyl<\/a>)<\/p>\n<blockquote>\n<div class=\"html-div xdj266r xat24cr x1lziwak xexx8yu xyri2b x18d9i69 x1c1uobl x78zum5 x2lah0s xqtp20y x1xegmmw\">\n<div class=\"x1vqgdyp x100vrsf\">\n<div class=\"\"><\/div>\n<\/div>\n<\/div>\n<div class=\"html-div xdj266r x14z9mp xat24cr x1lziwak xexx8yu xyri2b x18d9i69 x1c1uobl x1iyjqo2 xeuugli\">\n<div class=\"x78zum5 xdt5ytf xz62fqu x16ldp7u\">\n<div class=\"xu06os2 x1ok221b\">\n<div class=\"html-div xdj266r x14z9mp xat24cr x1lziwak xexx8yu xyri2b x18d9i69 x1c1uobl\" data-ad-rendering-role=\"profile_name\">\n<h3 class=\"html-h3 x14z9mp xat24cr x1lziwak xexx8yu xyri2b x18d9i69 x1c1uobl x1vvkbs x1heor9g x1qlqyl8 x1pd3egz x1a2a7pz x1gslohp x1yc453h\"><span class=\"x78zum5 x1q0g3np\"><span class=\"x1lliihq x6ikm8r x10wlt62 x1n2onr6 xlyipyv xuxw1ft\"><span class=\"xt0psk2\"><span class=\"xjp7ctv\"><a class=\"x1i10hfl xjbqb8w x1ejq31n x18oe1m7 x1sy0etr xstzfhl x972fbf x10w94by x1qhh985 x14e42zd x9f619 x1ypdohk xt0psk2 x3ct3a4 xdj266r x14z9mp xat24cr x1lziwak xexx8yu xyri2b x18d9i69 x1c1uobl x16tdsg8 x1hl2dhg xggy1nq x1a2a7pz xkrqix3 x1sur9pj xzsf02u x1s688f\" href=\"https:\/\/www.facebook.com\/NBZHoBerg?__cft__[0]=AZZZ15wGYld4HrLwYx4zOv8I6kq0ljKffGADyr4-gv-GFsxFwgWQXvlt_QfUo-ncRnN4PyvruA9MVzAkvRG7F-0bvBBPZszoF0OFAr3oT34Vmt__Od9XNHV7X76ep-I-xRVJ1whkc_M1O8txQyukw8evuMhrsjoGegVTeevxPnbqOg&amp;__tn__=-UC%2CP-R\"><b class=\"html-b xdj266r x14z9mp xat24cr x1lziwak xexx8yu xyri2b x18d9i69 x1c1uobl x1hl2dhg x16tdsg8 x1vvkbs x1s688f\"><span class=\"html-span xdj266r x14z9mp xat24cr x1lziwak xexx8yu xyri2b x18d9i69 x1c1uobl x1hl2dhg x16tdsg8 x1vvkbs\">Nachbarschaftszentrum Holtenser Berg<\/span><\/b><\/a><\/span><\/span><\/span><\/span><\/h3>\n<div class=\"x9f619 x1r8uery x1iyjqo2 x6ikm8r x10wlt62 x1n2onr6\">\n<div class=\"x78zum5 xdt5ytf\" data-virtualized=\"false\">\n<div class=\"x9f619 x1n2onr6 x1ja2u2z\">\n<div class=\"html-div xdj266r x14z9mp xat24cr x1lziwak xyri2b x18d9i69 x1c1uobl xqtp20y x1n2onr6 xh8yej3 x1jm3axb\">\n<div class=\"html-div x1qjc9v5 x1q0q8m5 x1qhh985 x18b5jzi x10w94by x1t7ytsu x14e42zd x13fuv20 x972fbf x1ey2m1c x9f619 x78zum5 xdt5ytf x1iyjqo2 xs83m0k xtijo5x x1o0tod x1qughib xat24cr x14z9mp x1lziwak xdj266r x2lwn1j xeuugli x18d9i69 xyri2b x1c1uobl xexx8yu x10l6tqk x13vifvy x1ja2u2z\">\n<div class=\"x1wa3icf x11dcrhx x12nagc x10l6tqk\">\n<div class=\"x2fvf9\"><\/div>\n<\/div>\n<\/div>\n<\/div>\n<\/div>\n<\/div>\n<\/div>\n<div class=\"x9f619 x1r8uery x1iyjqo2 x6ikm8r x10wlt62 x1n2onr6\">\n<div class=\"x78zum5 xdt5ytf\" data-virtualized=\"false\">\n<div class=\"x9f619 x1n2onr6 x1ja2u2z\">\n<div class=\"html-div xdj266r x14z9mp xat24cr x1lziwak xyri2b x18d9i69 x1c1uobl xqtp20y x1n2onr6 xh8yej3 x1jm3axb\">\n<div class=\"html-div x1qjc9v5 x1q0q8m5 x1qhh985 x18b5jzi x10w94by x1t7ytsu x14e42zd x13fuv20 x972fbf x1ey2m1c x9f619 x78zum5 xdt5ytf x1iyjqo2 xs83m0k xtijo5x x1o0tod x1qughib xat24cr x14z9mp x1lziwak xdj266r x2lwn1j xeuugli x18d9i69 xyri2b x1c1uobl xexx8yu x10l6tqk x13vifvy x1ja2u2z\">\n<p><a class=\"x1i10hfl xjbqb8w x1ejq31n x18oe1m7 x1sy0etr xstzfhl x972fbf x10w94by x1qhh985 x14e42zd x9f619 x1ypdohk x3ct3a4 xdj266r x14z9mp xat24cr x1lziwak xexx8yu xyri2b x18d9i69 x1c1uobl x16tdsg8 x1hl2dhg xggy1nq x1a2a7pz x1heor9g xkrqix3 x1sur9pj x1s688f x1lliihq x5yr21d x1n2onr6 xh8yej3\" href=\"https:\/\/www.facebook.com\/photo.php?fbid=1222948323359942&amp;set=pb.100069343576736.-2207520000&amp;type=3\"><img decoding=\"async\" class=\"xzg4506 x16mubyn xua58t2 x14uebl7 x1obq294 x5a5i1n xde0f50 x15x8krk x9f619 x5yr21d xl1xv1r xh8yej3\" src=\"https:\/\/scontent-ham3-1.xx.fbcdn.net\/v\/t39.30808-6\/645905570_1222948330026608_6074298258563813047_n.jpg?stp=c257.0.1240.1240a_dst-jpg_s206x206_tt6&amp;_nc_cat=109&amp;ccb=1-7&amp;_nc_sid=a934a8&amp;_nc_ohc=h07PCl_VC6kQ7kNvwF5cANz&amp;_nc_oc=Adl5q4hxatkuVrcsOTlI2n1rKxShx33qPj7tvsxmk19buaL701E80h2UASEkS2qnMuQaDtIWLmUC5R8YyXvPpAQg&amp;_nc_zt=23&amp;_nc_ht=scontent-ham3-1.xx&amp;_nc_gid=h_7YSpqNMOs_i1I8DSIR5w&amp;_nc_ss=8&amp;oh=00_AfwSBvWmFy-b8Y1SnLy6Y9xF14Rq3dFK36w87eMKpBXY1Q&amp;oe=69ADE71A\" alt=\"Ist m\u00f6glicherweise ein Bild von \u200eText \u201e\u200eKarta dravdan\u00ea ihem\u00fc \u015faredariy\u00ean kese kuli A\u015fa\u011f\u0131 z\u00eadetir yek\u00ea dest Veguhestin\u00ean dan\u00fastandinek\u00ea Kes\u00ean anlam\u0131na Banka havaleleri denetlenecek. adil de\u011fil, y\u00fczden takas ba\u015flat\u0131yoruz, deb\u00eete Kes\u00ean diyariye wisa tune Fikir pourra dikarin injuste, \u00e9galement kart\u0131 olanlar als\u0131n. Kart\u0131 Hediye meh\u00ea \u00e9vare systeme kartlar\u0131 nakit getirsin. nakit diyariye Sal\u0131 g\u00fcn\u00fc navni\u015f kirin H\u00e2n 17:00 principe? une d\u00e9bit supermarch\u00e9.L Cartes-cadeaux echang\u00e9es. 18:00 aras\u0131nda peuvent ensuite \u0627\u06a9\u0633\u0648\u0646\u06cc \u06cc\u0627\u0633\u0627\u06cc \u06cc\u062f\u067e\u0646\u06cc Bizi mardis \u067e\u0627\u0631\u0647\u062f\u0627\u0646 .\u062f\u0647\u0628\u06cc\u062a \u0686\u0627\u0648\u062f\u06cc\u0631\u06cc \u0647\u0641\u0631\u0648\u0647_\u0647\u0627 !\u062f\u0647\u0633\u062a \u0628\u0648\u064a\u0647 parmi \u0634\u06cc\u0648\u0647\u200c\u06cc \u064a\u0624\u0631\u0642 .\u062f\u0647_\u06af\u0631\u06cc\u062a \u0628\u06cc\u0631\u0624s\u0647s\u0647\u061f 6yAyT \u06a9\u0646\u0627\u062a\u06be\u0631\u06a9 Ley Asilo podr\u00e1n \u0628\u0647\u064a\u0651\u0646\u0647 \u0645\u0627\u0646\u06af noAapo4Hble KapTbl iniciamos .\u0647\u0627\u062a\u0648\u0648\u0647 \u0648\u06cc\u0646\u0645\u06a9\u0627\u0646 mecRua 17\uff1a00 debito \u0641\u0631\u0648\u0634\u06af\u0627\u06cc\u0627\u0646\u0647\u06cc G\u00f6ttingen G\u00f6ttingen 18:00. una que Obere\u200e\u201c\u200e\" \/><\/a><\/p>\n<div class=\"x1wa3icf x11dcrhx x12nagc x10l6tqk\">\n<div class=\"x2fvf9\"><\/div>\n<\/div>\n<\/div>\n<\/div>\n<\/div>\n<\/div>\n<\/div>\n<div class=\"x9f619 x1r8uery x1iyjqo2 x6ikm8r x10wlt62 x1n2onr6\">\n<div class=\"x78zum5 xdt5ytf\" data-virtualized=\"false\">\n<div class=\"x9f619 x1n2onr6 x1ja2u2z\">\n<div class=\"html-div xdj266r x14z9mp xat24cr x1lziwak xyri2b x18d9i69 x1c1uobl xqtp20y x1n2onr6 xh8yej3 x1jm3axb\">\n<div class=\"html-div x1qjc9v5 x1q0q8m5 x1qhh985 x18b5jzi x10w94by x1t7ytsu x14e42zd x13fuv20 x972fbf x1ey2m1c x9f619 x78zum5 xdt5ytf x1iyjqo2 xs83m0k xtijo5x x1o0tod x1qughib xat24cr x14z9mp x1lziwak xdj266r x2lwn1j xeuugli x18d9i69 xyri2b x1c1uobl xexx8yu x10l6tqk x13vifvy x1ja2u2z\"><a class=\"x1i10hfl xjbqb8w x1ejq31n x18oe1m7 x1sy0etr xstzfhl x972fbf x10w94by x1qhh985 x14e42zd x9f619 x1ypdohk x3ct3a4 xdj266r x14z9mp xat24cr x1lziwak xexx8yu xyri2b x18d9i69 x1c1uobl x16tdsg8 x1hl2dhg xggy1nq x1a2a7pz x1heor9g xkrqix3 x1sur9pj x1s688f x1lliihq x5yr21d x1n2onr6 xh8yej3\" href=\"https:\/\/www.facebook.com\/photo.php?fbid=1222948313359943&amp;set=pb.100069343576736.-2207520000&amp;type=3\"><img decoding=\"async\" class=\"xzg4506 x16mubyn xua58t2 x14uebl7 x1obq294 x5a5i1n xde0f50 x15x8krk x9f619 x5yr21d xl1xv1r xh8yej3\" src=\"https:\/\/scontent-ham3-1.xx.fbcdn.net\/v\/t39.30808-6\/645962940_1222948326693275_9220288748759603139_n.jpg?stp=c257.0.1240.1240a_dst-jpg_s206x206_tt6&amp;_nc_cat=109&amp;ccb=1-7&amp;_nc_sid=a934a8&amp;_nc_ohc=iwzJ1SpCR0gQ7kNvwGAdNZW&amp;_nc_oc=AdnUrzw1mGC-eYvfr2HaFifAtASRK174NCEkoVVVYcmJGyucnk8RTgkzAcraHr1NEF1mgU_x_Q7vVrdj35sZat0e&amp;_nc_zt=23&amp;_nc_ht=scontent-ham3-1.xx&amp;_nc_gid=h_7YSpqNMOs_i1I8DSIR5w&amp;_nc_ss=8&amp;oh=00_Afx20e9hmyY4eObQiZhlDSs-jOjsufd18cl8zZUkW-sVDA&amp;oe=69AE1796\" alt=\"Ist m\u00f6glicherweise ein Bild von Karte und Text\" \/><\/a><\/div>\n<\/div>\n<\/div>\n<\/div>\n<\/div>\n<\/div>\n<\/div>\n<\/div>\n<\/div>\n<\/blockquote>\n<h4>(Bitte Links der Bilder anklicken)<\/h4>\n<blockquote>\n<div class=\"html-div xdj266r x14z9mp xat24cr x1lziwak xexx8yu xyri2b x18d9i69 x1c1uobl x1iyjqo2 xeuugli\">\n<div class=\"x78zum5 xdt5ytf xz62fqu x16ldp7u\">\n<div class=\"xu06os2 x1ok221b\">\n<div class=\"html-div xdj266r x14z9mp xat24cr x1lziwak xexx8yu xyri2b x18d9i69 x1c1uobl\" data-ad-rendering-role=\"profile_name\">\n<p>&nbsp;<\/p>\n<\/div>\n<\/div>\n<\/div>\n<\/div>\n<\/blockquote>\n<\/div>\n\t\t<div class=\"mc-location\"><div class=\"address location vcard\"><div class='map'><a href='https:\/\/maps.google.com\/maps?z=16&amp;daddr=Obere-Masch-Stra\u00dfe+10++G\u00f6ttingen++37073+' class='url external'><span class='mc-icon' aria-hidden='true'><\/span>Karte<span class='screen-reader-text fn'> OM10<\/span><\/a><\/div><\/div><\/div>\n\t\t<div class=\"sharing\">\t<p class='mc-details'><a aria-label='Weiterlesen: 04.03.2026, NBZ Holtenser Berg: tauschcaf\u00e9 (Bargeld) in OM10' href='https:\/\/rt-europaallee.de\/wordpress\/my-calendar\/?mc_id=30544'>Weiterlesen<\/a><\/p>\n<\/div><\/div><!--end .details--><\/article>\n<\/td>\n<td id='calendar-2026-04-22' class='mc-events mittwoch mi past-day past-date   has-events author3 mcat_general day-with-date'><div class='mc-date-container'>\n\t<span class='mc-date'><span aria-hidden='true' class='mc-day-number'>22<\/span><span class='screen-reader-text mc-day-date'>22. April 2026<\/span><span class=\"event-icon\" aria-hidden=\"true\">&#9679;<\/span><span class=\"screen-reader-text\"><span class=\"mc-list-details event-count\">(1 Veranstaltung)<\/span><\/span><\/span><\/div><article id='mc_calendar_22_30605-calendar-30605' class='mc-mc_calendar_30605 calendar-event mc_general mc_stadtlabor-gttingen-wilhelmspl-3-37073-gttingen  on-now mc_primary_general nonrecurring mc-3-wochen mc-start-00-00 ungrouped mc-event-4583 mc-events multidate mc-event mc_rel_general'><header>\t<h3 class='event-title summary' id='mc_30605-title-my-calendar'><button type='button' id='modal-button-mc_calendar_22_30605-calendar-details-30605' data-modal-content-id='mc_calendar_22_30605-calendar-details-30605' data-modal-prefix-class='my-calendar' data-modal-close-text='Schlie\u00dfen' data-modal-title='16.03.2026, Ausstellung: Der NS-V\u00f6lkermord an den Roma in der besetzten Sowjetunion' aria-controls='mc_calendar_22_30605-calendar-details-30605' class='calendar mc-modal button button-link url summary has-image'><svg style=\"fill:#000000\" focusable=\"false\" role=\"img\" aria-labelledby=\"cat_30605\" class=\"category-icon\" xmlns=\"http:\/\/www.w3.org\/2000\/svg\" viewBox=\"0 0 448 512\"><!-- Font Awesome Free 5.15.3 by @fontawesome - https:\/\/fontawesome.com License - https:\/\/fontawesome.com\/license\/free (Icons: CC BY 4.0, Fonts: SIL OFL 1.1, Code: MIT License) --><title id='cat_30605'>Kategorie: General<\/title><path d=\"M12 192h424c6.6 0 12 5.4 12 12v260c0 26.5-21.5 48-48 48H48c-26.5 0-48-21.5-48-48V204c0-6.6 5.4-12 12-12zm436-44v-36c0-26.5-21.5-48-48-48h-48V12c0-6.6-5.4-12-12-12h-40c-6.6 0-12 5.4-12 12v52H160V12c0-6.6-5.4-12-12-12h-40c-6.6 0-12 5.4-12 12v52H48C21.5 64 0 85.5 0 112v36c0 6.6 5.4 12 12 12h424c6.6 0 12-5.4 12-12z\"\/><\/svg> <div>16.03.2026, Ausstellung: Der NS-V\u00f6lkermord an den Roma in der besetzten Sowjetunion<\/div><\/button><\/h3>\n<\/header><div id='mc_calendar_22_30605-calendar-details-30605' class='details no-image uses-modal single-details'  aria-labelledby='mc_30605-title-my-calendar'>\n\t<button type='button' aria-controls='mc_calendar_22_30605-calendar-details-30605' class='mc-toggle close'><span class='dashicons dashicons-dismiss' aria-hidden='true'><\/span><span class='screen-reader-text'>Close<\/span><\/button>\n\t\r\n\t<div class='time-block'>\r\n\t\t<span class='mc-icon' aria-hidden='true'><\/span>\r\n\t\t<p><span class=\"time-wrapper\"> <span class='event-time'><abbr title='Nicht zutreffend'>n.\u00a0a.<\/abbr><\/span>  <\/span><br \/><span class=\"date-wrapper\"><span class='mc-start-date dtstart' title='2026-04-10T00:00:00+02:00' content='2026-04-10T00:00:00+02:00'>10. April 2026<\/span> <span class='date-separator'> &ndash; <\/span> <span class=\"event-time dtend\">30. April 2026<\/span><\/span><\/p>\r\n\t<\/div>\n\t\t<div class='longdesc description'><p>Siehe:\u00a0<a href=\"https:\/\/rt-europaallee.de\/wordpress\/2026\/03\/stadt-goettingen-internationale-wochen-gegen-rassismus-veranstaltungen-in-der-stadt-goettingen\/\">https:\/\/rt-europaallee.de\/wordpress\/2026\/03\/stadt-goettingen-internationale-wochen-gegen-rassismus-veranstaltungen-in-der-stadt-goettingen\/<\/a><\/p>\n<p><img decoding=\"async\" class=\"emoji\" role=\"img\" src=\"https:\/\/s.w.org\/images\/core\/emoji\/17.0.2\/svg\/27a1.svg\" alt=\"\u27a1\ufe0f\" \/><\/p>\n<blockquote><p>(Quelle:\u00a0<a href=\"https:\/\/www.goettingen.de\/portal\/meldungen\/internationale-wochen-gegen-rassismus-veranstaltungen-in-der-stadt-goettingen-900004830-25480.html?utm_source=copilot.com\">https:\/\/www.goettingen.de\/portal\/meldungen\/internationale-wochen-gegen-rassismus-veranstaltungen-in-der-stadt-goettingen-900004830-25480.html?utm_source=copilot.com<\/a>)<\/p>\n<blockquote>\n<div class=\"fusstext fusstext_oben\">\n<p><span class=\"create\">06.03.2026<\/span><span class=\"modified\">\u00a0| ge\u00e4ndert am 12.03.2026<\/span><\/p>\n<div><\/div>\n<\/div>\n<h3 class=\"kontrast-bild\">Internationale Wochen gegen Rassismus \u2013 Veranstaltungen in der Stadt G\u00f6ttingen<\/h3>\n<div id=\"nolis_content_site\" class=\"nolis_content_site\">\n<p class=\"anreisser_detail\"><strong>Zum 31. Mal finden die bundesweiten Internationalen Wochen gegen Rassismus von Montag bis Sonntag, 16. bis 29. M\u00e4rz 2026, statt. Das diesj\u00e4hrige Motto lautet \u201e100 Prozent Menschenw\u00fcrde. Zusammen gegen Rassismus und Rechtsextremismus\u201c. Der diesj\u00e4hrige Botschafter der Aktionswochen ist Prof. Dr. Matthias Quent. Hier gibt es einen \u00dcberblick \u00fcber die Veranstaltungen in der Stadt G\u00f6ttingen.<\/strong><\/p>\n<h3>...<\/h3>\n<p>Freitag, 10. April bis Donnerstag, 30. April 2026<br \/>\n<strong>Der NS-V\u00f6lkermord an den Roma in der besetzten Sowjetunion<\/strong><br \/>\n<strong>Ausstellung im Stadtlabor<\/strong><\/p>\n<p>Ort: Stadtlabor, Wilhelmsplatz 3, 37073 G\u00f6ttingen<br \/>\nVeranstalter*in: Roma Center e. V.<br \/>\nEintritt: frei<br \/>\nAnmeldung: nicht erforderlich.\u00a0<a class=\"link_katalog nolis-link-extern\" href=\"https:\/\/roma-center.de\/\" target=\"_blank\">Die \u00d6ffnungszeiten der Ausstellung sind hier aufgef\u00fchrt<\/a>.<\/p>\n<p>Am Freitag, 10. April 2026 um 18.00 Uhr er\u00f6ffnen Roma Center und Bildungswerk f\u00fcr Erinnerungsarbeit und Frieden die Ausstellung \u201eGenozid an Roma auf dem Gebiet der besetzten Sowjetunion 1941\u20131944\u201c im Stadtlabor. Grundlage sind 200 Interviews mit \u00dcberlebenden und ihren Kindern aus der Ukraine, Belarus, Russland, Rum\u00e4nien und Moldau. Sie erz\u00e4hlen von Verfolgung und Widerstand der Roma nach dem \u00dcberfall auf die Sowjetunion.<\/p>\n<h3>...<\/h3>\n<\/div>\n<\/blockquote>\n<\/blockquote>\n<blockquote>\n<h3><\/h3>\n<\/blockquote>\n<\/div>\n\t\t<div class=\"mc-location\"><div class=\"address location vcard\"><div class='map'><a href='https:\/\/www.google.com\/maps\/place\/Stadtlabor+G%C3%B6ttingen\/@51.5334069,9.9374107,20.79z\/data=!3m1!5s0x47a4d495880e01c3:0x2da49c3266d39a0d!4m15!1m8!3m7!1s0x47a4d49588f818f7:0x3eeeb28ecd9fdbb0!2sWilhelmspl.+3,+37073+G%C3%B6ttingen!3b1!8m2!3d51.5334334!4d9.9374974!16s%2Fg%2F11cscfk8zz!3m5!1s0x47a4d5950eff9b5b:0xc068ed179b6e3c99!8m2!3d51.5335141!4d9.9376129!16s%2Fg%2F11v3znlf2z?entry=ttu' class='url external'><span class='mc-icon' aria-hidden='true'><\/span>Karte<span class='screen-reader-text fn'> Stadtlabor G\u00f6ttingen, Wilhelmspl. 3, 37073 G\u00f6ttingen<\/span><\/a><\/div><\/div><\/div>\n\t\t<div class=\"sharing\">\t<p class='mc-details'><a aria-label='Weiterlesen: 16.03.2026, Ausstellung: Der NS-V\u00f6lkermord an den Roma in der besetzten Sowjetunion' href='https:\/\/rt-europaallee.de\/wordpress\/my-calendar\/?mc_id=30605'>Weiterlesen<\/a><\/p>\n<\/div><\/div><!--end .details--><\/article>\n<\/td>\n<td id='calendar-2026-04-23' class='mc-events donnerstag do past-day past-date   has-events author3 mcat_general day-with-date'><div class='mc-date-container'>\n\t<span class='mc-date'><span aria-hidden='true' class='mc-day-number'>23<\/span><span class='screen-reader-text mc-day-date'>23. April 2026<\/span><span class=\"event-icon\" aria-hidden=\"true\">&#9679;<\/span><span class=\"screen-reader-text\"><span class=\"mc-list-details event-count\">(1 Veranstaltung)<\/span><\/span><\/span><\/div><article id='mc_calendar_23_30605-calendar-30605' class='mc-mc_calendar_30605 calendar-event mc_general mc_stadtlabor-gttingen-wilhelmspl-3-37073-gttingen  on-now mc_primary_general nonrecurring mc-3-wochen mc-start-00-00 ungrouped mc-event-4583 mc-events multidate mc-event mc_rel_general'><header>\t<h3 class='event-title summary' id='mc_30605-title-my-calendar'><button type='button' id='modal-button-mc_calendar_23_30605-calendar-details-30605' data-modal-content-id='mc_calendar_23_30605-calendar-details-30605' data-modal-prefix-class='my-calendar' data-modal-close-text='Schlie\u00dfen' data-modal-title='16.03.2026, Ausstellung: Der NS-V\u00f6lkermord an den Roma in der besetzten Sowjetunion' aria-controls='mc_calendar_23_30605-calendar-details-30605' class='calendar mc-modal button button-link url summary has-image'><svg style=\"fill:#000000\" focusable=\"false\" role=\"img\" aria-labelledby=\"cat_30605\" class=\"category-icon\" xmlns=\"http:\/\/www.w3.org\/2000\/svg\" viewBox=\"0 0 448 512\"><!-- Font Awesome Free 5.15.3 by @fontawesome - https:\/\/fontawesome.com License - https:\/\/fontawesome.com\/license\/free (Icons: CC BY 4.0, Fonts: SIL OFL 1.1, Code: MIT License) --><title id='cat_30605'>Kategorie: General<\/title><path d=\"M12 192h424c6.6 0 12 5.4 12 12v260c0 26.5-21.5 48-48 48H48c-26.5 0-48-21.5-48-48V204c0-6.6 5.4-12 12-12zm436-44v-36c0-26.5-21.5-48-48-48h-48V12c0-6.6-5.4-12-12-12h-40c-6.6 0-12 5.4-12 12v52H160V12c0-6.6-5.4-12-12-12h-40c-6.6 0-12 5.4-12 12v52H48C21.5 64 0 85.5 0 112v36c0 6.6 5.4 12 12 12h424c6.6 0 12-5.4 12-12z\"\/><\/svg> <div>16.03.2026, Ausstellung: Der NS-V\u00f6lkermord an den Roma in der besetzten Sowjetunion<\/div><\/button><\/h3>\n<\/header><div id='mc_calendar_23_30605-calendar-details-30605' class='details no-image uses-modal single-details'  aria-labelledby='mc_30605-title-my-calendar'>\n\t<button type='button' aria-controls='mc_calendar_23_30605-calendar-details-30605' class='mc-toggle close'><span class='dashicons dashicons-dismiss' aria-hidden='true'><\/span><span class='screen-reader-text'>Close<\/span><\/button>\n\t\r\n\t<div class='time-block'>\r\n\t\t<span class='mc-icon' aria-hidden='true'><\/span>\r\n\t\t<p><span class=\"time-wrapper\"> <span class='event-time'><abbr title='Nicht zutreffend'>n.\u00a0a.<\/abbr><\/span>  <\/span><br \/><span class=\"date-wrapper\"><span class='mc-start-date dtstart' title='2026-04-10T00:00:00+02:00' content='2026-04-10T00:00:00+02:00'>10. April 2026<\/span> <span class='date-separator'> &ndash; <\/span> <span class=\"event-time dtend\">30. April 2026<\/span><\/span><\/p>\r\n\t<\/div>\n\t\t<div class='longdesc description'><p>Siehe:\u00a0<a href=\"https:\/\/rt-europaallee.de\/wordpress\/2026\/03\/stadt-goettingen-internationale-wochen-gegen-rassismus-veranstaltungen-in-der-stadt-goettingen\/\">https:\/\/rt-europaallee.de\/wordpress\/2026\/03\/stadt-goettingen-internationale-wochen-gegen-rassismus-veranstaltungen-in-der-stadt-goettingen\/<\/a><\/p>\n<p><img decoding=\"async\" class=\"emoji\" role=\"img\" src=\"https:\/\/s.w.org\/images\/core\/emoji\/17.0.2\/svg\/27a1.svg\" alt=\"\u27a1\ufe0f\" \/><\/p>\n<blockquote><p>(Quelle:\u00a0<a href=\"https:\/\/www.goettingen.de\/portal\/meldungen\/internationale-wochen-gegen-rassismus-veranstaltungen-in-der-stadt-goettingen-900004830-25480.html?utm_source=copilot.com\">https:\/\/www.goettingen.de\/portal\/meldungen\/internationale-wochen-gegen-rassismus-veranstaltungen-in-der-stadt-goettingen-900004830-25480.html?utm_source=copilot.com<\/a>)<\/p>\n<blockquote>\n<div class=\"fusstext fusstext_oben\">\n<p><span class=\"create\">06.03.2026<\/span><span class=\"modified\">\u00a0| ge\u00e4ndert am 12.03.2026<\/span><\/p>\n<div><\/div>\n<\/div>\n<h3 class=\"kontrast-bild\">Internationale Wochen gegen Rassismus \u2013 Veranstaltungen in der Stadt G\u00f6ttingen<\/h3>\n<div id=\"nolis_content_site\" class=\"nolis_content_site\">\n<p class=\"anreisser_detail\"><strong>Zum 31. Mal finden die bundesweiten Internationalen Wochen gegen Rassismus von Montag bis Sonntag, 16. bis 29. M\u00e4rz 2026, statt. Das diesj\u00e4hrige Motto lautet \u201e100 Prozent Menschenw\u00fcrde. Zusammen gegen Rassismus und Rechtsextremismus\u201c. Der diesj\u00e4hrige Botschafter der Aktionswochen ist Prof. Dr. Matthias Quent. Hier gibt es einen \u00dcberblick \u00fcber die Veranstaltungen in der Stadt G\u00f6ttingen.<\/strong><\/p>\n<h3>...<\/h3>\n<p>Freitag, 10. April bis Donnerstag, 30. April 2026<br \/>\n<strong>Der NS-V\u00f6lkermord an den Roma in der besetzten Sowjetunion<\/strong><br \/>\n<strong>Ausstellung im Stadtlabor<\/strong><\/p>\n<p>Ort: Stadtlabor, Wilhelmsplatz 3, 37073 G\u00f6ttingen<br \/>\nVeranstalter*in: Roma Center e. V.<br \/>\nEintritt: frei<br \/>\nAnmeldung: nicht erforderlich.\u00a0<a class=\"link_katalog nolis-link-extern\" href=\"https:\/\/roma-center.de\/\" target=\"_blank\">Die \u00d6ffnungszeiten der Ausstellung sind hier aufgef\u00fchrt<\/a>.<\/p>\n<p>Am Freitag, 10. April 2026 um 18.00 Uhr er\u00f6ffnen Roma Center und Bildungswerk f\u00fcr Erinnerungsarbeit und Frieden die Ausstellung \u201eGenozid an Roma auf dem Gebiet der besetzten Sowjetunion 1941\u20131944\u201c im Stadtlabor. Grundlage sind 200 Interviews mit \u00dcberlebenden und ihren Kindern aus der Ukraine, Belarus, Russland, Rum\u00e4nien und Moldau. Sie erz\u00e4hlen von Verfolgung und Widerstand der Roma nach dem \u00dcberfall auf die Sowjetunion.<\/p>\n<h3>...<\/h3>\n<\/div>\n<\/blockquote>\n<\/blockquote>\n<blockquote>\n<h3><\/h3>\n<\/blockquote>\n<\/div>\n\t\t<div class=\"mc-location\"><div class=\"address location vcard\"><div class='map'><a href='https:\/\/www.google.com\/maps\/place\/Stadtlabor+G%C3%B6ttingen\/@51.5334069,9.9374107,20.79z\/data=!3m1!5s0x47a4d495880e01c3:0x2da49c3266d39a0d!4m15!1m8!3m7!1s0x47a4d49588f818f7:0x3eeeb28ecd9fdbb0!2sWilhelmspl.+3,+37073+G%C3%B6ttingen!3b1!8m2!3d51.5334334!4d9.9374974!16s%2Fg%2F11cscfk8zz!3m5!1s0x47a4d5950eff9b5b:0xc068ed179b6e3c99!8m2!3d51.5335141!4d9.9376129!16s%2Fg%2F11v3znlf2z?entry=ttu' class='url external'><span class='mc-icon' aria-hidden='true'><\/span>Karte<span class='screen-reader-text fn'> Stadtlabor G\u00f6ttingen, Wilhelmspl. 3, 37073 G\u00f6ttingen<\/span><\/a><\/div><\/div><\/div>\n\t\t<div class=\"sharing\">\t<p class='mc-details'><a aria-label='Weiterlesen: 16.03.2026, Ausstellung: Der NS-V\u00f6lkermord an den Roma in der besetzten Sowjetunion' href='https:\/\/rt-europaallee.de\/wordpress\/my-calendar\/?mc_id=30605'>Weiterlesen<\/a><\/p>\n<\/div><\/div><!--end .details--><\/article>\n<\/td>\n<td id='calendar-2026-04-24' class='mc-events freitag fr past-day past-date   has-events author3 mcat_general mcat_treffen-erfahrungsaustausch mcat_sonstiges mcat_kino-filme day-with-date'><div class='mc-date-container'>\n\t<span class='mc-date'><span aria-hidden='true' class='mc-day-number'>24<\/span><span class='screen-reader-text mc-day-date'>24. April 2026<\/span><span class=\"event-icon\" aria-hidden=\"true\">&#9679;&#9679;&#9679;<\/span><span class=\"screen-reader-text\"><span class=\"mc-list-details event-count\">(7 Veranstaltungen)<\/span><\/span><\/span><\/div><article id='mc_calendar_24_30605-calendar-30605' class='mc-mc_calendar_30605 calendar-event mc_general mc_stadtlabor-gttingen-wilhelmspl-3-37073-gttingen  on-now mc_primary_general nonrecurring mc-3-wochen mc-start-00-00 ungrouped mc-event-4583 mc-events multidate mc-event mc_rel_general'><header>\t<h3 class='event-title summary' id='mc_30605-title-my-calendar'><button type='button' id='modal-button-mc_calendar_24_30605-calendar-details-30605' data-modal-content-id='mc_calendar_24_30605-calendar-details-30605' data-modal-prefix-class='my-calendar' data-modal-close-text='Schlie\u00dfen' data-modal-title='16.03.2026, Ausstellung: Der NS-V\u00f6lkermord an den Roma in der besetzten Sowjetunion' aria-controls='mc_calendar_24_30605-calendar-details-30605' class='calendar mc-modal button button-link url summary has-image'><svg style=\"fill:#000000\" focusable=\"false\" role=\"img\" aria-labelledby=\"cat_30605\" class=\"category-icon\" xmlns=\"http:\/\/www.w3.org\/2000\/svg\" viewBox=\"0 0 448 512\"><!-- Font Awesome Free 5.15.3 by @fontawesome - https:\/\/fontawesome.com License - https:\/\/fontawesome.com\/license\/free (Icons: CC BY 4.0, Fonts: SIL OFL 1.1, Code: MIT License) --><title id='cat_30605'>Kategorie: General<\/title><path d=\"M12 192h424c6.6 0 12 5.4 12 12v260c0 26.5-21.5 48-48 48H48c-26.5 0-48-21.5-48-48V204c0-6.6 5.4-12 12-12zm436-44v-36c0-26.5-21.5-48-48-48h-48V12c0-6.6-5.4-12-12-12h-40c-6.6 0-12 5.4-12 12v52H160V12c0-6.6-5.4-12-12-12h-40c-6.6 0-12 5.4-12 12v52H48C21.5 64 0 85.5 0 112v36c0 6.6 5.4 12 12 12h424c6.6 0 12-5.4 12-12z\"\/><\/svg> <div>16.03.2026, Ausstellung: Der NS-V\u00f6lkermord an den Roma in der besetzten Sowjetunion<\/div><\/button><\/h3>\n<\/header><div id='mc_calendar_24_30605-calendar-details-30605' class='details no-image uses-modal single-details'  aria-labelledby='mc_30605-title-my-calendar'>\n\t<button type='button' aria-controls='mc_calendar_24_30605-calendar-details-30605' class='mc-toggle close'><span class='dashicons dashicons-dismiss' aria-hidden='true'><\/span><span class='screen-reader-text'>Close<\/span><\/button>\n\t\r\n\t<div class='time-block'>\r\n\t\t<span class='mc-icon' aria-hidden='true'><\/span>\r\n\t\t<p><span class=\"time-wrapper\"> <span class='event-time'><abbr title='Nicht zutreffend'>n.\u00a0a.<\/abbr><\/span>  <\/span><br \/><span class=\"date-wrapper\"><span class='mc-start-date dtstart' title='2026-04-10T00:00:00+02:00' content='2026-04-10T00:00:00+02:00'>10. April 2026<\/span> <span class='date-separator'> &ndash; <\/span> <span class=\"event-time dtend\">30. April 2026<\/span><\/span><\/p>\r\n\t<\/div>\n\t\t<div class='longdesc description'><p>Siehe:\u00a0<a href=\"https:\/\/rt-europaallee.de\/wordpress\/2026\/03\/stadt-goettingen-internationale-wochen-gegen-rassismus-veranstaltungen-in-der-stadt-goettingen\/\">https:\/\/rt-europaallee.de\/wordpress\/2026\/03\/stadt-goettingen-internationale-wochen-gegen-rassismus-veranstaltungen-in-der-stadt-goettingen\/<\/a><\/p>\n<p><img decoding=\"async\" class=\"emoji\" role=\"img\" src=\"https:\/\/s.w.org\/images\/core\/emoji\/17.0.2\/svg\/27a1.svg\" alt=\"\u27a1\ufe0f\" \/><\/p>\n<blockquote><p>(Quelle:\u00a0<a href=\"https:\/\/www.goettingen.de\/portal\/meldungen\/internationale-wochen-gegen-rassismus-veranstaltungen-in-der-stadt-goettingen-900004830-25480.html?utm_source=copilot.com\">https:\/\/www.goettingen.de\/portal\/meldungen\/internationale-wochen-gegen-rassismus-veranstaltungen-in-der-stadt-goettingen-900004830-25480.html?utm_source=copilot.com<\/a>)<\/p>\n<blockquote>\n<div class=\"fusstext fusstext_oben\">\n<p><span class=\"create\">06.03.2026<\/span><span class=\"modified\">\u00a0| ge\u00e4ndert am 12.03.2026<\/span><\/p>\n<div><\/div>\n<\/div>\n<h3 class=\"kontrast-bild\">Internationale Wochen gegen Rassismus \u2013 Veranstaltungen in der Stadt G\u00f6ttingen<\/h3>\n<div id=\"nolis_content_site\" class=\"nolis_content_site\">\n<p class=\"anreisser_detail\"><strong>Zum 31. Mal finden die bundesweiten Internationalen Wochen gegen Rassismus von Montag bis Sonntag, 16. bis 29. M\u00e4rz 2026, statt. Das diesj\u00e4hrige Motto lautet \u201e100 Prozent Menschenw\u00fcrde. Zusammen gegen Rassismus und Rechtsextremismus\u201c. Der diesj\u00e4hrige Botschafter der Aktionswochen ist Prof. Dr. Matthias Quent. Hier gibt es einen \u00dcberblick \u00fcber die Veranstaltungen in der Stadt G\u00f6ttingen.<\/strong><\/p>\n<h3>...<\/h3>\n<p>Freitag, 10. April bis Donnerstag, 30. April 2026<br \/>\n<strong>Der NS-V\u00f6lkermord an den Roma in der besetzten Sowjetunion<\/strong><br \/>\n<strong>Ausstellung im Stadtlabor<\/strong><\/p>\n<p>Ort: Stadtlabor, Wilhelmsplatz 3, 37073 G\u00f6ttingen<br \/>\nVeranstalter*in: Roma Center e. V.<br \/>\nEintritt: frei<br \/>\nAnmeldung: nicht erforderlich.\u00a0<a class=\"link_katalog nolis-link-extern\" href=\"https:\/\/roma-center.de\/\" target=\"_blank\">Die \u00d6ffnungszeiten der Ausstellung sind hier aufgef\u00fchrt<\/a>.<\/p>\n<p>Am Freitag, 10. April 2026 um 18.00 Uhr er\u00f6ffnen Roma Center und Bildungswerk f\u00fcr Erinnerungsarbeit und Frieden die Ausstellung \u201eGenozid an Roma auf dem Gebiet der besetzten Sowjetunion 1941\u20131944\u201c im Stadtlabor. Grundlage sind 200 Interviews mit \u00dcberlebenden und ihren Kindern aus der Ukraine, Belarus, Russland, Rum\u00e4nien und Moldau. Sie erz\u00e4hlen von Verfolgung und Widerstand der Roma nach dem \u00dcberfall auf die Sowjetunion.<\/p>\n<h3>...<\/h3>\n<\/div>\n<\/blockquote>\n<\/blockquote>\n<blockquote>\n<h3><\/h3>\n<\/blockquote>\n<\/div>\n\t\t<div class=\"mc-location\"><div class=\"address location vcard\"><div class='map'><a href='https:\/\/www.google.com\/maps\/place\/Stadtlabor+G%C3%B6ttingen\/@51.5334069,9.9374107,20.79z\/data=!3m1!5s0x47a4d495880e01c3:0x2da49c3266d39a0d!4m15!1m8!3m7!1s0x47a4d49588f818f7:0x3eeeb28ecd9fdbb0!2sWilhelmspl.+3,+37073+G%C3%B6ttingen!3b1!8m2!3d51.5334334!4d9.9374974!16s%2Fg%2F11cscfk8zz!3m5!1s0x47a4d5950eff9b5b:0xc068ed179b6e3c99!8m2!3d51.5335141!4d9.9376129!16s%2Fg%2F11v3znlf2z?entry=ttu' class='url external'><span class='mc-icon' aria-hidden='true'><\/span>Karte<span class='screen-reader-text fn'> Stadtlabor G\u00f6ttingen, Wilhelmspl. 3, 37073 G\u00f6ttingen<\/span><\/a><\/div><\/div><\/div>\n\t\t<div class=\"sharing\">\t<p class='mc-details'><a aria-label='Weiterlesen: 16.03.2026, Ausstellung: Der NS-V\u00f6lkermord an den Roma in der besetzten Sowjetunion' href='https:\/\/rt-europaallee.de\/wordpress\/my-calendar\/?mc_id=30605'>Weiterlesen<\/a><\/p>\n<\/div><\/div><!--end .details--><\/article><article id='mc_calendar_24_30608-calendar-30608' class='mc-mc_calendar_30608 calendar-event mc_general mc_aula-am-wilhelmsplatz-wilhelmspl-1-37073-gttingen  past-event mc_primary_general nonrecurring mc-2-stunden mc-start-15-00 ungrouped mc-event-4586 mc-events mc-event mc_rel_general'><header>\t<h3 class='event-title summary' id='mc_30608-title-my-calendar'><button type='button' id='modal-button-mc_calendar_24_30608-calendar-details-30608' data-modal-content-id='mc_calendar_24_30608-calendar-details-30608' data-modal-prefix-class='my-calendar' data-modal-close-text='Schlie\u00dfen' data-modal-title='16.03.2026, Kolonialkritischer Stadtrundgang mit G\u00f6ttingen Postkolonial' aria-controls='mc_calendar_24_30608-calendar-details-30608' class='calendar mc-modal button button-link url summary has-image'><svg style=\"fill:#000000\" focusable=\"false\" role=\"img\" aria-labelledby=\"cat_30608\" class=\"category-icon\" xmlns=\"http:\/\/www.w3.org\/2000\/svg\" viewBox=\"0 0 448 512\"><!-- Font Awesome Free 5.15.3 by @fontawesome - https:\/\/fontawesome.com License - https:\/\/fontawesome.com\/license\/free (Icons: CC BY 4.0, Fonts: SIL OFL 1.1, Code: MIT License) --><title id='cat_30608'>Kategorie: General<\/title><path d=\"M12 192h424c6.6 0 12 5.4 12 12v260c0 26.5-21.5 48-48 48H48c-26.5 0-48-21.5-48-48V204c0-6.6 5.4-12 12-12zm436-44v-36c0-26.5-21.5-48-48-48h-48V12c0-6.6-5.4-12-12-12h-40c-6.6 0-12 5.4-12 12v52H160V12c0-6.6-5.4-12-12-12h-40c-6.6 0-12 5.4-12 12v52H48C21.5 64 0 85.5 0 112v36c0 6.6 5.4 12 12 12h424c6.6 0 12-5.4 12-12z\"\/><\/svg> <div>16.03.2026, Kolonialkritischer Stadtrundgang mit G\u00f6ttingen Postkolonial<\/div><\/button><\/h3>\n<\/header><div id='mc_calendar_24_30608-calendar-details-30608' class='details no-image uses-modal single-details'  aria-labelledby='mc_30608-title-my-calendar'>\n\t<button type='button' aria-controls='mc_calendar_24_30608-calendar-details-30608' class='mc-toggle close'><span class='dashicons dashicons-dismiss' aria-hidden='true'><\/span><span class='screen-reader-text'>Close<\/span><\/button>\n\t\r\n\t<div class='time-block'>\r\n\t\t<span class='mc-icon' aria-hidden='true'><\/span>\r\n\t\t<p><span class=\"time-wrapper\"><span class='event-time dtstart'><time class='value-title' datetime='2026-04-24T15:00:00+02:00' title='2026-04-24T15:00:00+02:00'>15:00<\/time><\/span> <span class='time-separator'> &ndash; <\/span> <span class='end-time dtend'> <time class='value-title' datetime='2026-04-24T17:00:00+02:00' title='2026-04-24T17:00:00+02:00'>17:00<\/time><\/span><\/span><br \/><span class=\"date-wrapper\"><span class='mc-start-date dtstart' title='2026-04-24T15:00:00+02:00' content='2026-04-24T15:00:00+02:00'>24. April 2026<\/span>  <\/span><\/p>\r\n\t<\/div>\n\t\t<div class='longdesc description'><p>Siehe:\u00a0<a href=\"https:\/\/rt-europaallee.de\/wordpress\/2026\/03\/stadt-goettingen-internationale-wochen-gegen-rassismus-veranstaltungen-in-der-stadt-goettingen\/\">https:\/\/rt-europaallee.de\/wordpress\/2026\/03\/stadt-goettingen-internationale-wochen-gegen-rassismus-veranstaltungen-in-der-stadt-goettingen\/<\/a><\/p>\n<p><img decoding=\"async\" class=\"emoji\" role=\"img\" src=\"https:\/\/s.w.org\/images\/core\/emoji\/17.0.2\/svg\/27a1.svg\" alt=\"\u27a1\ufe0f\" \/><\/p>\n<h4><a href=\"https:\/\/www.google.com\/maps\/place\/Wilhelmsplatz\/@51.5337678,9.9331872,17z\/data=!3m1!4b1!4m6!3m5!1s0x47a4d57ddb9c680f:0xb4bba9fc2edc7a67!8m2!3d51.5337679!4d9.9380581!16s%2Fg%2F11j006z5rr?entry=ttu&amp;g_ep=EgoyMDI2MDMxMS4wIKXMDSoASAFQAw%3D%3D\">Wilhelmspl., 37073 G\u00f6ttingen<\/a><\/h4>\n<blockquote><p>(Quelle:\u00a0<a href=\"https:\/\/www.goettingen.de\/portal\/meldungen\/internationale-wochen-gegen-rassismus-veranstaltungen-in-der-stadt-goettingen-900004830-25480.html?utm_source=copilot.com\">https:\/\/www.goettingen.de\/portal\/meldungen\/internationale-wochen-gegen-rassismus-veranstaltungen-in-der-stadt-goettingen-900004830-25480.html?utm_source=copilot.com<\/a>)<\/p>\n<blockquote>\n<div class=\"fusstext fusstext_oben\">\n<p><span class=\"create\">06.03.2026<\/span><span class=\"modified\">\u00a0| ge\u00e4ndert am 12.03.2026<\/span><\/p>\n<div><\/div>\n<\/div>\n<h3 class=\"kontrast-bild\">Internationale Wochen gegen Rassismus \u2013 Veranstaltungen in der Stadt G\u00f6ttingen<\/h3>\n<div id=\"nolis_content_site\" class=\"nolis_content_site\">\n<p class=\"anreisser_detail\"><strong>Zum 31. Mal finden die bundesweiten Internationalen Wochen gegen Rassismus von Montag bis Sonntag, 16. bis 29. M\u00e4rz 2026, statt. Das diesj\u00e4hrige Motto lautet \u201e100 Prozent Menschenw\u00fcrde. Zusammen gegen Rassismus und Rechtsextremismus\u201c. Der diesj\u00e4hrige Botschafter der Aktionswochen ist Prof. Dr. Matthias Quent. Hier gibt es einen \u00dcberblick \u00fcber die Veranstaltungen in der Stadt G\u00f6ttingen.<\/strong><\/p>\n<h3>...<\/h3>\n<p>Freitag, 24. April 2026, von 15.00 bis 17.00 Uhr<br \/>\n<strong>Kolonialkritischer Stadtrundgang mit G\u00f6ttingen Postkolonial<\/strong><\/p>\n<p>Ort: Startpunkt ist am Wilhelmsplatz, 37073 G\u00f6ttingen<br \/>\nVeranstalter*in: Elisa Erpenbeck, G\u00f6ttingen Postkolonial<br \/>\nEintritt: frei<br \/>\nAnmeldung:\u00a0<a class=\"link_katalog nolis-link-extern\" href=\"https:\/\/forms.gle\/oHAAjPZstnJxRYZu9\" target=\"_blank\">\u00fcber das Online-Anmeldeformular<\/a><\/p>\n<p>Spuren des Kolonialismus und deren Wirkungen heute sind im Stadtbild meist nicht auf den ersten Blick zu finden. F\u00fcr einen rassismuskritischen Umgang mit Geschichte ist es jedoch zentral, die Spuren kolonialer Herrschaft aufzuzeigen. Der Stadtrundgang l\u00e4dt dazu ein, G\u00f6ttingen durch die \u201epost- und dekoloniale Brille\u201c (neu) kennenzulernen.<\/p>\n<h3>...<\/h3>\n<\/div>\n<\/blockquote>\n<\/blockquote>\n<blockquote>\n<h3><\/h3>\n<\/blockquote>\n<\/div>\n\t\t<div class=\"mc-location\"><div class=\"address location vcard\"><div class='map'><a href='https:\/\/www.google.com\/maps\/place\/Aula+am+Wilhelmsplatz,+Wilhelmspl.+1,+37073+G%C3%B6ttingen\/@51.5336931,9.9370122,19.08z\/am=t\/data=!4m19!1m12!4m11!1m3!2m2!1d9.93797!2d51.53393!1m4!2m2!1d12.0910576!2d54.1718277!4e1!3e0!5i1!3m5!1s0x47a4d49581ae68f5:0xbfb2f667626e120c!8m2!3d51.534124!4d9.9378281!16s%2Fg%2F12lkjltv0?entry=ttu&amp;g_ep=EgoyMDI0MTEwNS4wIKXMDSoASAFQAw%3D%3D' class='url external'><span class='mc-icon' aria-hidden='true'><\/span>Karte<span class='screen-reader-text fn'> Aula am Wilhelmsplatz, Wilhelmspl. 1, 37073 G\u00f6ttingen<\/span><\/a><\/div><\/div><\/div>\n\t\t<div class=\"sharing\">\t<p class='mc-details'><a aria-label='Weiterlesen: 16.03.2026, Kolonialkritischer Stadtrundgang mit G\u00f6ttingen Postkolonial' href='https:\/\/rt-europaallee.de\/wordpress\/my-calendar\/?mc_id=30608'>Weiterlesen<\/a><\/p>\n<\/div><\/div><!--end .details--><\/article><article id='mc_calendar_24_30775-calendar-30775' class='mc-mc_calendar_30775 calendar-event mc_general mc_altes-rathaus-gttingen-gnseliesel  past-event mc_primary_general nonrecurring mc mc-start-15-00 ungrouped mc-event-4643 mc-events mc-event mc_rel_general'><header>\t<h3 class='event-title summary' id='mc_30775-title-my-calendar'><button type='button' id='modal-button-mc_calendar_24_30775-calendar-details-30775' data-modal-content-id='mc_calendar_24_30775-calendar-details-30775' data-modal-prefix-class='my-calendar' data-modal-close-text='Schlie\u00dfen' data-modal-title='22.04.2026, GT: Demo Friday for Future' aria-controls='mc_calendar_24_30775-calendar-details-30775' class='calendar mc-modal button button-link url summary has-image'><svg style=\"fill:#000000\" focusable=\"false\" role=\"img\" aria-labelledby=\"cat_30775\" class=\"category-icon\" xmlns=\"http:\/\/www.w3.org\/2000\/svg\" viewBox=\"0 0 448 512\"><!-- Font Awesome Free 5.15.3 by @fontawesome - https:\/\/fontawesome.com License - https:\/\/fontawesome.com\/license\/free (Icons: CC BY 4.0, Fonts: SIL OFL 1.1, Code: MIT License) --><title id='cat_30775'>Kategorie: General<\/title><path d=\"M12 192h424c6.6 0 12 5.4 12 12v260c0 26.5-21.5 48-48 48H48c-26.5 0-48-21.5-48-48V204c0-6.6 5.4-12 12-12zm436-44v-36c0-26.5-21.5-48-48-48h-48V12c0-6.6-5.4-12-12-12h-40c-6.6 0-12 5.4-12 12v52H160V12c0-6.6-5.4-12-12-12h-40c-6.6 0-12 5.4-12 12v52H48C21.5 64 0 85.5 0 112v36c0 6.6 5.4 12 12 12h424c6.6 0 12-5.4 12-12z\"\/><\/svg> <div>22.04.2026, GT: Demo Friday for Future<\/div><\/button><\/h3>\n<\/header><div id='mc_calendar_24_30775-calendar-details-30775' class='details no-image uses-modal single-details'  aria-labelledby='mc_30775-title-my-calendar'>\n\t<button type='button' aria-controls='mc_calendar_24_30775-calendar-details-30775' class='mc-toggle close'><span class='dashicons dashicons-dismiss' aria-hidden='true'><\/span><span class='screen-reader-text'>Close<\/span><\/button>\n\t\r\n\t<div class='time-block'>\r\n\t\t<span class='mc-icon' aria-hidden='true'><\/span>\r\n\t\t<p><span class=\"time-wrapper\"><span class='event-time dtstart'><time class='value-title' datetime='2026-04-24T15:00:00+02:00' title='2026-04-24T15:00:00+02:00'>15:00<\/time><\/span>  <\/span><br \/><span class=\"date-wrapper\"><span class='mc-start-date dtstart' title='2026-04-24T15:00:00+02:00' content='2026-04-24T15:00:00+02:00'>24. April 2026<\/span>  <\/span><\/p>\r\n\t<\/div>\n\t\t<div class='longdesc description'><p>(Quelle: <a href=\"https:\/\/www.goettinger-tageblatt.de\/lokales\/goettingen-lk\/goettingen\/fridays-for-future-demonstriert-in-goettingen-am-freitag-diese-strassen-sind-betroffen-4J7MLMHGGBEU7NWDDS64IDIXDU.html?fbclid=IwY2xjawRVDyxleHRuA2FlbQIxMQBzcnRjBmFwcF9pZBAyMjIwMzkxNzg4MjAwODkyAAEeju574GH8DAiCwk2fwTTZyDVWqCDkUSqdbg9fSo5GpuXoidq9eP1QC7G9N0c_aem_cKchZBqTkxtA6F58q3rE5w\">https:\/\/www.goettinger-tageblatt.de\/lokales\/goettingen-lk\/goettingen\/fridays-for-future-demonstriert-in-goettingen-am-freitag-diese-strassen-sind-betroffen-4J7MLMHGGBEU7NWDDS64IDIXDU.html?<\/a>)<\/p>\n<blockquote>\n<h3 data-testid=\"headline\"><a href=\"https:\/\/www.goettinger-tageblatt.de\/\">G\u00f6ttinger Tageblatt<\/a><\/h3>\n<h3 class=\"Headlinestyled__Headline-sc-mamptc-0 fhXOTe\" data-testid=\"headline\">Fridays for Future demonstriert am Freitag in G\u00f6ttingen: Auf diesen Stra\u00dfen k\u00f6nnte es eng werden<\/h3>\n<h3>...<\/h3>\n<\/blockquote>\n<\/div>\n\t\t<div class=\"mc-location\"><div class=\"address location vcard\"><div class='map'><a href='https:\/\/maps.google.com\/maps?z=16&amp;daddr=Markt+9++G\u00f6ttingen+Niedersachsen+37073+' class='url external'><span class='mc-icon' aria-hidden='true'><\/span>Karte<span class='screen-reader-text fn'> Altes Rathaus G\u00f6ttingen\/ G\u00e4nseliesel<\/span><\/a><\/div><\/div><\/div>\n\t\t<div class=\"sharing\">\t<p class='mc-details'><a aria-label='Weiterlesen: 22.04.2026, GT: Demo Friday for Future' href='https:\/\/rt-europaallee.de\/wordpress\/my-calendar\/?mc_id=30775'>Weiterlesen<\/a><\/p>\n<\/div><\/div><!--end .details--><\/article><article id='mc_calendar_24_30739-calendar-30739' class='mc-mc_calendar_30739 calendar-event mc_treffen-erfahrungsaustausch mc_nachbarschaftszentrum-grone-deisterstrae-10-37081-gttingen  past-event mc_primary_treffen-erfahrungsaustausch recurring mc-1-stunde mc-start-16-00 ungrouped mc-event-4642 mc-events mc-event mc_rel_treffenerfahrungsaustausch'><header>\t<h3 class='event-title summary' id='mc_30739-title-my-calendar'><button type='button' id='modal-button-mc_calendar_24_30739-calendar-details-30739' data-modal-content-id='mc_calendar_24_30739-calendar-details-30739' data-modal-prefix-class='my-calendar' data-modal-close-text='Schlie\u00dfen' data-modal-title='22.04.2026, Nachbarschaftszentrum Grone: Selbsthilfe-Fahrradwerkstatt' aria-controls='mc_calendar_24_30739-calendar-details-30739' class='calendar mc-modal button button-link url summary has-image'><svg style=\"fill:#000000\" focusable=\"false\" role=\"img\" aria-labelledby=\"cat_30739\" class=\"category-icon\" xmlns=\"http:\/\/www.w3.org\/2000\/svg\" viewBox=\"0 0 640 512\"><!-- Font Awesome Free 5.15.3 by @fontawesome - https:\/\/fontawesome.com License - https:\/\/fontawesome.com\/license\/free (Icons: CC BY 4.0, Fonts: SIL OFL 1.1, Code: MIT License) --><title id='cat_30739'>Kategorie: Treffen\/ Erfahrungsaustausch<\/title><path d=\"M434.7 64h-85.9c-8 0-15.7 3-21.6 8.4l-98.3 90c-.1.1-.2.3-.3.4-16.6 15.6-16.3 40.5-2.1 56 12.7 13.9 39.4 17.6 56.1 2.7.1-.1.3-.1.4-.2l79.9-73.2c6.5-5.9 16.7-5.5 22.6 1 6 6.5 5.5 16.6-1 22.6l-26.1 23.9L504 313.8c2.9 2.4 5.5 5 7.9 7.7V128l-54.6-54.6c-5.9-6-14.1-9.4-22.6-9.4zM544 128.2v223.9c0 17.7 14.3 32 32 32h64V128.2h-96zm48 223.9c-8.8 0-16-7.2-16-16s7.2-16 16-16 16 7.2 16 16-7.2 16-16 16zM0 384h64c17.7 0 32-14.3 32-32V128.2H0V384zm48-63.9c8.8 0 16 7.2 16 16s-7.2 16-16 16-16-7.2-16-16c0-8.9 7.2-16 16-16zm435.9 18.6L334.6 217.5l-30 27.5c-29.7 27.1-75.2 24.5-101.7-4.4-26.9-29.4-24.8-74.9 4.4-101.7L289.1 64h-83.8c-8.5 0-16.6 3.4-22.6 9.4L128 128v223.9h18.3l90.5 81.9c27.4 22.3 67.7 18.1 90-9.3l.2-.2 17.9 15.5c15.9 13 39.4 10.5 52.3-5.4l31.4-38.6 5.4 4.4c13.7 11.1 33.9 9.1 45-4.7l9.5-11.7c11.2-13.8 9.1-33.9-4.6-45.1z\"\/><\/svg> <div>22.04.2026, Nachbarschaftszentrum Grone: Selbsthilfe-Fahrradwerkstatt<\/div><\/button><\/h3>\n<\/header><div id='mc_calendar_24_30739-calendar-details-30739' class='details no-image uses-modal single-details'  aria-labelledby='mc_30739-title-my-calendar'>\n\t<button type='button' aria-controls='mc_calendar_24_30739-calendar-details-30739' class='mc-toggle close'><span class='dashicons dashicons-dismiss' aria-hidden='true'><\/span><span class='screen-reader-text'>Close<\/span><\/button>\n\t\r\n\t<div class='time-block'>\r\n\t\t<span class='mc-icon' aria-hidden='true'><\/span>\r\n\t\t<p><span class=\"time-wrapper\"><span class='event-time dtstart'><time class='value-title' datetime='2026-04-24T16:00:00+02:00' title='2026-04-24T16:00:00+02:00'>16:00<\/time><\/span> <span class='time-separator'> &ndash; <\/span> <span class='end-time dtend'> <time class='value-title' datetime='2026-04-24T17:00:00+02:00' title='2026-04-24T17:00:00+02:00'>17:00<\/time><\/span><\/span><br \/><span class=\"date-wrapper\"><span class='mc-start-date dtstart' title='2026-04-24T16:00:00+02:00' content='2026-04-24T16:00:00+02:00'>24. April 2026<\/span>  <\/span><\/p>\r\n\t<\/div>\n\t\t<div class='longdesc description'><p>(Quelle: <a href=\"https:\/\/www.facebook.com\/nachbarschaftszentrum.grone.goettingen\/posts\/pfbid02atzMVU1UJz1gFFN7HtryFzT5iDiMTqieKFEahxYrK81HKsGSuuwaSSHHPk6V5m9xl\">https:\/\/www.facebook.com\/nachbarschaftszentrum.grone.goettingen\/posts\/pfbid02atzMVU1UJz1gFFN7HtryFzT5iDiMTqieKFEahxYrK81HKsGSuuwaSSHHPk6V5m9xl<\/a>)<\/p>\n<blockquote>\n<div class=\"html-div xdj266r x14z9mp xat24cr x1lziwak xexx8yu xyri2b x18d9i69 x1c1uobl\">\n<div class=\"html-div xdj266r x14z9mp x1lziwak x18d9i69 x1cy8zhl x78zum5 x1q0g3np xod5an3 xz9dl7a x1g0dm76 xpdmqnj\">\n<div class=\"html-div xdj266r x14z9mp xat24cr x1lziwak xexx8yu xyri2b x18d9i69 x1c1uobl x1iyjqo2 xeuugli\">\n<div class=\"x78zum5 xdt5ytf xz62fqu x16ldp7u\">\n<div class=\"xu06os2 x1ok221b\">\n<div class=\"html-div xdj266r x14z9mp xat24cr x1lziwak xexx8yu xyri2b x18d9i69 x1c1uobl\" data-ad-rendering-role=\"profile_name\">\n<h3 class=\"html-h3 x14z9mp xat24cr x1lziwak xexx8yu xyri2b x18d9i69 x1c1uobl x1vvkbs x1heor9g x1qlqyl8 x1pd3egz x1a2a7pz x1gslohp x1yc453h\"><span class=\"x78zum5 x1q0g3np\"><span class=\"x1lliihq x6ikm8r x10wlt62 x1n2onr6 xlyipyv xuxw1ft\"><span class=\"xt0psk2\"><span class=\"xjp7ctv\"><a class=\"x1i10hfl xjbqb8w x1ejq31n x18oe1m7 x1sy0etr xstzfhl x972fbf x10w94by x1qhh985 x14e42zd x9f619 x1ypdohk xt0psk2 x3ct3a4 xdj266r x14z9mp xat24cr x1lziwak xexx8yu xyri2b x18d9i69 x1c1uobl x16tdsg8 x1hl2dhg xggy1nq x1a2a7pz xkrqix3 x1sur9pj xzsf02u x1s688f\" href=\"https:\/\/www.facebook.com\/nachbarschaftszentrum.grone.goettingen?__cft__[0]=AZas9e5pexTpwplxppe0BN6gvZH4PfVVFXcSmkFSdJAwDgEty1L1MOzOYyocUUgClnIjk8Gl9KvuSaC7l1FLU99dSCeux_VpagN-A54Fb3-o7KYCQMjDFT1BzHvH4LpvXDCrIt74T15-TzHOTt-CvJP6t6vYbAVqAlgtrnTSQqI4GA&amp;__tn__=-UC%2CP-R\"><b class=\"html-b xdj266r x14z9mp xat24cr x1lziwak xexx8yu xyri2b x18d9i69 x1c1uobl x1hl2dhg x16tdsg8 x1vvkbs x1s688f\"><span class=\"html-span xdj266r x14z9mp xat24cr x1lziwak xexx8yu xyri2b x18d9i69 x1c1uobl x1hl2dhg x16tdsg8 x1vvkbs\">Nachbarschaftszentrum Grone<\/span><\/b><\/a><\/span><\/span><\/span><\/span><\/h3>\n<\/div>\n<\/div>\n<\/div>\n<\/div>\n<\/div>\n<\/div>\n<div class=\"html-div xdj266r x14z9mp xat24cr x1lziwak xexx8yu xyri2b x18d9i69 x1c1uobl\">\n<div class=\"html-div xdj266r x14z9mp xat24cr x1lziwak xexx8yu xyri2b x18d9i69 x1c1uobl\" dir=\"auto\">\n<div class=\"html-div xdj266r x14z9mp xat24cr x1lziwak xexx8yu xyri2b x18d9i69 x1c1uobl\" data-ad-rendering-role=\"story_message\">\n<div class=\"x1l90r2v x1iorvi4 x1g0dm76 xpdmqnj\" data-ad-comet-preview=\"message\" data-ad-preview=\"message\">\n<div class=\"x78zum5 xdt5ytf xz62fqu x16ldp7u\">\n<div class=\"xu06os2 x1ok221b\">\n<div class=\"html-div xdj266r x14z9mp xat24cr x1lziwak xexx8yu xyri2b x18d9i69 x1c1uobl\">\n<div class=\"xdj266r x14z9mp xat24cr x1lziwak x1vvkbs x126k92a\">\n<div dir=\"auto\">Liebe Nachbar*innen,<\/div>\n<\/div>\n<div class=\"x14z9mp xat24cr x1lziwak x1vvkbs xtlvy1s x126k92a\">\n<div dir=\"auto\">unsere Selbsthilfe-Fahrradwerkstatt im Nachbarschaftszentrum Mehrgenerationenhaus Grone bietet Werkzeug, Platz und fachkundige Anleitung zum Fr\u00fchjahrscheck oder zur Reparatur Ihres Fahrrads.<\/div>\n<\/div>\n<div class=\"x14z9mp xat24cr x1lziwak x1vvkbs xtlvy1s x126k92a\">\n<div dir=\"auto\">Jeden Freitag von 16:00 bis 17:00 Uhr.<\/div>\n<\/div>\n<div class=\"x14z9mp xat24cr x1lziwak x1vvkbs xtlvy1s x126k92a\">\n<div dir=\"auto\">Ihr Nachbarschaftszentrum Mehrgenerationenhaus Grone<\/div>\n<div dir=\"auto\"><\/div>\n<div dir=\"auto\"><img decoding=\"async\" class=\"x15mokao x1ga7v0g x16uus16 xbiv7yw x1bwycvy x193iq5w x4fas0m x19kjcj4\" src=\"https:\/\/scontent-ham3-1.xx.fbcdn.net\/v\/t39.30808-6\/677172046_1395985972562709_6004743443470332873_n.jpg?_nc_cat=106&amp;ccb=1-7&amp;_nc_sid=13d280&amp;_nc_ohc=tEsl-AdjfhsQ7kNvwEu215G&amp;_nc_oc=Adph8erKihkqbLibCn8iFOp7Y8Fj8YcYc7qQhyXjv5fjfvpj4LbrxHG-LMUjfTaX_0CHjPKIKExv8PrK2WQbMHPt&amp;_nc_zt=23&amp;_nc_ht=scontent-ham3-1.xx&amp;_nc_gid=qnjoVuX5op0L5JyHDaJLxw&amp;_nc_ss=7a3a8&amp;oh=00_Af09pkzVvsdmnUQQ5g9DENGSmbWwfL5AgkhVQUI4sUhFOw&amp;oe=69EE00D0\" alt=\"Ist m\u00f6glicherweise eine Abbildung von Fahrrad und Text \u201eBEI UNS BEIUNSIM IM Nachbarschaftszentrum( Nachbarso Grone NACHBARSCHAFTSZENTRUM FAHRRAD WERKSTATT JEDEN FREITAG DIY ZUSAMMEN AISTHAKN LERNEN ZUS C MIT PASCAI. MISI ITPASCALMISI.FR FR 16-17UHR 17 16- UHR Mehr Generationen Haus\u201c\" data-visualcompletion=\"media-vc-image\" \/><\/div>\n<div dir=\"auto\">( <a href=\"https:\/\/www.facebook.com\/photo\/?fbid=1395985969229376&amp;set=a.459098042918178\">https:\/\/www.facebook.com\/photo\/?fbid=1395985969229376&amp;set=a.459098042918178<\/a>)<\/div>\n<\/div>\n<\/div>\n<\/div>\n<\/div>\n<\/div>\n<\/div>\n<\/div>\n<\/div>\n<\/blockquote>\n<\/div>\n\t\t<div class=\"mc-location\"><div class=\"address location vcard\"><div class='map'><a href='https:\/\/www.google.com\/maps\/dir\/Deisterstra%C3%9Fe+10,+37081+G%C3%B6ttingen\/@51.5275807,9.8294959,12z\/data=!4m8!4m7!1m0!1m5!1m1!1s0x47bb2b5188bad265:0xaf9a17280002953c!2m2!1d9.8995354!2d51.5276016' class='url external'><span class='mc-icon' aria-hidden='true'><\/span>Karte<span class='screen-reader-text fn'> Nachbarschaftszentrum Grone, Deisterstra\u00dfe 10, 37081 G\u00f6ttingen<\/span><\/a><\/div><\/div><\/div>\n\t\t<div class=\"sharing\">\t<p class='mc-details'><a aria-label='Weiterlesen: 22.04.2026, Nachbarschaftszentrum Grone: Selbsthilfe-Fahrradwerkstatt' href='https:\/\/rt-europaallee.de\/wordpress\/my-calendar\/?mc_id=30739'>Weiterlesen<\/a><\/p>\n<\/div><\/div><!--end .details--><\/article><article id='mc_calendar_24_30494-calendar-30494' class='mc-mc_calendar_30494 calendar-event mc_sonstiges mc_nachbarschaftszentrum-holtenser-berg-londonstrae-11a-37079-gttingen  past-event mc_primary_sonstiges nonrecurring mc-2-stunden mc-start-17-00 mc-group-4537 mc-event-4539 mc-events mc-event mc_rel_sonstiges'><header>\t<h3 class='event-title summary' id='mc_30494-title-my-calendar'><button type='button' id='modal-button-mc_calendar_24_30494-calendar-details-30494' data-modal-content-id='mc_calendar_24_30494-calendar-details-30494' data-modal-prefix-class='my-calendar' data-modal-close-text='Schlie\u00dfen' data-modal-title='01.03.2026, Nachbarschaftszentrum Holtenser Berg: &quot;Immer wieder Freitags&quot;' aria-controls='mc_calendar_24_30494-calendar-details-30494' class='calendar mc-modal button button-link url summary has-image'><svg style=\"fill:#000000\" focusable=\"false\" role=\"img\" aria-labelledby=\"cat_30494\" class=\"category-icon\" xmlns=\"http:\/\/www.w3.org\/2000\/svg\" viewBox=\"0 0 576 512\"><!-- Font Awesome Free 5.15.3 by @fontawesome - https:\/\/fontawesome.com License - https:\/\/fontawesome.com\/license\/free (Icons: CC BY 4.0, Fonts: SIL OFL 1.1, Code: MIT License) --><title id='cat_30494'>Kategorie: Sonstiges<\/title><path d=\"M259.3 17.8L194 150.2 47.9 171.5c-26.2 3.8-36.7 36.1-17.7 54.6l105.7 103-25 145.5c-4.5 26.3 23.2 46 46.4 33.7L288 439.6l130.7 68.7c23.2 12.2 50.9-7.4 46.4-33.7l-25-145.5 105.7-103c19-18.5 8.5-50.8-17.7-54.6L382 150.2 316.7 17.8c-11.7-23.6-45.6-23.9-57.4 0z\"\/><\/svg> <div>01.03.2026, Nachbarschaftszentrum Holtenser Berg: \"Immer wieder Freitags\"<\/div><\/button><\/h3>\n<\/header><div id='mc_calendar_24_30494-calendar-details-30494' class='details no-image uses-modal single-details'  aria-labelledby='mc_30494-title-my-calendar'>\n\t<button type='button' aria-controls='mc_calendar_24_30494-calendar-details-30494' class='mc-toggle close'><span class='dashicons dashicons-dismiss' aria-hidden='true'><\/span><span class='screen-reader-text'>Close<\/span><\/button>\n\t\r\n\t<div class='time-block'>\r\n\t\t<span class='mc-icon' aria-hidden='true'><\/span>\r\n\t\t<p><span class=\"time-wrapper\"><span class='event-time dtstart'><time class='value-title' datetime='2026-04-24T17:00:00+02:00' title='2026-04-24T17:00:00+02:00'>17:00<\/time><\/span> <span class='time-separator'> &ndash; <\/span> <span class='end-time dtend'> <time class='value-title' datetime='2026-04-24T19:00:00+02:00' title='2026-04-24T19:00:00+02:00'>19:00<\/time><\/span><\/span><br \/><span class=\"date-wrapper\"><span class='mc-start-date dtstart' title='2026-04-24T17:00:00+02:00' content='2026-04-24T17:00:00+02:00'>24. April 2026<\/span>  <\/span><\/p>\r\n\t<\/div>\n\t\t<div class='longdesc description'><p>(Quelle: <a href=\"https:\/\/www.facebook.com\/events\/841668728892401\/841668735559067\/?active_tab=discussion\">https:\/\/www.facebook.com\/events\/841668728892401\/841668735559067\/?active_tab=discussion<\/a>)<\/p>\n<blockquote><p>&nbsp;<\/p>\n<div class=\"html-div xjyslct xjbqb8w x972fbf x10w94by x1qhh985 x14e42zd x9f619 x1rg5ohu xdj266r x14z9mp xat24cr x1lziwak xexx8yu xyri2b x18d9i69 x1c1uobl x1n2onr6 x16tdsg8 xh8yej3\" role=\"listitem\">\n<div class=\"html-div xdj266r x14z9mp xat24cr x1lziwak xyri2b x1c1uobl x78zum5 xdt5ytf xwib8y2 x1y1aw1k\">\n<div class=\"x9f619 x1ja2u2z x78zum5 x2lah0s x1n2onr6 x1nhvcw1 x1cy8zhl xozqiw3 x1q0g3np xv54qhq xf7dkkf x18d9i69 xexx8yu x1ws5yxj xw01apr x4cne27 xifccgj\">\n<div class=\"x9f619 x1n2onr6 x1ja2u2z x78zum5 xdt5ytf x2lah0s x193iq5w xeuugli x1icxu4v x25sj25 x10b6aqq x1yrsyyn\"><\/div>\n<div class=\"x9f619 x1n2onr6 x1ja2u2z x78zum5 xdt5ytf x193iq5w xeuugli x1r8uery x1iyjqo2 xs83m0k xamitd3 x1icxu4v x25sj25 x10b6aqq x1yrsyyn\">\n<div class=\"x78zum5 xdt5ytf xz62fqu x16ldp7u\">\n<div class=\"xu06os2 x1ok221b\"><span class=\"x193iq5w xeuugli x13faqbe x1vvkbs x1xmvt09 x1lliihq x1s928wv xhkezso x1gmr53x x1cpjm7i x1fgarty x1943h6x xudqn12 x3x7a5m x6prxxf xvq8zen xo1l8bm xzsf02u x1yc453h\" dir=\"auto\">Veranstaltung von <b class=\"html-b xdj266r x14z9mp xat24cr x1lziwak xexx8yu xyri2b x18d9i69 x1c1uobl x1hl2dhg x16tdsg8 x1vvkbs x1s688f\"><a class=\"x1i10hfl xjbqb8w x1ejq31n x18oe1m7 x1sy0etr xstzfhl x972fbf x10w94by x1qhh985 x14e42zd x9f619 x1ypdohk xt0psk2 x3ct3a4 xdj266r x14z9mp xat24cr x1lziwak xexx8yu xyri2b x18d9i69 x1c1uobl x16tdsg8 x1hl2dhg xggy1nq x1a2a7pz xkrqix3 x1sur9pj xzsf02u x1s688f\" href=\"https:\/\/www.facebook.com\/NBZHoBerg\">Nachbarschaftszentrum Holtenser Berg<\/a><\/b><\/span><\/div>\n<\/div>\n<\/div>\n<\/div>\n<\/div>\n<\/div>\n<div class=\"html-div xjyslct xjbqb8w x972fbf x10w94by x1qhh985 x14e42zd x9f619 x1rg5ohu xdj266r x14z9mp xat24cr x1lziwak xexx8yu xyri2b x18d9i69 x1c1uobl x1n2onr6 x16tdsg8 xh8yej3\" role=\"listitem\">\n<div class=\"html-div xdj266r x14z9mp xat24cr x1lziwak xyri2b x1c1uobl x78zum5 xdt5ytf xwib8y2 x1y1aw1k\">\n<div class=\"x9f619 x1ja2u2z x78zum5 x2lah0s x1n2onr6 x1nhvcw1 x1cy8zhl xozqiw3 x1q0g3np xv54qhq xf7dkkf x18d9i69 xexx8yu x1ws5yxj xw01apr x4cne27 xifccgj\">\n<div class=\"x9f619 x1n2onr6 x1ja2u2z x78zum5 xdt5ytf x2lah0s x193iq5w xeuugli x1icxu4v x25sj25 x10b6aqq x1yrsyyn\"><\/div>\n<div class=\"x9f619 x1n2onr6 x1ja2u2z x78zum5 xdt5ytf x193iq5w xeuugli x1r8uery x1iyjqo2 xs83m0k xamitd3 x1icxu4v x25sj25 x10b6aqq x1yrsyyn\">\n<div class=\"x78zum5 xdt5ytf xz62fqu x16ldp7u\">\n<div class=\"xu06os2 x1ok221b\">\n<div class=\"x1i10hfl xjbqb8w x1ejq31n x18oe1m7 x1sy0etr xstzfhl x972fbf x10w94by x1qhh985 x14e42zd x9f619 x1ypdohk xt0psk2 x3ct3a4 xdj266r x14z9mp xat24cr x1lziwak xexx8yu xyri2b x18d9i69 x1c1uobl x16tdsg8 x1hl2dhg xggy1nq x1a2a7pz xkrqix3 x1sur9pj xzsf02u x1s688f\" role=\"button\">Londonstra\u00dfe 11a, 37079 G\u00f6ttingen, Germany<\/div>\n<\/div>\n<\/div>\n<\/div>\n<\/div>\n<\/div>\n<\/div>\n<div class=\"html-div xjyslct xjbqb8w x972fbf x10w94by x1qhh985 x14e42zd x9f619 x1rg5ohu xdj266r x14z9mp xat24cr x1lziwak xexx8yu xyri2b x18d9i69 x1c1uobl x1n2onr6 x16tdsg8 xh8yej3\" role=\"listitem\">\n<div class=\"html-div xdj266r x14z9mp xat24cr x1lziwak xyri2b x1c1uobl x78zum5 xdt5ytf xwib8y2 x1y1aw1k\">\n<div class=\"x9f619 x1ja2u2z x78zum5 x2lah0s x1n2onr6 x1nhvcw1 x1cy8zhl xozqiw3 x1q0g3np xv54qhq xf7dkkf x18d9i69 xexx8yu x1ws5yxj xw01apr x4cne27 xifccgj\">\n<div class=\"x9f619 x1n2onr6 x1ja2u2z x78zum5 xdt5ytf x2lah0s x193iq5w xeuugli x1icxu4v x25sj25 x10b6aqq x1yrsyyn\"><\/div>\n<div class=\"x9f619 x1n2onr6 x1ja2u2z x78zum5 xdt5ytf x193iq5w xeuugli x1r8uery x1iyjqo2 xs83m0k xamitd3 x1icxu4v x25sj25 x10b6aqq x1yrsyyn\">\n<div class=\"x78zum5 xdt5ytf xz62fqu x16ldp7u\">\n<div class=\"xu06os2 x1ok221b\"><span class=\"x193iq5w xeuugli x13faqbe x1vvkbs x1xmvt09 x1lliihq x1s928wv xhkezso x1gmr53x x1cpjm7i x1fgarty x1943h6x xudqn12 x3x7a5m x6prxxf xvq8zen xo1l8bm xzsf02u x1yc453h\" dir=\"auto\">Laufzeit: 2 Std.<\/span><\/div>\n<\/div>\n<\/div>\n<\/div>\n<\/div>\n<\/div>\n<div class=\"html-div xjyslct xjbqb8w x972fbf x10w94by x1qhh985 x14e42zd x9f619 x1rg5ohu xdj266r x14z9mp xat24cr x1lziwak xexx8yu xyri2b x18d9i69 x1c1uobl x1n2onr6 x16tdsg8 xh8yej3\" role=\"listitem\">\n<div class=\"html-div xdj266r x14z9mp xat24cr x1lziwak xyri2b x1c1uobl x78zum5 xdt5ytf xwib8y2 x1y1aw1k\">\n<div class=\"x9f619 x1ja2u2z x78zum5 x2lah0s x1n2onr6 x1nhvcw1 x1cy8zhl xozqiw3 x1q0g3np xv54qhq xf7dkkf x18d9i69 xexx8yu x1ws5yxj xw01apr x4cne27 xifccgj\">\n<div class=\"x9f619 x1n2onr6 x1ja2u2z x78zum5 xdt5ytf x2lah0s x193iq5w xeuugli x1icxu4v x25sj25 x10b6aqq x1yrsyyn\"><\/div>\n<div class=\"x9f619 x1n2onr6 x1ja2u2z x78zum5 xdt5ytf x193iq5w xeuugli x1r8uery x1iyjqo2 xs83m0k xamitd3 x1icxu4v x25sj25 x10b6aqq x1yrsyyn\">\n<div class=\"x78zum5 xdt5ytf xz62fqu x16ldp7u\">\n<div class=\"xu06os2 x1ok221b\"><span class=\"x193iq5w xeuugli x13faqbe x1vvkbs x1xmvt09 x1lliihq x1s928wv xhkezso x1gmr53x x1cpjm7i x1fgarty x1943h6x xudqn12 x3x7a5m x6prxxf xvq8zen xo1l8bm xzsf02u x1yc453h\" dir=\"auto\">\u00d6ffentlich<span class=\"xzpqnlu xjm9jq1 x6ikm8r x10wlt62 x10l6tqk x1i1rx1s\">\u00a0<\/span><span aria-hidden=\"true\"> \u00b7 <\/span>Jede Person auf und au\u00dferhalb von Facebook<\/span><\/div>\n<\/div>\n<\/div>\n<\/div>\n<\/div>\n<\/div>\n<div class=\"html-div xdj266r x14z9mp xat24cr x1lziwak xexx8yu x18d9i69 xv54qhq xf7dkkf\">\n<div class=\"x1ni5s2d\">\n<div class=\"xdj266r x14z9mp xat24cr x1lziwak x1vvkbs\">Immer wieder Freitags<br class=\"html-br\" \/>(und manchmal an anderen Tagen)<\/div>\n<div><\/div>\n<div class=\"x14z9mp xat24cr x1lziwak x1vvkbs xtlvy1s\">27.03 Filmvorf\u00fchrung \u201eWilly Busch Report\u201c<br class=\"html-br\" \/>17.04. OB Kandidatin Onyeka Oshionwu stellt sich vor<br class=\"html-br\" \/>24.04. Filmvorf\u00fchrung \u201eDeutschlandfieber\u201c<br class=\"html-br\" \/>29.05. Vortrag Ehsan Kangarani<br class=\"html-br\" \/>03.06. OB Kandidat Florian Dinger stellt sich vor<br class=\"html-br\" \/>05.06. Vortrag Marie Kollenrott<br class=\"html-br\" \/>11.06. OB Kandidat Thomas Goes stellt sich vor<br class=\"html-br\" \/>04.09. OB Kandidat Ehsan Kangarani stellt sich vor<br class=\"html-br\" \/>30.10. Filmvorf\u00fchrung\u201e Hunde wollt Ihr ewig leben\u201c<\/div>\n<div><\/div>\n<div><img decoding=\"async\" class=\"x15mokao x1ga7v0g x16uus16 xbiv7yw x1bwycvy x193iq5w x4fas0m x19kjcj4\" src=\"https:\/\/scontent-ham3-1.xx.fbcdn.net\/v\/t39.30808-6\/644250910_1219695580351883_1928128810928405899_n.jpg?_nc_cat=107&amp;ccb=1-7&amp;_nc_sid=7e0d18&amp;_nc_ohc=UVX2jftWLqoQ7kNvwHyRCbw&amp;_nc_oc=AdlPRFVv6WdMJsptz9otbm0yv33ewbhqYZYwXg2M2rihBZLHEVLQdNy0xejIbMhCCV9fsJ-avFJ9Xhypx6AsjTJx&amp;_nc_zt=23&amp;_nc_ht=scontent-ham3-1.xx&amp;_nc_gid=z1Q-Lpy7uUnkXGZmQB80Mw&amp;_nc_ss=8&amp;oh=00_AftF4KmAIKsv5Wbeq1qvo8VXJ2cdrf3A_olihPUtpY8tqA&amp;oe=69A9E7CE\" alt=\"Ist m\u00f6glicherweise eine Abbildung von Karte und Text\" data-visualcompletion=\"media-vc-image\" \/><\/div>\n<div>( <a href=\"https:\/\/www.facebook.com\/photo\/?fbid=1219695577018550&amp;set=gm.841668852225722\">https:\/\/www.facebook.com\/photo\/?fbid=1219695577018550&amp;set=gm.841668852225722<\/a>)<\/div>\n<\/div>\n<\/div>\n<\/blockquote>\n<\/div>\n\t\t<div class=\"mc-location\"><div class=\"address location vcard\"><div class='map'><a href='https:\/\/maps.google.com\/maps?z=16&amp;daddr=Londonstra\u00dfe+11a++G\u00f6ttingen++37079+' class='url external'><span class='mc-icon' aria-hidden='true'><\/span>Karte<span class='screen-reader-text fn'> Nachbarschaftszentrum Holtenser Berg Londonstra\u00dfe 11a, 37079 G\u00f6ttingen<\/span><\/a><\/div><\/div><\/div>\n\t\t<div class=\"sharing\">\t<p class='mc-details'><a aria-label='Weiterlesen: 01.03.2026, Nachbarschaftszentrum Holtenser Berg: &quot;Immer wieder Freitags&quot;' href='https:\/\/rt-europaallee.de\/wordpress\/my-calendar\/?mc_id=30494'>Weiterlesen<\/a><\/p>\n<\/div><\/div><!--end .details--><\/article><article id='mc_calendar_24_30697-calendar-30697' class='mc-mc_calendar_30697 calendar-event mc_kino-filme mc_nachbarschaftszentrum-holtenser-berg-londonstrae-11a-37079-gttingen  past-event mc_primary_kino-filme nonrecurring mc-1-stunde mc-start-17-00 ungrouped mc-event-4636 mc-events mc-event mc_rel_kinofilme'><header>\t<h3 class='event-title summary' id='mc_30697-title-my-calendar'><button type='button' id='modal-button-mc_calendar_24_30697-calendar-details-30697' data-modal-content-id='mc_calendar_24_30697-calendar-details-30697' data-modal-prefix-class='my-calendar' data-modal-close-text='Schlie\u00dfen' data-modal-title='13.04.2026, NBZ Holtenser Berg: Filmvorf\u00fchrung &quot;Deutschfieber&quot;' aria-controls='mc_calendar_24_30697-calendar-details-30697' class='calendar mc-modal button button-link url summary has-image'><svg style=\"fill:#000000\" focusable=\"false\" role=\"img\" aria-labelledby=\"cat_30697\" class=\"category-icon\" xmlns=\"http:\/\/www.w3.org\/2000\/svg\" viewBox=\"0 0 512 512\"><!-- Font Awesome Free 5.15.3 by @fontawesome - https:\/\/fontawesome.com License - https:\/\/fontawesome.com\/license\/free (Icons: CC BY 4.0, Fonts: SIL OFL 1.1, Code: MIT License) --><title id='cat_30697'>Kategorie: Kino, Filme<\/title><path d=\"M488 64h-8v20c0 6.6-5.4 12-12 12h-40c-6.6 0-12-5.4-12-12V64H96v20c0 6.6-5.4 12-12 12H44c-6.6 0-12-5.4-12-12V64h-8C10.7 64 0 74.7 0 88v336c0 13.3 10.7 24 24 24h8v-20c0-6.6 5.4-12 12-12h40c6.6 0 12 5.4 12 12v20h320v-20c0-6.6 5.4-12 12-12h40c6.6 0 12 5.4 12 12v20h8c13.3 0 24-10.7 24-24V88c0-13.3-10.7-24-24-24zM96 372c0 6.6-5.4 12-12 12H44c-6.6 0-12-5.4-12-12v-40c0-6.6 5.4-12 12-12h40c6.6 0 12 5.4 12 12v40zm0-96c0 6.6-5.4 12-12 12H44c-6.6 0-12-5.4-12-12v-40c0-6.6 5.4-12 12-12h40c6.6 0 12 5.4 12 12v40zm0-96c0 6.6-5.4 12-12 12H44c-6.6 0-12-5.4-12-12v-40c0-6.6 5.4-12 12-12h40c6.6 0 12 5.4 12 12v40zm272 208c0 6.6-5.4 12-12 12H156c-6.6 0-12-5.4-12-12v-96c0-6.6 5.4-12 12-12h200c6.6 0 12 5.4 12 12v96zm0-168c0 6.6-5.4 12-12 12H156c-6.6 0-12-5.4-12-12v-96c0-6.6 5.4-12 12-12h200c6.6 0 12 5.4 12 12v96zm112 152c0 6.6-5.4 12-12 12h-40c-6.6 0-12-5.4-12-12v-40c0-6.6 5.4-12 12-12h40c6.6 0 12 5.4 12 12v40zm0-96c0 6.6-5.4 12-12 12h-40c-6.6 0-12-5.4-12-12v-40c0-6.6 5.4-12 12-12h40c6.6 0 12 5.4 12 12v40zm0-96c0 6.6-5.4 12-12 12h-40c-6.6 0-12-5.4-12-12v-40c0-6.6 5.4-12 12-12h40c6.6 0 12 5.4 12 12v40z\"\/><\/svg> <div>13.04.2026, NBZ Holtenser Berg: Filmvorf\u00fchrung \"Deutschfieber\"<\/div><\/button><\/h3>\n<\/header><div id='mc_calendar_24_30697-calendar-details-30697' class='details no-image uses-modal single-details'  aria-labelledby='mc_30697-title-my-calendar'>\n\t<button type='button' aria-controls='mc_calendar_24_30697-calendar-details-30697' class='mc-toggle close'><span class='dashicons dashicons-dismiss' aria-hidden='true'><\/span><span class='screen-reader-text'>Close<\/span><\/button>\n\t\r\n\t<div class='time-block'>\r\n\t\t<span class='mc-icon' aria-hidden='true'><\/span>\r\n\t\t<p><span class=\"time-wrapper\"><span class='event-time dtstart'><time class='value-title' datetime='2026-04-24T17:00:00+02:00' title='2026-04-24T17:00:00+02:00'>17:00<\/time><\/span> <span class='time-separator'> &ndash; <\/span> <span class='end-time dtend'> <time class='value-title' datetime='2026-04-24T18:00:00+02:00' title='2026-04-24T18:00:00+02:00'>18:00<\/time><\/span><\/span><br \/><span class=\"date-wrapper\"><span class='mc-start-date dtstart' title='2026-04-24T17:00:00+02:00' content='2026-04-24T17:00:00+02:00'>24. April 2026<\/span>  <\/span><\/p>\r\n\t<\/div>\n\t\t<div class='longdesc description'><p>(Quelle: <a href=\"https:\/\/www.facebook.com\/NBZHoBerg\/posts\/pfbid026RBC8UHpaCEppA5EqedjPoboFFX1569yRG7bV6r37WQ3MsaYsaTf2J6uC3ZHHnq2l?notif_id=1775128588440899&amp;notif_t=notify_me_page&amp;ref=notif\">https:\/\/www.facebook.com\/NBZHoBerg\/posts\/pfbid026RBC8UHpaCEppA5EqedjPoboFFX1569yRG7bV6r37WQ3MsaYsaTf2J6uC3ZHHnq2l?notif_id=1775128588440899&amp;notif_t=notify_me_page&amp;ref=notif<\/a>)<\/p>\n<blockquote>\n<div class=\"html-div xdj266r x14z9mp xat24cr x1lziwak xexx8yu xyri2b x18d9i69 x1c1uobl\">\n<div class=\"html-div xdj266r x14z9mp x1lziwak x18d9i69 x1cy8zhl x78zum5 x1q0g3np xod5an3 xz9dl7a x1g0dm76 xpdmqnj\">\n<div class=\"html-div xdj266r x14z9mp xat24cr x1lziwak xexx8yu xyri2b x18d9i69 x1c1uobl x1iyjqo2 xeuugli\">\n<div class=\"x78zum5 xdt5ytf xz62fqu x16ldp7u\">\n<div class=\"xu06os2 x1ok221b\">\n<div class=\"html-div xdj266r x14z9mp xat24cr x1lziwak xexx8yu xyri2b x18d9i69 x1c1uobl\" data-ad-rendering-role=\"profile_name\">\n<h3 class=\"html-h3 x14z9mp xat24cr x1lziwak xexx8yu xyri2b x18d9i69 x1c1uobl x1vvkbs x1heor9g x1qlqyl8 x1pd3egz x1a2a7pz x1gslohp x1yc453h\"><span class=\"x78zum5 x1q0g3np\"><span class=\"x1lliihq x6ikm8r x10wlt62 x1n2onr6 xlyipyv xuxw1ft\"><span class=\"xt0psk2\"><span class=\"xjp7ctv\"><a class=\"x1i10hfl xjbqb8w x1ejq31n x18oe1m7 x1sy0etr xstzfhl x972fbf x10w94by x1qhh985 x14e42zd x9f619 x1ypdohk xt0psk2 x3ct3a4 xdj266r x14z9mp xat24cr x1lziwak xexx8yu xyri2b x18d9i69 x1c1uobl x16tdsg8 x1hl2dhg xggy1nq x1a2a7pz xkrqix3 x1sur9pj xzsf02u x1s688f\" href=\"https:\/\/www.facebook.com\/NBZHoBerg?__cft__[0]=AZawttVuYupCj7iBzr0zhgOIFG1uBeGafdWTu5RaA93dyUgx7yLFez-w98DG0wth-nmHOX-5XQkWURYPyDwLO89NUcuS3j8N2CEYWfi_PJz730qOZkLkAhzzZ-T2OlxL3rtyDFJJpWd11Iy2O9WYNOjuHdAcXyXpkixjD93PBRvTLg&amp;__tn__=-UC%2CP-R\"><b class=\"html-b xdj266r x14z9mp xat24cr x1lziwak xexx8yu xyri2b x18d9i69 x1c1uobl x1hl2dhg x16tdsg8 x1vvkbs x1s688f\"><span class=\"html-span xdj266r x14z9mp xat24cr x1lziwak xexx8yu xyri2b x18d9i69 x1c1uobl x1hl2dhg x16tdsg8 x1vvkbs\">Nachbarschaftszentrum Holtenser Berg<\/span><\/b><\/a><\/span><\/span><\/span><\/span><\/h3>\n<\/div>\n<\/div>\n<\/div>\n<\/div>\n<\/div>\n<\/div>\n<div class=\"html-div xdj266r x14z9mp xat24cr x1lziwak xexx8yu xyri2b x18d9i69 x1c1uobl\">\n<div class=\"html-div xdj266r x14z9mp xat24cr x1lziwak xexx8yu xyri2b x18d9i69 x1c1uobl\" dir=\"auto\">\n<div class=\"html-div xdj266r x14z9mp xat24cr x1lziwak xexx8yu xyri2b x18d9i69 x1c1uobl\" data-ad-rendering-role=\"story_message\">\n<div class=\"x1l90r2v x1iorvi4 x1g0dm76 xpdmqnj\" data-ad-comet-preview=\"message\" data-ad-preview=\"message\">\n<div class=\"x78zum5 xdt5ytf xz62fqu x16ldp7u\">\n<div class=\"xu06os2 x1ok221b\">\n<div class=\"html-div xdj266r x14z9mp xat24cr x1lziwak xexx8yu xyri2b x18d9i69 x1c1uobl\">\n<div class=\"xdj266r x14z9mp xat24cr x1lziwak x1vvkbs x126k92a\">\n<div dir=\"auto\">Filmvorf\u00fchrung Deutschfieber 24.04.26 Einlass 16:30 Beginn 17 Uhr<\/div>\n<div dir=\"auto\"><\/div>\n<div dir=\"auto\"><\/div>\n<div dir=\"auto\">\n<div class=\"x9f619 x1r8uery x1iyjqo2 x6ikm8r x10wlt62 x1n2onr6\">\n<div class=\"x78zum5 xdt5ytf\" data-virtualized=\"false\">\n<div class=\"x9f619 x1n2onr6 x1ja2u2z\">\n<div class=\"html-div xdj266r x14z9mp xat24cr x1lziwak xyri2b x18d9i69 x1c1uobl xqtp20y x1n2onr6 xh8yej3 x1jm3axb\">\n<div class=\"html-div x1qjc9v5 x1q0q8m5 x1qhh985 x18b5jzi x10w94by x1t7ytsu x14e42zd x13fuv20 x972fbf x1ey2m1c x9f619 x78zum5 xdt5ytf x1iyjqo2 xs83m0k xtijo5x x1o0tod x1qughib xat24cr x14z9mp x1lziwak xdj266r x2lwn1j xeuugli x18d9i69 xyri2b x1c1uobl xexx8yu x10l6tqk x13vifvy x1ja2u2z\"><a class=\"x1i10hfl xjbqb8w x1ejq31n x18oe1m7 x1sy0etr xstzfhl x972fbf x10w94by x1qhh985 x14e42zd x9f619 x1ypdohk x3ct3a4 xdj266r x14z9mp xat24cr x1lziwak xexx8yu xyri2b x18d9i69 x1c1uobl x16tdsg8 x1hl2dhg xggy1nq x1a2a7pz x1heor9g xkrqix3 x1sur9pj x1s688f x1lliihq x5yr21d x1n2onr6 xh8yej3\" href=\"https:\/\/www.facebook.com\/photo.php?fbid=1246475197673921&amp;set=pb.100069343576736.-2207520000&amp;type=3\"><img decoding=\"async\" class=\"xzg4506 x16mubyn xua58t2 x14uebl7 x1obq294 x5a5i1n xde0f50 x15x8krk x9f619 x5yr21d xl1xv1r xh8yej3 alignright\" src=\"https:\/\/scontent-ham3-1.xx.fbcdn.net\/v\/t39.30808-6\/658811380_1246475204340587_3427556093845439193_n.jpg?stp=c0.84.632.632a_dst-jpg_s206x206_tt6&amp;_nc_cat=102&amp;ccb=1-7&amp;_nc_sid=a934a8&amp;_nc_ohc=auzVKXweSLQQ7kNvwHb9Yzh&amp;_nc_oc=AdoOcZOwcFvJzU6OGMud-W6Q--cMjwRB7gsdOJ-SIvzbsRMFrDzHux_QZ4RMPiE0fDX8X8jn9eLA773ii4O3vGsY&amp;_nc_zt=23&amp;_nc_ht=scontent-ham3-1.xx&amp;_nc_gid=lWt3GYTKPSg7OYxRM-ifXQ&amp;_nc_ss=7a3a8&amp;oh=00_Af3r9z8AcOlQOwwO1K-xxFiL9dIZnlI36tl1aqXs_tGK2g&amp;oe=69E2AC29\" alt=\"Ist m\u00f6glicherweise ein Bild von Karte und Text \u201enn4E\u0399 lch! Der Film von Niklaus Schilling ist eine Art Fortsetzung des Willi-Busch-Report&quot; aus dem Jahr 1979. Die Drehorte waren wieder im Werratal und der Region des sehemaligen \u201eZonenrandgebietes&quot;, heute Th\u00fcringen, Hessen, Niedersachsen. g \u201eDeutschfieber&quot; Erfurt Willi Busch, ehemaliger Reporter, Besitzer eines Messerschmit-Kabinenrollers und Vater einer \u201eDDR&quot; Tochter ger\u00e4t im neuen Deutschland erneut in so manche C1d1G11 Irrungen und Wirrungen. Hessen\/ aden Untetiranken\u201c\" \/> <img decoding=\"async\" class=\"xzg4506 x16mubyn xua58t2 x14uebl7 x1obq294 x5a5i1n xde0f50 x15x8krk x9f619 x5yr21d xl1xv1r xh8yej3 alignleft\" src=\"https:\/\/scontent-ham3-1.xx.fbcdn.net\/v\/t39.30808-6\/658337932_1246475201007254_5706746835225182593_n.jpg?stp=c0.84.632.632a_dst-jpg_s206x206_tt6&amp;_nc_cat=105&amp;ccb=1-7&amp;_nc_sid=a934a8&amp;_nc_ohc=Uw9ssmqTtDoQ7kNvwGrtb9o&amp;_nc_oc=AdrPbzQBFTG96WUe1vqUR8Sjr5agSSLGRLSHLoS6GGGkXebxI0Xrw8Icayn9ioUo0QENQrpjbCktQrzBL2zGQ49H&amp;_nc_zt=23&amp;_nc_ht=scontent-ham3-1.xx&amp;_nc_gid=lWt3GYTKPSg7OYxRM-ifXQ&amp;_nc_ss=7a3a8&amp;oh=00_Af1sz_oexI4S8ON21CwFN2GE-cxbtUWPxkl-ofXE0Yr8Bw&amp;oe=69E2D78F\" alt=\"Ist m\u00f6glicherweise ein Bild von Text \u201eDas Nachbarschaftszentrum, das Forum G\u00f6ttingen Nord-West und die AG Lebendige Demokratie Laden herzlich ein zum ..IMMER VVIEDER PREITAGS? Im NBZ Holtenser Berg, Londonstra\u00dfe 11 a Wir freuen uns sehr Ihnen in Zusammenarbeit mit dem Filmb\u00fcro G\u00f6ttingen am 24.04.2026 den Film \u201eDeutschfieber&quot; aus dem Jahr 1992 zeigen zu d\u00fcrfen. EINLASS ab 16:30 BEGINN 17:00 Uhr Eintritt FREI! Wir w\u00fcnschen Ihnen Gute Unterhaltung filmb\u00fcro. g\u00f6ttingen. Wur mtshen Filmgeshuhee \u0e15\u0e32 Nachbarschoftszenhrum HoltenserB FORUM G\u00d6TTINGEN Nord-West AG Lebendige Demokratie\u201c\" \/><\/a><\/div>\n<\/div>\n<\/div>\n<\/div>\n<\/div>\n<div class=\"x9f619 x1r8uery x1iyjqo2 x6ikm8r x10wlt62 x1n2onr6\">\n<div class=\"x78zum5 xdt5ytf\" data-virtualized=\"false\">\n<div class=\"x9f619 x1n2onr6 x1ja2u2z\">\n<div class=\"html-div xdj266r x14z9mp xat24cr x1lziwak xyri2b x18d9i69 x1c1uobl xqtp20y x1n2onr6 xh8yej3 x1jm3axb\">\n<div class=\"html-div x1qjc9v5 x1q0q8m5 x1qhh985 x18b5jzi x10w94by x1t7ytsu x14e42zd x13fuv20 x972fbf x1ey2m1c x9f619 x78zum5 xdt5ytf x1iyjqo2 xs83m0k xtijo5x x1o0tod x1qughib xat24cr x14z9mp x1lziwak xdj266r x2lwn1j xeuugli x18d9i69 xyri2b x1c1uobl xexx8yu x10l6tqk x13vifvy x1ja2u2z\"><\/div>\n<\/div>\n<\/div>\n<\/div>\n<\/div>\n<\/div>\n<\/div>\n<\/div>\n<\/div>\n<\/div>\n<\/div>\n<\/div>\n<\/div>\n<\/div>\n<\/blockquote>\n<\/div>\n\t\t<div class=\"mc-location\"><div class=\"address location vcard\"><div class='map'><a href='https:\/\/maps.google.com\/maps?z=16&amp;daddr=Londonstra\u00dfe+11a++G\u00f6ttingen++37079+' class='url external'><span class='mc-icon' aria-hidden='true'><\/span>Karte<span class='screen-reader-text fn'> Nachbarschaftszentrum Holtenser Berg Londonstra\u00dfe 11a, 37079 G\u00f6ttingen<\/span><\/a><\/div><\/div><\/div>\n\t\t<div class=\"sharing\">\t<p class='mc-details'><a aria-label='Weiterlesen: 13.04.2026, NBZ Holtenser Berg: Filmvorf\u00fchrung &quot;Deutschfieber&quot;' href='https:\/\/rt-europaallee.de\/wordpress\/my-calendar\/?mc_id=30697'>Weiterlesen<\/a><\/p>\n<\/div><\/div><!--end .details--><\/article><article id='mc_calendar_24_30406-calendar-30406' class='mc-mc_calendar_30406 calendar-event mc_treffen-erfahrungsaustausch mc_nachbarschaftszentrum-holtenser-berg-londonstrae-11a-37079-gttingen  past-event mc_primary_treffen-erfahrungsaustausch recurring mc-3-stunden mc-start-19-00 mc-group-4488 mc-event-4488 mc-events mc-event mc_rel_treffenerfahrungsaustausch mc_rel_delete'><header>\t<h3 class='event-title summary' id='mc_30406-title-my-calendar'><button type='button' id='modal-button-mc_calendar_24_30406-calendar-details-30406' data-modal-content-id='mc_calendar_24_30406-calendar-details-30406' data-modal-prefix-class='my-calendar' data-modal-close-text='Schlie\u00dfen' data-modal-title='16.01.2026, NBZ Holtenser Berg: Stammtisch Holtenser Berg' aria-controls='mc_calendar_24_30406-calendar-details-30406' class='calendar mc-modal button button-link url summary has-image'><svg style=\"fill:#000000\" focusable=\"false\" role=\"img\" aria-labelledby=\"cat_30406\" class=\"category-icon\" xmlns=\"http:\/\/www.w3.org\/2000\/svg\" viewBox=\"0 0 640 512\"><!-- Font Awesome Free 5.15.3 by @fontawesome - https:\/\/fontawesome.com License - https:\/\/fontawesome.com\/license\/free (Icons: CC BY 4.0, Fonts: SIL OFL 1.1, Code: MIT License) --><title id='cat_30406'>Kategorie: Treffen\/ Erfahrungsaustausch<\/title><path d=\"M434.7 64h-85.9c-8 0-15.7 3-21.6 8.4l-98.3 90c-.1.1-.2.3-.3.4-16.6 15.6-16.3 40.5-2.1 56 12.7 13.9 39.4 17.6 56.1 2.7.1-.1.3-.1.4-.2l79.9-73.2c6.5-5.9 16.7-5.5 22.6 1 6 6.5 5.5 16.6-1 22.6l-26.1 23.9L504 313.8c2.9 2.4 5.5 5 7.9 7.7V128l-54.6-54.6c-5.9-6-14.1-9.4-22.6-9.4zM544 128.2v223.9c0 17.7 14.3 32 32 32h64V128.2h-96zm48 223.9c-8.8 0-16-7.2-16-16s7.2-16 16-16 16 7.2 16 16-7.2 16-16 16zM0 384h64c17.7 0 32-14.3 32-32V128.2H0V384zm48-63.9c8.8 0 16 7.2 16 16s-7.2 16-16 16-16-7.2-16-16c0-8.9 7.2-16 16-16zm435.9 18.6L334.6 217.5l-30 27.5c-29.7 27.1-75.2 24.5-101.7-4.4-26.9-29.4-24.8-74.9 4.4-101.7L289.1 64h-83.8c-8.5 0-16.6 3.4-22.6 9.4L128 128v223.9h18.3l90.5 81.9c27.4 22.3 67.7 18.1 90-9.3l.2-.2 17.9 15.5c15.9 13 39.4 10.5 52.3-5.4l31.4-38.6 5.4 4.4c13.7 11.1 33.9 9.1 45-4.7l9.5-11.7c11.2-13.8 9.1-33.9-4.6-45.1z\"\/><\/svg> <div>16.01.2026, NBZ Holtenser Berg: Stammtisch Holtenser Berg<\/div><\/button><\/h3>\n<\/header><div id='mc_calendar_24_30406-calendar-details-30406' class='details no-image uses-modal single-details'  aria-labelledby='mc_30406-title-my-calendar'>\n\t<button type='button' aria-controls='mc_calendar_24_30406-calendar-details-30406' class='mc-toggle close'><span class='dashicons dashicons-dismiss' aria-hidden='true'><\/span><span class='screen-reader-text'>Close<\/span><\/button>\n\t\r\n\t<div class='time-block'>\r\n\t\t<span class='mc-icon' aria-hidden='true'><\/span>\r\n\t\t<p><span class=\"time-wrapper\"><span class='event-time dtstart'><time class='value-title' datetime='2026-04-24T19:00:00+02:00' title='2026-04-24T19:00:00+02:00'>19:00<\/time><\/span> <span class='time-separator'> &ndash; <\/span> <span class='end-time dtend'> <time class='value-title' datetime='2026-04-24T22:00:00+02:00' title='2026-04-24T22:00:00+02:00'>22:00<\/time><\/span><\/span><br \/><span class=\"date-wrapper\"><span class='mc-start-date dtstart' title='2026-04-24T19:00:00+02:00' content='2026-04-24T19:00:00+02:00'>24. April 2026<\/span>  <\/span><\/p>\r\n\t<\/div>\n\t\t<div class='longdesc description'><p>(Quelle: <a href=\"https:\/\/www.facebook.com\/events\/2003043070613517\/2003043073946850\/\">https:\/\/www.facebook.com\/events\/2003043070613517\/2003043073946850\/<\/a>)<\/p>\n<blockquote>\n<div class=\"html-div xjyslct xjbqb8w x972fbf x10w94by x1qhh985 x14e42zd x9f619 x1rg5ohu xdj266r x14z9mp xat24cr x1lziwak xexx8yu xyri2b x18d9i69 x1c1uobl x1n2onr6 x16tdsg8 xh8yej3\" role=\"listitem\">\n<div class=\"html-div xdj266r x14z9mp xat24cr x1lziwak xyri2b x1c1uobl x78zum5 xdt5ytf xwib8y2 x1y1aw1k\">\n<div class=\"x9f619 x1ja2u2z x78zum5 x2lah0s x1n2onr6 x1nhvcw1 x1cy8zhl xozqiw3 x1q0g3np xv54qhq xf7dkkf x18d9i69 xexx8yu x1ws5yxj xw01apr x4cne27 xifccgj\">\n<div class=\"x9f619 x1n2onr6 x1ja2u2z x78zum5 xdt5ytf x2lah0s x193iq5w xeuugli x1icxu4v x25sj25 x10b6aqq x1yrsyyn\"><\/div>\n<div class=\"x9f619 x1n2onr6 x1ja2u2z x78zum5 xdt5ytf x193iq5w xeuugli x1r8uery x1iyjqo2 xs83m0k xamitd3 x1icxu4v x25sj25 x10b6aqq x1yrsyyn\">\n<div class=\"x78zum5 xdt5ytf xz62fqu x16ldp7u\">\n<div class=\"xu06os2 x1ok221b\"><span class=\"x193iq5w xeuugli x13faqbe x1vvkbs x1xmvt09 x1lliihq x1s928wv xhkezso x1gmr53x x1cpjm7i x1fgarty x1943h6x xudqn12 x3x7a5m x6prxxf xvq8zen xo1l8bm xzsf02u x1yc453h\" dir=\"auto\">Veranstaltung von <b class=\"html-b xdj266r x14z9mp xat24cr x1lziwak xexx8yu xyri2b x18d9i69 x1c1uobl x1hl2dhg x16tdsg8 x1vvkbs x1s688f\"><a class=\"x1i10hfl xjbqb8w x1ejq31n x18oe1m7 x1sy0etr xstzfhl x972fbf x10w94by x1qhh985 x14e42zd x9f619 x1ypdohk xt0psk2 x3ct3a4 xdj266r x14z9mp xat24cr x1lziwak xexx8yu xyri2b x18d9i69 x1c1uobl x16tdsg8 x1hl2dhg xggy1nq x1a2a7pz xkrqix3 x1sur9pj xzsf02u x1s688f\" href=\"https:\/\/www.facebook.com\/NBZHoBerg\">Nachbarschaftszentrum Holtenser Berg<\/a><\/b><\/span><\/div>\n<\/div>\n<\/div>\n<\/div>\n<\/div>\n<\/div>\n<div class=\"html-div xjyslct xjbqb8w x972fbf x10w94by x1qhh985 x14e42zd x9f619 x1rg5ohu xdj266r x14z9mp xat24cr x1lziwak xexx8yu xyri2b x18d9i69 x1c1uobl x1n2onr6 x16tdsg8 xh8yej3\" role=\"listitem\">\n<div class=\"html-div xdj266r x14z9mp xat24cr x1lziwak xyri2b x1c1uobl x78zum5 xdt5ytf xwib8y2 x1y1aw1k\">\n<div class=\"x9f619 x1ja2u2z x78zum5 x2lah0s x1n2onr6 x1nhvcw1 x1cy8zhl xozqiw3 x1q0g3np xv54qhq xf7dkkf x18d9i69 xexx8yu x1ws5yxj xw01apr x4cne27 xifccgj\">\n<div class=\"x9f619 x1n2onr6 x1ja2u2z x78zum5 xdt5ytf x2lah0s x193iq5w xeuugli x1icxu4v x25sj25 x10b6aqq x1yrsyyn\"><\/div>\n<div class=\"x9f619 x1n2onr6 x1ja2u2z x78zum5 xdt5ytf x193iq5w xeuugli x1r8uery x1iyjqo2 xs83m0k xamitd3 x1icxu4v x25sj25 x10b6aqq x1yrsyyn\">\n<div class=\"x78zum5 xdt5ytf xz62fqu x16ldp7u\">\n<div class=\"xu06os2 x1ok221b\">\n<div class=\"x1i10hfl xjbqb8w x1ejq31n x18oe1m7 x1sy0etr xstzfhl x972fbf x10w94by x1qhh985 x14e42zd x9f619 x1ypdohk xt0psk2 x3ct3a4 xdj266r x14z9mp xat24cr x1lziwak xexx8yu xyri2b x18d9i69 x1c1uobl x16tdsg8 x1hl2dhg xggy1nq x1a2a7pz xkrqix3 x1sur9pj xzsf02u x1s688f\" role=\"button\">Londonstra\u00dfe 11a, 37079 G\u00f6ttingen, Germany<\/div>\n<\/div>\n<\/div>\n<\/div>\n<\/div>\n<\/div>\n<\/div>\n<div class=\"html-div xjyslct xjbqb8w x972fbf x10w94by x1qhh985 x14e42zd x9f619 x1rg5ohu xdj266r x14z9mp xat24cr x1lziwak xexx8yu xyri2b x18d9i69 x1c1uobl x1n2onr6 x16tdsg8 xh8yej3\" role=\"listitem\">\n<div class=\"html-div xdj266r x14z9mp xat24cr x1lziwak xyri2b x1c1uobl x78zum5 xdt5ytf xwib8y2 x1y1aw1k\">\n<div class=\"x9f619 x1ja2u2z x78zum5 x2lah0s x1n2onr6 x1nhvcw1 x1cy8zhl xozqiw3 x1q0g3np xv54qhq xf7dkkf x18d9i69 xexx8yu x1ws5yxj xw01apr x4cne27 xifccgj\">\n<div class=\"x9f619 x1n2onr6 x1ja2u2z x78zum5 xdt5ytf x2lah0s x193iq5w xeuugli x1icxu4v x25sj25 x10b6aqq x1yrsyyn\"><\/div>\n<div class=\"x9f619 x1n2onr6 x1ja2u2z x78zum5 xdt5ytf x193iq5w xeuugli x1r8uery x1iyjqo2 xs83m0k xamitd3 x1icxu4v x25sj25 x10b6aqq x1yrsyyn\">\n<div class=\"x78zum5 xdt5ytf xz62fqu x16ldp7u\">\n<div class=\"xu06os2 x1ok221b\"><span class=\"x193iq5w xeuugli x13faqbe x1vvkbs x1xmvt09 x1lliihq x1s928wv xhkezso x1gmr53x x1cpjm7i x1fgarty x1943h6x xudqn12 x3x7a5m x6prxxf xvq8zen xo1l8bm xzsf02u x1yc453h\" dir=\"auto\">Laufzeit: 3 Std.<\/span><\/div>\n<\/div>\n<\/div>\n<\/div>\n<\/div>\n<\/div>\n<div class=\"html-div xjyslct xjbqb8w x972fbf x10w94by x1qhh985 x14e42zd x9f619 x1rg5ohu xdj266r x14z9mp xat24cr x1lziwak xexx8yu xyri2b x18d9i69 x1c1uobl x1n2onr6 x16tdsg8 xh8yej3\" role=\"listitem\">\n<div class=\"html-div xdj266r x14z9mp xat24cr x1lziwak xyri2b x1c1uobl x78zum5 xdt5ytf xwib8y2 x1y1aw1k\">\n<div class=\"x9f619 x1ja2u2z x78zum5 x2lah0s x1n2onr6 x1nhvcw1 x1cy8zhl xozqiw3 x1q0g3np xv54qhq xf7dkkf x18d9i69 xexx8yu x1ws5yxj xw01apr x4cne27 xifccgj\">\n<div class=\"x9f619 x1n2onr6 x1ja2u2z x78zum5 xdt5ytf x2lah0s x193iq5w xeuugli x1icxu4v x25sj25 x10b6aqq x1yrsyyn\"><\/div>\n<div class=\"x9f619 x1n2onr6 x1ja2u2z x78zum5 xdt5ytf x193iq5w xeuugli x1r8uery x1iyjqo2 xs83m0k xamitd3 x1icxu4v x25sj25 x10b6aqq x1yrsyyn\">\n<div class=\"x78zum5 xdt5ytf xz62fqu x16ldp7u\">\n<div class=\"xu06os2 x1ok221b\"><span class=\"x193iq5w xeuugli x13faqbe x1vvkbs x1xmvt09 x1lliihq x1s928wv xhkezso x1gmr53x x1cpjm7i x1fgarty x1943h6x xudqn12 x3x7a5m x6prxxf xvq8zen xo1l8bm xzsf02u x1yc453h\" dir=\"auto\">\u00d6ffentlich<span class=\"xzpqnlu xjm9jq1 x6ikm8r x10wlt62 x10l6tqk x1i1rx1s\">\u00a0<\/span><span aria-hidden=\"true\"> \u00b7 <\/span>Jede Person auf und au\u00dferhalb von Facebook<\/span><\/div>\n<\/div>\n<\/div>\n<\/div>\n<\/div>\n<\/div>\n<\/blockquote>\n<\/div>\n\t\t<div class=\"mc-location\"><div class=\"address location vcard\"><div class='map'><a href='https:\/\/maps.google.com\/maps?z=16&amp;daddr=Londonstra\u00dfe+11a++G\u00f6ttingen++37079+' class='url external'><span class='mc-icon' aria-hidden='true'><\/span>Karte<span class='screen-reader-text fn'> Nachbarschaftszentrum Holtenser Berg Londonstra\u00dfe 11a, 37079 G\u00f6ttingen<\/span><\/a><\/div><\/div><\/div>\n\t\t<div class=\"sharing\">\t<p class='mc-details'><a aria-label='Weiterlesen: 16.01.2026, NBZ Holtenser Berg: Stammtisch Holtenser Berg' href='https:\/\/rt-europaallee.de\/wordpress\/my-calendar\/?mc_id=30406'>Weiterlesen<\/a><\/p>\n<\/div><\/div><!--end .details--><\/article>\n<\/td>\n<td id='calendar-2026-04-25' aria-current=\"date\" class='mc-events samstag sa current-day weekend  has-events author3 mcat_general mcat_bildung mcat_info day-with-date'><div class='mc-date-container'>\n\t<span class='mc-date'><span aria-hidden='true' class='mc-day-number'>25<\/span><span class='screen-reader-text mc-day-date'>25. April 2026<\/span><span class=\"event-icon\" aria-hidden=\"true\">&#9679;&#9679;<\/span><span class=\"screen-reader-text\"><span class=\"mc-list-details event-count\">(3 Veranstaltungen)<\/span><\/span><\/span><\/div><article id='mc_calendar_25_30605-calendar-30605' class='mc-mc_calendar_30605 calendar-event mc_general mc_stadtlabor-gttingen-wilhelmspl-3-37073-gttingen  on-now mc_primary_general nonrecurring mc-3-wochen mc-start-00-00 ungrouped mc-event-4583 mc-events multidate mc-event mc_rel_general'><header>\t<h3 class='event-title summary' id='mc_30605-title-my-calendar'><button type='button' id='modal-button-mc_calendar_25_30605-calendar-details-30605' data-modal-content-id='mc_calendar_25_30605-calendar-details-30605' data-modal-prefix-class='my-calendar' data-modal-close-text='Schlie\u00dfen' data-modal-title='16.03.2026, Ausstellung: Der NS-V\u00f6lkermord an den Roma in der besetzten Sowjetunion' aria-controls='mc_calendar_25_30605-calendar-details-30605' class='calendar mc-modal button button-link url summary has-image'><svg style=\"fill:#000000\" focusable=\"false\" role=\"img\" aria-labelledby=\"cat_30605\" class=\"category-icon\" xmlns=\"http:\/\/www.w3.org\/2000\/svg\" viewBox=\"0 0 448 512\"><!-- Font Awesome Free 5.15.3 by @fontawesome - https:\/\/fontawesome.com License - https:\/\/fontawesome.com\/license\/free (Icons: CC BY 4.0, Fonts: SIL OFL 1.1, Code: MIT License) --><title id='cat_30605'>Kategorie: General<\/title><path d=\"M12 192h424c6.6 0 12 5.4 12 12v260c0 26.5-21.5 48-48 48H48c-26.5 0-48-21.5-48-48V204c0-6.6 5.4-12 12-12zm436-44v-36c0-26.5-21.5-48-48-48h-48V12c0-6.6-5.4-12-12-12h-40c-6.6 0-12 5.4-12 12v52H160V12c0-6.6-5.4-12-12-12h-40c-6.6 0-12 5.4-12 12v52H48C21.5 64 0 85.5 0 112v36c0 6.6 5.4 12 12 12h424c6.6 0 12-5.4 12-12z\"\/><\/svg> <div>16.03.2026, Ausstellung: Der NS-V\u00f6lkermord an den Roma in der besetzten Sowjetunion<\/div><\/button><\/h3>\n<\/header><div id='mc_calendar_25_30605-calendar-details-30605' class='details no-image uses-modal single-details'  aria-labelledby='mc_30605-title-my-calendar'>\n\t<button type='button' aria-controls='mc_calendar_25_30605-calendar-details-30605' class='mc-toggle close'><span class='dashicons dashicons-dismiss' aria-hidden='true'><\/span><span class='screen-reader-text'>Close<\/span><\/button>\n\t\r\n\t<div class='time-block'>\r\n\t\t<span class='mc-icon' aria-hidden='true'><\/span>\r\n\t\t<p><span class=\"time-wrapper\"> <span class='event-time'><abbr title='Nicht zutreffend'>n.\u00a0a.<\/abbr><\/span>  <\/span><br \/><span class=\"date-wrapper\"><span class='mc-start-date dtstart' title='2026-04-10T00:00:00+02:00' content='2026-04-10T00:00:00+02:00'>10. April 2026<\/span> <span class='date-separator'> &ndash; <\/span> <span class=\"event-time dtend\">30. April 2026<\/span><\/span><\/p>\r\n\t<\/div>\n\t\t<div class='longdesc description'><p>Siehe:\u00a0<a href=\"https:\/\/rt-europaallee.de\/wordpress\/2026\/03\/stadt-goettingen-internationale-wochen-gegen-rassismus-veranstaltungen-in-der-stadt-goettingen\/\">https:\/\/rt-europaallee.de\/wordpress\/2026\/03\/stadt-goettingen-internationale-wochen-gegen-rassismus-veranstaltungen-in-der-stadt-goettingen\/<\/a><\/p>\n<p><img decoding=\"async\" class=\"emoji\" role=\"img\" src=\"https:\/\/s.w.org\/images\/core\/emoji\/17.0.2\/svg\/27a1.svg\" alt=\"\u27a1\ufe0f\" \/><\/p>\n<blockquote><p>(Quelle:\u00a0<a href=\"https:\/\/www.goettingen.de\/portal\/meldungen\/internationale-wochen-gegen-rassismus-veranstaltungen-in-der-stadt-goettingen-900004830-25480.html?utm_source=copilot.com\">https:\/\/www.goettingen.de\/portal\/meldungen\/internationale-wochen-gegen-rassismus-veranstaltungen-in-der-stadt-goettingen-900004830-25480.html?utm_source=copilot.com<\/a>)<\/p>\n<blockquote>\n<div class=\"fusstext fusstext_oben\">\n<p><span class=\"create\">06.03.2026<\/span><span class=\"modified\">\u00a0| ge\u00e4ndert am 12.03.2026<\/span><\/p>\n<div><\/div>\n<\/div>\n<h3 class=\"kontrast-bild\">Internationale Wochen gegen Rassismus \u2013 Veranstaltungen in der Stadt G\u00f6ttingen<\/h3>\n<div id=\"nolis_content_site\" class=\"nolis_content_site\">\n<p class=\"anreisser_detail\"><strong>Zum 31. Mal finden die bundesweiten Internationalen Wochen gegen Rassismus von Montag bis Sonntag, 16. bis 29. M\u00e4rz 2026, statt. Das diesj\u00e4hrige Motto lautet \u201e100 Prozent Menschenw\u00fcrde. Zusammen gegen Rassismus und Rechtsextremismus\u201c. Der diesj\u00e4hrige Botschafter der Aktionswochen ist Prof. Dr. Matthias Quent. Hier gibt es einen \u00dcberblick \u00fcber die Veranstaltungen in der Stadt G\u00f6ttingen.<\/strong><\/p>\n<h3>...<\/h3>\n<p>Freitag, 10. April bis Donnerstag, 30. April 2026<br \/>\n<strong>Der NS-V\u00f6lkermord an den Roma in der besetzten Sowjetunion<\/strong><br \/>\n<strong>Ausstellung im Stadtlabor<\/strong><\/p>\n<p>Ort: Stadtlabor, Wilhelmsplatz 3, 37073 G\u00f6ttingen<br \/>\nVeranstalter*in: Roma Center e. V.<br \/>\nEintritt: frei<br \/>\nAnmeldung: nicht erforderlich.\u00a0<a class=\"link_katalog nolis-link-extern\" href=\"https:\/\/roma-center.de\/\" target=\"_blank\">Die \u00d6ffnungszeiten der Ausstellung sind hier aufgef\u00fchrt<\/a>.<\/p>\n<p>Am Freitag, 10. April 2026 um 18.00 Uhr er\u00f6ffnen Roma Center und Bildungswerk f\u00fcr Erinnerungsarbeit und Frieden die Ausstellung \u201eGenozid an Roma auf dem Gebiet der besetzten Sowjetunion 1941\u20131944\u201c im Stadtlabor. Grundlage sind 200 Interviews mit \u00dcberlebenden und ihren Kindern aus der Ukraine, Belarus, Russland, Rum\u00e4nien und Moldau. Sie erz\u00e4hlen von Verfolgung und Widerstand der Roma nach dem \u00dcberfall auf die Sowjetunion.<\/p>\n<h3>...<\/h3>\n<\/div>\n<\/blockquote>\n<\/blockquote>\n<blockquote>\n<h3><\/h3>\n<\/blockquote>\n<\/div>\n\t\t<div class=\"mc-location\"><div class=\"address location vcard\"><div class='map'><a href='https:\/\/www.google.com\/maps\/place\/Stadtlabor+G%C3%B6ttingen\/@51.5334069,9.9374107,20.79z\/data=!3m1!5s0x47a4d495880e01c3:0x2da49c3266d39a0d!4m15!1m8!3m7!1s0x47a4d49588f818f7:0x3eeeb28ecd9fdbb0!2sWilhelmspl.+3,+37073+G%C3%B6ttingen!3b1!8m2!3d51.5334334!4d9.9374974!16s%2Fg%2F11cscfk8zz!3m5!1s0x47a4d5950eff9b5b:0xc068ed179b6e3c99!8m2!3d51.5335141!4d9.9376129!16s%2Fg%2F11v3znlf2z?entry=ttu' class='url external'><span class='mc-icon' aria-hidden='true'><\/span>Karte<span class='screen-reader-text fn'> Stadtlabor G\u00f6ttingen, Wilhelmspl. 3, 37073 G\u00f6ttingen<\/span><\/a><\/div><\/div><\/div>\n\t\t<div class=\"sharing\">\t<p class='mc-details'><a aria-label='Weiterlesen: 16.03.2026, Ausstellung: Der NS-V\u00f6lkermord an den Roma in der besetzten Sowjetunion' href='https:\/\/rt-europaallee.de\/wordpress\/my-calendar\/?mc_id=30605'>Weiterlesen<\/a><\/p>\n<\/div><\/div><!--end .details--><\/article><article id='mc_calendar_25_30663-calendar-30663' class='mc-mc_calendar_30663 calendar-event mc_bildung mc_stadtbibliothek-gttingen---zentralbibliothek-gotmarstrae-8-37073-gttingen  future-event mc_primary_bildung recurring mc-30-minuten mc-start-11-45 ungrouped mc-event-4613 today-event mc-events mc-event mc_rel_bildung'><header>\t<h3 class='event-title summary' id='mc_30663-title-my-calendar'><button type='button' id='modal-button-mc_calendar_25_30663-calendar-details-30663' data-modal-content-id='mc_calendar_25_30663-calendar-details-30663' data-modal-prefix-class='my-calendar' data-modal-close-text='Schlie\u00dfen' data-modal-title='08.04.2026, HNA: Universit\u00e4t des Dritten Lebensalters startet \u201eWissen vor Zw\u00f6lf&quot;' aria-controls='mc_calendar_25_30663-calendar-details-30663' class='calendar mc-modal button button-link url summary has-image'><svg style=\"fill:#000000\" focusable=\"false\" role=\"img\" aria-labelledby=\"cat_30663\" class=\"category-icon\" xmlns=\"http:\/\/www.w3.org\/2000\/svg\" viewBox=\"0 0 640 512\"><!-- Font Awesome Free 5.15.3 by @fontawesome - https:\/\/fontawesome.com License - https:\/\/fontawesome.com\/license\/free (Icons: CC BY 4.0, Fonts: SIL OFL 1.1, Code: MIT License) --><title id='cat_30663'>Kategorie: Bildung<\/title><path d=\"M0 224v272c0 8.84 7.16 16 16 16h80V192H32c-17.67 0-32 14.33-32 32zm360-48h-24v-40c0-4.42-3.58-8-8-8h-16c-4.42 0-8 3.58-8 8v64c0 4.42 3.58 8 8 8h48c4.42 0 8-3.58 8-8v-16c0-4.42-3.58-8-8-8zm137.75-63.96l-160-106.67a32.02 32.02 0 0 0-35.5 0l-160 106.67A32.002 32.002 0 0 0 128 138.66V512h128V368c0-8.84 7.16-16 16-16h96c8.84 0 16 7.16 16 16v144h128V138.67c0-10.7-5.35-20.7-14.25-26.63zM320 256c-44.18 0-80-35.82-80-80s35.82-80 80-80 80 35.82 80 80-35.82 80-80 80zm288-64h-64v320h80c8.84 0 16-7.16 16-16V224c0-17.67-14.33-32-32-32z\"\/><\/svg> <div>08.04.2026, HNA: Universit\u00e4t des Dritten Lebensalters startet \u201eWissen vor Zw\u00f6lf\"<\/div><\/button><\/h3>\n<\/header><div id='mc_calendar_25_30663-calendar-details-30663' class='details no-image uses-modal single-details'  aria-labelledby='mc_30663-title-my-calendar'>\n\t<button type='button' aria-controls='mc_calendar_25_30663-calendar-details-30663' class='mc-toggle close'><span class='dashicons dashicons-dismiss' aria-hidden='true'><\/span><span class='screen-reader-text'>Close<\/span><\/button>\n\t\r\n\t<div class='time-block'>\r\n\t\t<span class='mc-icon' aria-hidden='true'><\/span>\r\n\t\t<p><span class=\"time-wrapper\"><span class='event-time dtstart'><time class='value-title' datetime='2026-04-25T11:45:00+02:00' title='2026-04-25T11:45:00+02:00'>11:45<\/time><\/span> <span class='time-separator'> &ndash; <\/span> <span class='end-time dtend'> <time class='value-title' datetime='2026-04-25T12:15:00+02:00' title='2026-04-25T12:15:00+02:00'>12:15<\/time><\/span><\/span><br \/><span class=\"date-wrapper\"><span class='mc-start-date dtstart' title='2026-04-25T11:45:00+02:00' content='2026-04-25T11:45:00+02:00'>25. April 2026<\/span>  <\/span><\/p>\r\n\t<\/div>\n\t\t<div class='longdesc description'><p>(Quelle: <a href=\"https:\/\/www.facebook.com\/HNAGoettingen\/posts\/pfbid02wf2GDBAio1Ty7abDC5B31TBnDSJX96N6LUUwbKUmtW9ZqQEfeMNP5UZxLdF79Cb9l\">https:\/\/www.facebook.com\/HNAGoettingen\/posts\/pfbid02wf2GDBAio1Ty7abDC5B31TBnDSJX96N6LUUwbKUmtW9ZqQEfeMNP5UZxLdF79Cb9l<\/a>)<\/p>\n<blockquote>\n<div class=\"html-div xdj266r x14z9mp xat24cr x1lziwak xexx8yu xyri2b x18d9i69 x1c1uobl\">\n<div class=\"html-div xdj266r x14z9mp x1lziwak x18d9i69 x1cy8zhl x78zum5 x1q0g3np xod5an3 xz9dl7a x1g0dm76 xpdmqnj\">\n<div class=\"html-div xdj266r x14z9mp xat24cr x1lziwak xexx8yu xyri2b x18d9i69 x1c1uobl x1iyjqo2 xeuugli\">\n<div class=\"x78zum5 xdt5ytf xz62fqu x16ldp7u\">\n<div class=\"xu06os2 x1ok221b\">\n<div class=\"html-div xdj266r x14z9mp xat24cr x1lziwak xexx8yu xyri2b x18d9i69 x1c1uobl\" data-ad-rendering-role=\"profile_name\">\n<h3 class=\"html-h3 x14z9mp xat24cr x1lziwak xexx8yu xyri2b x18d9i69 x1c1uobl x1vvkbs x1heor9g x1qlqyl8 x1pd3egz x1a2a7pz x1gslohp x1yc453h\"><span class=\"x78zum5 x1q0g3np\"><span class=\"x1lliihq x6ikm8r x10wlt62 x1n2onr6 xlyipyv xuxw1ft\"><span class=\"xt0psk2\"><span class=\"xjp7ctv\"><a class=\"x1i10hfl xjbqb8w x1ejq31n x18oe1m7 x1sy0etr xstzfhl x972fbf x10w94by x1qhh985 x14e42zd x9f619 x1ypdohk xt0psk2 x3ct3a4 xdj266r x14z9mp xat24cr x1lziwak xexx8yu xyri2b x18d9i69 x1c1uobl x16tdsg8 x1hl2dhg xggy1nq x1a2a7pz xkrqix3 x1sur9pj xzsf02u x1s688f\" href=\"https:\/\/www.facebook.com\/HNAGoettingen?__cft__[0]=AZYl0M-zpS26u8jwD0sjZVhCBFm78XAe0ccGlypxWrw2MPG-EFz5cRsiRuct-U0JNRx4wvQMOBlWA1_QCmEG7IgbYZ4t1ybTuDTOWKuaV82aHXl40qxUwnT5kRcR5WqMqNXgLm5mjg4Es4Xq5quNB9-F7t3q9HNk-T1_dS-N1BBAxQ&amp;__tn__=-UC%2CP-R\"><b class=\"html-b xdj266r x14z9mp xat24cr x1lziwak xexx8yu xyri2b x18d9i69 x1c1uobl x1hl2dhg x16tdsg8 x1vvkbs x1s688f\"><span class=\"html-span xdj266r x14z9mp xat24cr x1lziwak xexx8yu xyri2b x18d9i69 x1c1uobl x1hl2dhg x16tdsg8 x1vvkbs\">HNA G\u00f6ttingen<\/span><\/b><\/a><\/span><\/span><\/span><\/span><\/h3>\n<\/div>\n<\/div>\n<\/div>\n<\/div>\n<\/div>\n<\/div>\n<div class=\"html-div xdj266r x14z9mp xat24cr x1lziwak xexx8yu xyri2b x18d9i69 x1c1uobl\">\n<div class=\"html-div xdj266r x14z9mp xat24cr x1lziwak xexx8yu xyri2b x18d9i69 x1c1uobl\" dir=\"auto\">\n<div class=\"html-div xdj266r x14z9mp xat24cr x1lziwak xexx8yu xyri2b x18d9i69 x1c1uobl\" data-ad-rendering-role=\"story_message\">\n<div class=\"x1l90r2v x1iorvi4 x1g0dm76 xpdmqnj\" data-ad-comet-preview=\"message\" data-ad-preview=\"message\">\n<div class=\"x78zum5 xdt5ytf xz62fqu x16ldp7u\">\n<div class=\"xu06os2 x1ok221b\">\n<div class=\"html-div xdj266r x14z9mp xat24cr x1lziwak xexx8yu xyri2b x18d9i69 x1c1uobl\">\n<div class=\"xdj266r x14z9mp xat24cr x1lziwak x1vvkbs x126k92a\">\n<div dir=\"auto\">Ab dem 18. April gibt es jeden Samstag kurze Vortr\u00e4ge in der Stadtbibliothek. Au\u00dferdem informiert die Universit\u00e4t des Dritten Lebensalters \u00fcber das Sommersemester-Programm.<\/div>\n<\/div>\n<\/div>\n<\/div>\n<\/div>\n<\/div>\n<\/div>\n<\/div>\n<div class=\"html-div xdj266r x14z9mp xat24cr x1lziwak xexx8yu xyri2b x18d9i69 x1c1uobl x1n2onr6\">\n<div class=\"html-div xdj266r x14z9mp xat24cr x1lziwak xexx8yu xyri2b x18d9i69 x1c1uobl x1n2onr6\">\n<div class=\"xmjcpbm x1n2onr6\">\n<div class=\"x78zum5 x14ju556 x6ikm8r x10wlt62 x1n2onr6\" data-ad-rendering-role=\"image\">\n<div class=\"x6s0dn4 x1jx94hy x78zum5 xdt5ytf x6ikm8r x10wlt62 x1n2onr6 xh8yej3\">\n<div>\n<div class=\"xqtp20y x6ikm8r x10wlt62 x1n2onr6\">\n<div class=\"x10l6tqk x13vifvy\"><img loading=\"lazy\" decoding=\"async\" class=\"x15mokao x1ga7v0g x16uus16 xbiv7yw x1ey2m1c x5yr21d xtijo5x x1o0tod x10l6tqk x13vifvy xh8yej3 xl1xv1r\" src=\"https:\/\/external-ham3-1.xx.fbcdn.net\/emg1\/v\/t13\/5869403829499114393?url=https%3A%2F%2Fwww.hna.de%2Fassets%2Fimages%2F0%2F390%2F390681-1966102713-b7f2820c-db08-494f-865f-0651aca64ab6-0ef.jpg&amp;fb_obo=1&amp;utld=hna.de&amp;stp=c0.5000x0.5000f_dst-jpg_flffffff_p500x261_q75_tt6&amp;_nc_gid=_vw52KtYjiIPTsa53aGIhw&amp;_nc_oc=AdqqJ-zoCOEK2SFVQr8w92dMIC5Gb-fsX8Aa7NXAPJpUPPBZKx-132lov2egKPJvBg0vtxUNQBiJPpbyFMRw8ES4&amp;ccb=13-1&amp;oh=06_Q3-9ARhYKvIjxSdXT1Vdq4x1xvAVo2SIyWM2hffxH-yyUQf7&amp;oe=69D73401&amp;_nc_sid=c97757\" alt=\"Universit\u00e4t des Dritten Lebensalters startet \u201eWissen vor Zw\u00f6lf&quot;\" width=\"500\" height=\"261\" data-imgperflogname=\"feedImage\" \/><\/div>\n<\/div>\n<\/div>\n<\/div>\n<div class=\"x1nb4dca x1q0q8m5 xso031l x1exxf4d x13fuv20 x178xt8z x1ey2m1c x9f619 xtijo5x x1o0tod x47corl x10l6tqk x13vifvy\"><\/div>\n<\/div>\n<\/div>\n<div class=\"x10l6tqk xzkaem6 xxt37ne xys98vm\">\n<div class=\"x1i10hfl xjbqb8w x1ejq31n x18oe1m7 x1sy0etr xstzfhl x972fbf x10w94by x1qhh985 x14e42zd x9f619 x1ypdohk xt0psk2 x3ct3a4 xdj266r x14z9mp xat24cr x1lziwak xexx8yu xyri2b x18d9i69 x1c1uobl x16tdsg8 x1hl2dhg xggy1nq x1a2a7pz x1heor9g xkrqix3 x1sur9pj x1s688f\" role=\"button\" aria-label=\"Mehr\">\n<div class=\"x6s0dn4 x1jx94hy x1exxf4d xpv9jar x1nb4dca x1nmn18 x12l2aii x1mbk4o x14vvt0a x1w3ol1v x13fuv20 x18b5jzi x1q0q8m5 x1t7ytsu x178xt8z x1lun4ml xso031l xpilrb4 xzsf02u x78zum5 x1fgtraw xl56j7k xgd8bvy\"><\/div>\n<\/div>\n<\/div>\n<\/div>\n<div class=\"html-div xdj266r x14z9mp xat24cr x1lziwak xexx8yu xyri2b x18d9i69 x1c1uobl x6ikm8r x10wlt62\">\n<div class=\"x1n2onr6\">\n<div class=\"html-div xdj266r x14z9mp xat24cr x1lziwak xexx8yu xyri2b x18d9i69 x1c1uobl xmjcpbm x1n2onr6 x1lku1pv\">\n<div class=\"x9f619 x1ja2u2z x78zum5 x2lah0s x1n2onr6 x1qughib x6s0dn4 xozqiw3 x1q0g3np x1ws5yxj xw01apr xsag5q8 xv54qhq xf7dkkf xz9dl7a\">\n<div class=\"x9f619 x1n2onr6 x1ja2u2z x193iq5w xeuugli x1r8uery x1iyjqo2 xs83m0k x1icxu4v x25sj25\">\n<div class=\"html-div xdj266r x14z9mp x1lziwak xexx8yu xyri2b x18d9i69 x1c1uobl x1e56ztr xtvhhri\" data-ad-rendering-role=\"meta\"><span class=\"x193iq5w xeuugli x13faqbe x1vvkbs x1xmvt09 x1lliihq x1s928wv xhkezso x1gmr53x x1cpjm7i x1fgarty x1943h6x x4zkp8e x3x7a5m x1nxh6w3 x1sibtaa xo1l8bm xi81zsa\" dir=\"auto\"><span class=\"x1lliihq x6ikm8r x10wlt62 x1n2onr6 xlyipyv xuxw1ft x1j85h84\">hna.de<\/span><\/span><\/div>\n<div class=\"html-div x14z9mp x1lziwak xyri2b x1c1uobl x4vbgl9 x1rdy4ex x6ikm8r x10wlt62 xjkvuk6 x1iorvi4\">\n<div class=\"x78zum5 xdt5ytf xz62fqu x16ldp7u\">\n<div class=\"xu06os2 x1ok221b\"><a href=\"https:\/\/www.hna.de\/lokales\/goettingen\/goettingen-ort28741\/universitaet-des-dritten-lebensalters-startet-wissen-vor-zwoelf-94247176.html?fbclid=IwY2xjawRCYlJleHRuA2FlbQIxMQBzcnRjBmFwcF9pZBAyMjIwMzkxNzg4MjAwODkyAAEerjePBfpzM6pjobkJQ3O5lX_PEU0PXtUdFxLogG_IfQG3PL4aq1GFpQDeOMY_aem_aaSJCVve7towxOFTZpMDFA\"><span class=\"x193iq5w xeuugli x13faqbe x1vvkbs x1xmvt09 x1lliihq x1s928wv xhkezso x1gmr53x x1cpjm7i x1fgarty x1943h6x xudqn12 x3x7a5m x1lkfr7t x1lbecb7 x1s688f xzsf02u x1yc453h\" dir=\"auto\"><span class=\"x1lliihq x6ikm8r x10wlt62 x1n2onr6 x1j85h84\"><span class=\"html-span xdj266r x14z9mp xat24cr x1lziwak xexx8yu xyri2b x18d9i69 x1c1uobl x1hl2dhg x16tdsg8 x1vvkbs\" data-ad-rendering-role=\"title\"><span class=\"html-span xdj266r x14z9mp xat24cr x1lziwak xexx8yu xyri2b x18d9i69 x1c1uobl x1hl2dhg x16tdsg8 x1vvkbs\" dir=\"auto\">Universit\u00e4t des Dritten Lebensalters startet \u201eWissen vor Zw\u00f6lf\"<\/span><\/span><\/span><\/span><\/a><\/div>\n<\/div>\n<\/div>\n<\/div>\n<\/div>\n<\/div>\n<\/div>\n<\/div>\n<\/div>\n<\/div>\n<\/blockquote>\n<p>&nbsp;<\/p>\n<h4><a href=\"https:\/\/www.uni-goettingen.de\/de\/document\/download\/a1fc1f800aeed3d8067a4ff9f1ff8805.pdf\/Wissen%20vor%2012%20UDL%20SoSe%202026%20NEU.pdf\">Programm \"Wissen vor Zw\u00f6lf\"<\/a><\/h4>\n<\/div>\n\t\t<div class=\"mc-location\"><div class=\"address location vcard\"><div class='map'><a href='https:\/\/www.google.de\/maps\/dir\/Stadtbibliothek+G%C3%B6ttingen+-+Zentralbibliothek,+Gotmarstra%C3%9Fe,+G%C3%B6ttingen\/\/@51.5299431,9.9471534,14.04z\/data=!4m8!4m7!1m5!1m1!1s0x47a4d4bef58217db:0x5043d963090df35f!2m2!1d9.9338979!2d51.5334777!1m0?entry=ttu' class='url external'><span class='mc-icon' aria-hidden='true'><\/span>Karte<span class='screen-reader-text fn'> Stadtbibliothek G\u00f6ttingen - Zentralbibliothek, Gotmarstra\u00dfe 8, 37073 G\u00f6ttingen<\/span><\/a><\/div><\/div><\/div>\n\t\t<div class=\"sharing\">\t<p class='mc-details'><a aria-label='Weiterlesen: 08.04.2026, HNA: Universit\u00e4t des Dritten Lebensalters startet \u201eWissen vor Zw\u00f6lf&quot;' href='https:\/\/rt-europaallee.de\/wordpress\/my-calendar\/?mc_id=30663'>Weiterlesen<\/a><\/p>\n<\/div><\/div><!--end .details--><\/article><article id='mc_calendar_25_30776-calendar-30776' class='mc-mc_calendar_30776 calendar-event mc_info mc_location-403  future-event mc_primary_info nonrecurring mc mc-start-18-00 mc-group-4644 mc-event-4644 today-event mc-events mc-event mc_rel_info'><header>\t<h3 class='event-title summary' id='mc_30776-title-my-calendar'><button type='button' id='modal-button-mc_calendar_25_30776-calendar-details-30776' data-modal-content-id='mc_calendar_25_30776-calendar-details-30776' data-modal-prefix-class='my-calendar' data-modal-close-text='Schlie\u00dfen' data-modal-title='22.04.2026, G\u00f6VB: Einschr\u00e4nkungen im Lininienverkehr wegen Tour d&#039;Energie' aria-controls='mc_calendar_25_30776-calendar-details-30776' class='calendar mc-modal button button-link url summary has-image'><svg style=\"fill:#000000\" focusable=\"false\" role=\"img\" aria-labelledby=\"cat_30776\" class=\"category-icon\" xmlns=\"http:\/\/www.w3.org\/2000\/svg\" viewBox=\"0 0 192 512\"><!-- Font Awesome Free 5.15.3 by @fontawesome - https:\/\/fontawesome.com License - https:\/\/fontawesome.com\/license\/free (Icons: CC BY 4.0, Fonts: SIL OFL 1.1, Code: MIT License) --><title id='cat_30776'>Kategorie: Info<\/title><path d=\"M20 424.229h20V279.771H20c-11.046 0-20-8.954-20-20V212c0-11.046 8.954-20 20-20h112c11.046 0 20 8.954 20 20v212.229h20c11.046 0 20 8.954 20 20V492c0 11.046-8.954 20-20 20H20c-11.046 0-20-8.954-20-20v-47.771c0-11.046 8.954-20 20-20zM96 0C56.235 0 24 32.235 24 72s32.235 72 72 72 72-32.235 72-72S135.764 0 96 0z\"\/><\/svg> <div>22.04.2026, G\u00f6VB: Einschr\u00e4nkungen im Lininienverkehr wegen Tour d'Energie<\/div><\/button><\/h3>\n<\/header><div id='mc_calendar_25_30776-calendar-details-30776' class='details no-image uses-modal single-details'  aria-labelledby='mc_30776-title-my-calendar'>\n\t<button type='button' aria-controls='mc_calendar_25_30776-calendar-details-30776' class='mc-toggle close'><span class='dashicons dashicons-dismiss' aria-hidden='true'><\/span><span class='screen-reader-text'>Close<\/span><\/button>\n\t\r\n\t<div class='time-block'>\r\n\t\t<span class='mc-icon' aria-hidden='true'><\/span>\r\n\t\t<p><span class=\"time-wrapper\"><span class='event-time dtstart'><time class='value-title' datetime='2026-04-25T18:00:00+02:00' title='2026-04-25T18:00:00+02:00'>18:00<\/time><\/span>  <\/span><br \/><span class=\"date-wrapper\"><span class='mc-start-date dtstart' title='2026-04-25T18:00:00+02:00' content='2026-04-25T18:00:00+02:00'>25. April 2026<\/span>  <\/span><\/p>\r\n\t<\/div>\n\t\t<div class='longdesc description'><p>(Quelle: <a href=\"https:\/\/www.facebook.com\/goevb\/posts\/pfbid0pUcZkL4F9LZZSqzuxkWs4dk1RZu1Sm6isnV4rS2PZu6ywM8Wa5eqTEP2n84DEBYul?notif_id=1776725400766570&amp;notif_t=notify_me_page&amp;ref=notif\">https:\/\/www.facebook.com\/goevb\/posts\/pfbid0pUcZkL4F9LZZSqzuxkWs4dk1RZu1Sm6isnV4rS2PZu6ywM8Wa5eqTEP2n84DEBYul?notif_id=1776725400766570&amp;notif_t=notify_me_page&amp;ref=notif<\/a>)<\/p>\n<blockquote>\n<div class=\"html-div xdj266r x14z9mp xat24cr x1lziwak xexx8yu xyri2b x18d9i69 x1c1uobl\">\n<div class=\"html-div xdj266r x14z9mp x1lziwak x18d9i69 x1cy8zhl x78zum5 x1q0g3np xod5an3 xz9dl7a x1g0dm76 xpdmqnj\">\n<div class=\"html-div xdj266r xat24cr x1lziwak xexx8yu xyri2b x18d9i69 x1c1uobl x78zum5 x2lah0s xqtp20y x1xegmmw\">\n<div class=\"x1vqgdyp x100vrsf\">\n<div class=\"\"><\/div>\n<\/div>\n<\/div>\n<div class=\"html-div xdj266r x14z9mp xat24cr x1lziwak xexx8yu xyri2b x18d9i69 x1c1uobl x1iyjqo2 xeuugli\">\n<div class=\"x78zum5 xdt5ytf xz62fqu x16ldp7u\">\n<div class=\"xu06os2 x1ok221b\">\n<div class=\"html-div xdj266r x14z9mp xat24cr x1lziwak xexx8yu xyri2b x18d9i69 x1c1uobl\" data-ad-rendering-role=\"profile_name\">\n<h3 class=\"html-h3 x14z9mp xat24cr x1lziwak xexx8yu xyri2b x18d9i69 x1c1uobl x1vvkbs x1heor9g x1qlqyl8 x1pd3egz x1a2a7pz x1gslohp x1yc453h\"><span class=\"x78zum5 x1q0g3np\"><span class=\"x1lliihq x6ikm8r x10wlt62 x1n2onr6 xlyipyv xuxw1ft\"><span class=\"xt0psk2\"><span class=\"xjp7ctv\"><a class=\"x1i10hfl xjbqb8w x1ejq31n x18oe1m7 x1sy0etr xstzfhl x972fbf x10w94by x1qhh985 x14e42zd x9f619 x1ypdohk xt0psk2 x3ct3a4 xdj266r x14z9mp xat24cr x1lziwak xexx8yu xyri2b x18d9i69 x1c1uobl x16tdsg8 x1hl2dhg xggy1nq x1a2a7pz xkrqix3 x1sur9pj xzsf02u x1s688f\" href=\"https:\/\/www.facebook.com\/goevb?__cft__[0]=AZY1jJ7Yf7cXVNhb7sa2IJ6Ooy_Ex8s_BfB82BzPGWNtFppRr7hH1YhbXYJwYhfMa9yavFxaF143FDm7-30k-ou6jaZgb_HFhyNlSk-Mxm7WFjYPu5UpwhwBox0LwNgRREU9utoz9ATOMxebWZV7-v_wf8l3FyUC13R8VUwxep8xXg&amp;__tn__=-UC%2CP-R\"><b class=\"html-b xdj266r x14z9mp xat24cr x1lziwak xexx8yu xyri2b x18d9i69 x1c1uobl x1hl2dhg x16tdsg8 x1vvkbs x1s688f\"><span class=\"html-span xdj266r x14z9mp xat24cr x1lziwak xexx8yu xyri2b x18d9i69 x1c1uobl x1hl2dhg x16tdsg8 x1vvkbs\">G\u00f6VB - G\u00f6ttinger Verkehrsbetriebe<\/span><\/b><\/a><\/span><\/span><\/span><\/span><\/h3>\n<\/div>\n<\/div>\n<div class=\"xu06os2 x1ok221b\">\n<div class=\"html-div xdj266r x14z9mp xat24cr x1lziwak xexx8yu xyri2b x18d9i69 x1c1uobl x6s0dn4 x17zd0t2 x78zum5 x1q0g3np x1a02dak\"><\/div>\n<\/div>\n<\/div>\n<\/div>\n<\/div>\n<\/div>\n<div class=\"html-div xdj266r x14z9mp xat24cr x1lziwak xexx8yu xyri2b x18d9i69 x1c1uobl\">\n<div class=\"html-div xdj266r x14z9mp xat24cr x1lziwak xexx8yu xyri2b x18d9i69 x1c1uobl\" dir=\"auto\">\n<div class=\"html-div xdj266r x14z9mp xat24cr x1lziwak xexx8yu xyri2b x18d9i69 x1c1uobl\" data-ad-rendering-role=\"story_message\">\n<div class=\"x1l90r2v x1iorvi4 x1g0dm76 xpdmqnj\" data-ad-comet-preview=\"message\" data-ad-preview=\"message\">\n<div class=\"x78zum5 xdt5ytf xz62fqu x16ldp7u\">\n<div class=\"xu06os2 x1ok221b\">\n<div class=\"html-div xdj266r x14z9mp xat24cr x1lziwak xexx8yu xyri2b x18d9i69 x1c1uobl\">\n<div class=\"xdj266r x14z9mp xat24cr x1lziwak x1vvkbs x126k92a\">\n<div dir=\"auto\"><span class=\"html-span xexx8yu xyri2b x18d9i69 x1c1uobl x1hl2dhg x16tdsg8 x1vvkbs x3nfvp2 x1j61x8r x1fcty0u xdj266r xat24cr xm2jcoa x1mpyi22 xxymvpz xlup9mm x1kky2od\"><img loading=\"lazy\" decoding=\"async\" class=\"xz74otr x15mokao x1ga7v0g x16uus16 xbiv7yw\" src=\"https:\/\/static.xx.fbcdn.net\/images\/emoji.php\/v9\/t45\/1\/16\/1f6a8.png\" alt=\"\ud83d\udea8\" width=\"16\" height=\"16\" \/><\/span>Tour d'Energie am 26.04.26<span class=\"html-span xexx8yu xyri2b x18d9i69 x1c1uobl x1hl2dhg x16tdsg8 x1vvkbs x3nfvp2 x1j61x8r x1fcty0u xdj266r xat24cr xm2jcoa x1mpyi22 xxymvpz xlup9mm x1kky2od\"><img loading=\"lazy\" decoding=\"async\" class=\"xz74otr x15mokao x1ga7v0g x16uus16 xbiv7yw\" src=\"https:\/\/static.xx.fbcdn.net\/images\/emoji.php\/v9\/t45\/1\/16\/1f6a8.png\" alt=\"\ud83d\udea8\" width=\"16\" height=\"16\" \/><\/span><\/div>\n<div dir=\"auto\">***********************************<\/div>\n<div dir=\"auto\">Ab dem 25.04.26 (ca. 18:00 Uhr) bis 18:00 Uhr am Folgetag kommt es zu Einschr\u00e4nkungen im Linienverkehr aufgrund des Radrennens. Welche Linien betroffen sind, steht in unseren News:<\/div>\n<\/div>\n<\/div>\n<\/div>\n<\/div>\n<\/div>\n<\/div>\n<\/div>\n<div class=\"html-div xdj266r x14z9mp xat24cr x1lziwak xexx8yu xyri2b x18d9i69 x1c1uobl x1n2onr6\">\n<div class=\"html-div xdj266r x14z9mp xat24cr x1lziwak xexx8yu xyri2b x18d9i69 x1c1uobl x1n2onr6\">\n<div class=\"xmjcpbm x1n2onr6\">\n<div class=\"x78zum5 x14ju556 x6ikm8r x10wlt62 x1n2onr6\" data-ad-rendering-role=\"image\">\n<div class=\"x6s0dn4 x1jx94hy x78zum5 xdt5ytf x6ikm8r x10wlt62 x1n2onr6 xh8yej3\">\n<div>\n<div class=\"xqtp20y x6ikm8r x10wlt62 x1n2onr6\">\n<div class=\"x10l6tqk x13vifvy\"><img loading=\"lazy\" decoding=\"async\" class=\"x15mokao x1ga7v0g x16uus16 xbiv7yw x1ey2m1c x5yr21d xtijo5x x1o0tod x10l6tqk x13vifvy xh8yej3 xl1xv1r\" src=\"https:\/\/external-ham3-1.xx.fbcdn.net\/emg1\/v\/t13\/4347784231622858677?url=https%3A%2F%2Fwww.goevb.de%2Ffileadmin%2F_processed_%2F9%2F6%2Fcsm_Radrennen_ff2078f7f1.jpeg&amp;fb_obo=1&amp;utld=goevb.de&amp;stp=c0.5000x0.5000f_dst-jpg_flffffff_p500x261_q75_tt6&amp;_nc_gid=EOeej5kx2SIzffTPBIQYCw&amp;_nc_oc=AdoOq_oXbck2GE5BoUPYecd0YWgQpeyUgVxxKkTvDJpxFuY2c12UjDTYtTKwVrmvirnrc-WQvLB2eUQ-LTZwa8Kf&amp;ccb=13-1&amp;oh=06_Q3--AcDYsaf4H4JlcZqDDGS91jnP97ICSqrcs-rdFQ9Sv8oR&amp;oe=69EA1DBF&amp;_nc_sid=c97757\" alt=\"Tour d\u2019Energie am 26.04.26\" width=\"500\" height=\"261\" data-imgperflogname=\"feedImage\" \/><\/div>\n<\/div>\n<\/div>\n<\/div>\n<div class=\"x1nb4dca x1q0q8m5 xso031l x1exxf4d x13fuv20 x178xt8z x1ey2m1c x9f619 xtijo5x x1o0tod x47corl x10l6tqk x13vifvy\"><\/div>\n<\/div>\n<\/div>\n<div class=\"x10l6tqk xzkaem6 xxt37ne xys98vm\">\n<div class=\"x1i10hfl xjbqb8w x1ejq31n x18oe1m7 x1sy0etr xstzfhl x972fbf x10w94by x1qhh985 x14e42zd x9f619 x1ypdohk xt0psk2 x3ct3a4 xdj266r x14z9mp xat24cr x1lziwak xexx8yu xyri2b x18d9i69 x1c1uobl x16tdsg8 x1hl2dhg xggy1nq x1a2a7pz x1heor9g xkrqix3 x1sur9pj x1s688f\" role=\"button\" aria-label=\"Mehr\">\n<div class=\"x6s0dn4 x1jx94hy x1exxf4d xpv9jar x1nb4dca x1nmn18 x12l2aii x1mbk4o x14vvt0a x1w3ol1v x13fuv20 x18b5jzi x1q0q8m5 x1t7ytsu x178xt8z x1lun4ml xso031l xpilrb4 xzsf02u x78zum5 x1fgtraw xl56j7k xgd8bvy\"><\/div>\n<\/div>\n<\/div>\n<\/div>\n<div class=\"html-div xdj266r x14z9mp xat24cr x1lziwak xexx8yu xyri2b x18d9i69 x1c1uobl x6ikm8r x10wlt62\">\n<div class=\"x1n2onr6\">\n<div class=\"html-div xdj266r x14z9mp xat24cr x1lziwak xexx8yu xyri2b x18d9i69 x1c1uobl xmjcpbm x1n2onr6 x1lku1pv\">\n<div class=\"x9f619 x1ja2u2z x78zum5 x2lah0s x1n2onr6 x1qughib x6s0dn4 xozqiw3 x1q0g3np x1ws5yxj xw01apr xsag5q8 xv54qhq xf7dkkf xz9dl7a\">\n<div class=\"x9f619 x1n2onr6 x1ja2u2z x193iq5w xeuugli x1r8uery x1iyjqo2 xs83m0k x1icxu4v x25sj25\">\n<div class=\"html-div xdj266r x14z9mp x1lziwak xexx8yu xyri2b x18d9i69 x1c1uobl x1e56ztr xtvhhri\" data-ad-rendering-role=\"meta\"><span class=\"x193iq5w xeuugli x13faqbe x1vvkbs x1xmvt09 x1lliihq x1s928wv xhkezso x1gmr53x x1cpjm7i x1fgarty x1943h6x x4zkp8e x3x7a5m x1nxh6w3 x1sibtaa xo1l8bm xi81zsa\" dir=\"auto\"><span class=\"x1lliihq x6ikm8r x10wlt62 x1n2onr6 xlyipyv xuxw1ft x1j85h84\">goevb.de<\/span><\/span><\/div>\n<div class=\"html-div x14z9mp x1lziwak xyri2b x1c1uobl x4vbgl9 x1rdy4ex x6ikm8r x10wlt62 xjkvuk6 x1iorvi4\">\n<div class=\"x78zum5 xdt5ytf xz62fqu x16ldp7u\">\n<div class=\"xu06os2 x1ok221b\"><a href=\"https:\/\/www.goevb.de\/service\/news\/details\/tour-denergie-am-260426?fbclid=IwY2xjawRVGw1leHRuA2FlbQIxMQBzcnRjBmFwcF9pZBAyMjIwMzkxNzg4MjAwODkyAAEe7Y3s3fWwBb0NldXWNy-syoiZuGCfInLf6JXlSHm9ff5O_ROQAxdIYfNtreI_aem_N5VBU5cgnjtXjkvhrjgsng\"><span class=\"x193iq5w xeuugli x13faqbe x1vvkbs x1xmvt09 x1lliihq x1s928wv xhkezso x1gmr53x x1cpjm7i x1fgarty x1943h6x xudqn12 x3x7a5m x1lkfr7t x1lbecb7 x1s688f xzsf02u x1yc453h\" dir=\"auto\"><span class=\"x1lliihq x6ikm8r x10wlt62 x1n2onr6 x1j85h84\"><span class=\"html-span xdj266r x14z9mp xat24cr x1lziwak xexx8yu xyri2b x18d9i69 x1c1uobl x1hl2dhg x16tdsg8 x1vvkbs\" data-ad-rendering-role=\"title\"><span class=\"html-span xdj266r x14z9mp xat24cr x1lziwak xexx8yu xyri2b x18d9i69 x1c1uobl x1hl2dhg x16tdsg8 x1vvkbs\" dir=\"auto\">Tour d\u2019Energie am 26.04.26<\/span><\/span><\/span><\/span><\/a><\/div>\n<\/div>\n<\/div>\n<\/div>\n<\/div>\n<\/div>\n<\/div>\n<\/div>\n<\/div>\n<\/div>\n<\/blockquote>\n<\/div>\n\t\t<div class=\"sharing\">\t<p class='mc-details'><a aria-label='Weiterlesen: 22.04.2026, G\u00f6VB: Einschr\u00e4nkungen im Lininienverkehr wegen Tour d&#039;Energie' href='https:\/\/rt-europaallee.de\/wordpress\/my-calendar\/?mc_id=30776'>Weiterlesen<\/a><\/p>\n<\/div><\/div><!--end .details--><\/article>\n<\/td>\n<td id='calendar-2026-04-26' class='mc-events sonntag so future-day weekend  has-events author3 mcat_general mcat_info mcat_sport mcat_treffen-erfahrungsaustausch day-with-date'><div class='mc-date-container'>\n\t<span class='mc-date'><span aria-hidden='true' class='mc-day-number'>26<\/span><span class='screen-reader-text mc-day-date'>26. April 2026<\/span><span class=\"event-icon\" aria-hidden=\"true\">&#9679;&#9679;&#9679;<\/span><span class=\"screen-reader-text\"><span class=\"mc-list-details event-count\">(4 Veranstaltungen)<\/span><\/span><\/span><\/div><article id='mc_calendar_26_30605-calendar-30605' class='mc-mc_calendar_30605 calendar-event mc_general mc_stadtlabor-gttingen-wilhelmspl-3-37073-gttingen  on-now mc_primary_general nonrecurring mc-3-wochen mc-start-00-00 ungrouped mc-event-4583 mc-events multidate mc-event mc_rel_general'><header>\t<h3 class='event-title summary' id='mc_30605-title-my-calendar'><button type='button' id='modal-button-mc_calendar_26_30605-calendar-details-30605' data-modal-content-id='mc_calendar_26_30605-calendar-details-30605' data-modal-prefix-class='my-calendar' data-modal-close-text='Schlie\u00dfen' data-modal-title='16.03.2026, Ausstellung: Der NS-V\u00f6lkermord an den Roma in der besetzten Sowjetunion' aria-controls='mc_calendar_26_30605-calendar-details-30605' class='calendar mc-modal button button-link url summary has-image'><svg style=\"fill:#000000\" focusable=\"false\" role=\"img\" aria-labelledby=\"cat_30605\" class=\"category-icon\" xmlns=\"http:\/\/www.w3.org\/2000\/svg\" viewBox=\"0 0 448 512\"><!-- Font Awesome Free 5.15.3 by @fontawesome - https:\/\/fontawesome.com License - https:\/\/fontawesome.com\/license\/free (Icons: CC BY 4.0, Fonts: SIL OFL 1.1, Code: MIT License) --><title id='cat_30605'>Kategorie: General<\/title><path d=\"M12 192h424c6.6 0 12 5.4 12 12v260c0 26.5-21.5 48-48 48H48c-26.5 0-48-21.5-48-48V204c0-6.6 5.4-12 12-12zm436-44v-36c0-26.5-21.5-48-48-48h-48V12c0-6.6-5.4-12-12-12h-40c-6.6 0-12 5.4-12 12v52H160V12c0-6.6-5.4-12-12-12h-40c-6.6 0-12 5.4-12 12v52H48C21.5 64 0 85.5 0 112v36c0 6.6 5.4 12 12 12h424c6.6 0 12-5.4 12-12z\"\/><\/svg> <div>16.03.2026, Ausstellung: Der NS-V\u00f6lkermord an den Roma in der besetzten Sowjetunion<\/div><\/button><\/h3>\n<\/header><div id='mc_calendar_26_30605-calendar-details-30605' class='details no-image uses-modal single-details'  aria-labelledby='mc_30605-title-my-calendar'>\n\t<button type='button' aria-controls='mc_calendar_26_30605-calendar-details-30605' class='mc-toggle close'><span class='dashicons dashicons-dismiss' aria-hidden='true'><\/span><span class='screen-reader-text'>Close<\/span><\/button>\n\t\r\n\t<div class='time-block'>\r\n\t\t<span class='mc-icon' aria-hidden='true'><\/span>\r\n\t\t<p><span class=\"time-wrapper\"> <span class='event-time'><abbr title='Nicht zutreffend'>n.\u00a0a.<\/abbr><\/span>  <\/span><br \/><span class=\"date-wrapper\"><span class='mc-start-date dtstart' title='2026-04-10T00:00:00+02:00' content='2026-04-10T00:00:00+02:00'>10. April 2026<\/span> <span class='date-separator'> &ndash; <\/span> <span class=\"event-time dtend\">30. April 2026<\/span><\/span><\/p>\r\n\t<\/div>\n\t\t<div class='longdesc description'><p>Siehe:\u00a0<a href=\"https:\/\/rt-europaallee.de\/wordpress\/2026\/03\/stadt-goettingen-internationale-wochen-gegen-rassismus-veranstaltungen-in-der-stadt-goettingen\/\">https:\/\/rt-europaallee.de\/wordpress\/2026\/03\/stadt-goettingen-internationale-wochen-gegen-rassismus-veranstaltungen-in-der-stadt-goettingen\/<\/a><\/p>\n<p><img decoding=\"async\" class=\"emoji\" role=\"img\" src=\"https:\/\/s.w.org\/images\/core\/emoji\/17.0.2\/svg\/27a1.svg\" alt=\"\u27a1\ufe0f\" \/><\/p>\n<blockquote><p>(Quelle:\u00a0<a href=\"https:\/\/www.goettingen.de\/portal\/meldungen\/internationale-wochen-gegen-rassismus-veranstaltungen-in-der-stadt-goettingen-900004830-25480.html?utm_source=copilot.com\">https:\/\/www.goettingen.de\/portal\/meldungen\/internationale-wochen-gegen-rassismus-veranstaltungen-in-der-stadt-goettingen-900004830-25480.html?utm_source=copilot.com<\/a>)<\/p>\n<blockquote>\n<div class=\"fusstext fusstext_oben\">\n<p><span class=\"create\">06.03.2026<\/span><span class=\"modified\">\u00a0| ge\u00e4ndert am 12.03.2026<\/span><\/p>\n<div><\/div>\n<\/div>\n<h3 class=\"kontrast-bild\">Internationale Wochen gegen Rassismus \u2013 Veranstaltungen in der Stadt G\u00f6ttingen<\/h3>\n<div id=\"nolis_content_site\" class=\"nolis_content_site\">\n<p class=\"anreisser_detail\"><strong>Zum 31. Mal finden die bundesweiten Internationalen Wochen gegen Rassismus von Montag bis Sonntag, 16. bis 29. M\u00e4rz 2026, statt. Das diesj\u00e4hrige Motto lautet \u201e100 Prozent Menschenw\u00fcrde. Zusammen gegen Rassismus und Rechtsextremismus\u201c. Der diesj\u00e4hrige Botschafter der Aktionswochen ist Prof. Dr. Matthias Quent. Hier gibt es einen \u00dcberblick \u00fcber die Veranstaltungen in der Stadt G\u00f6ttingen.<\/strong><\/p>\n<h3>...<\/h3>\n<p>Freitag, 10. April bis Donnerstag, 30. April 2026<br \/>\n<strong>Der NS-V\u00f6lkermord an den Roma in der besetzten Sowjetunion<\/strong><br \/>\n<strong>Ausstellung im Stadtlabor<\/strong><\/p>\n<p>Ort: Stadtlabor, Wilhelmsplatz 3, 37073 G\u00f6ttingen<br \/>\nVeranstalter*in: Roma Center e. V.<br \/>\nEintritt: frei<br \/>\nAnmeldung: nicht erforderlich.\u00a0<a class=\"link_katalog nolis-link-extern\" href=\"https:\/\/roma-center.de\/\" target=\"_blank\">Die \u00d6ffnungszeiten der Ausstellung sind hier aufgef\u00fchrt<\/a>.<\/p>\n<p>Am Freitag, 10. April 2026 um 18.00 Uhr er\u00f6ffnen Roma Center und Bildungswerk f\u00fcr Erinnerungsarbeit und Frieden die Ausstellung \u201eGenozid an Roma auf dem Gebiet der besetzten Sowjetunion 1941\u20131944\u201c im Stadtlabor. Grundlage sind 200 Interviews mit \u00dcberlebenden und ihren Kindern aus der Ukraine, Belarus, Russland, Rum\u00e4nien und Moldau. Sie erz\u00e4hlen von Verfolgung und Widerstand der Roma nach dem \u00dcberfall auf die Sowjetunion.<\/p>\n<h3>...<\/h3>\n<\/div>\n<\/blockquote>\n<\/blockquote>\n<blockquote>\n<h3><\/h3>\n<\/blockquote>\n<\/div>\n\t\t<div class=\"mc-location\"><div class=\"address location vcard\"><div class='map'><a href='https:\/\/www.google.com\/maps\/place\/Stadtlabor+G%C3%B6ttingen\/@51.5334069,9.9374107,20.79z\/data=!3m1!5s0x47a4d495880e01c3:0x2da49c3266d39a0d!4m15!1m8!3m7!1s0x47a4d49588f818f7:0x3eeeb28ecd9fdbb0!2sWilhelmspl.+3,+37073+G%C3%B6ttingen!3b1!8m2!3d51.5334334!4d9.9374974!16s%2Fg%2F11cscfk8zz!3m5!1s0x47a4d5950eff9b5b:0xc068ed179b6e3c99!8m2!3d51.5335141!4d9.9376129!16s%2Fg%2F11v3znlf2z?entry=ttu' class='url external'><span class='mc-icon' aria-hidden='true'><\/span>Karte<span class='screen-reader-text fn'> Stadtlabor G\u00f6ttingen, Wilhelmspl. 3, 37073 G\u00f6ttingen<\/span><\/a><\/div><\/div><\/div>\n\t\t<div class=\"sharing\">\t<p class='mc-details'><a aria-label='Weiterlesen: 16.03.2026, Ausstellung: Der NS-V\u00f6lkermord an den Roma in der besetzten Sowjetunion' href='https:\/\/rt-europaallee.de\/wordpress\/my-calendar\/?mc_id=30605'>Weiterlesen<\/a><\/p>\n<\/div><\/div><!--end .details--><\/article><article id='mc_calendar_26_30777-calendar-30777' class='mc-mc_calendar_30777 calendar-event mc_info mc_location-404  future-event mc_primary_info nonrecurring mc-18-stunden mc-start-00-00 mc-group-4644 mc-event-4645 mc-events mc-event mc_rel_info'><header>\t<h3 class='event-title summary' id='mc_30777-title-my-calendar'><button type='button' id='modal-button-mc_calendar_26_30777-calendar-details-30777' data-modal-content-id='mc_calendar_26_30777-calendar-details-30777' data-modal-prefix-class='my-calendar' data-modal-close-text='Schlie\u00dfen' data-modal-title='22.04.2026, G\u00f6VB: Einschr\u00e4nkungen im Lininienverkehr wegen Tour d&#039;Energie' aria-controls='mc_calendar_26_30777-calendar-details-30777' class='calendar mc-modal button button-link url summary has-image'><svg style=\"fill:#000000\" focusable=\"false\" role=\"img\" aria-labelledby=\"cat_30777\" class=\"category-icon\" xmlns=\"http:\/\/www.w3.org\/2000\/svg\" viewBox=\"0 0 192 512\"><!-- Font Awesome Free 5.15.3 by @fontawesome - https:\/\/fontawesome.com License - https:\/\/fontawesome.com\/license\/free (Icons: CC BY 4.0, Fonts: SIL OFL 1.1, Code: MIT License) --><title id='cat_30777'>Kategorie: Info<\/title><path d=\"M20 424.229h20V279.771H20c-11.046 0-20-8.954-20-20V212c0-11.046 8.954-20 20-20h112c11.046 0 20 8.954 20 20v212.229h20c11.046 0 20 8.954 20 20V492c0 11.046-8.954 20-20 20H20c-11.046 0-20-8.954-20-20v-47.771c0-11.046 8.954-20 20-20zM96 0C56.235 0 24 32.235 24 72s32.235 72 72 72 72-32.235 72-72S135.764 0 96 0z\"\/><\/svg> <div>22.04.2026, G\u00f6VB: Einschr\u00e4nkungen im Lininienverkehr wegen Tour d'Energie<\/div><\/button><\/h3>\n<\/header><div id='mc_calendar_26_30777-calendar-details-30777' class='details no-image uses-modal single-details'  aria-labelledby='mc_30777-title-my-calendar'>\n\t<button type='button' aria-controls='mc_calendar_26_30777-calendar-details-30777' class='mc-toggle close'><span class='dashicons dashicons-dismiss' aria-hidden='true'><\/span><span class='screen-reader-text'>Close<\/span><\/button>\n\t\r\n\t<div class='time-block'>\r\n\t\t<span class='mc-icon' aria-hidden='true'><\/span>\r\n\t\t<p><span class=\"time-wrapper\"><span class='event-time dtstart'><time class='value-title' datetime='2026-04-26T00:00:00+02:00' title='2026-04-26T00:00:00+02:00'>0:00<\/time><\/span> <span class='time-separator'> &ndash; <\/span> <span class='end-time dtend'> <time class='value-title' datetime='2026-04-26T18:00:00+02:00' title='2026-04-26T18:00:00+02:00'>18:00<\/time><\/span><\/span><br \/><span class=\"date-wrapper\"><span class='mc-start-date dtstart' title='2026-04-26T00:00:00+02:00' content='2026-04-26T00:00:00+02:00'>26. April 2026<\/span>  <\/span><\/p>\r\n\t<\/div>\n\t\t<div class='longdesc description'><p>(Quelle: <a href=\"https:\/\/www.facebook.com\/goevb\/posts\/pfbid0pUcZkL4F9LZZSqzuxkWs4dk1RZu1Sm6isnV4rS2PZu6ywM8Wa5eqTEP2n84DEBYul?notif_id=1776725400766570&amp;notif_t=notify_me_page&amp;ref=notif\">https:\/\/www.facebook.com\/goevb\/posts\/pfbid0pUcZkL4F9LZZSqzuxkWs4dk1RZu1Sm6isnV4rS2PZu6ywM8Wa5eqTEP2n84DEBYul?notif_id=1776725400766570&amp;notif_t=notify_me_page&amp;ref=notif<\/a>)<\/p>\n<blockquote>\n<div class=\"html-div xdj266r x14z9mp xat24cr x1lziwak xexx8yu xyri2b x18d9i69 x1c1uobl\">\n<div class=\"html-div xdj266r x14z9mp x1lziwak x18d9i69 x1cy8zhl x78zum5 x1q0g3np xod5an3 xz9dl7a x1g0dm76 xpdmqnj\">\n<div class=\"html-div xdj266r xat24cr x1lziwak xexx8yu xyri2b x18d9i69 x1c1uobl x78zum5 x2lah0s xqtp20y x1xegmmw\">\n<div class=\"x1vqgdyp x100vrsf\">\n<div class=\"\"><\/div>\n<\/div>\n<\/div>\n<div class=\"html-div xdj266r x14z9mp xat24cr x1lziwak xexx8yu xyri2b x18d9i69 x1c1uobl x1iyjqo2 xeuugli\">\n<div class=\"x78zum5 xdt5ytf xz62fqu x16ldp7u\">\n<div class=\"xu06os2 x1ok221b\">\n<div class=\"html-div xdj266r x14z9mp xat24cr x1lziwak xexx8yu xyri2b x18d9i69 x1c1uobl\" data-ad-rendering-role=\"profile_name\">\n<h3 class=\"html-h3 x14z9mp xat24cr x1lziwak xexx8yu xyri2b x18d9i69 x1c1uobl x1vvkbs x1heor9g x1qlqyl8 x1pd3egz x1a2a7pz x1gslohp x1yc453h\"><span class=\"x78zum5 x1q0g3np\"><span class=\"x1lliihq x6ikm8r x10wlt62 x1n2onr6 xlyipyv xuxw1ft\"><span class=\"xt0psk2\"><span class=\"xjp7ctv\"><a class=\"x1i10hfl xjbqb8w x1ejq31n x18oe1m7 x1sy0etr xstzfhl x972fbf x10w94by x1qhh985 x14e42zd x9f619 x1ypdohk xt0psk2 x3ct3a4 xdj266r x14z9mp xat24cr x1lziwak xexx8yu xyri2b x18d9i69 x1c1uobl x16tdsg8 x1hl2dhg xggy1nq x1a2a7pz xkrqix3 x1sur9pj xzsf02u x1s688f\" href=\"https:\/\/www.facebook.com\/goevb?__cft__[0]=AZY1jJ7Yf7cXVNhb7sa2IJ6Ooy_Ex8s_BfB82BzPGWNtFppRr7hH1YhbXYJwYhfMa9yavFxaF143FDm7-30k-ou6jaZgb_HFhyNlSk-Mxm7WFjYPu5UpwhwBox0LwNgRREU9utoz9ATOMxebWZV7-v_wf8l3FyUC13R8VUwxep8xXg&amp;__tn__=-UC%2CP-R\"><b class=\"html-b xdj266r x14z9mp xat24cr x1lziwak xexx8yu xyri2b x18d9i69 x1c1uobl x1hl2dhg x16tdsg8 x1vvkbs x1s688f\"><span class=\"html-span xdj266r x14z9mp xat24cr x1lziwak xexx8yu xyri2b x18d9i69 x1c1uobl x1hl2dhg x16tdsg8 x1vvkbs\">G\u00f6VB - G\u00f6ttinger Verkehrsbetriebe<\/span><\/b><\/a><\/span><\/span><\/span><\/span><\/h3>\n<\/div>\n<\/div>\n<div class=\"xu06os2 x1ok221b\">\n<div class=\"html-div xdj266r x14z9mp xat24cr x1lziwak xexx8yu xyri2b x18d9i69 x1c1uobl x6s0dn4 x17zd0t2 x78zum5 x1q0g3np x1a02dak\"><\/div>\n<\/div>\n<\/div>\n<\/div>\n<\/div>\n<\/div>\n<div class=\"html-div xdj266r x14z9mp xat24cr x1lziwak xexx8yu xyri2b x18d9i69 x1c1uobl\">\n<div class=\"html-div xdj266r x14z9mp xat24cr x1lziwak xexx8yu xyri2b x18d9i69 x1c1uobl\" dir=\"auto\">\n<div class=\"html-div xdj266r x14z9mp xat24cr x1lziwak xexx8yu xyri2b x18d9i69 x1c1uobl\" data-ad-rendering-role=\"story_message\">\n<div class=\"x1l90r2v x1iorvi4 x1g0dm76 xpdmqnj\" data-ad-comet-preview=\"message\" data-ad-preview=\"message\">\n<div class=\"x78zum5 xdt5ytf xz62fqu x16ldp7u\">\n<div class=\"xu06os2 x1ok221b\">\n<div class=\"html-div xdj266r x14z9mp xat24cr x1lziwak xexx8yu xyri2b x18d9i69 x1c1uobl\">\n<div class=\"xdj266r x14z9mp xat24cr x1lziwak x1vvkbs x126k92a\">\n<div dir=\"auto\"><span class=\"html-span xexx8yu xyri2b x18d9i69 x1c1uobl x1hl2dhg x16tdsg8 x1vvkbs x3nfvp2 x1j61x8r x1fcty0u xdj266r xat24cr xm2jcoa x1mpyi22 xxymvpz xlup9mm x1kky2od\"><img loading=\"lazy\" decoding=\"async\" class=\"xz74otr x15mokao x1ga7v0g x16uus16 xbiv7yw\" src=\"https:\/\/static.xx.fbcdn.net\/images\/emoji.php\/v9\/t45\/1\/16\/1f6a8.png\" alt=\"\ud83d\udea8\" width=\"16\" height=\"16\" \/><\/span>Tour d'Energie am 26.04.26<span class=\"html-span xexx8yu xyri2b x18d9i69 x1c1uobl x1hl2dhg x16tdsg8 x1vvkbs x3nfvp2 x1j61x8r x1fcty0u xdj266r xat24cr xm2jcoa x1mpyi22 xxymvpz xlup9mm x1kky2od\"><img loading=\"lazy\" decoding=\"async\" class=\"xz74otr x15mokao x1ga7v0g x16uus16 xbiv7yw\" src=\"https:\/\/static.xx.fbcdn.net\/images\/emoji.php\/v9\/t45\/1\/16\/1f6a8.png\" alt=\"\ud83d\udea8\" width=\"16\" height=\"16\" \/><\/span><\/div>\n<div dir=\"auto\">***********************************<\/div>\n<div dir=\"auto\">Ab dem 25.04.26 (ca. 18:00 Uhr) bis 18:00 Uhr am Folgetag kommt es zu Einschr\u00e4nkungen im Linienverkehr aufgrund des Radrennens. Welche Linien betroffen sind, steht in unseren News:<\/div>\n<\/div>\n<\/div>\n<\/div>\n<\/div>\n<\/div>\n<\/div>\n<\/div>\n<div class=\"html-div xdj266r x14z9mp xat24cr x1lziwak xexx8yu xyri2b x18d9i69 x1c1uobl x1n2onr6\">\n<div class=\"html-div xdj266r x14z9mp xat24cr x1lziwak xexx8yu xyri2b x18d9i69 x1c1uobl x1n2onr6\">\n<div class=\"xmjcpbm x1n2onr6\">\n<div class=\"x78zum5 x14ju556 x6ikm8r x10wlt62 x1n2onr6\" data-ad-rendering-role=\"image\">\n<div class=\"x6s0dn4 x1jx94hy x78zum5 xdt5ytf x6ikm8r x10wlt62 x1n2onr6 xh8yej3\">\n<div>\n<div class=\"xqtp20y x6ikm8r x10wlt62 x1n2onr6\">\n<div class=\"x10l6tqk x13vifvy\"><img loading=\"lazy\" decoding=\"async\" class=\"x15mokao x1ga7v0g x16uus16 xbiv7yw x1ey2m1c x5yr21d xtijo5x x1o0tod x10l6tqk x13vifvy xh8yej3 xl1xv1r\" src=\"https:\/\/external-ham3-1.xx.fbcdn.net\/emg1\/v\/t13\/4347784231622858677?url=https%3A%2F%2Fwww.goevb.de%2Ffileadmin%2F_processed_%2F9%2F6%2Fcsm_Radrennen_ff2078f7f1.jpeg&amp;fb_obo=1&amp;utld=goevb.de&amp;stp=c0.5000x0.5000f_dst-jpg_flffffff_p500x261_q75_tt6&amp;_nc_gid=EOeej5kx2SIzffTPBIQYCw&amp;_nc_oc=AdoOq_oXbck2GE5BoUPYecd0YWgQpeyUgVxxKkTvDJpxFuY2c12UjDTYtTKwVrmvirnrc-WQvLB2eUQ-LTZwa8Kf&amp;ccb=13-1&amp;oh=06_Q3--AcDYsaf4H4JlcZqDDGS91jnP97ICSqrcs-rdFQ9Sv8oR&amp;oe=69EA1DBF&amp;_nc_sid=c97757\" alt=\"Tour d\u2019Energie am 26.04.26\" width=\"500\" height=\"261\" data-imgperflogname=\"feedImage\" \/><\/div>\n<\/div>\n<\/div>\n<\/div>\n<div class=\"x1nb4dca x1q0q8m5 xso031l x1exxf4d x13fuv20 x178xt8z x1ey2m1c x9f619 xtijo5x x1o0tod x47corl x10l6tqk x13vifvy\"><\/div>\n<\/div>\n<\/div>\n<div class=\"x10l6tqk xzkaem6 xxt37ne xys98vm\">\n<div class=\"x1i10hfl xjbqb8w x1ejq31n x18oe1m7 x1sy0etr xstzfhl x972fbf x10w94by x1qhh985 x14e42zd x9f619 x1ypdohk xt0psk2 x3ct3a4 xdj266r x14z9mp xat24cr x1lziwak xexx8yu xyri2b x18d9i69 x1c1uobl x16tdsg8 x1hl2dhg xggy1nq x1a2a7pz x1heor9g xkrqix3 x1sur9pj x1s688f\" role=\"button\" aria-label=\"Mehr\">\n<div class=\"x6s0dn4 x1jx94hy x1exxf4d xpv9jar x1nb4dca x1nmn18 x12l2aii x1mbk4o x14vvt0a x1w3ol1v x13fuv20 x18b5jzi x1q0q8m5 x1t7ytsu x178xt8z x1lun4ml xso031l xpilrb4 xzsf02u x78zum5 x1fgtraw xl56j7k xgd8bvy\"><\/div>\n<\/div>\n<\/div>\n<\/div>\n<div class=\"html-div xdj266r x14z9mp xat24cr x1lziwak xexx8yu xyri2b x18d9i69 x1c1uobl x6ikm8r x10wlt62\">\n<div class=\"x1n2onr6\">\n<div class=\"html-div xdj266r x14z9mp xat24cr x1lziwak xexx8yu xyri2b x18d9i69 x1c1uobl xmjcpbm x1n2onr6 x1lku1pv\">\n<div class=\"x9f619 x1ja2u2z x78zum5 x2lah0s x1n2onr6 x1qughib x6s0dn4 xozqiw3 x1q0g3np x1ws5yxj xw01apr xsag5q8 xv54qhq xf7dkkf xz9dl7a\">\n<div class=\"x9f619 x1n2onr6 x1ja2u2z x193iq5w xeuugli x1r8uery x1iyjqo2 xs83m0k x1icxu4v x25sj25\">\n<div class=\"html-div xdj266r x14z9mp x1lziwak xexx8yu xyri2b x18d9i69 x1c1uobl x1e56ztr xtvhhri\" data-ad-rendering-role=\"meta\"><span class=\"x193iq5w xeuugli x13faqbe x1vvkbs x1xmvt09 x1lliihq x1s928wv xhkezso x1gmr53x x1cpjm7i x1fgarty x1943h6x x4zkp8e x3x7a5m x1nxh6w3 x1sibtaa xo1l8bm xi81zsa\" dir=\"auto\"><span class=\"x1lliihq x6ikm8r x10wlt62 x1n2onr6 xlyipyv xuxw1ft x1j85h84\">goevb.de<\/span><\/span><\/div>\n<div class=\"html-div x14z9mp x1lziwak xyri2b x1c1uobl x4vbgl9 x1rdy4ex x6ikm8r x10wlt62 xjkvuk6 x1iorvi4\">\n<div class=\"x78zum5 xdt5ytf xz62fqu x16ldp7u\">\n<div class=\"xu06os2 x1ok221b\"><a href=\"https:\/\/www.goevb.de\/service\/news\/details\/tour-denergie-am-260426?fbclid=IwY2xjawRVGw1leHRuA2FlbQIxMQBzcnRjBmFwcF9pZBAyMjIwMzkxNzg4MjAwODkyAAEe7Y3s3fWwBb0NldXWNy-syoiZuGCfInLf6JXlSHm9ff5O_ROQAxdIYfNtreI_aem_N5VBU5cgnjtXjkvhrjgsng\"><span class=\"x193iq5w xeuugli x13faqbe x1vvkbs x1xmvt09 x1lliihq x1s928wv xhkezso x1gmr53x x1cpjm7i x1fgarty x1943h6x xudqn12 x3x7a5m x1lkfr7t x1lbecb7 x1s688f xzsf02u x1yc453h\" dir=\"auto\"><span class=\"x1lliihq x6ikm8r x10wlt62 x1n2onr6 x1j85h84\"><span class=\"html-span xdj266r x14z9mp xat24cr x1lziwak xexx8yu xyri2b x18d9i69 x1c1uobl x1hl2dhg x16tdsg8 x1vvkbs\" data-ad-rendering-role=\"title\"><span class=\"html-span xdj266r x14z9mp xat24cr x1lziwak xexx8yu xyri2b x18d9i69 x1c1uobl x1hl2dhg x16tdsg8 x1vvkbs\" dir=\"auto\">Tour d\u2019Energie am 26.04.26<\/span><\/span><\/span><\/span><\/a><\/div>\n<\/div>\n<\/div>\n<\/div>\n<\/div>\n<\/div>\n<\/div>\n<\/div>\n<\/div>\n<\/div>\n<\/blockquote>\n<\/div>\n\t\t<div class=\"sharing\">\t<p class='mc-details'><a aria-label='Weiterlesen: 22.04.2026, G\u00f6VB: Einschr\u00e4nkungen im Lininienverkehr wegen Tour d&#039;Energie' href='https:\/\/rt-europaallee.de\/wordpress\/my-calendar\/?mc_id=30777'>Weiterlesen<\/a><\/p>\n<\/div><\/div><!--end .details--><\/article><article id='mc_calendar_26_30602-calendar-30602' class='mc-mc_calendar_30602 calendar-event mc_sport mc_location-390  future-event mc_primary_sport nonrecurring mc-9-stunden mc-start-07-00 ungrouped mc-event-4581 mc-events mc-event mc_rel_sport'><header>\t<h3 class='event-title summary' id='mc_30602-title-my-calendar'><button type='button' id='modal-button-mc_calendar_26_30602-calendar-details-30602' data-modal-content-id='mc_calendar_26_30602-calendar-details-30602' data-modal-prefix-class='my-calendar' data-modal-close-text='Schlie\u00dfen' data-modal-title='13.03.2026: Tour d\u2019Energie (&quot;Zeitplan&quot; 26.04.2026)' aria-controls='mc_calendar_26_30602-calendar-details-30602' class='calendar mc-modal button button-link url summary has-image'><svg style=\"fill:#000000\" focusable=\"false\" role=\"img\" aria-labelledby=\"cat_30602\" class=\"category-icon\" xmlns=\"http:\/\/www.w3.org\/2000\/svg\" viewBox=\"0 0 496 512\"><!-- Font Awesome Free 5.15.3 by @fontawesome - https:\/\/fontawesome.com License - https:\/\/fontawesome.com\/license\/free (Icons: CC BY 4.0, Fonts: SIL OFL 1.1, Code: MIT License) --><title id='cat_30602'>Kategorie: Sport<\/title><path d=\"M212.3 10.3c-43.8 6.3-86.2 24.1-122.2 53.8l77.4 77.4c27.8-35.8 43.3-81.2 44.8-131.2zM248 222L405.9 64.1c-42.4-35-93.6-53.5-145.5-56.1-1.2 63.9-21.5 122.3-58.7 167.7L248 222zM56.1 98.1c-29.7 36-47.5 78.4-53.8 122.2 50-1.5 95.5-17 131.2-44.8L56.1 98.1zm272.2 204.2c45.3-37.1 103.7-57.4 167.7-58.7-2.6-51.9-21.1-103.1-56.1-145.5L282 256l46.3 46.3zM248 290L90.1 447.9c42.4 34.9 93.6 53.5 145.5 56.1 1.3-64 21.6-122.4 58.7-167.7L248 290zm191.9 123.9c29.7-36 47.5-78.4 53.8-122.2-50.1 1.6-95.5 17.1-131.2 44.8l77.4 77.4zM167.7 209.7C122.3 246.9 63.9 267.3 0 268.4c2.6 51.9 21.1 103.1 56.1 145.5L214 256l-46.3-46.3zm116 292c43.8-6.3 86.2-24.1 122.2-53.8l-77.4-77.4c-27.7 35.7-43.2 81.2-44.8 131.2z\"\/><\/svg> <div>13.03.2026: Tour d\u2019Energie (\"Zeitplan\" 26.04.2026)<\/div><\/button><\/h3>\n<\/header><div id='mc_calendar_26_30602-calendar-details-30602' class='details no-image uses-modal single-details'  aria-labelledby='mc_30602-title-my-calendar'>\n\t<button type='button' aria-controls='mc_calendar_26_30602-calendar-details-30602' class='mc-toggle close'><span class='dashicons dashicons-dismiss' aria-hidden='true'><\/span><span class='screen-reader-text'>Close<\/span><\/button>\n\t\r\n\t<div class='time-block'>\r\n\t\t<span class='mc-icon' aria-hidden='true'><\/span>\r\n\t\t<p><span class=\"time-wrapper\"><span class='event-time dtstart'><time class='value-title' datetime='2026-04-26T07:00:00+02:00' title='2026-04-26T07:00:00+02:00'>7:00<\/time><\/span> <span class='time-separator'> &ndash; <\/span> <span class='end-time dtend'> <time class='value-title' datetime='2026-04-26T16:00:00+02:00' title='2026-04-26T16:00:00+02:00'>16:00<\/time><\/span><\/span><br \/><span class=\"date-wrapper\"><span class='mc-start-date dtstart' title='2026-04-26T07:00:00+02:00' content='2026-04-26T07:00:00+02:00'>26. April 2026<\/span>  <\/span><\/p>\r\n\t<\/div>\n\t\t<div class='longdesc description'><p>(Quelle:\u00a0<a href=\"https:\/\/www.tourdenergie.de\/\">https:\/\/www.tourdenergie.de\/<\/a> \u27a1\ufe0f <a href=\"https:\/\/www.tourdenergie.de\/teilnahme\/anmeldung.html\">https:\/\/www.tourdenergie.de\/teilnahme\/anmeldung.html<\/a> \u27a1\ufe0f <a href=\"https:\/\/www.tourdenergie.de\/teilnahme\/zeitplan.html\">https:\/\/www.tourdenergie.de\/teilnahme\/zeitplan.html<\/a>)<\/p>\n<p>&nbsp;<\/p>\n<blockquote>\n<h3 class=\"ce_headline\">Sonntag, 26. April 2026<\/h3>\n<div class=\"row\">\n<div class=\"col-md-3 textalignright\">\n<p>07:30-09:30 Uhr:<\/p>\n<\/div>\n<div class=\"col-md-9\">\n<p>Ausgabe der Startunterlagen im Jahnstadion<\/p>\n<p>Nur gegen Vorlage der Anmeldebest\u00e4tigung. <strong>Nachmeldungen<\/strong> bei Verf\u00fcgbarkeit von Startpl\u00e4tzen m\u00f6glich. <strong>Keine<\/strong> Ummeldung bzgl. Team oder Strecke mehr m\u00f6glich!<\/p>\n<\/div>\n<\/div>\n<div class=\"row\">\n<div class=\"col-md-3 textalignright\">\n<p><strong>10:25 Uhr:<\/strong><\/p>\n<\/div>\n<div class=\"col-md-9\">\n<p><strong>Start Tour d'Energie der 45 km-Strecke auf dem Sandweg (Jahnstadion)<br \/>\n<\/strong><\/p>\n<\/div>\n<\/div>\n<div class=\"row\">\n<div class=\"col-md-3 textalignright\">\n<p><strong>10:50 Uhr:<\/strong><\/p>\n<\/div>\n<div class=\"col-md-9\">\n<p><strong>Start Tour d'Energie der 100 km-Strecke auf dem Sandweg (Jahnstadion)<br \/>\n<\/strong><\/p>\n<\/div>\n<\/div>\n<div class=\"row\">\n<div class=\"col-md-3 textalignright\">\n<p>10:30 Uhr:<\/p>\n<\/div>\n<div class=\"col-md-9\">\n<p>Beginn des Zielevents auf der B\u00fcrgerstra\u00dfe \/ Gau\u00df-Weber-Anlage<\/p>\n<\/div>\n<\/div>\n<div class=\"row\">\n<div class=\"col-md-3 textalignright\">\n<p>10:30 Uhr:<\/p>\n<\/div>\n<div class=\"col-md-9\">\n<p>Mini-Taggi-Tour (Zielgerade B\u00fcrgerstra\u00dfe)<\/p>\n<\/div>\n<\/div>\n<div class=\"row\">\n<div class=\"col-md-3 textalignright\">\n<p>10:45 Uhr:<\/p>\n<\/div>\n<div class=\"col-md-9\">\n<p>Medi-Taggi-Tour (Zielgerade B\u00fcrgerstra\u00dfe)<\/p>\n<\/div>\n<\/div>\n<div class=\"row\">\n<div class=\"col-md-3 textalignright\">\n<p>11:00 Uhr:<\/p>\n<\/div>\n<div class=\"col-md-9\">\n<p>Taggi-Tour (Zielgerade B\u00fcrgerstra\u00dfe, 2,5 km Kurs mit Wendepunkt am Rosdorfer Kreisel)<\/p>\n<\/div>\n<\/div>\n<div class=\"row\">\n<div class=\"col-md-3 textalignright\">\n<p><strong>ca. 11:30-12:55 Uhr:<\/strong><\/p>\n<\/div>\n<div class=\"col-md-9\">\n<p><strong>Zielankunft der Teilnehmer:innen der 45 km-Strecke<\/strong><\/p>\n<\/div>\n<\/div>\n<div class=\"row\">\n<div class=\"col-md-3 textalignright\">\n<p>12:00 Uhr:<\/p>\n<\/div>\n<div class=\"col-md-9\">\n<p>Siegerehrung Mini-, Medi- und Taggi-Tour (B\u00fchne)<\/p>\n<\/div>\n<\/div>\n<div class=\"row\">\n<div class=\"col-md-3 textalignright\">\n<p>12:15 Uhr:<\/p>\n<\/div>\n<div class=\"col-md-9\">\n<p>Showprogramm (B\u00fchne)<\/p>\n<\/div>\n<\/div>\n<div class=\"row\">\n<div class=\"col-md-3 textalignright\">\n<p>12:30 Uhr:<\/p>\n<\/div>\n<div class=\"col-md-9\">\n<p>Siegerehrung der 45 km-Strecke (B\u00fchne)<\/p>\n<\/div>\n<\/div>\n<div class=\"row\">\n<div class=\"col-md-3 textalignright\">\n<p><strong>13:15-15:45 Uhr:<\/strong><\/p>\n<\/div>\n<div class=\"col-md-9\">\n<p><strong>Zielankunft der Teilnehmer:innen der 100 km-Strecke<\/strong><\/p>\n<\/div>\n<\/div>\n<div class=\"row\">\n<div class=\"col-md-3 textalignright\">\n<p>13:30 Uhr:<\/p>\n<\/div>\n<div class=\"col-md-9\">\n<p>Verlosung von einem Fahrrad durch unseren Partner <a href=\"https:\/\/cube-goettingen.de\" target=\"_blank\">CUBE Store G\u00f6ttingen<\/a> f\u00fcr die Teilnehmer:innen der 45km-Strecke<\/p>\n<\/div>\n<\/div>\n<div class=\"row\">\n<div class=\"col-md-3 textalignright\">\n<p>14:30 Uhr:<\/p>\n<\/div>\n<div class=\"col-md-9\">\n<p>Showprogramm (B\u00fchne)<\/p>\n<\/div>\n<\/div>\n<div class=\"row\">\n<div class=\"col-md-3 textalignright\">\n<p>15:00 Uhr:<\/p>\n<\/div>\n<div class=\"col-md-9\">\n<p>Siegerehrung der Schulwertung (B\u00fchne)<\/p>\n<\/div>\n<\/div>\n<div class=\"row\">\n<div class=\"col-md-3 textalignright\">\n<p>15:15 Uhr:<\/p>\n<\/div>\n<div class=\"col-md-9\">\n<p>Siegerehrung der 100 km-Strecke (B\u00fchne)<\/p>\n<\/div>\n<\/div>\n<div class=\"row\">\n<div class=\"col-md-3 textalignright\">\n<p>16:00 Uhr:<\/p>\n<\/div>\n<div class=\"col-md-9\">\n<p>Verlosung von einem Fahrrad durch unseren Partner <a href=\"https:\/\/cube-goettingen.de\" target=\"_blank\">CUBE Store G\u00f6ttingen<\/a> f\u00fcr die Teilnehmer:innen der 100km-Strecke<\/p>\n<\/div>\n<\/div>\n<div class=\"x9f619 x1r8uery x1iyjqo2 x6ikm8r x10wlt62 x1n2onr6\">\n<div class=\"x78zum5 xdt5ytf\" data-virtualized=\"false\">\n<div class=\"x9f619 x1n2onr6 x1ja2u2z\">\n<div class=\"html-div xdj266r x14z9mp xat24cr x1lziwak xyri2b x18d9i69 x1c1uobl xqtp20y x1n2onr6 xh8yej3 x1jm3axb\">\n<div class=\"html-div x1qjc9v5 x1q0q8m5 x1qhh985 x18b5jzi x10w94by x1t7ytsu x14e42zd x13fuv20 x972fbf x1ey2m1c x9f619 x78zum5 xdt5ytf x1iyjqo2 xs83m0k xtijo5x x1o0tod x1qughib xat24cr x14z9mp x1lziwak xdj266r x2lwn1j xeuugli x18d9i69 xyri2b x1c1uobl xexx8yu x10l6tqk x13vifvy x1ja2u2z\">\n<div class=\"x1wa3icf x11dcrhx x12nagc x10l6tqk\">\n<div class=\"x2fvf9\"><\/div>\n<\/div>\n<\/div>\n<\/div>\n<\/div>\n<\/div>\n<\/div>\n<div class=\"x9f619 x1r8uery x1iyjqo2 x6ikm8r x10wlt62 x1n2onr6\">\n<div class=\"x78zum5 xdt5ytf\" data-virtualized=\"false\">\n<div class=\"x9f619 x1n2onr6 x1ja2u2z\">\n<div class=\"html-div xdj266r x14z9mp xat24cr x1lziwak xyri2b x18d9i69 x1c1uobl xqtp20y x1n2onr6 xh8yej3 x1jm3axb\">\n<div class=\"html-div x1qjc9v5 x1q0q8m5 x1qhh985 x18b5jzi x10w94by x1t7ytsu x14e42zd x13fuv20 x972fbf x1ey2m1c x9f619 x78zum5 xdt5ytf x1iyjqo2 xs83m0k xtijo5x x1o0tod x1qughib xat24cr x14z9mp x1lziwak xdj266r x2lwn1j xeuugli x18d9i69 xyri2b x1c1uobl xexx8yu x10l6tqk x13vifvy x1ja2u2z\"><a class=\"x1i10hfl xjbqb8w x1ejq31n x18oe1m7 x1sy0etr xstzfhl x972fbf x10w94by x1qhh985 x14e42zd x9f619 x1ypdohk x3ct3a4 xdj266r x14z9mp xat24cr x1lziwak xexx8yu xyri2b x18d9i69 x1c1uobl x16tdsg8 x1hl2dhg xggy1nq x1a2a7pz x1heor9g xkrqix3 x1sur9pj x1s688f x1lliihq x5yr21d x1n2onr6 xh8yej3\" href=\"https:\/\/www.facebook.com\/photo.php?fbid=1508437484620702&amp;set=pb.100063633940385.-2207520000&amp;type=3\"><img decoding=\"async\" class=\"xzg4506 x16mubyn xua58t2 x14uebl7 x1obq294 x5a5i1n xde0f50 x15x8krk x9f619 x5yr21d xl1xv1r xh8yej3 alignleft\" src=\"https:\/\/scontent-ham3-1.xx.fbcdn.net\/v\/t51.82787-15\/613269917_18220616605309028_3568613996725701787_n.jpg?stp=c0.89.1080.1080a_dst-jpg_s206x206_tt6&amp;_nc_cat=107&amp;ccb=1-7&amp;_nc_sid=a934a8&amp;_nc_ohc=M7W_pJFqBqIQ7kNvwEHKk21&amp;_nc_oc=AdnmHeN6WoePVto-jwFoI-cOs-kWAWqeUWojwSP9F5fO2zIphwpyhJOE5PEEWRFTvTdJn7579Xh1H-pOUETRmvlK&amp;_nc_zt=23&amp;_nc_ht=scontent-ham3-1.xx&amp;_nc_gid=Xpfym0W_61Knav45JekcZg&amp;_nc_ss=8&amp;oh=00_AfzCz4pNARciL3K9uwLJMnhdZq7TEd5mbAxFEQcbNhIZSw&amp;oe=69BA101E\" alt=\"Ist m\u00f6glicherweise ein Bild von Fahrrad und Text \u201eTOUR D'ENERGIE \u304a\u30e9 TDE 26|04 2026 &gt;&gt; TOUR D'ENERGIE\u201c\" \/><\/a><\/div>\n<\/div>\n<\/div>\n<\/div>\n<\/div>\n<\/blockquote>\n<div class=\"x2fvf9\"><\/div>\n<div><\/div>\n<div><\/div>\n<div><\/div>\n<div><\/div>\n<div><\/div>\n<div><\/div>\n<div><\/div>\n<div><\/div>\n<div><\/div>\n<div>(Siehe auch: <a href=\"https:\/\/www.facebook.com\/TourdEnergie\/\">https:\/\/www.facebook.com\/TourdEnergie\/<\/a>)<\/div>\n<\/div>\n\t\t<div class=\"sharing\">\t<p class='mc-details'><a aria-label='Weiterlesen: 13.03.2026: Tour d\u2019Energie (&quot;Zeitplan&quot; 26.04.2026)' href='https:\/\/rt-europaallee.de\/wordpress\/my-calendar\/?mc_id=30602'>Weiterlesen<\/a><\/p>\n<\/div><\/div><!--end .details--><\/article><article id='mc_calendar_26_30528-calendar-30528' class='mc-mc_calendar_30528 calendar-event mc_treffen-erfahrungsaustausch mc_nachbarschaftszentrum-holtenser-berg-londonstrae-11a-37079-gttingen  future-event mc_primary_treffen-erfahrungsaustausch recurring mc-3-stunden mc-start-15-00 ungrouped mc-event-4558 mc-events mc-event mc_rel_treffenerfahrungsaustausch'><header>\t<h3 class='event-title summary' id='mc_30528-title-my-calendar'><button type='button' id='modal-button-mc_calendar_26_30528-calendar-details-30528' data-modal-content-id='mc_calendar_26_30528-calendar-details-30528' data-modal-prefix-class='my-calendar' data-modal-close-text='Schlie\u00dfen' data-modal-title='04.03.2026, NBZ Holtenser Berg: Begegnungscaf\u00e9' aria-controls='mc_calendar_26_30528-calendar-details-30528' class='calendar mc-modal button button-link url summary has-image'><svg style=\"fill:#000000\" focusable=\"false\" role=\"img\" aria-labelledby=\"cat_30528\" class=\"category-icon\" xmlns=\"http:\/\/www.w3.org\/2000\/svg\" viewBox=\"0 0 640 512\"><!-- Font Awesome Free 5.15.3 by @fontawesome - https:\/\/fontawesome.com License - https:\/\/fontawesome.com\/license\/free (Icons: CC BY 4.0, Fonts: SIL OFL 1.1, Code: MIT License) --><title id='cat_30528'>Kategorie: Treffen\/ Erfahrungsaustausch<\/title><path d=\"M434.7 64h-85.9c-8 0-15.7 3-21.6 8.4l-98.3 90c-.1.1-.2.3-.3.4-16.6 15.6-16.3 40.5-2.1 56 12.7 13.9 39.4 17.6 56.1 2.7.1-.1.3-.1.4-.2l79.9-73.2c6.5-5.9 16.7-5.5 22.6 1 6 6.5 5.5 16.6-1 22.6l-26.1 23.9L504 313.8c2.9 2.4 5.5 5 7.9 7.7V128l-54.6-54.6c-5.9-6-14.1-9.4-22.6-9.4zM544 128.2v223.9c0 17.7 14.3 32 32 32h64V128.2h-96zm48 223.9c-8.8 0-16-7.2-16-16s7.2-16 16-16 16 7.2 16 16-7.2 16-16 16zM0 384h64c17.7 0 32-14.3 32-32V128.2H0V384zm48-63.9c8.8 0 16 7.2 16 16s-7.2 16-16 16-16-7.2-16-16c0-8.9 7.2-16 16-16zm435.9 18.6L334.6 217.5l-30 27.5c-29.7 27.1-75.2 24.5-101.7-4.4-26.9-29.4-24.8-74.9 4.4-101.7L289.1 64h-83.8c-8.5 0-16.6 3.4-22.6 9.4L128 128v223.9h18.3l90.5 81.9c27.4 22.3 67.7 18.1 90-9.3l.2-.2 17.9 15.5c15.9 13 39.4 10.5 52.3-5.4l31.4-38.6 5.4 4.4c13.7 11.1 33.9 9.1 45-4.7l9.5-11.7c11.2-13.8 9.1-33.9-4.6-45.1z\"\/><\/svg> <div>04.03.2026, NBZ Holtenser Berg: Begegnungscaf\u00e9<\/div><\/button><\/h3>\n<\/header><div id='mc_calendar_26_30528-calendar-details-30528' class='details no-image uses-modal single-details'  aria-labelledby='mc_30528-title-my-calendar'>\n\t<button type='button' aria-controls='mc_calendar_26_30528-calendar-details-30528' class='mc-toggle close'><span class='dashicons dashicons-dismiss' aria-hidden='true'><\/span><span class='screen-reader-text'>Close<\/span><\/button>\n\t\r\n\t<div class='time-block'>\r\n\t\t<span class='mc-icon' aria-hidden='true'><\/span>\r\n\t\t<p><span class=\"time-wrapper\"><span class='event-time dtstart'><time class='value-title' datetime='2026-04-26T15:00:00+02:00' title='2026-04-26T15:00:00+02:00'>15:00<\/time><\/span> <span class='time-separator'> &ndash; <\/span> <span class='end-time dtend'> <time class='value-title' datetime='2026-04-26T18:00:00+02:00' title='2026-04-26T18:00:00+02:00'>18:00<\/time><\/span><\/span><br \/><span class=\"date-wrapper\"><span class='mc-start-date dtstart' title='2026-04-26T15:00:00+02:00' content='2026-04-26T15:00:00+02:00'>26. April 2026<\/span>  <\/span><\/p>\r\n\t<\/div>\n\t\t<div class='longdesc description'><p>(Quelle: <a href=\"https:\/\/www.facebook.com\/NBZHoBerg\/posts\/pfbid026k3zWtdhkykp6xuAZRcPBU28JSjPBqVDpzndQjcF7Z3cVUHt4p6LGdANKCkW4GHgl\">https:\/\/www.facebook.com\/NBZHoBerg\/posts\/pfbid026k3zWtdhkykp6xuAZRcPBU28JSjPBqVDpzndQjcF7Z3cVUHt4p6LGdANKCkW4GHgl<\/a>)<\/p>\n<blockquote>\n<h3 class=\"html-h3 x14z9mp xat24cr x1lziwak xexx8yu xyri2b x18d9i69 x1c1uobl x1vvkbs x1heor9g x1qlqyl8 x1pd3egz x1a2a7pz x1gslohp x1yc453h\"><span class=\"x78zum5 x1q0g3np\"><span class=\"x1lliihq x6ikm8r x10wlt62 x1n2onr6 xlyipyv xuxw1ft\"><span class=\"xt0psk2\"><span class=\"xjp7ctv\"><a class=\"x1i10hfl xjbqb8w x1ejq31n x18oe1m7 x1sy0etr xstzfhl x972fbf x10w94by x1qhh985 x14e42zd x9f619 x1ypdohk xt0psk2 x3ct3a4 xdj266r x14z9mp xat24cr x1lziwak xexx8yu xyri2b x18d9i69 x1c1uobl x16tdsg8 x1hl2dhg xggy1nq x1a2a7pz xkrqix3 x1sur9pj xzsf02u x1s688f\" href=\"https:\/\/www.facebook.com\/NBZHoBerg?__cft__[0]=AZYc5mliYls5S-wu0eTMBcikHAMxCYe72QSWQnsCc3-cr70RXxftnb3F-Q9v3iSjnFk_ieb3xaSu4XWnTELbsIGzttcGwH1Vq3-5PKmJE45ajY-bWRvD6i4a6EiAwzTOVFwcpyKLauz1Zl17fbD_XIBHZ6cn157P-Apmp0NfxBdWCg&amp;__tn__=-UC%2CP-R\"><b class=\"html-b xdj266r x14z9mp xat24cr x1lziwak xexx8yu xyri2b x18d9i69 x1c1uobl x1hl2dhg x16tdsg8 x1vvkbs x1s688f\"><span class=\"html-span xdj266r x14z9mp xat24cr x1lziwak xexx8yu xyri2b x18d9i69 x1c1uobl x1hl2dhg x16tdsg8 x1vvkbs\">Nachbarschaftszentrum Holtenser Berg<\/span><\/b><\/a><\/span><\/span><\/span><\/span><\/h3>\n<p>&nbsp;<\/p>\n<p><img decoding=\"async\" class=\"x15mokao x1ga7v0g x16uus16 xbiv7yw x1bwycvy x193iq5w x4fas0m x19kjcj4\" src=\"https:\/\/scontent-ham3-1.xx.fbcdn.net\/v\/t39.30808-6\/646121304_1222948606693247_3631839751392308194_n.jpg?_nc_cat=103&amp;ccb=1-7&amp;_nc_sid=13d280&amp;_nc_ohc=1UbzMJX0QloQ7kNvwEG6r9t&amp;_nc_oc=Adl0gABmycvRZxFR9bNodc8hQWKOK8YLjvRGKMeCNdHKcQkvLv9EUo_nPXcZZjU04D8aEU1DZc7jCUMrcA0ZdtYW&amp;_nc_zt=23&amp;_nc_ht=scontent-ham3-1.xx&amp;_nc_gid=4LQt1u948nJzNUxr_CDXYg&amp;_nc_ss=8&amp;oh=00_AfwTx9BkGjxysQ3QVBe0Mt7nZ-MqHdwWJ6If72XUPNWOiQ&amp;oe=69AD6A78\" alt=\"Ist m\u00f6glicherweise ein Bild von Torte, Tofu und Text \u201eNachbarschaftszentrum Holtenser Berg Begegnungscaf\u00e9 Jeden 2. Und 4. Sonntag im Monat von 15:00- 17:00 Uhr Wir laden Sie ein in unser Begegnungscaf\u00e9 am 08.03.26 von 15-17 17 Uhr Zum Start der Weltreise einmal um die Welt. Mit vielen neuen Kuchen und Kaffee aus aller Welt gemeinsam mit uns. Wir starten mit einem Tompouce Kuchen. Wir freuen uns auf Euch! Nachbarschaftszentrum Holtenser Berg, Londonstra\u00dfe 11a\u201c\" data-visualcompletion=\"media-vc-image\" \/><\/p>\n<p>(<a href=\"https:\/\/www.facebook.com\/photo\/?fbid=1222948603359914&amp;set=a.485448943776554\">https:\/\/www.facebook.com\/photo\/?fbid=1222948603359914&amp;set=a.485448943776554<\/a> )<\/p><\/blockquote>\n<\/div>\n\t\t<div class=\"mc-location\"><div class=\"address location vcard\"><div class='map'><a href='https:\/\/maps.google.com\/maps?z=16&amp;daddr=Londonstra\u00dfe+11a++G\u00f6ttingen++37079+' class='url external'><span class='mc-icon' aria-hidden='true'><\/span>Karte<span class='screen-reader-text fn'> Nachbarschaftszentrum Holtenser Berg Londonstra\u00dfe 11a, 37079 G\u00f6ttingen<\/span><\/a><\/div><\/div><\/div>\n\t\t<div class=\"sharing\">\t<p class='mc-details'><a aria-label='Weiterlesen: 04.03.2026, NBZ Holtenser Berg: Begegnungscaf\u00e9' href='https:\/\/rt-europaallee.de\/wordpress\/my-calendar\/?mc_id=30528'>Weiterlesen<\/a><\/p>\n<\/div><\/div><!--end .details--><\/article>\n<\/td>\n<\/tr>\n<!-- End Event Row -->\n<tr class='mc-row'><td id='calendar-2026-04-27' class='mc-events montag mo future-day   has-events author3 mcat_general day-with-date'><div class='mc-date-container'>\n\t<span class='mc-date'><span aria-hidden='true' class='mc-day-number'>27<\/span><span class='screen-reader-text mc-day-date'>27. April 2026<\/span><span class=\"event-icon\" aria-hidden=\"true\">&#9679;<\/span><span class=\"screen-reader-text\"><span class=\"mc-list-details event-count\">(1 Veranstaltung)<\/span><\/span><\/span><\/div><article id='mc_calendar_27_30605-calendar-30605' class='mc-mc_calendar_30605 calendar-event mc_general mc_stadtlabor-gttingen-wilhelmspl-3-37073-gttingen  on-now mc_primary_general nonrecurring mc-3-wochen mc-start-00-00 ungrouped mc-event-4583 mc-events multidate mc-event mc_rel_general'><header>\t<h3 class='event-title summary' id='mc_30605-title-my-calendar'><button type='button' id='modal-button-mc_calendar_27_30605-calendar-details-30605' data-modal-content-id='mc_calendar_27_30605-calendar-details-30605' data-modal-prefix-class='my-calendar' data-modal-close-text='Schlie\u00dfen' data-modal-title='16.03.2026, Ausstellung: Der NS-V\u00f6lkermord an den Roma in der besetzten Sowjetunion' aria-controls='mc_calendar_27_30605-calendar-details-30605' class='calendar mc-modal button button-link url summary has-image'><svg style=\"fill:#000000\" focusable=\"false\" role=\"img\" aria-labelledby=\"cat_30605\" class=\"category-icon\" xmlns=\"http:\/\/www.w3.org\/2000\/svg\" viewBox=\"0 0 448 512\"><!-- Font Awesome Free 5.15.3 by @fontawesome - https:\/\/fontawesome.com License - https:\/\/fontawesome.com\/license\/free (Icons: CC BY 4.0, Fonts: SIL OFL 1.1, Code: MIT License) --><title id='cat_30605'>Kategorie: General<\/title><path d=\"M12 192h424c6.6 0 12 5.4 12 12v260c0 26.5-21.5 48-48 48H48c-26.5 0-48-21.5-48-48V204c0-6.6 5.4-12 12-12zm436-44v-36c0-26.5-21.5-48-48-48h-48V12c0-6.6-5.4-12-12-12h-40c-6.6 0-12 5.4-12 12v52H160V12c0-6.6-5.4-12-12-12h-40c-6.6 0-12 5.4-12 12v52H48C21.5 64 0 85.5 0 112v36c0 6.6 5.4 12 12 12h424c6.6 0 12-5.4 12-12z\"\/><\/svg> <div>16.03.2026, Ausstellung: Der NS-V\u00f6lkermord an den Roma in der besetzten Sowjetunion<\/div><\/button><\/h3>\n<\/header><div id='mc_calendar_27_30605-calendar-details-30605' class='details no-image uses-modal single-details'  aria-labelledby='mc_30605-title-my-calendar'>\n\t<button type='button' aria-controls='mc_calendar_27_30605-calendar-details-30605' class='mc-toggle close'><span class='dashicons dashicons-dismiss' aria-hidden='true'><\/span><span class='screen-reader-text'>Close<\/span><\/button>\n\t\r\n\t<div class='time-block'>\r\n\t\t<span class='mc-icon' aria-hidden='true'><\/span>\r\n\t\t<p><span class=\"time-wrapper\"> <span class='event-time'><abbr title='Nicht zutreffend'>n.\u00a0a.<\/abbr><\/span>  <\/span><br \/><span class=\"date-wrapper\"><span class='mc-start-date dtstart' title='2026-04-10T00:00:00+02:00' content='2026-04-10T00:00:00+02:00'>10. April 2026<\/span> <span class='date-separator'> &ndash; <\/span> <span class=\"event-time dtend\">30. April 2026<\/span><\/span><\/p>\r\n\t<\/div>\n\t\t<div class='longdesc description'><p>Siehe:\u00a0<a href=\"https:\/\/rt-europaallee.de\/wordpress\/2026\/03\/stadt-goettingen-internationale-wochen-gegen-rassismus-veranstaltungen-in-der-stadt-goettingen\/\">https:\/\/rt-europaallee.de\/wordpress\/2026\/03\/stadt-goettingen-internationale-wochen-gegen-rassismus-veranstaltungen-in-der-stadt-goettingen\/<\/a><\/p>\n<p><img decoding=\"async\" class=\"emoji\" role=\"img\" src=\"https:\/\/s.w.org\/images\/core\/emoji\/17.0.2\/svg\/27a1.svg\" alt=\"\u27a1\ufe0f\" \/><\/p>\n<blockquote><p>(Quelle:\u00a0<a href=\"https:\/\/www.goettingen.de\/portal\/meldungen\/internationale-wochen-gegen-rassismus-veranstaltungen-in-der-stadt-goettingen-900004830-25480.html?utm_source=copilot.com\">https:\/\/www.goettingen.de\/portal\/meldungen\/internationale-wochen-gegen-rassismus-veranstaltungen-in-der-stadt-goettingen-900004830-25480.html?utm_source=copilot.com<\/a>)<\/p>\n<blockquote>\n<div class=\"fusstext fusstext_oben\">\n<p><span class=\"create\">06.03.2026<\/span><span class=\"modified\">\u00a0| ge\u00e4ndert am 12.03.2026<\/span><\/p>\n<div><\/div>\n<\/div>\n<h3 class=\"kontrast-bild\">Internationale Wochen gegen Rassismus \u2013 Veranstaltungen in der Stadt G\u00f6ttingen<\/h3>\n<div id=\"nolis_content_site\" class=\"nolis_content_site\">\n<p class=\"anreisser_detail\"><strong>Zum 31. Mal finden die bundesweiten Internationalen Wochen gegen Rassismus von Montag bis Sonntag, 16. bis 29. M\u00e4rz 2026, statt. Das diesj\u00e4hrige Motto lautet \u201e100 Prozent Menschenw\u00fcrde. Zusammen gegen Rassismus und Rechtsextremismus\u201c. Der diesj\u00e4hrige Botschafter der Aktionswochen ist Prof. Dr. Matthias Quent. Hier gibt es einen \u00dcberblick \u00fcber die Veranstaltungen in der Stadt G\u00f6ttingen.<\/strong><\/p>\n<h3>...<\/h3>\n<p>Freitag, 10. April bis Donnerstag, 30. April 2026<br \/>\n<strong>Der NS-V\u00f6lkermord an den Roma in der besetzten Sowjetunion<\/strong><br \/>\n<strong>Ausstellung im Stadtlabor<\/strong><\/p>\n<p>Ort: Stadtlabor, Wilhelmsplatz 3, 37073 G\u00f6ttingen<br \/>\nVeranstalter*in: Roma Center e. V.<br \/>\nEintritt: frei<br \/>\nAnmeldung: nicht erforderlich.\u00a0<a class=\"link_katalog nolis-link-extern\" href=\"https:\/\/roma-center.de\/\" target=\"_blank\">Die \u00d6ffnungszeiten der Ausstellung sind hier aufgef\u00fchrt<\/a>.<\/p>\n<p>Am Freitag, 10. April 2026 um 18.00 Uhr er\u00f6ffnen Roma Center und Bildungswerk f\u00fcr Erinnerungsarbeit und Frieden die Ausstellung \u201eGenozid an Roma auf dem Gebiet der besetzten Sowjetunion 1941\u20131944\u201c im Stadtlabor. Grundlage sind 200 Interviews mit \u00dcberlebenden und ihren Kindern aus der Ukraine, Belarus, Russland, Rum\u00e4nien und Moldau. Sie erz\u00e4hlen von Verfolgung und Widerstand der Roma nach dem \u00dcberfall auf die Sowjetunion.<\/p>\n<h3>...<\/h3>\n<\/div>\n<\/blockquote>\n<\/blockquote>\n<blockquote>\n<h3><\/h3>\n<\/blockquote>\n<\/div>\n\t\t<div class=\"mc-location\"><div class=\"address location vcard\"><div class='map'><a href='https:\/\/www.google.com\/maps\/place\/Stadtlabor+G%C3%B6ttingen\/@51.5334069,9.9374107,20.79z\/data=!3m1!5s0x47a4d495880e01c3:0x2da49c3266d39a0d!4m15!1m8!3m7!1s0x47a4d49588f818f7:0x3eeeb28ecd9fdbb0!2sWilhelmspl.+3,+37073+G%C3%B6ttingen!3b1!8m2!3d51.5334334!4d9.9374974!16s%2Fg%2F11cscfk8zz!3m5!1s0x47a4d5950eff9b5b:0xc068ed179b6e3c99!8m2!3d51.5335141!4d9.9376129!16s%2Fg%2F11v3znlf2z?entry=ttu' class='url external'><span class='mc-icon' aria-hidden='true'><\/span>Karte<span class='screen-reader-text fn'> Stadtlabor G\u00f6ttingen, Wilhelmspl. 3, 37073 G\u00f6ttingen<\/span><\/a><\/div><\/div><\/div>\n\t\t<div class=\"sharing\">\t<p class='mc-details'><a aria-label='Weiterlesen: 16.03.2026, Ausstellung: Der NS-V\u00f6lkermord an den Roma in der besetzten Sowjetunion' href='https:\/\/rt-europaallee.de\/wordpress\/my-calendar\/?mc_id=30605'>Weiterlesen<\/a><\/p>\n<\/div><\/div><!--end .details--><\/article>\n<\/td>\n<td id='calendar-2026-04-28' class='mc-events dienstag di future-day   has-events author3 mcat_general mcat_treffen-erfahrungsaustausch mcat_advents--weihnachtsmarkt day-with-date'><div class='mc-date-container'>\n\t<span class='mc-date'><span aria-hidden='true' class='mc-day-number'>28<\/span><span class='screen-reader-text mc-day-date'>28. April 2026<\/span><span class=\"event-icon\" aria-hidden=\"true\">&#9679;&#9679;&#9679;<\/span><span class=\"screen-reader-text\"><span class=\"mc-list-details event-count\">(4 Veranstaltungen)<\/span><\/span><\/span><\/div><article id='mc_calendar_28_30605-calendar-30605' class='mc-mc_calendar_30605 calendar-event mc_general mc_stadtlabor-gttingen-wilhelmspl-3-37073-gttingen  on-now mc_primary_general nonrecurring mc-3-wochen mc-start-00-00 ungrouped mc-event-4583 mc-events multidate mc-event mc_rel_general'><header>\t<h3 class='event-title summary' id='mc_30605-title-my-calendar'><button type='button' id='modal-button-mc_calendar_28_30605-calendar-details-30605' data-modal-content-id='mc_calendar_28_30605-calendar-details-30605' data-modal-prefix-class='my-calendar' data-modal-close-text='Schlie\u00dfen' data-modal-title='16.03.2026, Ausstellung: Der NS-V\u00f6lkermord an den Roma in der besetzten Sowjetunion' aria-controls='mc_calendar_28_30605-calendar-details-30605' class='calendar mc-modal button button-link url summary has-image'><svg style=\"fill:#000000\" focusable=\"false\" role=\"img\" aria-labelledby=\"cat_30605\" class=\"category-icon\" xmlns=\"http:\/\/www.w3.org\/2000\/svg\" viewBox=\"0 0 448 512\"><!-- Font Awesome Free 5.15.3 by @fontawesome - https:\/\/fontawesome.com License - https:\/\/fontawesome.com\/license\/free (Icons: CC BY 4.0, Fonts: SIL OFL 1.1, Code: MIT License) --><title id='cat_30605'>Kategorie: General<\/title><path d=\"M12 192h424c6.6 0 12 5.4 12 12v260c0 26.5-21.5 48-48 48H48c-26.5 0-48-21.5-48-48V204c0-6.6 5.4-12 12-12zm436-44v-36c0-26.5-21.5-48-48-48h-48V12c0-6.6-5.4-12-12-12h-40c-6.6 0-12 5.4-12 12v52H160V12c0-6.6-5.4-12-12-12h-40c-6.6 0-12 5.4-12 12v52H48C21.5 64 0 85.5 0 112v36c0 6.6 5.4 12 12 12h424c6.6 0 12-5.4 12-12z\"\/><\/svg> <div>16.03.2026, Ausstellung: Der NS-V\u00f6lkermord an den Roma in der besetzten Sowjetunion<\/div><\/button><\/h3>\n<\/header><div id='mc_calendar_28_30605-calendar-details-30605' class='details no-image uses-modal single-details'  aria-labelledby='mc_30605-title-my-calendar'>\n\t<button type='button' aria-controls='mc_calendar_28_30605-calendar-details-30605' class='mc-toggle close'><span class='dashicons dashicons-dismiss' aria-hidden='true'><\/span><span class='screen-reader-text'>Close<\/span><\/button>\n\t\r\n\t<div class='time-block'>\r\n\t\t<span class='mc-icon' aria-hidden='true'><\/span>\r\n\t\t<p><span class=\"time-wrapper\"> <span class='event-time'><abbr title='Nicht zutreffend'>n.\u00a0a.<\/abbr><\/span>  <\/span><br \/><span class=\"date-wrapper\"><span class='mc-start-date dtstart' title='2026-04-10T00:00:00+02:00' content='2026-04-10T00:00:00+02:00'>10. April 2026<\/span> <span class='date-separator'> &ndash; <\/span> <span class=\"event-time dtend\">30. April 2026<\/span><\/span><\/p>\r\n\t<\/div>\n\t\t<div class='longdesc description'><p>Siehe:\u00a0<a href=\"https:\/\/rt-europaallee.de\/wordpress\/2026\/03\/stadt-goettingen-internationale-wochen-gegen-rassismus-veranstaltungen-in-der-stadt-goettingen\/\">https:\/\/rt-europaallee.de\/wordpress\/2026\/03\/stadt-goettingen-internationale-wochen-gegen-rassismus-veranstaltungen-in-der-stadt-goettingen\/<\/a><\/p>\n<p><img decoding=\"async\" class=\"emoji\" role=\"img\" src=\"https:\/\/s.w.org\/images\/core\/emoji\/17.0.2\/svg\/27a1.svg\" alt=\"\u27a1\ufe0f\" \/><\/p>\n<blockquote><p>(Quelle:\u00a0<a href=\"https:\/\/www.goettingen.de\/portal\/meldungen\/internationale-wochen-gegen-rassismus-veranstaltungen-in-der-stadt-goettingen-900004830-25480.html?utm_source=copilot.com\">https:\/\/www.goettingen.de\/portal\/meldungen\/internationale-wochen-gegen-rassismus-veranstaltungen-in-der-stadt-goettingen-900004830-25480.html?utm_source=copilot.com<\/a>)<\/p>\n<blockquote>\n<div class=\"fusstext fusstext_oben\">\n<p><span class=\"create\">06.03.2026<\/span><span class=\"modified\">\u00a0| ge\u00e4ndert am 12.03.2026<\/span><\/p>\n<div><\/div>\n<\/div>\n<h3 class=\"kontrast-bild\">Internationale Wochen gegen Rassismus \u2013 Veranstaltungen in der Stadt G\u00f6ttingen<\/h3>\n<div id=\"nolis_content_site\" class=\"nolis_content_site\">\n<p class=\"anreisser_detail\"><strong>Zum 31. Mal finden die bundesweiten Internationalen Wochen gegen Rassismus von Montag bis Sonntag, 16. bis 29. M\u00e4rz 2026, statt. Das diesj\u00e4hrige Motto lautet \u201e100 Prozent Menschenw\u00fcrde. Zusammen gegen Rassismus und Rechtsextremismus\u201c. Der diesj\u00e4hrige Botschafter der Aktionswochen ist Prof. Dr. Matthias Quent. Hier gibt es einen \u00dcberblick \u00fcber die Veranstaltungen in der Stadt G\u00f6ttingen.<\/strong><\/p>\n<h3>...<\/h3>\n<p>Freitag, 10. April bis Donnerstag, 30. April 2026<br \/>\n<strong>Der NS-V\u00f6lkermord an den Roma in der besetzten Sowjetunion<\/strong><br \/>\n<strong>Ausstellung im Stadtlabor<\/strong><\/p>\n<p>Ort: Stadtlabor, Wilhelmsplatz 3, 37073 G\u00f6ttingen<br \/>\nVeranstalter*in: Roma Center e. V.<br \/>\nEintritt: frei<br \/>\nAnmeldung: nicht erforderlich.\u00a0<a class=\"link_katalog nolis-link-extern\" href=\"https:\/\/roma-center.de\/\" target=\"_blank\">Die \u00d6ffnungszeiten der Ausstellung sind hier aufgef\u00fchrt<\/a>.<\/p>\n<p>Am Freitag, 10. April 2026 um 18.00 Uhr er\u00f6ffnen Roma Center und Bildungswerk f\u00fcr Erinnerungsarbeit und Frieden die Ausstellung \u201eGenozid an Roma auf dem Gebiet der besetzten Sowjetunion 1941\u20131944\u201c im Stadtlabor. Grundlage sind 200 Interviews mit \u00dcberlebenden und ihren Kindern aus der Ukraine, Belarus, Russland, Rum\u00e4nien und Moldau. Sie erz\u00e4hlen von Verfolgung und Widerstand der Roma nach dem \u00dcberfall auf die Sowjetunion.<\/p>\n<h3>...<\/h3>\n<\/div>\n<\/blockquote>\n<\/blockquote>\n<blockquote>\n<h3><\/h3>\n<\/blockquote>\n<\/div>\n\t\t<div class=\"mc-location\"><div class=\"address location vcard\"><div class='map'><a href='https:\/\/www.google.com\/maps\/place\/Stadtlabor+G%C3%B6ttingen\/@51.5334069,9.9374107,20.79z\/data=!3m1!5s0x47a4d495880e01c3:0x2da49c3266d39a0d!4m15!1m8!3m7!1s0x47a4d49588f818f7:0x3eeeb28ecd9fdbb0!2sWilhelmspl.+3,+37073+G%C3%B6ttingen!3b1!8m2!3d51.5334334!4d9.9374974!16s%2Fg%2F11cscfk8zz!3m5!1s0x47a4d5950eff9b5b:0xc068ed179b6e3c99!8m2!3d51.5335141!4d9.9376129!16s%2Fg%2F11v3znlf2z?entry=ttu' class='url external'><span class='mc-icon' aria-hidden='true'><\/span>Karte<span class='screen-reader-text fn'> Stadtlabor G\u00f6ttingen, Wilhelmspl. 3, 37073 G\u00f6ttingen<\/span><\/a><\/div><\/div><\/div>\n\t\t<div class=\"sharing\">\t<p class='mc-details'><a aria-label='Weiterlesen: 16.03.2026, Ausstellung: Der NS-V\u00f6lkermord an den Roma in der besetzten Sowjetunion' href='https:\/\/rt-europaallee.de\/wordpress\/my-calendar\/?mc_id=30605'>Weiterlesen<\/a><\/p>\n<\/div><\/div><!--end .details--><\/article><article id='mc_calendar_28_30436-calendar-30436' class='mc-mc_calendar_30436 calendar-event mc_treffen-erfahrungsaustausch mc_nachbarschaftszentrum-holtenser-berg-londonstrae-11a-37079-gttingen  future-event mc_primary_treffen-erfahrungsaustausch recurring mc-3-stunden mc-start-16-00 ungrouped mc-event-4489 mc-events mc-event mc_rel_treffenerfahrungsaustausch'><header>\t<h3 class='event-title summary' id='mc_30436-title-my-calendar'><button type='button' id='modal-button-mc_calendar_28_30436-calendar-details-30436' data-modal-content-id='mc_calendar_28_30436-calendar-details-30436' data-modal-prefix-class='my-calendar' data-modal-close-text='Schlie\u00dfen' data-modal-title='16.01.2026, NBZ Holtenser Berg: Spieletreff' aria-controls='mc_calendar_28_30436-calendar-details-30436' class='calendar mc-modal button button-link url summary has-image'><svg style=\"fill:#000000\" focusable=\"false\" role=\"img\" aria-labelledby=\"cat_30436\" class=\"category-icon\" xmlns=\"http:\/\/www.w3.org\/2000\/svg\" viewBox=\"0 0 640 512\"><!-- Font Awesome Free 5.15.3 by @fontawesome - https:\/\/fontawesome.com License - https:\/\/fontawesome.com\/license\/free (Icons: CC BY 4.0, Fonts: SIL OFL 1.1, Code: MIT License) --><title id='cat_30436'>Kategorie: Treffen\/ Erfahrungsaustausch<\/title><path d=\"M434.7 64h-85.9c-8 0-15.7 3-21.6 8.4l-98.3 90c-.1.1-.2.3-.3.4-16.6 15.6-16.3 40.5-2.1 56 12.7 13.9 39.4 17.6 56.1 2.7.1-.1.3-.1.4-.2l79.9-73.2c6.5-5.9 16.7-5.5 22.6 1 6 6.5 5.5 16.6-1 22.6l-26.1 23.9L504 313.8c2.9 2.4 5.5 5 7.9 7.7V128l-54.6-54.6c-5.9-6-14.1-9.4-22.6-9.4zM544 128.2v223.9c0 17.7 14.3 32 32 32h64V128.2h-96zm48 223.9c-8.8 0-16-7.2-16-16s7.2-16 16-16 16 7.2 16 16-7.2 16-16 16zM0 384h64c17.7 0 32-14.3 32-32V128.2H0V384zm48-63.9c8.8 0 16 7.2 16 16s-7.2 16-16 16-16-7.2-16-16c0-8.9 7.2-16 16-16zm435.9 18.6L334.6 217.5l-30 27.5c-29.7 27.1-75.2 24.5-101.7-4.4-26.9-29.4-24.8-74.9 4.4-101.7L289.1 64h-83.8c-8.5 0-16.6 3.4-22.6 9.4L128 128v223.9h18.3l90.5 81.9c27.4 22.3 67.7 18.1 90-9.3l.2-.2 17.9 15.5c15.9 13 39.4 10.5 52.3-5.4l31.4-38.6 5.4 4.4c13.7 11.1 33.9 9.1 45-4.7l9.5-11.7c11.2-13.8 9.1-33.9-4.6-45.1z\"\/><\/svg> <div>16.01.2026, NBZ Holtenser Berg: Spieletreff<\/div><\/button><\/h3>\n<\/header><div id='mc_calendar_28_30436-calendar-details-30436' class='details no-image uses-modal single-details'  aria-labelledby='mc_30436-title-my-calendar'>\n\t<button type='button' aria-controls='mc_calendar_28_30436-calendar-details-30436' class='mc-toggle close'><span class='dashicons dashicons-dismiss' aria-hidden='true'><\/span><span class='screen-reader-text'>Close<\/span><\/button>\n\t\r\n\t<div class='time-block'>\r\n\t\t<span class='mc-icon' aria-hidden='true'><\/span>\r\n\t\t<p><span class=\"time-wrapper\"><span class='event-time dtstart'><time class='value-title' datetime='2026-04-28T16:00:00+02:00' title='2026-04-28T16:00:00+02:00'>16:00<\/time><\/span> <span class='time-separator'> &ndash; <\/span> <span class='end-time dtend'> <time class='value-title' datetime='2026-04-28T18:30:00+02:00' title='2026-04-28T18:30:00+02:00'>18:30<\/time><\/span><\/span><br \/><span class=\"date-wrapper\"><span class='mc-start-date dtstart' title='2026-04-28T16:00:00+02:00' content='2026-04-28T16:00:00+02:00'>28. April 2026<\/span>  <\/span><\/p>\r\n\t<\/div>\n\t\t<div class='longdesc description'><p>(Quelle: <a href=\"https:\/\/www.facebook.com\/events\/1206244801002861\/1206244821002859\/\">https:\/\/www.facebook.com\/events\/1206244801002861\/1206244821002859\/<\/a>)<\/p>\n<blockquote>\n<div class=\"html-div xjyslct xjbqb8w x972fbf x10w94by x1qhh985 x14e42zd x9f619 x1rg5ohu xdj266r x14z9mp xat24cr x1lziwak xexx8yu xyri2b x18d9i69 x1c1uobl x1n2onr6 x16tdsg8 xh8yej3\" role=\"listitem\">\n<div class=\"html-div xdj266r x14z9mp xat24cr x1lziwak xyri2b x1c1uobl x78zum5 xdt5ytf xwib8y2 x1y1aw1k\">\n<div class=\"x9f619 x1ja2u2z x78zum5 x2lah0s x1n2onr6 x1nhvcw1 x1cy8zhl xozqiw3 x1q0g3np xv54qhq xf7dkkf x18d9i69 xexx8yu x1ws5yxj xw01apr x4cne27 xifccgj\">\n<div class=\"x9f619 x1n2onr6 x1ja2u2z x78zum5 xdt5ytf x193iq5w xeuugli x1r8uery x1iyjqo2 xs83m0k xamitd3 x1icxu4v x25sj25 x10b6aqq x1yrsyyn\">\n<div class=\"x78zum5 xdt5ytf xz62fqu x16ldp7u\">\n<div class=\"xu06os2 x1ok221b\"><span class=\"x193iq5w xeuugli x13faqbe x1vvkbs x1xmvt09 x1lliihq x1s928wv xhkezso x1gmr53x x1cpjm7i x1fgarty x1943h6x xudqn12 x3x7a5m x6prxxf xvq8zen xo1l8bm xzsf02u x1yc453h\" dir=\"auto\">Veranstaltung von <b class=\"html-b xdj266r x14z9mp xat24cr x1lziwak xexx8yu xyri2b x18d9i69 x1c1uobl x1hl2dhg x16tdsg8 x1vvkbs x1s688f\"><a class=\"x1i10hfl xjbqb8w x1ejq31n x18oe1m7 x1sy0etr xstzfhl x972fbf x10w94by x1qhh985 x14e42zd x9f619 x1ypdohk xt0psk2 x3ct3a4 xdj266r x14z9mp xat24cr x1lziwak xexx8yu xyri2b x18d9i69 x1c1uobl x16tdsg8 x1hl2dhg xggy1nq x1a2a7pz xkrqix3 x1sur9pj xzsf02u x1s688f\" href=\"https:\/\/www.facebook.com\/NBZHoBerg\">Nachbarschaftszentrum Holtenser Berg<\/a><\/b><\/span><\/div>\n<\/div>\n<\/div>\n<\/div>\n<\/div>\n<\/div>\n<div class=\"html-div xjyslct xjbqb8w x972fbf x10w94by x1qhh985 x14e42zd x9f619 x1rg5ohu xdj266r x14z9mp xat24cr x1lziwak xexx8yu xyri2b x18d9i69 x1c1uobl x1n2onr6 x16tdsg8 xh8yej3\" role=\"listitem\">\n<div class=\"html-div xdj266r x14z9mp xat24cr x1lziwak xyri2b x1c1uobl x78zum5 xdt5ytf xwib8y2 x1y1aw1k\">\n<div class=\"x9f619 x1ja2u2z x78zum5 x2lah0s x1n2onr6 x1nhvcw1 x1cy8zhl xozqiw3 x1q0g3np xv54qhq xf7dkkf x18d9i69 xexx8yu x1ws5yxj xw01apr x4cne27 xifccgj\">\n<div class=\"x9f619 x1n2onr6 x1ja2u2z x78zum5 xdt5ytf x2lah0s x193iq5w xeuugli x1icxu4v x25sj25 x10b6aqq x1yrsyyn\"><\/div>\n<div class=\"x9f619 x1n2onr6 x1ja2u2z x78zum5 xdt5ytf x193iq5w xeuugli x1r8uery x1iyjqo2 xs83m0k xamitd3 x1icxu4v x25sj25 x10b6aqq x1yrsyyn\">\n<div class=\"x78zum5 xdt5ytf xz62fqu x16ldp7u\">\n<div class=\"xu06os2 x1ok221b\">\n<div class=\"x1i10hfl xjbqb8w x1ejq31n x18oe1m7 x1sy0etr xstzfhl x972fbf x10w94by x1qhh985 x14e42zd x9f619 x1ypdohk xt0psk2 x3ct3a4 xdj266r x14z9mp xat24cr x1lziwak xexx8yu xyri2b x18d9i69 x1c1uobl x16tdsg8 x1hl2dhg xggy1nq x1a2a7pz xkrqix3 x1sur9pj xzsf02u x1s688f\" role=\"button\">Londonstra\u00dfe 11a, 37079 G\u00f6ttingen, Germany<\/div>\n<\/div>\n<\/div>\n<\/div>\n<\/div>\n<\/div>\n<\/div>\n<div class=\"html-div xjyslct xjbqb8w x972fbf x10w94by x1qhh985 x14e42zd x9f619 x1rg5ohu xdj266r x14z9mp xat24cr x1lziwak xexx8yu xyri2b x18d9i69 x1c1uobl x1n2onr6 x16tdsg8 xh8yej3\" role=\"listitem\">\n<div class=\"html-div xdj266r x14z9mp xat24cr x1lziwak xyri2b x1c1uobl x78zum5 xdt5ytf xwib8y2 x1y1aw1k\">\n<div class=\"x9f619 x1ja2u2z x78zum5 x2lah0s x1n2onr6 x1nhvcw1 x1cy8zhl xozqiw3 x1q0g3np xv54qhq xf7dkkf x18d9i69 xexx8yu x1ws5yxj xw01apr x4cne27 xifccgj\">\n<div class=\"x9f619 x1n2onr6 x1ja2u2z x78zum5 xdt5ytf x2lah0s x193iq5w xeuugli x1icxu4v x25sj25 x10b6aqq x1yrsyyn\"><\/div>\n<div class=\"x9f619 x1n2onr6 x1ja2u2z x78zum5 xdt5ytf x193iq5w xeuugli x1r8uery x1iyjqo2 xs83m0k xamitd3 x1icxu4v x25sj25 x10b6aqq x1yrsyyn\">\n<div class=\"x78zum5 xdt5ytf xz62fqu x16ldp7u\">\n<div class=\"xu06os2 x1ok221b\"><span class=\"x193iq5w xeuugli x13faqbe x1vvkbs x1xmvt09 x1lliihq x1s928wv xhkezso x1gmr53x x1cpjm7i x1fgarty x1943h6x xudqn12 x3x7a5m x6prxxf xvq8zen xo1l8bm xzsf02u x1yc453h\" dir=\"auto\">Laufzeit: 2 Std. 30 Min.<\/span><\/div>\n<\/div>\n<\/div>\n<\/div>\n<\/div>\n<\/div>\n<div class=\"html-div xjyslct xjbqb8w x972fbf x10w94by x1qhh985 x14e42zd x9f619 x1rg5ohu xdj266r x14z9mp xat24cr x1lziwak xexx8yu xyri2b x18d9i69 x1c1uobl x1n2onr6 x16tdsg8 xh8yej3\" role=\"listitem\">\n<div class=\"html-div xdj266r x14z9mp xat24cr x1lziwak xyri2b x1c1uobl x78zum5 xdt5ytf xwib8y2 x1y1aw1k\">\n<div class=\"x9f619 x1ja2u2z x78zum5 x2lah0s x1n2onr6 x1nhvcw1 x1cy8zhl xozqiw3 x1q0g3np xv54qhq xf7dkkf x18d9i69 xexx8yu x1ws5yxj xw01apr x4cne27 xifccgj\">\n<div class=\"x9f619 x1n2onr6 x1ja2u2z x78zum5 xdt5ytf x2lah0s x193iq5w xeuugli x1icxu4v x25sj25 x10b6aqq x1yrsyyn\"><\/div>\n<div class=\"x9f619 x1n2onr6 x1ja2u2z x78zum5 xdt5ytf x193iq5w xeuugli x1r8uery x1iyjqo2 xs83m0k xamitd3 x1icxu4v x25sj25 x10b6aqq x1yrsyyn\">\n<div class=\"x78zum5 xdt5ytf xz62fqu x16ldp7u\">\n<div class=\"xu06os2 x1ok221b\"><span class=\"x193iq5w xeuugli x13faqbe x1vvkbs x1xmvt09 x1lliihq x1s928wv xhkezso x1gmr53x x1cpjm7i x1fgarty x1943h6x xudqn12 x3x7a5m x6prxxf xvq8zen xo1l8bm xzsf02u x1yc453h\" dir=\"auto\">\u00d6ffentlich<span class=\"xzpqnlu xjm9jq1 x6ikm8r x10wlt62 x10l6tqk x1i1rx1s\">\u00a0<\/span><span aria-hidden=\"true\"> \u00b7 <\/span>Jede Person auf und au\u00dferhalb von Facebook<\/span><\/div>\n<\/div>\n<\/div>\n<\/div>\n<\/div>\n<\/div>\n<div class=\"html-div xdj266r x14z9mp xat24cr x1lziwak xexx8yu x18d9i69 xv54qhq xf7dkkf\">\n<div class=\"x1ni5s2d\">\n<div class=\"xdj266r x14z9mp xat24cr x1lziwak x1vvkbs\">Brett und Kartenspiele, alte und neue Spiele.<\/div>\n<\/div>\n<\/div>\n<\/blockquote>\n<\/div>\n\t\t<div class=\"mc-location\"><div class=\"address location vcard\"><div class='map'><a href='https:\/\/maps.google.com\/maps?z=16&amp;daddr=Londonstra\u00dfe+11a++G\u00f6ttingen++37079+' class='url external'><span class='mc-icon' aria-hidden='true'><\/span>Karte<span class='screen-reader-text fn'> Nachbarschaftszentrum Holtenser Berg Londonstra\u00dfe 11a, 37079 G\u00f6ttingen<\/span><\/a><\/div><\/div><\/div>\n\t\t<div class=\"sharing\">\t<p class='mc-details'><a aria-label='Weiterlesen: 16.01.2026, NBZ Holtenser Berg: Spieletreff' href='https:\/\/rt-europaallee.de\/wordpress\/my-calendar\/?mc_id=30436'>Weiterlesen<\/a><\/p>\n<\/div><\/div><!--end .details--><\/article><article id='mc_calendar_28_30545-calendar-30545' class='mc-mc_calendar_30545 calendar-event mc_advents--weihnachtsmarkt mc_om10  future-event mc_primary_advents-weihnachtsmarkt recurring mc-1-stunde mc-start-17-00 ungrouped mc-event-4560 mc-events mc-event mc_rel_advents-weihnachtsmarkt'><header>\t<h3 class='event-title summary' id='mc_30545-title-my-calendar'><button type='button' id='modal-button-mc_calendar_28_30545-calendar-details-30545' data-modal-content-id='mc_calendar_28_30545-calendar-details-30545' data-modal-prefix-class='my-calendar' data-modal-close-text='Schlie\u00dfen' data-modal-title='04.03.2026, NBZ Holtenser Berg: tauschcaf\u00e9 (Bargeld) in OM10' aria-controls='mc_calendar_28_30545-calendar-details-30545' class='calendar mc-modal button button-link url summary has-image'><svg style=\"fill:#ffffff\" focusable=\"false\" role=\"img\" aria-labelledby=\"cat_30545\" class=\"category-icon\" xmlns=\"http:\/\/www.w3.org\/2000\/svg\" viewBox=\"0 0 576 512\"><!-- Font Awesome Free 5.15.3 by @fontawesome - https:\/\/fontawesome.com License - https:\/\/fontawesome.com\/license\/free (Icons: CC BY 4.0, Fonts: SIL OFL 1.1, Code: MIT License) --><title id='cat_30545'>Kategorie: Advents-, Weihnachtsmarkt<\/title><path d=\"M259.3 17.8L194 150.2 47.9 171.5c-26.2 3.8-36.7 36.1-17.7 54.6l105.7 103-25 145.5c-4.5 26.3 23.2 46 46.4 33.7L288 439.6l130.7 68.7c23.2 12.2 50.9-7.4 46.4-33.7l-25-145.5 105.7-103c19-18.5 8.5-50.8-17.7-54.6L382 150.2 316.7 17.8c-11.7-23.6-45.6-23.9-57.4 0z\"\/><\/svg> <div>04.03.2026, NBZ Holtenser Berg: tauschcaf\u00e9 (Bargeld) in OM10<\/div><\/button><\/h3>\n<\/header><div id='mc_calendar_28_30545-calendar-details-30545' class='details no-image uses-modal single-details'  aria-labelledby='mc_30545-title-my-calendar'>\n\t<button type='button' aria-controls='mc_calendar_28_30545-calendar-details-30545' class='mc-toggle close'><span class='dashicons dashicons-dismiss' aria-hidden='true'><\/span><span class='screen-reader-text'>Close<\/span><\/button>\n\t\r\n\t<div class='time-block'>\r\n\t\t<span class='mc-icon' aria-hidden='true'><\/span>\r\n\t\t<p><span class=\"time-wrapper\"><span class='event-time dtstart'><time class='value-title' datetime='2026-04-28T17:00:00+02:00' title='2026-04-28T17:00:00+02:00'>17:00<\/time><\/span> <span class='time-separator'> &ndash; <\/span> <span class='end-time dtend'> <time class='value-title' datetime='2026-04-28T18:00:00+02:00' title='2026-04-28T18:00:00+02:00'>18:00<\/time><\/span><\/span><br \/><span class=\"date-wrapper\"><span class='mc-start-date dtstart' title='2026-04-28T17:00:00+02:00' content='2026-04-28T17:00:00+02:00'>28. April 2026<\/span>  <\/span><\/p>\r\n\t<\/div>\n\t\t<div class='longdesc description'><p>(Quelle: <a href=\"https:\/\/www.facebook.com\/NBZHoBerg\/posts\/pfbid06iR4gJrM6vgoi2J3K5rLNCRYjDBuNJzMLSE9mJKnFLVWXNN5RUyNs7WoHcCv7aLyl\">https:\/\/www.facebook.com\/NBZHoBerg\/posts\/pfbid06iR4gJrM6vgoi2J3K5rLNCRYjDBuNJzMLSE9mJKnFLVWXNN5RUyNs7WoHcCv7aLyl<\/a>)<\/p>\n<blockquote>\n<div class=\"html-div xdj266r xat24cr x1lziwak xexx8yu xyri2b x18d9i69 x1c1uobl x78zum5 x2lah0s xqtp20y x1xegmmw\">\n<div class=\"x1vqgdyp x100vrsf\">\n<div class=\"\"><\/div>\n<\/div>\n<\/div>\n<div class=\"html-div xdj266r x14z9mp xat24cr x1lziwak xexx8yu xyri2b x18d9i69 x1c1uobl x1iyjqo2 xeuugli\">\n<div class=\"x78zum5 xdt5ytf xz62fqu x16ldp7u\">\n<div class=\"xu06os2 x1ok221b\">\n<div class=\"html-div xdj266r x14z9mp xat24cr x1lziwak xexx8yu xyri2b x18d9i69 x1c1uobl\" data-ad-rendering-role=\"profile_name\">\n<h3 class=\"html-h3 x14z9mp xat24cr x1lziwak xexx8yu xyri2b x18d9i69 x1c1uobl x1vvkbs x1heor9g x1qlqyl8 x1pd3egz x1a2a7pz x1gslohp x1yc453h\"><span class=\"x78zum5 x1q0g3np\"><span class=\"x1lliihq x6ikm8r x10wlt62 x1n2onr6 xlyipyv xuxw1ft\"><span class=\"xt0psk2\"><span class=\"xjp7ctv\"><a class=\"x1i10hfl xjbqb8w x1ejq31n x18oe1m7 x1sy0etr xstzfhl x972fbf x10w94by x1qhh985 x14e42zd x9f619 x1ypdohk xt0psk2 x3ct3a4 xdj266r x14z9mp xat24cr x1lziwak xexx8yu xyri2b x18d9i69 x1c1uobl x16tdsg8 x1hl2dhg xggy1nq x1a2a7pz xkrqix3 x1sur9pj xzsf02u x1s688f\" href=\"https:\/\/www.facebook.com\/NBZHoBerg?__cft__[0]=AZZZ15wGYld4HrLwYx4zOv8I6kq0ljKffGADyr4-gv-GFsxFwgWQXvlt_QfUo-ncRnN4PyvruA9MVzAkvRG7F-0bvBBPZszoF0OFAr3oT34Vmt__Od9XNHV7X76ep-I-xRVJ1whkc_M1O8txQyukw8evuMhrsjoGegVTeevxPnbqOg&amp;__tn__=-UC%2CP-R\"><b class=\"html-b xdj266r x14z9mp xat24cr x1lziwak xexx8yu xyri2b x18d9i69 x1c1uobl x1hl2dhg x16tdsg8 x1vvkbs x1s688f\"><span class=\"html-span xdj266r x14z9mp xat24cr x1lziwak xexx8yu xyri2b x18d9i69 x1c1uobl x1hl2dhg x16tdsg8 x1vvkbs\">Nachbarschaftszentrum Holtenser Berg<\/span><\/b><\/a><\/span><\/span><\/span><\/span><\/h3>\n<div class=\"x9f619 x1r8uery x1iyjqo2 x6ikm8r x10wlt62 x1n2onr6\">\n<div class=\"x78zum5 xdt5ytf\" data-virtualized=\"false\">\n<div class=\"x9f619 x1n2onr6 x1ja2u2z\">\n<div class=\"html-div xdj266r x14z9mp xat24cr x1lziwak xyri2b x18d9i69 x1c1uobl xqtp20y x1n2onr6 xh8yej3 x1jm3axb\">\n<div class=\"html-div x1qjc9v5 x1q0q8m5 x1qhh985 x18b5jzi x10w94by x1t7ytsu x14e42zd x13fuv20 x972fbf x1ey2m1c x9f619 x78zum5 xdt5ytf x1iyjqo2 xs83m0k xtijo5x x1o0tod x1qughib xat24cr x14z9mp x1lziwak xdj266r x2lwn1j xeuugli x18d9i69 xyri2b x1c1uobl xexx8yu x10l6tqk x13vifvy x1ja2u2z\">\n<div class=\"x1wa3icf x11dcrhx x12nagc x10l6tqk\">\n<div class=\"x2fvf9\"><\/div>\n<\/div>\n<\/div>\n<\/div>\n<\/div>\n<\/div>\n<\/div>\n<div class=\"x9f619 x1r8uery x1iyjqo2 x6ikm8r x10wlt62 x1n2onr6\">\n<div class=\"x78zum5 xdt5ytf\" data-virtualized=\"false\">\n<div class=\"x9f619 x1n2onr6 x1ja2u2z\">\n<div class=\"html-div xdj266r x14z9mp xat24cr x1lziwak xyri2b x18d9i69 x1c1uobl xqtp20y x1n2onr6 xh8yej3 x1jm3axb\">\n<div class=\"html-div x1qjc9v5 x1q0q8m5 x1qhh985 x18b5jzi x10w94by x1t7ytsu x14e42zd x13fuv20 x972fbf x1ey2m1c x9f619 x78zum5 xdt5ytf x1iyjqo2 xs83m0k xtijo5x x1o0tod x1qughib xat24cr x14z9mp x1lziwak xdj266r x2lwn1j xeuugli x18d9i69 xyri2b x1c1uobl xexx8yu x10l6tqk x13vifvy x1ja2u2z\">\n<p><a class=\"x1i10hfl xjbqb8w x1ejq31n x18oe1m7 x1sy0etr xstzfhl x972fbf x10w94by x1qhh985 x14e42zd x9f619 x1ypdohk x3ct3a4 xdj266r x14z9mp xat24cr x1lziwak xexx8yu xyri2b x18d9i69 x1c1uobl x16tdsg8 x1hl2dhg xggy1nq x1a2a7pz x1heor9g xkrqix3 x1sur9pj x1s688f x1lliihq x5yr21d x1n2onr6 xh8yej3\" href=\"https:\/\/www.facebook.com\/photo.php?fbid=1222948323359942&amp;set=pb.100069343576736.-2207520000&amp;type=3\"><img decoding=\"async\" class=\"xzg4506 x16mubyn xua58t2 x14uebl7 x1obq294 x5a5i1n xde0f50 x15x8krk x9f619 x5yr21d xl1xv1r xh8yej3\" src=\"https:\/\/scontent-ham3-1.xx.fbcdn.net\/v\/t39.30808-6\/645905570_1222948330026608_6074298258563813047_n.jpg?stp=c257.0.1240.1240a_dst-jpg_s206x206_tt6&amp;_nc_cat=109&amp;ccb=1-7&amp;_nc_sid=a934a8&amp;_nc_ohc=h07PCl_VC6kQ7kNvwF5cANz&amp;_nc_oc=Adl5q4hxatkuVrcsOTlI2n1rKxShx33qPj7tvsxmk19buaL701E80h2UASEkS2qnMuQaDtIWLmUC5R8YyXvPpAQg&amp;_nc_zt=23&amp;_nc_ht=scontent-ham3-1.xx&amp;_nc_gid=h_7YSpqNMOs_i1I8DSIR5w&amp;_nc_ss=8&amp;oh=00_AfwSBvWmFy-b8Y1SnLy6Y9xF14Rq3dFK36w87eMKpBXY1Q&amp;oe=69ADE71A\" alt=\"Ist m\u00f6glicherweise ein Bild von \u200eText \u201e\u200eKarta dravdan\u00ea ihem\u00fc \u015faredariy\u00ean kese kuli A\u015fa\u011f\u0131 z\u00eadetir yek\u00ea dest Veguhestin\u00ean dan\u00fastandinek\u00ea Kes\u00ean anlam\u0131na Banka havaleleri denetlenecek. adil de\u011fil, y\u00fczden takas ba\u015flat\u0131yoruz, deb\u00eete Kes\u00ean diyariye wisa tune Fikir pourra dikarin injuste, \u00e9galement kart\u0131 olanlar als\u0131n. Kart\u0131 Hediye meh\u00ea \u00e9vare systeme kartlar\u0131 nakit getirsin. nakit diyariye Sal\u0131 g\u00fcn\u00fc navni\u015f kirin H\u00e2n 17:00 principe? une d\u00e9bit supermarch\u00e9.L Cartes-cadeaux echang\u00e9es. 18:00 aras\u0131nda peuvent ensuite \u0627\u06a9\u0633\u0648\u0646\u06cc \u06cc\u0627\u0633\u0627\u06cc \u06cc\u062f\u067e\u0646\u06cc Bizi mardis \u067e\u0627\u0631\u0647\u062f\u0627\u0646 .\u062f\u0647\u0628\u06cc\u062a \u0686\u0627\u0648\u062f\u06cc\u0631\u06cc \u0647\u0641\u0631\u0648\u0647_\u0647\u0627 !\u062f\u0647\u0633\u062a \u0628\u0648\u064a\u0647 parmi \u0634\u06cc\u0648\u0647\u200c\u06cc \u064a\u0624\u0631\u0642 .\u062f\u0647_\u06af\u0631\u06cc\u062a \u0628\u06cc\u0631\u0624s\u0647s\u0647\u061f 6yAyT \u06a9\u0646\u0627\u062a\u06be\u0631\u06a9 Ley Asilo podr\u00e1n \u0628\u0647\u064a\u0651\u0646\u0647 \u0645\u0627\u0646\u06af noAapo4Hble KapTbl iniciamos .\u0647\u0627\u062a\u0648\u0648\u0647 \u0648\u06cc\u0646\u0645\u06a9\u0627\u0646 mecRua 17\uff1a00 debito \u0641\u0631\u0648\u0634\u06af\u0627\u06cc\u0627\u0646\u0647\u06cc G\u00f6ttingen G\u00f6ttingen 18:00. una que Obere\u200e\u201c\u200e\" \/><\/a><\/p>\n<div class=\"x1wa3icf x11dcrhx x12nagc x10l6tqk\">\n<div class=\"x2fvf9\"><\/div>\n<\/div>\n<\/div>\n<\/div>\n<\/div>\n<\/div>\n<\/div>\n<div class=\"x9f619 x1r8uery x1iyjqo2 x6ikm8r x10wlt62 x1n2onr6\">\n<div class=\"x78zum5 xdt5ytf\" data-virtualized=\"false\">\n<div class=\"x9f619 x1n2onr6 x1ja2u2z\">\n<div class=\"html-div xdj266r x14z9mp xat24cr x1lziwak xyri2b x18d9i69 x1c1uobl xqtp20y x1n2onr6 xh8yej3 x1jm3axb\">\n<div class=\"html-div x1qjc9v5 x1q0q8m5 x1qhh985 x18b5jzi x10w94by x1t7ytsu x14e42zd x13fuv20 x972fbf x1ey2m1c x9f619 x78zum5 xdt5ytf x1iyjqo2 xs83m0k xtijo5x x1o0tod x1qughib xat24cr x14z9mp x1lziwak xdj266r x2lwn1j xeuugli x18d9i69 xyri2b x1c1uobl xexx8yu x10l6tqk x13vifvy x1ja2u2z\"><a class=\"x1i10hfl xjbqb8w x1ejq31n x18oe1m7 x1sy0etr xstzfhl x972fbf x10w94by x1qhh985 x14e42zd x9f619 x1ypdohk x3ct3a4 xdj266r x14z9mp xat24cr x1lziwak xexx8yu xyri2b x18d9i69 x1c1uobl x16tdsg8 x1hl2dhg xggy1nq x1a2a7pz x1heor9g xkrqix3 x1sur9pj x1s688f x1lliihq x5yr21d x1n2onr6 xh8yej3\" href=\"https:\/\/www.facebook.com\/photo.php?fbid=1222948313359943&amp;set=pb.100069343576736.-2207520000&amp;type=3\"><img decoding=\"async\" class=\"xzg4506 x16mubyn xua58t2 x14uebl7 x1obq294 x5a5i1n xde0f50 x15x8krk x9f619 x5yr21d xl1xv1r xh8yej3\" src=\"https:\/\/scontent-ham3-1.xx.fbcdn.net\/v\/t39.30808-6\/645962940_1222948326693275_9220288748759603139_n.jpg?stp=c257.0.1240.1240a_dst-jpg_s206x206_tt6&amp;_nc_cat=109&amp;ccb=1-7&amp;_nc_sid=a934a8&amp;_nc_ohc=iwzJ1SpCR0gQ7kNvwGAdNZW&amp;_nc_oc=AdnUrzw1mGC-eYvfr2HaFifAtASRK174NCEkoVVVYcmJGyucnk8RTgkzAcraHr1NEF1mgU_x_Q7vVrdj35sZat0e&amp;_nc_zt=23&amp;_nc_ht=scontent-ham3-1.xx&amp;_nc_gid=h_7YSpqNMOs_i1I8DSIR5w&amp;_nc_ss=8&amp;oh=00_Afx20e9hmyY4eObQiZhlDSs-jOjsufd18cl8zZUkW-sVDA&amp;oe=69AE1796\" alt=\"Ist m\u00f6glicherweise ein Bild von Karte und Text\" \/><\/a><\/div>\n<\/div>\n<\/div>\n<\/div>\n<\/div>\n<\/div>\n<\/div>\n<\/div>\n<\/div>\n<\/blockquote>\n<h4>(Bitte Links der Bilder anklicken)<\/h4>\n<blockquote>\n<div class=\"html-div xdj266r x14z9mp xat24cr x1lziwak xexx8yu xyri2b x18d9i69 x1c1uobl x1iyjqo2 xeuugli\">\n<div class=\"x78zum5 xdt5ytf xz62fqu x16ldp7u\">\n<div class=\"xu06os2 x1ok221b\">\n<div class=\"html-div xdj266r x14z9mp xat24cr x1lziwak xexx8yu xyri2b x18d9i69 x1c1uobl\" data-ad-rendering-role=\"profile_name\">\n<p>&nbsp;<\/p>\n<\/div>\n<\/div>\n<\/div>\n<\/div>\n<\/blockquote>\n<\/div>\n\t\t<div class=\"mc-location\"><div class=\"address location vcard\"><div class='map'><a href='https:\/\/maps.google.com\/maps?z=16&amp;daddr=Obere-Masch-Stra\u00dfe+10++G\u00f6ttingen++37073+' class='url external'><span class='mc-icon' aria-hidden='true'><\/span>Karte<span class='screen-reader-text fn'> OM10<\/span><\/a><\/div><\/div><\/div>\n\t\t<div class=\"sharing\">\t<p class='mc-details'><a aria-label='Weiterlesen: 04.03.2026, NBZ Holtenser Berg: tauschcaf\u00e9 (Bargeld) in OM10' href='https:\/\/rt-europaallee.de\/wordpress\/my-calendar\/?mc_id=30545'>Weiterlesen<\/a><\/p>\n<\/div><\/div><!--end .details--><\/article><article id='mc_calendar_28_30610-calendar-30610' class='mc-mc_calendar_30610 calendar-event mc_general mc_aula-am-wilhelmsplatz-wilhelmspl-1-37073-gttingen  future-event mc_primary_general nonrecurring mc-2-stunden mc-start-18-00 ungrouped mc-event-4587 mc-events mc-event mc_rel_general'><header>\t<h3 class='event-title summary' id='mc_30610-title-my-calendar'><button type='button' id='modal-button-mc_calendar_28_30610-calendar-details-30610' data-modal-content-id='mc_calendar_28_30610-calendar-details-30610' data-modal-prefix-class='my-calendar' data-modal-close-text='Schlie\u00dfen' data-modal-title='16.03.2026, Kolonialkritischer Stadtrundgang mit G\u00f6ttingen Postkolonial (English)' aria-controls='mc_calendar_28_30610-calendar-details-30610' class='calendar mc-modal button button-link url summary has-image'><svg style=\"fill:#000000\" focusable=\"false\" role=\"img\" aria-labelledby=\"cat_30610\" class=\"category-icon\" xmlns=\"http:\/\/www.w3.org\/2000\/svg\" viewBox=\"0 0 448 512\"><!-- Font Awesome Free 5.15.3 by @fontawesome - https:\/\/fontawesome.com License - https:\/\/fontawesome.com\/license\/free (Icons: CC BY 4.0, Fonts: SIL OFL 1.1, Code: MIT License) --><title id='cat_30610'>Kategorie: General<\/title><path d=\"M12 192h424c6.6 0 12 5.4 12 12v260c0 26.5-21.5 48-48 48H48c-26.5 0-48-21.5-48-48V204c0-6.6 5.4-12 12-12zm436-44v-36c0-26.5-21.5-48-48-48h-48V12c0-6.6-5.4-12-12-12h-40c-6.6 0-12 5.4-12 12v52H160V12c0-6.6-5.4-12-12-12h-40c-6.6 0-12 5.4-12 12v52H48C21.5 64 0 85.5 0 112v36c0 6.6 5.4 12 12 12h424c6.6 0 12-5.4 12-12z\"\/><\/svg> <div>16.03.2026, Kolonialkritischer Stadtrundgang mit G\u00f6ttingen Postkolonial (English)<\/div><\/button><\/h3>\n<\/header><div id='mc_calendar_28_30610-calendar-details-30610' class='details no-image uses-modal single-details'  aria-labelledby='mc_30610-title-my-calendar'>\n\t<button type='button' aria-controls='mc_calendar_28_30610-calendar-details-30610' class='mc-toggle close'><span class='dashicons dashicons-dismiss' aria-hidden='true'><\/span><span class='screen-reader-text'>Close<\/span><\/button>\n\t\r\n\t<div class='time-block'>\r\n\t\t<span class='mc-icon' aria-hidden='true'><\/span>\r\n\t\t<p><span class=\"time-wrapper\"><span class='event-time dtstart'><time class='value-title' datetime='2026-04-28T18:00:00+02:00' title='2026-04-28T18:00:00+02:00'>18:00<\/time><\/span> <span class='time-separator'> &ndash; <\/span> <span class='end-time dtend'> <time class='value-title' datetime='2026-04-28T20:00:00+02:00' title='2026-04-28T20:00:00+02:00'>20:00<\/time><\/span><\/span><br \/><span class=\"date-wrapper\"><span class='mc-start-date dtstart' title='2026-04-28T18:00:00+02:00' content='2026-04-28T18:00:00+02:00'>28. April 2026<\/span>  <\/span><\/p>\r\n\t<\/div>\n\t\t<div class='longdesc description'><p>Siehe:\u00a0<a href=\"https:\/\/rt-europaallee.de\/wordpress\/2026\/03\/stadt-goettingen-internationale-wochen-gegen-rassismus-veranstaltungen-in-der-stadt-goettingen\/\">https:\/\/rt-europaallee.de\/wordpress\/2026\/03\/stadt-goettingen-internationale-wochen-gegen-rassismus-veranstaltungen-in-der-stadt-goettingen\/<\/a><\/p>\n<p><img decoding=\"async\" class=\"emoji\" role=\"img\" src=\"https:\/\/s.w.org\/images\/core\/emoji\/17.0.2\/svg\/27a1.svg\" alt=\"\u27a1\ufe0f\" \/><\/p>\n<h4><a href=\"https:\/\/www.google.com\/maps\/place\/Wilhelmsplatz\/@51.5337678,9.9331872,17z\/data=!3m1!4b1!4m6!3m5!1s0x47a4d57ddb9c680f:0xb4bba9fc2edc7a67!8m2!3d51.5337679!4d9.9380581!16s%2Fg%2F11j006z5rr?entry=ttu&amp;g_ep=EgoyMDI2MDMxMS4wIKXMDSoASAFQAw%3D%3D\">Wilhelmspl., 37073 G\u00f6ttingen<\/a><\/h4>\n<blockquote><p>(Quelle:\u00a0<a href=\"https:\/\/www.goettingen.de\/portal\/meldungen\/internationale-wochen-gegen-rassismus-veranstaltungen-in-der-stadt-goettingen-900004830-25480.html?utm_source=copilot.com\">https:\/\/www.goettingen.de\/portal\/meldungen\/internationale-wochen-gegen-rassismus-veranstaltungen-in-der-stadt-goettingen-900004830-25480.html?utm_source=copilot.com<\/a>)<\/p>\n<blockquote>\n<div class=\"fusstext fusstext_oben\">\n<p><span class=\"create\">06.03.2026<\/span><span class=\"modified\">\u00a0| ge\u00e4ndert am 12.03.2026<\/span><\/p>\n<div><\/div>\n<\/div>\n<h3 class=\"kontrast-bild\">Internationale Wochen gegen Rassismus \u2013 Veranstaltungen in der Stadt G\u00f6ttingen<\/h3>\n<div id=\"nolis_content_site\" class=\"nolis_content_site\">\n<p class=\"anreisser_detail\"><strong>Zum 31. Mal finden die bundesweiten Internationalen Wochen gegen Rassismus von Montag bis Sonntag, 16. bis 29. M\u00e4rz 2026, statt. Das diesj\u00e4hrige Motto lautet \u201e100 Prozent Menschenw\u00fcrde. Zusammen gegen Rassismus und Rechtsextremismus\u201c. Der diesj\u00e4hrige Botschafter der Aktionswochen ist Prof. Dr. Matthias Quent. Hier gibt es einen \u00dcberblick \u00fcber die Veranstaltungen in der Stadt G\u00f6ttingen.<\/strong><\/p>\n<h3>...<\/h3>\n<p>Dienstag, 28. April 2026, von 18.00 bis 20.00 Uhr<br \/>\n<strong>Kolonialkritischer Stadtrundgang (in English) mit G\u00f6ttingen Postkolonial<\/strong><\/p>\n<p>Ort: Startpunkt ist am Wilhelmsplatz, 37073 G\u00f6ttingen<br \/>\nVeranstalter*in: Sarah B\u00f6ger, G\u00f6ttingen Postkolonial<br \/>\nEintritt: frei<br \/>\nAnmeldung:\u00a0<a class=\"link_katalog nolis-link-extern\" href=\"https:\/\/forms.gle\/oHAAjPZstnJxRYZu9\" target=\"_blank\">\u00fcber das Online-Anmeldeformular<\/a><\/p>\n<p>Spuren des Kolonialismus und deren Wirkungen heute sind im Stadtbild meist nicht auf den ersten Blick zu finden. F\u00fcr einen rassismuskritischen Umgang mit Geschichte ist es jedoch zentral, die Spuren kolonialer Herrschaft aufzuzeigen. Der Stadtrundgang l\u00e4dt dazu ein, G\u00f6ttingen durch die \u201epost- und dekoloniale Brille\u201c (neu) kennenzulernen.<\/p>\n<h3>...<\/h3>\n<\/div>\n<\/blockquote>\n<\/blockquote>\n<blockquote>\n<h3><\/h3>\n<\/blockquote>\n<\/div>\n\t\t<div class=\"mc-location\"><div class=\"address location vcard\"><div class='map'><a href='https:\/\/www.google.com\/maps\/place\/Aula+am+Wilhelmsplatz,+Wilhelmspl.+1,+37073+G%C3%B6ttingen\/@51.5336931,9.9370122,19.08z\/am=t\/data=!4m19!1m12!4m11!1m3!2m2!1d9.93797!2d51.53393!1m4!2m2!1d12.0910576!2d54.1718277!4e1!3e0!5i1!3m5!1s0x47a4d49581ae68f5:0xbfb2f667626e120c!8m2!3d51.534124!4d9.9378281!16s%2Fg%2F12lkjltv0?entry=ttu&amp;g_ep=EgoyMDI0MTEwNS4wIKXMDSoASAFQAw%3D%3D' class='url external'><span class='mc-icon' aria-hidden='true'><\/span>Karte<span class='screen-reader-text fn'> Aula am Wilhelmsplatz, Wilhelmspl. 1, 37073 G\u00f6ttingen<\/span><\/a><\/div><\/div><\/div>\n\t\t<div class=\"sharing\">\t<p class='mc-details'><a aria-label='Weiterlesen: 16.03.2026, Kolonialkritischer Stadtrundgang mit G\u00f6ttingen Postkolonial (English)' href='https:\/\/rt-europaallee.de\/wordpress\/my-calendar\/?mc_id=30610'>Weiterlesen<\/a><\/p>\n<\/div><\/div><!--end .details--><\/article>\n<\/td>\n<td id='calendar-2026-04-29' class='mc-events mittwoch mi future-day   has-events author3 mcat_general day-with-date'><div class='mc-date-container'>\n\t<span class='mc-date'><span aria-hidden='true' class='mc-day-number'>29<\/span><span class='screen-reader-text mc-day-date'>29. April 2026<\/span><span class=\"event-icon\" aria-hidden=\"true\">&#9679;<\/span><span class=\"screen-reader-text\"><span class=\"mc-list-details event-count\">(1 Veranstaltung)<\/span><\/span><\/span><\/div><article id='mc_calendar_29_30605-calendar-30605' class='mc-mc_calendar_30605 calendar-event mc_general mc_stadtlabor-gttingen-wilhelmspl-3-37073-gttingen  on-now mc_primary_general nonrecurring mc-3-wochen mc-start-00-00 ungrouped mc-event-4583 mc-events multidate mc-event mc_rel_general'><header>\t<h3 class='event-title summary' id='mc_30605-title-my-calendar'><button type='button' id='modal-button-mc_calendar_29_30605-calendar-details-30605' data-modal-content-id='mc_calendar_29_30605-calendar-details-30605' data-modal-prefix-class='my-calendar' data-modal-close-text='Schlie\u00dfen' data-modal-title='16.03.2026, Ausstellung: Der NS-V\u00f6lkermord an den Roma in der besetzten Sowjetunion' aria-controls='mc_calendar_29_30605-calendar-details-30605' class='calendar mc-modal button button-link url summary has-image'><svg style=\"fill:#000000\" focusable=\"false\" role=\"img\" aria-labelledby=\"cat_30605\" class=\"category-icon\" xmlns=\"http:\/\/www.w3.org\/2000\/svg\" viewBox=\"0 0 448 512\"><!-- Font Awesome Free 5.15.3 by @fontawesome - https:\/\/fontawesome.com License - https:\/\/fontawesome.com\/license\/free (Icons: CC BY 4.0, Fonts: SIL OFL 1.1, Code: MIT License) --><title id='cat_30605'>Kategorie: General<\/title><path d=\"M12 192h424c6.6 0 12 5.4 12 12v260c0 26.5-21.5 48-48 48H48c-26.5 0-48-21.5-48-48V204c0-6.6 5.4-12 12-12zm436-44v-36c0-26.5-21.5-48-48-48h-48V12c0-6.6-5.4-12-12-12h-40c-6.6 0-12 5.4-12 12v52H160V12c0-6.6-5.4-12-12-12h-40c-6.6 0-12 5.4-12 12v52H48C21.5 64 0 85.5 0 112v36c0 6.6 5.4 12 12 12h424c6.6 0 12-5.4 12-12z\"\/><\/svg> <div>16.03.2026, Ausstellung: Der NS-V\u00f6lkermord an den Roma in der besetzten Sowjetunion<\/div><\/button><\/h3>\n<\/header><div id='mc_calendar_29_30605-calendar-details-30605' class='details no-image uses-modal single-details'  aria-labelledby='mc_30605-title-my-calendar'>\n\t<button type='button' aria-controls='mc_calendar_29_30605-calendar-details-30605' class='mc-toggle close'><span class='dashicons dashicons-dismiss' aria-hidden='true'><\/span><span class='screen-reader-text'>Close<\/span><\/button>\n\t\r\n\t<div class='time-block'>\r\n\t\t<span class='mc-icon' aria-hidden='true'><\/span>\r\n\t\t<p><span class=\"time-wrapper\"> <span class='event-time'><abbr title='Nicht zutreffend'>n.\u00a0a.<\/abbr><\/span>  <\/span><br \/><span class=\"date-wrapper\"><span class='mc-start-date dtstart' title='2026-04-10T00:00:00+02:00' content='2026-04-10T00:00:00+02:00'>10. April 2026<\/span> <span class='date-separator'> &ndash; <\/span> <span class=\"event-time dtend\">30. April 2026<\/span><\/span><\/p>\r\n\t<\/div>\n\t\t<div class='longdesc description'><p>Siehe:\u00a0<a href=\"https:\/\/rt-europaallee.de\/wordpress\/2026\/03\/stadt-goettingen-internationale-wochen-gegen-rassismus-veranstaltungen-in-der-stadt-goettingen\/\">https:\/\/rt-europaallee.de\/wordpress\/2026\/03\/stadt-goettingen-internationale-wochen-gegen-rassismus-veranstaltungen-in-der-stadt-goettingen\/<\/a><\/p>\n<p><img decoding=\"async\" class=\"emoji\" role=\"img\" src=\"https:\/\/s.w.org\/images\/core\/emoji\/17.0.2\/svg\/27a1.svg\" alt=\"\u27a1\ufe0f\" \/><\/p>\n<blockquote><p>(Quelle:\u00a0<a href=\"https:\/\/www.goettingen.de\/portal\/meldungen\/internationale-wochen-gegen-rassismus-veranstaltungen-in-der-stadt-goettingen-900004830-25480.html?utm_source=copilot.com\">https:\/\/www.goettingen.de\/portal\/meldungen\/internationale-wochen-gegen-rassismus-veranstaltungen-in-der-stadt-goettingen-900004830-25480.html?utm_source=copilot.com<\/a>)<\/p>\n<blockquote>\n<div class=\"fusstext fusstext_oben\">\n<p><span class=\"create\">06.03.2026<\/span><span class=\"modified\">\u00a0| ge\u00e4ndert am 12.03.2026<\/span><\/p>\n<div><\/div>\n<\/div>\n<h3 class=\"kontrast-bild\">Internationale Wochen gegen Rassismus \u2013 Veranstaltungen in der Stadt G\u00f6ttingen<\/h3>\n<div id=\"nolis_content_site\" class=\"nolis_content_site\">\n<p class=\"anreisser_detail\"><strong>Zum 31. Mal finden die bundesweiten Internationalen Wochen gegen Rassismus von Montag bis Sonntag, 16. bis 29. M\u00e4rz 2026, statt. Das diesj\u00e4hrige Motto lautet \u201e100 Prozent Menschenw\u00fcrde. Zusammen gegen Rassismus und Rechtsextremismus\u201c. Der diesj\u00e4hrige Botschafter der Aktionswochen ist Prof. Dr. Matthias Quent. Hier gibt es einen \u00dcberblick \u00fcber die Veranstaltungen in der Stadt G\u00f6ttingen.<\/strong><\/p>\n<h3>...<\/h3>\n<p>Freitag, 10. April bis Donnerstag, 30. April 2026<br \/>\n<strong>Der NS-V\u00f6lkermord an den Roma in der besetzten Sowjetunion<\/strong><br \/>\n<strong>Ausstellung im Stadtlabor<\/strong><\/p>\n<p>Ort: Stadtlabor, Wilhelmsplatz 3, 37073 G\u00f6ttingen<br \/>\nVeranstalter*in: Roma Center e. V.<br \/>\nEintritt: frei<br \/>\nAnmeldung: nicht erforderlich.\u00a0<a class=\"link_katalog nolis-link-extern\" href=\"https:\/\/roma-center.de\/\" target=\"_blank\">Die \u00d6ffnungszeiten der Ausstellung sind hier aufgef\u00fchrt<\/a>.<\/p>\n<p>Am Freitag, 10. April 2026 um 18.00 Uhr er\u00f6ffnen Roma Center und Bildungswerk f\u00fcr Erinnerungsarbeit und Frieden die Ausstellung \u201eGenozid an Roma auf dem Gebiet der besetzten Sowjetunion 1941\u20131944\u201c im Stadtlabor. Grundlage sind 200 Interviews mit \u00dcberlebenden und ihren Kindern aus der Ukraine, Belarus, Russland, Rum\u00e4nien und Moldau. Sie erz\u00e4hlen von Verfolgung und Widerstand der Roma nach dem \u00dcberfall auf die Sowjetunion.<\/p>\n<h3>...<\/h3>\n<\/div>\n<\/blockquote>\n<\/blockquote>\n<blockquote>\n<h3><\/h3>\n<\/blockquote>\n<\/div>\n\t\t<div class=\"mc-location\"><div class=\"address location vcard\"><div class='map'><a href='https:\/\/www.google.com\/maps\/place\/Stadtlabor+G%C3%B6ttingen\/@51.5334069,9.9374107,20.79z\/data=!3m1!5s0x47a4d495880e01c3:0x2da49c3266d39a0d!4m15!1m8!3m7!1s0x47a4d49588f818f7:0x3eeeb28ecd9fdbb0!2sWilhelmspl.+3,+37073+G%C3%B6ttingen!3b1!8m2!3d51.5334334!4d9.9374974!16s%2Fg%2F11cscfk8zz!3m5!1s0x47a4d5950eff9b5b:0xc068ed179b6e3c99!8m2!3d51.5335141!4d9.9376129!16s%2Fg%2F11v3znlf2z?entry=ttu' class='url external'><span class='mc-icon' aria-hidden='true'><\/span>Karte<span class='screen-reader-text fn'> Stadtlabor G\u00f6ttingen, Wilhelmspl. 3, 37073 G\u00f6ttingen<\/span><\/a><\/div><\/div><\/div>\n\t\t<div class=\"sharing\">\t<p class='mc-details'><a aria-label='Weiterlesen: 16.03.2026, Ausstellung: Der NS-V\u00f6lkermord an den Roma in der besetzten Sowjetunion' href='https:\/\/rt-europaallee.de\/wordpress\/my-calendar\/?mc_id=30605'>Weiterlesen<\/a><\/p>\n<\/div><\/div><!--end .details--><\/article>\n<\/td>\n<td id='calendar-2026-04-30' class='mc-events donnerstag do future-day   has-events author3 mcat_general day-with-date'><div class='mc-date-container'>\n\t<span class='mc-date'><span aria-hidden='true' class='mc-day-number'>30<\/span><span class='screen-reader-text mc-day-date'>30. April 2026<\/span><span class=\"event-icon\" aria-hidden=\"true\">&#9679;<\/span><span class=\"screen-reader-text\"><span class=\"mc-list-details event-count\">(1 Veranstaltung)<\/span><\/span><\/span><\/div><article id='mc_calendar_30_30605-calendar-30605' class='mc-mc_calendar_30605 calendar-event mc_general mc_stadtlabor-gttingen-wilhelmspl-3-37073-gttingen  on-now mc_primary_general nonrecurring mc-3-wochen mc-start-00-00 ungrouped mc-event-4583 mc-events multidate mc-event mc_rel_general'><header>\t<h3 class='event-title summary' id='mc_30605-title-my-calendar'><button type='button' id='modal-button-mc_calendar_30_30605-calendar-details-30605' data-modal-content-id='mc_calendar_30_30605-calendar-details-30605' data-modal-prefix-class='my-calendar' data-modal-close-text='Schlie\u00dfen' data-modal-title='16.03.2026, Ausstellung: Der NS-V\u00f6lkermord an den Roma in der besetzten Sowjetunion' aria-controls='mc_calendar_30_30605-calendar-details-30605' class='calendar mc-modal button button-link url summary has-image'><svg style=\"fill:#000000\" focusable=\"false\" role=\"img\" aria-labelledby=\"cat_30605\" class=\"category-icon\" xmlns=\"http:\/\/www.w3.org\/2000\/svg\" viewBox=\"0 0 448 512\"><!-- Font Awesome Free 5.15.3 by @fontawesome - https:\/\/fontawesome.com License - https:\/\/fontawesome.com\/license\/free (Icons: CC BY 4.0, Fonts: SIL OFL 1.1, Code: MIT License) --><title id='cat_30605'>Kategorie: General<\/title><path d=\"M12 192h424c6.6 0 12 5.4 12 12v260c0 26.5-21.5 48-48 48H48c-26.5 0-48-21.5-48-48V204c0-6.6 5.4-12 12-12zm436-44v-36c0-26.5-21.5-48-48-48h-48V12c0-6.6-5.4-12-12-12h-40c-6.6 0-12 5.4-12 12v52H160V12c0-6.6-5.4-12-12-12h-40c-6.6 0-12 5.4-12 12v52H48C21.5 64 0 85.5 0 112v36c0 6.6 5.4 12 12 12h424c6.6 0 12-5.4 12-12z\"\/><\/svg> <div>16.03.2026, Ausstellung: Der NS-V\u00f6lkermord an den Roma in der besetzten Sowjetunion<\/div><\/button><\/h3>\n<\/header><div id='mc_calendar_30_30605-calendar-details-30605' class='details no-image uses-modal single-details'  aria-labelledby='mc_30605-title-my-calendar'>\n\t<button type='button' aria-controls='mc_calendar_30_30605-calendar-details-30605' class='mc-toggle close'><span class='dashicons dashicons-dismiss' aria-hidden='true'><\/span><span class='screen-reader-text'>Close<\/span><\/button>\n\t\r\n\t<div class='time-block'>\r\n\t\t<span class='mc-icon' aria-hidden='true'><\/span>\r\n\t\t<p><span class=\"time-wrapper\"> <span class='event-time'><abbr title='Nicht zutreffend'>n.\u00a0a.<\/abbr><\/span>  <\/span><br \/><span class=\"date-wrapper\"><span class='mc-start-date dtstart' title='2026-04-10T00:00:00+02:00' content='2026-04-10T00:00:00+02:00'>10. April 2026<\/span> <span class='date-separator'> &ndash; <\/span> <span class=\"event-time dtend\">30. April 2026<\/span><\/span><\/p>\r\n\t<\/div>\n\t\t<div class='longdesc description'><p>Siehe:\u00a0<a href=\"https:\/\/rt-europaallee.de\/wordpress\/2026\/03\/stadt-goettingen-internationale-wochen-gegen-rassismus-veranstaltungen-in-der-stadt-goettingen\/\">https:\/\/rt-europaallee.de\/wordpress\/2026\/03\/stadt-goettingen-internationale-wochen-gegen-rassismus-veranstaltungen-in-der-stadt-goettingen\/<\/a><\/p>\n<p><img decoding=\"async\" class=\"emoji\" role=\"img\" src=\"https:\/\/s.w.org\/images\/core\/emoji\/17.0.2\/svg\/27a1.svg\" alt=\"\u27a1\ufe0f\" \/><\/p>\n<blockquote><p>(Quelle:\u00a0<a href=\"https:\/\/www.goettingen.de\/portal\/meldungen\/internationale-wochen-gegen-rassismus-veranstaltungen-in-der-stadt-goettingen-900004830-25480.html?utm_source=copilot.com\">https:\/\/www.goettingen.de\/portal\/meldungen\/internationale-wochen-gegen-rassismus-veranstaltungen-in-der-stadt-goettingen-900004830-25480.html?utm_source=copilot.com<\/a>)<\/p>\n<blockquote>\n<div class=\"fusstext fusstext_oben\">\n<p><span class=\"create\">06.03.2026<\/span><span class=\"modified\">\u00a0| ge\u00e4ndert am 12.03.2026<\/span><\/p>\n<div><\/div>\n<\/div>\n<h3 class=\"kontrast-bild\">Internationale Wochen gegen Rassismus \u2013 Veranstaltungen in der Stadt G\u00f6ttingen<\/h3>\n<div id=\"nolis_content_site\" class=\"nolis_content_site\">\n<p class=\"anreisser_detail\"><strong>Zum 31. Mal finden die bundesweiten Internationalen Wochen gegen Rassismus von Montag bis Sonntag, 16. bis 29. M\u00e4rz 2026, statt. Das diesj\u00e4hrige Motto lautet \u201e100 Prozent Menschenw\u00fcrde. Zusammen gegen Rassismus und Rechtsextremismus\u201c. Der diesj\u00e4hrige Botschafter der Aktionswochen ist Prof. Dr. Matthias Quent. Hier gibt es einen \u00dcberblick \u00fcber die Veranstaltungen in der Stadt G\u00f6ttingen.<\/strong><\/p>\n<h3>...<\/h3>\n<p>Freitag, 10. April bis Donnerstag, 30. April 2026<br \/>\n<strong>Der NS-V\u00f6lkermord an den Roma in der besetzten Sowjetunion<\/strong><br \/>\n<strong>Ausstellung im Stadtlabor<\/strong><\/p>\n<p>Ort: Stadtlabor, Wilhelmsplatz 3, 37073 G\u00f6ttingen<br \/>\nVeranstalter*in: Roma Center e. V.<br \/>\nEintritt: frei<br \/>\nAnmeldung: nicht erforderlich.\u00a0<a class=\"link_katalog nolis-link-extern\" href=\"https:\/\/roma-center.de\/\" target=\"_blank\">Die \u00d6ffnungszeiten der Ausstellung sind hier aufgef\u00fchrt<\/a>.<\/p>\n<p>Am Freitag, 10. April 2026 um 18.00 Uhr er\u00f6ffnen Roma Center und Bildungswerk f\u00fcr Erinnerungsarbeit und Frieden die Ausstellung \u201eGenozid an Roma auf dem Gebiet der besetzten Sowjetunion 1941\u20131944\u201c im Stadtlabor. Grundlage sind 200 Interviews mit \u00dcberlebenden und ihren Kindern aus der Ukraine, Belarus, Russland, Rum\u00e4nien und Moldau. Sie erz\u00e4hlen von Verfolgung und Widerstand der Roma nach dem \u00dcberfall auf die Sowjetunion.<\/p>\n<h3>...<\/h3>\n<\/div>\n<\/blockquote>\n<\/blockquote>\n<blockquote>\n<h3><\/h3>\n<\/blockquote>\n<\/div>\n\t\t<div class=\"mc-location\"><div class=\"address location vcard\"><div class='map'><a href='https:\/\/www.google.com\/maps\/place\/Stadtlabor+G%C3%B6ttingen\/@51.5334069,9.9374107,20.79z\/data=!3m1!5s0x47a4d495880e01c3:0x2da49c3266d39a0d!4m15!1m8!3m7!1s0x47a4d49588f818f7:0x3eeeb28ecd9fdbb0!2sWilhelmspl.+3,+37073+G%C3%B6ttingen!3b1!8m2!3d51.5334334!4d9.9374974!16s%2Fg%2F11cscfk8zz!3m5!1s0x47a4d5950eff9b5b:0xc068ed179b6e3c99!8m2!3d51.5335141!4d9.9376129!16s%2Fg%2F11v3znlf2z?entry=ttu' class='url external'><span class='mc-icon' aria-hidden='true'><\/span>Karte<span class='screen-reader-text fn'> Stadtlabor G\u00f6ttingen, Wilhelmspl. 3, 37073 G\u00f6ttingen<\/span><\/a><\/div><\/div><\/div>\n\t\t<div class=\"sharing\">\t<p class='mc-details'><a aria-label='Weiterlesen: 16.03.2026, Ausstellung: Der NS-V\u00f6lkermord an den Roma in der besetzten Sowjetunion' href='https:\/\/rt-europaallee.de\/wordpress\/my-calendar\/?mc_id=30605'>Weiterlesen<\/a><\/p>\n<\/div><\/div><!--end .details--><\/article>\n<\/td>\n<td id='calendar-2026-05-01' class='mc-events freitag fr future-day  nextmonth has-events author3 mcat_feiertag mcat_treffen-erfahrungsaustausch day-with-date'><div class='mc-date-container'>\n\t<span class='mc-date'><span aria-hidden='true' class='mc-day-number'>1<\/span><span class='screen-reader-text mc-day-date'>1. Mai 2026<\/span><span class=\"event-icon\" aria-hidden=\"true\">&#9679;&#9679;<\/span><span class=\"screen-reader-text\"><span class=\"mc-list-details event-count\">(3 Veranstaltungen)<\/span><\/span><\/span><\/div><article id='mc_calendar_01_26312-calendar-26312' class='mc-mc_calendar_26312 calendar-event mc_feiertag mc_no-location  future-event mc_primary_feiertag recurring mc-24-stunden mc-start-00-00 ungrouped mc-event-2596 mc-events mc-event mc_rel_feiertag'><header>\t<h3 class='event-title summary' id='mc_26312-title-my-calendar'><button type='button' id='modal-button-mc_calendar_01_26312-calendar-details-26312' data-modal-content-id='mc_calendar_01_26312-calendar-details-26312' data-modal-prefix-class='my-calendar' data-modal-close-text='Schlie\u00dfen' data-modal-title='Tag der Arbeit' aria-controls='mc_calendar_01_26312-calendar-details-26312' class='calendar mc-modal button button-link url summary has-image'><svg style=\"fill:#000000\" focusable=\"false\" role=\"img\" aria-labelledby=\"cat_26312\" class=\"category-icon\" xmlns=\"http:\/\/www.w3.org\/2000\/svg\" viewBox=\"0 0 448 512\"><!-- Font Awesome Free 5.15.3 by @fontawesome - https:\/\/fontawesome.com License - https:\/\/fontawesome.com\/license\/free (Icons: CC BY 4.0, Fonts: SIL OFL 1.1, Code: MIT License) --><title id='cat_26312'>Kategorie: Feiertag<\/title><path d=\"M0 464c0 26.5 21.5 48 48 48h352c26.5 0 48-21.5 48-48V192H0v272zm320-196c0-6.6 5.4-12 12-12h40c6.6 0 12 5.4 12 12v40c0 6.6-5.4 12-12 12h-40c-6.6 0-12-5.4-12-12v-40zm0 128c0-6.6 5.4-12 12-12h40c6.6 0 12 5.4 12 12v40c0 6.6-5.4 12-12 12h-40c-6.6 0-12-5.4-12-12v-40zM192 268c0-6.6 5.4-12 12-12h40c6.6 0 12 5.4 12 12v40c0 6.6-5.4 12-12 12h-40c-6.6 0-12-5.4-12-12v-40zm0 128c0-6.6 5.4-12 12-12h40c6.6 0 12 5.4 12 12v40c0 6.6-5.4 12-12 12h-40c-6.6 0-12-5.4-12-12v-40zM64 268c0-6.6 5.4-12 12-12h40c6.6 0 12 5.4 12 12v40c0 6.6-5.4 12-12 12H76c-6.6 0-12-5.4-12-12v-40zm0 128c0-6.6 5.4-12 12-12h40c6.6 0 12 5.4 12 12v40c0 6.6-5.4 12-12 12H76c-6.6 0-12-5.4-12-12v-40zM400 64h-48V16c0-8.8-7.2-16-16-16h-32c-8.8 0-16 7.2-16 16v48H160V16c0-8.8-7.2-16-16-16h-32c-8.8 0-16 7.2-16 16v48H48C21.5 64 0 85.5 0 112v48h448v-48c0-26.5-21.5-48-48-48z\"\/><\/svg> <div>Tag der Arbeit<\/div><\/button><\/h3>\n<\/header><div id='mc_calendar_01_26312-calendar-details-26312' class='details no-image uses-modal single-details'  aria-labelledby='mc_26312-title-my-calendar'>\n\t<button type='button' aria-controls='mc_calendar_01_26312-calendar-details-26312' class='mc-toggle close'><span class='dashicons dashicons-dismiss' aria-hidden='true'><\/span><span class='screen-reader-text'>Close<\/span><\/button>\n\t\r\n\t<div class='time-block'>\r\n\t\t<span class='mc-icon' aria-hidden='true'><\/span>\r\n\t\t<p><span class=\"time-wrapper\">  <\/span><span class=\"date-wrapper\"><span class='mc-start-date dtstart' title='2026-05-01T00:00:00+02:00' content='2026-05-01T00:00:00+02:00'>1. Mai 2026<\/span>  <\/span><\/p>\r\n\t<\/div>\n\t\t<div class='longdesc description'><p>(Quelle: <a href=\"https:\/\/www.schulferien.org\/deutschland\/feiertage\/niedersachsen\/\">https:\/\/www.schulferien.org\/deutschland\/feiertage\/niedersachsen\/<\/a>)<\/p>\n<\/div>\n\t\t<div class=\"sharing\">\t<p class='mc-details'><a aria-label='Weiterlesen: Tag der Arbeit' href='https:\/\/rt-europaallee.de\/wordpress\/my-calendar\/?mc_id=26312'>Weiterlesen<\/a><\/p>\n<\/div><\/div><!--end .details--><\/article><article id='mc_calendar_01_30407-calendar-30407' class='mc-mc_calendar_30407 calendar-event mc_treffen-erfahrungsaustausch mc_nachbarschaftszentrum-holtenser-berg-londonstrae-11a-37079-gttingen  future-event mc_primary_treffen-erfahrungsaustausch recurring mc-3-stunden mc-start-19-00 mc-group-4488 mc-event-4488 mc-events mc-event mc_rel_treffenerfahrungsaustausch mc_rel_delete'><header>\t<h3 class='event-title summary' id='mc_30407-title-my-calendar'><button type='button' id='modal-button-mc_calendar_01_30407-calendar-details-30407' data-modal-content-id='mc_calendar_01_30407-calendar-details-30407' data-modal-prefix-class='my-calendar' data-modal-close-text='Schlie\u00dfen' data-modal-title='16.01.2026, NBZ Holtenser Berg: Stammtisch Holtenser Berg' aria-controls='mc_calendar_01_30407-calendar-details-30407' class='calendar mc-modal button button-link url summary has-image'><svg style=\"fill:#000000\" focusable=\"false\" role=\"img\" aria-labelledby=\"cat_30407\" class=\"category-icon\" xmlns=\"http:\/\/www.w3.org\/2000\/svg\" viewBox=\"0 0 640 512\"><!-- Font Awesome Free 5.15.3 by @fontawesome - https:\/\/fontawesome.com License - https:\/\/fontawesome.com\/license\/free (Icons: CC BY 4.0, Fonts: SIL OFL 1.1, Code: MIT License) --><title id='cat_30407'>Kategorie: Treffen\/ Erfahrungsaustausch<\/title><path d=\"M434.7 64h-85.9c-8 0-15.7 3-21.6 8.4l-98.3 90c-.1.1-.2.3-.3.4-16.6 15.6-16.3 40.5-2.1 56 12.7 13.9 39.4 17.6 56.1 2.7.1-.1.3-.1.4-.2l79.9-73.2c6.5-5.9 16.7-5.5 22.6 1 6 6.5 5.5 16.6-1 22.6l-26.1 23.9L504 313.8c2.9 2.4 5.5 5 7.9 7.7V128l-54.6-54.6c-5.9-6-14.1-9.4-22.6-9.4zM544 128.2v223.9c0 17.7 14.3 32 32 32h64V128.2h-96zm48 223.9c-8.8 0-16-7.2-16-16s7.2-16 16-16 16 7.2 16 16-7.2 16-16 16zM0 384h64c17.7 0 32-14.3 32-32V128.2H0V384zm48-63.9c8.8 0 16 7.2 16 16s-7.2 16-16 16-16-7.2-16-16c0-8.9 7.2-16 16-16zm435.9 18.6L334.6 217.5l-30 27.5c-29.7 27.1-75.2 24.5-101.7-4.4-26.9-29.4-24.8-74.9 4.4-101.7L289.1 64h-83.8c-8.5 0-16.6 3.4-22.6 9.4L128 128v223.9h18.3l90.5 81.9c27.4 22.3 67.7 18.1 90-9.3l.2-.2 17.9 15.5c15.9 13 39.4 10.5 52.3-5.4l31.4-38.6 5.4 4.4c13.7 11.1 33.9 9.1 45-4.7l9.5-11.7c11.2-13.8 9.1-33.9-4.6-45.1z\"\/><\/svg> <div>16.01.2026, NBZ Holtenser Berg: Stammtisch Holtenser Berg<\/div><\/button><\/h3>\n<\/header><div id='mc_calendar_01_30407-calendar-details-30407' class='details no-image uses-modal single-details'  aria-labelledby='mc_30407-title-my-calendar'>\n\t<button type='button' aria-controls='mc_calendar_01_30407-calendar-details-30407' class='mc-toggle close'><span class='dashicons dashicons-dismiss' aria-hidden='true'><\/span><span class='screen-reader-text'>Close<\/span><\/button>\n\t\r\n\t<div class='time-block'>\r\n\t\t<span class='mc-icon' aria-hidden='true'><\/span>\r\n\t\t<p><span class=\"time-wrapper\"><span class='event-time dtstart'><time class='value-title' datetime='2026-05-01T19:00:00+02:00' title='2026-05-01T19:00:00+02:00'>19:00<\/time><\/span> <span class='time-separator'> &ndash; <\/span> <span class='end-time dtend'> <time class='value-title' datetime='2026-05-01T22:00:00+02:00' title='2026-05-01T22:00:00+02:00'>22:00<\/time><\/span><\/span><br \/><span class=\"date-wrapper\"><span class='mc-start-date dtstart' title='2026-05-01T19:00:00+02:00' content='2026-05-01T19:00:00+02:00'>1. Mai 2026<\/span>  <\/span><\/p>\r\n\t<\/div>\n\t\t<div class='longdesc description'><p>(Quelle: <a href=\"https:\/\/www.facebook.com\/events\/2003043070613517\/2003043073946850\/\">https:\/\/www.facebook.com\/events\/2003043070613517\/2003043073946850\/<\/a>)<\/p>\n<blockquote>\n<div class=\"html-div xjyslct xjbqb8w x972fbf x10w94by x1qhh985 x14e42zd x9f619 x1rg5ohu xdj266r x14z9mp xat24cr x1lziwak xexx8yu xyri2b x18d9i69 x1c1uobl x1n2onr6 x16tdsg8 xh8yej3\" role=\"listitem\">\n<div class=\"html-div xdj266r x14z9mp xat24cr x1lziwak xyri2b x1c1uobl x78zum5 xdt5ytf xwib8y2 x1y1aw1k\">\n<div class=\"x9f619 x1ja2u2z x78zum5 x2lah0s x1n2onr6 x1nhvcw1 x1cy8zhl xozqiw3 x1q0g3np xv54qhq xf7dkkf x18d9i69 xexx8yu x1ws5yxj xw01apr x4cne27 xifccgj\">\n<div class=\"x9f619 x1n2onr6 x1ja2u2z x78zum5 xdt5ytf x2lah0s x193iq5w xeuugli x1icxu4v x25sj25 x10b6aqq x1yrsyyn\"><\/div>\n<div class=\"x9f619 x1n2onr6 x1ja2u2z x78zum5 xdt5ytf x193iq5w xeuugli x1r8uery x1iyjqo2 xs83m0k xamitd3 x1icxu4v x25sj25 x10b6aqq x1yrsyyn\">\n<div class=\"x78zum5 xdt5ytf xz62fqu x16ldp7u\">\n<div class=\"xu06os2 x1ok221b\"><span class=\"x193iq5w xeuugli x13faqbe x1vvkbs x1xmvt09 x1lliihq x1s928wv xhkezso x1gmr53x x1cpjm7i x1fgarty x1943h6x xudqn12 x3x7a5m x6prxxf xvq8zen xo1l8bm xzsf02u x1yc453h\" dir=\"auto\">Veranstaltung von <b class=\"html-b xdj266r x14z9mp xat24cr x1lziwak xexx8yu xyri2b x18d9i69 x1c1uobl x1hl2dhg x16tdsg8 x1vvkbs x1s688f\"><a class=\"x1i10hfl xjbqb8w x1ejq31n x18oe1m7 x1sy0etr xstzfhl x972fbf x10w94by x1qhh985 x14e42zd x9f619 x1ypdohk xt0psk2 x3ct3a4 xdj266r x14z9mp xat24cr x1lziwak xexx8yu xyri2b x18d9i69 x1c1uobl x16tdsg8 x1hl2dhg xggy1nq x1a2a7pz xkrqix3 x1sur9pj xzsf02u x1s688f\" href=\"https:\/\/www.facebook.com\/NBZHoBerg\">Nachbarschaftszentrum Holtenser Berg<\/a><\/b><\/span><\/div>\n<\/div>\n<\/div>\n<\/div>\n<\/div>\n<\/div>\n<div class=\"html-div xjyslct xjbqb8w x972fbf x10w94by x1qhh985 x14e42zd x9f619 x1rg5ohu xdj266r x14z9mp xat24cr x1lziwak xexx8yu xyri2b x18d9i69 x1c1uobl x1n2onr6 x16tdsg8 xh8yej3\" role=\"listitem\">\n<div class=\"html-div xdj266r x14z9mp xat24cr x1lziwak xyri2b x1c1uobl x78zum5 xdt5ytf xwib8y2 x1y1aw1k\">\n<div class=\"x9f619 x1ja2u2z x78zum5 x2lah0s x1n2onr6 x1nhvcw1 x1cy8zhl xozqiw3 x1q0g3np xv54qhq xf7dkkf x18d9i69 xexx8yu x1ws5yxj xw01apr x4cne27 xifccgj\">\n<div class=\"x9f619 x1n2onr6 x1ja2u2z x78zum5 xdt5ytf x2lah0s x193iq5w xeuugli x1icxu4v x25sj25 x10b6aqq x1yrsyyn\"><\/div>\n<div class=\"x9f619 x1n2onr6 x1ja2u2z x78zum5 xdt5ytf x193iq5w xeuugli x1r8uery x1iyjqo2 xs83m0k xamitd3 x1icxu4v x25sj25 x10b6aqq x1yrsyyn\">\n<div class=\"x78zum5 xdt5ytf xz62fqu x16ldp7u\">\n<div class=\"xu06os2 x1ok221b\">\n<div class=\"x1i10hfl xjbqb8w x1ejq31n x18oe1m7 x1sy0etr xstzfhl x972fbf x10w94by x1qhh985 x14e42zd x9f619 x1ypdohk xt0psk2 x3ct3a4 xdj266r x14z9mp xat24cr x1lziwak xexx8yu xyri2b x18d9i69 x1c1uobl x16tdsg8 x1hl2dhg xggy1nq x1a2a7pz xkrqix3 x1sur9pj xzsf02u x1s688f\" role=\"button\">Londonstra\u00dfe 11a, 37079 G\u00f6ttingen, Germany<\/div>\n<\/div>\n<\/div>\n<\/div>\n<\/div>\n<\/div>\n<\/div>\n<div class=\"html-div xjyslct xjbqb8w x972fbf x10w94by x1qhh985 x14e42zd x9f619 x1rg5ohu xdj266r x14z9mp xat24cr x1lziwak xexx8yu xyri2b x18d9i69 x1c1uobl x1n2onr6 x16tdsg8 xh8yej3\" role=\"listitem\">\n<div class=\"html-div xdj266r x14z9mp xat24cr x1lziwak xyri2b x1c1uobl x78zum5 xdt5ytf xwib8y2 x1y1aw1k\">\n<div class=\"x9f619 x1ja2u2z x78zum5 x2lah0s x1n2onr6 x1nhvcw1 x1cy8zhl xozqiw3 x1q0g3np xv54qhq xf7dkkf x18d9i69 xexx8yu x1ws5yxj xw01apr x4cne27 xifccgj\">\n<div class=\"x9f619 x1n2onr6 x1ja2u2z x78zum5 xdt5ytf x2lah0s x193iq5w xeuugli x1icxu4v x25sj25 x10b6aqq x1yrsyyn\"><\/div>\n<div class=\"x9f619 x1n2onr6 x1ja2u2z x78zum5 xdt5ytf x193iq5w xeuugli x1r8uery x1iyjqo2 xs83m0k xamitd3 x1icxu4v x25sj25 x10b6aqq x1yrsyyn\">\n<div class=\"x78zum5 xdt5ytf xz62fqu x16ldp7u\">\n<div class=\"xu06os2 x1ok221b\"><span class=\"x193iq5w xeuugli x13faqbe x1vvkbs x1xmvt09 x1lliihq x1s928wv xhkezso x1gmr53x x1cpjm7i x1fgarty x1943h6x xudqn12 x3x7a5m x6prxxf xvq8zen xo1l8bm xzsf02u x1yc453h\" dir=\"auto\">Laufzeit: 3 Std.<\/span><\/div>\n<\/div>\n<\/div>\n<\/div>\n<\/div>\n<\/div>\n<div class=\"html-div xjyslct xjbqb8w x972fbf x10w94by x1qhh985 x14e42zd x9f619 x1rg5ohu xdj266r x14z9mp xat24cr x1lziwak xexx8yu xyri2b x18d9i69 x1c1uobl x1n2onr6 x16tdsg8 xh8yej3\" role=\"listitem\">\n<div class=\"html-div xdj266r x14z9mp xat24cr x1lziwak xyri2b x1c1uobl x78zum5 xdt5ytf xwib8y2 x1y1aw1k\">\n<div class=\"x9f619 x1ja2u2z x78zum5 x2lah0s x1n2onr6 x1nhvcw1 x1cy8zhl xozqiw3 x1q0g3np xv54qhq xf7dkkf x18d9i69 xexx8yu x1ws5yxj xw01apr x4cne27 xifccgj\">\n<div class=\"x9f619 x1n2onr6 x1ja2u2z x78zum5 xdt5ytf x2lah0s x193iq5w xeuugli x1icxu4v x25sj25 x10b6aqq x1yrsyyn\"><\/div>\n<div class=\"x9f619 x1n2onr6 x1ja2u2z x78zum5 xdt5ytf x193iq5w xeuugli x1r8uery x1iyjqo2 xs83m0k xamitd3 x1icxu4v x25sj25 x10b6aqq x1yrsyyn\">\n<div class=\"x78zum5 xdt5ytf xz62fqu x16ldp7u\">\n<div class=\"xu06os2 x1ok221b\"><span class=\"x193iq5w xeuugli x13faqbe x1vvkbs x1xmvt09 x1lliihq x1s928wv xhkezso x1gmr53x x1cpjm7i x1fgarty x1943h6x xudqn12 x3x7a5m x6prxxf xvq8zen xo1l8bm xzsf02u x1yc453h\" dir=\"auto\">\u00d6ffentlich<span class=\"xzpqnlu xjm9jq1 x6ikm8r x10wlt62 x10l6tqk x1i1rx1s\">\u00a0<\/span><span aria-hidden=\"true\"> \u00b7 <\/span>Jede Person auf und au\u00dferhalb von Facebook<\/span><\/div>\n<\/div>\n<\/div>\n<\/div>\n<\/div>\n<\/div>\n<\/blockquote>\n<\/div>\n\t\t<div class=\"mc-location\"><div class=\"address location vcard\"><div class='map'><a href='https:\/\/maps.google.com\/maps?z=16&amp;daddr=Londonstra\u00dfe+11a++G\u00f6ttingen++37079+' class='url external'><span class='mc-icon' aria-hidden='true'><\/span>Karte<span class='screen-reader-text fn'> Nachbarschaftszentrum Holtenser Berg Londonstra\u00dfe 11a, 37079 G\u00f6ttingen<\/span><\/a><\/div><\/div><\/div>\n\t\t<div class=\"sharing\">\t<p class='mc-details'><a aria-label='Weiterlesen: 16.01.2026, NBZ Holtenser Berg: Stammtisch Holtenser Berg' href='https:\/\/rt-europaallee.de\/wordpress\/my-calendar\/?mc_id=30407'>Weiterlesen<\/a><\/p>\n<\/div><\/div><!--end .details--><\/article>\n<\/td>\n<td id='calendar-2026-05-02' class='mc-events samstag sa future-day weekend nextmonth has-events author3 mcat_bildung day-with-date'><div class='mc-date-container'>\n\t<span class='mc-date'><span aria-hidden='true' class='mc-day-number'>2<\/span><span class='screen-reader-text mc-day-date'>2. Mai 2026<\/span><span class=\"event-icon\" aria-hidden=\"true\">&#9679;<\/span><span class=\"screen-reader-text\"><span class=\"mc-list-details event-count\">(1 Veranstaltung)<\/span><\/span><\/span><\/div><article id='mc_calendar_02_30664-calendar-30664' class='mc-mc_calendar_30664 calendar-event mc_bildung mc_stadtbibliothek-gttingen---zentralbibliothek-gotmarstrae-8-37073-gttingen  future-event mc_primary_bildung recurring mc-30-minuten mc-start-11-45 ungrouped mc-event-4613 mc-events mc-event mc_rel_bildung'><header>\t<h3 class='event-title summary' id='mc_30664-title-my-calendar'><button type='button' id='modal-button-mc_calendar_02_30664-calendar-details-30664' data-modal-content-id='mc_calendar_02_30664-calendar-details-30664' data-modal-prefix-class='my-calendar' data-modal-close-text='Schlie\u00dfen' data-modal-title='08.04.2026, HNA: Universit\u00e4t des Dritten Lebensalters startet \u201eWissen vor Zw\u00f6lf&quot;' aria-controls='mc_calendar_02_30664-calendar-details-30664' class='calendar mc-modal button button-link url summary has-image'><svg style=\"fill:#000000\" focusable=\"false\" role=\"img\" aria-labelledby=\"cat_30664\" class=\"category-icon\" xmlns=\"http:\/\/www.w3.org\/2000\/svg\" viewBox=\"0 0 640 512\"><!-- Font Awesome Free 5.15.3 by @fontawesome - https:\/\/fontawesome.com License - https:\/\/fontawesome.com\/license\/free (Icons: CC BY 4.0, Fonts: SIL OFL 1.1, Code: MIT License) --><title id='cat_30664'>Kategorie: Bildung<\/title><path d=\"M0 224v272c0 8.84 7.16 16 16 16h80V192H32c-17.67 0-32 14.33-32 32zm360-48h-24v-40c0-4.42-3.58-8-8-8h-16c-4.42 0-8 3.58-8 8v64c0 4.42 3.58 8 8 8h48c4.42 0 8-3.58 8-8v-16c0-4.42-3.58-8-8-8zm137.75-63.96l-160-106.67a32.02 32.02 0 0 0-35.5 0l-160 106.67A32.002 32.002 0 0 0 128 138.66V512h128V368c0-8.84 7.16-16 16-16h96c8.84 0 16 7.16 16 16v144h128V138.67c0-10.7-5.35-20.7-14.25-26.63zM320 256c-44.18 0-80-35.82-80-80s35.82-80 80-80 80 35.82 80 80-35.82 80-80 80zm288-64h-64v320h80c8.84 0 16-7.16 16-16V224c0-17.67-14.33-32-32-32z\"\/><\/svg> <div>08.04.2026, HNA: Universit\u00e4t des Dritten Lebensalters startet \u201eWissen vor Zw\u00f6lf\"<\/div><\/button><\/h3>\n<\/header><div id='mc_calendar_02_30664-calendar-details-30664' class='details no-image uses-modal single-details'  aria-labelledby='mc_30664-title-my-calendar'>\n\t<button type='button' aria-controls='mc_calendar_02_30664-calendar-details-30664' class='mc-toggle close'><span class='dashicons dashicons-dismiss' aria-hidden='true'><\/span><span class='screen-reader-text'>Close<\/span><\/button>\n\t\r\n\t<div class='time-block'>\r\n\t\t<span class='mc-icon' aria-hidden='true'><\/span>\r\n\t\t<p><span class=\"time-wrapper\"><span class='event-time dtstart'><time class='value-title' datetime='2026-05-02T11:45:00+02:00' title='2026-05-02T11:45:00+02:00'>11:45<\/time><\/span> <span class='time-separator'> &ndash; <\/span> <span class='end-time dtend'> <time class='value-title' datetime='2026-05-02T12:15:00+02:00' title='2026-05-02T12:15:00+02:00'>12:15<\/time><\/span><\/span><br \/><span class=\"date-wrapper\"><span class='mc-start-date dtstart' title='2026-05-02T11:45:00+02:00' content='2026-05-02T11:45:00+02:00'>2. Mai 2026<\/span>  <\/span><\/p>\r\n\t<\/div>\n\t\t<div class='longdesc description'><p>(Quelle: <a href=\"https:\/\/www.facebook.com\/HNAGoettingen\/posts\/pfbid02wf2GDBAio1Ty7abDC5B31TBnDSJX96N6LUUwbKUmtW9ZqQEfeMNP5UZxLdF79Cb9l\">https:\/\/www.facebook.com\/HNAGoettingen\/posts\/pfbid02wf2GDBAio1Ty7abDC5B31TBnDSJX96N6LUUwbKUmtW9ZqQEfeMNP5UZxLdF79Cb9l<\/a>)<\/p>\n<blockquote>\n<div class=\"html-div xdj266r x14z9mp xat24cr x1lziwak xexx8yu xyri2b x18d9i69 x1c1uobl\">\n<div class=\"html-div xdj266r x14z9mp x1lziwak x18d9i69 x1cy8zhl x78zum5 x1q0g3np xod5an3 xz9dl7a x1g0dm76 xpdmqnj\">\n<div class=\"html-div xdj266r x14z9mp xat24cr x1lziwak xexx8yu xyri2b x18d9i69 x1c1uobl x1iyjqo2 xeuugli\">\n<div class=\"x78zum5 xdt5ytf xz62fqu x16ldp7u\">\n<div class=\"xu06os2 x1ok221b\">\n<div class=\"html-div xdj266r x14z9mp xat24cr x1lziwak xexx8yu xyri2b x18d9i69 x1c1uobl\" data-ad-rendering-role=\"profile_name\">\n<h3 class=\"html-h3 x14z9mp xat24cr x1lziwak xexx8yu xyri2b x18d9i69 x1c1uobl x1vvkbs x1heor9g x1qlqyl8 x1pd3egz x1a2a7pz x1gslohp x1yc453h\"><span class=\"x78zum5 x1q0g3np\"><span class=\"x1lliihq x6ikm8r x10wlt62 x1n2onr6 xlyipyv xuxw1ft\"><span class=\"xt0psk2\"><span class=\"xjp7ctv\"><a class=\"x1i10hfl xjbqb8w x1ejq31n x18oe1m7 x1sy0etr xstzfhl x972fbf x10w94by x1qhh985 x14e42zd x9f619 x1ypdohk xt0psk2 x3ct3a4 xdj266r x14z9mp xat24cr x1lziwak xexx8yu xyri2b x18d9i69 x1c1uobl x16tdsg8 x1hl2dhg xggy1nq x1a2a7pz xkrqix3 x1sur9pj xzsf02u x1s688f\" href=\"https:\/\/www.facebook.com\/HNAGoettingen?__cft__[0]=AZYl0M-zpS26u8jwD0sjZVhCBFm78XAe0ccGlypxWrw2MPG-EFz5cRsiRuct-U0JNRx4wvQMOBlWA1_QCmEG7IgbYZ4t1ybTuDTOWKuaV82aHXl40qxUwnT5kRcR5WqMqNXgLm5mjg4Es4Xq5quNB9-F7t3q9HNk-T1_dS-N1BBAxQ&amp;__tn__=-UC%2CP-R\"><b class=\"html-b xdj266r x14z9mp xat24cr x1lziwak xexx8yu xyri2b x18d9i69 x1c1uobl x1hl2dhg x16tdsg8 x1vvkbs x1s688f\"><span class=\"html-span xdj266r x14z9mp xat24cr x1lziwak xexx8yu xyri2b x18d9i69 x1c1uobl x1hl2dhg x16tdsg8 x1vvkbs\">HNA G\u00f6ttingen<\/span><\/b><\/a><\/span><\/span><\/span><\/span><\/h3>\n<\/div>\n<\/div>\n<\/div>\n<\/div>\n<\/div>\n<\/div>\n<div class=\"html-div xdj266r x14z9mp xat24cr x1lziwak xexx8yu xyri2b x18d9i69 x1c1uobl\">\n<div class=\"html-div xdj266r x14z9mp xat24cr x1lziwak xexx8yu xyri2b x18d9i69 x1c1uobl\" dir=\"auto\">\n<div class=\"html-div xdj266r x14z9mp xat24cr x1lziwak xexx8yu xyri2b x18d9i69 x1c1uobl\" data-ad-rendering-role=\"story_message\">\n<div class=\"x1l90r2v x1iorvi4 x1g0dm76 xpdmqnj\" data-ad-comet-preview=\"message\" data-ad-preview=\"message\">\n<div class=\"x78zum5 xdt5ytf xz62fqu x16ldp7u\">\n<div class=\"xu06os2 x1ok221b\">\n<div class=\"html-div xdj266r x14z9mp xat24cr x1lziwak xexx8yu xyri2b x18d9i69 x1c1uobl\">\n<div class=\"xdj266r x14z9mp xat24cr x1lziwak x1vvkbs x126k92a\">\n<div dir=\"auto\">Ab dem 18. April gibt es jeden Samstag kurze Vortr\u00e4ge in der Stadtbibliothek. Au\u00dferdem informiert die Universit\u00e4t des Dritten Lebensalters \u00fcber das Sommersemester-Programm.<\/div>\n<\/div>\n<\/div>\n<\/div>\n<\/div>\n<\/div>\n<\/div>\n<\/div>\n<div class=\"html-div xdj266r x14z9mp xat24cr x1lziwak xexx8yu xyri2b x18d9i69 x1c1uobl x1n2onr6\">\n<div class=\"html-div xdj266r x14z9mp xat24cr x1lziwak xexx8yu xyri2b x18d9i69 x1c1uobl x1n2onr6\">\n<div class=\"xmjcpbm x1n2onr6\">\n<div class=\"x78zum5 x14ju556 x6ikm8r x10wlt62 x1n2onr6\" data-ad-rendering-role=\"image\">\n<div class=\"x6s0dn4 x1jx94hy x78zum5 xdt5ytf x6ikm8r x10wlt62 x1n2onr6 xh8yej3\">\n<div>\n<div class=\"xqtp20y x6ikm8r x10wlt62 x1n2onr6\">\n<div class=\"x10l6tqk x13vifvy\"><img loading=\"lazy\" decoding=\"async\" class=\"x15mokao x1ga7v0g x16uus16 xbiv7yw x1ey2m1c x5yr21d xtijo5x x1o0tod x10l6tqk x13vifvy xh8yej3 xl1xv1r\" src=\"https:\/\/external-ham3-1.xx.fbcdn.net\/emg1\/v\/t13\/5869403829499114393?url=https%3A%2F%2Fwww.hna.de%2Fassets%2Fimages%2F0%2F390%2F390681-1966102713-b7f2820c-db08-494f-865f-0651aca64ab6-0ef.jpg&amp;fb_obo=1&amp;utld=hna.de&amp;stp=c0.5000x0.5000f_dst-jpg_flffffff_p500x261_q75_tt6&amp;_nc_gid=_vw52KtYjiIPTsa53aGIhw&amp;_nc_oc=AdqqJ-zoCOEK2SFVQr8w92dMIC5Gb-fsX8Aa7NXAPJpUPPBZKx-132lov2egKPJvBg0vtxUNQBiJPpbyFMRw8ES4&amp;ccb=13-1&amp;oh=06_Q3-9ARhYKvIjxSdXT1Vdq4x1xvAVo2SIyWM2hffxH-yyUQf7&amp;oe=69D73401&amp;_nc_sid=c97757\" alt=\"Universit\u00e4t des Dritten Lebensalters startet \u201eWissen vor Zw\u00f6lf&quot;\" width=\"500\" height=\"261\" data-imgperflogname=\"feedImage\" \/><\/div>\n<\/div>\n<\/div>\n<\/div>\n<div class=\"x1nb4dca x1q0q8m5 xso031l x1exxf4d x13fuv20 x178xt8z x1ey2m1c x9f619 xtijo5x x1o0tod x47corl x10l6tqk x13vifvy\"><\/div>\n<\/div>\n<\/div>\n<div class=\"x10l6tqk xzkaem6 xxt37ne xys98vm\">\n<div class=\"x1i10hfl xjbqb8w x1ejq31n x18oe1m7 x1sy0etr xstzfhl x972fbf x10w94by x1qhh985 x14e42zd x9f619 x1ypdohk xt0psk2 x3ct3a4 xdj266r x14z9mp xat24cr x1lziwak xexx8yu xyri2b x18d9i69 x1c1uobl x16tdsg8 x1hl2dhg xggy1nq x1a2a7pz x1heor9g xkrqix3 x1sur9pj x1s688f\" role=\"button\" aria-label=\"Mehr\">\n<div class=\"x6s0dn4 x1jx94hy x1exxf4d xpv9jar x1nb4dca x1nmn18 x12l2aii x1mbk4o x14vvt0a x1w3ol1v x13fuv20 x18b5jzi x1q0q8m5 x1t7ytsu x178xt8z x1lun4ml xso031l xpilrb4 xzsf02u x78zum5 x1fgtraw xl56j7k xgd8bvy\"><\/div>\n<\/div>\n<\/div>\n<\/div>\n<div class=\"html-div xdj266r x14z9mp xat24cr x1lziwak xexx8yu xyri2b x18d9i69 x1c1uobl x6ikm8r x10wlt62\">\n<div class=\"x1n2onr6\">\n<div class=\"html-div xdj266r x14z9mp xat24cr x1lziwak xexx8yu xyri2b x18d9i69 x1c1uobl xmjcpbm x1n2onr6 x1lku1pv\">\n<div class=\"x9f619 x1ja2u2z x78zum5 x2lah0s x1n2onr6 x1qughib x6s0dn4 xozqiw3 x1q0g3np x1ws5yxj xw01apr xsag5q8 xv54qhq xf7dkkf xz9dl7a\">\n<div class=\"x9f619 x1n2onr6 x1ja2u2z x193iq5w xeuugli x1r8uery x1iyjqo2 xs83m0k x1icxu4v x25sj25\">\n<div class=\"html-div xdj266r x14z9mp x1lziwak xexx8yu xyri2b x18d9i69 x1c1uobl x1e56ztr xtvhhri\" data-ad-rendering-role=\"meta\"><span class=\"x193iq5w xeuugli x13faqbe x1vvkbs x1xmvt09 x1lliihq x1s928wv xhkezso x1gmr53x x1cpjm7i x1fgarty x1943h6x x4zkp8e x3x7a5m x1nxh6w3 x1sibtaa xo1l8bm xi81zsa\" dir=\"auto\"><span class=\"x1lliihq x6ikm8r x10wlt62 x1n2onr6 xlyipyv xuxw1ft x1j85h84\">hna.de<\/span><\/span><\/div>\n<div class=\"html-div x14z9mp x1lziwak xyri2b x1c1uobl x4vbgl9 x1rdy4ex x6ikm8r x10wlt62 xjkvuk6 x1iorvi4\">\n<div class=\"x78zum5 xdt5ytf xz62fqu x16ldp7u\">\n<div class=\"xu06os2 x1ok221b\"><a href=\"https:\/\/www.hna.de\/lokales\/goettingen\/goettingen-ort28741\/universitaet-des-dritten-lebensalters-startet-wissen-vor-zwoelf-94247176.html?fbclid=IwY2xjawRCYlJleHRuA2FlbQIxMQBzcnRjBmFwcF9pZBAyMjIwMzkxNzg4MjAwODkyAAEerjePBfpzM6pjobkJQ3O5lX_PEU0PXtUdFxLogG_IfQG3PL4aq1GFpQDeOMY_aem_aaSJCVve7towxOFTZpMDFA\"><span class=\"x193iq5w xeuugli x13faqbe x1vvkbs x1xmvt09 x1lliihq x1s928wv xhkezso x1gmr53x x1cpjm7i x1fgarty x1943h6x xudqn12 x3x7a5m x1lkfr7t x1lbecb7 x1s688f xzsf02u x1yc453h\" dir=\"auto\"><span class=\"x1lliihq x6ikm8r x10wlt62 x1n2onr6 x1j85h84\"><span class=\"html-span xdj266r x14z9mp xat24cr x1lziwak xexx8yu xyri2b x18d9i69 x1c1uobl x1hl2dhg x16tdsg8 x1vvkbs\" data-ad-rendering-role=\"title\"><span class=\"html-span xdj266r x14z9mp xat24cr x1lziwak xexx8yu xyri2b x18d9i69 x1c1uobl x1hl2dhg x16tdsg8 x1vvkbs\" dir=\"auto\">Universit\u00e4t des Dritten Lebensalters startet \u201eWissen vor Zw\u00f6lf\"<\/span><\/span><\/span><\/span><\/a><\/div>\n<\/div>\n<\/div>\n<\/div>\n<\/div>\n<\/div>\n<\/div>\n<\/div>\n<\/div>\n<\/div>\n<\/blockquote>\n<p>&nbsp;<\/p>\n<h4><a href=\"https:\/\/www.uni-goettingen.de\/de\/document\/download\/a1fc1f800aeed3d8067a4ff9f1ff8805.pdf\/Wissen%20vor%2012%20UDL%20SoSe%202026%20NEU.pdf\">Programm \"Wissen vor Zw\u00f6lf\"<\/a><\/h4>\n<\/div>\n\t\t<div class=\"mc-location\"><div class=\"address location vcard\"><div class='map'><a href='https:\/\/www.google.de\/maps\/dir\/Stadtbibliothek+G%C3%B6ttingen+-+Zentralbibliothek,+Gotmarstra%C3%9Fe,+G%C3%B6ttingen\/\/@51.5299431,9.9471534,14.04z\/data=!4m8!4m7!1m5!1m1!1s0x47a4d4bef58217db:0x5043d963090df35f!2m2!1d9.9338979!2d51.5334777!1m0?entry=ttu' class='url external'><span class='mc-icon' aria-hidden='true'><\/span>Karte<span class='screen-reader-text fn'> Stadtbibliothek G\u00f6ttingen - Zentralbibliothek, Gotmarstra\u00dfe 8, 37073 G\u00f6ttingen<\/span><\/a><\/div><\/div><\/div>\n\t\t<div class=\"sharing\">\t<p class='mc-details'><a aria-label='Weiterlesen: 08.04.2026, HNA: Universit\u00e4t des Dritten Lebensalters startet \u201eWissen vor Zw\u00f6lf&quot;' href='https:\/\/rt-europaallee.de\/wordpress\/my-calendar\/?mc_id=30664'>Weiterlesen<\/a><\/p>\n<\/div><\/div><!--end .details--><\/article>\n<\/td>\n<td id='calendar-2026-05-03' class='mc-events sonntag so future-day weekend nextmonth has-events author3 mcat_auffhrungen--veranstaltungen day-with-date'><div class='mc-date-container'>\n\t<span class='mc-date'><span aria-hidden='true' class='mc-day-number'>3<\/span><span class='screen-reader-text mc-day-date'>3. Mai 2026<\/span><span class=\"event-icon\" aria-hidden=\"true\">&#9679;&#9679;<\/span><span class=\"screen-reader-text\"><span class=\"mc-list-details event-count\">(2 Veranstaltungen)<\/span><\/span><\/span><\/div><article id='mc_calendar_03_30689-calendar-30689' class='mc-mc_calendar_30689 calendar-event mc_auffhrungen--veranstaltungen mc_freie-waldorfschule-gttingen-ev-arbecksweg-1-37077-gttingen  future-event mc_primary_auffuehrungen-veranstaltungen nonrecurring mc mc-start-14-00 mc-group-4628 mc-event-4628 mc-events mc-event mc_rel_auffhrungenveranstaltungen'><header>\t<h3 class='event-title summary' id='mc_30689-title-my-calendar'><button type='button' id='modal-button-mc_calendar_03_30689-calendar-details-30689' data-modal-content-id='mc_calendar_03_30689-calendar-details-30689' data-modal-prefix-class='my-calendar' data-modal-close-text='Schlie\u00dfen' data-modal-title='10.04.2026, B\u00fcffelfutter - Tipps f\u00fcr Kids in G\u00f6ttingen: GSO-Familien-Konzert' aria-controls='mc_calendar_03_30689-calendar-details-30689' class='calendar mc-modal button button-link url summary has-image'><svg style=\"fill:#000000\" focusable=\"false\" role=\"img\" aria-labelledby=\"cat_30689\" class=\"category-icon\" xmlns=\"http:\/\/www.w3.org\/2000\/svg\" viewBox=\"0 0 512 512\"><!-- Font Awesome Free 5.15.3 by @fontawesome - https:\/\/fontawesome.com License - https:\/\/fontawesome.com\/license\/free (Icons: CC BY 4.0, Fonts: SIL OFL 1.1, Code: MIT License) --><title id='cat_30689'>Kategorie: Auff\u00fchrungen + Veranstaltungen<\/title><path d=\"M502.63 39L473 9.37a32 32 0 0 0-45.26 0L381.46 55.7a35.14 35.14 0 0 0-8.53 13.79L360.77 106l-76.26 76.26c-12.16-8.76-25.5-15.74-40.1-19.14-33.45-7.78-67-.88-89.88 22a82.45 82.45 0 0 0-20.24 33.47c-6 18.56-23.21 32.69-42.15 34.46-23.7 2.27-45.73 11.45-62.61 28.44C-16.11 327-7.9 409 47.58 464.45S185 528 230.56 482.52c17-16.88 26.16-38.9 28.45-62.71 1.76-18.85 15.89-36.13 34.43-42.14a82.6 82.6 0 0 0 33.48-20.25c22.87-22.88 29.74-56.36 22-89.75-3.39-14.64-10.37-28-19.16-40.2L406 151.23l36.48-12.16a35.14 35.14 0 0 0 13.79-8.53l46.33-46.32a32 32 0 0 0 .03-45.22zM208 352a48 48 0 1 1 48-48 48 48 0 0 1-48 48z\"\/><\/svg> <div>10.04.2026, B\u00fcffelfutter - Tipps f\u00fcr Kids in G\u00f6ttingen: GSO-Familien-Konzert<\/div><\/button><\/h3>\n<\/header><div id='mc_calendar_03_30689-calendar-details-30689' class='details no-image uses-modal single-details'  aria-labelledby='mc_30689-title-my-calendar'>\n\t<button type='button' aria-controls='mc_calendar_03_30689-calendar-details-30689' class='mc-toggle close'><span class='dashicons dashicons-dismiss' aria-hidden='true'><\/span><span class='screen-reader-text'>Close<\/span><\/button>\n\t\r\n\t<div class='time-block'>\r\n\t\t<span class='mc-icon' aria-hidden='true'><\/span>\r\n\t\t<p><span class=\"time-wrapper\"><span class='event-time dtstart'><time class='value-title' datetime='2026-05-03T14:00:00+02:00' title='2026-05-03T14:00:00+02:00'>14:00<\/time><\/span>  <\/span><br \/><span class=\"date-wrapper\"><span class='mc-start-date dtstart' title='2026-05-03T14:00:00+02:00' content='2026-05-03T14:00:00+02:00'>3. Mai 2026<\/span>  <\/span><\/p>\r\n\t<\/div>\n\t\t<div class='longdesc description'><p>(Quelle: <a href=\"https:\/\/www.facebook.com\/bueffelfuttertippsfuerkidsingoettingen\/posts\/pfbid06WRWtYB585RnCHUNoyNiJi6wcoFcb65MFSbz47uoMmP5ZreK5wG6Lwp1tsCJ5zESl\">https:\/\/www.facebook.com\/bueffelfuttertippsfuerkidsingoettingen\/posts\/pfbid06WRWtYB585RnCHUNoyNiJi6wcoFcb65MFSbz47uoMmP5ZreK5wG6Lwp1tsCJ5zESl<\/a>)<\/p>\n<blockquote>\n<div class=\"html-div xdj266r x14z9mp xat24cr x1lziwak xexx8yu xyri2b x18d9i69 x1c1uobl\">\n<div class=\"html-div xdj266r x14z9mp x1lziwak x18d9i69 x1cy8zhl x78zum5 x1q0g3np xod5an3 xz9dl7a x1g0dm76 xpdmqnj\">\n<div class=\"html-div xdj266r xat24cr x1lziwak xexx8yu xyri2b x18d9i69 x1c1uobl x78zum5 x2lah0s xqtp20y x1xegmmw\">\n<div class=\"x1vqgdyp x100vrsf\">\n<div class=\"\"><a class=\"x1i10hfl xjbqb8w x1ejq31n x18oe1m7 x1sy0etr xstzfhl x972fbf x10w94by x1qhh985 x14e42zd x9f619 x1ypdohk xt0psk2 x3ct3a4 xdj266r x14z9mp xat24cr x1lziwak xexx8yu xyri2b x18d9i69 x1c1uobl x16tdsg8 x1hl2dhg xggy1nq x1a2a7pz xkrqix3 x1sur9pj xzsf02u x1s688f\" href=\"https:\/\/www.facebook.com\/bueffelfuttertippsfuerkidsingoettingen?__cft__[0]=AZYwk8Zn-fI9VxtGT9DJuYSfO1bvb-Hv3iQnFvzB6xFLysZoCsU-s_jqZkcZ8e9fszvpJJuZAOs2rDQ4Ev6cml4TJSB4qQPJmju9FIirwsPDTAzLt9t6Ljleet-m6RKoOfF-EdiQUbqlYBGAYqKMjXU0&amp;__tn__=-UC%2CP-R\"><b class=\"html-b xdj266r x14z9mp xat24cr x1lziwak xexx8yu xyri2b x18d9i69 x1c1uobl x1hl2dhg x16tdsg8 x1vvkbs x1s688f\"><span class=\"html-span xdj266r x14z9mp xat24cr x1lziwak xexx8yu xyri2b x18d9i69 x1c1uobl x1hl2dhg x16tdsg8 x1vvkbs\">B\u00fcffelfutter - Tipps f\u00fcr Kids in G\u00f6ttingen<\/span><\/b><\/a><\/div>\n<\/div>\n<\/div>\n<\/div>\n<\/div>\n<div class=\"html-div xdj266r x14z9mp xat24cr x1lziwak xexx8yu xyri2b x18d9i69 x1c1uobl\">\n<div class=\"html-div xdj266r x14z9mp xat24cr x1lziwak xexx8yu xyri2b x18d9i69 x1c1uobl\" dir=\"auto\">\n<div class=\"html-div xdj266r x14z9mp xat24cr x1lziwak xexx8yu xyri2b x18d9i69 x1c1uobl\" data-ad-rendering-role=\"story_message\">\n<div class=\"x1l90r2v x1iorvi4 x1g0dm76 xpdmqnj\" data-ad-comet-preview=\"message\" data-ad-preview=\"message\">\n<div class=\"x78zum5 xdt5ytf xz62fqu x16ldp7u\">\n<div class=\"xu06os2 x1ok221b\">\n<div class=\"html-div xdj266r x14z9mp xat24cr x1lziwak xexx8yu xyri2b x18d9i69 x1c1uobl\">\n<div class=\"xdj266r x14z9mp xat24cr x1lziwak x1vvkbs x126k92a\">\n<div dir=\"auto\">GSO-Familien-Konzert<\/div>\n<div dir=\"auto\">Unbedingt und immer wieder ein Tipp f\u00fcr Familien:<\/div>\n<div dir=\"auto\">zusammen unbeschwert Orchester-Musik erleben und kennenlernen! <span class=\"html-span xexx8yu xyri2b x18d9i69 x1c1uobl x1hl2dhg x16tdsg8 x1vvkbs x3nfvp2 x1j61x8r x1fcty0u xdj266r xat24cr xm2jcoa x1mpyi22 xxymvpz xlup9mm x1kky2od\"><img loading=\"lazy\" decoding=\"async\" class=\"xz74otr x15mokao x1ga7v0g x16uus16 xbiv7yw\" src=\"https:\/\/static.xx.fbcdn.net\/images\/emoji.php\/v9\/t4c\/1\/16\/1f642.png\" alt=\"\ud83d\ude42\" width=\"16\" height=\"16\" \/><\/span><\/div>\n<\/div>\n<div class=\"x14z9mp xat24cr x1lziwak x1vvkbs xtlvy1s x126k92a\">\n<div dir=\"auto\">Dieses Mal folgen wir Vivaldi in einer 300 Jahre alten Komposition durch Fr\u00fchling, Sommer, Herbst und Winter, und lassen uns von den Instrumenten durch &gt;Die vier Jahreszeiten&lt; und deren Ger\u00e4usche f\u00fchren ...<\/div>\n<\/div>\n<div class=\"x14z9mp xat24cr x1lziwak x1vvkbs xtlvy1s x126k92a\">\n<div dir=\"auto\">&gt; Sonntag, 03.05.26, 14.00 + 16.00 Uhr<\/div>\n<div dir=\"auto\">(empfohlen ab 6 Jahren; Aula der Waldorf-Schule)<\/div>\n<\/div>\n<div class=\"x14z9mp xat24cr x1lziwak x1vvkbs xtlvy1s x126k92a\">\n<div dir=\"auto\">Nicht mal mehr ein Monat --&gt; Tickets sichern! <span class=\"html-span xexx8yu xyri2b x18d9i69 x1c1uobl x1hl2dhg x16tdsg8 x1vvkbs x3nfvp2 x1j61x8r x1fcty0u xdj266r xat24cr xm2jcoa x1mpyi22 xxymvpz xlup9mm x1kky2od\"><img loading=\"lazy\" decoding=\"async\" class=\"xz74otr x15mokao x1ga7v0g x16uus16 xbiv7yw\" src=\"https:\/\/static.xx.fbcdn.net\/images\/emoji.php\/v9\/t57\/1\/16\/1f609.png\" alt=\"\ud83d\ude09\" width=\"16\" height=\"16\" \/><\/span><\/div>\n<\/div>\n<div class=\"x14z9mp xat24cr x1lziwak x1vvkbs xtlvy1s x126k92a\">\n<div dir=\"auto\">Infos &amp; Tickets auf der Page:<\/div>\n<div dir=\"auto\"><span class=\"html-span xdj266r x14z9mp xat24cr x1lziwak xexx8yu xyri2b x18d9i69 x1c1uobl x1hl2dhg x16tdsg8 x1vvkbs\"><a class=\"x1i10hfl xjbqb8w x1ejq31n x18oe1m7 x1sy0etr xstzfhl x972fbf x10w94by x1qhh985 x14e42zd x9f619 x1ypdohk xt0psk2 x3ct3a4 xdj266r x14z9mp xat24cr x1lziwak xexx8yu xyri2b x18d9i69 x1c1uobl x16tdsg8 x1hl2dhg xggy1nq x1a2a7pz xkrqix3 x1sur9pj x1fey0fg x1s688f\" href=\"https:\/\/gso-online.de\/konzert\/die-vier-jahreszeiten\/?fbclid=IwZXh0bgNhZW0CMTAAc3J0YwZhcHBfaWQQMjIyMDM5MTc4ODIwMDg5MgABHo3LDy9_XpfiZpvNw6d0ZSSxDjwG1SLAe07OdWuNd8eo07gx7uiWsdJBiBwJ_aem_PNt_rs6WlFM9jl5JwYhMhA\" target=\"_blank\">https:\/\/gso-online.de\/konzert\/die-vier-jahreszeiten\/<\/a><\/span><\/div>\n<\/div>\n<div class=\"x14z9mp xat24cr x1lziwak x1vvkbs xtlvy1s x126k92a\">\n<div dir=\"auto\">Viel Spa\u00df mit dem GSO!!! <span class=\"html-span xexx8yu xyri2b x18d9i69 x1c1uobl x1hl2dhg x16tdsg8 x1vvkbs x3nfvp2 x1j61x8r x1fcty0u xdj266r xat24cr xm2jcoa x1mpyi22 xxymvpz xlup9mm x1kky2od\"><img loading=\"lazy\" decoding=\"async\" class=\"xz74otr x15mokao x1ga7v0g x16uus16 xbiv7yw\" src=\"https:\/\/static.xx.fbcdn.net\/images\/emoji.php\/v9\/t4c\/1\/16\/1f642.png\" alt=\"\ud83d\ude42\" width=\"16\" height=\"16\" \/><\/span><\/div>\n<div dir=\"auto\"><\/div>\n<div dir=\"auto\"><img decoding=\"async\" class=\"x15mokao x1ga7v0g x16uus16 xbiv7yw x1bwycvy x193iq5w x4fas0m x19kjcj4\" src=\"https:\/\/scontent-ham3-1.xx.fbcdn.net\/v\/t39.30808-6\/668668128_1475825660997281_4762958171006563683_n.jpg?_nc_cat=103&amp;ccb=1-7&amp;_nc_sid=13d280&amp;_nc_ohc=8pXRVFUQj2AQ7kNvwGPyO6g&amp;_nc_oc=AdqtZtReVvROMbnOb-64HBJgGPil2zcOW3t6nejHrmOOFCT75fGuKIjWBGB0mcAAy2qWJ97zvQvhG5swC0BIkSvk&amp;_nc_zt=23&amp;_nc_ht=scontent-ham3-1.xx&amp;_nc_gid=e7fBgrqEjBkwM4A-srvp-g&amp;_nc_ss=7a3a8&amp;oh=00_Af37qvJ3URFpMdTaa8RsvlS9foFAge9Fu5kqTXbAQzJdZA&amp;oe=69DED28B\" alt=\"Ist m\u00f6glicherweise eine Grafik von Text \u201eFamilienkonzert3 Die vier Jahreszeiten O 14:00 Lhr \u12e8\u130d Sonntag,3.Mai2 Sonntac Sonnta Sonntag,3. 2026 #FrcieWadorfschJeGottingon \u17e2 Frcic Waldorfschule Gottingen I TICKETS O SPIELORT\u201c\" data-visualcompletion=\"media-vc-image\" \/><\/div>\n<div dir=\"auto\"><a href=\"https:\/\/www.facebook.com\/photo?fbid=1475825650997282&amp;set=a.575005924412597\">https:\/\/www.facebook.com\/photo?fbid=1475825650997282&amp;set=a.575005924412597<\/a><\/div>\n<\/div>\n<\/div>\n<\/div>\n<\/div>\n<\/div>\n<\/div>\n<\/div>\n<\/div>\n<\/blockquote>\n<\/div>\n\t\t<div class=\"mc-location\"><div class=\"address location vcard\"><div class='map'><a href='https:\/\/www.google.com\/maps\/place\/Freie+Waldorfschule+G%C3%B6ttingen+e.V.\/@51.56903,9.9342851,17z\/data=!3m2!4b1!5s0x47a4d5254d19198d:0x115f8e5b8e9cc5b5!4m6!3m5!1s0x47a4d53aad8573ed:0xd62f25ed52a68b83!8m2!3d51.56903!4d9.93686!16s%2Fg%2F1tf_02nm?entry=ttu&amp;g_ep=EgoyMDI2MDExMy4wIKXMDSoKLDEwMDc5MjA2N0gBUAM%3D' class='url external'><span class='mc-icon' aria-hidden='true'><\/span>Karte<span class='screen-reader-text fn'> Freie Waldorfschule G\u00f6ttingen e.V., Arbecksweg 1, 37077 G\u00f6ttingen<\/span><\/a><\/div><\/div><\/div>\n\t\t<div class=\"sharing\">\t<p class='mc-details'><a aria-label='Weiterlesen: 10.04.2026, B\u00fcffelfutter - Tipps f\u00fcr Kids in G\u00f6ttingen: GSO-Familien-Konzert' href='https:\/\/rt-europaallee.de\/wordpress\/my-calendar\/?mc_id=30689'>Weiterlesen<\/a><\/p>\n<\/div><\/div><!--end .details--><\/article><article id='mc_calendar_03_30690-calendar-30690' class='mc-mc_calendar_30690 calendar-event mc_auffhrungen--veranstaltungen mc_freie-waldorfschule-gttingen-ev-arbecksweg-1-37077-gttingen  future-event mc_primary_auffuehrungen-veranstaltungen nonrecurring mc mc-start-16-00 mc-group-4628 mc-event-4629 mc-events mc-event mc_rel_auffhrungenveranstaltungen'><header>\t<h3 class='event-title summary' id='mc_30690-title-my-calendar'><button type='button' id='modal-button-mc_calendar_03_30690-calendar-details-30690' data-modal-content-id='mc_calendar_03_30690-calendar-details-30690' data-modal-prefix-class='my-calendar' data-modal-close-text='Schlie\u00dfen' data-modal-title='10.04.2026, B\u00fcffelfutter - Tipps f\u00fcr Kids in G\u00f6ttingen: GSO-Familien-Konzert' aria-controls='mc_calendar_03_30690-calendar-details-30690' class='calendar mc-modal button button-link url summary has-image'><svg style=\"fill:#000000\" focusable=\"false\" role=\"img\" aria-labelledby=\"cat_30690\" class=\"category-icon\" xmlns=\"http:\/\/www.w3.org\/2000\/svg\" viewBox=\"0 0 512 512\"><!-- Font Awesome Free 5.15.3 by @fontawesome - https:\/\/fontawesome.com License - https:\/\/fontawesome.com\/license\/free (Icons: CC BY 4.0, Fonts: SIL OFL 1.1, Code: MIT License) --><title id='cat_30690'>Kategorie: Auff\u00fchrungen + Veranstaltungen<\/title><path d=\"M502.63 39L473 9.37a32 32 0 0 0-45.26 0L381.46 55.7a35.14 35.14 0 0 0-8.53 13.79L360.77 106l-76.26 76.26c-12.16-8.76-25.5-15.74-40.1-19.14-33.45-7.78-67-.88-89.88 22a82.45 82.45 0 0 0-20.24 33.47c-6 18.56-23.21 32.69-42.15 34.46-23.7 2.27-45.73 11.45-62.61 28.44C-16.11 327-7.9 409 47.58 464.45S185 528 230.56 482.52c17-16.88 26.16-38.9 28.45-62.71 1.76-18.85 15.89-36.13 34.43-42.14a82.6 82.6 0 0 0 33.48-20.25c22.87-22.88 29.74-56.36 22-89.75-3.39-14.64-10.37-28-19.16-40.2L406 151.23l36.48-12.16a35.14 35.14 0 0 0 13.79-8.53l46.33-46.32a32 32 0 0 0 .03-45.22zM208 352a48 48 0 1 1 48-48 48 48 0 0 1-48 48z\"\/><\/svg> <div>10.04.2026, B\u00fcffelfutter - Tipps f\u00fcr Kids in G\u00f6ttingen: GSO-Familien-Konzert<\/div><\/button><\/h3>\n<\/header><div id='mc_calendar_03_30690-calendar-details-30690' class='details no-image uses-modal single-details'  aria-labelledby='mc_30690-title-my-calendar'>\n\t<button type='button' aria-controls='mc_calendar_03_30690-calendar-details-30690' class='mc-toggle close'><span class='dashicons dashicons-dismiss' aria-hidden='true'><\/span><span class='screen-reader-text'>Close<\/span><\/button>\n\t\r\n\t<div class='time-block'>\r\n\t\t<span class='mc-icon' aria-hidden='true'><\/span>\r\n\t\t<p><span class=\"time-wrapper\"><span class='event-time dtstart'><time class='value-title' datetime='2026-05-03T16:00:00+02:00' title='2026-05-03T16:00:00+02:00'>16:00<\/time><\/span>  <\/span><br \/><span class=\"date-wrapper\"><span class='mc-start-date dtstart' title='2026-05-03T16:00:00+02:00' content='2026-05-03T16:00:00+02:00'>3. Mai 2026<\/span>  <\/span><\/p>\r\n\t<\/div>\n\t\t<div class='longdesc description'><p>(Quelle: <a href=\"https:\/\/www.facebook.com\/bueffelfuttertippsfuerkidsingoettingen\/posts\/pfbid06WRWtYB585RnCHUNoyNiJi6wcoFcb65MFSbz47uoMmP5ZreK5wG6Lwp1tsCJ5zESl\">https:\/\/www.facebook.com\/bueffelfuttertippsfuerkidsingoettingen\/posts\/pfbid06WRWtYB585RnCHUNoyNiJi6wcoFcb65MFSbz47uoMmP5ZreK5wG6Lwp1tsCJ5zESl<\/a>)<\/p>\n<blockquote>\n<div class=\"html-div xdj266r x14z9mp xat24cr x1lziwak xexx8yu xyri2b x18d9i69 x1c1uobl\">\n<div class=\"html-div xdj266r x14z9mp x1lziwak x18d9i69 x1cy8zhl x78zum5 x1q0g3np xod5an3 xz9dl7a x1g0dm76 xpdmqnj\">\n<div class=\"html-div xdj266r xat24cr x1lziwak xexx8yu xyri2b x18d9i69 x1c1uobl x78zum5 x2lah0s xqtp20y x1xegmmw\">\n<div class=\"x1vqgdyp x100vrsf\">\n<div class=\"\"><a class=\"x1i10hfl xjbqb8w x1ejq31n x18oe1m7 x1sy0etr xstzfhl x972fbf x10w94by x1qhh985 x14e42zd x9f619 x1ypdohk xt0psk2 x3ct3a4 xdj266r x14z9mp xat24cr x1lziwak xexx8yu xyri2b x18d9i69 x1c1uobl x16tdsg8 x1hl2dhg xggy1nq x1a2a7pz xkrqix3 x1sur9pj xzsf02u x1s688f\" href=\"https:\/\/www.facebook.com\/bueffelfuttertippsfuerkidsingoettingen?__cft__[0]=AZYwk8Zn-fI9VxtGT9DJuYSfO1bvb-Hv3iQnFvzB6xFLysZoCsU-s_jqZkcZ8e9fszvpJJuZAOs2rDQ4Ev6cml4TJSB4qQPJmju9FIirwsPDTAzLt9t6Ljleet-m6RKoOfF-EdiQUbqlYBGAYqKMjXU0&amp;__tn__=-UC%2CP-R\"><b class=\"html-b xdj266r x14z9mp xat24cr x1lziwak xexx8yu xyri2b x18d9i69 x1c1uobl x1hl2dhg x16tdsg8 x1vvkbs x1s688f\"><span class=\"html-span xdj266r x14z9mp xat24cr x1lziwak xexx8yu xyri2b x18d9i69 x1c1uobl x1hl2dhg x16tdsg8 x1vvkbs\">B\u00fcffelfutter - Tipps f\u00fcr Kids in G\u00f6ttingen<\/span><\/b><\/a><\/div>\n<\/div>\n<\/div>\n<\/div>\n<\/div>\n<div class=\"html-div xdj266r x14z9mp xat24cr x1lziwak xexx8yu xyri2b x18d9i69 x1c1uobl\">\n<div class=\"html-div xdj266r x14z9mp xat24cr x1lziwak xexx8yu xyri2b x18d9i69 x1c1uobl\" dir=\"auto\">\n<div class=\"html-div xdj266r x14z9mp xat24cr x1lziwak xexx8yu xyri2b x18d9i69 x1c1uobl\" data-ad-rendering-role=\"story_message\">\n<div class=\"x1l90r2v x1iorvi4 x1g0dm76 xpdmqnj\" data-ad-comet-preview=\"message\" data-ad-preview=\"message\">\n<div class=\"x78zum5 xdt5ytf xz62fqu x16ldp7u\">\n<div class=\"xu06os2 x1ok221b\">\n<div class=\"html-div xdj266r x14z9mp xat24cr x1lziwak xexx8yu xyri2b x18d9i69 x1c1uobl\">\n<div class=\"xdj266r x14z9mp xat24cr x1lziwak x1vvkbs x126k92a\">\n<div dir=\"auto\">GSO-Familien-Konzert<\/div>\n<div dir=\"auto\">Unbedingt und immer wieder ein Tipp f\u00fcr Familien:<\/div>\n<div dir=\"auto\">zusammen unbeschwert Orchester-Musik erleben und kennenlernen! <span class=\"html-span xexx8yu xyri2b x18d9i69 x1c1uobl x1hl2dhg x16tdsg8 x1vvkbs x3nfvp2 x1j61x8r x1fcty0u xdj266r xat24cr xm2jcoa x1mpyi22 xxymvpz xlup9mm x1kky2od\"><img loading=\"lazy\" decoding=\"async\" class=\"xz74otr x15mokao x1ga7v0g x16uus16 xbiv7yw\" src=\"https:\/\/static.xx.fbcdn.net\/images\/emoji.php\/v9\/t4c\/1\/16\/1f642.png\" alt=\"\ud83d\ude42\" width=\"16\" height=\"16\" \/><\/span><\/div>\n<\/div>\n<div class=\"x14z9mp xat24cr x1lziwak x1vvkbs xtlvy1s x126k92a\">\n<div dir=\"auto\">Dieses Mal folgen wir Vivaldi in einer 300 Jahre alten Komposition durch Fr\u00fchling, Sommer, Herbst und Winter, und lassen uns von den Instrumenten durch &gt;Die vier Jahreszeiten&lt; und deren Ger\u00e4usche f\u00fchren ...<\/div>\n<\/div>\n<div class=\"x14z9mp xat24cr x1lziwak x1vvkbs xtlvy1s x126k92a\">\n<div dir=\"auto\">&gt; Sonntag, 03.05.26, 14.00 + 16.00 Uhr<\/div>\n<div dir=\"auto\">(empfohlen ab 6 Jahren; Aula der Waldorf-Schule)<\/div>\n<\/div>\n<div class=\"x14z9mp xat24cr x1lziwak x1vvkbs xtlvy1s x126k92a\">\n<div dir=\"auto\">Nicht mal mehr ein Monat --&gt; Tickets sichern! <span class=\"html-span xexx8yu xyri2b x18d9i69 x1c1uobl x1hl2dhg x16tdsg8 x1vvkbs x3nfvp2 x1j61x8r x1fcty0u xdj266r xat24cr xm2jcoa x1mpyi22 xxymvpz xlup9mm x1kky2od\"><img loading=\"lazy\" decoding=\"async\" class=\"xz74otr x15mokao x1ga7v0g x16uus16 xbiv7yw\" src=\"https:\/\/static.xx.fbcdn.net\/images\/emoji.php\/v9\/t57\/1\/16\/1f609.png\" alt=\"\ud83d\ude09\" width=\"16\" height=\"16\" \/><\/span><\/div>\n<\/div>\n<div class=\"x14z9mp xat24cr x1lziwak x1vvkbs xtlvy1s x126k92a\">\n<div dir=\"auto\">Infos &amp; Tickets auf der Page:<\/div>\n<div dir=\"auto\"><span class=\"html-span xdj266r x14z9mp xat24cr x1lziwak xexx8yu xyri2b x18d9i69 x1c1uobl x1hl2dhg x16tdsg8 x1vvkbs\"><a class=\"x1i10hfl xjbqb8w x1ejq31n x18oe1m7 x1sy0etr xstzfhl x972fbf x10w94by x1qhh985 x14e42zd x9f619 x1ypdohk xt0psk2 x3ct3a4 xdj266r x14z9mp xat24cr x1lziwak xexx8yu xyri2b x18d9i69 x1c1uobl x16tdsg8 x1hl2dhg xggy1nq x1a2a7pz xkrqix3 x1sur9pj x1fey0fg x1s688f\" href=\"https:\/\/gso-online.de\/konzert\/die-vier-jahreszeiten\/?fbclid=IwZXh0bgNhZW0CMTAAc3J0YwZhcHBfaWQQMjIyMDM5MTc4ODIwMDg5MgABHo3LDy9_XpfiZpvNw6d0ZSSxDjwG1SLAe07OdWuNd8eo07gx7uiWsdJBiBwJ_aem_PNt_rs6WlFM9jl5JwYhMhA\" target=\"_blank\">https:\/\/gso-online.de\/konzert\/die-vier-jahreszeiten\/<\/a><\/span><\/div>\n<\/div>\n<div class=\"x14z9mp xat24cr x1lziwak x1vvkbs xtlvy1s x126k92a\">\n<div dir=\"auto\">Viel Spa\u00df mit dem GSO!!! <span class=\"html-span xexx8yu xyri2b x18d9i69 x1c1uobl x1hl2dhg x16tdsg8 x1vvkbs x3nfvp2 x1j61x8r x1fcty0u xdj266r xat24cr xm2jcoa x1mpyi22 xxymvpz xlup9mm x1kky2od\"><img loading=\"lazy\" decoding=\"async\" class=\"xz74otr x15mokao x1ga7v0g x16uus16 xbiv7yw\" src=\"https:\/\/static.xx.fbcdn.net\/images\/emoji.php\/v9\/t4c\/1\/16\/1f642.png\" alt=\"\ud83d\ude42\" width=\"16\" height=\"16\" \/><\/span><\/div>\n<div dir=\"auto\"><\/div>\n<div dir=\"auto\"><img decoding=\"async\" class=\"x15mokao x1ga7v0g x16uus16 xbiv7yw x1bwycvy x193iq5w x4fas0m x19kjcj4\" src=\"https:\/\/scontent-ham3-1.xx.fbcdn.net\/v\/t39.30808-6\/668668128_1475825660997281_4762958171006563683_n.jpg?_nc_cat=103&amp;ccb=1-7&amp;_nc_sid=13d280&amp;_nc_ohc=8pXRVFUQj2AQ7kNvwGPyO6g&amp;_nc_oc=AdqtZtReVvROMbnOb-64HBJgGPil2zcOW3t6nejHrmOOFCT75fGuKIjWBGB0mcAAy2qWJ97zvQvhG5swC0BIkSvk&amp;_nc_zt=23&amp;_nc_ht=scontent-ham3-1.xx&amp;_nc_gid=e7fBgrqEjBkwM4A-srvp-g&amp;_nc_ss=7a3a8&amp;oh=00_Af37qvJ3URFpMdTaa8RsvlS9foFAge9Fu5kqTXbAQzJdZA&amp;oe=69DED28B\" alt=\"Ist m\u00f6glicherweise eine Grafik von Text \u201eFamilienkonzert3 Die vier Jahreszeiten O 14:00 Lhr \u12e8\u130d Sonntag,3.Mai2 Sonntac Sonnta Sonntag,3. 2026 #FrcieWadorfschJeGottingon \u17e2 Frcic Waldorfschule Gottingen I TICKETS O SPIELORT\u201c\" data-visualcompletion=\"media-vc-image\" \/><\/div>\n<div dir=\"auto\"><a href=\"https:\/\/www.facebook.com\/photo?fbid=1475825650997282&amp;set=a.575005924412597\">https:\/\/www.facebook.com\/photo?fbid=1475825650997282&amp;set=a.575005924412597<\/a><\/div>\n<\/div>\n<\/div>\n<\/div>\n<\/div>\n<\/div>\n<\/div>\n<\/div>\n<\/div>\n<\/blockquote>\n<\/div>\n\t\t<div class=\"mc-location\"><div class=\"address location vcard\"><div class='map'><a href='https:\/\/www.google.com\/maps\/place\/Freie+Waldorfschule+G%C3%B6ttingen+e.V.\/@51.56903,9.9342851,17z\/data=!3m2!4b1!5s0x47a4d5254d19198d:0x115f8e5b8e9cc5b5!4m6!3m5!1s0x47a4d53aad8573ed:0xd62f25ed52a68b83!8m2!3d51.56903!4d9.93686!16s%2Fg%2F1tf_02nm?entry=ttu&amp;g_ep=EgoyMDI2MDExMy4wIKXMDSoKLDEwMDc5MjA2N0gBUAM%3D' class='url external'><span class='mc-icon' aria-hidden='true'><\/span>Karte<span class='screen-reader-text fn'> Freie Waldorfschule G\u00f6ttingen e.V., Arbecksweg 1, 37077 G\u00f6ttingen<\/span><\/a><\/div><\/div><\/div>\n\t\t<div class=\"sharing\">\t<p class='mc-details'><a aria-label='Weiterlesen: 10.04.2026, B\u00fcffelfutter - Tipps f\u00fcr Kids in G\u00f6ttingen: GSO-Familien-Konzert' href='https:\/\/rt-europaallee.de\/wordpress\/my-calendar\/?mc_id=30690'>Weiterlesen<\/a><\/p>\n<\/div><\/div><!--end .details--><\/article>\n<\/td>\n<\/tr>\n<!-- End Event Row -->\n\n<\/tbody>\n<\/table><\/div><!-- .mc-content -->\n<nav class=\"my-calendar-navigation\" aria-label=\"Kalender (unten)\">\n<div class=\"mc_bottomnav my-calendar-footer\"><div class=\"category-key has-icons\"><h3 class=\"maybe-hide\">Kategorien<\/h3>\n<ul>\n<li class=\"cat_advents--weihnachtsmarkt\"><button type=\"button\" class=\"mc-navigation-button\" id=\"mc_cat_15-my-calendar\" data-href=\"https:\/\/rt-europaallee.de\/wordpress\/my-calendar\/?mcat=15\" ><span class=\"category-color-sample svg\" style=\"background:#485619;\"><svg style=\"fill:#ffffff\" focusable=\"false\" role=\"img\" aria-labelledby=\"cat_15\" class=\"category-icon\" xmlns=\"http:\/\/www.w3.org\/2000\/svg\" viewBox=\"0 0 576 512\"><!-- Font Awesome Free 5.15.3 by @fontawesome - https:\/\/fontawesome.com License - https:\/\/fontawesome.com\/license\/free (Icons: CC BY 4.0, Fonts: SIL OFL 1.1, Code: MIT License) --><title id='cat_15'>Advents-, Weihnachtsmarkt<\/title><path d=\"M259.3 17.8L194 150.2 47.9 171.5c-26.2 3.8-36.7 36.1-17.7 54.6l105.7 103-25 145.5c-4.5 26.3 23.2 46 46.4 33.7L288 439.6l130.7 68.7c23.2 12.2 50.9-7.4 46.4-33.7l-25-145.5 105.7-103c19-18.5 8.5-50.8-17.7-54.6L382 150.2 316.7 17.8c-11.7-23.6-45.6-23.9-57.4 0z\"\/><\/svg><\/span>Advents-, Weihnachtsmarkt<\/button><\/li><li class=\"cat_auffhrungen--veranstaltungen\"><button type=\"button\" class=\"mc-navigation-button\" id=\"mc_cat_6-my-calendar\" data-href=\"https:\/\/rt-europaallee.de\/wordpress\/my-calendar\/?mcat=6\" ><span class=\"category-color-sample svg\" style=\"background:#ffd3d3;\"><svg style=\"fill:#000000\" focusable=\"false\" role=\"img\" aria-labelledby=\"cat_6\" class=\"category-icon\" xmlns=\"http:\/\/www.w3.org\/2000\/svg\" viewBox=\"0 0 512 512\"><!-- Font Awesome Free 5.15.3 by @fontawesome - https:\/\/fontawesome.com License - https:\/\/fontawesome.com\/license\/free (Icons: CC BY 4.0, Fonts: SIL OFL 1.1, Code: MIT License) --><title id='cat_6'>Auff\u00fchrungen + Veranstaltungen<\/title><path d=\"M502.63 39L473 9.37a32 32 0 0 0-45.26 0L381.46 55.7a35.14 35.14 0 0 0-8.53 13.79L360.77 106l-76.26 76.26c-12.16-8.76-25.5-15.74-40.1-19.14-33.45-7.78-67-.88-89.88 22a82.45 82.45 0 0 0-20.24 33.47c-6 18.56-23.21 32.69-42.15 34.46-23.7 2.27-45.73 11.45-62.61 28.44C-16.11 327-7.9 409 47.58 464.45S185 528 230.56 482.52c17-16.88 26.16-38.9 28.45-62.71 1.76-18.85 15.89-36.13 34.43-42.14a82.6 82.6 0 0 0 33.48-20.25c22.87-22.88 29.74-56.36 22-89.75-3.39-14.64-10.37-28-19.16-40.2L406 151.23l36.48-12.16a35.14 35.14 0 0 0 13.79-8.53l46.33-46.32a32 32 0 0 0 .03-45.22zM208 352a48 48 0 1 1 48-48 48 48 0 0 1-48 48z\"\/><\/svg><\/span>Auff\u00fchrungen + Veranstaltungen<\/button><\/li><li class=\"cat_begegnungsgarten\"><button type=\"button\" class=\"mc-navigation-button\" id=\"mc_cat_16-my-calendar\" data-href=\"https:\/\/rt-europaallee.de\/wordpress\/my-calendar\/?mcat=16\" ><span class=\"category-color-sample svg\" style=\"background:#81d742;\"><svg style=\"fill:#000000\" focusable=\"false\" role=\"img\" aria-labelledby=\"cat_16\" class=\"category-icon\" xmlns=\"http:\/\/www.w3.org\/2000\/svg\" viewBox=\"0 0 640 512\"><!-- Font Awesome Free 5.15.3 by @fontawesome - https:\/\/fontawesome.com License - https:\/\/fontawesome.com\/license\/free (Icons: CC BY 4.0, Fonts: SIL OFL 1.1, Code: MIT License) --><title id='cat_16'>Begegnungsgarten<\/title><path d=\"M434.7 64h-85.9c-8 0-15.7 3-21.6 8.4l-98.3 90c-.1.1-.2.3-.3.4-16.6 15.6-16.3 40.5-2.1 56 12.7 13.9 39.4 17.6 56.1 2.7.1-.1.3-.1.4-.2l79.9-73.2c6.5-5.9 16.7-5.5 22.6 1 6 6.5 5.5 16.6-1 22.6l-26.1 23.9L504 313.8c2.9 2.4 5.5 5 7.9 7.7V128l-54.6-54.6c-5.9-6-14.1-9.4-22.6-9.4zM544 128.2v223.9c0 17.7 14.3 32 32 32h64V128.2h-96zm48 223.9c-8.8 0-16-7.2-16-16s7.2-16 16-16 16 7.2 16 16-7.2 16-16 16zM0 384h64c17.7 0 32-14.3 32-32V128.2H0V384zm48-63.9c8.8 0 16 7.2 16 16s-7.2 16-16 16-16-7.2-16-16c0-8.9 7.2-16 16-16zm435.9 18.6L334.6 217.5l-30 27.5c-29.7 27.1-75.2 24.5-101.7-4.4-26.9-29.4-24.8-74.9 4.4-101.7L289.1 64h-83.8c-8.5 0-16.6 3.4-22.6 9.4L128 128v223.9h18.3l90.5 81.9c27.4 22.3 67.7 18.1 90-9.3l.2-.2 17.9 15.5c15.9 13 39.4 10.5 52.3-5.4l31.4-38.6 5.4 4.4c13.7 11.1 33.9 9.1 45-4.7l9.5-11.7c11.2-13.8 9.1-33.9-4.6-45.1z\"\/><\/svg><\/span>Begegnungsgarten<\/button><\/li><li class=\"cat_bildung\"><button type=\"button\" class=\"mc-navigation-button\" id=\"mc_cat_5-my-calendar\" data-href=\"https:\/\/rt-europaallee.de\/wordpress\/my-calendar\/?mcat=5\" ><span class=\"category-color-sample svg\" style=\"background:#d2e3f4;\"><svg style=\"fill:#000000\" focusable=\"false\" role=\"img\" aria-labelledby=\"cat_5\" class=\"category-icon\" xmlns=\"http:\/\/www.w3.org\/2000\/svg\" viewBox=\"0 0 640 512\"><!-- Font Awesome Free 5.15.3 by @fontawesome - https:\/\/fontawesome.com License - https:\/\/fontawesome.com\/license\/free (Icons: CC BY 4.0, Fonts: SIL OFL 1.1, Code: MIT License) --><title id='cat_5'>Bildung<\/title><path d=\"M0 224v272c0 8.84 7.16 16 16 16h80V192H32c-17.67 0-32 14.33-32 32zm360-48h-24v-40c0-4.42-3.58-8-8-8h-16c-4.42 0-8 3.58-8 8v64c0 4.42 3.58 8 8 8h48c4.42 0 8-3.58 8-8v-16c0-4.42-3.58-8-8-8zm137.75-63.96l-160-106.67a32.02 32.02 0 0 0-35.5 0l-160 106.67A32.002 32.002 0 0 0 128 138.66V512h128V368c0-8.84 7.16-16 16-16h96c8.84 0 16 7.16 16 16v144h128V138.67c0-10.7-5.35-20.7-14.25-26.63zM320 256c-44.18 0-80-35.82-80-80s35.82-80 80-80 80 35.82 80 80-35.82 80-80 80zm288-64h-64v320h80c8.84 0 16-7.16 16-16V224c0-17.67-14.33-32-32-32z\"\/><\/svg><\/span>Bildung<\/button><\/li><li class=\"cat_delete\"><button type=\"button\" class=\"mc-navigation-button\" id=\"mc_cat_8-my-calendar\" data-href=\"https:\/\/rt-europaallee.de\/wordpress\/my-calendar\/?mcat=8\" ><span class=\"category-color-sample svg\" style=\"background:#eeee22;\"><svg style=\"fill:#000000\" focusable=\"false\" role=\"img\" aria-labelledby=\"cat_8\" class=\"category-icon\" xmlns=\"http:\/\/www.w3.org\/2000\/svg\" viewBox=\"0 0 448 512\"><!-- Font Awesome Free 5.15.3 by @fontawesome - https:\/\/fontawesome.com License - https:\/\/fontawesome.com\/license\/free (Icons: CC BY 4.0, Fonts: SIL OFL 1.1, Code: MIT License) --><title id='cat_8'>Delete<\/title><path d=\"M278.06 256L444.48 89.57c4.69-4.69 4.69-12.29 0-16.97-32.8-32.8-85.99-32.8-118.79 0L210.18 188.12l-24.86-24.86c4.31-10.92 6.68-22.81 6.68-35.26 0-53.02-42.98-96-96-96S0 74.98 0 128s42.98 96 96 96c4.54 0 8.99-.32 13.36-.93L142.29 256l-32.93 32.93c-4.37-.61-8.83-.93-13.36-.93-53.02 0-96 42.98-96 96s42.98 96 96 96 96-42.98 96-96c0-12.45-2.37-24.34-6.68-35.26l24.86-24.86L325.69 439.4c32.8 32.8 85.99 32.8 118.79 0 4.69-4.68 4.69-12.28 0-16.97L278.06 256zM96 160c-17.64 0-32-14.36-32-32s14.36-32 32-32 32 14.36 32 32-14.36 32-32 32zm0 256c-17.64 0-32-14.36-32-32s14.36-32 32-32 32 14.36 32 32-14.36 32-32 32z\"\/><\/svg><\/span>Delete<\/button><\/li><li class=\"cat_feiertag\"><button type=\"button\" class=\"mc-navigation-button\" id=\"mc_cat_12-my-calendar\" data-href=\"https:\/\/rt-europaallee.de\/wordpress\/my-calendar\/?mcat=12\" ><span class=\"category-color-sample svg\" style=\"background:#f7a483;\"><svg style=\"fill:#000000\" focusable=\"false\" role=\"img\" aria-labelledby=\"cat_12\" class=\"category-icon\" xmlns=\"http:\/\/www.w3.org\/2000\/svg\" viewBox=\"0 0 448 512\"><!-- Font Awesome Free 5.15.3 by @fontawesome - https:\/\/fontawesome.com License - https:\/\/fontawesome.com\/license\/free (Icons: CC BY 4.0, Fonts: SIL OFL 1.1, Code: MIT License) --><title id='cat_12'>Feiertag<\/title><path d=\"M0 464c0 26.5 21.5 48 48 48h352c26.5 0 48-21.5 48-48V192H0v272zm320-196c0-6.6 5.4-12 12-12h40c6.6 0 12 5.4 12 12v40c0 6.6-5.4 12-12 12h-40c-6.6 0-12-5.4-12-12v-40zm0 128c0-6.6 5.4-12 12-12h40c6.6 0 12 5.4 12 12v40c0 6.6-5.4 12-12 12h-40c-6.6 0-12-5.4-12-12v-40zM192 268c0-6.6 5.4-12 12-12h40c6.6 0 12 5.4 12 12v40c0 6.6-5.4 12-12 12h-40c-6.6 0-12-5.4-12-12v-40zm0 128c0-6.6 5.4-12 12-12h40c6.6 0 12 5.4 12 12v40c0 6.6-5.4 12-12 12h-40c-6.6 0-12-5.4-12-12v-40zM64 268c0-6.6 5.4-12 12-12h40c6.6 0 12 5.4 12 12v40c0 6.6-5.4 12-12 12H76c-6.6 0-12-5.4-12-12v-40zm0 128c0-6.6 5.4-12 12-12h40c6.6 0 12 5.4 12 12v40c0 6.6-5.4 12-12 12H76c-6.6 0-12-5.4-12-12v-40zM400 64h-48V16c0-8.8-7.2-16-16-16h-32c-8.8 0-16 7.2-16 16v48H160V16c0-8.8-7.2-16-16-16h-32c-8.8 0-16 7.2-16 16v48H48C21.5 64 0 85.5 0 112v48h448v-48c0-26.5-21.5-48-48-48z\"\/><\/svg><\/span>Feiertag<\/button><\/li><li class=\"cat_ferien\"><button type=\"button\" class=\"mc-navigation-button\" id=\"mc_cat_13-my-calendar\" data-href=\"https:\/\/rt-europaallee.de\/wordpress\/my-calendar\/?mcat=13\" ><span class=\"category-color-sample svg\" style=\"background:#1e73be;\"><svg style=\"fill:#ffffff\" focusable=\"false\" role=\"img\" aria-labelledby=\"cat_13\" class=\"category-icon\" xmlns=\"http:\/\/www.w3.org\/2000\/svg\" viewBox=\"0 0 640 512\"><!-- Font Awesome Free 5.15.3 by @fontawesome - https:\/\/fontawesome.com License - https:\/\/fontawesome.com\/license\/free (Icons: CC BY 4.0, Fonts: SIL OFL 1.1, Code: MIT License) --><title id='cat_13'>Ferien<\/title><path d=\"M0 224v272c0 8.84 7.16 16 16 16h80V192H32c-17.67 0-32 14.33-32 32zm360-48h-24v-40c0-4.42-3.58-8-8-8h-16c-4.42 0-8 3.58-8 8v64c0 4.42 3.58 8 8 8h48c4.42 0 8-3.58 8-8v-16c0-4.42-3.58-8-8-8zm137.75-63.96l-160-106.67a32.02 32.02 0 0 0-35.5 0l-160 106.67A32.002 32.002 0 0 0 128 138.66V512h128V368c0-8.84 7.16-16 16-16h96c8.84 0 16 7.16 16 16v144h128V138.67c0-10.7-5.35-20.7-14.25-26.63zM320 256c-44.18 0-80-35.82-80-80s35.82-80 80-80 80 35.82 80 80-35.82 80-80 80zm288-64h-64v320h80c8.84 0 16-7.16 16-16V224c0-17.67-14.33-32-32-32z\"\/><\/svg><\/span>Ferien<\/button><\/li><li class=\"cat_general\"><button type=\"button\" class=\"mc-navigation-button\" id=\"mc_cat_1-my-calendar\" data-href=\"https:\/\/rt-europaallee.de\/wordpress\/my-calendar\/?mcat=1\" ><span class=\"category-color-sample svg\" style=\"background:#ffffcc;\"><svg style=\"fill:#000000\" focusable=\"false\" role=\"img\" aria-labelledby=\"cat_1\" class=\"category-icon\" xmlns=\"http:\/\/www.w3.org\/2000\/svg\" viewBox=\"0 0 448 512\"><!-- Font Awesome Free 5.15.3 by @fontawesome - https:\/\/fontawesome.com License - https:\/\/fontawesome.com\/license\/free (Icons: CC BY 4.0, Fonts: SIL OFL 1.1, Code: MIT License) --><title id='cat_1'>General<\/title><path d=\"M12 192h424c6.6 0 12 5.4 12 12v260c0 26.5-21.5 48-48 48H48c-26.5 0-48-21.5-48-48V204c0-6.6 5.4-12 12-12zm436-44v-36c0-26.5-21.5-48-48-48h-48V12c0-6.6-5.4-12-12-12h-40c-6.6 0-12 5.4-12 12v52H160V12c0-6.6-5.4-12-12-12h-40c-6.6 0-12 5.4-12 12v52H48C21.5 64 0 85.5 0 112v36c0 6.6 5.4 12 12 12h424c6.6 0 12-5.4 12-12z\"\/><\/svg><\/span>General<\/button><\/li><li class=\"cat_grn-wei\"><button type=\"button\" class=\"mc-navigation-button\" id=\"mc_cat_2-my-calendar\" data-href=\"https:\/\/rt-europaallee.de\/wordpress\/my-calendar\/?mcat=2\" ><span class=\"category-color-sample svg\" style=\"background:#bcee68;\"><svg style=\"fill:#000000\" focusable=\"false\" role=\"img\" aria-labelledby=\"cat_2\" class=\"category-icon\" xmlns=\"http:\/\/www.w3.org\/2000\/svg\" viewBox=\"0 0 512 512\"><!-- Font Awesome Free 5.15.3 by @fontawesome - https:\/\/fontawesome.com License - https:\/\/fontawesome.com\/license\/free (Icons: CC BY 4.0, Fonts: SIL OFL 1.1, Code: MIT License) --><title id='cat_2'>Gr\u00fcn wei\u00df<\/title><path d=\"M470.38 1.51L150.41 96A32 32 0 0 0 128 126.51v261.41A139 139 0 0 0 96 384c-53 0-96 28.66-96 64s43 64 96 64 96-28.66 96-64V214.32l256-75v184.61a138.4 138.4 0 0 0-32-3.93c-53 0-96 28.66-96 64s43 64 96 64 96-28.65 96-64V32a32 32 0 0 0-41.62-30.49z\"\/><\/svg><\/span>Gr\u00fcn wei\u00df<\/button><\/li><li class=\"cat_info\"><button type=\"button\" class=\"mc-navigation-button\" id=\"mc_cat_22-my-calendar\" data-href=\"https:\/\/rt-europaallee.de\/wordpress\/my-calendar\/?mcat=22\" ><span class=\"category-color-sample svg\" style=\"background:#d060d6;\"><svg style=\"fill:#000000\" focusable=\"false\" role=\"img\" aria-labelledby=\"cat_22\" class=\"category-icon\" xmlns=\"http:\/\/www.w3.org\/2000\/svg\" viewBox=\"0 0 192 512\"><!-- Font Awesome Free 5.15.3 by @fontawesome - https:\/\/fontawesome.com License - https:\/\/fontawesome.com\/license\/free (Icons: CC BY 4.0, Fonts: SIL OFL 1.1, Code: MIT License) --><title id='cat_22'>Info<\/title><path d=\"M20 424.229h20V279.771H20c-11.046 0-20-8.954-20-20V212c0-11.046 8.954-20 20-20h112c11.046 0 20 8.954 20 20v212.229h20c11.046 0 20 8.954 20 20V492c0 11.046-8.954 20-20 20H20c-11.046 0-20-8.954-20-20v-47.771c0-11.046 8.954-20 20-20zM96 0C56.235 0 24 32.235 24 72s32.235 72 72 72 72-32.235 72-72S135.764 0 96 0z\"\/><\/svg><\/span>Info<\/button><\/li><li class=\"cat_kino-filme\"><button type=\"button\" class=\"mc-navigation-button\" id=\"mc_cat_20-my-calendar\" data-href=\"https:\/\/rt-europaallee.de\/wordpress\/my-calendar\/?mcat=20\" ><span class=\"category-color-sample svg\" style=\"background:#ededed;\"><svg style=\"fill:#000000\" focusable=\"false\" role=\"img\" aria-labelledby=\"cat_20\" class=\"category-icon\" xmlns=\"http:\/\/www.w3.org\/2000\/svg\" viewBox=\"0 0 512 512\"><!-- Font Awesome Free 5.15.3 by @fontawesome - https:\/\/fontawesome.com License - https:\/\/fontawesome.com\/license\/free (Icons: CC BY 4.0, Fonts: SIL OFL 1.1, Code: MIT License) --><title id='cat_20'>Kino, Filme<\/title><path d=\"M488 64h-8v20c0 6.6-5.4 12-12 12h-40c-6.6 0-12-5.4-12-12V64H96v20c0 6.6-5.4 12-12 12H44c-6.6 0-12-5.4-12-12V64h-8C10.7 64 0 74.7 0 88v336c0 13.3 10.7 24 24 24h8v-20c0-6.6 5.4-12 12-12h40c6.6 0 12 5.4 12 12v20h320v-20c0-6.6 5.4-12 12-12h40c6.6 0 12 5.4 12 12v20h8c13.3 0 24-10.7 24-24V88c0-13.3-10.7-24-24-24zM96 372c0 6.6-5.4 12-12 12H44c-6.6 0-12-5.4-12-12v-40c0-6.6 5.4-12 12-12h40c6.6 0 12 5.4 12 12v40zm0-96c0 6.6-5.4 12-12 12H44c-6.6 0-12-5.4-12-12v-40c0-6.6 5.4-12 12-12h40c6.6 0 12 5.4 12 12v40zm0-96c0 6.6-5.4 12-12 12H44c-6.6 0-12-5.4-12-12v-40c0-6.6 5.4-12 12-12h40c6.6 0 12 5.4 12 12v40zm272 208c0 6.6-5.4 12-12 12H156c-6.6 0-12-5.4-12-12v-96c0-6.6 5.4-12 12-12h200c6.6 0 12 5.4 12 12v96zm0-168c0 6.6-5.4 12-12 12H156c-6.6 0-12-5.4-12-12v-96c0-6.6 5.4-12 12-12h200c6.6 0 12 5.4 12 12v96zm112 152c0 6.6-5.4 12-12 12h-40c-6.6 0-12-5.4-12-12v-40c0-6.6 5.4-12 12-12h40c6.6 0 12 5.4 12 12v40zm0-96c0 6.6-5.4 12-12 12h-40c-6.6 0-12-5.4-12-12v-40c0-6.6 5.4-12 12-12h40c6.6 0 12 5.4 12 12v40zm0-96c0 6.6-5.4 12-12 12h-40c-6.6 0-12-5.4-12-12v-40c0-6.6 5.4-12 12-12h40c6.6 0 12 5.4 12 12v40z\"\/><\/svg><\/span>Kino, Filme<\/button><\/li><li class=\"cat_kunst\"><button type=\"button\" class=\"mc-navigation-button\" id=\"mc_cat_21-my-calendar\" data-href=\"https:\/\/rt-europaallee.de\/wordpress\/my-calendar\/?mcat=21\" ><span class=\"category-color-sample svg\" style=\"background:#e2c3e0;\"><svg style=\"fill:#000000\" focusable=\"false\" role=\"img\" aria-labelledby=\"cat_21\" class=\"category-icon\" xmlns=\"http:\/\/www.w3.org\/2000\/svg\" viewBox=\"0 0 512 512\"><!-- Font Awesome Free 5.15.3 by @fontawesome - https:\/\/fontawesome.com License - https:\/\/fontawesome.com\/license\/free (Icons: CC BY 4.0, Fonts: SIL OFL 1.1, Code: MIT License) --><title id='cat_21'>Kunst<\/title><path d=\"M204.3 5C104.9 24.4 24.8 104.3 5.2 203.4c-37 187 131.7 326.4 258.8 306.7 41.2-6.4 61.4-54.6 42.5-91.7-23.1-45.4 9.9-98.4 60.9-98.4h79.7c35.8 0 64.8-29.6 64.9-65.3C511.5 97.1 368.1-26.9 204.3 5zM96 320c-17.7 0-32-14.3-32-32s14.3-32 32-32 32 14.3 32 32-14.3 32-32 32zm32-128c-17.7 0-32-14.3-32-32s14.3-32 32-32 32 14.3 32 32-14.3 32-32 32zm128-64c-17.7 0-32-14.3-32-32s14.3-32 32-32 32 14.3 32 32-14.3 32-32 32zm128 64c-17.7 0-32-14.3-32-32s14.3-32 32-32 32 14.3 32 32-14.3 32-32 32z\"\/><\/svg><\/span>Kunst<\/button><\/li><li class=\"cat_mrkte\"><button type=\"button\" class=\"mc-navigation-button\" id=\"mc_cat_19-my-calendar\" data-href=\"https:\/\/rt-europaallee.de\/wordpress\/my-calendar\/?mcat=19\" ><span class=\"category-color-sample svg\" style=\"background:#fffb96;\"><svg style=\"fill:#000000\" focusable=\"false\" role=\"img\" aria-labelledby=\"cat_19\" class=\"category-icon\" xmlns=\"http:\/\/www.w3.org\/2000\/svg\" viewBox=\"0 0 576 512\"><!-- Font Awesome Free 5.15.3 by @fontawesome - https:\/\/fontawesome.com License - https:\/\/fontawesome.com\/license\/free (Icons: CC BY 4.0, Fonts: SIL OFL 1.1, Code: MIT License) --><title id='cat_19'>M\u00e4rkte<\/title><path d=\"M259.3 17.8L194 150.2 47.9 171.5c-26.2 3.8-36.7 36.1-17.7 54.6l105.7 103-25 145.5c-4.5 26.3 23.2 46 46.4 33.7L288 439.6l130.7 68.7c23.2 12.2 50.9-7.4 46.4-33.7l-25-145.5 105.7-103c19-18.5 8.5-50.8-17.7-54.6L382 150.2 316.7 17.8c-11.7-23.6-45.6-23.9-57.4 0z\"\/><\/svg><\/span>M\u00e4rkte<\/button><\/li><li class=\"cat_online\"><button type=\"button\" class=\"mc-navigation-button\" id=\"mc_cat_18-my-calendar\" data-href=\"https:\/\/rt-europaallee.de\/wordpress\/my-calendar\/?mcat=18\" ><span class=\"category-color-sample svg\" style=\"background:#9ff9d5;\"><svg style=\"fill:#000000\" focusable=\"false\" role=\"img\" aria-labelledby=\"cat_18\" class=\"category-icon\" xmlns=\"http:\/\/www.w3.org\/2000\/svg\" viewBox=\"0 0 576 512\"><!-- Font Awesome Free 5.15.3 by @fontawesome - https:\/\/fontawesome.com License - https:\/\/fontawesome.com\/license\/free (Icons: CC BY 4.0, Fonts: SIL OFL 1.1, Code: MIT License) --><title id='cat_18'>Online<\/title><path d=\"M528 0H48C21.5 0 0 21.5 0 48v320c0 26.5 21.5 48 48 48h192l-16 48h-72c-13.3 0-24 10.7-24 24s10.7 24 24 24h272c13.3 0 24-10.7 24-24s-10.7-24-24-24h-72l-16-48h192c26.5 0 48-21.5 48-48V48c0-26.5-21.5-48-48-48zm-16 352H64V64h448v288z\"\/><\/svg><\/span>Online<\/button><\/li><li class=\"cat_runder-tisch-europaallee\"><button type=\"button\" class=\"mc-navigation-button\" id=\"mc_cat_4-my-calendar\" data-href=\"https:\/\/rt-europaallee.de\/wordpress\/my-calendar\/?mcat=4\" ><span class=\"category-color-sample svg\" style=\"background:#d33232;\"><svg style=\"fill:#ffffff\" focusable=\"false\" role=\"img\" aria-labelledby=\"cat_4\" class=\"category-icon\" xmlns=\"http:\/\/www.w3.org\/2000\/svg\" viewBox=\"0 0 496 512\"><!-- Font Awesome Free 5.15.3 by @fontawesome - https:\/\/fontawesome.com License - https:\/\/fontawesome.com\/license\/free (Icons: CC BY 4.0, Fonts: SIL OFL 1.1, Code: MIT License) --><title id='cat_4'>Runder Tisch Europaallee<\/title><path d=\"M336.5 160C322 70.7 287.8 8 248 8s-74 62.7-88.5 152h177zM152 256c0 22.2 1.2 43.5 3.3 64h185.3c2.1-20.5 3.3-41.8 3.3-64s-1.2-43.5-3.3-64H155.3c-2.1 20.5-3.3 41.8-3.3 64zm324.7-96c-28.6-67.9-86.5-120.4-158-141.6 24.4 33.8 41.2 84.7 50 141.6h108zM177.2 18.4C105.8 39.6 47.8 92.1 19.3 160h108c8.7-56.9 25.5-107.8 49.9-141.6zM487.4 192H372.7c2.1 21 3.3 42.5 3.3 64s-1.2 43-3.3 64h114.6c5.5-20.5 8.6-41.8 8.6-64s-3.1-43.5-8.5-64zM120 256c0-21.5 1.2-43 3.3-64H8.6C3.2 212.5 0 233.8 0 256s3.2 43.5 8.6 64h114.6c-2-21-3.2-42.5-3.2-64zm39.5 96c14.5 89.3 48.7 152 88.5 152s74-62.7 88.5-152h-177zm159.3 141.6c71.4-21.2 129.4-73.7 158-141.6h-108c-8.8 56.9-25.6 107.8-50 141.6zM19.3 352c28.6 67.9 86.5 120.4 158 141.6-24.4-33.8-41.2-84.7-50-141.6h-108z\"\/><\/svg><\/span>Runder Tisch Europaallee<\/button><\/li><li class=\"cat_sonstiges\"><button type=\"button\" class=\"mc-navigation-button\" id=\"mc_cat_9-my-calendar\" data-href=\"https:\/\/rt-europaallee.de\/wordpress\/my-calendar\/?mcat=9\" ><span class=\"category-color-sample svg\" style=\"background:#bcbcbc;\"><svg style=\"fill:#000000\" focusable=\"false\" role=\"img\" aria-labelledby=\"cat_9\" class=\"category-icon\" xmlns=\"http:\/\/www.w3.org\/2000\/svg\" viewBox=\"0 0 576 512\"><!-- Font Awesome Free 5.15.3 by @fontawesome - https:\/\/fontawesome.com License - https:\/\/fontawesome.com\/license\/free (Icons: CC BY 4.0, Fonts: SIL OFL 1.1, Code: MIT License) --><title id='cat_9'>Sonstiges<\/title><path d=\"M259.3 17.8L194 150.2 47.9 171.5c-26.2 3.8-36.7 36.1-17.7 54.6l105.7 103-25 145.5c-4.5 26.3 23.2 46 46.4 33.7L288 439.6l130.7 68.7c23.2 12.2 50.9-7.4 46.4-33.7l-25-145.5 105.7-103c19-18.5 8.5-50.8-17.7-54.6L382 150.2 316.7 17.8c-11.7-23.6-45.6-23.9-57.4 0z\"\/><\/svg><\/span>Sonstiges<\/button><\/li><li class=\"cat_sport\"><button type=\"button\" class=\"mc-navigation-button\" id=\"mc_cat_11-my-calendar\" data-href=\"https:\/\/rt-europaallee.de\/wordpress\/my-calendar\/?mcat=11\" ><span class=\"category-color-sample svg\" style=\"background:#ededbd;\"><svg style=\"fill:#000000\" focusable=\"false\" role=\"img\" aria-labelledby=\"cat_11\" class=\"category-icon\" xmlns=\"http:\/\/www.w3.org\/2000\/svg\" viewBox=\"0 0 496 512\"><!-- Font Awesome Free 5.15.3 by @fontawesome - https:\/\/fontawesome.com License - https:\/\/fontawesome.com\/license\/free (Icons: CC BY 4.0, Fonts: SIL OFL 1.1, Code: MIT License) --><title id='cat_11'>Sport<\/title><path d=\"M212.3 10.3c-43.8 6.3-86.2 24.1-122.2 53.8l77.4 77.4c27.8-35.8 43.3-81.2 44.8-131.2zM248 222L405.9 64.1c-42.4-35-93.6-53.5-145.5-56.1-1.2 63.9-21.5 122.3-58.7 167.7L248 222zM56.1 98.1c-29.7 36-47.5 78.4-53.8 122.2 50-1.5 95.5-17 131.2-44.8L56.1 98.1zm272.2 204.2c45.3-37.1 103.7-57.4 167.7-58.7-2.6-51.9-21.1-103.1-56.1-145.5L282 256l46.3 46.3zM248 290L90.1 447.9c42.4 34.9 93.6 53.5 145.5 56.1 1.3-64 21.6-122.4 58.7-167.7L248 290zm191.9 123.9c29.7-36 47.5-78.4 53.8-122.2-50.1 1.6-95.5 17.1-131.2 44.8l77.4 77.4zM167.7 209.7C122.3 246.9 63.9 267.3 0 268.4c2.6 51.9 21.1 103.1 56.1 145.5L214 256l-46.3-46.3zm116 292c43.8-6.3 86.2-24.1 122.2-53.8l-77.4-77.4c-27.7 35.7-43.2 81.2-44.8 131.2z\"\/><\/svg><\/span>Sport<\/button><\/li><li class=\"cat_treffen-erfahrungsaustausch\"><button type=\"button\" class=\"mc-navigation-button\" id=\"mc_cat_7-my-calendar\" data-href=\"https:\/\/rt-europaallee.de\/wordpress\/my-calendar\/?mcat=7\" ><span class=\"category-color-sample svg\" style=\"background:#e7f7cf;\"><svg style=\"fill:#000000\" focusable=\"false\" role=\"img\" aria-labelledby=\"cat_7\" class=\"category-icon\" xmlns=\"http:\/\/www.w3.org\/2000\/svg\" viewBox=\"0 0 640 512\"><!-- Font Awesome Free 5.15.3 by @fontawesome - https:\/\/fontawesome.com License - https:\/\/fontawesome.com\/license\/free (Icons: CC BY 4.0, Fonts: SIL OFL 1.1, Code: MIT License) --><title id='cat_7'>Treffen\/ Erfahrungsaustausch<\/title><path d=\"M434.7 64h-85.9c-8 0-15.7 3-21.6 8.4l-98.3 90c-.1.1-.2.3-.3.4-16.6 15.6-16.3 40.5-2.1 56 12.7 13.9 39.4 17.6 56.1 2.7.1-.1.3-.1.4-.2l79.9-73.2c6.5-5.9 16.7-5.5 22.6 1 6 6.5 5.5 16.6-1 22.6l-26.1 23.9L504 313.8c2.9 2.4 5.5 5 7.9 7.7V128l-54.6-54.6c-5.9-6-14.1-9.4-22.6-9.4zM544 128.2v223.9c0 17.7 14.3 32 32 32h64V128.2h-96zm48 223.9c-8.8 0-16-7.2-16-16s7.2-16 16-16 16 7.2 16 16-7.2 16-16 16zM0 384h64c17.7 0 32-14.3 32-32V128.2H0V384zm48-63.9c8.8 0 16 7.2 16 16s-7.2 16-16 16-16-7.2-16-16c0-8.9 7.2-16 16-16zm435.9 18.6L334.6 217.5l-30 27.5c-29.7 27.1-75.2 24.5-101.7-4.4-26.9-29.4-24.8-74.9 4.4-101.7L289.1 64h-83.8c-8.5 0-16.6 3.4-22.6 9.4L128 128v223.9h18.3l90.5 81.9c27.4 22.3 67.7 18.1 90-9.3l.2-.2 17.9 15.5c15.9 13 39.4 10.5 52.3-5.4l31.4-38.6 5.4 4.4c13.7 11.1 33.9 9.1 45-4.7l9.5-11.7c11.2-13.8 9.1-33.9-4.6-45.1z\"\/><\/svg><\/span>Treffen\/ Erfahrungsaustausch<\/button><\/li><li class='all-categories'><span class='mc-active' id='mc_cat_all-my-calendar' tabindex='-1'>Alle Kategorien<\/span><\/li><\/ul><\/div><div class='mc-export mc-subscribe'>\r\n\t<ul><li class='ics google'><a href='https:\/\/www.google.com\/calendar\/render?cid=webcal:\/\/rt-europaallee.de\/wordpress\/feed\/my-calendar-google\/' rel='nofollow'><span class='mc-icon' aria-hidden='true'><\/span><span class=\"maybe-hide\">Eintragen in <\/span>Google<\/a><\/li><li class='ics ical'><a href='webcal:\/\/rt-europaallee.de\/wordpress\/feed\/my-calendar-google\/' rel='nofollow'><span class='mc-icon' aria-hidden='true'><\/span><span class=\"maybe-hide\">Abonnieren in <\/span>iCal<\/a><\/li><\/ul>\r\n<\/div><div class='mc-print'><a id='mc_print-my-calendar' href='https:\/\/rt-europaallee.de\/wordpress?cid=mc-print-view&#038;dy=1&#038;href=https%3A%2F%2Frt-europaallee.de%2Fwordpress%2Fwp-json%2Fwp%2Fv2%2Fpages%2F5%2F&#038;month=4&#038;time=month&#038;yr=2026' rel='nofollow'><span class='mc-icon' aria-hidden='true'><\/span>Ansicht<span class=\"maybe-hide\"> ausdrucken<\/span><\/a><\/div><\/div>\n<\/nav>\n\r\n<\/div><!-- Close Main My Calendar Wrapper -->\n<p>Hinweis:\u00a0 Termine siehe auch: <a href=\"https:\/\/www.fluechtlingshilfe-goettingen.de\/termine\/monat\/\"><img loading=\"lazy\" decoding=\"async\" class=\"shrinkToFit transparent\" src=\"https:\/\/www.fluechtlingshilfe-goettingen.de\/wp-content\/uploads\/2015\/11\/fluechtlingshilfe-goettingen.png\" alt=\"https:\/\/www.fluechtlingshilfe-goettingen.de\/wp-content\/uploads\/2015\/11\/fluechtlingshilfe-goettingen.png\" width=\"146\" height=\"47\" \/><\/a> oder:\u00a0<a href=\"https:\/\/www.goettingen.de\/portal\/aseiten\/veranstaltungskalender-902000001-25480.html?titel=Veranstaltungskalender\">https:\/\/www.goettingen.de\/portal\/aseiten\/veranstaltungskalender-902000001-25480.html?titel=Veranstaltungskalender<\/a><\/p>\n<h4>Bitte auch auf die Original- Links schauen: nicht immer ist es m\u00f6glich, \u00c4nderungen einzubinden!<\/h4>\n<h3><span style=\"color: #ff0000;\">Update 15.03.2020\u00a0 wegen der &#8222;Corona- Krise&#8220;:<\/span><br \/>\n<span style=\"color: #ff0000;\">Bitte informieren Sie sich, ob Veranstaltungen stattfinden!<br \/>\n(Datum vor dem Titel= Eingabedatum!)<\/span><\/h3>\n<h4 style=\"text-align: left;\">03.08.2021: Leider sind keine Fotos\/ Bilder mehr aus dem Internet einzuf\u00fcgen!<br \/>\nNachtrag 08.07.2022: Der Link zu den Bildern befindet sich darunter in ( )!<\/h4>\n<h3 style=\"text-align: left;\">03.10.2024: Weitere Veranstaltungen siehe auch\u00a0<a href=\"http:\/\/rt-europaallee.org\/wordpress\/infos\/flyer-mit-veranstaltungshinweisen\/\">http:\/\/rt-europaallee.org\/wordpress\/infos\/flyer-mit-veranstaltungshinweisen\/<\/a><\/h3>\n","protected":false},"excerpt":{"rendered":"<p>Hinweis:\u00a0 Termine siehe auch: oder:\u00a0https:\/\/www.goettingen.de\/portal\/aseiten\/veranstaltungskalender-902000001-25480.html?titel=Veranstaltungskalender Bitte auch auf die Original- Links schauen: nicht immer ist es m\u00f6glich, \u00c4nderungen einzubinden! Update 15.03.2020\u00a0 wegen der &#8222;Corona- Krise&#8220;: Bitte informieren Sie sich, ob Veranstaltungen stattfinden! (Datum vor dem Titel= Eingabedatum!) 03.08.2021: Leider sind keine Fotos\/ Bilder mehr aus dem Internet einzuf\u00fcgen! Nachtrag 08.07.2022: Der Link zu den Bildern &#8230; <a title=\"Kalender\" class=\"read-more\" href=\"https:\/\/rt-europaallee.de\/wordpress\/my-calendar\/\" aria-label=\"Mehr Informationen \u00fcber Kalender\">Weiterlesen<\/a><\/p>\n","protected":false},"author":1,"featured_media":0,"parent":0,"menu_order":500,"comment_status":"closed","ping_status":"closed","template":"","meta":{"_mc_calendar":{"weekends":"true","shortcode":"[my_calendar weekends=&quot;true&quot;]","append":""},"footnotes":""},"class_list":["post-5","page","type-page","status-publish"],"_links":{"self":[{"href":"https:\/\/rt-europaallee.de\/wordpress\/wp-json\/wp\/v2\/pages\/5","targetHints":{"allow":["GET"]}}],"collection":[{"href":"https:\/\/rt-europaallee.de\/wordpress\/wp-json\/wp\/v2\/pages"}],"about":[{"href":"https:\/\/rt-europaallee.de\/wordpress\/wp-json\/wp\/v2\/types\/page"}],"author":[{"embeddable":true,"href":"https:\/\/rt-europaallee.de\/wordpress\/wp-json\/wp\/v2\/users\/1"}],"replies":[{"embeddable":true,"href":"https:\/\/rt-europaallee.de\/wordpress\/wp-json\/wp\/v2\/comments?post=5"}],"version-history":[{"count":25,"href":"https:\/\/rt-europaallee.de\/wordpress\/wp-json\/wp\/v2\/pages\/5\/revisions"}],"predecessor-version":[{"id":17709,"href":"https:\/\/rt-europaallee.de\/wordpress\/wp-json\/wp\/v2\/pages\/5\/revisions\/17709"}],"wp:attachment":[{"href":"https:\/\/rt-europaallee.de\/wordpress\/wp-json\/wp\/v2\/media?parent=5"}],"curies":[{"name":"wp","href":"https:\/\/api.w.org\/{rel}","templated":true}]}}